{"id":567229,"date":"2026-04-15T10:43:39","date_gmt":"2026-04-15T08:43:39","guid":{"rendered":"https:\/\/kohenavocats.com\/jurisprudences\/tribunal-federal-suisse-19-decembre-2025-n-5a-999-2025\/"},"modified":"2026-04-15T10:43:39","modified_gmt":"2026-04-15T08:43:39","slug":"tribunal-federal-suisse-19-decembre-2025-n-5a-999-2025","status":"publish","type":"kji_decision","link":"https:\/\/kohenavocats.com\/zh-hans\/jurisprudences\/tribunal-federal-suisse-19-decembre-2025-n-5a-999-2025\/","title":{"rendered":"Tribunal f\u00e9d\u00e9ral suisse, 19 d\u00e9cembre 2025, n\u00b0 5A 999-2025"},"content":{"rendered":"<div class=\"kji-decision\">\n<div class=\"kji-full-text\">\n<p>Bundesgericht<\/p>\n<p>Tribunal f\u00e9d\u00e9ral<\/p>\n<p>Tribunale federale<\/p>\n<p>Tribunal federal<\/p>\n<p>5A_999\/2025<\/p>\n<p>Ordonnance du 19 d\u00e9cembre 2025<\/p>\n<p>IIe Cour de droit civil<\/p>\n<p>Composition<\/p>\n<p>M. le Juge f\u00e9d\u00e9ral Bovey, Pr\u00e9sident.<\/p>\n<p>Greffier : M. Braconi.<\/p>\n<p>Participants \u00e0 la proc\u00e9dure<\/p>\n<p>A.A.________,<\/p>\n<p>recourante,<\/p>\n<p>contre<\/p>\n<p>B.A.________,<\/p>\n<p>intim\u00e9,<\/p>\n<p>Objet<\/p>\n<p>divorce (liquidation du r\u00e9gime matrimonial),<\/p>\n<p>recours contre l&#039;arr\u00eat de la Cour d&#039;appel civile du<\/p>\n<p>Tribunal cantonal du canton de Vaud du 9 octobre 2025 (TD19.053830-250850 n\u00b0 456).<\/p>\n<p>Vu :<\/p>\n<p>le recours en mati\u00e8re civile d\u00e9pos\u00e9 le 11 novembre 2025 par A.A.________ contre l&#039;arr\u00eat rendu le 9 octobre 2025 par la Cour d&#039;appel civile du Tribunal cantonal du canton de Vaud dans la cause opposant la recourante \u00e0 B.A.________;<\/p>\n<p>le m\u00e9moire compl\u00e9mentaire du 13 novembre 2025;<\/p>\n<p>la d\u00e9claration de retrait du recours du 10 novembre 2025 (parvenue au Tribunal f\u00e9d\u00e9ral le 19 d\u00e9cembre 2025);<\/p>\n<p>Consid\u00e9rant :<\/p>\n<p>qu&#039;il convient de prendre acte du retrait du recours et de rayer la cause du r\u00f4le (art. 73 PCF, par renvoi de l&#039;art. 71 LTF);<\/p>\n<p>que le Pr\u00e9sident de la Cour de c\u00e9ans est comp\u00e9tent \u00e0 cet effet (art. 32 al. 1 et 2 LTF);<\/p>\n<p>que les frais judiciaires (r\u00e9duits) incombent \u00e0 la recourante (art. 66 al. 1 et 2 LTF);<\/p>\n<p>que, la pr\u00e9sente affaire \u00e9tant d\u00e9sormais close, le Tribunal f\u00e9d\u00e9ral n&#039;a pas \u00e0 se prononcer sur les pr\u00e9tendus &quot; dysfonctionnements &quot; affectant la proc\u00e9dure devant le Tribunal d&#039;arrondissement de l&#039;Est vaudois, \u00e9tant rappel\u00e9 que le Tribunal f\u00e9d\u00e9ral n&#039;est pas une autorit\u00e9 de surveillance;<\/p>\n<p>Par ces motifs, le Pr\u00e9sident ordonne :<\/p>\n<p>1.<\/p>\n<p>La cause est ray\u00e9e du r\u00f4le par suite de retrait du recours.<\/p>\n<p>2.<\/p>\n<p>Les frais judiciaires, arr\u00eat\u00e9s \u00e0 500 fr., sont mis \u00e0 la charge de la recourante.<\/p>\n<p>3.<\/p>\n<p>La pr\u00e9sente ordonnance est communiqu\u00e9e aux parties et \u00e0 la Cour d&#039;appel civile du Tribunal cantonal du canton de Vaud.<\/p>\n<p>Lausanne, le 19 d\u00e9cembre 2025<\/p>\n<p>Au nom de la IIe Cour de droit civil<\/p>\n<p>du Tribunal f\u00e9d\u00e9ral suisse<\/p>\n<p>Le Pr\u00e9sident : Bovey<\/p>\n<p>Le Greffier : Braconi<\/p>\n<\/div>\n<hr class=\"kji-sep\" \/>\n<p class=\"kji-source-links\"><strong>Sources officielles :<\/strong> <a class=\"kji-source-link\" href=\"https:\/\/search.bger.ch\/ext\/eurospider\/live\/fr\/php\/aza\/http\/index.php?lang=fr&#038;type=highlight_simple_query&#038;page=1&#038;from_date=&#038;to_date=&#038;sort=relevance&#038;insertion_date=&#038;top_subcollection_aza=all&#038;query_words=divorce&#038;rank=4&#038;azaclir=aza&#038;highlight_docid=aza%3A%2F%2F19-12-2025-5A_999-2025&#038;number_of_ranks=4665\" target=\"_blank\" rel=\"noopener noreferrer\">consulter la page source<\/a><\/p>\n<p class=\"kji-license-note\"><em>Source officielle Tribunal federal suisse. Contenu HTML public, PDF non garanti en version gratuite.<\/em><\/p>\n<\/div>\n","protected":false},"excerpt":{"rendered":"<p>Bundesgericht Tribunal f\u00e9d\u00e9ral Tribunale federale Tribunal federal 5A_999\/2025 Ordonnance du 19 d\u00e9cembre 2025 IIe Cour de droit civil Composition M. le Juge f\u00e9d\u00e9ral Bovey, Pr\u00e9sident. Greffier : M. Braconi. Participants \u00e0 la proc\u00e9dure A.A.________, recourante, contre B.A.________, intim\u00e9, Objet divorce (liquidation du r\u00e9gime matrimonial), recours contre l&#8217;arr\u00eat de la Cour d&#8217;appel civile du Tribunal cantonal&#8230;<\/p>\n","protected":false},"featured_media":0,"template":"","meta":{"_crdt_document":""},"kji_country":[9676],"kji_court":[9677],"kji_chamber":[9798],"kji_year":[8463],"kji_subject":[7724],"kji_keyword":[9799,8464,9679,9680,7636],"kji_language":[7733],"class_list":["post-567229","kji_decision","type-kji_decision","status-publish","hentry","kji_country-suisse","kji_court-tribunal-federal-suisse","kji_chamber-cour-de-droit-civil","kji_year-8463","kji_subject-civil","kji_keyword-bundesgericht","kji_keyword-decembre","kji_keyword-federal","kji_keyword-suisse","kji_keyword-tribunal","kji_language-francais"],"yoast_head":"<!-- This site is optimized with the Yoast SEO Premium plugin v27.4 (Yoast SEO v27.4) - https:\/\/yoast.com\/product\/yoast-seo-premium-wordpress\/ -->\n<title>Tribunal f\u00e9d\u00e9ral suisse, 19 d\u00e9cembre 2025, n\u00b0 5A 999-2025 - Ma\u00eetre Hassan Kohen, avocat en droit p\u00e9nal \u00e0 Paris<\/title>\n<meta name=\"robots\" content=\"index, follow, max-snippet:-1, max-image-preview:large, max-video-preview:-1\" \/>\n<link rel=\"canonical\" href=\"https:\/\/kohenavocats.com\/zh-hans\/jurisprudences\/tribunal-federal-suisse-19-decembre-2025-n-5a-999-2025\/\" \/>\n<meta property=\"og:locale\" content=\"zh_CN\" \/>\n<meta property=\"og:type\" content=\"article\" \/>\n<meta property=\"og:title\" content=\"Tribunal f\u00e9d\u00e9ral suisse, 19 d\u00e9cembre 2025, n\u00b0 5A 999-2025\" \/>\n<meta property=\"og:description\" content=\"Bundesgericht Tribunal f\u00e9d\u00e9ral Tribunale federale Tribunal federal 5A_999\/2025 Ordonnance du 19 d\u00e9cembre 2025 IIe Cour de droit civil Composition M. le Juge f\u00e9d\u00e9ral Bovey, Pr\u00e9sident. Greffier : M. Braconi. Participants \u00e0 la proc\u00e9dure A.A.________, recourante, contre B.A.________, intim\u00e9, Objet divorce (liquidation du r\u00e9gime matrimonial), recours contre l&#039;arr\u00eat de la Cour d&#039;appel civile du Tribunal cantonal...\" \/>\n<meta property=\"og:url\" content=\"https:\/\/kohenavocats.com\/zh-hans\/jurisprudences\/tribunal-federal-suisse-19-decembre-2025-n-5a-999-2025\/\" \/>\n<meta property=\"og:site_name\" content=\"Ma\u00eetre Hassan Kohen, avocat en droit p\u00e9nal \u00e0 Paris\" \/>\n<meta name=\"twitter:card\" content=\"summary_large_image\" \/>\n<meta name=\"twitter:label1\" content=\"\u9884\u8ba1\u9605\u8bfb\u65f6\u95f4\" \/>\n\t<meta name=\"twitter:data1\" content=\"2 \u5206\" \/>\n<script type=\"application\/ld+json\" class=\"yoast-schema-graph\">{\"@context\":\"https:\\\/\\\/schema.org\",\"@graph\":[{\"@type\":\"WebPage\",\"@id\":\"https:\\\/\\\/kohenavocats.com\\\/zh-hans\\\/jurisprudences\\\/tribunal-federal-suisse-19-decembre-2025-n-5a-999-2025\\\/\",\"url\":\"https:\\\/\\\/kohenavocats.com\\\/zh-hans\\\/jurisprudences\\\/tribunal-federal-suisse-19-decembre-2025-n-5a-999-2025\\\/\",\"name\":\"Tribunal f\u00e9d\u00e9ral suisse, 19 d\u00e9cembre 2025, n\u00b0 5A 999-2025 - Ma\u00eetre Hassan Kohen, avocat en droit p\u00e9nal \u00e0 Paris\",\"isPartOf\":{\"@id\":\"https:\\\/\\\/kohenavocats.com\\\/zh-hans\\\/#website\"},\"datePublished\":\"2026-04-15T08:43:39+00:00\",\"breadcrumb\":{\"@id\":\"https:\\\/\\\/kohenavocats.com\\\/zh-hans\\\/jurisprudences\\\/tribunal-federal-suisse-19-decembre-2025-n-5a-999-2025\\\/#breadcrumb\"},\"inLanguage\":\"zh-Hans\",\"potentialAction\":[{\"@type\":\"ReadAction\",\"target\":[\"https:\\\/\\\/kohenavocats.com\\\/zh-hans\\\/jurisprudences\\\/tribunal-federal-suisse-19-decembre-2025-n-5a-999-2025\\\/\"]}]},{\"@type\":\"BreadcrumbList\",\"@id\":\"https:\\\/\\\/kohenavocats.com\\\/zh-hans\\\/jurisprudences\\\/tribunal-federal-suisse-19-decembre-2025-n-5a-999-2025\\\/#breadcrumb\",\"itemListElement\":[{\"@type\":\"ListItem\",\"position\":1,\"name\":\"Home\",\"item\":\"https:\\\/\\\/kohenavocats.com\\\/zh-hans\\\/\"},{\"@type\":\"ListItem\",\"position\":2,\"name\":\"Jurisprudences\",\"item\":\"https:\\\/\\\/kohenavocats.com\\\/zh-hans\\\/jurisprudences\\\/\"},{\"@type\":\"ListItem\",\"position\":3,\"name\":\"Tribunal f\u00e9d\u00e9ral suisse, 19 d\u00e9cembre 2025, n\u00b0 5A 999-2025\"}]},{\"@type\":\"WebSite\",\"@id\":\"https:\\\/\\\/kohenavocats.com\\\/zh-hans\\\/#website\",\"url\":\"https:\\\/\\\/kohenavocats.com\\\/zh-hans\\\/\",\"name\":\"Kohen Avocats\",\"description\":\"Ma\u00eetre Hassan Kohen, avocat p\u00e9naliste \u00e0 Paris, intervient exclusivement en droit p\u00e9nal pour la d\u00e9fense des particuliers, notamment en mati\u00e8re d\u2019accusations de viol. Il assure un accompagnement rigoureux d\u00e8s la garde \u00e0 vue jusqu\u2019\u00e0 la Cour d\u2019assises, veillant au strict respect des garanties proc\u00e9durales.\",\"publisher\":{\"@id\":\"https:\\\/\\\/kohenavocats.com\\\/zh-hans\\\/#organization\"},\"potentialAction\":[{\"@type\":\"SearchAction\",\"target\":{\"@type\":\"EntryPoint\",\"urlTemplate\":\"https:\\\/\\\/kohenavocats.com\\\/zh-hans\\\/?s={search_term_string}\"},\"query-input\":{\"@type\":\"PropertyValueSpecification\",\"valueRequired\":true,\"valueName\":\"search_term_string\"}}],\"inLanguage\":\"zh-Hans\"},{\"@type\":\"Organization\",\"@id\":\"https:\\\/\\\/kohenavocats.com\\\/zh-hans\\\/#organization\",\"name\":\"Kohen Avocats\",\"url\":\"https:\\\/\\\/kohenavocats.com\\\/zh-hans\\\/\",\"logo\":{\"@type\":\"ImageObject\",\"inLanguage\":\"zh-Hans\",\"@id\":\"https:\\\/\\\/kohenavocats.com\\\/zh-hans\\\/#\\\/schema\\\/logo\\\/image\\\/\",\"url\":\"https:\\\/\\\/kohenavocats.com\\\/wp-content\\\/uploads\\\/2026\\\/01\\\/Logo-2-1.webp\",\"contentUrl\":\"https:\\\/\\\/kohenavocats.com\\\/wp-content\\\/uploads\\\/2026\\\/01\\\/Logo-2-1.webp\",\"width\":2114,\"height\":1253,\"caption\":\"Kohen Avocats\"},\"image\":{\"@id\":\"https:\\\/\\\/kohenavocats.com\\\/zh-hans\\\/#\\\/schema\\\/logo\\\/image\\\/\"}}]}<\/script>\n<!-- \/ Yoast SEO Premium plugin. -->","yoast_head_json":{"title":"Tribunal f\u00e9d\u00e9ral suisse, 19 d\u00e9cembre 2025, n\u00b0 5A 999-2025 - Ma\u00eetre Hassan Kohen, avocat en droit p\u00e9nal \u00e0 Paris","robots":{"index":"index","follow":"follow","max-snippet":"max-snippet:-1","max-image-preview":"max-image-preview:large","max-video-preview":"max-video-preview:-1"},"canonical":"https:\/\/kohenavocats.com\/zh-hans\/jurisprudences\/tribunal-federal-suisse-19-decembre-2025-n-5a-999-2025\/","og_locale":"zh_CN","og_type":"article","og_title":"Tribunal f\u00e9d\u00e9ral suisse, 19 d\u00e9cembre 2025, n\u00b0 5A 999-2025","og_description":"Bundesgericht Tribunal f\u00e9d\u00e9ral Tribunale federale Tribunal federal 5A_999\/2025 Ordonnance du 19 d\u00e9cembre 2025 IIe Cour de droit civil Composition M. le Juge f\u00e9d\u00e9ral Bovey, Pr\u00e9sident. Greffier : M. Braconi. Participants \u00e0 la proc\u00e9dure A.A.________, recourante, contre B.A.________, intim\u00e9, Objet divorce (liquidation du r\u00e9gime matrimonial), recours contre l'arr\u00eat de la Cour d'appel civile du Tribunal cantonal...","og_url":"https:\/\/kohenavocats.com\/zh-hans\/jurisprudences\/tribunal-federal-suisse-19-decembre-2025-n-5a-999-2025\/","og_site_name":"Ma\u00eetre Hassan Kohen, avocat en droit p\u00e9nal \u00e0 Paris","twitter_card":"summary_large_image","twitter_misc":{"\u9884\u8ba1\u9605\u8bfb\u65f6\u95f4":"2 \u5206"},"schema":{"@context":"https:\/\/schema.org","@graph":[{"@type":"WebPage","@id":"https:\/\/kohenavocats.com\/zh-hans\/jurisprudences\/tribunal-federal-suisse-19-decembre-2025-n-5a-999-2025\/","url":"https:\/\/kohenavocats.com\/zh-hans\/jurisprudences\/tribunal-federal-suisse-19-decembre-2025-n-5a-999-2025\/","name":"Tribunal f\u00e9d\u00e9ral suisse, 19 d\u00e9cembre 2025, n\u00b0 5A 999-2025 - Ma\u00eetre Hassan Kohen, avocat en droit p\u00e9nal \u00e0 Paris","isPartOf":{"@id":"https:\/\/kohenavocats.com\/zh-hans\/#website"},"datePublished":"2026-04-15T08:43:39+00:00","breadcrumb":{"@id":"https:\/\/kohenavocats.com\/zh-hans\/jurisprudences\/tribunal-federal-suisse-19-decembre-2025-n-5a-999-2025\/#breadcrumb"},"inLanguage":"zh-Hans","potentialAction":[{"@type":"ReadAction","target":["https:\/\/kohenavocats.com\/zh-hans\/jurisprudences\/tribunal-federal-suisse-19-decembre-2025-n-5a-999-2025\/"]}]},{"@type":"BreadcrumbList","@id":"https:\/\/kohenavocats.com\/zh-hans\/jurisprudences\/tribunal-federal-suisse-19-decembre-2025-n-5a-999-2025\/#breadcrumb","itemListElement":[{"@type":"ListItem","position":1,"name":"Home","item":"https:\/\/kohenavocats.com\/zh-hans\/"},{"@type":"ListItem","position":2,"name":"Jurisprudences","item":"https:\/\/kohenavocats.com\/zh-hans\/jurisprudences\/"},{"@type":"ListItem","position":3,"name":"Tribunal f\u00e9d\u00e9ral suisse, 19 d\u00e9cembre 2025, n\u00b0 5A 999-2025"}]},{"@type":"WebSite","@id":"https:\/\/kohenavocats.com\/zh-hans\/#website","url":"https:\/\/kohenavocats.com\/zh-hans\/","name":"Kohen Avocats","description":"Ma\u00eetre Hassan Kohen, avocat p\u00e9naliste \u00e0 Paris, intervient exclusivement en droit p\u00e9nal pour la d\u00e9fense des particuliers, notamment en mati\u00e8re d\u2019accusations de viol. Il assure un accompagnement rigoureux d\u00e8s la garde \u00e0 vue jusqu\u2019\u00e0 la Cour d\u2019assises, veillant au strict respect des garanties proc\u00e9durales.","publisher":{"@id":"https:\/\/kohenavocats.com\/zh-hans\/#organization"},"potentialAction":[{"@type":"SearchAction","target":{"@type":"EntryPoint","urlTemplate":"https:\/\/kohenavocats.com\/zh-hans\/?s={search_term_string}"},"query-input":{"@type":"PropertyValueSpecification","valueRequired":true,"valueName":"search_term_string"}}],"inLanguage":"zh-Hans"},{"@type":"Organization","@id":"https:\/\/kohenavocats.com\/zh-hans\/#organization","name":"Kohen Avocats","url":"https:\/\/kohenavocats.com\/zh-hans\/","logo":{"@type":"ImageObject","inLanguage":"zh-Hans","@id":"https:\/\/kohenavocats.com\/zh-hans\/#\/schema\/logo\/image\/","url":"https:\/\/kohenavocats.com\/wp-content\/uploads\/2026\/01\/Logo-2-1.webp","contentUrl":"https:\/\/kohenavocats.com\/wp-content\/uploads\/2026\/01\/Logo-2-1.webp","width":2114,"height":1253,"caption":"Kohen Avocats"},"image":{"@id":"https:\/\/kohenavocats.com\/zh-hans\/#\/schema\/logo\/image\/"}}]}},"jetpack_likes_enabled":false,"jetpack_sharing_enabled":true,"_links":{"self":[{"href":"https:\/\/kohenavocats.com\/zh-hans\/wp-json\/wp\/v2\/kji_decision\/567229","targetHints":{"allow":["GET"]}}],"collection":[{"href":"https:\/\/kohenavocats.com\/zh-hans\/wp-json\/wp\/v2\/kji_decision"}],"about":[{"href":"https:\/\/kohenavocats.com\/zh-hans\/wp-json\/wp\/v2\/types\/kji_decision"}],"wp:attachment":[{"href":"https:\/\/kohenavocats.com\/zh-hans\/wp-json\/wp\/v2\/media?parent=567229"}],"wp:term":[{"taxonomy":"kji_country","embeddable":true,"href":"https:\/\/kohenavocats.com\/zh-hans\/wp-json\/wp\/v2\/kji_country?post=567229"},{"taxonomy":"kji_court","embeddable":true,"href":"https:\/\/kohenavocats.com\/zh-hans\/wp-json\/wp\/v2\/kji_court?post=567229"},{"taxonomy":"kji_chamber","embeddable":true,"href":"https:\/\/kohenavocats.com\/zh-hans\/wp-json\/wp\/v2\/kji_chamber?post=567229"},{"taxonomy":"kji_year","embeddable":true,"href":"https:\/\/kohenavocats.com\/zh-hans\/wp-json\/wp\/v2\/kji_year?post=567229"},{"taxonomy":"kji_subject","embeddable":true,"href":"https:\/\/kohenavocats.com\/zh-hans\/wp-json\/wp\/v2\/kji_subject?post=567229"},{"taxonomy":"kji_keyword","embeddable":true,"href":"https:\/\/kohenavocats.com\/zh-hans\/wp-json\/wp\/v2\/kji_keyword?post=567229"},{"taxonomy":"kji_language","embeddable":true,"href":"https:\/\/kohenavocats.com\/zh-hans\/wp-json\/wp\/v2\/kji_language?post=567229"}],"curies":[{"name":"wp","href":"https:\/\/api.w.org\/{rel}","templated":true}]}}