{"id":568082,"date":"2026-04-15T12:33:03","date_gmt":"2026-04-15T10:33:03","guid":{"rendered":"https:\/\/kohenavocats.com\/jurisprudences\/kko2025103-rattshjalp-2\/"},"modified":"2026-04-15T12:33:03","modified_gmt":"2026-04-15T10:33:03","slug":"kko2025103-rattshjalp-2","status":"publish","type":"kji_decision","link":"https:\/\/kohenavocats.com\/zh-hans\/jurisprudences\/kko2025103-rattshjalp-2\/","title":{"rendered":"KKO:2025:103 &#8211; R\u00e4ttshj\u00e4lp"},"content":{"rendered":"<div class=\"kji-decision\">\n<div class=\"kji-full-text\">\n<p>I samband med ett ans\u00f6knings\u00e4rende som g\u00e4llde ett barns boende och umg\u00e4ngesr\u00e4tt hade modern framst\u00e4llt ett yrkande p\u00e5 underh\u00e5ll f\u00f6r barnet. Barnet hade i \u00e4rendet ans\u00f6kt om r\u00e4ttshj\u00e4lp f\u00f6r handl\u00e4ggningen av yrkandet p\u00e5 underh\u00e5llsbidrag.<\/p>\n<p>H\u00f6gsta domstolen avslog ans\u00f6kan eftersom det inte var befogat att anse att barnet var part i saken heller till den del det g\u00e4llde yrkandet p\u00e5 underh\u00e5llsbidrag och d\u00e5 det inte heller i \u00f6vrigt fanns s\u00e5dant behov av r\u00e4ttshj\u00e4lp som avses i 1 \u00a7 1 mom. r\u00e4ttshj\u00e4lpslagen.<\/p>\n<h3>R\u00e4ttshj\u00e4lpsL 1 \u00a7<\/h3>\n<p>Lapsen \u00e4iti oli esitt\u00e4nyt lapsen asumista ja tapaamisoikeutta koskevan hakemusasian yhteydess\u00e4 lapsen elatusta koskevan vaatimuksen. Lapsi oli hakenut asiassa oikeusapua elatusapuvaatimuksen k\u00e4sittely\u00e4 varten.<\/p>\n<h3>OikeusapuL 1 \u00a7<\/h3>\n<h3>Asian k\u00e4sittely alemmissa asteissa<\/h3>\n<p>Etel\u00e4-Savon oikeusaputoimiston p\u00e4\u00e4t\u00f6s 12.3.2024 nro 10101676324367, Kymenlaakson k\u00e4r\u00e4j\u00e4oikeuden p\u00e4\u00e4t\u00f6s 10.4.2024 nro 1016 7641 ja It\u00e4-Suomen hovioikeuden p\u00e4\u00e4t\u00f6s 4.6.2024 nro 1017 2506 selostetaan tarpeellisilta osin Korkeimman oikeuden ratkaisussa.<\/p>\n<p>Asian ovat ratkaisseet k\u00e4r\u00e4j\u00e4oikeudessa k\u00e4r\u00e4j\u00e4tuomari Riikka Tuomela ja hovioikeudessa hovioikeudenneuvokset Minna Koskinen ja Kari Puukka sek\u00e4 asessori Tyyni Laiho.<\/p>\n<h3>Muutoksenhaku Korkeimmassa oikeudessa<\/h3>\n<p>Lapselle my\u00f6nnettiin valituslupa.<\/p>\n<p>Valituksessaan h\u00e4n vaati, ett\u00e4 hovioikeuden p\u00e4\u00e4t\u00f6s kumotaan ja h\u00e4nelle my\u00f6nnet\u00e4\u00e4n oikeusapu hakemuksensa mukaisesti.<\/p>\n<h3>Korkeimman oikeuden ratkaisu<\/h3>\n<h3>P\u00e4\u00e4t\u00f6slauselma<\/h3>\n<p>Hovioikeuden p\u00e4\u00e4t\u00f6ksen lopputulosta ei muuteta.<\/p>\n<p>Asian ovat ratkaisseet oikeusneuvokset Jukka Sippo, Kirsti Uusitalo, Alice Guimaraes-Purokoski, Pekka Pulkkinen ja Pasi P\u00f6l\u00f6nen. Esittelij\u00e4 Paula Klami-Wetterstein.<\/p>\n<h3>Perustelut<\/h3>\n<p>1. Vuonna 2018 syntynyt lapsi on hakenut oikeusapua elatusapuvaatimuksen osalta asiassa, jossa sanottu vaatimus on esitetty lapsen asumista ja tapaamisoikeutta koskevan hakemusasian liit\u00e4nn\u00e4isvaatimuksena. Oikeusaputoimisto on hyl\u00e4nnyt oikeusapuhakemuksen sill\u00e4 perusteella, ett\u00e4 hakemusasian yhteydess\u00e4 esitetyss\u00e4 elatusapuvaatimuksessa oli kysymys vanhemman asiasta ja vanhemman olisi tullut olla oikeusavun hakijana.<\/p>\n<p>2. K\u00e4r\u00e4j\u00e4oikeus on lapsen ratkaisupyynn\u00f6n johdosta hyv\u00e4ksynyt oikeusaputoimiston p\u00e4\u00e4t\u00f6ksen perusteluineen. Hovioikeus on lapsen valituksen johdosta todennut vakiintuneeksi k\u00e4yt\u00e4nn\u00f6ksi, ett\u00e4 kanteella vireille tulevassa elatusapuasiassa lapsi on kantajana l\u00e4hes aina oikeutettu oikeusapuun, kun taas huolto- ja tapaamisasian liit\u00e4nn\u00e4isen\u00e4 asiana k\u00e4sitelt\u00e4v\u00e4n elatusapuvaatimuksen osalta oikeusavun hakijana on vanhempi. Hovioikeus ei ole muuttanut k\u00e4r\u00e4j\u00e4oikeuden p\u00e4\u00e4t\u00f6ksen lopputulosta.<\/p>\n<p>3. Korkeimman oikeuden ratkaistavana on, onko lapsi oikeutettu oikeusapuun elatusapuaan koskevan vaatimuksen k\u00e4sittely\u00e4 koskevalta osin, kun lasta luonaan pit\u00e4v\u00e4 \u00e4iti on esitt\u00e4nyt tuon vaatimuksen lapsen asumista ja tapaamisoikeutta koskevan asian yhteydess\u00e4.<\/p>\n<p>4. Lapsen elatuksesta annetun lain (elatuslaki) 1 \u00a7:n mukaan lapsella on oikeus riitt\u00e4v\u00e4\u00e4n elatukseen.<\/p>\n<p>5. Elatuslain 5 \u00a7:n 1 momentin mukaan elatusapua koskevissa asioissa alaik\u00e4ist\u00e4 lasta edustaa h\u00e4nen huoltajansa tai muu laillinen edustajansa. Lapsen huoltaja voi edustaa lasta my\u00f6s silloin, kun vastapuolena on lapsen toinen huoltaja, jos lapsi asuu jommankumman vanhempansa luona. Elatuslain 13 \u00a7:n mukaan elatusapua koskevaa kannetta on lapsen puolesta oikeus ajaa jokaisella, joka 5 \u00a7:n 1 momentin mukaan edustaa lasta.<\/p>\n<p>6. Elatuslain perusteluista ilmenee, ett\u00e4 lapsen oikeus elatukseen toteutetaan h\u00e4nen nimiss\u00e4\u00e4n ja ett\u00e4 s\u00e4\u00e4nn\u00f6s koskee sit\u00e4, kuka k\u00e4ytt\u00e4\u00e4 alaik\u00e4isen lapsen puhevaltaa h\u00e4nen elatusapuaan koskevassa asiassa (HE 90\/1974 vp s. 49).<\/p>\n<p>7. Lapsen huollosta ja tapaamisoikeudesta annetun lain 14 \u00a7:ss\u00e4 s\u00e4\u00e4det\u00e4\u00e4n vireillepanosta ja puhevallasta lapsen huoltoa tai tapaamisoikeutta koskevassa asiassa. Pyk\u00e4l\u00e4n 1 momentin mukaan lapsen huoltoa tai tapaamisoikeutta koskeva asia pannaan vireille hakemuksella, jonka voivat tehd\u00e4 lapsen vanhemmat yhdess\u00e4, toinen vanhemmista, lapsen huoltaja tai hyvinvointialue. Saman pyk\u00e4l\u00e4n 4 momentin mukaan lapsen huoltoa tai tapaamisoikeutta koskevan asian yhteydess\u00e4 voidaan esitt\u00e4\u00e4 my\u00f6s vaatimus lapselle maksettavan elatusavun vahvistamisesta tai vahvistetun elatusavun muuttamisesta. Viimeksi mainittua lainkohtaa on perusteltu k\u00e4yt\u00e4nn\u00f6llisill\u00e4 syill\u00e4: elatusapuasiaa ei tarvitse huoltoa ja tapaamisoikeutta koskevan asian yhteydess\u00e4 panna erikseen vireille haasteella, ja huoltoa ja tapaamisoikeutta koskevassa asiassa toimivaltainen tuomioistuin on toimivaltainen tutkimaan my\u00f6s lapsen elatusta koskevan asian (HE 224\/1982 vp s. 17).<\/p>\n<p>8. Oikeusapulain 1 \u00a7:n 1 momentin mukaan oikeusapua annetaan valtion varoin henkil\u00f6lle, joka tarvitsee asiantuntevaa apua oikeudellisessa asiassa ja joka taloudellisen asemansa vuoksi ei kykene itse suorittamaan sen hoitamisen vaatimia menoja.<\/p>\n<p>9. Tuomioistuimissa k\u00e4sitelt\u00e4viss\u00e4 asioissa oikeusapulain 1 \u00a7:n 1 momentissa tarkoitettua tarvetta asiantuntevaan apuun on tyypillisesti jutun asianosaisilla. Lapsen elatusta koskevan oikeussuhteen osapuolia ovat elatukseen oikeutettu lapsi ja elatusvelvollinen vanhempi. T\u00e4m\u00e4n vuoksi lapsen elatusta koskevissa kanneasioissa asianosaisia ovat elatusvelvollinen vanhempi ja elatukseen oikeutettu lapsi, jota tavallisesti edustaa lasta luonaan pit\u00e4v\u00e4 vanhempi.<\/p>\n<p>10. Lapsen huoltoa ja tapaamisoikeutta koskevan lain 14 \u00a7:st\u00e4 puolestaan ilmenee, ett\u00e4 lapsen huoltoa ja tapaamisoikeutta koskevissa hakemusasioissa asianosaisia ovat lapsen vanhemmat tai huoltajat. Pyk\u00e4l\u00e4n 4 momentin mukaan he voivat t\u00e4llaisen hakemusasian yhteydess\u00e4 esitt\u00e4\u00e4 my\u00f6s elatusapua koskevan vaatimuksen. S\u00e4\u00e4nn\u00f6ksest\u00e4 ei ilmene, saavatko he esitt\u00e4\u00e4 t\u00e4llaisenkin vaatimuksen asianosaisina eli omissa nimiss\u00e4\u00e4n vai onko vaatimus katsottava esitetyksi lapsen nimiss\u00e4 kuten elatuskanneasioissa.<\/p>\n<p>11. T\u00e4t\u00e4 kysymyst\u00e4 arvioitaessa huomioon on otettava, ett\u00e4 elatusapua koskevan vaatimuksen asumista ja tapaamisoikeutta koskevan hakemusasian yhteydess\u00e4 voivat esitt\u00e4\u00e4 ja usein esitt\u00e4v\u00e4tkin my\u00f6s molemmat vanhemmat silt\u00e4 varalta, ett\u00e4 heid\u00e4n vaatimuksensa lapsen asumisen osalta menestyv\u00e4t. Lapsen asumista ja tapaamisoikeutta ja niihin liittyen elatusapua koskevan riidan kohteena siten tyypillisesti on my\u00f6s se kysymys, kumpi vanhemmista on elatusapuun velvollinen. T\u00e4h\u00e4n n\u00e4hden on perusteltua l\u00e4hte\u00e4 siit\u00e4, ett\u00e4 he ovat asianosaisia t\u00e4llaisessa asiassa esitt\u00e4m\u00e4ns\u00e4 elatusapuvaatimuksenkin osalta, vaikka silt\u00e4 osin kyse on lapselle kuuluvasta oikeudesta. Asianosaisasetelmaa on nyt kysymyksess\u00e4 olevassa asiatyypiss\u00e4 perusteltua arvioida edell\u00e4 mainitulta pohjalta riippumatta siit\u00e4, millaiseksi se yksitt\u00e4ist\u00e4 hakemusasiaa k\u00e4sitelt\u00e4ess\u00e4 muodostuu.<\/p>\n<p>12. Oikeusavun hakijana olevaa lasta ei siten ole perusteltua pit\u00e4\u00e4 asianosaisena asumistaan ja tapaamisoikeutta koskevassa hakemusasiassa elatusapua koskevan vaatimuksenkaan osalta. Asiassa ei ole muutoinkaan ilmennyt, ett\u00e4 hakija olisi oikeusapulain 1 \u00a7:n 1 momentissa tarkoitetulla tavalla tarvinnut sanotussa asiassa oikeudellista apua. T\u00e4m\u00e4n vuoksi hakemus on hyl\u00e4tt\u00e4v\u00e4.<\/p>\n<h3>Asian tausta ja kysymyksenasettelu<\/h3>\n<h3>Oikeudellisen arvioinnin l\u00e4ht\u00f6kohdat<\/h3>\n<h3>Arviointi t\u00e4ss\u00e4 asiassa<\/h3>\n<\/div>\n<hr class=\"kji-sep\" \/>\n<p class=\"kji-source-links\"><strong>Sources officielles :<\/strong> <a class=\"kji-source-link\" href=\"https:\/\/www.finlex.fi\/en\/case-law\/supreme-court\/precedents\/2025\/103\" target=\"_blank\" rel=\"noopener noreferrer\">consulter la page source<\/a><\/p>\n<p class=\"kji-license-note\"><em>Finlex open data, CC BY 4.0. Documentation open data verifiee le 2026-04-12 ; les endpoints judgment documentes renvoient 404 pour les types case-law exposes par le frontend, fallback actuel sur les pages publiques data.finlex.fi.<\/em><\/p>\n<\/div>\n","protected":false},"excerpt":{"rendered":"<p>I samband med ett ans\u00f6knings\u00e4rende som g\u00e4llde ett barns boende och umg\u00e4ngesr\u00e4tt hade modern framst\u00e4llt ett yrkande p\u00e5 underh\u00e5ll f\u00f6r barnet. Barnet hade i \u00e4rendet ans\u00f6kt om r\u00e4ttshj\u00e4lp f\u00f6r handl\u00e4ggningen av yrkandet p\u00e5 underh\u00e5llsbidrag. H\u00f6gsta domstolen avslog ans\u00f6kan eftersom det inte var befogat att anse att barnet var part i saken heller till den del&#8230;<\/p>\n","protected":false},"featured_media":0,"template":"","meta":{"_crdt_document":""},"kji_country":[7740],"kji_court":[7741],"kji_chamber":[7742],"kji_year":[8463],"kji_subject":[7646],"kji_keyword":[13428,13426,13429,13425,13427],"kji_language":[7746],"class_list":["post-568082","kji_decision","type-kji_decision","status-publish","hentry","kji_country-finlande","kji_court-cour-supreme-de-finlande","kji_chamber-precedents","kji_year-8463","kji_subject-divers","kji_keyword-ansokningsarende","kji_keyword-barnet","kji_keyword-gallde","kji_keyword-rattshjalp","kji_keyword-samband","kji_language-multilingue"],"yoast_head":"<!-- This site is optimized with the Yoast SEO Premium plugin v27.4 (Yoast SEO v27.4) - https:\/\/yoast.com\/product\/yoast-seo-premium-wordpress\/ -->\n<title>KKO:2025:103 - R\u00e4ttshj\u00e4lp - Ma\u00eetre Hassan Kohen, avocat en droit p\u00e9nal \u00e0 Paris<\/title>\n<meta name=\"robots\" content=\"index, follow, max-snippet:-1, max-image-preview:large, max-video-preview:-1\" \/>\n<link rel=\"canonical\" href=\"https:\/\/kohenavocats.com\/zh-hans\/jurisprudences\/kko2025103-rattshjalp-2\/\" \/>\n<meta property=\"og:locale\" content=\"zh_CN\" \/>\n<meta property=\"og:type\" content=\"article\" \/>\n<meta property=\"og:title\" content=\"KKO:2025:103 - R\u00e4ttshj\u00e4lp\" \/>\n<meta property=\"og:description\" content=\"I samband med ett ans\u00f6knings\u00e4rende som g\u00e4llde ett barns boende och umg\u00e4ngesr\u00e4tt hade modern framst\u00e4llt ett yrkande p\u00e5 underh\u00e5ll f\u00f6r barnet. Barnet hade i \u00e4rendet ans\u00f6kt om r\u00e4ttshj\u00e4lp f\u00f6r handl\u00e4ggningen av yrkandet p\u00e5 underh\u00e5llsbidrag. H\u00f6gsta domstolen avslog ans\u00f6kan eftersom det inte var befogat att anse att barnet var part i saken heller till den del...\" \/>\n<meta property=\"og:url\" content=\"https:\/\/kohenavocats.com\/zh-hans\/jurisprudences\/kko2025103-rattshjalp-2\/\" \/>\n<meta property=\"og:site_name\" content=\"Ma\u00eetre Hassan Kohen, avocat en droit p\u00e9nal \u00e0 Paris\" \/>\n<meta name=\"twitter:card\" content=\"summary_large_image\" \/>\n<meta name=\"twitter:label1\" content=\"\u9884\u8ba1\u9605\u8bfb\u65f6\u95f4\" \/>\n\t<meta name=\"twitter:data1\" content=\"5 \u5206\" \/>\n<script type=\"application\/ld+json\" class=\"yoast-schema-graph\">{\"@context\":\"https:\\\/\\\/schema.org\",\"@graph\":[{\"@type\":\"WebPage\",\"@id\":\"https:\\\/\\\/kohenavocats.com\\\/zh-hans\\\/jurisprudences\\\/kko2025103-rattshjalp-2\\\/\",\"url\":\"https:\\\/\\\/kohenavocats.com\\\/zh-hans\\\/jurisprudences\\\/kko2025103-rattshjalp-2\\\/\",\"name\":\"KKO:2025:103 - R\u00e4ttshj\u00e4lp - Ma\u00eetre Hassan Kohen, avocat en droit p\u00e9nal \u00e0 Paris\",\"isPartOf\":{\"@id\":\"https:\\\/\\\/kohenavocats.com\\\/zh-hans\\\/#website\"},\"datePublished\":\"2026-04-15T10:33:03+00:00\",\"breadcrumb\":{\"@id\":\"https:\\\/\\\/kohenavocats.com\\\/zh-hans\\\/jurisprudences\\\/kko2025103-rattshjalp-2\\\/#breadcrumb\"},\"inLanguage\":\"zh-Hans\",\"potentialAction\":[{\"@type\":\"ReadAction\",\"target\":[\"https:\\\/\\\/kohenavocats.com\\\/zh-hans\\\/jurisprudences\\\/kko2025103-rattshjalp-2\\\/\"]}]},{\"@type\":\"BreadcrumbList\",\"@id\":\"https:\\\/\\\/kohenavocats.com\\\/zh-hans\\\/jurisprudences\\\/kko2025103-rattshjalp-2\\\/#breadcrumb\",\"itemListElement\":[{\"@type\":\"ListItem\",\"position\":1,\"name\":\"Home\",\"item\":\"https:\\\/\\\/kohenavocats.com\\\/zh-hans\\\/\"},{\"@type\":\"ListItem\",\"position\":2,\"name\":\"Jurisprudences\",\"item\":\"https:\\\/\\\/kohenavocats.com\\\/zh-hans\\\/jurisprudences\\\/\"},{\"@type\":\"ListItem\",\"position\":3,\"name\":\"KKO:2025:103 &#8211; R\u00e4ttshj\u00e4lp\"}]},{\"@type\":\"WebSite\",\"@id\":\"https:\\\/\\\/kohenavocats.com\\\/zh-hans\\\/#website\",\"url\":\"https:\\\/\\\/kohenavocats.com\\\/zh-hans\\\/\",\"name\":\"Kohen Avocats\",\"description\":\"Ma\u00eetre Hassan Kohen, avocat p\u00e9naliste \u00e0 Paris, intervient exclusivement en droit p\u00e9nal pour la d\u00e9fense des particuliers, notamment en mati\u00e8re d\u2019accusations de viol. Il assure un accompagnement rigoureux d\u00e8s la garde \u00e0 vue jusqu\u2019\u00e0 la Cour d\u2019assises, veillant au strict respect des garanties proc\u00e9durales.\",\"publisher\":{\"@id\":\"https:\\\/\\\/kohenavocats.com\\\/zh-hans\\\/#organization\"},\"potentialAction\":[{\"@type\":\"SearchAction\",\"target\":{\"@type\":\"EntryPoint\",\"urlTemplate\":\"https:\\\/\\\/kohenavocats.com\\\/zh-hans\\\/?s={search_term_string}\"},\"query-input\":{\"@type\":\"PropertyValueSpecification\",\"valueRequired\":true,\"valueName\":\"search_term_string\"}}],\"inLanguage\":\"zh-Hans\"},{\"@type\":\"Organization\",\"@id\":\"https:\\\/\\\/kohenavocats.com\\\/zh-hans\\\/#organization\",\"name\":\"Kohen Avocats\",\"url\":\"https:\\\/\\\/kohenavocats.com\\\/zh-hans\\\/\",\"logo\":{\"@type\":\"ImageObject\",\"inLanguage\":\"zh-Hans\",\"@id\":\"https:\\\/\\\/kohenavocats.com\\\/zh-hans\\\/#\\\/schema\\\/logo\\\/image\\\/\",\"url\":\"https:\\\/\\\/kohenavocats.com\\\/wp-content\\\/uploads\\\/2026\\\/01\\\/Logo-2-1.webp\",\"contentUrl\":\"https:\\\/\\\/kohenavocats.com\\\/wp-content\\\/uploads\\\/2026\\\/01\\\/Logo-2-1.webp\",\"width\":2114,\"height\":1253,\"caption\":\"Kohen Avocats\"},\"image\":{\"@id\":\"https:\\\/\\\/kohenavocats.com\\\/zh-hans\\\/#\\\/schema\\\/logo\\\/image\\\/\"}}]}<\/script>\n<!-- \/ Yoast SEO Premium plugin. -->","yoast_head_json":{"title":"KKO:2025:103 - R\u00e4ttshj\u00e4lp - Ma\u00eetre Hassan Kohen, avocat en droit p\u00e9nal \u00e0 Paris","robots":{"index":"index","follow":"follow","max-snippet":"max-snippet:-1","max-image-preview":"max-image-preview:large","max-video-preview":"max-video-preview:-1"},"canonical":"https:\/\/kohenavocats.com\/zh-hans\/jurisprudences\/kko2025103-rattshjalp-2\/","og_locale":"zh_CN","og_type":"article","og_title":"KKO:2025:103 - R\u00e4ttshj\u00e4lp","og_description":"I samband med ett ans\u00f6knings\u00e4rende som g\u00e4llde ett barns boende och umg\u00e4ngesr\u00e4tt hade modern framst\u00e4llt ett yrkande p\u00e5 underh\u00e5ll f\u00f6r barnet. Barnet hade i \u00e4rendet ans\u00f6kt om r\u00e4ttshj\u00e4lp f\u00f6r handl\u00e4ggningen av yrkandet p\u00e5 underh\u00e5llsbidrag. H\u00f6gsta domstolen avslog ans\u00f6kan eftersom det inte var befogat att anse att barnet var part i saken heller till den del...","og_url":"https:\/\/kohenavocats.com\/zh-hans\/jurisprudences\/kko2025103-rattshjalp-2\/","og_site_name":"Ma\u00eetre Hassan Kohen, avocat en droit p\u00e9nal \u00e0 Paris","twitter_card":"summary_large_image","twitter_misc":{"\u9884\u8ba1\u9605\u8bfb\u65f6\u95f4":"5 \u5206"},"schema":{"@context":"https:\/\/schema.org","@graph":[{"@type":"WebPage","@id":"https:\/\/kohenavocats.com\/zh-hans\/jurisprudences\/kko2025103-rattshjalp-2\/","url":"https:\/\/kohenavocats.com\/zh-hans\/jurisprudences\/kko2025103-rattshjalp-2\/","name":"KKO:2025:103 - R\u00e4ttshj\u00e4lp - Ma\u00eetre Hassan Kohen, avocat en droit p\u00e9nal \u00e0 Paris","isPartOf":{"@id":"https:\/\/kohenavocats.com\/zh-hans\/#website"},"datePublished":"2026-04-15T10:33:03+00:00","breadcrumb":{"@id":"https:\/\/kohenavocats.com\/zh-hans\/jurisprudences\/kko2025103-rattshjalp-2\/#breadcrumb"},"inLanguage":"zh-Hans","potentialAction":[{"@type":"ReadAction","target":["https:\/\/kohenavocats.com\/zh-hans\/jurisprudences\/kko2025103-rattshjalp-2\/"]}]},{"@type":"BreadcrumbList","@id":"https:\/\/kohenavocats.com\/zh-hans\/jurisprudences\/kko2025103-rattshjalp-2\/#breadcrumb","itemListElement":[{"@type":"ListItem","position":1,"name":"Home","item":"https:\/\/kohenavocats.com\/zh-hans\/"},{"@type":"ListItem","position":2,"name":"Jurisprudences","item":"https:\/\/kohenavocats.com\/zh-hans\/jurisprudences\/"},{"@type":"ListItem","position":3,"name":"KKO:2025:103 &#8211; R\u00e4ttshj\u00e4lp"}]},{"@type":"WebSite","@id":"https:\/\/kohenavocats.com\/zh-hans\/#website","url":"https:\/\/kohenavocats.com\/zh-hans\/","name":"Kohen Avocats","description":"Ma\u00eetre Hassan Kohen, avocat p\u00e9naliste \u00e0 Paris, intervient exclusivement en droit p\u00e9nal pour la d\u00e9fense des particuliers, notamment en mati\u00e8re d\u2019accusations de viol. Il assure un accompagnement rigoureux d\u00e8s la garde \u00e0 vue jusqu\u2019\u00e0 la Cour d\u2019assises, veillant au strict respect des garanties proc\u00e9durales.","publisher":{"@id":"https:\/\/kohenavocats.com\/zh-hans\/#organization"},"potentialAction":[{"@type":"SearchAction","target":{"@type":"EntryPoint","urlTemplate":"https:\/\/kohenavocats.com\/zh-hans\/?s={search_term_string}"},"query-input":{"@type":"PropertyValueSpecification","valueRequired":true,"valueName":"search_term_string"}}],"inLanguage":"zh-Hans"},{"@type":"Organization","@id":"https:\/\/kohenavocats.com\/zh-hans\/#organization","name":"Kohen Avocats","url":"https:\/\/kohenavocats.com\/zh-hans\/","logo":{"@type":"ImageObject","inLanguage":"zh-Hans","@id":"https:\/\/kohenavocats.com\/zh-hans\/#\/schema\/logo\/image\/","url":"https:\/\/kohenavocats.com\/wp-content\/uploads\/2026\/01\/Logo-2-1.webp","contentUrl":"https:\/\/kohenavocats.com\/wp-content\/uploads\/2026\/01\/Logo-2-1.webp","width":2114,"height":1253,"caption":"Kohen Avocats"},"image":{"@id":"https:\/\/kohenavocats.com\/zh-hans\/#\/schema\/logo\/image\/"}}]}},"jetpack_likes_enabled":false,"jetpack_sharing_enabled":true,"_links":{"self":[{"href":"https:\/\/kohenavocats.com\/zh-hans\/wp-json\/wp\/v2\/kji_decision\/568082","targetHints":{"allow":["GET"]}}],"collection":[{"href":"https:\/\/kohenavocats.com\/zh-hans\/wp-json\/wp\/v2\/kji_decision"}],"about":[{"href":"https:\/\/kohenavocats.com\/zh-hans\/wp-json\/wp\/v2\/types\/kji_decision"}],"wp:attachment":[{"href":"https:\/\/kohenavocats.com\/zh-hans\/wp-json\/wp\/v2\/media?parent=568082"}],"wp:term":[{"taxonomy":"kji_country","embeddable":true,"href":"https:\/\/kohenavocats.com\/zh-hans\/wp-json\/wp\/v2\/kji_country?post=568082"},{"taxonomy":"kji_court","embeddable":true,"href":"https:\/\/kohenavocats.com\/zh-hans\/wp-json\/wp\/v2\/kji_court?post=568082"},{"taxonomy":"kji_chamber","embeddable":true,"href":"https:\/\/kohenavocats.com\/zh-hans\/wp-json\/wp\/v2\/kji_chamber?post=568082"},{"taxonomy":"kji_year","embeddable":true,"href":"https:\/\/kohenavocats.com\/zh-hans\/wp-json\/wp\/v2\/kji_year?post=568082"},{"taxonomy":"kji_subject","embeddable":true,"href":"https:\/\/kohenavocats.com\/zh-hans\/wp-json\/wp\/v2\/kji_subject?post=568082"},{"taxonomy":"kji_keyword","embeddable":true,"href":"https:\/\/kohenavocats.com\/zh-hans\/wp-json\/wp\/v2\/kji_keyword?post=568082"},{"taxonomy":"kji_language","embeddable":true,"href":"https:\/\/kohenavocats.com\/zh-hans\/wp-json\/wp\/v2\/kji_language?post=568082"}],"curies":[{"name":"wp","href":"https:\/\/api.w.org\/{rel}","templated":true}]}}