{"id":568498,"date":"2026-04-15T13:25:30","date_gmt":"2026-04-15T11:25:30","guid":{"rendered":"https:\/\/kohenavocats.com\/jurisprudences\/tribunal-federal-suisse-15-decembre-2025-n-7b-1250-2025\/"},"modified":"2026-04-15T13:25:30","modified_gmt":"2026-04-15T11:25:30","slug":"tribunal-federal-suisse-15-decembre-2025-n-7b-1250-2025","status":"publish","type":"kji_decision","link":"https:\/\/kohenavocats.com\/zh-hans\/jurisprudences\/tribunal-federal-suisse-15-decembre-2025-n-7b-1250-2025\/","title":{"rendered":"Tribunal f\u00e9d\u00e9ral suisse, 15 d\u00e9cembre 2025, n\u00b0 7B 1250-2025"},"content":{"rendered":"<div class=\"kji-decision\">\n<div class=\"kji-full-text\">\n<p>Bundesgericht<\/p>\n<p>Tribunal f\u00e9d\u00e9ral<\/p>\n<p>Tribunale federale<\/p>\n<p>Tribunal federal<\/p>\n<p>7B_1250\/2025<\/p>\n<p>Verf\u00fcgung vom 15. Dezember 2025<\/p>\n<p>II. strafrechtliche Abteilung<\/p>\n<p>Besetzung<\/p>\n<p>Bundesrichterin Koch, als Einzelrichterin,<\/p>\n<p>Gerichtsschreiber Hahn.<\/p>\n<p>Verfahrensbeteiligte<\/p>\n<p>A.________,<\/p>\n<p>Beschwerdef\u00fchrer,<\/p>\n<p>gegen<\/p>\n<p>Kantonsgericht Basel-Landschaft, Abteilung Strafrecht, Pr\u00e4sident,<\/p>\n<p>Bahnhofplatz 16, 4410 Liestal.<\/p>\n<p>Gegenstand<\/p>\n<p>R\u00fcckforderung Entsch\u00e4digung der amtlichen Verteidigung; R\u00fcckzug der Beschwerde,<\/p>\n<p>Beschwerde gegen den Entscheid des Kantonsgerichts Basel-Landschaft, Abteilung Strafrecht, Pr\u00e4sident, vom 20. Oktober 2025 (490 25 167).<\/p>\n<p>Erw\u00e4gungen:<\/p>\n<p>1.<\/p>\n<p>Mit Schreiben vom 18. November 2025 \u00fcbermittelte das Kantonsgericht des Kantons Basel-Landschaft dem Bundesgericht eine undatierte Beschwerdeschrift von A.________ gegen den Entscheid des Kantonsgerichts Basel-Landschaft vom 20. Oktober 2025 betreffend R\u00fcckforderung der Entsch\u00e4digung der amtlichen Verteidigung. Das Bundesgericht er\u00f6ffnete daraufhin das Beschwerdeverfahren 7B_1250\/2025.<\/p>\n<p>2.<\/p>\n<p>Mit Eingabe vom 6. Dezember 2025 erkl\u00e4rt A.________ den vollumf\u00e4nglichen R\u00fcckzug seiner Beschwerde. Bei dieser Sachlage ist das bundesgerichtliche Beschwerdeverfahren als durch Beschwerder\u00fcckzug durch die Instruktionsrichterin als Einzelrichterin erledigt abzuschreiben (Art. 32 Abs. 2 BGG). Umst\u00e4ndehalber werden keine Gerichtskosten erhoben (Art. 66 Abs.1 BGG).<\/p>\n<p>Demnach verf\u00fcgt die Einzelrichterin:<\/p>\n<p>1.<\/p>\n<p>Das Verfahren 7B_1250\/2025 wird als gegenstandslos abgeschrieben.<\/p>\n<p>2.<\/p>\n<p>Es werden keine Gerichtskosten erhoben.<\/p>\n<p>3.<\/p>\n<p>Diese Verf\u00fcgung wird den Parteien und dem Kantonsgericht Basel-Landschaft, Abteilung Strafrecht, Pr\u00e4sident, schriftlich mitgeteilt.<\/p>\n<p>Lausanne, 15. Dezember 2025<\/p>\n<p>Im Namen der II. strafrechtlichen Abteilung<\/p>\n<p>des Schweizerischen Bundesgerichts<\/p>\n<p>Die Einzelrichterin: Koch<\/p>\n<p>Der Gerichtsschreiber: Hahn<\/p>\n<\/div>\n<hr class=\"kji-sep\" \/>\n<p class=\"kji-source-links\"><strong>Sources officielles :<\/strong> <a class=\"kji-source-link\" href=\"https:\/\/search.bger.ch\/ext\/eurospider\/live\/fr\/php\/aza\/http\/index.php?lang=fr&#038;type=highlight_simple_query&#038;page=1&#038;from_date=&#038;to_date=&#038;sort=relevance&#038;insertion_date=&#038;top_subcollection_aza=all&#038;query_words=strafrecht&#038;rank=7&#038;azaclir=aza&#038;highlight_docid=aza%3A%2F%2F15-12-2025-7B_1250-2025&#038;number_of_ranks=4698\" target=\"_blank\" rel=\"noopener noreferrer\">consulter la page source<\/a><\/p>\n<p class=\"kji-license-note\"><em>Source officielle Tribunal federal suisse. Contenu HTML public, PDF non garanti en version gratuite.<\/em><\/p>\n<\/div>\n","protected":false},"excerpt":{"rendered":"<p>Bundesgericht Tribunal f\u00e9d\u00e9ral Tribunale federale Tribunal federal 7B_1250\/2025 Verf\u00fcgung vom 15. Dezember 2025 II. strafrechtliche Abteilung Besetzung Bundesrichterin Koch, als Einzelrichterin, Gerichtsschreiber Hahn. Verfahrensbeteiligte A.________, Beschwerdef\u00fchrer, gegen Kantonsgericht Basel-Landschaft, Abteilung Strafrecht, Pr\u00e4sident, Bahnhofplatz 16, 4410 Liestal. Gegenstand R\u00fcckforderung Entsch\u00e4digung der amtlichen Verteidigung; R\u00fcckzug der Beschwerde, Beschwerde gegen den Entscheid des Kantonsgerichts Basel-Landschaft, Abteilung Strafrecht, Pr\u00e4sident,&#8230;<\/p>\n","protected":false},"featured_media":0,"template":"","meta":{"_crdt_document":""},"kji_country":[9676],"kji_court":[9677],"kji_chamber":[10148],"kji_year":[8463],"kji_subject":[7632],"kji_keyword":[9799,8464,9679,9680,7636],"kji_language":[7685],"class_list":["post-568498","kji_decision","type-kji_decision","status-publish","hentry","kji_country-suisse","kji_court-tribunal-federal-suisse","kji_chamber-cour-des-plaintes","kji_year-8463","kji_subject-penal","kji_keyword-bundesgericht","kji_keyword-decembre","kji_keyword-federal","kji_keyword-suisse","kji_keyword-tribunal","kji_language-italien"],"yoast_head":"<!-- This site is optimized with the Yoast SEO Premium plugin v27.5 (Yoast SEO v27.5) - https:\/\/yoast.com\/product\/yoast-seo-premium-wordpress\/ -->\n<title>Tribunal f\u00e9d\u00e9ral suisse, 15 d\u00e9cembre 2025, n\u00b0 7B 1250-2025 - Ma\u00eetre Hassan Kohen, avocat en droit p\u00e9nal \u00e0 Paris<\/title>\n<meta name=\"robots\" content=\"index, follow, max-snippet:-1, max-image-preview:large, max-video-preview:-1\" \/>\n<link rel=\"canonical\" href=\"https:\/\/kohenavocats.com\/zh-hans\/jurisprudences\/tribunal-federal-suisse-15-decembre-2025-n-7b-1250-2025\/\" \/>\n<meta property=\"og:locale\" content=\"zh_CN\" \/>\n<meta property=\"og:type\" content=\"article\" \/>\n<meta property=\"og:title\" content=\"Tribunal f\u00e9d\u00e9ral suisse, 15 d\u00e9cembre 2025, n\u00b0 7B 1250-2025\" \/>\n<meta property=\"og:description\" content=\"Bundesgericht Tribunal f\u00e9d\u00e9ral Tribunale federale Tribunal federal 7B_1250\/2025 Verf\u00fcgung vom 15. Dezember 2025 II. strafrechtliche Abteilung Besetzung Bundesrichterin Koch, als Einzelrichterin, Gerichtsschreiber Hahn. Verfahrensbeteiligte A.________, Beschwerdef\u00fchrer, gegen Kantonsgericht Basel-Landschaft, Abteilung Strafrecht, Pr\u00e4sident, Bahnhofplatz 16, 4410 Liestal. Gegenstand R\u00fcckforderung Entsch\u00e4digung der amtlichen Verteidigung; R\u00fcckzug der Beschwerde, Beschwerde gegen den Entscheid des Kantonsgerichts Basel-Landschaft, Abteilung Strafrecht, Pr\u00e4sident,...\" \/>\n<meta property=\"og:url\" content=\"https:\/\/kohenavocats.com\/zh-hans\/jurisprudences\/tribunal-federal-suisse-15-decembre-2025-n-7b-1250-2025\/\" \/>\n<meta property=\"og:site_name\" content=\"Ma\u00eetre Hassan Kohen, avocat en droit p\u00e9nal \u00e0 Paris\" \/>\n<meta name=\"twitter:card\" content=\"summary_large_image\" \/>\n<meta name=\"twitter:label1\" content=\"\u9884\u8ba1\u9605\u8bfb\u65f6\u95f4\" \/>\n\t<meta name=\"twitter:data1\" content=\"1 \u5206\" \/>\n<script type=\"application\/ld+json\" class=\"yoast-schema-graph\">{\"@context\":\"https:\\\/\\\/schema.org\",\"@graph\":[{\"@type\":\"WebPage\",\"@id\":\"https:\\\/\\\/kohenavocats.com\\\/zh-hans\\\/jurisprudences\\\/tribunal-federal-suisse-15-decembre-2025-n-7b-1250-2025\\\/\",\"url\":\"https:\\\/\\\/kohenavocats.com\\\/zh-hans\\\/jurisprudences\\\/tribunal-federal-suisse-15-decembre-2025-n-7b-1250-2025\\\/\",\"name\":\"Tribunal f\u00e9d\u00e9ral suisse, 15 d\u00e9cembre 2025, n\u00b0 7B 1250-2025 - Ma\u00eetre Hassan Kohen, avocat en droit p\u00e9nal \u00e0 Paris\",\"isPartOf\":{\"@id\":\"https:\\\/\\\/kohenavocats.com\\\/zh-hans\\\/#website\"},\"datePublished\":\"2026-04-15T11:25:30+00:00\",\"breadcrumb\":{\"@id\":\"https:\\\/\\\/kohenavocats.com\\\/zh-hans\\\/jurisprudences\\\/tribunal-federal-suisse-15-decembre-2025-n-7b-1250-2025\\\/#breadcrumb\"},\"inLanguage\":\"zh-Hans\",\"potentialAction\":[{\"@type\":\"ReadAction\",\"target\":[\"https:\\\/\\\/kohenavocats.com\\\/zh-hans\\\/jurisprudences\\\/tribunal-federal-suisse-15-decembre-2025-n-7b-1250-2025\\\/\"]}]},{\"@type\":\"BreadcrumbList\",\"@id\":\"https:\\\/\\\/kohenavocats.com\\\/zh-hans\\\/jurisprudences\\\/tribunal-federal-suisse-15-decembre-2025-n-7b-1250-2025\\\/#breadcrumb\",\"itemListElement\":[{\"@type\":\"ListItem\",\"position\":1,\"name\":\"Home\",\"item\":\"https:\\\/\\\/kohenavocats.com\\\/zh-hans\\\/\"},{\"@type\":\"ListItem\",\"position\":2,\"name\":\"Jurisprudences\",\"item\":\"https:\\\/\\\/kohenavocats.com\\\/zh-hans\\\/jurisprudences\\\/\"},{\"@type\":\"ListItem\",\"position\":3,\"name\":\"Tribunal f\u00e9d\u00e9ral suisse, 15 d\u00e9cembre 2025, n\u00b0 7B 1250-2025\"}]},{\"@type\":\"WebSite\",\"@id\":\"https:\\\/\\\/kohenavocats.com\\\/zh-hans\\\/#website\",\"url\":\"https:\\\/\\\/kohenavocats.com\\\/zh-hans\\\/\",\"name\":\"Kohen Avocats\",\"description\":\"Ma\u00eetre Hassan Kohen, avocat p\u00e9naliste \u00e0 Paris, intervient exclusivement en droit p\u00e9nal pour la d\u00e9fense des particuliers, notamment en mati\u00e8re d\u2019accusations de viol. Il assure un accompagnement rigoureux d\u00e8s la garde \u00e0 vue jusqu\u2019\u00e0 la Cour d\u2019assises, veillant au strict respect des garanties proc\u00e9durales.\",\"publisher\":{\"@id\":\"https:\\\/\\\/kohenavocats.com\\\/zh-hans\\\/#organization\"},\"potentialAction\":[{\"@type\":\"SearchAction\",\"target\":{\"@type\":\"EntryPoint\",\"urlTemplate\":\"https:\\\/\\\/kohenavocats.com\\\/zh-hans\\\/?s={search_term_string}\"},\"query-input\":{\"@type\":\"PropertyValueSpecification\",\"valueRequired\":true,\"valueName\":\"search_term_string\"}}],\"inLanguage\":\"zh-Hans\"},{\"@type\":\"Organization\",\"@id\":\"https:\\\/\\\/kohenavocats.com\\\/zh-hans\\\/#organization\",\"name\":\"Kohen Avocats\",\"url\":\"https:\\\/\\\/kohenavocats.com\\\/zh-hans\\\/\",\"logo\":{\"@type\":\"ImageObject\",\"inLanguage\":\"zh-Hans\",\"@id\":\"https:\\\/\\\/kohenavocats.com\\\/zh-hans\\\/#\\\/schema\\\/logo\\\/image\\\/\",\"url\":\"https:\\\/\\\/kohenavocats.com\\\/wp-content\\\/uploads\\\/2026\\\/01\\\/Logo-2-1.webp\",\"contentUrl\":\"https:\\\/\\\/kohenavocats.com\\\/wp-content\\\/uploads\\\/2026\\\/01\\\/Logo-2-1.webp\",\"width\":2114,\"height\":1253,\"caption\":\"Kohen Avocats\"},\"image\":{\"@id\":\"https:\\\/\\\/kohenavocats.com\\\/zh-hans\\\/#\\\/schema\\\/logo\\\/image\\\/\"}}]}<\/script>\n<!-- \/ Yoast SEO Premium plugin. -->","yoast_head_json":{"title":"Tribunal f\u00e9d\u00e9ral suisse, 15 d\u00e9cembre 2025, n\u00b0 7B 1250-2025 - Ma\u00eetre Hassan Kohen, avocat en droit p\u00e9nal \u00e0 Paris","robots":{"index":"index","follow":"follow","max-snippet":"max-snippet:-1","max-image-preview":"max-image-preview:large","max-video-preview":"max-video-preview:-1"},"canonical":"https:\/\/kohenavocats.com\/zh-hans\/jurisprudences\/tribunal-federal-suisse-15-decembre-2025-n-7b-1250-2025\/","og_locale":"zh_CN","og_type":"article","og_title":"Tribunal f\u00e9d\u00e9ral suisse, 15 d\u00e9cembre 2025, n\u00b0 7B 1250-2025","og_description":"Bundesgericht Tribunal f\u00e9d\u00e9ral Tribunale federale Tribunal federal 7B_1250\/2025 Verf\u00fcgung vom 15. Dezember 2025 II. strafrechtliche Abteilung Besetzung Bundesrichterin Koch, als Einzelrichterin, Gerichtsschreiber Hahn. Verfahrensbeteiligte A.________, Beschwerdef\u00fchrer, gegen Kantonsgericht Basel-Landschaft, Abteilung Strafrecht, Pr\u00e4sident, Bahnhofplatz 16, 4410 Liestal. Gegenstand R\u00fcckforderung Entsch\u00e4digung der amtlichen Verteidigung; R\u00fcckzug der Beschwerde, Beschwerde gegen den Entscheid des Kantonsgerichts Basel-Landschaft, Abteilung Strafrecht, Pr\u00e4sident,...","og_url":"https:\/\/kohenavocats.com\/zh-hans\/jurisprudences\/tribunal-federal-suisse-15-decembre-2025-n-7b-1250-2025\/","og_site_name":"Ma\u00eetre Hassan Kohen, avocat en droit p\u00e9nal \u00e0 Paris","twitter_card":"summary_large_image","twitter_misc":{"\u9884\u8ba1\u9605\u8bfb\u65f6\u95f4":"1 \u5206"},"schema":{"@context":"https:\/\/schema.org","@graph":[{"@type":"WebPage","@id":"https:\/\/kohenavocats.com\/zh-hans\/jurisprudences\/tribunal-federal-suisse-15-decembre-2025-n-7b-1250-2025\/","url":"https:\/\/kohenavocats.com\/zh-hans\/jurisprudences\/tribunal-federal-suisse-15-decembre-2025-n-7b-1250-2025\/","name":"Tribunal f\u00e9d\u00e9ral suisse, 15 d\u00e9cembre 2025, n\u00b0 7B 1250-2025 - Ma\u00eetre Hassan Kohen, avocat en droit p\u00e9nal \u00e0 Paris","isPartOf":{"@id":"https:\/\/kohenavocats.com\/zh-hans\/#website"},"datePublished":"2026-04-15T11:25:30+00:00","breadcrumb":{"@id":"https:\/\/kohenavocats.com\/zh-hans\/jurisprudences\/tribunal-federal-suisse-15-decembre-2025-n-7b-1250-2025\/#breadcrumb"},"inLanguage":"zh-Hans","potentialAction":[{"@type":"ReadAction","target":["https:\/\/kohenavocats.com\/zh-hans\/jurisprudences\/tribunal-federal-suisse-15-decembre-2025-n-7b-1250-2025\/"]}]},{"@type":"BreadcrumbList","@id":"https:\/\/kohenavocats.com\/zh-hans\/jurisprudences\/tribunal-federal-suisse-15-decembre-2025-n-7b-1250-2025\/#breadcrumb","itemListElement":[{"@type":"ListItem","position":1,"name":"Home","item":"https:\/\/kohenavocats.com\/zh-hans\/"},{"@type":"ListItem","position":2,"name":"Jurisprudences","item":"https:\/\/kohenavocats.com\/zh-hans\/jurisprudences\/"},{"@type":"ListItem","position":3,"name":"Tribunal f\u00e9d\u00e9ral suisse, 15 d\u00e9cembre 2025, n\u00b0 7B 1250-2025"}]},{"@type":"WebSite","@id":"https:\/\/kohenavocats.com\/zh-hans\/#website","url":"https:\/\/kohenavocats.com\/zh-hans\/","name":"Kohen Avocats","description":"Ma\u00eetre Hassan Kohen, avocat p\u00e9naliste \u00e0 Paris, intervient exclusivement en droit p\u00e9nal pour la d\u00e9fense des particuliers, notamment en mati\u00e8re d\u2019accusations de viol. Il assure un accompagnement rigoureux d\u00e8s la garde \u00e0 vue jusqu\u2019\u00e0 la Cour d\u2019assises, veillant au strict respect des garanties proc\u00e9durales.","publisher":{"@id":"https:\/\/kohenavocats.com\/zh-hans\/#organization"},"potentialAction":[{"@type":"SearchAction","target":{"@type":"EntryPoint","urlTemplate":"https:\/\/kohenavocats.com\/zh-hans\/?s={search_term_string}"},"query-input":{"@type":"PropertyValueSpecification","valueRequired":true,"valueName":"search_term_string"}}],"inLanguage":"zh-Hans"},{"@type":"Organization","@id":"https:\/\/kohenavocats.com\/zh-hans\/#organization","name":"Kohen Avocats","url":"https:\/\/kohenavocats.com\/zh-hans\/","logo":{"@type":"ImageObject","inLanguage":"zh-Hans","@id":"https:\/\/kohenavocats.com\/zh-hans\/#\/schema\/logo\/image\/","url":"https:\/\/kohenavocats.com\/wp-content\/uploads\/2026\/01\/Logo-2-1.webp","contentUrl":"https:\/\/kohenavocats.com\/wp-content\/uploads\/2026\/01\/Logo-2-1.webp","width":2114,"height":1253,"caption":"Kohen Avocats"},"image":{"@id":"https:\/\/kohenavocats.com\/zh-hans\/#\/schema\/logo\/image\/"}}]}},"jetpack_likes_enabled":false,"jetpack_sharing_enabled":true,"_links":{"self":[{"href":"https:\/\/kohenavocats.com\/zh-hans\/wp-json\/wp\/v2\/kji_decision\/568498","targetHints":{"allow":["GET"]}}],"collection":[{"href":"https:\/\/kohenavocats.com\/zh-hans\/wp-json\/wp\/v2\/kji_decision"}],"about":[{"href":"https:\/\/kohenavocats.com\/zh-hans\/wp-json\/wp\/v2\/types\/kji_decision"}],"wp:attachment":[{"href":"https:\/\/kohenavocats.com\/zh-hans\/wp-json\/wp\/v2\/media?parent=568498"}],"wp:term":[{"taxonomy":"kji_country","embeddable":true,"href":"https:\/\/kohenavocats.com\/zh-hans\/wp-json\/wp\/v2\/kji_country?post=568498"},{"taxonomy":"kji_court","embeddable":true,"href":"https:\/\/kohenavocats.com\/zh-hans\/wp-json\/wp\/v2\/kji_court?post=568498"},{"taxonomy":"kji_chamber","embeddable":true,"href":"https:\/\/kohenavocats.com\/zh-hans\/wp-json\/wp\/v2\/kji_chamber?post=568498"},{"taxonomy":"kji_year","embeddable":true,"href":"https:\/\/kohenavocats.com\/zh-hans\/wp-json\/wp\/v2\/kji_year?post=568498"},{"taxonomy":"kji_subject","embeddable":true,"href":"https:\/\/kohenavocats.com\/zh-hans\/wp-json\/wp\/v2\/kji_subject?post=568498"},{"taxonomy":"kji_keyword","embeddable":true,"href":"https:\/\/kohenavocats.com\/zh-hans\/wp-json\/wp\/v2\/kji_keyword?post=568498"},{"taxonomy":"kji_language","embeddable":true,"href":"https:\/\/kohenavocats.com\/zh-hans\/wp-json\/wp\/v2\/kji_language?post=568498"}],"curies":[{"name":"wp","href":"https:\/\/api.w.org\/{rel}","templated":true}]}}