{"id":568748,"date":"2026-04-15T14:03:01","date_gmt":"2026-04-15T12:03:01","guid":{"rendered":"https:\/\/kohenavocats.com\/jurisprudences\/tribunal-federal-suisse-27-novembre-2025-n-4a-559-2025\/"},"modified":"2026-04-15T14:03:01","modified_gmt":"2026-04-15T12:03:01","slug":"tribunal-federal-suisse-27-novembre-2025-n-4a-559-2025","status":"publish","type":"kji_decision","link":"https:\/\/kohenavocats.com\/zh-hans\/jurisprudences\/tribunal-federal-suisse-27-novembre-2025-n-4a-559-2025\/","title":{"rendered":"Tribunal f\u00e9d\u00e9ral suisse, 27 novembre 2025, n\u00b0 4A 559-2025"},"content":{"rendered":"<div class=\"kji-decision\">\n<div class=\"kji-full-text\">\n<p>Bundesgericht<\/p>\n<p>Tribunal f\u00e9d\u00e9ral<\/p>\n<p>Tribunale federale<\/p>\n<p>Tribunal federal<\/p>\n<p>4A_559\/2025<\/p>\n<p>Urteil vom 27. November 2025<\/p>\n<p>I. zivilrechtliche Abteilung<\/p>\n<p>Besetzung<\/p>\n<p>Bundesrichter Hurni, Pr\u00e4sident,<\/p>\n<p>Gerichtsschreiber Tanner.<\/p>\n<p>Verfahrensbeteiligte<\/p>\n<p>A.________,<\/p>\n<p>Beschwerdef\u00fchrerin,<\/p>\n<p>gegen<\/p>\n<p>B.________,<\/p>\n<p>Beschwerdegegner.<\/p>\n<p>Gegenstand<\/p>\n<p>Ausweisungsbegehren,<\/p>\n<p>Beschwerde gegen den Entscheid des Obergerichts des Kantons Bern, 2. Zivilkammer, vom 9. Oktober 2025 (ZK 25 348 [349]).<\/p>\n<p>Erw\u00e4gungen:<\/p>\n<p>1.<\/p>\n<p>Das Regionalgericht Emmental-Oberaargau hiess mit Entscheid vom 31. Juli 2025 das Gesuch des Beschwerdegegners um Ausweisung der Beschwerdef\u00fchrerin aus ihrer 4,5-Zimmerwohnung in U.________ im Rechtsschutz in klaren F\u00e4llen gut. Es verpflichtete die Beschwerdef\u00fchrerin, diese Wohnung bis am 18. August 2025 zu verlassen.<\/p>\n<p>Gegen diesen Entscheid erhob die Beschwerdef\u00fchrerin am 11. August 2025 Beschwerde beim Obergericht des Kantons Bern. Sie beantragte, der angefochtene Entscheid sei aufzuheben und seine Vollstreckbarkeit sei auszusetzen. Zugleich ersuchte die Beschwerdef\u00fchrerin um unentgeltliche Rechtspflege. Mit Entscheid vom 9. Oktober 2025 wies das Obergericht die Beschwerde und das Gesuch um unentgeltliche Rechtspflege ab. Zugleich ordnete es an, dass die Beschwerdef\u00fchrerin das Mietobjekt bis sp\u00e4testens zehn Tage nach Zustellung des Beschwerdeentscheides zu verlassen habe.<\/p>\n<p>Dagegen erhebt die Beschwerdef\u00fchrerin am 3. November 2025 Beschwerde an das Bundesgericht.<\/p>\n<p>Es wurden keine Vernehmlassungen eingeholt.<\/p>\n<p>Mit Pr\u00e4sidialverf\u00fcgung vom 5. November 2025 wurde das Gesuch der Beschwerdef\u00fchrerin um Gew\u00e4hrung der aufschiebenden Wirkung abgewiesen.<\/p>\n<p>2.<\/p>\n<p>Die Eingabe der Beschwerdef\u00fchrerin erf\u00fcllt die Begr\u00fcndungsanforderungen, die an eine Beschwerde an das Bundesgericht gestellt werden (Art. 42 Abs. 2 und Art. 106 Abs. 2 BGG; BGE 142 III 364 E. 2.4; 140 III 86 E. 2, 115 E. 2), offensichtlich nicht. Auf die Beschwerde ist somit mangels hinreichender Begr\u00fcndung im vereinfachten Verfahren durch den Abteilungspr\u00e4sidenten nicht einzutreten (Art. 108 Abs. 1 lit. b BGG). Die Begr\u00fcndung dieses Entscheids beschr\u00e4nkt sich auf eine kurze Angabe des Unzul\u00e4ssigkeitsgrundes (Art. 108 Abs. 3 BGG).<\/p>\n<p>3.<\/p>\n<p>Das Gesuch der Beschwerdef\u00fchrerin um unentgeltliche Rechtspflege f\u00fcr das bundesgerichtliche Verfahren ist wegen Aussichtslosigkeit abzuweisen (Art. 64 Abs. 1 BGG).<\/p>\n<p>Die Beschwerdef\u00fchrerin wird bei diesem Verfahrensausgang kostenpflichtig (Art. 66 Abs. 1 BGG). Dem Beschwerdegegner ist keine Parteientsch\u00e4digung zuzusprechen, da ihm aus dem bundesgerichtlichen Verfahren kein Aufwand erwachsen ist (Art. 68 Abs. 2 BGG).<\/p>\n<p>Demnach erkennt der Pr\u00e4sident:<\/p>\n<p>1.<\/p>\n<p>Auf die Beschwerde wird nicht eingetreten.<\/p>\n<p>2.<\/p>\n<p>Das Gesuch der Beschwerdef\u00fchrerin um unentgeltliche Rechtspflege f\u00fcr das bundesgerichtliche Verfahren wird abgewiesen.<\/p>\n<p>3.<\/p>\n<p>Die Gerichtskosten von Fr. 500.&#8211; werden der Beschwerdef\u00fchrerin auferlegt.<\/p>\n<p>4.<\/p>\n<p>Es wird keine Parteientsch\u00e4digung zugesprochen.<\/p>\n<p>5.<\/p>\n<p>Dieses Urteil wird den Parteien und dem Obergericht des Kantons Bern, 2. Zivilkammer, schriftlich mitgeteilt.<\/p>\n<p>Lausanne, 27. November 2025<\/p>\n<p>Im Namen der I. zivilrechtlichen Abteilung<\/p>\n<p>des Schweizerischen Bundesgerichts<\/p>\n<p>Der Pr\u00e4sident: Hurni<\/p>\n<p>Der Gerichtsschreiber: Tanner<\/p>\n<\/div>\n<hr class=\"kji-sep\" \/>\n<p class=\"kji-source-links\"><strong>Sources officielles :<\/strong> <a class=\"kji-source-link\" href=\"https:\/\/search.bger.ch\/ext\/eurospider\/live\/fr\/php\/aza\/http\/index.php?lang=fr&#038;type=highlight_simple_query&#038;page=3&#038;from_date=&#038;to_date=&#038;sort=relevance&#038;insertion_date=&#038;top_subcollection_aza=all&#038;query_words=beschwerde&#038;rank=25&#038;azaclir=aza&#038;highlight_docid=aza%3A%2F%2F27-11-2025-4A_559-2025&#038;number_of_ranks=104522\" target=\"_blank\" rel=\"noopener noreferrer\">consulter la page source<\/a><\/p>\n<p class=\"kji-license-note\"><em>Source officielle Tribunal federal suisse. Contenu HTML public, PDF non garanti en version gratuite.<\/em><\/p>\n<\/div>\n","protected":false},"excerpt":{"rendered":"<p>Bundesgericht Tribunal f\u00e9d\u00e9ral Tribunale federale Tribunal federal 4A_559\/2025 Urteil vom 27. November 2025 I. zivilrechtliche Abteilung Besetzung Bundesrichter Hurni, Pr\u00e4sident, Gerichtsschreiber Tanner. Verfahrensbeteiligte A.________, Beschwerdef\u00fchrerin, gegen B.________, Beschwerdegegner. Gegenstand Ausweisungsbegehren, Beschwerde gegen den Entscheid des Obergerichts des Kantons Bern, 2. Zivilkammer, vom 9. Oktober 2025 (ZK 25 348 [349]). Erw\u00e4gungen: 1. Das Regionalgericht Emmental-Oberaargau hiess&#8230;<\/p>\n","protected":false},"featured_media":0,"template":"","meta":{"_crdt_document":""},"kji_country":[9676],"kji_court":[9677],"kji_chamber":[10186],"kji_year":[8463],"kji_subject":[7724],"kji_keyword":[9799,9679,8576,9680,7636],"kji_language":[7685],"class_list":["post-568748","kji_decision","type-kji_decision","status-publish","hentry","kji_country-suisse","kji_court-tribunal-federal-suisse","kji_chamber-ire-cour-de-droit-civil","kji_year-8463","kji_subject-civil","kji_keyword-bundesgericht","kji_keyword-federal","kji_keyword-novembre","kji_keyword-suisse","kji_keyword-tribunal","kji_language-italien"],"yoast_head":"<!-- This site is optimized with the Yoast SEO Premium plugin v27.4 (Yoast SEO v27.4) - https:\/\/yoast.com\/product\/yoast-seo-premium-wordpress\/ -->\n<title>Tribunal f\u00e9d\u00e9ral suisse, 27 novembre 2025, n\u00b0 4A 559-2025 - Ma\u00eetre Hassan Kohen, avocat en droit p\u00e9nal \u00e0 Paris<\/title>\n<meta name=\"robots\" content=\"index, follow, max-snippet:-1, max-image-preview:large, max-video-preview:-1\" \/>\n<link rel=\"canonical\" href=\"https:\/\/kohenavocats.com\/zh-hans\/jurisprudences\/tribunal-federal-suisse-27-novembre-2025-n-4a-559-2025\/\" \/>\n<meta property=\"og:locale\" content=\"zh_CN\" \/>\n<meta property=\"og:type\" content=\"article\" \/>\n<meta property=\"og:title\" content=\"Tribunal f\u00e9d\u00e9ral suisse, 27 novembre 2025, n\u00b0 4A 559-2025\" \/>\n<meta property=\"og:description\" content=\"Bundesgericht Tribunal f\u00e9d\u00e9ral Tribunale federale Tribunal federal 4A_559\/2025 Urteil vom 27. November 2025 I. zivilrechtliche Abteilung Besetzung Bundesrichter Hurni, Pr\u00e4sident, Gerichtsschreiber Tanner. Verfahrensbeteiligte A.________, Beschwerdef\u00fchrerin, gegen B.________, Beschwerdegegner. Gegenstand Ausweisungsbegehren, Beschwerde gegen den Entscheid des Obergerichts des Kantons Bern, 2. Zivilkammer, vom 9. Oktober 2025 (ZK 25 348 [349]). Erw\u00e4gungen: 1. Das Regionalgericht Emmental-Oberaargau hiess...\" \/>\n<meta property=\"og:url\" content=\"https:\/\/kohenavocats.com\/zh-hans\/jurisprudences\/tribunal-federal-suisse-27-novembre-2025-n-4a-559-2025\/\" \/>\n<meta property=\"og:site_name\" content=\"Ma\u00eetre Hassan Kohen, avocat en droit p\u00e9nal \u00e0 Paris\" \/>\n<meta name=\"twitter:card\" content=\"summary_large_image\" \/>\n<meta name=\"twitter:label1\" content=\"\u9884\u8ba1\u9605\u8bfb\u65f6\u95f4\" \/>\n\t<meta name=\"twitter:data1\" content=\"2 \u5206\" \/>\n<script type=\"application\/ld+json\" class=\"yoast-schema-graph\">{\"@context\":\"https:\\\/\\\/schema.org\",\"@graph\":[{\"@type\":\"WebPage\",\"@id\":\"https:\\\/\\\/kohenavocats.com\\\/zh-hans\\\/jurisprudences\\\/tribunal-federal-suisse-27-novembre-2025-n-4a-559-2025\\\/\",\"url\":\"https:\\\/\\\/kohenavocats.com\\\/zh-hans\\\/jurisprudences\\\/tribunal-federal-suisse-27-novembre-2025-n-4a-559-2025\\\/\",\"name\":\"Tribunal f\u00e9d\u00e9ral suisse, 27 novembre 2025, n\u00b0 4A 559-2025 - Ma\u00eetre Hassan Kohen, avocat en droit p\u00e9nal \u00e0 Paris\",\"isPartOf\":{\"@id\":\"https:\\\/\\\/kohenavocats.com\\\/zh-hans\\\/#website\"},\"datePublished\":\"2026-04-15T12:03:01+00:00\",\"breadcrumb\":{\"@id\":\"https:\\\/\\\/kohenavocats.com\\\/zh-hans\\\/jurisprudences\\\/tribunal-federal-suisse-27-novembre-2025-n-4a-559-2025\\\/#breadcrumb\"},\"inLanguage\":\"zh-Hans\",\"potentialAction\":[{\"@type\":\"ReadAction\",\"target\":[\"https:\\\/\\\/kohenavocats.com\\\/zh-hans\\\/jurisprudences\\\/tribunal-federal-suisse-27-novembre-2025-n-4a-559-2025\\\/\"]}]},{\"@type\":\"BreadcrumbList\",\"@id\":\"https:\\\/\\\/kohenavocats.com\\\/zh-hans\\\/jurisprudences\\\/tribunal-federal-suisse-27-novembre-2025-n-4a-559-2025\\\/#breadcrumb\",\"itemListElement\":[{\"@type\":\"ListItem\",\"position\":1,\"name\":\"Home\",\"item\":\"https:\\\/\\\/kohenavocats.com\\\/zh-hans\\\/\"},{\"@type\":\"ListItem\",\"position\":2,\"name\":\"Jurisprudences\",\"item\":\"https:\\\/\\\/kohenavocats.com\\\/zh-hans\\\/jurisprudences\\\/\"},{\"@type\":\"ListItem\",\"position\":3,\"name\":\"Tribunal f\u00e9d\u00e9ral suisse, 27 novembre 2025, n\u00b0 4A 559-2025\"}]},{\"@type\":\"WebSite\",\"@id\":\"https:\\\/\\\/kohenavocats.com\\\/zh-hans\\\/#website\",\"url\":\"https:\\\/\\\/kohenavocats.com\\\/zh-hans\\\/\",\"name\":\"Kohen Avocats\",\"description\":\"Ma\u00eetre Hassan Kohen, avocat p\u00e9naliste \u00e0 Paris, intervient exclusivement en droit p\u00e9nal pour la d\u00e9fense des particuliers, notamment en mati\u00e8re d\u2019accusations de viol. Il assure un accompagnement rigoureux d\u00e8s la garde \u00e0 vue jusqu\u2019\u00e0 la Cour d\u2019assises, veillant au strict respect des garanties proc\u00e9durales.\",\"publisher\":{\"@id\":\"https:\\\/\\\/kohenavocats.com\\\/zh-hans\\\/#organization\"},\"potentialAction\":[{\"@type\":\"SearchAction\",\"target\":{\"@type\":\"EntryPoint\",\"urlTemplate\":\"https:\\\/\\\/kohenavocats.com\\\/zh-hans\\\/?s={search_term_string}\"},\"query-input\":{\"@type\":\"PropertyValueSpecification\",\"valueRequired\":true,\"valueName\":\"search_term_string\"}}],\"inLanguage\":\"zh-Hans\"},{\"@type\":\"Organization\",\"@id\":\"https:\\\/\\\/kohenavocats.com\\\/zh-hans\\\/#organization\",\"name\":\"Kohen Avocats\",\"url\":\"https:\\\/\\\/kohenavocats.com\\\/zh-hans\\\/\",\"logo\":{\"@type\":\"ImageObject\",\"inLanguage\":\"zh-Hans\",\"@id\":\"https:\\\/\\\/kohenavocats.com\\\/zh-hans\\\/#\\\/schema\\\/logo\\\/image\\\/\",\"url\":\"https:\\\/\\\/kohenavocats.com\\\/wp-content\\\/uploads\\\/2026\\\/01\\\/Logo-2-1.webp\",\"contentUrl\":\"https:\\\/\\\/kohenavocats.com\\\/wp-content\\\/uploads\\\/2026\\\/01\\\/Logo-2-1.webp\",\"width\":2114,\"height\":1253,\"caption\":\"Kohen Avocats\"},\"image\":{\"@id\":\"https:\\\/\\\/kohenavocats.com\\\/zh-hans\\\/#\\\/schema\\\/logo\\\/image\\\/\"}}]}<\/script>\n<!-- \/ Yoast SEO Premium plugin. -->","yoast_head_json":{"title":"Tribunal f\u00e9d\u00e9ral suisse, 27 novembre 2025, n\u00b0 4A 559-2025 - Ma\u00eetre Hassan Kohen, avocat en droit p\u00e9nal \u00e0 Paris","robots":{"index":"index","follow":"follow","max-snippet":"max-snippet:-1","max-image-preview":"max-image-preview:large","max-video-preview":"max-video-preview:-1"},"canonical":"https:\/\/kohenavocats.com\/zh-hans\/jurisprudences\/tribunal-federal-suisse-27-novembre-2025-n-4a-559-2025\/","og_locale":"zh_CN","og_type":"article","og_title":"Tribunal f\u00e9d\u00e9ral suisse, 27 novembre 2025, n\u00b0 4A 559-2025","og_description":"Bundesgericht Tribunal f\u00e9d\u00e9ral Tribunale federale Tribunal federal 4A_559\/2025 Urteil vom 27. November 2025 I. zivilrechtliche Abteilung Besetzung Bundesrichter Hurni, Pr\u00e4sident, Gerichtsschreiber Tanner. Verfahrensbeteiligte A.________, Beschwerdef\u00fchrerin, gegen B.________, Beschwerdegegner. Gegenstand Ausweisungsbegehren, Beschwerde gegen den Entscheid des Obergerichts des Kantons Bern, 2. Zivilkammer, vom 9. Oktober 2025 (ZK 25 348 [349]). Erw\u00e4gungen: 1. Das Regionalgericht Emmental-Oberaargau hiess...","og_url":"https:\/\/kohenavocats.com\/zh-hans\/jurisprudences\/tribunal-federal-suisse-27-novembre-2025-n-4a-559-2025\/","og_site_name":"Ma\u00eetre Hassan Kohen, avocat en droit p\u00e9nal \u00e0 Paris","twitter_card":"summary_large_image","twitter_misc":{"\u9884\u8ba1\u9605\u8bfb\u65f6\u95f4":"2 \u5206"},"schema":{"@context":"https:\/\/schema.org","@graph":[{"@type":"WebPage","@id":"https:\/\/kohenavocats.com\/zh-hans\/jurisprudences\/tribunal-federal-suisse-27-novembre-2025-n-4a-559-2025\/","url":"https:\/\/kohenavocats.com\/zh-hans\/jurisprudences\/tribunal-federal-suisse-27-novembre-2025-n-4a-559-2025\/","name":"Tribunal f\u00e9d\u00e9ral suisse, 27 novembre 2025, n\u00b0 4A 559-2025 - Ma\u00eetre Hassan Kohen, avocat en droit p\u00e9nal \u00e0 Paris","isPartOf":{"@id":"https:\/\/kohenavocats.com\/zh-hans\/#website"},"datePublished":"2026-04-15T12:03:01+00:00","breadcrumb":{"@id":"https:\/\/kohenavocats.com\/zh-hans\/jurisprudences\/tribunal-federal-suisse-27-novembre-2025-n-4a-559-2025\/#breadcrumb"},"inLanguage":"zh-Hans","potentialAction":[{"@type":"ReadAction","target":["https:\/\/kohenavocats.com\/zh-hans\/jurisprudences\/tribunal-federal-suisse-27-novembre-2025-n-4a-559-2025\/"]}]},{"@type":"BreadcrumbList","@id":"https:\/\/kohenavocats.com\/zh-hans\/jurisprudences\/tribunal-federal-suisse-27-novembre-2025-n-4a-559-2025\/#breadcrumb","itemListElement":[{"@type":"ListItem","position":1,"name":"Home","item":"https:\/\/kohenavocats.com\/zh-hans\/"},{"@type":"ListItem","position":2,"name":"Jurisprudences","item":"https:\/\/kohenavocats.com\/zh-hans\/jurisprudences\/"},{"@type":"ListItem","position":3,"name":"Tribunal f\u00e9d\u00e9ral suisse, 27 novembre 2025, n\u00b0 4A 559-2025"}]},{"@type":"WebSite","@id":"https:\/\/kohenavocats.com\/zh-hans\/#website","url":"https:\/\/kohenavocats.com\/zh-hans\/","name":"Kohen Avocats","description":"Ma\u00eetre Hassan Kohen, avocat p\u00e9naliste \u00e0 Paris, intervient exclusivement en droit p\u00e9nal pour la d\u00e9fense des particuliers, notamment en mati\u00e8re d\u2019accusations de viol. Il assure un accompagnement rigoureux d\u00e8s la garde \u00e0 vue jusqu\u2019\u00e0 la Cour d\u2019assises, veillant au strict respect des garanties proc\u00e9durales.","publisher":{"@id":"https:\/\/kohenavocats.com\/zh-hans\/#organization"},"potentialAction":[{"@type":"SearchAction","target":{"@type":"EntryPoint","urlTemplate":"https:\/\/kohenavocats.com\/zh-hans\/?s={search_term_string}"},"query-input":{"@type":"PropertyValueSpecification","valueRequired":true,"valueName":"search_term_string"}}],"inLanguage":"zh-Hans"},{"@type":"Organization","@id":"https:\/\/kohenavocats.com\/zh-hans\/#organization","name":"Kohen Avocats","url":"https:\/\/kohenavocats.com\/zh-hans\/","logo":{"@type":"ImageObject","inLanguage":"zh-Hans","@id":"https:\/\/kohenavocats.com\/zh-hans\/#\/schema\/logo\/image\/","url":"https:\/\/kohenavocats.com\/wp-content\/uploads\/2026\/01\/Logo-2-1.webp","contentUrl":"https:\/\/kohenavocats.com\/wp-content\/uploads\/2026\/01\/Logo-2-1.webp","width":2114,"height":1253,"caption":"Kohen Avocats"},"image":{"@id":"https:\/\/kohenavocats.com\/zh-hans\/#\/schema\/logo\/image\/"}}]}},"jetpack_likes_enabled":false,"jetpack_sharing_enabled":true,"_links":{"self":[{"href":"https:\/\/kohenavocats.com\/zh-hans\/wp-json\/wp\/v2\/kji_decision\/568748","targetHints":{"allow":["GET"]}}],"collection":[{"href":"https:\/\/kohenavocats.com\/zh-hans\/wp-json\/wp\/v2\/kji_decision"}],"about":[{"href":"https:\/\/kohenavocats.com\/zh-hans\/wp-json\/wp\/v2\/types\/kji_decision"}],"wp:attachment":[{"href":"https:\/\/kohenavocats.com\/zh-hans\/wp-json\/wp\/v2\/media?parent=568748"}],"wp:term":[{"taxonomy":"kji_country","embeddable":true,"href":"https:\/\/kohenavocats.com\/zh-hans\/wp-json\/wp\/v2\/kji_country?post=568748"},{"taxonomy":"kji_court","embeddable":true,"href":"https:\/\/kohenavocats.com\/zh-hans\/wp-json\/wp\/v2\/kji_court?post=568748"},{"taxonomy":"kji_chamber","embeddable":true,"href":"https:\/\/kohenavocats.com\/zh-hans\/wp-json\/wp\/v2\/kji_chamber?post=568748"},{"taxonomy":"kji_year","embeddable":true,"href":"https:\/\/kohenavocats.com\/zh-hans\/wp-json\/wp\/v2\/kji_year?post=568748"},{"taxonomy":"kji_subject","embeddable":true,"href":"https:\/\/kohenavocats.com\/zh-hans\/wp-json\/wp\/v2\/kji_subject?post=568748"},{"taxonomy":"kji_keyword","embeddable":true,"href":"https:\/\/kohenavocats.com\/zh-hans\/wp-json\/wp\/v2\/kji_keyword?post=568748"},{"taxonomy":"kji_language","embeddable":true,"href":"https:\/\/kohenavocats.com\/zh-hans\/wp-json\/wp\/v2\/kji_language?post=568748"}],"curies":[{"name":"wp","href":"https:\/\/api.w.org\/{rel}","templated":true}]}}