{"id":568899,"date":"2026-04-15T14:21:21","date_gmt":"2026-04-15T12:21:21","guid":{"rendered":"https:\/\/kohenavocats.com\/jurisprudences\/tribunal-federal-suisse-26-novembre-2025-n-5a-860-2025\/"},"modified":"2026-04-15T14:21:21","modified_gmt":"2026-04-15T12:21:21","slug":"tribunal-federal-suisse-26-novembre-2025-n-5a-860-2025","status":"publish","type":"kji_decision","link":"https:\/\/kohenavocats.com\/zh-hans\/jurisprudences\/tribunal-federal-suisse-26-novembre-2025-n-5a-860-2025\/","title":{"rendered":"Tribunal f\u00e9d\u00e9ral suisse, 26 novembre 2025, n\u00b0 5A 860-2025"},"content":{"rendered":"<div class=\"kji-decision\">\n<div class=\"kji-full-text\">\n<p>Bundesgericht<\/p>\n<p>Tribunal f\u00e9d\u00e9ral<\/p>\n<p>Tribunale federale<\/p>\n<p>Tribunal federal<\/p>\n<p>5A_860\/2025<\/p>\n<p>Arr\u00eat du 26 novembre 2025<\/p>\n<p>IIe Cour de droit civil<\/p>\n<p>Composition<\/p>\n<p>M. le Juge f\u00e9d\u00e9ral Bovey, Pr\u00e9sident.<\/p>\n<p>Greffi\u00e8re : Mme Hildbrand.<\/p>\n<p>Participants \u00e0 la proc\u00e9dure<\/p>\n<p>A.________,<\/p>\n<p>recourant,<\/p>\n<p>contre<\/p>\n<p>Office cantonal des poursuites de Gen\u00e8ve, rue du Stand 46, 1204 Gen\u00e8ve.<\/p>\n<p>Objet<\/p>\n<p>nullit\u00e9 de la poursuite,<\/p>\n<p>recours contre la d\u00e9cision de la Chambre de surveillance des Offices des poursuites et faillites de la Cour de justice du canton de Gen\u00e8ve du 9 septembre 2025 (A\/338\/2024-CS DCSO\/491\/25).<\/p>\n<p>Vu :<\/p>\n<p>le recours interjet\u00e9 le 6 octobre 2025 par A.________ contre la d\u00e9cision du 9 septembre 2025 de la Chambre de surveillance des Offices des poursuites et faillites de la Cour de justice du canton de Gen\u00e8ve;<\/p>\n<p>l&#039;ordonnance du 8 octobre 2025 invitant le recourant \u00e0 verser une avance de frais de 3&#039;000 fr. jusqu&#039;au 23 octobre 2025 au plus tard;<\/p>\n<p>le courrier du recourant du 20 octobre 2025 sollicitant la prolongation de ce d\u00e9lai;<\/p>\n<p>l&#039;ordonnance du 21 octobre 2025 impartissant au recourant un d\u00e9lai suppl\u00e9mentaire \u00e9ch\u00e9ant le 7 novembre 2025;<\/p>\n<p>le courrier du recourant du 1 er novembre 2025 sollicitant une nouvelle prolongation de ce d\u00e9lai;<\/p>\n<p>l&#039;ordonnance du 10 novembre 2025 rejetant la requ\u00eate de prolongation de d\u00e9lai du recourant tout en lui impartissant un ultime d\u00e9lai \u00e9ch\u00e9ant le 19 novembre 2025;<\/p>\n<p>l&#039;avis de la Poste Suisse selon lequel le courrier contenant l&#039;ordonnance du 10 novembre 2025 n&#039;a pas \u00e9t\u00e9 r\u00e9clam\u00e9 par son destinataire;<\/p>\n<p>l&#039;avis de la Caisse du Tribunal f\u00e9d\u00e9ral du 26 novembre 2025 constatant que l&#039;avance de frais exig\u00e9e n&#039;avait \u00e9t\u00e9 ni pay\u00e9e ni cr\u00e9dit\u00e9e sur son compte postal et qu&#039;aucune attestation de d\u00e9bit d&#039;un compte postal ou bancaire ne lui \u00e9tait parvenue;<\/p>\n<p>Consid\u00e9rant :<\/p>\n<p>que l&#039;avance de frais n&#039;a pas \u00e9t\u00e9 vers\u00e9e dans le d\u00e9lai suppl\u00e9mentaire imparti \u00e0 cet effet, \u00e9tant rappel\u00e9 qu&#039;en application de l&#039;art. 44 al. 2 LTF, une communication qui n&#039;est remise que contre la signature du destinataire ou d&#039;un tiers habilit\u00e9 est r\u00e9put\u00e9e re\u00e7ue au plus tard sept jours apr\u00e8s la premi\u00e8re tentative infructueuse de distribution;<\/p>\n<p>que, partant, le pr\u00e9sent recours doit \u00eatre d\u00e9clar\u00e9 irrecevable par voie de proc\u00e9dure simplifi\u00e9e (art. 62 al. 3 LTF, en relation avec l&#039;art. 108 al. 1 let. a LTF);<\/p>\n<p>que les frais incombent au recourant (art. 66 al. 1 LTF);<\/p>\n<p>Par ces motifs, le Pr\u00e9sident prononce :<\/p>\n<p>1.<\/p>\n<p>Le recours est irrecevable.<\/p>\n<p>2.<\/p>\n<p>Les frais judiciaires, arr\u00eat\u00e9s \u00e0 1&#039;000 fr., sont mis \u00e0 la charge du recourant.<\/p>\n<p>3.<\/p>\n<p>Le pr\u00e9sent arr\u00eat est communiqu\u00e9 au recourant, \u00e0 l&#039;Office cantonal des poursuites de Gen\u00e8ve et \u00e0 la Chambre de surveillance des Offices des poursuites et faillites de la Cour de justice du canton de Gen\u00e8ve.<\/p>\n<p>Lausanne, le 26 novembre 2025<\/p>\n<p>Au nom de la IIe Cour de droit civil<\/p>\n<p>du Tribunal f\u00e9d\u00e9ral suisse<\/p>\n<p>Le Pr\u00e9sident : Bovey<\/p>\n<p>La Greffi\u00e8re : Hildbrand<\/p>\n<\/div>\n<hr class=\"kji-sep\" \/>\n<p class=\"kji-source-links\"><strong>Sources officielles :<\/strong> <a class=\"kji-source-link\" href=\"https:\/\/search.bger.ch\/ext\/eurospider\/live\/fr\/php\/aza\/http\/index.php?lang=fr&#038;type=highlight_simple_query&#038;page=3&#038;from_date=&#038;to_date=&#038;sort=relevance&#038;insertion_date=&#038;top_subcollection_aza=all&#038;query_words=poursuite&#038;rank=28&#038;azaclir=aza&#038;highlight_docid=aza%3A%2F%2F26-11-2025-5A_860-2025&#038;number_of_ranks=9677\" target=\"_blank\" rel=\"noopener noreferrer\">consulter la page source<\/a><\/p>\n<p class=\"kji-license-note\"><em>Source officielle Tribunal federal suisse. Contenu HTML public, PDF non garanti en version gratuite.<\/em><\/p>\n<\/div>\n","protected":false},"excerpt":{"rendered":"<p>Bundesgericht Tribunal f\u00e9d\u00e9ral Tribunale federale Tribunal federal 5A_860\/2025 Arr\u00eat du 26 novembre 2025 IIe Cour de droit civil Composition M. le Juge f\u00e9d\u00e9ral Bovey, Pr\u00e9sident. Greffi\u00e8re : Mme Hildbrand. Participants \u00e0 la proc\u00e9dure A.________, recourant, contre Office cantonal des poursuites de Gen\u00e8ve, rue du Stand 46, 1204 Gen\u00e8ve. Objet nullit\u00e9 de la poursuite, recours contre&#8230;<\/p>\n","protected":false},"featured_media":0,"template":"","meta":{"_crdt_document":""},"kji_country":[9676],"kji_court":[9677],"kji_chamber":[9798],"kji_year":[8463],"kji_subject":[7724],"kji_keyword":[9799,9679,8576,9680,7636],"kji_language":[7733],"class_list":["post-568899","kji_decision","type-kji_decision","status-publish","hentry","kji_country-suisse","kji_court-tribunal-federal-suisse","kji_chamber-cour-de-droit-civil","kji_year-8463","kji_subject-civil","kji_keyword-bundesgericht","kji_keyword-federal","kji_keyword-novembre","kji_keyword-suisse","kji_keyword-tribunal","kji_language-francais"],"yoast_head":"<!-- This site is optimized with the Yoast SEO Premium plugin v27.5 (Yoast SEO v27.5) - https:\/\/yoast.com\/product\/yoast-seo-premium-wordpress\/ -->\n<title>Tribunal f\u00e9d\u00e9ral suisse, 26 novembre 2025, n\u00b0 5A 860-2025 - Ma\u00eetre Hassan Kohen, avocat en droit p\u00e9nal \u00e0 Paris<\/title>\n<meta name=\"robots\" content=\"index, follow, max-snippet:-1, max-image-preview:large, max-video-preview:-1\" \/>\n<link rel=\"canonical\" href=\"https:\/\/kohenavocats.com\/zh-hans\/jurisprudences\/tribunal-federal-suisse-26-novembre-2025-n-5a-860-2025\/\" \/>\n<meta property=\"og:locale\" content=\"zh_CN\" \/>\n<meta property=\"og:type\" content=\"article\" \/>\n<meta property=\"og:title\" content=\"Tribunal f\u00e9d\u00e9ral suisse, 26 novembre 2025, n\u00b0 5A 860-2025\" \/>\n<meta property=\"og:description\" content=\"Bundesgericht Tribunal f\u00e9d\u00e9ral Tribunale federale Tribunal federal 5A_860\/2025 Arr\u00eat du 26 novembre 2025 IIe Cour de droit civil Composition M. le Juge f\u00e9d\u00e9ral Bovey, Pr\u00e9sident. Greffi\u00e8re : Mme Hildbrand. Participants \u00e0 la proc\u00e9dure A.________, recourant, contre Office cantonal des poursuites de Gen\u00e8ve, rue du Stand 46, 1204 Gen\u00e8ve. Objet nullit\u00e9 de la poursuite, recours contre...\" \/>\n<meta property=\"og:url\" content=\"https:\/\/kohenavocats.com\/zh-hans\/jurisprudences\/tribunal-federal-suisse-26-novembre-2025-n-5a-860-2025\/\" \/>\n<meta property=\"og:site_name\" content=\"Ma\u00eetre Hassan Kohen, avocat en droit p\u00e9nal \u00e0 Paris\" \/>\n<meta name=\"twitter:card\" content=\"summary_large_image\" \/>\n<meta name=\"twitter:label1\" content=\"\u9884\u8ba1\u9605\u8bfb\u65f6\u95f4\" \/>\n\t<meta name=\"twitter:data1\" content=\"3 \u5206\" \/>\n<script type=\"application\/ld+json\" class=\"yoast-schema-graph\">{\"@context\":\"https:\\\/\\\/schema.org\",\"@graph\":[{\"@type\":\"WebPage\",\"@id\":\"https:\\\/\\\/kohenavocats.com\\\/zh-hans\\\/jurisprudences\\\/tribunal-federal-suisse-26-novembre-2025-n-5a-860-2025\\\/\",\"url\":\"https:\\\/\\\/kohenavocats.com\\\/zh-hans\\\/jurisprudences\\\/tribunal-federal-suisse-26-novembre-2025-n-5a-860-2025\\\/\",\"name\":\"Tribunal f\u00e9d\u00e9ral suisse, 26 novembre 2025, n\u00b0 5A 860-2025 - Ma\u00eetre Hassan Kohen, avocat en droit p\u00e9nal \u00e0 Paris\",\"isPartOf\":{\"@id\":\"https:\\\/\\\/kohenavocats.com\\\/zh-hans\\\/#website\"},\"datePublished\":\"2026-04-15T12:21:21+00:00\",\"breadcrumb\":{\"@id\":\"https:\\\/\\\/kohenavocats.com\\\/zh-hans\\\/jurisprudences\\\/tribunal-federal-suisse-26-novembre-2025-n-5a-860-2025\\\/#breadcrumb\"},\"inLanguage\":\"zh-Hans\",\"potentialAction\":[{\"@type\":\"ReadAction\",\"target\":[\"https:\\\/\\\/kohenavocats.com\\\/zh-hans\\\/jurisprudences\\\/tribunal-federal-suisse-26-novembre-2025-n-5a-860-2025\\\/\"]}]},{\"@type\":\"BreadcrumbList\",\"@id\":\"https:\\\/\\\/kohenavocats.com\\\/zh-hans\\\/jurisprudences\\\/tribunal-federal-suisse-26-novembre-2025-n-5a-860-2025\\\/#breadcrumb\",\"itemListElement\":[{\"@type\":\"ListItem\",\"position\":1,\"name\":\"Home\",\"item\":\"https:\\\/\\\/kohenavocats.com\\\/zh-hans\\\/\"},{\"@type\":\"ListItem\",\"position\":2,\"name\":\"Jurisprudences\",\"item\":\"https:\\\/\\\/kohenavocats.com\\\/zh-hans\\\/jurisprudences\\\/\"},{\"@type\":\"ListItem\",\"position\":3,\"name\":\"Tribunal f\u00e9d\u00e9ral suisse, 26 novembre 2025, n\u00b0 5A 860-2025\"}]},{\"@type\":\"WebSite\",\"@id\":\"https:\\\/\\\/kohenavocats.com\\\/zh-hans\\\/#website\",\"url\":\"https:\\\/\\\/kohenavocats.com\\\/zh-hans\\\/\",\"name\":\"Kohen Avocats\",\"description\":\"Ma\u00eetre Hassan Kohen, avocat p\u00e9naliste \u00e0 Paris, intervient exclusivement en droit p\u00e9nal pour la d\u00e9fense des particuliers, notamment en mati\u00e8re d\u2019accusations de viol. Il assure un accompagnement rigoureux d\u00e8s la garde \u00e0 vue jusqu\u2019\u00e0 la Cour d\u2019assises, veillant au strict respect des garanties proc\u00e9durales.\",\"publisher\":{\"@id\":\"https:\\\/\\\/kohenavocats.com\\\/zh-hans\\\/#organization\"},\"potentialAction\":[{\"@type\":\"SearchAction\",\"target\":{\"@type\":\"EntryPoint\",\"urlTemplate\":\"https:\\\/\\\/kohenavocats.com\\\/zh-hans\\\/?s={search_term_string}\"},\"query-input\":{\"@type\":\"PropertyValueSpecification\",\"valueRequired\":true,\"valueName\":\"search_term_string\"}}],\"inLanguage\":\"zh-Hans\"},{\"@type\":\"Organization\",\"@id\":\"https:\\\/\\\/kohenavocats.com\\\/zh-hans\\\/#organization\",\"name\":\"Kohen Avocats\",\"url\":\"https:\\\/\\\/kohenavocats.com\\\/zh-hans\\\/\",\"logo\":{\"@type\":\"ImageObject\",\"inLanguage\":\"zh-Hans\",\"@id\":\"https:\\\/\\\/kohenavocats.com\\\/zh-hans\\\/#\\\/schema\\\/logo\\\/image\\\/\",\"url\":\"https:\\\/\\\/kohenavocats.com\\\/wp-content\\\/uploads\\\/2026\\\/01\\\/Logo-2-1.webp\",\"contentUrl\":\"https:\\\/\\\/kohenavocats.com\\\/wp-content\\\/uploads\\\/2026\\\/01\\\/Logo-2-1.webp\",\"width\":2114,\"height\":1253,\"caption\":\"Kohen Avocats\"},\"image\":{\"@id\":\"https:\\\/\\\/kohenavocats.com\\\/zh-hans\\\/#\\\/schema\\\/logo\\\/image\\\/\"}}]}<\/script>\n<!-- \/ Yoast SEO Premium plugin. -->","yoast_head_json":{"title":"Tribunal f\u00e9d\u00e9ral suisse, 26 novembre 2025, n\u00b0 5A 860-2025 - Ma\u00eetre Hassan Kohen, avocat en droit p\u00e9nal \u00e0 Paris","robots":{"index":"index","follow":"follow","max-snippet":"max-snippet:-1","max-image-preview":"max-image-preview:large","max-video-preview":"max-video-preview:-1"},"canonical":"https:\/\/kohenavocats.com\/zh-hans\/jurisprudences\/tribunal-federal-suisse-26-novembre-2025-n-5a-860-2025\/","og_locale":"zh_CN","og_type":"article","og_title":"Tribunal f\u00e9d\u00e9ral suisse, 26 novembre 2025, n\u00b0 5A 860-2025","og_description":"Bundesgericht Tribunal f\u00e9d\u00e9ral Tribunale federale Tribunal federal 5A_860\/2025 Arr\u00eat du 26 novembre 2025 IIe Cour de droit civil Composition M. le Juge f\u00e9d\u00e9ral Bovey, Pr\u00e9sident. Greffi\u00e8re : Mme Hildbrand. Participants \u00e0 la proc\u00e9dure A.________, recourant, contre Office cantonal des poursuites de Gen\u00e8ve, rue du Stand 46, 1204 Gen\u00e8ve. Objet nullit\u00e9 de la poursuite, recours contre...","og_url":"https:\/\/kohenavocats.com\/zh-hans\/jurisprudences\/tribunal-federal-suisse-26-novembre-2025-n-5a-860-2025\/","og_site_name":"Ma\u00eetre Hassan Kohen, avocat en droit p\u00e9nal \u00e0 Paris","twitter_card":"summary_large_image","twitter_misc":{"\u9884\u8ba1\u9605\u8bfb\u65f6\u95f4":"3 \u5206"},"schema":{"@context":"https:\/\/schema.org","@graph":[{"@type":"WebPage","@id":"https:\/\/kohenavocats.com\/zh-hans\/jurisprudences\/tribunal-federal-suisse-26-novembre-2025-n-5a-860-2025\/","url":"https:\/\/kohenavocats.com\/zh-hans\/jurisprudences\/tribunal-federal-suisse-26-novembre-2025-n-5a-860-2025\/","name":"Tribunal f\u00e9d\u00e9ral suisse, 26 novembre 2025, n\u00b0 5A 860-2025 - Ma\u00eetre Hassan Kohen, avocat en droit p\u00e9nal \u00e0 Paris","isPartOf":{"@id":"https:\/\/kohenavocats.com\/zh-hans\/#website"},"datePublished":"2026-04-15T12:21:21+00:00","breadcrumb":{"@id":"https:\/\/kohenavocats.com\/zh-hans\/jurisprudences\/tribunal-federal-suisse-26-novembre-2025-n-5a-860-2025\/#breadcrumb"},"inLanguage":"zh-Hans","potentialAction":[{"@type":"ReadAction","target":["https:\/\/kohenavocats.com\/zh-hans\/jurisprudences\/tribunal-federal-suisse-26-novembre-2025-n-5a-860-2025\/"]}]},{"@type":"BreadcrumbList","@id":"https:\/\/kohenavocats.com\/zh-hans\/jurisprudences\/tribunal-federal-suisse-26-novembre-2025-n-5a-860-2025\/#breadcrumb","itemListElement":[{"@type":"ListItem","position":1,"name":"Home","item":"https:\/\/kohenavocats.com\/zh-hans\/"},{"@type":"ListItem","position":2,"name":"Jurisprudences","item":"https:\/\/kohenavocats.com\/zh-hans\/jurisprudences\/"},{"@type":"ListItem","position":3,"name":"Tribunal f\u00e9d\u00e9ral suisse, 26 novembre 2025, n\u00b0 5A 860-2025"}]},{"@type":"WebSite","@id":"https:\/\/kohenavocats.com\/zh-hans\/#website","url":"https:\/\/kohenavocats.com\/zh-hans\/","name":"Kohen Avocats","description":"Ma\u00eetre Hassan Kohen, avocat p\u00e9naliste \u00e0 Paris, intervient exclusivement en droit p\u00e9nal pour la d\u00e9fense des particuliers, notamment en mati\u00e8re d\u2019accusations de viol. Il assure un accompagnement rigoureux d\u00e8s la garde \u00e0 vue jusqu\u2019\u00e0 la Cour d\u2019assises, veillant au strict respect des garanties proc\u00e9durales.","publisher":{"@id":"https:\/\/kohenavocats.com\/zh-hans\/#organization"},"potentialAction":[{"@type":"SearchAction","target":{"@type":"EntryPoint","urlTemplate":"https:\/\/kohenavocats.com\/zh-hans\/?s={search_term_string}"},"query-input":{"@type":"PropertyValueSpecification","valueRequired":true,"valueName":"search_term_string"}}],"inLanguage":"zh-Hans"},{"@type":"Organization","@id":"https:\/\/kohenavocats.com\/zh-hans\/#organization","name":"Kohen Avocats","url":"https:\/\/kohenavocats.com\/zh-hans\/","logo":{"@type":"ImageObject","inLanguage":"zh-Hans","@id":"https:\/\/kohenavocats.com\/zh-hans\/#\/schema\/logo\/image\/","url":"https:\/\/kohenavocats.com\/wp-content\/uploads\/2026\/01\/Logo-2-1.webp","contentUrl":"https:\/\/kohenavocats.com\/wp-content\/uploads\/2026\/01\/Logo-2-1.webp","width":2114,"height":1253,"caption":"Kohen Avocats"},"image":{"@id":"https:\/\/kohenavocats.com\/zh-hans\/#\/schema\/logo\/image\/"}}]}},"jetpack_likes_enabled":false,"jetpack_sharing_enabled":true,"_links":{"self":[{"href":"https:\/\/kohenavocats.com\/zh-hans\/wp-json\/wp\/v2\/kji_decision\/568899","targetHints":{"allow":["GET"]}}],"collection":[{"href":"https:\/\/kohenavocats.com\/zh-hans\/wp-json\/wp\/v2\/kji_decision"}],"about":[{"href":"https:\/\/kohenavocats.com\/zh-hans\/wp-json\/wp\/v2\/types\/kji_decision"}],"wp:attachment":[{"href":"https:\/\/kohenavocats.com\/zh-hans\/wp-json\/wp\/v2\/media?parent=568899"}],"wp:term":[{"taxonomy":"kji_country","embeddable":true,"href":"https:\/\/kohenavocats.com\/zh-hans\/wp-json\/wp\/v2\/kji_country?post=568899"},{"taxonomy":"kji_court","embeddable":true,"href":"https:\/\/kohenavocats.com\/zh-hans\/wp-json\/wp\/v2\/kji_court?post=568899"},{"taxonomy":"kji_chamber","embeddable":true,"href":"https:\/\/kohenavocats.com\/zh-hans\/wp-json\/wp\/v2\/kji_chamber?post=568899"},{"taxonomy":"kji_year","embeddable":true,"href":"https:\/\/kohenavocats.com\/zh-hans\/wp-json\/wp\/v2\/kji_year?post=568899"},{"taxonomy":"kji_subject","embeddable":true,"href":"https:\/\/kohenavocats.com\/zh-hans\/wp-json\/wp\/v2\/kji_subject?post=568899"},{"taxonomy":"kji_keyword","embeddable":true,"href":"https:\/\/kohenavocats.com\/zh-hans\/wp-json\/wp\/v2\/kji_keyword?post=568899"},{"taxonomy":"kji_language","embeddable":true,"href":"https:\/\/kohenavocats.com\/zh-hans\/wp-json\/wp\/v2\/kji_language?post=568899"}],"curies":[{"name":"wp","href":"https:\/\/api.w.org\/{rel}","templated":true}]}}