{"id":571288,"date":"2026-04-15T20:43:38","date_gmt":"2026-04-15T18:43:38","guid":{"rendered":"https:\/\/kohenavocats.com\/jurisprudences\/tribunal-federal-suisse-8-janvier-2026-n-4a-616-2025\/"},"modified":"2026-04-15T20:43:38","modified_gmt":"2026-04-15T18:43:38","slug":"tribunal-federal-suisse-8-janvier-2026-n-4a-616-2025","status":"publish","type":"kji_decision","link":"https:\/\/kohenavocats.com\/zh-hans\/jurisprudences\/tribunal-federal-suisse-8-janvier-2026-n-4a-616-2025\/","title":{"rendered":"Tribunal f\u00e9d\u00e9ral suisse, 8 janvier 2026, n\u00b0 4A 616-2025"},"content":{"rendered":"<div class=\"kji-decision\">\n<div class=\"kji-full-text\">\n<p>Bundesgericht<\/p>\n<p>Tribunal f\u00e9d\u00e9ral<\/p>\n<p>Tribunale federale<\/p>\n<p>Tribunal federal<\/p>\n<p>4A_616\/2025<\/p>\n<p>Urteil vom 8. Januar 2026<\/p>\n<p>I. zivilrechtliche Abteilung<\/p>\n<p>Besetzung<\/p>\n<p>Bundesrichter Hurni, Pr\u00e4sident,<\/p>\n<p>Gerichtsschreiber Widmer.<\/p>\n<p>Verfahrensbeteiligte<\/p>\n<p>A.________,<\/p>\n<p>Beschwerdef\u00fchrer,<\/p>\n<p>gegen<\/p>\n<p>B.________ AG,<\/p>\n<p>vertreten durch Rechtsanwalt Gianni F. Zanetti,<\/p>\n<p>Beschwerdegegnerin.<\/p>\n<p>Gegenstand<\/p>\n<p>Arbeitsrecht,<\/p>\n<p>Beschwerde gegen den Entscheid des Kantonsgerichts Luzern, 1. Abteilung, vom 16. Oktober 2025 (1B 25 4).<\/p>\n<p>Erw\u00e4gungen:<\/p>\n<p>1.<\/p>\n<p>Der Beschwerdef\u00fchrer beantragte mit Klage vom 22. Mai 2023 vor dem Arbeitsgericht des Kantons Luzern, die Beschwerdegegnerin sei unter Vorbehalt des Nachklagerechts zu verpflichten, ihm Lohnersatz in der H\u00f6he von Fr. 29&#039;960.&#8211; nebst Zins zu bezahlen. Das Arbeitsgericht wies die Klage mit Urteil vom 7. Januar 2025 ab, soweit es darauf eintrat und verpflichtete den Beschwerdef\u00fchrer, der Beschwerdegegnerin eine Parteientsch\u00e4digung von Fr. 6&#039;000.&#8211; zu bezahlen.<\/p>\n<p>Auf eine dagegen erhobene Berufung trat das Kantonsgericht Luzern mit Entscheid vom 16. Oktober 2025 nicht ein, weil der Beschwerdef\u00fchrer eine ihm auferlegte Sicherheitsleistung f\u00fcr eine allf\u00e4llige Parteientsch\u00e4digung der Beschwerdegegnerin auch innerhalb einer Nachfrist nicht geleistet hatte.<\/p>\n<p>Gegen diesen Entscheid erhob der Beschwerdef\u00fchrer beim Bundesgericht mit vom 26. November 2025 datierter, der Post indessen erst am 1. Dezember 2025 \u00fcbergebener Eingabe Beschwerde. Mit weiterem Schreiben vom 2. Januar 2025 (Postaufgabe am 3. Januar 2025) ersuchte der Beschwerdef\u00fchrer sinngem\u00e4ss um Gew\u00e4hrung der unentgeltlichen Rechtspflege f\u00fcr das bundesgerichtliche Verfahren und erg\u00e4nzte seine Beschwerde.<\/p>\n<p>Auf die Einholung von Vernehmlassungen zur Beschwerde wurde verzichtet.<\/p>\n<p>2.<\/p>\n<p>Eine Beschwerde an das Bundesgericht muss innerhalb von 30 Tagen nach der Er\u00f6ffnung der vollst\u00e4ndigen Ausfertigung des angefochtenen Entscheids beim Bundesgericht erhoben werden (Art. 100 Abs. 1 BGG). Bei dieser Beschwerdefrist handelt es sich um eine gesetzliche Frist, die nach Art. 47 BGG nicht erstreckt werden kann. Eine Beschwerde ist &#8211; abgesehen von der hier nicht gegebenen Ausnahme nach Art. 43 BGG &#8211; innert der Beschwerdefrist mit einem Antrag und vollst\u00e4ndig begr\u00fcndet einzureichen (Art. 42 Abs. 1 BGG). Eine Erg\u00e4nzung der Beschwerdebegr\u00fcndung nach Ablauf der Beschwerdefrist kann nicht zugelassen werden (BGE 134 II 244 E. 2.4; 133 III 489 E. 3.3).<\/p>\n<p>Der angefochtene Entscheid wurde dem Beschwerdef\u00fchrer gem\u00e4ss Sendungsverfolgung der Post am 31. Oktober 2025 zugestellt. Die dreissigt\u00e4gige Frist f\u00fcr eine Beschwerde nach Art. 100 Abs. 1 BGG begann somit hier am 1. November 2025 zu laufen und endete unter Ber\u00fccksichtigung der Bestimmung von Art. 45 Abs. 1 BGG am 1. Dezember 2025 (s. Art. 44 Abs. 1 BGG).<\/p>\n<p>Die Eingabe vom 2.\/3. Januar 2026 wurde damit nach Ablauf der Beschwerdefrist eingereicht und kann nicht beachtet werden, soweit damit die Beschwerde erg\u00e4nzt wird.<\/p>\n<p>3.<\/p>\n<p>Beschwerden an das Bundesgericht sind hinreichend zu begr\u00fcnden, ansonsten darauf nicht eingetreten werden kann (BGE 140 III 115 E. 2 S. 116; 134 II 244 E. 2.1). Daf\u00fcr muss in der Beschwerdeschrift unter Bezugnahme auf die Erw\u00e4gungen des angefochtenen Entscheids dargelegt werden, inwiefern dieser Recht verletzt (Art. 42 Abs. 1 und 2 BGG; BGE 140 III 115 E. 2 S. 116, 86 E. 2 S. 89). Eine Verletzung von Grundrechten wird vom Bundesgericht nicht von Amtes wegen gepr\u00fcft, sondern nur insofern, als eine solche R\u00fcge in der Beschwerde detailliert und klar vorgebracht und begr\u00fcndet worden ist (Art. 106 Abs. 2 BGG; BGE 142 III 364 E. 2.4).<\/p>\n<p>Diesen Anforderungen gen\u00fcgt die Eingabe vom 26. November\/1. Dezember 2025 offensichtlich nicht, legt der Beschwerdef\u00fchrer darin doch nicht, jedenfalls nicht rechtsgen\u00fcgend dar, welche Rechte die Vorinstanz inwiefern verletzt haben soll, indem sie auf seine Berufung mangels Leistung der Parteikostensicherheit innert der Nachfrist nicht eintrat. Auf die demnach unzul\u00e4ssige Beschwerde ist somit im vereinfachten Verfahren nach Art. 108 Abs. 1 lit. b BGG nicht einzutreten, wobei sich die Urteilsbegr\u00fcndung auf eine kurze Angabe des Unzul\u00e4ssigkeitsgrundes beschr\u00e4nkt (Art. 108 Abs. 3 BGG).<\/p>\n<p>4.<\/p>\n<p>Das Gesuch des Beschwerdef\u00fchrers um Gew\u00e4hrung der unentgeltlichen Rechtspflege f\u00fcr das bundesgerichtliche Verfahren, \u00fcber das unter den gegebenen Umst\u00e4nden nicht vorg\u00e4ngig separat entschieden werden musste (vgl. Urteil 4A_20\/2011 vom 11. April 2011 E. 7.2.2), ist abzuweisen, weil die Beschwerde als von vornherein aussichtslos erschien (Art. 64 Abs. 1 BGG).<\/p>\n<p>Dem Ausgang des Verfahrens entsprechend sind die Gerichtskosten dem Beschwerdef\u00fchrer aufzuerlegen (Art. 66 Abs. 1 BGG). Die Beschwerdegegnerin hat keinen Anspruch auf eine Parteientsch\u00e4digung, da ihr aus dem bundesgerichtlichen Verfahren kein entsch\u00e4digungspflichtiger Aufwand erwachsen ist (Art. 68 Abs. 2 BGG).<\/p>\n<p>Demnach erkennt der Pr\u00e4sident:<\/p>\n<p>1.<\/p>\n<p>Auf die Beschwerde wird nicht eingetreten.<\/p>\n<p>2.<\/p>\n<p>Das Gesuch des Beschwerdef\u00fchrers um unentgeltliche Rechtspflege f\u00fcr das bundesgerichtliche Verfahren wird abgewiesen.<\/p>\n<p>3.<\/p>\n<p>Die Gerichtskosten von Fr. 300.&#8211; werden dem Beschwerdef\u00fchrer unter solidarischer Haftbarkeit auferlegt.<\/p>\n<p>4.<\/p>\n<p>Dieses Urteil wird den Parteien und dem Kantonsgericht Luzern, 1. Abteilung, schriftlich mitgeteilt.<\/p>\n<p>Lausanne, 8. Januar 2026<\/p>\n<p>Im Namen der I. zivilrechtlichen Abteilung<\/p>\n<p>des Schweizerischen Bundesgerichts<\/p>\n<p>Der Pr\u00e4sident: Hurni<\/p>\n<p>Der Gerichtsschreiber: Widmer<\/p>\n<\/div>\n<hr class=\"kji-sep\" \/>\n<p class=\"kji-source-links\"><strong>Sources officielles :<\/strong> <a class=\"kji-source-link\" href=\"https:\/\/search.bger.ch\/ext\/eurospider\/live\/fr\/php\/aza\/http\/index.php?lang=fr&#038;type=highlight_simple_query&#038;page=2&#038;from_date=&#038;to_date=&#038;sort=relevance&#038;insertion_date=&#038;top_subcollection_aza=all&#038;query_words=arbeitsrecht&#038;rank=20&#038;azaclir=aza&#038;highlight_docid=aza%3A%2F%2F08-01-2026-4A_616-2025&#038;number_of_ranks=380\" target=\"_blank\" rel=\"noopener noreferrer\">consulter la page source<\/a><\/p>\n<p class=\"kji-license-note\"><em>Source officielle Tribunal federal suisse. Contenu HTML public, PDF non garanti en version gratuite.<\/em><\/p>\n<\/div>\n","protected":false},"excerpt":{"rendered":"<p>Bundesgericht Tribunal f\u00e9d\u00e9ral Tribunale federale Tribunal federal 4A_616\/2025 Urteil vom 8. Januar 2026 I. zivilrechtliche Abteilung Besetzung Bundesrichter Hurni, Pr\u00e4sident, Gerichtsschreiber Widmer. Verfahrensbeteiligte A.________, Beschwerdef\u00fchrer, gegen B.________ AG, vertreten durch Rechtsanwalt Gianni F. Zanetti, Beschwerdegegnerin. Gegenstand Arbeitsrecht, Beschwerde gegen den Entscheid des Kantonsgerichts Luzern, 1. Abteilung, vom 16. Oktober 2025 (1B 25 4). Erw\u00e4gungen: 1&#8230;.<\/p>\n","protected":false},"featured_media":0,"template":"","meta":{"_crdt_document":""},"kji_country":[9676],"kji_court":[9677],"kji_chamber":[10186],"kji_year":[7610],"kji_subject":[7724],"kji_keyword":[9799,9679,8460,9680,7636],"kji_language":[7685],"class_list":["post-571288","kji_decision","type-kji_decision","status-publish","hentry","kji_country-suisse","kji_court-tribunal-federal-suisse","kji_chamber-ire-cour-de-droit-civil","kji_year-7610","kji_subject-civil","kji_keyword-bundesgericht","kji_keyword-federal","kji_keyword-janvier","kji_keyword-suisse","kji_keyword-tribunal","kji_language-italien"],"yoast_head":"<!-- This site is optimized with the Yoast SEO Premium plugin v27.5 (Yoast SEO v27.5) - https:\/\/yoast.com\/product\/yoast-seo-premium-wordpress\/ -->\n<title>Tribunal f\u00e9d\u00e9ral suisse, 8 janvier 2026, n\u00b0 4A 616-2025 - Ma\u00eetre Hassan Kohen, avocat en droit p\u00e9nal \u00e0 Paris<\/title>\n<meta name=\"robots\" content=\"index, follow, max-snippet:-1, max-image-preview:large, max-video-preview:-1\" \/>\n<link rel=\"canonical\" href=\"https:\/\/kohenavocats.com\/zh-hans\/jurisprudences\/tribunal-federal-suisse-8-janvier-2026-n-4a-616-2025\/\" \/>\n<meta property=\"og:locale\" content=\"zh_CN\" \/>\n<meta property=\"og:type\" content=\"article\" \/>\n<meta property=\"og:title\" content=\"Tribunal f\u00e9d\u00e9ral suisse, 8 janvier 2026, n\u00b0 4A 616-2025\" \/>\n<meta property=\"og:description\" content=\"Bundesgericht Tribunal f\u00e9d\u00e9ral Tribunale federale Tribunal federal 4A_616\/2025 Urteil vom 8. Januar 2026 I. zivilrechtliche Abteilung Besetzung Bundesrichter Hurni, Pr\u00e4sident, Gerichtsschreiber Widmer. Verfahrensbeteiligte A.________, Beschwerdef\u00fchrer, gegen B.________ AG, vertreten durch Rechtsanwalt Gianni F. Zanetti, Beschwerdegegnerin. Gegenstand Arbeitsrecht, Beschwerde gegen den Entscheid des Kantonsgerichts Luzern, 1. Abteilung, vom 16. Oktober 2025 (1B 25 4). Erw\u00e4gungen: 1....\" \/>\n<meta property=\"og:url\" content=\"https:\/\/kohenavocats.com\/zh-hans\/jurisprudences\/tribunal-federal-suisse-8-janvier-2026-n-4a-616-2025\/\" \/>\n<meta property=\"og:site_name\" content=\"Ma\u00eetre Hassan Kohen, avocat en droit p\u00e9nal \u00e0 Paris\" \/>\n<meta name=\"twitter:card\" content=\"summary_large_image\" \/>\n<meta name=\"twitter:label1\" content=\"\u9884\u8ba1\u9605\u8bfb\u65f6\u95f4\" \/>\n\t<meta name=\"twitter:data1\" content=\"4 \u5206\" \/>\n<script type=\"application\/ld+json\" class=\"yoast-schema-graph\">{\"@context\":\"https:\\\/\\\/schema.org\",\"@graph\":[{\"@type\":\"WebPage\",\"@id\":\"https:\\\/\\\/kohenavocats.com\\\/zh-hans\\\/jurisprudences\\\/tribunal-federal-suisse-8-janvier-2026-n-4a-616-2025\\\/\",\"url\":\"https:\\\/\\\/kohenavocats.com\\\/zh-hans\\\/jurisprudences\\\/tribunal-federal-suisse-8-janvier-2026-n-4a-616-2025\\\/\",\"name\":\"Tribunal f\u00e9d\u00e9ral suisse, 8 janvier 2026, n\u00b0 4A 616-2025 - Ma\u00eetre Hassan Kohen, avocat en droit p\u00e9nal \u00e0 Paris\",\"isPartOf\":{\"@id\":\"https:\\\/\\\/kohenavocats.com\\\/zh-hans\\\/#website\"},\"datePublished\":\"2026-04-15T18:43:38+00:00\",\"breadcrumb\":{\"@id\":\"https:\\\/\\\/kohenavocats.com\\\/zh-hans\\\/jurisprudences\\\/tribunal-federal-suisse-8-janvier-2026-n-4a-616-2025\\\/#breadcrumb\"},\"inLanguage\":\"zh-Hans\",\"potentialAction\":[{\"@type\":\"ReadAction\",\"target\":[\"https:\\\/\\\/kohenavocats.com\\\/zh-hans\\\/jurisprudences\\\/tribunal-federal-suisse-8-janvier-2026-n-4a-616-2025\\\/\"]}]},{\"@type\":\"BreadcrumbList\",\"@id\":\"https:\\\/\\\/kohenavocats.com\\\/zh-hans\\\/jurisprudences\\\/tribunal-federal-suisse-8-janvier-2026-n-4a-616-2025\\\/#breadcrumb\",\"itemListElement\":[{\"@type\":\"ListItem\",\"position\":1,\"name\":\"Home\",\"item\":\"https:\\\/\\\/kohenavocats.com\\\/zh-hans\\\/\"},{\"@type\":\"ListItem\",\"position\":2,\"name\":\"Jurisprudences\",\"item\":\"https:\\\/\\\/kohenavocats.com\\\/zh-hans\\\/jurisprudences\\\/\"},{\"@type\":\"ListItem\",\"position\":3,\"name\":\"Tribunal f\u00e9d\u00e9ral suisse, 8 janvier 2026, n\u00b0 4A 616-2025\"}]},{\"@type\":\"WebSite\",\"@id\":\"https:\\\/\\\/kohenavocats.com\\\/zh-hans\\\/#website\",\"url\":\"https:\\\/\\\/kohenavocats.com\\\/zh-hans\\\/\",\"name\":\"Kohen Avocats\",\"description\":\"Ma\u00eetre Hassan Kohen, avocat p\u00e9naliste \u00e0 Paris, intervient exclusivement en droit p\u00e9nal pour la d\u00e9fense des particuliers, notamment en mati\u00e8re d\u2019accusations de viol. Il assure un accompagnement rigoureux d\u00e8s la garde \u00e0 vue jusqu\u2019\u00e0 la Cour d\u2019assises, veillant au strict respect des garanties proc\u00e9durales.\",\"publisher\":{\"@id\":\"https:\\\/\\\/kohenavocats.com\\\/zh-hans\\\/#organization\"},\"potentialAction\":[{\"@type\":\"SearchAction\",\"target\":{\"@type\":\"EntryPoint\",\"urlTemplate\":\"https:\\\/\\\/kohenavocats.com\\\/zh-hans\\\/?s={search_term_string}\"},\"query-input\":{\"@type\":\"PropertyValueSpecification\",\"valueRequired\":true,\"valueName\":\"search_term_string\"}}],\"inLanguage\":\"zh-Hans\"},{\"@type\":\"Organization\",\"@id\":\"https:\\\/\\\/kohenavocats.com\\\/zh-hans\\\/#organization\",\"name\":\"Kohen Avocats\",\"url\":\"https:\\\/\\\/kohenavocats.com\\\/zh-hans\\\/\",\"logo\":{\"@type\":\"ImageObject\",\"inLanguage\":\"zh-Hans\",\"@id\":\"https:\\\/\\\/kohenavocats.com\\\/zh-hans\\\/#\\\/schema\\\/logo\\\/image\\\/\",\"url\":\"https:\\\/\\\/kohenavocats.com\\\/wp-content\\\/uploads\\\/2026\\\/01\\\/Logo-2-1.webp\",\"contentUrl\":\"https:\\\/\\\/kohenavocats.com\\\/wp-content\\\/uploads\\\/2026\\\/01\\\/Logo-2-1.webp\",\"width\":2114,\"height\":1253,\"caption\":\"Kohen Avocats\"},\"image\":{\"@id\":\"https:\\\/\\\/kohenavocats.com\\\/zh-hans\\\/#\\\/schema\\\/logo\\\/image\\\/\"}}]}<\/script>\n<!-- \/ Yoast SEO Premium plugin. -->","yoast_head_json":{"title":"Tribunal f\u00e9d\u00e9ral suisse, 8 janvier 2026, n\u00b0 4A 616-2025 - Ma\u00eetre Hassan Kohen, avocat en droit p\u00e9nal \u00e0 Paris","robots":{"index":"index","follow":"follow","max-snippet":"max-snippet:-1","max-image-preview":"max-image-preview:large","max-video-preview":"max-video-preview:-1"},"canonical":"https:\/\/kohenavocats.com\/zh-hans\/jurisprudences\/tribunal-federal-suisse-8-janvier-2026-n-4a-616-2025\/","og_locale":"zh_CN","og_type":"article","og_title":"Tribunal f\u00e9d\u00e9ral suisse, 8 janvier 2026, n\u00b0 4A 616-2025","og_description":"Bundesgericht Tribunal f\u00e9d\u00e9ral Tribunale federale Tribunal federal 4A_616\/2025 Urteil vom 8. Januar 2026 I. zivilrechtliche Abteilung Besetzung Bundesrichter Hurni, Pr\u00e4sident, Gerichtsschreiber Widmer. Verfahrensbeteiligte A.________, Beschwerdef\u00fchrer, gegen B.________ AG, vertreten durch Rechtsanwalt Gianni F. Zanetti, Beschwerdegegnerin. Gegenstand Arbeitsrecht, Beschwerde gegen den Entscheid des Kantonsgerichts Luzern, 1. Abteilung, vom 16. Oktober 2025 (1B 25 4). Erw\u00e4gungen: 1....","og_url":"https:\/\/kohenavocats.com\/zh-hans\/jurisprudences\/tribunal-federal-suisse-8-janvier-2026-n-4a-616-2025\/","og_site_name":"Ma\u00eetre Hassan Kohen, avocat en droit p\u00e9nal \u00e0 Paris","twitter_card":"summary_large_image","twitter_misc":{"\u9884\u8ba1\u9605\u8bfb\u65f6\u95f4":"4 \u5206"},"schema":{"@context":"https:\/\/schema.org","@graph":[{"@type":"WebPage","@id":"https:\/\/kohenavocats.com\/zh-hans\/jurisprudences\/tribunal-federal-suisse-8-janvier-2026-n-4a-616-2025\/","url":"https:\/\/kohenavocats.com\/zh-hans\/jurisprudences\/tribunal-federal-suisse-8-janvier-2026-n-4a-616-2025\/","name":"Tribunal f\u00e9d\u00e9ral suisse, 8 janvier 2026, n\u00b0 4A 616-2025 - Ma\u00eetre Hassan Kohen, avocat en droit p\u00e9nal \u00e0 Paris","isPartOf":{"@id":"https:\/\/kohenavocats.com\/zh-hans\/#website"},"datePublished":"2026-04-15T18:43:38+00:00","breadcrumb":{"@id":"https:\/\/kohenavocats.com\/zh-hans\/jurisprudences\/tribunal-federal-suisse-8-janvier-2026-n-4a-616-2025\/#breadcrumb"},"inLanguage":"zh-Hans","potentialAction":[{"@type":"ReadAction","target":["https:\/\/kohenavocats.com\/zh-hans\/jurisprudences\/tribunal-federal-suisse-8-janvier-2026-n-4a-616-2025\/"]}]},{"@type":"BreadcrumbList","@id":"https:\/\/kohenavocats.com\/zh-hans\/jurisprudences\/tribunal-federal-suisse-8-janvier-2026-n-4a-616-2025\/#breadcrumb","itemListElement":[{"@type":"ListItem","position":1,"name":"Home","item":"https:\/\/kohenavocats.com\/zh-hans\/"},{"@type":"ListItem","position":2,"name":"Jurisprudences","item":"https:\/\/kohenavocats.com\/zh-hans\/jurisprudences\/"},{"@type":"ListItem","position":3,"name":"Tribunal f\u00e9d\u00e9ral suisse, 8 janvier 2026, n\u00b0 4A 616-2025"}]},{"@type":"WebSite","@id":"https:\/\/kohenavocats.com\/zh-hans\/#website","url":"https:\/\/kohenavocats.com\/zh-hans\/","name":"Kohen Avocats","description":"Ma\u00eetre Hassan Kohen, avocat p\u00e9naliste \u00e0 Paris, intervient exclusivement en droit p\u00e9nal pour la d\u00e9fense des particuliers, notamment en mati\u00e8re d\u2019accusations de viol. Il assure un accompagnement rigoureux d\u00e8s la garde \u00e0 vue jusqu\u2019\u00e0 la Cour d\u2019assises, veillant au strict respect des garanties proc\u00e9durales.","publisher":{"@id":"https:\/\/kohenavocats.com\/zh-hans\/#organization"},"potentialAction":[{"@type":"SearchAction","target":{"@type":"EntryPoint","urlTemplate":"https:\/\/kohenavocats.com\/zh-hans\/?s={search_term_string}"},"query-input":{"@type":"PropertyValueSpecification","valueRequired":true,"valueName":"search_term_string"}}],"inLanguage":"zh-Hans"},{"@type":"Organization","@id":"https:\/\/kohenavocats.com\/zh-hans\/#organization","name":"Kohen Avocats","url":"https:\/\/kohenavocats.com\/zh-hans\/","logo":{"@type":"ImageObject","inLanguage":"zh-Hans","@id":"https:\/\/kohenavocats.com\/zh-hans\/#\/schema\/logo\/image\/","url":"https:\/\/kohenavocats.com\/wp-content\/uploads\/2026\/01\/Logo-2-1.webp","contentUrl":"https:\/\/kohenavocats.com\/wp-content\/uploads\/2026\/01\/Logo-2-1.webp","width":2114,"height":1253,"caption":"Kohen Avocats"},"image":{"@id":"https:\/\/kohenavocats.com\/zh-hans\/#\/schema\/logo\/image\/"}}]}},"jetpack_likes_enabled":false,"jetpack_sharing_enabled":true,"_links":{"self":[{"href":"https:\/\/kohenavocats.com\/zh-hans\/wp-json\/wp\/v2\/kji_decision\/571288","targetHints":{"allow":["GET"]}}],"collection":[{"href":"https:\/\/kohenavocats.com\/zh-hans\/wp-json\/wp\/v2\/kji_decision"}],"about":[{"href":"https:\/\/kohenavocats.com\/zh-hans\/wp-json\/wp\/v2\/types\/kji_decision"}],"wp:attachment":[{"href":"https:\/\/kohenavocats.com\/zh-hans\/wp-json\/wp\/v2\/media?parent=571288"}],"wp:term":[{"taxonomy":"kji_country","embeddable":true,"href":"https:\/\/kohenavocats.com\/zh-hans\/wp-json\/wp\/v2\/kji_country?post=571288"},{"taxonomy":"kji_court","embeddable":true,"href":"https:\/\/kohenavocats.com\/zh-hans\/wp-json\/wp\/v2\/kji_court?post=571288"},{"taxonomy":"kji_chamber","embeddable":true,"href":"https:\/\/kohenavocats.com\/zh-hans\/wp-json\/wp\/v2\/kji_chamber?post=571288"},{"taxonomy":"kji_year","embeddable":true,"href":"https:\/\/kohenavocats.com\/zh-hans\/wp-json\/wp\/v2\/kji_year?post=571288"},{"taxonomy":"kji_subject","embeddable":true,"href":"https:\/\/kohenavocats.com\/zh-hans\/wp-json\/wp\/v2\/kji_subject?post=571288"},{"taxonomy":"kji_keyword","embeddable":true,"href":"https:\/\/kohenavocats.com\/zh-hans\/wp-json\/wp\/v2\/kji_keyword?post=571288"},{"taxonomy":"kji_language","embeddable":true,"href":"https:\/\/kohenavocats.com\/zh-hans\/wp-json\/wp\/v2\/kji_language?post=571288"}],"curies":[{"name":"wp","href":"https:\/\/api.w.org\/{rel}","templated":true}]}}