{"id":573384,"date":"2026-04-16T00:15:48","date_gmt":"2026-04-15T22:15:48","guid":{"rendered":"https:\/\/kohenavocats.com\/jurisprudences\/tribunal-federal-suisse-21-aout-2025-n-5a-241-2025\/"},"modified":"2026-04-16T00:15:48","modified_gmt":"2026-04-15T22:15:48","slug":"tribunal-federal-suisse-21-aout-2025-n-5a-241-2025","status":"publish","type":"kji_decision","link":"https:\/\/kohenavocats.com\/zh-hans\/jurisprudences\/tribunal-federal-suisse-21-aout-2025-n-5a-241-2025\/","title":{"rendered":"Tribunal f\u00e9d\u00e9ral suisse, 21 ao\u00fbt 2025, n\u00b0 5A 241-2025"},"content":{"rendered":"<div class=\"kji-decision\">\n<div class=\"kji-full-text\">\n<p>Bundesgericht<\/p>\n<p>Tribunal f\u00e9d\u00e9ral<\/p>\n<p>Tribunale federale<\/p>\n<p>Tribunal federal<\/p>\n<p>5A_241\/2025<\/p>\n<p>Arr\u00eat du 21 ao\u00fbt 2025<\/p>\n<p>IIe Cour de droit civil<\/p>\n<p>Composition<\/p>\n<p>MM. et Mme les Juges f\u00e9d\u00e9raux Bovey, Pr\u00e9sident,<\/p>\n<p>Herrmann et De Rossa.<\/p>\n<p>Greffier : M. Piccinin.<\/p>\n<p>Participants \u00e0 la proc\u00e9dure<\/p>\n<p>A.________,<\/p>\n<p>recourante,<\/p>\n<p>contre<\/p>\n<p>B.________,<\/p>\n<p>intim\u00e9.<\/p>\n<p>Objet<\/p>\n<p>modification de la d\u00e9cision de divorce, entretien d&#039;une enfant mineure,<\/p>\n<p>recours contre l&#039;arr\u00eat de la Juge d\u00e9l\u00e9gu\u00e9e de la Ie Cour d&#039;appel civil du Tribunal cantonal de l&#039;\u00c9tat de Fribourg du 21 f\u00e9vrier 2025 (101 2025 28).<\/p>\n<p>Faits :<\/p>\n<p>A.<\/p>\n<p>Par d\u00e9cision du 23 d\u00e9cembre 2024, le Tribunal civil de la Broye a modifi\u00e9 la d\u00e9cision de divorce prononc\u00e9e le 20 f\u00e9vrier 2020 par le Pr\u00e9sident du m\u00eame tribunal entre A.________ et B.________. Il a homologu\u00e9 la convention conclue par les parties quant au sort de l&#039;enfant C.________, n\u00e9e en 2013, nouvellement confi\u00e9e \u00e0 son p\u00e8re, et a astreint la m\u00e8re \u00e0 verser pour sa fille une contribution d&#039;entretien mensuelle de 750 fr., d\u00e8s le 1er novembre 2024 et jusqu&#039;\u00e0 la majorit\u00e9 de l&#039;enfant ou l&#039;ach\u00e8vement d&#039;une formation appropri\u00e9e aux conditions de l&#039;art. 277 al. 2 CC.<\/p>\n<p>Par arr\u00eat du 21 f\u00e9vrier 2025, la Juge d\u00e9l\u00e9gu\u00e9e de la Ie Cour d&#039;appel civil de l&#039;\u00c9tat de Fribourg a d\u00e9clar\u00e9 manifestement irrecevable l&#039;appel interjet\u00e9 par l&#039;ex-\u00e9pouse le 3 f\u00e9vrier 2025 contre la d\u00e9cision pr\u00e9cit\u00e9e.<\/p>\n<p>B.<\/p>\n<p>Par acte dat\u00e9 du 27 mars 2025, transmis par voie \u00e9lectronique le lendemain, A.________ exerce un recours en mati\u00e8re civile au Tribunal f\u00e9d\u00e9ral contre l&#039;arr\u00eat cantonal, en concluant \u00e0 son annulation et au renvoi de la cause \u00e0 la juridiction pr\u00e9c\u00e9dente pour nouvelle d\u00e9cision sur le fond et, subsidiairement, \u00e0 ce que le Tribunal f\u00e9d\u00e9ral statue lui-m\u00eame sur la recevabilit\u00e9 de l&#039;appel et entre en mati\u00e8re sur celui-ci.<\/p>\n<p>Des d\u00e9terminations n&#039;ont pas \u00e9t\u00e9 requises.<\/p>\n<p>C.<\/p>\n<p>Par ordonnance pr\u00e9sidentielle du 31 mars 2025, la requ\u00eate d&#039;effet suspensif assortissant le recours a \u00e9t\u00e9 rejet\u00e9e.<\/p>\n<p>Consid\u00e9rant en droit :<\/p>\n<p>1.<\/p>\n<p>1.1. D\u00e9pos\u00e9 en temps utile (art. 48 al. 2 et 100 al. 1 LTF) et dans la forme pr\u00e9vue par la loi (art. 42 LTF) par une partie qui a qualit\u00e9 pour recourir (art. 76 al. 1 let. a et b LTF), le recours est dirig\u00e9 contre une d\u00e9cision d&#039;irrecevabilit\u00e9, \u00e0 savoir une d\u00e9cision finale (art. 90 LTF), d\u00e8s lors qu&#039;elle conduit \u00e0 la cl\u00f4ture d\u00e9finitive de l&#039;instance pour un motif tir\u00e9 des r\u00e8gles de proc\u00e9dure (ATF 136 V 131 consid. 1.1). Sur le fond, elle a pour objet une d\u00e9cision en modification d&#039;un jugement de divorce, soit une d\u00e9cision prise en mati\u00e8re civile (art. 72 al. 1 LTF), par un tribunal sup\u00e9rieur statuant sur recours en derni\u00e8re instance cantonale (art. 75 al. 1 LTF), dans une affaire de nature p\u00e9cuniaire dont la valeur litigieuse est atteinte (art. 51 al. 1 let. a et al. 4, 74 al. 1 let. b LTF). Le recours est donc en principe recevable.<\/p>\n<p>1.2. Contre une d\u00e9cision d&#039;irrecevabilit\u00e9, seules les conclusions du recours tendant \u00e0 l&#039;annulation et au renvoi sont admissibles, \u00e0 l&#039;exclusion des conclusions sur le fond, lesquelles supposent que l&#039;autorit\u00e9 pr\u00e9c\u00e9dente soit entr\u00e9e en mati\u00e8re (ATF 138 III 46 consid. 1.2 et la r\u00e9f\u00e9rence).<\/p>\n<p>Il s&#039;ensuit que la conclusion principale en annulation et en renvoi est recevable.<\/p>\n<p>2.<\/p>\n<p>2.1. Le recours en mati\u00e8re civile peut \u00eatre form\u00e9 pour violation du droit, tel qu&#039;il est d\u00e9limit\u00e9 par les art. 95 s. LTF. Le Tribunal f\u00e9d\u00e9ral applique le droit d&#039;office (art. 106 al. 1 LTF). Cela \u00e9tant, eu \u00e9gard \u00e0 l&#039;exigence de motivation contenue \u00e0 l&#039;art. 42 al. 2 LTF, il n&#039;examine en principe que les griefs soulev\u00e9s (ATF 142 III 364 consid. 2.4 et les r\u00e9f\u00e9rences). Le recourant doit par cons\u00e9quent discuter les motifs de la d\u00e9cision entreprise et indiquer pr\u00e9cis\u00e9ment en quoi l&#039;autorit\u00e9 pr\u00e9c\u00e9dente a m\u00e9connu le droit (ATF 146 IV 297 consid. 1.2; 142 I 99 consid. 1.7.1; 142 III 364 consid. 2.4). Il doit exister un lien entre la motivation du recours et la d\u00e9cision attaqu\u00e9e. Le recourant doit se d\u00e9terminer par rapport aux consid\u00e9rants de l&#039;arr\u00eat entrepris; il ne peut se contenter de reprendre presque mot pour mot l&#039;argumentation form\u00e9e devant l&#039;autorit\u00e9 cantonale (ATF 145 V 161 consid. 5.2; 134 II 244 consid. 2.1 et 2.3). Lorsque le recours est dirig\u00e9 contre une d\u00e9cision d&#039;irrecevabilit\u00e9, les motifs d\u00e9velopp\u00e9s dans le m\u00e9moire de recours doivent porter sur la question de la recevabilit\u00e9 trait\u00e9e par l&#039;instance pr\u00e9c\u00e9dente \u00e0 l&#039;exclusion du fond du litige (ATF 123 V 335 consid. 1b; arr\u00eats 5A_511\/2025 du 17 juillet 2025 consid. 2.1; 1C_216\/2025 du 30 avril 2025 consid. 2; 1C_32\/2025 du 23 janvier 2025 consid. 2; 5A_577\/2024 du 6 d\u00e9cembre 2024 consid. 2.1).<\/p>\n<p>2.2. Le Tribunal f\u00e9d\u00e9ral statue sur la base des faits \u00e9tablis par l&#039;autorit\u00e9 pr\u00e9c\u00e9dente (art. 105 al. 1 LTF). Il ne peut s&#039;en \u00e9carter que si ceux-ci ont \u00e9t\u00e9 constat\u00e9s de fa\u00e7on manifestement inexacte ou en violation du droit au sens de l&#039;art. 95 LTF (art. 105 al. 2 LTF), et si la correction du vice est susceptible d&#039;influer sur le sort de la cause (art. 97 al. 1 LTF). Le recourant qui soutient que les faits ont \u00e9t\u00e9 \u00e9tablis d&#039;une mani\u00e8re manifestement inexacte, c&#039;est-\u00e0-dire arbitraire au sens de l&#039;art. 9 Cst. (ATF 147 I 73 consid. 2.2; 144 II 246 consid. 6.7; 143 I 310 consid. 2.2 et la r\u00e9f\u00e9rence), doit satisfaire au principe d&#039;all\u00e9gation susmentionn\u00e9 (art. 106 al. 2 LTF; cf. supra consid. 2.1).<\/p>\n<p>En l&#039;esp\u00e8ce, la partie intitul\u00e9e &quot; III. Expos\u00e9 des faits &quot; que la recourante pr\u00e9sente dans son m\u00e9moire sera ignor\u00e9e en tant que les faits qui y sont expos\u00e9s s&#039;\u00e9cartent de ceux contenus dans l&#039;arr\u00eat attaqu\u00e9, sans que l&#039;int\u00e9ress\u00e9e d\u00e9montre \u00e0 satisfaction que leur \u00e9tablissement serait arbitraire.<\/p>\n<p>3.<\/p>\n<p>La recourante soutient que l&#039;arr\u00eat attaqu\u00e9 viole son droit d&#039;\u00eatre entendue (art. 29 al. 2 Cst.) et le principe de l&#039;interdiction du formalisme excessif (art. 29 al. 1 Cst.).<\/p>\n<p>3.1. L&#039;acte d&#039;appel doit r\u00e9pondre \u00e0 certaines exigences formelles: il doit contenir des conclusions qui doivent notamment faire appara\u00eetre ce que l&#039;appelant conteste dans une d\u00e9cision et pourquoi, et dans quelle mesure celle-ci doit \u00eatre modifi\u00e9e ou annul\u00e9e. Les conclusions doivent \u00eatre libell\u00e9es de mani\u00e8re d\u00e9termin\u00e9e, de telle sorte que l&#039;autorit\u00e9 d&#039;appel puisse, s&#039;il y a lieu, les incorporer sans modification au dispositif de sa propre d\u00e9cision (ATF 137 III 617 consid. 4.2 et 4.3). L&#039;appelant ne peut en principe pas se borner \u00e0 demander l&#039;annulation de la d\u00e9cision attaqu\u00e9e mais il doit, sous peine d&#039;irrecevabilit\u00e9, prendre des conclusions sur le fond du litige (arr\u00eats 5A_645\/2021 du 2 f\u00e9vrier 2022 consid. 3.2; 4A_129\/2019 du 27 mai 2019 consid. 1.2.2; 5A_929\/2015 du 17 juin 2016 consid. 3.1 et les r\u00e9f\u00e9rences; voir \u00e9galement ATF 137 II 313 consid. 1.3; 134 III 379 consid. 1.3; 133 III 489 consid. 3.1 \u00e0 propos du recours au Tribunal f\u00e9d\u00e9ral). Lorsque l&#039;action tend au paiement d&#039;une somme d&#039;argent, les conclusions doivent en principe \u00eatre chiffr\u00e9es &#8211; m\u00eame si l&#039;entretien des enfants est concern\u00e9 et que la maxime d&#039;office s&#039;applique -, sans quoi l&#039;appel est irrecevable (ATF 137 III 617 consid. 4.3).<\/p>\n<p>En r\u00e8gle g\u00e9n\u00e9rale, il ne contrevient pas au principe de l&#039;interdiction du d\u00e9ni de justice formel d&#039;exiger que l&#039;acte d&#039;appel contienne des conclusions pr\u00e9cises sur le fond du litige, qui, en mati\u00e8re p\u00e9cuniaire, soient chiffr\u00e9es (ATF 137 III 617 consid. 6.1 et les arr\u00eats cit\u00e9s). \u00c0 titre exceptionnel, l&#039;autorit\u00e9 d&#039;appel doit entrer en mati\u00e8re sur un appel comprenant des conclusions formellement d\u00e9ficientes si la motivation, mise en relation avec la d\u00e9cision attaqu\u00e9e, permet de comprendre ce que demande l&#039;appelant ou, dans le cas de conclusions \u00e0 chiffrer, quelle somme d&#039;argent doit \u00eatre allou\u00e9e (ATF 137 III 617 consid. 6.2).<\/p>\n<p>3.2. En l&#039;esp\u00e8ce, la cour cantonale a retenu que si dans son appel l&#039;ex-\u00e9pouse critiquait \u00e0 plusieurs \u00e9gards l&#039;\u00e9tablissement de sa situation financi\u00e8re, elle ne prenait pas de conclusions chiffr\u00e9es en lien avec la contribution d&#039;entretien destin\u00e9e \u00e0 sa fille et la lecture de son \u00e9criture ne permettait pas non plus de d\u00e9terminer quel montant elle offrait \u00e0 cet \u00e9gard; dans la mesure o\u00f9 il n&#039;existait pas de pr\u00e9somption selon laquelle les conclusions de premi\u00e8re instance \u00e9taient reprises en deuxi\u00e8me instance, il apparaissait que son appel ne contenait pas de conclusions et \u00e9tait d\u00e9ficient, ce qui entra\u00eenait son irrecevabilit\u00e9.<\/p>\n<p>3.3. La recourante fait valoir que la cour cantonale n&#039;a pas interpr\u00e9t\u00e9 ses \u00e9critures de mani\u00e8re conforme \u00e0 la jurisprudence, qui impose une interpr\u00e9tation &quot; bienveillante &quot; des \u00e9critures. Elle est d&#039;avis qu&#039;il incombait \u00e0 dite autorit\u00e9 d&#039;examiner si une conclusion chiffr\u00e9e pouvait \u00eatre d\u00e9duite des arguments soulev\u00e9s. La recourante estime par ailleurs que l&#039;exigence de conclusions chiffr\u00e9es serait excessive en l&#039;esp\u00e8ce. Elle expose que la jurisprudence reconnaissait que, dans certains cas, un recours devait \u00eatre examin\u00e9 m\u00eame si les conclusions n&#039;\u00e9taient pas explicitement chiffr\u00e9es, \u00e0 condition que l&#039;intention de la partie soit compr\u00e9hensible. En l&#039;occurrence, elle avait clairement critiqu\u00e9 l&#039;\u00e9valuation de ses ressources. Il appartenait donc \u00e0 la cour cantonale de rechercher l&#039;issue la plus ad\u00e9quate.<\/p>\n<p>Pareille argumentation n&#039;est pas de nature \u00e0 d\u00e9montrer que l&#039;arr\u00eat attaqu\u00e9 contreviendrait aux principes jurisprudentiels susmentionn\u00e9s (cf. supra consid. 3.1). En effet, la recourante ne conteste pas que son appel ne contenait pas de conclusions chiffr\u00e9es. Si elle rappelle correctement qu&#039;il peut \u00eatre exceptionnellement d\u00e9rog\u00e9 \u00e0 cette exigence lorsque la motivation d&#039;une \u00e9criture d&#039;appel permet de comprendre ce que l&#039;int\u00e9ress\u00e9 demande, elle ne d\u00e9montre pas que tel serait le cas ici. Singuli\u00e8rement, elle n&#039;expose pas quel passage pr\u00e9cis de son appel aurait permis \u00e0 la cour cantonale de comprendre \u00e0 hauteur de quel montant elle estimait devoir contribuer \u00e0 l&#039;entretien de sa fille. Du reste, elle n&#039;articule aucun montant dans son recours adress\u00e9 au Tribunal de c\u00e9ans, de sorte que l&#039;on ne sait toujours pas ce que la recourante consid\u00e8re devoir \u00e0 ce titre. Sa seule all\u00e9gation selon laquelle elle aurait critiqu\u00e9 en instance cantonale l&#039;ampleur de ses revenus ne m\u00e8ne pas \u00e0 un autre constat, faute pour la recourante d&#039;expliquer en quoi cet \u00e9l\u00e9ment serait pertinent pour chiffrer ses pr\u00e9tentions. D\u00e9nu\u00e9e de toute consid\u00e9ration concr\u00e8te, sa critique ne satisfait pas aux exigences de motivation requises (cf. supra consid. 2.1). Elle est donc irrecevable.<\/p>\n<p>En tant qu&#039;ils sont dirig\u00e9s contre le jugement de premi\u00e8re instance, et non contre la d\u00e9cision d&#039;irrecevabilit\u00e9 prononc\u00e9e par la cour cantonale (cf. supra consid. 2.1 i.f.), il n&#039;y a pas lieu d&#039;examiner plus avant les griefs que la recourante formule en lien avec le refus de tenir compte dans ses charges de l&#039;amortissement hypoth\u00e9caire du bien familial ou en lien avec l&#039;imputation d&#039;un revenu hypoth\u00e9tique \u00e0 son \u00e9gard, en particulier quant \u00e0 sa possibilit\u00e9 d&#039;exercer une activit\u00e9 professionnelle \u00e0 plein temps identique \u00e0 celle qu&#039;elle exer\u00e7ait ou de percevoir des prestations sociales en cas de reconversion professionnelle.<\/p>\n<p>4.<\/p>\n<p>En d\u00e9finitive, le recours est irrecevable. La recourante, qui succombe, supportera les frais de la pr\u00e9sente proc\u00e9dure (art. 66 al. 1 LTF). Il n&#039;y a pas lieu \u00e0 l&#039;allocation de d\u00e9pens (art. 68 al. 1 LTF).<\/p>\n<p>Par ces motifs, le Tribunal f\u00e9d\u00e9ral prononce :<\/p>\n<p>1.<\/p>\n<p>Le recours est irrecevable.<\/p>\n<p>2.<\/p>\n<p>Les frais judiciaires, arr\u00eat\u00e9s \u00e0 1&#039;000 fr., sont mis \u00e0 la charge de la recourante.<\/p>\n<p>3.<\/p>\n<p>Le pr\u00e9sent arr\u00eat est communiqu\u00e9 aux parties et \u00e0 la Juge d\u00e9l\u00e9gu\u00e9e de la Ie Cour d&#039;appel civil du Tribunal cantonal de l&#039;\u00c9tat de Fribourg.<\/p>\n<p>Lausanne, le 21 ao\u00fbt 2025<\/p>\n<p>Au nom de la IIe Cour de droit civil<\/p>\n<p>du Tribunal f\u00e9d\u00e9ral suisse<\/p>\n<p>Le Pr\u00e9sident : Bovey<\/p>\n<p>Le Greffier : Piccinin<\/p>\n<\/div>\n<hr class=\"kji-sep\" \/>\n<p class=\"kji-source-links\"><strong>Sources officielles :<\/strong> <a class=\"kji-source-link\" href=\"https:\/\/search.bger.ch\/ext\/eurospider\/live\/fr\/php\/aza\/http\/index.php?lang=fr&#038;type=highlight_simple_query&#038;page=9&#038;from_date=&#038;to_date=&#038;sort=relevance&#038;insertion_date=&#038;top_subcollection_aza=all&#038;query_words=divorce&#038;rank=81&#038;azaclir=aza&#038;highlight_docid=aza%3A%2F%2F21-08-2025-5A_241-2025&#038;number_of_ranks=4665\" target=\"_blank\" rel=\"noopener noreferrer\">consulter la page source<\/a><\/p>\n<p class=\"kji-license-note\"><em>Source officielle Tribunal federal suisse. Contenu HTML public, PDF non garanti en version gratuite.<\/em><\/p>\n<\/div>\n","protected":false},"excerpt":{"rendered":"<p>Bundesgericht Tribunal f\u00e9d\u00e9ral Tribunale federale Tribunal federal 5A_241\/2025 Arr\u00eat du 21 ao\u00fbt 2025 IIe Cour de droit civil Composition MM. et Mme les Juges f\u00e9d\u00e9raux Bovey, Pr\u00e9sident, Herrmann et De Rossa. Greffier : M. Piccinin. Participants \u00e0 la proc\u00e9dure A.________, recourante, contre B.________, intim\u00e9. Objet modification de la d\u00e9cision de divorce, entretien d&#8217;une enfant mineure,&#8230;<\/p>\n","protected":false},"featured_media":0,"template":"","meta":{"_crdt_document":""},"kji_country":[9676],"kji_court":[9677],"kji_chamber":[9798],"kji_year":[8463],"kji_subject":[7724],"kji_keyword":[9799,9679,9680,7636],"kji_language":[7733],"class_list":["post-573384","kji_decision","type-kji_decision","status-publish","hentry","kji_country-suisse","kji_court-tribunal-federal-suisse","kji_chamber-cour-de-droit-civil","kji_year-8463","kji_subject-civil","kji_keyword-bundesgericht","kji_keyword-federal","kji_keyword-suisse","kji_keyword-tribunal","kji_language-francais"],"yoast_head":"<!-- This site is optimized with the Yoast SEO Premium plugin v27.4 (Yoast SEO v27.4) - https:\/\/yoast.com\/product\/yoast-seo-premium-wordpress\/ -->\n<title>Tribunal f\u00e9d\u00e9ral suisse, 21 ao\u00fbt 2025, n\u00b0 5A 241-2025 - Ma\u00eetre Hassan Kohen, avocat en droit p\u00e9nal \u00e0 Paris<\/title>\n<meta name=\"robots\" content=\"index, follow, max-snippet:-1, max-image-preview:large, max-video-preview:-1\" \/>\n<link rel=\"canonical\" href=\"https:\/\/kohenavocats.com\/zh-hans\/jurisprudences\/tribunal-federal-suisse-21-aout-2025-n-5a-241-2025\/\" \/>\n<meta property=\"og:locale\" content=\"zh_CN\" \/>\n<meta property=\"og:type\" content=\"article\" \/>\n<meta property=\"og:title\" content=\"Tribunal f\u00e9d\u00e9ral suisse, 21 ao\u00fbt 2025, n\u00b0 5A 241-2025\" \/>\n<meta property=\"og:description\" content=\"Bundesgericht Tribunal f\u00e9d\u00e9ral Tribunale federale Tribunal federal 5A_241\/2025 Arr\u00eat du 21 ao\u00fbt 2025 IIe Cour de droit civil Composition MM. et Mme les Juges f\u00e9d\u00e9raux Bovey, Pr\u00e9sident, Herrmann et De Rossa. Greffier : M. Piccinin. Participants \u00e0 la proc\u00e9dure A.________, recourante, contre B.________, intim\u00e9. Objet modification de la d\u00e9cision de divorce, entretien d&#039;une enfant mineure,...\" \/>\n<meta property=\"og:url\" content=\"https:\/\/kohenavocats.com\/zh-hans\/jurisprudences\/tribunal-federal-suisse-21-aout-2025-n-5a-241-2025\/\" \/>\n<meta property=\"og:site_name\" content=\"Ma\u00eetre Hassan Kohen, avocat en droit p\u00e9nal \u00e0 Paris\" \/>\n<meta name=\"twitter:card\" content=\"summary_large_image\" \/>\n<meta name=\"twitter:label1\" content=\"\u9884\u8ba1\u9605\u8bfb\u65f6\u95f4\" \/>\n\t<meta name=\"twitter:data1\" content=\"10 \u5206\" \/>\n<script type=\"application\/ld+json\" class=\"yoast-schema-graph\">{\"@context\":\"https:\\\/\\\/schema.org\",\"@graph\":[{\"@type\":\"WebPage\",\"@id\":\"https:\\\/\\\/kohenavocats.com\\\/zh-hans\\\/jurisprudences\\\/tribunal-federal-suisse-21-aout-2025-n-5a-241-2025\\\/\",\"url\":\"https:\\\/\\\/kohenavocats.com\\\/zh-hans\\\/jurisprudences\\\/tribunal-federal-suisse-21-aout-2025-n-5a-241-2025\\\/\",\"name\":\"Tribunal f\u00e9d\u00e9ral suisse, 21 ao\u00fbt 2025, n\u00b0 5A 241-2025 - Ma\u00eetre Hassan Kohen, avocat en droit p\u00e9nal \u00e0 Paris\",\"isPartOf\":{\"@id\":\"https:\\\/\\\/kohenavocats.com\\\/zh-hans\\\/#website\"},\"datePublished\":\"2026-04-15T22:15:48+00:00\",\"breadcrumb\":{\"@id\":\"https:\\\/\\\/kohenavocats.com\\\/zh-hans\\\/jurisprudences\\\/tribunal-federal-suisse-21-aout-2025-n-5a-241-2025\\\/#breadcrumb\"},\"inLanguage\":\"zh-Hans\",\"potentialAction\":[{\"@type\":\"ReadAction\",\"target\":[\"https:\\\/\\\/kohenavocats.com\\\/zh-hans\\\/jurisprudences\\\/tribunal-federal-suisse-21-aout-2025-n-5a-241-2025\\\/\"]}]},{\"@type\":\"BreadcrumbList\",\"@id\":\"https:\\\/\\\/kohenavocats.com\\\/zh-hans\\\/jurisprudences\\\/tribunal-federal-suisse-21-aout-2025-n-5a-241-2025\\\/#breadcrumb\",\"itemListElement\":[{\"@type\":\"ListItem\",\"position\":1,\"name\":\"Home\",\"item\":\"https:\\\/\\\/kohenavocats.com\\\/zh-hans\\\/\"},{\"@type\":\"ListItem\",\"position\":2,\"name\":\"Jurisprudences\",\"item\":\"https:\\\/\\\/kohenavocats.com\\\/zh-hans\\\/jurisprudences\\\/\"},{\"@type\":\"ListItem\",\"position\":3,\"name\":\"Tribunal f\u00e9d\u00e9ral suisse, 21 ao\u00fbt 2025, n\u00b0 5A 241-2025\"}]},{\"@type\":\"WebSite\",\"@id\":\"https:\\\/\\\/kohenavocats.com\\\/zh-hans\\\/#website\",\"url\":\"https:\\\/\\\/kohenavocats.com\\\/zh-hans\\\/\",\"name\":\"Kohen Avocats\",\"description\":\"Ma\u00eetre Hassan Kohen, avocat p\u00e9naliste \u00e0 Paris, intervient exclusivement en droit p\u00e9nal pour la d\u00e9fense des particuliers, notamment en mati\u00e8re d\u2019accusations de viol. Il assure un accompagnement rigoureux d\u00e8s la garde \u00e0 vue jusqu\u2019\u00e0 la Cour d\u2019assises, veillant au strict respect des garanties proc\u00e9durales.\",\"publisher\":{\"@id\":\"https:\\\/\\\/kohenavocats.com\\\/zh-hans\\\/#organization\"},\"potentialAction\":[{\"@type\":\"SearchAction\",\"target\":{\"@type\":\"EntryPoint\",\"urlTemplate\":\"https:\\\/\\\/kohenavocats.com\\\/zh-hans\\\/?s={search_term_string}\"},\"query-input\":{\"@type\":\"PropertyValueSpecification\",\"valueRequired\":true,\"valueName\":\"search_term_string\"}}],\"inLanguage\":\"zh-Hans\"},{\"@type\":\"Organization\",\"@id\":\"https:\\\/\\\/kohenavocats.com\\\/zh-hans\\\/#organization\",\"name\":\"Kohen Avocats\",\"url\":\"https:\\\/\\\/kohenavocats.com\\\/zh-hans\\\/\",\"logo\":{\"@type\":\"ImageObject\",\"inLanguage\":\"zh-Hans\",\"@id\":\"https:\\\/\\\/kohenavocats.com\\\/zh-hans\\\/#\\\/schema\\\/logo\\\/image\\\/\",\"url\":\"https:\\\/\\\/kohenavocats.com\\\/wp-content\\\/uploads\\\/2026\\\/01\\\/Logo-2-1.webp\",\"contentUrl\":\"https:\\\/\\\/kohenavocats.com\\\/wp-content\\\/uploads\\\/2026\\\/01\\\/Logo-2-1.webp\",\"width\":2114,\"height\":1253,\"caption\":\"Kohen Avocats\"},\"image\":{\"@id\":\"https:\\\/\\\/kohenavocats.com\\\/zh-hans\\\/#\\\/schema\\\/logo\\\/image\\\/\"}}]}<\/script>\n<!-- \/ Yoast SEO Premium plugin. -->","yoast_head_json":{"title":"Tribunal f\u00e9d\u00e9ral suisse, 21 ao\u00fbt 2025, n\u00b0 5A 241-2025 - Ma\u00eetre Hassan Kohen, avocat en droit p\u00e9nal \u00e0 Paris","robots":{"index":"index","follow":"follow","max-snippet":"max-snippet:-1","max-image-preview":"max-image-preview:large","max-video-preview":"max-video-preview:-1"},"canonical":"https:\/\/kohenavocats.com\/zh-hans\/jurisprudences\/tribunal-federal-suisse-21-aout-2025-n-5a-241-2025\/","og_locale":"zh_CN","og_type":"article","og_title":"Tribunal f\u00e9d\u00e9ral suisse, 21 ao\u00fbt 2025, n\u00b0 5A 241-2025","og_description":"Bundesgericht Tribunal f\u00e9d\u00e9ral Tribunale federale Tribunal federal 5A_241\/2025 Arr\u00eat du 21 ao\u00fbt 2025 IIe Cour de droit civil Composition MM. et Mme les Juges f\u00e9d\u00e9raux Bovey, Pr\u00e9sident, Herrmann et De Rossa. Greffier : M. Piccinin. Participants \u00e0 la proc\u00e9dure A.________, recourante, contre B.________, intim\u00e9. Objet modification de la d\u00e9cision de divorce, entretien d'une enfant mineure,...","og_url":"https:\/\/kohenavocats.com\/zh-hans\/jurisprudences\/tribunal-federal-suisse-21-aout-2025-n-5a-241-2025\/","og_site_name":"Ma\u00eetre Hassan Kohen, avocat en droit p\u00e9nal \u00e0 Paris","twitter_card":"summary_large_image","twitter_misc":{"\u9884\u8ba1\u9605\u8bfb\u65f6\u95f4":"10 \u5206"},"schema":{"@context":"https:\/\/schema.org","@graph":[{"@type":"WebPage","@id":"https:\/\/kohenavocats.com\/zh-hans\/jurisprudences\/tribunal-federal-suisse-21-aout-2025-n-5a-241-2025\/","url":"https:\/\/kohenavocats.com\/zh-hans\/jurisprudences\/tribunal-federal-suisse-21-aout-2025-n-5a-241-2025\/","name":"Tribunal f\u00e9d\u00e9ral suisse, 21 ao\u00fbt 2025, n\u00b0 5A 241-2025 - Ma\u00eetre Hassan Kohen, avocat en droit p\u00e9nal \u00e0 Paris","isPartOf":{"@id":"https:\/\/kohenavocats.com\/zh-hans\/#website"},"datePublished":"2026-04-15T22:15:48+00:00","breadcrumb":{"@id":"https:\/\/kohenavocats.com\/zh-hans\/jurisprudences\/tribunal-federal-suisse-21-aout-2025-n-5a-241-2025\/#breadcrumb"},"inLanguage":"zh-Hans","potentialAction":[{"@type":"ReadAction","target":["https:\/\/kohenavocats.com\/zh-hans\/jurisprudences\/tribunal-federal-suisse-21-aout-2025-n-5a-241-2025\/"]}]},{"@type":"BreadcrumbList","@id":"https:\/\/kohenavocats.com\/zh-hans\/jurisprudences\/tribunal-federal-suisse-21-aout-2025-n-5a-241-2025\/#breadcrumb","itemListElement":[{"@type":"ListItem","position":1,"name":"Home","item":"https:\/\/kohenavocats.com\/zh-hans\/"},{"@type":"ListItem","position":2,"name":"Jurisprudences","item":"https:\/\/kohenavocats.com\/zh-hans\/jurisprudences\/"},{"@type":"ListItem","position":3,"name":"Tribunal f\u00e9d\u00e9ral suisse, 21 ao\u00fbt 2025, n\u00b0 5A 241-2025"}]},{"@type":"WebSite","@id":"https:\/\/kohenavocats.com\/zh-hans\/#website","url":"https:\/\/kohenavocats.com\/zh-hans\/","name":"Kohen Avocats","description":"Ma\u00eetre Hassan Kohen, avocat p\u00e9naliste \u00e0 Paris, intervient exclusivement en droit p\u00e9nal pour la d\u00e9fense des particuliers, notamment en mati\u00e8re d\u2019accusations de viol. Il assure un accompagnement rigoureux d\u00e8s la garde \u00e0 vue jusqu\u2019\u00e0 la Cour d\u2019assises, veillant au strict respect des garanties proc\u00e9durales.","publisher":{"@id":"https:\/\/kohenavocats.com\/zh-hans\/#organization"},"potentialAction":[{"@type":"SearchAction","target":{"@type":"EntryPoint","urlTemplate":"https:\/\/kohenavocats.com\/zh-hans\/?s={search_term_string}"},"query-input":{"@type":"PropertyValueSpecification","valueRequired":true,"valueName":"search_term_string"}}],"inLanguage":"zh-Hans"},{"@type":"Organization","@id":"https:\/\/kohenavocats.com\/zh-hans\/#organization","name":"Kohen Avocats","url":"https:\/\/kohenavocats.com\/zh-hans\/","logo":{"@type":"ImageObject","inLanguage":"zh-Hans","@id":"https:\/\/kohenavocats.com\/zh-hans\/#\/schema\/logo\/image\/","url":"https:\/\/kohenavocats.com\/wp-content\/uploads\/2026\/01\/Logo-2-1.webp","contentUrl":"https:\/\/kohenavocats.com\/wp-content\/uploads\/2026\/01\/Logo-2-1.webp","width":2114,"height":1253,"caption":"Kohen Avocats"},"image":{"@id":"https:\/\/kohenavocats.com\/zh-hans\/#\/schema\/logo\/image\/"}}]}},"jetpack_likes_enabled":false,"jetpack_sharing_enabled":true,"_links":{"self":[{"href":"https:\/\/kohenavocats.com\/zh-hans\/wp-json\/wp\/v2\/kji_decision\/573384","targetHints":{"allow":["GET"]}}],"collection":[{"href":"https:\/\/kohenavocats.com\/zh-hans\/wp-json\/wp\/v2\/kji_decision"}],"about":[{"href":"https:\/\/kohenavocats.com\/zh-hans\/wp-json\/wp\/v2\/types\/kji_decision"}],"wp:attachment":[{"href":"https:\/\/kohenavocats.com\/zh-hans\/wp-json\/wp\/v2\/media?parent=573384"}],"wp:term":[{"taxonomy":"kji_country","embeddable":true,"href":"https:\/\/kohenavocats.com\/zh-hans\/wp-json\/wp\/v2\/kji_country?post=573384"},{"taxonomy":"kji_court","embeddable":true,"href":"https:\/\/kohenavocats.com\/zh-hans\/wp-json\/wp\/v2\/kji_court?post=573384"},{"taxonomy":"kji_chamber","embeddable":true,"href":"https:\/\/kohenavocats.com\/zh-hans\/wp-json\/wp\/v2\/kji_chamber?post=573384"},{"taxonomy":"kji_year","embeddable":true,"href":"https:\/\/kohenavocats.com\/zh-hans\/wp-json\/wp\/v2\/kji_year?post=573384"},{"taxonomy":"kji_subject","embeddable":true,"href":"https:\/\/kohenavocats.com\/zh-hans\/wp-json\/wp\/v2\/kji_subject?post=573384"},{"taxonomy":"kji_keyword","embeddable":true,"href":"https:\/\/kohenavocats.com\/zh-hans\/wp-json\/wp\/v2\/kji_keyword?post=573384"},{"taxonomy":"kji_language","embeddable":true,"href":"https:\/\/kohenavocats.com\/zh-hans\/wp-json\/wp\/v2\/kji_language?post=573384"}],"curies":[{"name":"wp","href":"https:\/\/api.w.org\/{rel}","templated":true}]}}