{"id":574009,"date":"2026-04-16T02:16:47","date_gmt":"2026-04-16T00:16:47","guid":{"rendered":"https:\/\/kohenavocats.com\/jurisprudences\/ordinanza-n-19847-du-17-07-2025-quarta-sezione-lavoro-lavoro\/"},"modified":"2026-04-16T02:16:47","modified_gmt":"2026-04-16T00:16:47","slug":"ordinanza-n-19847-du-17-07-2025-quarta-sezione-lavoro-lavoro","status":"publish","type":"kji_decision","link":"https:\/\/kohenavocats.com\/zh-hans\/jurisprudences\/ordinanza-n-19847-du-17-07-2025-quarta-sezione-lavoro-lavoro\/","title":{"rendered":"Ordinanza n. 19847 du 17\/07\/2025 &#8211; Quarta sezione lavoro \/ Lavoro"},"content":{"rendered":"<div class=\"kji-decision\">\n<div class=\"kji-full-text\">\n<p>Oggetto<\/p>\n<p>Procuratori dello Stato &#8211; Ammissione al concorso &#8211; Art. 1 del d.P.C.M. n. 141 del 2000 &#8211; Limite di et\u00e0 di trentacinque anni &#8211; Disparit\u00e0 di trattamento basata sull\u2019et\u00e0 &#8211; Compatibilit\u00e0 con il diritto UE &#8211; Questione pregiudiziale rimessa alla Corte di giustizia dell\u2019Unione europea.<\/p>\n<p>Presidente: L. Tria<\/p>\n<p> Relatore: I. Fedele<\/p>\n<p> L\u2019esito in sintesi<br \/>\n La Sezione Lavoro ha disposto, ai sensi dell\u2019art. 267 TFUE, rinvio pregiudiziale alla Corte di Giustizia dell\u2019Unione europea formulando il seguente quesito: \u00abse l\u2019art. 6, paragrafo 1, della direttiva 2000\/78 del 27 novembre 2000, che stabilisce un quadro generale per la parit\u00e0 di trattamento in materia di occupazione, deve essere interpretrato nel senso che esso osta a una normativa nazionale, quale quella italiana di cui all\u2019art. 1 del d.P.C.M. n. 141 del 2000, come modificato dal d.P.R. n. 161 del 2011, laddove fissa il limite di et\u00e0 di trentacinque anni per l\u2019ammissione al concorso di procuratore dello Stato, tale da integrare una discriminazione basata sull\u2019et\u00e0 non consentita dal diritto dell\u2019Unione europea, ovvero se tale limite sia oggettivamente giustificato da finalit\u00e0 legittime ed i mezzi impiegati per il loro conseguimento siano appropriati e necessari\u00bb.<\/p>\n<\/div>\n<hr class=\"kji-sep\" \/>\n<p class=\"kji-source-links\"><strong>Sources officielles :<\/strong> <a class=\"kji-source-link\" href=\"https:\/\/www.cortedicassazione.it\/it\/civile_dettaglio.page?contentId=SZC45978\" target=\"_blank\" rel=\"noopener noreferrer\">consulter la page source<\/a> &middot; <a class=\"kji-pdf-link\" href=\"https:\/\/www.cortedicassazione.it\/resources\/cms\/documents\/19847_07_2025_civ_oscuramento_noindex.pdf\" target=\"_blank\" rel=\"noopener noreferrer\">PDF officiel<\/a><\/p>\n<p class=\"kji-license-note\"><em>Corte Suprema di Cassazione, note legali verifiees live le 2026-04-12 : reproduction avec mention de source autorisee, mais utilisation commerciale des contenus expressement interdite. Source active en metadata_only uniquement.<\/em><\/p>\n<\/div>\n","protected":false},"excerpt":{"rendered":"<p>Oggetto Procuratori dello Stato &#8211; Ammissione al concorso &#8211; Art. 1 del d.P.C.M. n. 141 del 2000 &#8211; Limite di et\u00e0 di trentacinque anni &#8211; Disparit\u00e0 di trattamento basata sull\u2019et\u00e0 &#8211; Compatibilit\u00e0 con il diritto UE &#8211; Questione pregiudiziale rimessa alla Corte di giustizia dell\u2019Unione europea. Presidente: L. Tria Relatore: I. Fedele L\u2019esito in sintesi La Sezione Lavoro ha disposto,&#8230;<\/p>\n","protected":false},"featured_media":0,"template":"","meta":{"_crdt_document":""},"kji_country":[7681],"kji_court":[7682],"kji_chamber":[11206],"kji_year":[8463],"kji_subject":[7712],"kji_keyword":[11208,7690,7725,9027,7688],"kji_language":[7685],"class_list":["post-574009","kji_decision","type-kji_decision","status-publish","hentry","kji_country-italie","kji_court-corte-suprema-di-cassazione","kji_chamber-quarta-sezione-lavoro","kji_year-8463","kji_subject-social","kji_keyword-lavoro","kji_keyword-oggetto","kji_keyword-ordinanza","kji_keyword-quarta","kji_keyword-sezione","kji_language-italien"],"yoast_head":"<!-- This site is optimized with the Yoast SEO Premium plugin v27.5 (Yoast SEO v27.5) - https:\/\/yoast.com\/product\/yoast-seo-premium-wordpress\/ -->\n<title>Ordinanza n. 19847 du 17\/07\/2025 - Quarta sezione lavoro \/ Lavoro - Ma\u00eetre Hassan Kohen, avocat en droit p\u00e9nal \u00e0 Paris<\/title>\n<meta name=\"robots\" content=\"index, follow, max-snippet:-1, max-image-preview:large, max-video-preview:-1\" \/>\n<link rel=\"canonical\" href=\"https:\/\/kohenavocats.com\/zh-hans\/jurisprudences\/ordinanza-n-19847-du-17-07-2025-quarta-sezione-lavoro-lavoro\/\" \/>\n<meta property=\"og:locale\" content=\"zh_CN\" \/>\n<meta property=\"og:type\" content=\"article\" \/>\n<meta property=\"og:title\" content=\"Ordinanza n. 19847 du 17\/07\/2025 - Quarta sezione lavoro \/ Lavoro\" \/>\n<meta property=\"og:description\" content=\"Oggetto Procuratori dello Stato - Ammissione al concorso - Art. 1 del d.P.C.M. n. 141 del 2000 - Limite di et\u00e0 di trentacinque anni - Disparit\u00e0 di trattamento basata sull\u2019et\u00e0 - Compatibilit\u00e0 con il diritto UE - Questione pregiudiziale rimessa alla Corte di giustizia dell\u2019Unione europea. Presidente: L. Tria Relatore: I. Fedele L\u2019esito in sintesi La Sezione Lavoro ha disposto,...\" \/>\n<meta property=\"og:url\" content=\"https:\/\/kohenavocats.com\/zh-hans\/jurisprudences\/ordinanza-n-19847-du-17-07-2025-quarta-sezione-lavoro-lavoro\/\" \/>\n<meta property=\"og:site_name\" content=\"Ma\u00eetre Hassan Kohen, avocat en droit p\u00e9nal \u00e0 Paris\" \/>\n<meta name=\"twitter:card\" content=\"summary_large_image\" \/>\n<meta name=\"twitter:label1\" content=\"\u9884\u8ba1\u9605\u8bfb\u65f6\u95f4\" \/>\n\t<meta name=\"twitter:data1\" content=\"1 \u5206\" \/>\n<script type=\"application\/ld+json\" class=\"yoast-schema-graph\">{\"@context\":\"https:\\\/\\\/schema.org\",\"@graph\":[{\"@type\":\"WebPage\",\"@id\":\"https:\\\/\\\/kohenavocats.com\\\/zh-hans\\\/jurisprudences\\\/ordinanza-n-19847-du-17-07-2025-quarta-sezione-lavoro-lavoro\\\/\",\"url\":\"https:\\\/\\\/kohenavocats.com\\\/zh-hans\\\/jurisprudences\\\/ordinanza-n-19847-du-17-07-2025-quarta-sezione-lavoro-lavoro\\\/\",\"name\":\"Ordinanza n. 19847 du 17\\\/07\\\/2025 - Quarta sezione lavoro \\\/ Lavoro - Ma\u00eetre Hassan Kohen, avocat en droit p\u00e9nal \u00e0 Paris\",\"isPartOf\":{\"@id\":\"https:\\\/\\\/kohenavocats.com\\\/zh-hans\\\/#website\"},\"datePublished\":\"2026-04-16T00:16:47+00:00\",\"breadcrumb\":{\"@id\":\"https:\\\/\\\/kohenavocats.com\\\/zh-hans\\\/jurisprudences\\\/ordinanza-n-19847-du-17-07-2025-quarta-sezione-lavoro-lavoro\\\/#breadcrumb\"},\"inLanguage\":\"zh-Hans\",\"potentialAction\":[{\"@type\":\"ReadAction\",\"target\":[\"https:\\\/\\\/kohenavocats.com\\\/zh-hans\\\/jurisprudences\\\/ordinanza-n-19847-du-17-07-2025-quarta-sezione-lavoro-lavoro\\\/\"]}]},{\"@type\":\"BreadcrumbList\",\"@id\":\"https:\\\/\\\/kohenavocats.com\\\/zh-hans\\\/jurisprudences\\\/ordinanza-n-19847-du-17-07-2025-quarta-sezione-lavoro-lavoro\\\/#breadcrumb\",\"itemListElement\":[{\"@type\":\"ListItem\",\"position\":1,\"name\":\"Home\",\"item\":\"https:\\\/\\\/kohenavocats.com\\\/zh-hans\\\/\"},{\"@type\":\"ListItem\",\"position\":2,\"name\":\"Jurisprudences\",\"item\":\"https:\\\/\\\/kohenavocats.com\\\/zh-hans\\\/jurisprudences\\\/\"},{\"@type\":\"ListItem\",\"position\":3,\"name\":\"Ordinanza n. 19847 du 17\\\/07\\\/2025 &#8211; Quarta sezione lavoro \\\/ Lavoro\"}]},{\"@type\":\"WebSite\",\"@id\":\"https:\\\/\\\/kohenavocats.com\\\/zh-hans\\\/#website\",\"url\":\"https:\\\/\\\/kohenavocats.com\\\/zh-hans\\\/\",\"name\":\"Kohen Avocats\",\"description\":\"Ma\u00eetre Hassan Kohen, avocat p\u00e9naliste \u00e0 Paris, intervient exclusivement en droit p\u00e9nal pour la d\u00e9fense des particuliers, notamment en mati\u00e8re d\u2019accusations de viol. Il assure un accompagnement rigoureux d\u00e8s la garde \u00e0 vue jusqu\u2019\u00e0 la Cour d\u2019assises, veillant au strict respect des garanties proc\u00e9durales.\",\"publisher\":{\"@id\":\"https:\\\/\\\/kohenavocats.com\\\/zh-hans\\\/#organization\"},\"potentialAction\":[{\"@type\":\"SearchAction\",\"target\":{\"@type\":\"EntryPoint\",\"urlTemplate\":\"https:\\\/\\\/kohenavocats.com\\\/zh-hans\\\/?s={search_term_string}\"},\"query-input\":{\"@type\":\"PropertyValueSpecification\",\"valueRequired\":true,\"valueName\":\"search_term_string\"}}],\"inLanguage\":\"zh-Hans\"},{\"@type\":\"Organization\",\"@id\":\"https:\\\/\\\/kohenavocats.com\\\/zh-hans\\\/#organization\",\"name\":\"Kohen Avocats\",\"url\":\"https:\\\/\\\/kohenavocats.com\\\/zh-hans\\\/\",\"logo\":{\"@type\":\"ImageObject\",\"inLanguage\":\"zh-Hans\",\"@id\":\"https:\\\/\\\/kohenavocats.com\\\/zh-hans\\\/#\\\/schema\\\/logo\\\/image\\\/\",\"url\":\"https:\\\/\\\/kohenavocats.com\\\/wp-content\\\/uploads\\\/2026\\\/01\\\/Logo-2-1.webp\",\"contentUrl\":\"https:\\\/\\\/kohenavocats.com\\\/wp-content\\\/uploads\\\/2026\\\/01\\\/Logo-2-1.webp\",\"width\":2114,\"height\":1253,\"caption\":\"Kohen Avocats\"},\"image\":{\"@id\":\"https:\\\/\\\/kohenavocats.com\\\/zh-hans\\\/#\\\/schema\\\/logo\\\/image\\\/\"}}]}<\/script>\n<!-- \/ Yoast SEO Premium plugin. -->","yoast_head_json":{"title":"Ordinanza n. 19847 du 17\/07\/2025 - Quarta sezione lavoro \/ Lavoro - Ma\u00eetre Hassan Kohen, avocat en droit p\u00e9nal \u00e0 Paris","robots":{"index":"index","follow":"follow","max-snippet":"max-snippet:-1","max-image-preview":"max-image-preview:large","max-video-preview":"max-video-preview:-1"},"canonical":"https:\/\/kohenavocats.com\/zh-hans\/jurisprudences\/ordinanza-n-19847-du-17-07-2025-quarta-sezione-lavoro-lavoro\/","og_locale":"zh_CN","og_type":"article","og_title":"Ordinanza n. 19847 du 17\/07\/2025 - Quarta sezione lavoro \/ Lavoro","og_description":"Oggetto Procuratori dello Stato - Ammissione al concorso - Art. 1 del d.P.C.M. n. 141 del 2000 - Limite di et\u00e0 di trentacinque anni - Disparit\u00e0 di trattamento basata sull\u2019et\u00e0 - Compatibilit\u00e0 con il diritto UE - Questione pregiudiziale rimessa alla Corte di giustizia dell\u2019Unione europea. Presidente: L. Tria Relatore: I. Fedele L\u2019esito in sintesi La Sezione Lavoro ha disposto,...","og_url":"https:\/\/kohenavocats.com\/zh-hans\/jurisprudences\/ordinanza-n-19847-du-17-07-2025-quarta-sezione-lavoro-lavoro\/","og_site_name":"Ma\u00eetre Hassan Kohen, avocat en droit p\u00e9nal \u00e0 Paris","twitter_card":"summary_large_image","twitter_misc":{"\u9884\u8ba1\u9605\u8bfb\u65f6\u95f4":"1 \u5206"},"schema":{"@context":"https:\/\/schema.org","@graph":[{"@type":"WebPage","@id":"https:\/\/kohenavocats.com\/zh-hans\/jurisprudences\/ordinanza-n-19847-du-17-07-2025-quarta-sezione-lavoro-lavoro\/","url":"https:\/\/kohenavocats.com\/zh-hans\/jurisprudences\/ordinanza-n-19847-du-17-07-2025-quarta-sezione-lavoro-lavoro\/","name":"Ordinanza n. 19847 du 17\/07\/2025 - Quarta sezione lavoro \/ Lavoro - Ma\u00eetre Hassan Kohen, avocat en droit p\u00e9nal \u00e0 Paris","isPartOf":{"@id":"https:\/\/kohenavocats.com\/zh-hans\/#website"},"datePublished":"2026-04-16T00:16:47+00:00","breadcrumb":{"@id":"https:\/\/kohenavocats.com\/zh-hans\/jurisprudences\/ordinanza-n-19847-du-17-07-2025-quarta-sezione-lavoro-lavoro\/#breadcrumb"},"inLanguage":"zh-Hans","potentialAction":[{"@type":"ReadAction","target":["https:\/\/kohenavocats.com\/zh-hans\/jurisprudences\/ordinanza-n-19847-du-17-07-2025-quarta-sezione-lavoro-lavoro\/"]}]},{"@type":"BreadcrumbList","@id":"https:\/\/kohenavocats.com\/zh-hans\/jurisprudences\/ordinanza-n-19847-du-17-07-2025-quarta-sezione-lavoro-lavoro\/#breadcrumb","itemListElement":[{"@type":"ListItem","position":1,"name":"Home","item":"https:\/\/kohenavocats.com\/zh-hans\/"},{"@type":"ListItem","position":2,"name":"Jurisprudences","item":"https:\/\/kohenavocats.com\/zh-hans\/jurisprudences\/"},{"@type":"ListItem","position":3,"name":"Ordinanza n. 19847 du 17\/07\/2025 &#8211; Quarta sezione lavoro \/ Lavoro"}]},{"@type":"WebSite","@id":"https:\/\/kohenavocats.com\/zh-hans\/#website","url":"https:\/\/kohenavocats.com\/zh-hans\/","name":"Kohen Avocats","description":"Ma\u00eetre Hassan Kohen, avocat p\u00e9naliste \u00e0 Paris, intervient exclusivement en droit p\u00e9nal pour la d\u00e9fense des particuliers, notamment en mati\u00e8re d\u2019accusations de viol. Il assure un accompagnement rigoureux d\u00e8s la garde \u00e0 vue jusqu\u2019\u00e0 la Cour d\u2019assises, veillant au strict respect des garanties proc\u00e9durales.","publisher":{"@id":"https:\/\/kohenavocats.com\/zh-hans\/#organization"},"potentialAction":[{"@type":"SearchAction","target":{"@type":"EntryPoint","urlTemplate":"https:\/\/kohenavocats.com\/zh-hans\/?s={search_term_string}"},"query-input":{"@type":"PropertyValueSpecification","valueRequired":true,"valueName":"search_term_string"}}],"inLanguage":"zh-Hans"},{"@type":"Organization","@id":"https:\/\/kohenavocats.com\/zh-hans\/#organization","name":"Kohen Avocats","url":"https:\/\/kohenavocats.com\/zh-hans\/","logo":{"@type":"ImageObject","inLanguage":"zh-Hans","@id":"https:\/\/kohenavocats.com\/zh-hans\/#\/schema\/logo\/image\/","url":"https:\/\/kohenavocats.com\/wp-content\/uploads\/2026\/01\/Logo-2-1.webp","contentUrl":"https:\/\/kohenavocats.com\/wp-content\/uploads\/2026\/01\/Logo-2-1.webp","width":2114,"height":1253,"caption":"Kohen Avocats"},"image":{"@id":"https:\/\/kohenavocats.com\/zh-hans\/#\/schema\/logo\/image\/"}}]}},"jetpack_likes_enabled":false,"jetpack_sharing_enabled":true,"_links":{"self":[{"href":"https:\/\/kohenavocats.com\/zh-hans\/wp-json\/wp\/v2\/kji_decision\/574009","targetHints":{"allow":["GET"]}}],"collection":[{"href":"https:\/\/kohenavocats.com\/zh-hans\/wp-json\/wp\/v2\/kji_decision"}],"about":[{"href":"https:\/\/kohenavocats.com\/zh-hans\/wp-json\/wp\/v2\/types\/kji_decision"}],"wp:attachment":[{"href":"https:\/\/kohenavocats.com\/zh-hans\/wp-json\/wp\/v2\/media?parent=574009"}],"wp:term":[{"taxonomy":"kji_country","embeddable":true,"href":"https:\/\/kohenavocats.com\/zh-hans\/wp-json\/wp\/v2\/kji_country?post=574009"},{"taxonomy":"kji_court","embeddable":true,"href":"https:\/\/kohenavocats.com\/zh-hans\/wp-json\/wp\/v2\/kji_court?post=574009"},{"taxonomy":"kji_chamber","embeddable":true,"href":"https:\/\/kohenavocats.com\/zh-hans\/wp-json\/wp\/v2\/kji_chamber?post=574009"},{"taxonomy":"kji_year","embeddable":true,"href":"https:\/\/kohenavocats.com\/zh-hans\/wp-json\/wp\/v2\/kji_year?post=574009"},{"taxonomy":"kji_subject","embeddable":true,"href":"https:\/\/kohenavocats.com\/zh-hans\/wp-json\/wp\/v2\/kji_subject?post=574009"},{"taxonomy":"kji_keyword","embeddable":true,"href":"https:\/\/kohenavocats.com\/zh-hans\/wp-json\/wp\/v2\/kji_keyword?post=574009"},{"taxonomy":"kji_language","embeddable":true,"href":"https:\/\/kohenavocats.com\/zh-hans\/wp-json\/wp\/v2\/kji_language?post=574009"}],"curies":[{"name":"wp","href":"https:\/\/api.w.org\/{rel}","templated":true}]}}