{"id":575565,"date":"2026-04-16T06:57:41","date_gmt":"2026-04-16T04:57:41","guid":{"rendered":"https:\/\/kohenavocats.com\/jurisprudences\/tribunal-federal-suisse-30-mai-2025-n-8c-264-2025\/"},"modified":"2026-04-16T06:57:41","modified_gmt":"2026-04-16T04:57:41","slug":"tribunal-federal-suisse-30-mai-2025-n-8c-264-2025","status":"publish","type":"kji_decision","link":"https:\/\/kohenavocats.com\/zh-hans\/jurisprudences\/tribunal-federal-suisse-30-mai-2025-n-8c-264-2025\/","title":{"rendered":"Tribunal f\u00e9d\u00e9ral suisse, 30 mai 2025, n\u00b0 8C 264-2025"},"content":{"rendered":"<div class=\"kji-decision\">\n<div class=\"kji-full-text\">\n<p>Bundesgericht<\/p>\n<p>Tribunal f\u00e9d\u00e9ral<\/p>\n<p>Tribunale federale<\/p>\n<p>Tribunal federal<\/p>\n<p>8C_264\/2025<\/p>\n<p>Urteil vom 30. Mai 2025<\/p>\n<p>IV. \u00f6ffentlich-rechtliche Abteilung<\/p>\n<p>Besetzung<\/p>\n<p>Bundesrichterin Viscione, Pr\u00e4sidentin,<\/p>\n<p>Gerichtsschreiber Gr\u00fcnvogel.<\/p>\n<p>Verfahrensbeteiligte<\/p>\n<p>A.________,<\/p>\n<p>Beschwerdef\u00fchrer,<\/p>\n<p>gegen<\/p>\n<p>Arbeitslosenkasse des Kantons Schaffhausen, Oberstadt 9, 8200 Schaffhausen,<\/p>\n<p>Beschwerdegegnerin.<\/p>\n<p>Gegenstand<\/p>\n<p>Arbeitslosenversicherung (Prozessvoraussetzung),<\/p>\n<p>Beschwerde gegen den Entscheid des Obergerichts des Kantons Schaffhausen vom 22. April 2025 (64\/2024\/10).<\/p>\n<p>Erw\u00e4gungen:<\/p>\n<p>1.<\/p>\n<p>Nach Art. 95 BGG kann mit der Beschwerde nebst anderem die Verletzung von Bundesrecht ger\u00fcgt werden (lit. a), die Feststellung des Sachverhalts demgegen\u00fcber nur, wenn sie offensichtlich unrichtig ist oder auf einer Rechtsverletzung im Sinne von Art. 95 BGG beruht und wenn die Behebung des Mangels f\u00fcr den Ausgang des Verfahrens entscheidend sein kann (Art. 97 Abs. 1 BGG). Gem\u00e4ss Art. 42 Abs. 1 und 2 BGG hat die Beschwerde unter anderem die Begehren und deren Begr\u00fcndung zu enthalten, wobei in gedr\u00e4ngter Form darzulegen ist, inwiefern der angefochtene Akt Recht verletzt. Dabei ist konkret auf die f\u00fcr das Ergebnis des angefochtenen Entscheids massgeblichen Erw\u00e4gungen einzugehen und im Einzelnen zu zeigen, welche Vorschriften von der Vorinstanz weshalb verletzt worden sind (BGE 134 V 53 E. 3.3 und 133 IV 286 E. 1.4). Die blosse Wiedergabe der eigenen Sichtweise oder einfach zu behaupten, der angefochtene Gerichtsentscheid sei falsch, gen\u00fcgt nicht (vgl. zur unzul\u00e4ssigen appellatorischen Kritik: BGE 148 IV 205 E. 2.6; 144 V 50 E. 4.2; 137 V 57 E. 1.3 und 136 I 65 E. 1.3.1).<\/p>\n<p>2.<\/p>\n<p>Das kantonale Gericht best\u00e4tigte mit Entscheid vom 22. April 2025 die von der Beschwerdegegnerin gest\u00fctzt auf Art. 30 Abs. 1 lit. a AVIG verf\u00fcgte Einstellung des Beschwerdef\u00fchrers in der Anspruchsberechtigung auf Arbeitslosenentsch\u00e4digung f\u00fcr die Dauer von 39 Tagen (vgl. Verf\u00fcgung vom 3. Juni 2024, best\u00e4tigt mit Einspracheentscheid vom 4. Juli 2024). Dabei setzte es sich mit den Parteivorbringen auseinander und legte in W\u00fcrdigung der Akten dar, weshalb von einer selbstverschuldeten Arbeitslosigkeit auszugehen sei, welche eine Einstellung in diesem Umfang erlaube.<\/p>\n<p>3.<\/p>\n<p>Der Beschwerdef\u00fchrer zeigt nicht auf, inwieweit die von der Vorinstanz in diesem Zusammenhang getroffenen Sachverhaltsfeststellungen offensichtlich unrichtig im Sinne von Art. 97 Abs. 1 BGG, das heisst willk\u00fcrlich (BGE 146 IV 88 E. 1.3.1 f.; 140 III 115 E. 2; je mit Hinweisen) sein und die darauf beruhenden Erw\u00e4gungen gegen Bundesrecht verstossen oder einen anderen Beschwerdegrund (vgl. Art. 95 lit. a-e BGG) gesetzt haben sollen. Er scheint zu verkennen, dass sein zur K\u00fcndigung des Arbeitsverh\u00e4ltnisses f\u00fchrendes Fehlverhalten (Filmen und Fotografieren von anderen Mitarbeitenden der Einsatzfirma, \u00dcbermitteln von solchen Aufnahmen an die Leiter der Einsatzfirma) gem\u00e4ss vorinstanzlicher Feststellung dem Stellenvermittlungsb\u00fcro als Arbeitgeberin bereits am 26. April 2024 bekannt war. Ob das B\u00fcro den genauen Inhalt des Videos zu diesem Zeitpunkt bereits gekannt hatte oder nicht, war f\u00fcr das kantonale Gericht bei der Beurteilung, ob das Filmen und Fotografieren von Mitarbeitenden urs\u00e4chlich f\u00fcr die (rechtm\u00e4ssige) Entlassung des Beschwerdef\u00fchrers gewesen sei, ohne Belang. Daher zielt es an der Sache vorbei, wenn der Beschwerdef\u00fchrer geltend macht, er habe das Video B.________ (als Vertreter der Arbeitgeberin) erst am 29. April 2024 zugestellt. Inwieweit sich das kantonale Gericht in einen offenen Widerspruch gesetzt haben soll, wenn es einerseits die Vorbringen des Beschwerdef\u00fchrers aufnimmt, wonach er mit seinem Vorgehen Missst\u00e4nde innerhalb der Einsatzfirma aufgezeigt habe, andererseits aber in Darlegung des Geschehensablaufs nicht von einer Rachek\u00fcndigung wegen aufgedeckter Missst\u00e4nde, sondern wegen der Film- und Fotoaufnahmen ausgeht, wird sodann nicht n\u00e4her ausgef\u00fchrt. Schliesslich reicht es nicht aus, verschiedene Rechtsgrunds\u00e4tze anzurufen, ohne sie in einen erkennbaren Zusammenhang zu den vorinstanzlichen Erw\u00e4gungen zu stellen.<\/p>\n<p>4.<\/p>\n<p>Fehlt es offensichtlich an einer sachbezogenen Begr\u00fcndung, so f\u00fchrt dies zu einem Nichteintreten auf das Rechtsmittel im vereinfachten Verfahren nach Art. 108 Abs. 1 lit. b BGG.<\/p>\n<p>5.<\/p>\n<p>In Anwendung von Art. 66 Abs. 1 Satz 2 BGG wird ausnahmsweise auf die Erhebung von Gerichtskosten verzichtet. Damit wird das mit der Beschwerde gestellte Gesuch um unentgeltliche Prozessf\u00fchrung gegenstandslos.<\/p>\n<p>Demnach erkennt die Pr\u00e4sidentin:<\/p>\n<p>1.<\/p>\n<p>Auf die Beschwerde wird nicht eingetreten.<\/p>\n<p>2.<\/p>\n<p>Es werden keine Gerichtskosten erhoben.<\/p>\n<p>3.<\/p>\n<p>Dieses Urteil wird den Parteien, dem Obergericht des Kantons Schaffhausen und dem Staatssekretariat f\u00fcr Wirtschaft (SECO) schriftlich mitgeteilt.<\/p>\n<p>Luzern, 30. Mai 2025<\/p>\n<p>Im Namen der IV. \u00f6ffentlich-rechtlichen Abteilung<\/p>\n<p>des Schweizerischen Bundesgerichts<\/p>\n<p>Die Pr\u00e4sidentin: Viscione<\/p>\n<p>Der Gerichtsschreiber: Gr\u00fcnvogel<\/p>\n<\/div>\n<hr class=\"kji-sep\" \/>\n<p class=\"kji-source-links\"><strong>Sources officielles :<\/strong> <a class=\"kji-source-link\" href=\"https:\/\/search.bger.ch\/ext\/eurospider\/live\/fr\/php\/aza\/http\/index.php?lang=fr&#038;type=highlight_simple_query&#038;page=6&#038;from_date=&#038;to_date=&#038;sort=relevance&#038;insertion_date=&#038;top_subcollection_aza=all&#038;query_words=bundesrecht&#038;rank=57&#038;azaclir=aza&#038;highlight_docid=aza%3A%2F%2F30-05-2025-8C_264-2025&#038;number_of_ranks=35514\" target=\"_blank\" rel=\"noopener noreferrer\">consulter la page source<\/a><\/p>\n<p class=\"kji-license-note\"><em>Source officielle Tribunal federal suisse. Contenu HTML public, PDF non garanti en version gratuite.<\/em><\/p>\n<\/div>\n","protected":false},"excerpt":{"rendered":"<p>Bundesgericht Tribunal f\u00e9d\u00e9ral Tribunale federale Tribunal federal 8C_264\/2025 Urteil vom 30. Mai 2025 IV. \u00f6ffentlich-rechtliche Abteilung Besetzung Bundesrichterin Viscione, Pr\u00e4sidentin, Gerichtsschreiber Gr\u00fcnvogel. Verfahrensbeteiligte A.________, Beschwerdef\u00fchrer, gegen Arbeitslosenkasse des Kantons Schaffhausen, Oberstadt 9, 8200 Schaffhausen, Beschwerdegegnerin. Gegenstand Arbeitslosenversicherung (Prozessvoraussetzung), Beschwerde gegen den Entscheid des Obergerichts des Kantons Schaffhausen vom 22. April 2025 (64\/2024\/10). Erw\u00e4gungen: 1. Nach&#8230;<\/p>\n","protected":false},"featured_media":0,"template":"","meta":{"_crdt_document":""},"kji_country":[9676],"kji_court":[9677],"kji_chamber":[10163],"kji_year":[8463],"kji_subject":[7712],"kji_keyword":[9799,9679,9680,7636],"kji_language":[7685],"class_list":["post-575565","kji_decision","type-kji_decision","status-publish","hentry","kji_country-suisse","kji_court-tribunal-federal-suisse","kji_chamber-ire-cour-de-droit-social","kji_year-8463","kji_subject-social","kji_keyword-bundesgericht","kji_keyword-federal","kji_keyword-suisse","kji_keyword-tribunal","kji_language-italien"],"yoast_head":"<!-- This site is optimized with the Yoast SEO Premium plugin v27.4 (Yoast SEO v27.4) - https:\/\/yoast.com\/product\/yoast-seo-premium-wordpress\/ -->\n<title>Tribunal f\u00e9d\u00e9ral suisse, 30 mai 2025, n\u00b0 8C 264-2025 - Ma\u00eetre Hassan Kohen, avocat en droit p\u00e9nal \u00e0 Paris<\/title>\n<meta name=\"robots\" content=\"index, follow, max-snippet:-1, max-image-preview:large, max-video-preview:-1\" \/>\n<link rel=\"canonical\" href=\"https:\/\/kohenavocats.com\/zh-hans\/jurisprudences\/tribunal-federal-suisse-30-mai-2025-n-8c-264-2025\/\" \/>\n<meta property=\"og:locale\" content=\"zh_CN\" \/>\n<meta property=\"og:type\" content=\"article\" \/>\n<meta property=\"og:title\" content=\"Tribunal f\u00e9d\u00e9ral suisse, 30 mai 2025, n\u00b0 8C 264-2025\" \/>\n<meta property=\"og:description\" content=\"Bundesgericht Tribunal f\u00e9d\u00e9ral Tribunale federale Tribunal federal 8C_264\/2025 Urteil vom 30. Mai 2025 IV. \u00f6ffentlich-rechtliche Abteilung Besetzung Bundesrichterin Viscione, Pr\u00e4sidentin, Gerichtsschreiber Gr\u00fcnvogel. Verfahrensbeteiligte A.________, Beschwerdef\u00fchrer, gegen Arbeitslosenkasse des Kantons Schaffhausen, Oberstadt 9, 8200 Schaffhausen, Beschwerdegegnerin. Gegenstand Arbeitslosenversicherung (Prozessvoraussetzung), Beschwerde gegen den Entscheid des Obergerichts des Kantons Schaffhausen vom 22. April 2025 (64\/2024\/10). Erw\u00e4gungen: 1. Nach...\" \/>\n<meta property=\"og:url\" content=\"https:\/\/kohenavocats.com\/zh-hans\/jurisprudences\/tribunal-federal-suisse-30-mai-2025-n-8c-264-2025\/\" \/>\n<meta property=\"og:site_name\" content=\"Ma\u00eetre Hassan Kohen, avocat en droit p\u00e9nal \u00e0 Paris\" \/>\n<meta name=\"twitter:card\" content=\"summary_large_image\" \/>\n<meta name=\"twitter:label1\" content=\"\u9884\u8ba1\u9605\u8bfb\u65f6\u95f4\" \/>\n\t<meta name=\"twitter:data1\" content=\"3 \u5206\" \/>\n<script type=\"application\/ld+json\" class=\"yoast-schema-graph\">{\"@context\":\"https:\\\/\\\/schema.org\",\"@graph\":[{\"@type\":\"WebPage\",\"@id\":\"https:\\\/\\\/kohenavocats.com\\\/zh-hans\\\/jurisprudences\\\/tribunal-federal-suisse-30-mai-2025-n-8c-264-2025\\\/\",\"url\":\"https:\\\/\\\/kohenavocats.com\\\/zh-hans\\\/jurisprudences\\\/tribunal-federal-suisse-30-mai-2025-n-8c-264-2025\\\/\",\"name\":\"Tribunal f\u00e9d\u00e9ral suisse, 30 mai 2025, n\u00b0 8C 264-2025 - Ma\u00eetre Hassan Kohen, avocat en droit p\u00e9nal \u00e0 Paris\",\"isPartOf\":{\"@id\":\"https:\\\/\\\/kohenavocats.com\\\/zh-hans\\\/#website\"},\"datePublished\":\"2026-04-16T04:57:41+00:00\",\"breadcrumb\":{\"@id\":\"https:\\\/\\\/kohenavocats.com\\\/zh-hans\\\/jurisprudences\\\/tribunal-federal-suisse-30-mai-2025-n-8c-264-2025\\\/#breadcrumb\"},\"inLanguage\":\"zh-Hans\",\"potentialAction\":[{\"@type\":\"ReadAction\",\"target\":[\"https:\\\/\\\/kohenavocats.com\\\/zh-hans\\\/jurisprudences\\\/tribunal-federal-suisse-30-mai-2025-n-8c-264-2025\\\/\"]}]},{\"@type\":\"BreadcrumbList\",\"@id\":\"https:\\\/\\\/kohenavocats.com\\\/zh-hans\\\/jurisprudences\\\/tribunal-federal-suisse-30-mai-2025-n-8c-264-2025\\\/#breadcrumb\",\"itemListElement\":[{\"@type\":\"ListItem\",\"position\":1,\"name\":\"Home\",\"item\":\"https:\\\/\\\/kohenavocats.com\\\/zh-hans\\\/\"},{\"@type\":\"ListItem\",\"position\":2,\"name\":\"Jurisprudences\",\"item\":\"https:\\\/\\\/kohenavocats.com\\\/zh-hans\\\/jurisprudences\\\/\"},{\"@type\":\"ListItem\",\"position\":3,\"name\":\"Tribunal f\u00e9d\u00e9ral suisse, 30 mai 2025, n\u00b0 8C 264-2025\"}]},{\"@type\":\"WebSite\",\"@id\":\"https:\\\/\\\/kohenavocats.com\\\/zh-hans\\\/#website\",\"url\":\"https:\\\/\\\/kohenavocats.com\\\/zh-hans\\\/\",\"name\":\"Kohen Avocats\",\"description\":\"Ma\u00eetre Hassan Kohen, avocat p\u00e9naliste \u00e0 Paris, intervient exclusivement en droit p\u00e9nal pour la d\u00e9fense des particuliers, notamment en mati\u00e8re d\u2019accusations de viol. Il assure un accompagnement rigoureux d\u00e8s la garde \u00e0 vue jusqu\u2019\u00e0 la Cour d\u2019assises, veillant au strict respect des garanties proc\u00e9durales.\",\"publisher\":{\"@id\":\"https:\\\/\\\/kohenavocats.com\\\/zh-hans\\\/#organization\"},\"potentialAction\":[{\"@type\":\"SearchAction\",\"target\":{\"@type\":\"EntryPoint\",\"urlTemplate\":\"https:\\\/\\\/kohenavocats.com\\\/zh-hans\\\/?s={search_term_string}\"},\"query-input\":{\"@type\":\"PropertyValueSpecification\",\"valueRequired\":true,\"valueName\":\"search_term_string\"}}],\"inLanguage\":\"zh-Hans\"},{\"@type\":\"Organization\",\"@id\":\"https:\\\/\\\/kohenavocats.com\\\/zh-hans\\\/#organization\",\"name\":\"Kohen Avocats\",\"url\":\"https:\\\/\\\/kohenavocats.com\\\/zh-hans\\\/\",\"logo\":{\"@type\":\"ImageObject\",\"inLanguage\":\"zh-Hans\",\"@id\":\"https:\\\/\\\/kohenavocats.com\\\/zh-hans\\\/#\\\/schema\\\/logo\\\/image\\\/\",\"url\":\"https:\\\/\\\/kohenavocats.com\\\/wp-content\\\/uploads\\\/2026\\\/01\\\/Logo-2-1.webp\",\"contentUrl\":\"https:\\\/\\\/kohenavocats.com\\\/wp-content\\\/uploads\\\/2026\\\/01\\\/Logo-2-1.webp\",\"width\":2114,\"height\":1253,\"caption\":\"Kohen Avocats\"},\"image\":{\"@id\":\"https:\\\/\\\/kohenavocats.com\\\/zh-hans\\\/#\\\/schema\\\/logo\\\/image\\\/\"}}]}<\/script>\n<!-- \/ Yoast SEO Premium plugin. -->","yoast_head_json":{"title":"Tribunal f\u00e9d\u00e9ral suisse, 30 mai 2025, n\u00b0 8C 264-2025 - Ma\u00eetre Hassan Kohen, avocat en droit p\u00e9nal \u00e0 Paris","robots":{"index":"index","follow":"follow","max-snippet":"max-snippet:-1","max-image-preview":"max-image-preview:large","max-video-preview":"max-video-preview:-1"},"canonical":"https:\/\/kohenavocats.com\/zh-hans\/jurisprudences\/tribunal-federal-suisse-30-mai-2025-n-8c-264-2025\/","og_locale":"zh_CN","og_type":"article","og_title":"Tribunal f\u00e9d\u00e9ral suisse, 30 mai 2025, n\u00b0 8C 264-2025","og_description":"Bundesgericht Tribunal f\u00e9d\u00e9ral Tribunale federale Tribunal federal 8C_264\/2025 Urteil vom 30. Mai 2025 IV. \u00f6ffentlich-rechtliche Abteilung Besetzung Bundesrichterin Viscione, Pr\u00e4sidentin, Gerichtsschreiber Gr\u00fcnvogel. Verfahrensbeteiligte A.________, Beschwerdef\u00fchrer, gegen Arbeitslosenkasse des Kantons Schaffhausen, Oberstadt 9, 8200 Schaffhausen, Beschwerdegegnerin. Gegenstand Arbeitslosenversicherung (Prozessvoraussetzung), Beschwerde gegen den Entscheid des Obergerichts des Kantons Schaffhausen vom 22. April 2025 (64\/2024\/10). Erw\u00e4gungen: 1. Nach...","og_url":"https:\/\/kohenavocats.com\/zh-hans\/jurisprudences\/tribunal-federal-suisse-30-mai-2025-n-8c-264-2025\/","og_site_name":"Ma\u00eetre Hassan Kohen, avocat en droit p\u00e9nal \u00e0 Paris","twitter_card":"summary_large_image","twitter_misc":{"\u9884\u8ba1\u9605\u8bfb\u65f6\u95f4":"3 \u5206"},"schema":{"@context":"https:\/\/schema.org","@graph":[{"@type":"WebPage","@id":"https:\/\/kohenavocats.com\/zh-hans\/jurisprudences\/tribunal-federal-suisse-30-mai-2025-n-8c-264-2025\/","url":"https:\/\/kohenavocats.com\/zh-hans\/jurisprudences\/tribunal-federal-suisse-30-mai-2025-n-8c-264-2025\/","name":"Tribunal f\u00e9d\u00e9ral suisse, 30 mai 2025, n\u00b0 8C 264-2025 - Ma\u00eetre Hassan Kohen, avocat en droit p\u00e9nal \u00e0 Paris","isPartOf":{"@id":"https:\/\/kohenavocats.com\/zh-hans\/#website"},"datePublished":"2026-04-16T04:57:41+00:00","breadcrumb":{"@id":"https:\/\/kohenavocats.com\/zh-hans\/jurisprudences\/tribunal-federal-suisse-30-mai-2025-n-8c-264-2025\/#breadcrumb"},"inLanguage":"zh-Hans","potentialAction":[{"@type":"ReadAction","target":["https:\/\/kohenavocats.com\/zh-hans\/jurisprudences\/tribunal-federal-suisse-30-mai-2025-n-8c-264-2025\/"]}]},{"@type":"BreadcrumbList","@id":"https:\/\/kohenavocats.com\/zh-hans\/jurisprudences\/tribunal-federal-suisse-30-mai-2025-n-8c-264-2025\/#breadcrumb","itemListElement":[{"@type":"ListItem","position":1,"name":"Home","item":"https:\/\/kohenavocats.com\/zh-hans\/"},{"@type":"ListItem","position":2,"name":"Jurisprudences","item":"https:\/\/kohenavocats.com\/zh-hans\/jurisprudences\/"},{"@type":"ListItem","position":3,"name":"Tribunal f\u00e9d\u00e9ral suisse, 30 mai 2025, n\u00b0 8C 264-2025"}]},{"@type":"WebSite","@id":"https:\/\/kohenavocats.com\/zh-hans\/#website","url":"https:\/\/kohenavocats.com\/zh-hans\/","name":"Kohen Avocats","description":"Ma\u00eetre Hassan Kohen, avocat p\u00e9naliste \u00e0 Paris, intervient exclusivement en droit p\u00e9nal pour la d\u00e9fense des particuliers, notamment en mati\u00e8re d\u2019accusations de viol. Il assure un accompagnement rigoureux d\u00e8s la garde \u00e0 vue jusqu\u2019\u00e0 la Cour d\u2019assises, veillant au strict respect des garanties proc\u00e9durales.","publisher":{"@id":"https:\/\/kohenavocats.com\/zh-hans\/#organization"},"potentialAction":[{"@type":"SearchAction","target":{"@type":"EntryPoint","urlTemplate":"https:\/\/kohenavocats.com\/zh-hans\/?s={search_term_string}"},"query-input":{"@type":"PropertyValueSpecification","valueRequired":true,"valueName":"search_term_string"}}],"inLanguage":"zh-Hans"},{"@type":"Organization","@id":"https:\/\/kohenavocats.com\/zh-hans\/#organization","name":"Kohen Avocats","url":"https:\/\/kohenavocats.com\/zh-hans\/","logo":{"@type":"ImageObject","inLanguage":"zh-Hans","@id":"https:\/\/kohenavocats.com\/zh-hans\/#\/schema\/logo\/image\/","url":"https:\/\/kohenavocats.com\/wp-content\/uploads\/2026\/01\/Logo-2-1.webp","contentUrl":"https:\/\/kohenavocats.com\/wp-content\/uploads\/2026\/01\/Logo-2-1.webp","width":2114,"height":1253,"caption":"Kohen Avocats"},"image":{"@id":"https:\/\/kohenavocats.com\/zh-hans\/#\/schema\/logo\/image\/"}}]}},"jetpack_likes_enabled":false,"jetpack_sharing_enabled":true,"_links":{"self":[{"href":"https:\/\/kohenavocats.com\/zh-hans\/wp-json\/wp\/v2\/kji_decision\/575565","targetHints":{"allow":["GET"]}}],"collection":[{"href":"https:\/\/kohenavocats.com\/zh-hans\/wp-json\/wp\/v2\/kji_decision"}],"about":[{"href":"https:\/\/kohenavocats.com\/zh-hans\/wp-json\/wp\/v2\/types\/kji_decision"}],"wp:attachment":[{"href":"https:\/\/kohenavocats.com\/zh-hans\/wp-json\/wp\/v2\/media?parent=575565"}],"wp:term":[{"taxonomy":"kji_country","embeddable":true,"href":"https:\/\/kohenavocats.com\/zh-hans\/wp-json\/wp\/v2\/kji_country?post=575565"},{"taxonomy":"kji_court","embeddable":true,"href":"https:\/\/kohenavocats.com\/zh-hans\/wp-json\/wp\/v2\/kji_court?post=575565"},{"taxonomy":"kji_chamber","embeddable":true,"href":"https:\/\/kohenavocats.com\/zh-hans\/wp-json\/wp\/v2\/kji_chamber?post=575565"},{"taxonomy":"kji_year","embeddable":true,"href":"https:\/\/kohenavocats.com\/zh-hans\/wp-json\/wp\/v2\/kji_year?post=575565"},{"taxonomy":"kji_subject","embeddable":true,"href":"https:\/\/kohenavocats.com\/zh-hans\/wp-json\/wp\/v2\/kji_subject?post=575565"},{"taxonomy":"kji_keyword","embeddable":true,"href":"https:\/\/kohenavocats.com\/zh-hans\/wp-json\/wp\/v2\/kji_keyword?post=575565"},{"taxonomy":"kji_language","embeddable":true,"href":"https:\/\/kohenavocats.com\/zh-hans\/wp-json\/wp\/v2\/kji_language?post=575565"}],"curies":[{"name":"wp","href":"https:\/\/api.w.org\/{rel}","templated":true}]}}