{"id":577102,"date":"2026-04-16T11:59:50","date_gmt":"2026-04-16T09:59:50","guid":{"rendered":"https:\/\/kohenavocats.com\/jurisprudences\/tribunal-federal-suisse-5-mai-2025-n-5a-331-2025\/"},"modified":"2026-04-16T11:59:50","modified_gmt":"2026-04-16T09:59:50","slug":"tribunal-federal-suisse-5-mai-2025-n-5a-331-2025","status":"publish","type":"kji_decision","link":"https:\/\/kohenavocats.com\/zh-hans\/jurisprudences\/tribunal-federal-suisse-5-mai-2025-n-5a-331-2025\/","title":{"rendered":"Tribunal f\u00e9d\u00e9ral suisse, 5 mai 2025, n\u00b0 5A 331-2025"},"content":{"rendered":"<div class=\"kji-decision\">\n<div class=\"kji-full-text\">\n<p>Bundesgericht<\/p>\n<p>Tribunal f\u00e9d\u00e9ral<\/p>\n<p>Tribunale federale<\/p>\n<p>Tribunal federal<\/p>\n<p>5A_331\/2025<\/p>\n<p>Urteil vom 5. Mai 2025<\/p>\n<p>II. zivilrechtliche Abteilung<\/p>\n<p>Besetzung<\/p>\n<p>Bundesrichter Bovey, Pr\u00e4sident,<\/p>\n<p>Gerichtsschreiber M\u00f6ckli.<\/p>\n<p>Verfahrensbeteiligte<\/p>\n<p>A.________,<\/p>\n<p>Beschwerdef\u00fchrerin,<\/p>\n<p>gegen<\/p>\n<p>B.________,<\/p>\n<p>Beschwerdegegner.<\/p>\n<p>Gegenstand<\/p>\n<p>Weisung,<\/p>\n<p>Beschwerde gegen den Entscheid des Obergerichts des Kantons Aargau, Kammer f\u00fcr Kindes- und Erwachsenenschutz, vom 31. M\u00e4rz 2025 (XBE.2024.63).<\/p>\n<p>Sachverhalt:<\/p>\n<p>A.________ (Beschwerdef\u00fchrerin) und B.________ sind die nicht miteinander verheirateten und getrennt lebenden Eltern von C.________ (geb. 2017) und D.________ (geb. 2015), welche unter der gemeinsamen elterlichen Sorge und unter der alleinigen Obhut des Vaters stehen. Mit Entscheid vom 5. August 2021 errichtete das Familiengericht Brugg eine Erziehungsbeistandschaft i.S.v. Art. 308 Abs. 1 und 2 ZGB.<\/p>\n<p>Mit Entscheid vom 28. April 2022 verpflichtete das Familiengericht die Eltern gest\u00fctzt auf Art. 307 Abs. 1 und 3 ZGB zur Anmeldung f\u00fcr Kurse und erteilte der Mutter \u00fcberdies die Weisung, monatlich eine Best\u00e4tigung \u00fcber die absolvierten Therapiesitzungen einzureichen. Mit Entscheid vom 1. Juni 2023 lockerte es die Verpflichtung dahingehend, dass halbj\u00e4hrlich statt monatlich eine Best\u00e4tigung einzureichen ist.<\/p>\n<p>Mit Schreiben vom 12. M\u00e4rz 2024 beantragte die Mutter beim Familiengericht Brugg die Aufhebung der Weisung betreffend die halbj\u00e4hrliche Best\u00e4tigung der absolvierten Therapiesitzungen. Mit Schreiben vom 15. April 2024 beantragte sie die Aufhebung der ihr erteilten Weisungen, da eine Kontrolle hinsichtlich der Best\u00e4tigung der Therapiebesuche nicht erforderlich sei und sie aufgrund ihrer ASS-Diagnose nicht am Kurs &quot;Kinder im Blick&quot; teilnehmen k\u00f6nne, weil dieser in Gruppen durchgef\u00fchrt werde.<\/p>\n<p>Mit Entscheid vom 8. August 2024 passte das Familiengericht den Aufgabenkreis der Beist\u00e4ndin an und hob die seinerzeit an die Mutter erteilte Weisung gem\u00e4ss Art. 307 Abs. 1 und 3 ZGB auf, den Kurs &quot;Kinder im Blick&quot; zu besuchen und dem Familiengericht entsprechende Best\u00e4tigungen einzureichen.<\/p>\n<p>In teilweiser Gutheissung der Beschwerde des Vaters erteilte das Obergericht des Kantons Aargau mit Entscheid vom 31. M\u00e4rz 2025 der Mutter in Best\u00e4tigung der Anordnung des Familiengerichts vom 1. Juni 2023 gest\u00fctzt auf Art. 307 Abs. 3 ZGB die Weisung, sich \u00fcber die periodischen Therapiebesuche sowie die Gespr\u00e4che im Ambulatorium PDAG in Wohlen halbj\u00e4hrlich beim Familiengericht auszuweisen, d.h. eine Best\u00e4tigung der absolvierten Therapiesitzungen einzureichen.<\/p>\n<p>Mit Eingabe vom 30. April 2025 wendet sich die Beschwerdef\u00fchrerin an das Bundesgericht mit dem Anliegen, die Weisung sei aufzuheben.<\/p>\n<p>Erw\u00e4gungen:<\/p>\n<p>1.<\/p>\n<p>Der von der Vorinstanz festgestellte Sachverhalt ist f\u00fcr das Bundesgericht grunds\u00e4tzlich verbindlich (Art. 105 Abs. 1 BGG). Diesbez\u00fcglich kann nur eine willk\u00fcrliche Sachverhaltsfeststellung ger\u00fcgt werden, f\u00fcr welche das strenge R\u00fcgeprinzip gilt (Art. 97 Abs. 1 und Art. 106 Abs. 2 BGG), was bedeutet, dass das Bundesgericht nur klar und detailliert erhobene und belegte R\u00fcgen pr\u00fcft, w\u00e4hrend es auf ungen\u00fcgend substanziierte R\u00fcgen und rein appellatorische Kritik am Sachverhalt nicht eintritt (BGE 142 III 364 E. 2.4; 149 III 81 E. 1.3).<\/p>\n<p>In rechtlicher Hinsicht hat die Beschwerde eine Begr\u00fcndung zu enthalten, in welcher in gedr\u00e4ngter Form dargelegt wird, inwiefern der angefochtene Entscheid Recht verletzt (Art. 42 Abs. 2 BGG), was eine sachbezogene Auseinandersetzung mit dessen Begr\u00fcndung erfordert (BGE 140 III 115 E. 2; 142 III 364 E. 2.4).<\/p>\n<p>2.<\/p>\n<p>Die Beschwerdef\u00fchrerin beschr\u00e4nkt sich &#8211; soweit die Schilderungen \u00fcberhaupt den m\u00f6glichen Anfechtungsgegenstand und nicht andere Dinge betreffen &#8211; auf Ausf\u00fchrungen zum Sachverhalt aus eigener Sicht. Allerdings tut sie dies mit appellatorischen Ausf\u00fchrungen, ohne in Bezug auf die ausf\u00fchrlichen Sachverhaltsfeststellungen im angefochtenen Entscheid explizit Verfassungsr\u00fcgen zu erheben oder wenigstens implizit darzulegen, inwiefern verfassungsm\u00e4ssige Rechte verletzt sein sollen.<\/p>\n<p>3.<\/p>\n<p>Nach dem Gesagten erweist sich die Beschwerde als offensichtlich nicht hinreichend begr\u00fcndet, weshalb auf sie nicht eingetreten werden kann und der Pr\u00e4sident im vereinfachten Verfahren entscheidet (Art. 108 Abs. 1 lit. b BGG).<\/p>\n<p>4.<\/p>\n<p>Die Gerichtskosten sind der Beschwerdef\u00fchrerin aufzuerlegen (Art. 66 Abs. 1 BGG).<\/p>\n<p>Demnach erkennt der Pr\u00e4sident:<\/p>\n<p>1.<\/p>\n<p>Auf die Beschwerde wird nicht eingetreten.<\/p>\n<p>2.<\/p>\n<p>Die Gerichtskosten von Fr. 1&#039;000.&#8211; werden der Beschwerdef\u00fchrerin auferlegt.<\/p>\n<p>3.<\/p>\n<p>Dieses Urteil wird den Parteien, der Beist\u00e4ndin, dem Familiengericht Brugg und dem Obergericht des Kantons Aargau, Kammer f\u00fcr Kindes- und Erwachsenenschutz mitgeteilt.<\/p>\n<p>Lausanne, 5. Mai 2025<\/p>\n<p>Im Namen der II. zivilrechtlichen Abteilung<\/p>\n<p>des Schweizerischen Bundesgerichts<\/p>\n<p>Der Pr\u00e4sident: Bovey<\/p>\n<p>Der Gerichtsschreiber: M\u00f6ckli<\/p>\n<\/div>\n<hr class=\"kji-sep\" \/>\n<p class=\"kji-source-links\"><strong>Sources officielles :<\/strong> <a class=\"kji-source-link\" href=\"https:\/\/search.bger.ch\/ext\/eurospider\/live\/fr\/php\/aza\/http\/index.php?lang=fr&#038;type=highlight_simple_query&#038;page=5&#038;from_date=&#038;to_date=&#038;sort=relevance&#038;insertion_date=&#038;top_subcollection_aza=all&#038;query_words=beschwerde&#038;rank=45&#038;azaclir=aza&#038;highlight_docid=aza%3A%2F%2F05-05-2025-5A_331-2025&#038;number_of_ranks=104522\" target=\"_blank\" rel=\"noopener noreferrer\">consulter la page source<\/a><\/p>\n<p class=\"kji-license-note\"><em>Source officielle Tribunal federal suisse. Contenu HTML public, PDF non garanti en version gratuite.<\/em><\/p>\n<\/div>\n","protected":false},"excerpt":{"rendered":"<p>Bundesgericht Tribunal f\u00e9d\u00e9ral Tribunale federale Tribunal federal 5A_331\/2025 Urteil vom 5. Mai 2025 II. zivilrechtliche Abteilung Besetzung Bundesrichter Bovey, Pr\u00e4sident, Gerichtsschreiber M\u00f6ckli. Verfahrensbeteiligte A.________, Beschwerdef\u00fchrerin, gegen B.________, Beschwerdegegner. Gegenstand Weisung, Beschwerde gegen den Entscheid des Obergerichts des Kantons Aargau, Kammer f\u00fcr Kindes- und Erwachsenenschutz, vom 31. M\u00e4rz 2025 (XBE.2024.63). Sachverhalt: A.________ (Beschwerdef\u00fchrerin) und B.________ sind&#8230;<\/p>\n","protected":false},"featured_media":0,"template":"","meta":{"_crdt_document":""},"kji_country":[9676],"kji_court":[9677],"kji_chamber":[10160],"kji_year":[8463],"kji_subject":[7724],"kji_keyword":[9799,9679,9680,7636],"kji_language":[7685],"class_list":["post-577102","kji_decision","type-kji_decision","status-publish","hentry","kji_country-suisse","kji_court-tribunal-federal-suisse","kji_chamber-iie-cour-de-droit-civil","kji_year-8463","kji_subject-civil","kji_keyword-bundesgericht","kji_keyword-federal","kji_keyword-suisse","kji_keyword-tribunal","kji_language-italien"],"yoast_head":"<!-- This site is optimized with the Yoast SEO Premium plugin v27.4 (Yoast SEO v27.4) - https:\/\/yoast.com\/product\/yoast-seo-premium-wordpress\/ -->\n<title>Tribunal f\u00e9d\u00e9ral suisse, 5 mai 2025, n\u00b0 5A 331-2025 - Ma\u00eetre Hassan Kohen, avocat en droit p\u00e9nal \u00e0 Paris<\/title>\n<meta name=\"robots\" content=\"index, follow, max-snippet:-1, max-image-preview:large, max-video-preview:-1\" \/>\n<link rel=\"canonical\" href=\"https:\/\/kohenavocats.com\/zh-hans\/jurisprudences\/tribunal-federal-suisse-5-mai-2025-n-5a-331-2025\/\" \/>\n<meta property=\"og:locale\" content=\"zh_CN\" \/>\n<meta property=\"og:type\" content=\"article\" \/>\n<meta property=\"og:title\" content=\"Tribunal f\u00e9d\u00e9ral suisse, 5 mai 2025, n\u00b0 5A 331-2025\" \/>\n<meta property=\"og:description\" content=\"Bundesgericht Tribunal f\u00e9d\u00e9ral Tribunale federale Tribunal federal 5A_331\/2025 Urteil vom 5. Mai 2025 II. zivilrechtliche Abteilung Besetzung Bundesrichter Bovey, Pr\u00e4sident, Gerichtsschreiber M\u00f6ckli. Verfahrensbeteiligte A.________, Beschwerdef\u00fchrerin, gegen B.________, Beschwerdegegner. Gegenstand Weisung, Beschwerde gegen den Entscheid des Obergerichts des Kantons Aargau, Kammer f\u00fcr Kindes- und Erwachsenenschutz, vom 31. M\u00e4rz 2025 (XBE.2024.63). Sachverhalt: A.________ (Beschwerdef\u00fchrerin) und B.________ sind...\" \/>\n<meta property=\"og:url\" content=\"https:\/\/kohenavocats.com\/zh-hans\/jurisprudences\/tribunal-federal-suisse-5-mai-2025-n-5a-331-2025\/\" \/>\n<meta property=\"og:site_name\" content=\"Ma\u00eetre Hassan Kohen, avocat en droit p\u00e9nal \u00e0 Paris\" \/>\n<meta name=\"twitter:card\" content=\"summary_large_image\" \/>\n<meta name=\"twitter:label1\" content=\"\u9884\u8ba1\u9605\u8bfb\u65f6\u95f4\" \/>\n\t<meta name=\"twitter:data1\" content=\"3 \u5206\" \/>\n<script type=\"application\/ld+json\" class=\"yoast-schema-graph\">{\"@context\":\"https:\\\/\\\/schema.org\",\"@graph\":[{\"@type\":\"WebPage\",\"@id\":\"https:\\\/\\\/kohenavocats.com\\\/zh-hans\\\/jurisprudences\\\/tribunal-federal-suisse-5-mai-2025-n-5a-331-2025\\\/\",\"url\":\"https:\\\/\\\/kohenavocats.com\\\/zh-hans\\\/jurisprudences\\\/tribunal-federal-suisse-5-mai-2025-n-5a-331-2025\\\/\",\"name\":\"Tribunal f\u00e9d\u00e9ral suisse, 5 mai 2025, n\u00b0 5A 331-2025 - Ma\u00eetre Hassan Kohen, avocat en droit p\u00e9nal \u00e0 Paris\",\"isPartOf\":{\"@id\":\"https:\\\/\\\/kohenavocats.com\\\/zh-hans\\\/#website\"},\"datePublished\":\"2026-04-16T09:59:50+00:00\",\"breadcrumb\":{\"@id\":\"https:\\\/\\\/kohenavocats.com\\\/zh-hans\\\/jurisprudences\\\/tribunal-federal-suisse-5-mai-2025-n-5a-331-2025\\\/#breadcrumb\"},\"inLanguage\":\"zh-Hans\",\"potentialAction\":[{\"@type\":\"ReadAction\",\"target\":[\"https:\\\/\\\/kohenavocats.com\\\/zh-hans\\\/jurisprudences\\\/tribunal-federal-suisse-5-mai-2025-n-5a-331-2025\\\/\"]}]},{\"@type\":\"BreadcrumbList\",\"@id\":\"https:\\\/\\\/kohenavocats.com\\\/zh-hans\\\/jurisprudences\\\/tribunal-federal-suisse-5-mai-2025-n-5a-331-2025\\\/#breadcrumb\",\"itemListElement\":[{\"@type\":\"ListItem\",\"position\":1,\"name\":\"Home\",\"item\":\"https:\\\/\\\/kohenavocats.com\\\/zh-hans\\\/\"},{\"@type\":\"ListItem\",\"position\":2,\"name\":\"Jurisprudences\",\"item\":\"https:\\\/\\\/kohenavocats.com\\\/zh-hans\\\/jurisprudences\\\/\"},{\"@type\":\"ListItem\",\"position\":3,\"name\":\"Tribunal f\u00e9d\u00e9ral suisse, 5 mai 2025, n\u00b0 5A 331-2025\"}]},{\"@type\":\"WebSite\",\"@id\":\"https:\\\/\\\/kohenavocats.com\\\/zh-hans\\\/#website\",\"url\":\"https:\\\/\\\/kohenavocats.com\\\/zh-hans\\\/\",\"name\":\"Kohen Avocats\",\"description\":\"Ma\u00eetre Hassan Kohen, avocat p\u00e9naliste \u00e0 Paris, intervient exclusivement en droit p\u00e9nal pour la d\u00e9fense des particuliers, notamment en mati\u00e8re d\u2019accusations de viol. Il assure un accompagnement rigoureux d\u00e8s la garde \u00e0 vue jusqu\u2019\u00e0 la Cour d\u2019assises, veillant au strict respect des garanties proc\u00e9durales.\",\"publisher\":{\"@id\":\"https:\\\/\\\/kohenavocats.com\\\/zh-hans\\\/#organization\"},\"potentialAction\":[{\"@type\":\"SearchAction\",\"target\":{\"@type\":\"EntryPoint\",\"urlTemplate\":\"https:\\\/\\\/kohenavocats.com\\\/zh-hans\\\/?s={search_term_string}\"},\"query-input\":{\"@type\":\"PropertyValueSpecification\",\"valueRequired\":true,\"valueName\":\"search_term_string\"}}],\"inLanguage\":\"zh-Hans\"},{\"@type\":\"Organization\",\"@id\":\"https:\\\/\\\/kohenavocats.com\\\/zh-hans\\\/#organization\",\"name\":\"Kohen Avocats\",\"url\":\"https:\\\/\\\/kohenavocats.com\\\/zh-hans\\\/\",\"logo\":{\"@type\":\"ImageObject\",\"inLanguage\":\"zh-Hans\",\"@id\":\"https:\\\/\\\/kohenavocats.com\\\/zh-hans\\\/#\\\/schema\\\/logo\\\/image\\\/\",\"url\":\"https:\\\/\\\/kohenavocats.com\\\/wp-content\\\/uploads\\\/2026\\\/01\\\/Logo-2-1.webp\",\"contentUrl\":\"https:\\\/\\\/kohenavocats.com\\\/wp-content\\\/uploads\\\/2026\\\/01\\\/Logo-2-1.webp\",\"width\":2114,\"height\":1253,\"caption\":\"Kohen Avocats\"},\"image\":{\"@id\":\"https:\\\/\\\/kohenavocats.com\\\/zh-hans\\\/#\\\/schema\\\/logo\\\/image\\\/\"}}]}<\/script>\n<!-- \/ Yoast SEO Premium plugin. -->","yoast_head_json":{"title":"Tribunal f\u00e9d\u00e9ral suisse, 5 mai 2025, n\u00b0 5A 331-2025 - Ma\u00eetre Hassan Kohen, avocat en droit p\u00e9nal \u00e0 Paris","robots":{"index":"index","follow":"follow","max-snippet":"max-snippet:-1","max-image-preview":"max-image-preview:large","max-video-preview":"max-video-preview:-1"},"canonical":"https:\/\/kohenavocats.com\/zh-hans\/jurisprudences\/tribunal-federal-suisse-5-mai-2025-n-5a-331-2025\/","og_locale":"zh_CN","og_type":"article","og_title":"Tribunal f\u00e9d\u00e9ral suisse, 5 mai 2025, n\u00b0 5A 331-2025","og_description":"Bundesgericht Tribunal f\u00e9d\u00e9ral Tribunale federale Tribunal federal 5A_331\/2025 Urteil vom 5. Mai 2025 II. zivilrechtliche Abteilung Besetzung Bundesrichter Bovey, Pr\u00e4sident, Gerichtsschreiber M\u00f6ckli. Verfahrensbeteiligte A.________, Beschwerdef\u00fchrerin, gegen B.________, Beschwerdegegner. Gegenstand Weisung, Beschwerde gegen den Entscheid des Obergerichts des Kantons Aargau, Kammer f\u00fcr Kindes- und Erwachsenenschutz, vom 31. M\u00e4rz 2025 (XBE.2024.63). Sachverhalt: A.________ (Beschwerdef\u00fchrerin) und B.________ sind...","og_url":"https:\/\/kohenavocats.com\/zh-hans\/jurisprudences\/tribunal-federal-suisse-5-mai-2025-n-5a-331-2025\/","og_site_name":"Ma\u00eetre Hassan Kohen, avocat en droit p\u00e9nal \u00e0 Paris","twitter_card":"summary_large_image","twitter_misc":{"\u9884\u8ba1\u9605\u8bfb\u65f6\u95f4":"3 \u5206"},"schema":{"@context":"https:\/\/schema.org","@graph":[{"@type":"WebPage","@id":"https:\/\/kohenavocats.com\/zh-hans\/jurisprudences\/tribunal-federal-suisse-5-mai-2025-n-5a-331-2025\/","url":"https:\/\/kohenavocats.com\/zh-hans\/jurisprudences\/tribunal-federal-suisse-5-mai-2025-n-5a-331-2025\/","name":"Tribunal f\u00e9d\u00e9ral suisse, 5 mai 2025, n\u00b0 5A 331-2025 - Ma\u00eetre Hassan Kohen, avocat en droit p\u00e9nal \u00e0 Paris","isPartOf":{"@id":"https:\/\/kohenavocats.com\/zh-hans\/#website"},"datePublished":"2026-04-16T09:59:50+00:00","breadcrumb":{"@id":"https:\/\/kohenavocats.com\/zh-hans\/jurisprudences\/tribunal-federal-suisse-5-mai-2025-n-5a-331-2025\/#breadcrumb"},"inLanguage":"zh-Hans","potentialAction":[{"@type":"ReadAction","target":["https:\/\/kohenavocats.com\/zh-hans\/jurisprudences\/tribunal-federal-suisse-5-mai-2025-n-5a-331-2025\/"]}]},{"@type":"BreadcrumbList","@id":"https:\/\/kohenavocats.com\/zh-hans\/jurisprudences\/tribunal-federal-suisse-5-mai-2025-n-5a-331-2025\/#breadcrumb","itemListElement":[{"@type":"ListItem","position":1,"name":"Home","item":"https:\/\/kohenavocats.com\/zh-hans\/"},{"@type":"ListItem","position":2,"name":"Jurisprudences","item":"https:\/\/kohenavocats.com\/zh-hans\/jurisprudences\/"},{"@type":"ListItem","position":3,"name":"Tribunal f\u00e9d\u00e9ral suisse, 5 mai 2025, n\u00b0 5A 331-2025"}]},{"@type":"WebSite","@id":"https:\/\/kohenavocats.com\/zh-hans\/#website","url":"https:\/\/kohenavocats.com\/zh-hans\/","name":"Kohen Avocats","description":"Ma\u00eetre Hassan Kohen, avocat p\u00e9naliste \u00e0 Paris, intervient exclusivement en droit p\u00e9nal pour la d\u00e9fense des particuliers, notamment en mati\u00e8re d\u2019accusations de viol. Il assure un accompagnement rigoureux d\u00e8s la garde \u00e0 vue jusqu\u2019\u00e0 la Cour d\u2019assises, veillant au strict respect des garanties proc\u00e9durales.","publisher":{"@id":"https:\/\/kohenavocats.com\/zh-hans\/#organization"},"potentialAction":[{"@type":"SearchAction","target":{"@type":"EntryPoint","urlTemplate":"https:\/\/kohenavocats.com\/zh-hans\/?s={search_term_string}"},"query-input":{"@type":"PropertyValueSpecification","valueRequired":true,"valueName":"search_term_string"}}],"inLanguage":"zh-Hans"},{"@type":"Organization","@id":"https:\/\/kohenavocats.com\/zh-hans\/#organization","name":"Kohen Avocats","url":"https:\/\/kohenavocats.com\/zh-hans\/","logo":{"@type":"ImageObject","inLanguage":"zh-Hans","@id":"https:\/\/kohenavocats.com\/zh-hans\/#\/schema\/logo\/image\/","url":"https:\/\/kohenavocats.com\/wp-content\/uploads\/2026\/01\/Logo-2-1.webp","contentUrl":"https:\/\/kohenavocats.com\/wp-content\/uploads\/2026\/01\/Logo-2-1.webp","width":2114,"height":1253,"caption":"Kohen Avocats"},"image":{"@id":"https:\/\/kohenavocats.com\/zh-hans\/#\/schema\/logo\/image\/"}}]}},"jetpack_likes_enabled":false,"jetpack_sharing_enabled":true,"_links":{"self":[{"href":"https:\/\/kohenavocats.com\/zh-hans\/wp-json\/wp\/v2\/kji_decision\/577102","targetHints":{"allow":["GET"]}}],"collection":[{"href":"https:\/\/kohenavocats.com\/zh-hans\/wp-json\/wp\/v2\/kji_decision"}],"about":[{"href":"https:\/\/kohenavocats.com\/zh-hans\/wp-json\/wp\/v2\/types\/kji_decision"}],"wp:attachment":[{"href":"https:\/\/kohenavocats.com\/zh-hans\/wp-json\/wp\/v2\/media?parent=577102"}],"wp:term":[{"taxonomy":"kji_country","embeddable":true,"href":"https:\/\/kohenavocats.com\/zh-hans\/wp-json\/wp\/v2\/kji_country?post=577102"},{"taxonomy":"kji_court","embeddable":true,"href":"https:\/\/kohenavocats.com\/zh-hans\/wp-json\/wp\/v2\/kji_court?post=577102"},{"taxonomy":"kji_chamber","embeddable":true,"href":"https:\/\/kohenavocats.com\/zh-hans\/wp-json\/wp\/v2\/kji_chamber?post=577102"},{"taxonomy":"kji_year","embeddable":true,"href":"https:\/\/kohenavocats.com\/zh-hans\/wp-json\/wp\/v2\/kji_year?post=577102"},{"taxonomy":"kji_subject","embeddable":true,"href":"https:\/\/kohenavocats.com\/zh-hans\/wp-json\/wp\/v2\/kji_subject?post=577102"},{"taxonomy":"kji_keyword","embeddable":true,"href":"https:\/\/kohenavocats.com\/zh-hans\/wp-json\/wp\/v2\/kji_keyword?post=577102"},{"taxonomy":"kji_language","embeddable":true,"href":"https:\/\/kohenavocats.com\/zh-hans\/wp-json\/wp\/v2\/kji_language?post=577102"}],"curies":[{"name":"wp","href":"https:\/\/api.w.org\/{rel}","templated":true}]}}