{"id":577219,"date":"2026-04-16T12:20:34","date_gmt":"2026-04-16T10:20:34","guid":{"rendered":"https:\/\/kohenavocats.com\/jurisprudences\/tribunal-federal-suisse-29-avril-2025-n-5a-140-2025\/"},"modified":"2026-04-16T12:20:34","modified_gmt":"2026-04-16T10:20:34","slug":"tribunal-federal-suisse-29-avril-2025-n-5a-140-2025","status":"publish","type":"kji_decision","link":"https:\/\/kohenavocats.com\/zh-hans\/jurisprudences\/tribunal-federal-suisse-29-avril-2025-n-5a-140-2025\/","title":{"rendered":"Tribunal f\u00e9d\u00e9ral suisse, 29 avril 2025, n\u00b0 5A 140-2025"},"content":{"rendered":"<div class=\"kji-decision\">\n<div class=\"kji-full-text\">\n<p>Bundesgericht<\/p>\n<p>Tribunal f\u00e9d\u00e9ral<\/p>\n<p>Tribunale federale<\/p>\n<p>Tribunal federal<\/p>\n<p>5A_140\/2025<\/p>\n<p>Arr\u00eat du 29 avril 2025<\/p>\n<p>IIe Cour de droit civil<\/p>\n<p>Composition<\/p>\n<p>M. le Juge f\u00e9d\u00e9ral Bovey, Pr\u00e9sident.<\/p>\n<p>Greffier : M. Braconi.<\/p>\n<p>Participants \u00e0 la proc\u00e9dure<\/p>\n<p>A.A.________,<\/p>\n<p>recourant,<\/p>\n<p>contre<\/p>\n<p>B.A.________,<\/p>\n<p>repr\u00e9sent\u00e9e par Me Bernadette Schindler Velasco, avocate,<\/p>\n<p>intim\u00e9e.<\/p>\n<p>Objet<\/p>\n<p>divorce (contribution d&#039;entretien),<\/p>\n<p>recours contre l&#039;arr\u00eat de la Cour d&#039;appel civile du Tribunal cantonal du canton de Vaud du 23 d\u00e9cembre 2024 (TD18.049164-241210 596).<\/p>\n<p>Consid\u00e9rant en fait et en droit :<\/p>\n<p>1.<\/p>\n<p>Par jugement du 5 juillet 2024, le Tribunal civil de l&#039;arrondissement de La C\u00f4te a, notamment, prononc\u00e9 le divorce des \u00e9poux A.A.________ et B.A.________ (I) et fix\u00e9 la pension due par le p\u00e8re (V) et la m\u00e8re (VI) pour l&#039;entretien de l&#039;enfant mineur C.A.________ (n\u00e9 en 2008).<\/p>\n<p>Par arr\u00eat du 23 d\u00e9cembre 2024, la Cour d&#039;appel civile du Tribunal cantonal vaudois a d\u00e9clar\u00e9 l&#039;appel du p\u00e8re irrecevable.<\/p>\n<p>2.<\/p>\n<p>Par \u00e9criture exp\u00e9di\u00e9e le 12 f\u00e9vrier 2025, le p\u00e8re forme &quot; opposition &quot; \u00e0 l&#039;arr\u00eat pr\u00e9cit\u00e9, concluant \u00e0 l&#039;annulation des chiffres V et VI du dispositif de cette d\u00e9cision dans le sens de l&#039;admission des conclusions prises en instance d&#039;appel.<\/p>\n<p>Des observations n&#039;ont pas \u00e9t\u00e9 requises.<\/p>\n<p>3.<\/p>\n<p>La pr\u00e9sente &quot; opposition &quot; est trait\u00e9e comme recours en mati\u00e8re civile au sens de l&#039;art. 72 al. 1 LTF. Il n&#039;y a pas lieu d&#039;examiner les autres conditions de recevabilit\u00e9, ce proc\u00e9d\u00e9 \u00e9tant vou\u00e9 \u00e0 l&#039;\u00e9chec.<\/p>\n<p>4.<\/p>\n<p>4.1. En l&#039;esp\u00e8ce, la cour cantonale a retenu, en substance, que l&#039;appel n&#039;\u00e9tait pas suffisamment motiv\u00e9 au regard de l&#039;art. 311 al. 1 CPC, tant pour les critiques \u00e0 l&#039;encontre des constatations de fait du premier juge, que pour les moyens invoqu\u00e9s, exigences qui s&#039;appliquent m\u00eame si les maximes d&#039;office et inquisitoire sont applicables au litige.<\/p>\n<p>4.2. Selon la jurisprudence, la motivation du recours doit \u00eatre topique, \u00e0 savoir se rapporter \u00e0 la question juridique tranch\u00e9e par la juridiction pr\u00e9c\u00e9dente (ATF 144 II 184 consid. 1.1). Or, le recourant ne soul\u00e8ve pas de critique argument\u00e9e \u00e0 l&#039;encontre du motif d&#039;irrecevabilit\u00e9 pris de la motivation d\u00e9ficiente de son appel; en particulier, il ne pr\u00e9tend pas que la cour cantonale aurait viol\u00e9 l&#039;art. 311 al. 1 CPC (art. 42 al. 2 LTF; ATF 140 III 86 consid. 2 et les citations) ou appliqu\u00e9 cette disposition de mani\u00e8re excessivement formaliste (art. 106 al. 2 LTF; ATF 150 II 346 consid. 1.5.3 et les r\u00e9f\u00e9rences), mais s&#039;exprime sur le fond du litige, en faisant une simple allusion au motif d&#039;irrecevabilit\u00e9 en conclusion (&quot; Vu ce qui pr\u00e9c\u00e8de &quot;) de son argumentation et de ses &quot; calculs &quot;. Il s&#039;ensuit que le recours est enti\u00e8rement irrecevable (ATF 142 III 364 consid. 2.4 et les arr\u00eats cit\u00e9s).<\/p>\n<p>5.<\/p>\n<p>En conclusion, le pr\u00e9sent recours doit \u00eatre d\u00e9clar\u00e9 irrecevable par voie de proc\u00e9dure simplifi\u00e9e (art. 108 al. 1 let. b LTF), avec suite de frais \u00e0 la charge de son auteur (art. 66 al. 1 LTF).<\/p>\n<p>Par ces motifs, le Pr\u00e9sident prononce :<\/p>\n<p>1.<\/p>\n<p>Le recours est irrecevable.<\/p>\n<p>2.<\/p>\n<p>Les frais judiciaires, arr\u00eat\u00e9s \u00e0 800 fr., sont mis \u00e0 la charge du recourant.<\/p>\n<p>3.<\/p>\n<p>Le pr\u00e9sent arr\u00eat est communiqu\u00e9 aux parties et \u00e0 la Cour d&#039;appel civile du Tribunal cantonal du canton de Vaud.<\/p>\n<p>Lausanne, le 29 avril 2025<\/p>\n<p>Au nom de la IIe Cour de droit civil<\/p>\n<p>du Tribunal f\u00e9d\u00e9ral suisse<\/p>\n<p>Le Pr\u00e9sident : Bovey<\/p>\n<p>Le Greffier : Braconi<\/p>\n<\/div>\n<hr class=\"kji-sep\" \/>\n<p class=\"kji-source-links\"><strong>Sources officielles :<\/strong> <a class=\"kji-source-link\" href=\"https:\/\/search.bger.ch\/ext\/eurospider\/live\/fr\/php\/aza\/http\/index.php?lang=fr&#038;type=highlight_simple_query&#038;page=5&#038;from_date=&#038;to_date=&#038;sort=relevance&#038;insertion_date=&#038;top_subcollection_aza=all&#038;query_words=divorce&#038;rank=41&#038;azaclir=aza&#038;highlight_docid=aza%3A%2F%2F29-04-2025-5A_140-2025&#038;number_of_ranks=4665\" target=\"_blank\" rel=\"noopener noreferrer\">consulter la page source<\/a><\/p>\n<p class=\"kji-license-note\"><em>Source officielle Tribunal federal suisse. Contenu HTML public, PDF non garanti en version gratuite.<\/em><\/p>\n<\/div>\n","protected":false},"excerpt":{"rendered":"<p>Bundesgericht Tribunal f\u00e9d\u00e9ral Tribunale federale Tribunal federal 5A_140\/2025 Arr\u00eat du 29 avril 2025 IIe Cour de droit civil Composition M. le Juge f\u00e9d\u00e9ral Bovey, Pr\u00e9sident. Greffier : M. Braconi. Participants \u00e0 la proc\u00e9dure A.A.________, recourant, contre B.A.________, repr\u00e9sent\u00e9e par Me Bernadette Schindler Velasco, avocate, intim\u00e9e. Objet divorce (contribution d&#8217;entretien), recours contre l&#8217;arr\u00eat de la Cour&#8230;<\/p>\n","protected":false},"featured_media":0,"template":"","meta":{"_crdt_document":""},"kji_country":[9676],"kji_court":[9677],"kji_chamber":[9798],"kji_year":[8463],"kji_subject":[7724],"kji_keyword":[8601,9799,9679,9680,7636],"kji_language":[7733],"class_list":["post-577219","kji_decision","type-kji_decision","status-publish","hentry","kji_country-suisse","kji_court-tribunal-federal-suisse","kji_chamber-cour-de-droit-civil","kji_year-8463","kji_subject-civil","kji_keyword-avril","kji_keyword-bundesgericht","kji_keyword-federal","kji_keyword-suisse","kji_keyword-tribunal","kji_language-francais"],"yoast_head":"<!-- This site is optimized with the Yoast SEO Premium plugin v27.5 (Yoast SEO v27.5) - https:\/\/yoast.com\/product\/yoast-seo-premium-wordpress\/ -->\n<title>Tribunal f\u00e9d\u00e9ral suisse, 29 avril 2025, n\u00b0 5A 140-2025 - Ma\u00eetre Hassan Kohen, avocat en droit p\u00e9nal \u00e0 Paris<\/title>\n<meta name=\"robots\" content=\"index, follow, max-snippet:-1, max-image-preview:large, max-video-preview:-1\" \/>\n<link rel=\"canonical\" href=\"https:\/\/kohenavocats.com\/zh-hans\/jurisprudences\/tribunal-federal-suisse-29-avril-2025-n-5a-140-2025\/\" \/>\n<meta property=\"og:locale\" content=\"zh_CN\" \/>\n<meta property=\"og:type\" content=\"article\" \/>\n<meta property=\"og:title\" content=\"Tribunal f\u00e9d\u00e9ral suisse, 29 avril 2025, n\u00b0 5A 140-2025\" \/>\n<meta property=\"og:description\" content=\"Bundesgericht Tribunal f\u00e9d\u00e9ral Tribunale federale Tribunal federal 5A_140\/2025 Arr\u00eat du 29 avril 2025 IIe Cour de droit civil Composition M. le Juge f\u00e9d\u00e9ral Bovey, Pr\u00e9sident. Greffier : M. Braconi. Participants \u00e0 la proc\u00e9dure A.A.________, recourant, contre B.A.________, repr\u00e9sent\u00e9e par Me Bernadette Schindler Velasco, avocate, intim\u00e9e. Objet divorce (contribution d&#039;entretien), recours contre l&#039;arr\u00eat de la Cour...\" \/>\n<meta property=\"og:url\" content=\"https:\/\/kohenavocats.com\/zh-hans\/jurisprudences\/tribunal-federal-suisse-29-avril-2025-n-5a-140-2025\/\" \/>\n<meta property=\"og:site_name\" content=\"Ma\u00eetre Hassan Kohen, avocat en droit p\u00e9nal \u00e0 Paris\" \/>\n<meta name=\"twitter:card\" content=\"summary_large_image\" \/>\n<meta name=\"twitter:label1\" content=\"\u9884\u8ba1\u9605\u8bfb\u65f6\u95f4\" \/>\n\t<meta name=\"twitter:data1\" content=\"3 \u5206\" \/>\n<script type=\"application\/ld+json\" class=\"yoast-schema-graph\">{\"@context\":\"https:\\\/\\\/schema.org\",\"@graph\":[{\"@type\":\"WebPage\",\"@id\":\"https:\\\/\\\/kohenavocats.com\\\/zh-hans\\\/jurisprudences\\\/tribunal-federal-suisse-29-avril-2025-n-5a-140-2025\\\/\",\"url\":\"https:\\\/\\\/kohenavocats.com\\\/zh-hans\\\/jurisprudences\\\/tribunal-federal-suisse-29-avril-2025-n-5a-140-2025\\\/\",\"name\":\"Tribunal f\u00e9d\u00e9ral suisse, 29 avril 2025, n\u00b0 5A 140-2025 - Ma\u00eetre Hassan Kohen, avocat en droit p\u00e9nal \u00e0 Paris\",\"isPartOf\":{\"@id\":\"https:\\\/\\\/kohenavocats.com\\\/zh-hans\\\/#website\"},\"datePublished\":\"2026-04-16T10:20:34+00:00\",\"breadcrumb\":{\"@id\":\"https:\\\/\\\/kohenavocats.com\\\/zh-hans\\\/jurisprudences\\\/tribunal-federal-suisse-29-avril-2025-n-5a-140-2025\\\/#breadcrumb\"},\"inLanguage\":\"zh-Hans\",\"potentialAction\":[{\"@type\":\"ReadAction\",\"target\":[\"https:\\\/\\\/kohenavocats.com\\\/zh-hans\\\/jurisprudences\\\/tribunal-federal-suisse-29-avril-2025-n-5a-140-2025\\\/\"]}]},{\"@type\":\"BreadcrumbList\",\"@id\":\"https:\\\/\\\/kohenavocats.com\\\/zh-hans\\\/jurisprudences\\\/tribunal-federal-suisse-29-avril-2025-n-5a-140-2025\\\/#breadcrumb\",\"itemListElement\":[{\"@type\":\"ListItem\",\"position\":1,\"name\":\"Home\",\"item\":\"https:\\\/\\\/kohenavocats.com\\\/zh-hans\\\/\"},{\"@type\":\"ListItem\",\"position\":2,\"name\":\"Jurisprudences\",\"item\":\"https:\\\/\\\/kohenavocats.com\\\/zh-hans\\\/jurisprudences\\\/\"},{\"@type\":\"ListItem\",\"position\":3,\"name\":\"Tribunal f\u00e9d\u00e9ral suisse, 29 avril 2025, n\u00b0 5A 140-2025\"}]},{\"@type\":\"WebSite\",\"@id\":\"https:\\\/\\\/kohenavocats.com\\\/zh-hans\\\/#website\",\"url\":\"https:\\\/\\\/kohenavocats.com\\\/zh-hans\\\/\",\"name\":\"Kohen Avocats\",\"description\":\"Ma\u00eetre Hassan Kohen, avocat p\u00e9naliste \u00e0 Paris, intervient exclusivement en droit p\u00e9nal pour la d\u00e9fense des particuliers, notamment en mati\u00e8re d\u2019accusations de viol. Il assure un accompagnement rigoureux d\u00e8s la garde \u00e0 vue jusqu\u2019\u00e0 la Cour d\u2019assises, veillant au strict respect des garanties proc\u00e9durales.\",\"publisher\":{\"@id\":\"https:\\\/\\\/kohenavocats.com\\\/zh-hans\\\/#organization\"},\"potentialAction\":[{\"@type\":\"SearchAction\",\"target\":{\"@type\":\"EntryPoint\",\"urlTemplate\":\"https:\\\/\\\/kohenavocats.com\\\/zh-hans\\\/?s={search_term_string}\"},\"query-input\":{\"@type\":\"PropertyValueSpecification\",\"valueRequired\":true,\"valueName\":\"search_term_string\"}}],\"inLanguage\":\"zh-Hans\"},{\"@type\":\"Organization\",\"@id\":\"https:\\\/\\\/kohenavocats.com\\\/zh-hans\\\/#organization\",\"name\":\"Kohen Avocats\",\"url\":\"https:\\\/\\\/kohenavocats.com\\\/zh-hans\\\/\",\"logo\":{\"@type\":\"ImageObject\",\"inLanguage\":\"zh-Hans\",\"@id\":\"https:\\\/\\\/kohenavocats.com\\\/zh-hans\\\/#\\\/schema\\\/logo\\\/image\\\/\",\"url\":\"https:\\\/\\\/kohenavocats.com\\\/wp-content\\\/uploads\\\/2026\\\/01\\\/Logo-2-1.webp\",\"contentUrl\":\"https:\\\/\\\/kohenavocats.com\\\/wp-content\\\/uploads\\\/2026\\\/01\\\/Logo-2-1.webp\",\"width\":2114,\"height\":1253,\"caption\":\"Kohen Avocats\"},\"image\":{\"@id\":\"https:\\\/\\\/kohenavocats.com\\\/zh-hans\\\/#\\\/schema\\\/logo\\\/image\\\/\"}}]}<\/script>\n<!-- \/ Yoast SEO Premium plugin. -->","yoast_head_json":{"title":"Tribunal f\u00e9d\u00e9ral suisse, 29 avril 2025, n\u00b0 5A 140-2025 - Ma\u00eetre Hassan Kohen, avocat en droit p\u00e9nal \u00e0 Paris","robots":{"index":"index","follow":"follow","max-snippet":"max-snippet:-1","max-image-preview":"max-image-preview:large","max-video-preview":"max-video-preview:-1"},"canonical":"https:\/\/kohenavocats.com\/zh-hans\/jurisprudences\/tribunal-federal-suisse-29-avril-2025-n-5a-140-2025\/","og_locale":"zh_CN","og_type":"article","og_title":"Tribunal f\u00e9d\u00e9ral suisse, 29 avril 2025, n\u00b0 5A 140-2025","og_description":"Bundesgericht Tribunal f\u00e9d\u00e9ral Tribunale federale Tribunal federal 5A_140\/2025 Arr\u00eat du 29 avril 2025 IIe Cour de droit civil Composition M. le Juge f\u00e9d\u00e9ral Bovey, Pr\u00e9sident. Greffier : M. Braconi. Participants \u00e0 la proc\u00e9dure A.A.________, recourant, contre B.A.________, repr\u00e9sent\u00e9e par Me Bernadette Schindler Velasco, avocate, intim\u00e9e. Objet divorce (contribution d'entretien), recours contre l'arr\u00eat de la Cour...","og_url":"https:\/\/kohenavocats.com\/zh-hans\/jurisprudences\/tribunal-federal-suisse-29-avril-2025-n-5a-140-2025\/","og_site_name":"Ma\u00eetre Hassan Kohen, avocat en droit p\u00e9nal \u00e0 Paris","twitter_card":"summary_large_image","twitter_misc":{"\u9884\u8ba1\u9605\u8bfb\u65f6\u95f4":"3 \u5206"},"schema":{"@context":"https:\/\/schema.org","@graph":[{"@type":"WebPage","@id":"https:\/\/kohenavocats.com\/zh-hans\/jurisprudences\/tribunal-federal-suisse-29-avril-2025-n-5a-140-2025\/","url":"https:\/\/kohenavocats.com\/zh-hans\/jurisprudences\/tribunal-federal-suisse-29-avril-2025-n-5a-140-2025\/","name":"Tribunal f\u00e9d\u00e9ral suisse, 29 avril 2025, n\u00b0 5A 140-2025 - Ma\u00eetre Hassan Kohen, avocat en droit p\u00e9nal \u00e0 Paris","isPartOf":{"@id":"https:\/\/kohenavocats.com\/zh-hans\/#website"},"datePublished":"2026-04-16T10:20:34+00:00","breadcrumb":{"@id":"https:\/\/kohenavocats.com\/zh-hans\/jurisprudences\/tribunal-federal-suisse-29-avril-2025-n-5a-140-2025\/#breadcrumb"},"inLanguage":"zh-Hans","potentialAction":[{"@type":"ReadAction","target":["https:\/\/kohenavocats.com\/zh-hans\/jurisprudences\/tribunal-federal-suisse-29-avril-2025-n-5a-140-2025\/"]}]},{"@type":"BreadcrumbList","@id":"https:\/\/kohenavocats.com\/zh-hans\/jurisprudences\/tribunal-federal-suisse-29-avril-2025-n-5a-140-2025\/#breadcrumb","itemListElement":[{"@type":"ListItem","position":1,"name":"Home","item":"https:\/\/kohenavocats.com\/zh-hans\/"},{"@type":"ListItem","position":2,"name":"Jurisprudences","item":"https:\/\/kohenavocats.com\/zh-hans\/jurisprudences\/"},{"@type":"ListItem","position":3,"name":"Tribunal f\u00e9d\u00e9ral suisse, 29 avril 2025, n\u00b0 5A 140-2025"}]},{"@type":"WebSite","@id":"https:\/\/kohenavocats.com\/zh-hans\/#website","url":"https:\/\/kohenavocats.com\/zh-hans\/","name":"Kohen Avocats","description":"Ma\u00eetre Hassan Kohen, avocat p\u00e9naliste \u00e0 Paris, intervient exclusivement en droit p\u00e9nal pour la d\u00e9fense des particuliers, notamment en mati\u00e8re d\u2019accusations de viol. Il assure un accompagnement rigoureux d\u00e8s la garde \u00e0 vue jusqu\u2019\u00e0 la Cour d\u2019assises, veillant au strict respect des garanties proc\u00e9durales.","publisher":{"@id":"https:\/\/kohenavocats.com\/zh-hans\/#organization"},"potentialAction":[{"@type":"SearchAction","target":{"@type":"EntryPoint","urlTemplate":"https:\/\/kohenavocats.com\/zh-hans\/?s={search_term_string}"},"query-input":{"@type":"PropertyValueSpecification","valueRequired":true,"valueName":"search_term_string"}}],"inLanguage":"zh-Hans"},{"@type":"Organization","@id":"https:\/\/kohenavocats.com\/zh-hans\/#organization","name":"Kohen Avocats","url":"https:\/\/kohenavocats.com\/zh-hans\/","logo":{"@type":"ImageObject","inLanguage":"zh-Hans","@id":"https:\/\/kohenavocats.com\/zh-hans\/#\/schema\/logo\/image\/","url":"https:\/\/kohenavocats.com\/wp-content\/uploads\/2026\/01\/Logo-2-1.webp","contentUrl":"https:\/\/kohenavocats.com\/wp-content\/uploads\/2026\/01\/Logo-2-1.webp","width":2114,"height":1253,"caption":"Kohen Avocats"},"image":{"@id":"https:\/\/kohenavocats.com\/zh-hans\/#\/schema\/logo\/image\/"}}]}},"jetpack_likes_enabled":false,"jetpack_sharing_enabled":true,"_links":{"self":[{"href":"https:\/\/kohenavocats.com\/zh-hans\/wp-json\/wp\/v2\/kji_decision\/577219","targetHints":{"allow":["GET"]}}],"collection":[{"href":"https:\/\/kohenavocats.com\/zh-hans\/wp-json\/wp\/v2\/kji_decision"}],"about":[{"href":"https:\/\/kohenavocats.com\/zh-hans\/wp-json\/wp\/v2\/types\/kji_decision"}],"wp:attachment":[{"href":"https:\/\/kohenavocats.com\/zh-hans\/wp-json\/wp\/v2\/media?parent=577219"}],"wp:term":[{"taxonomy":"kji_country","embeddable":true,"href":"https:\/\/kohenavocats.com\/zh-hans\/wp-json\/wp\/v2\/kji_country?post=577219"},{"taxonomy":"kji_court","embeddable":true,"href":"https:\/\/kohenavocats.com\/zh-hans\/wp-json\/wp\/v2\/kji_court?post=577219"},{"taxonomy":"kji_chamber","embeddable":true,"href":"https:\/\/kohenavocats.com\/zh-hans\/wp-json\/wp\/v2\/kji_chamber?post=577219"},{"taxonomy":"kji_year","embeddable":true,"href":"https:\/\/kohenavocats.com\/zh-hans\/wp-json\/wp\/v2\/kji_year?post=577219"},{"taxonomy":"kji_subject","embeddable":true,"href":"https:\/\/kohenavocats.com\/zh-hans\/wp-json\/wp\/v2\/kji_subject?post=577219"},{"taxonomy":"kji_keyword","embeddable":true,"href":"https:\/\/kohenavocats.com\/zh-hans\/wp-json\/wp\/v2\/kji_keyword?post=577219"},{"taxonomy":"kji_language","embeddable":true,"href":"https:\/\/kohenavocats.com\/zh-hans\/wp-json\/wp\/v2\/kji_language?post=577219"}],"curies":[{"name":"wp","href":"https:\/\/api.w.org\/{rel}","templated":true}]}}