{"id":579974,"date":"2026-04-16T20:58:15","date_gmt":"2026-04-16T18:58:15","guid":{"rendered":"https:\/\/kohenavocats.com\/jurisprudences\/cour-superieure-de-justice-24-mars-2026-n-2026-00135\/"},"modified":"2026-04-16T20:58:18","modified_gmt":"2026-04-16T18:58:18","slug":"cour-superieure-de-justice-24-mars-2026-n-2026-00135","status":"publish","type":"kji_decision","link":"https:\/\/kohenavocats.com\/zh-hans\/jurisprudences\/cour-superieure-de-justice-24-mars-2026-n-2026-00135\/","title":{"rendered":"Cour sup\u00e9rieure de justice, 24 mars 2026, n\u00b0 2026-00135"},"content":{"rendered":"<div class=\"kji-decision\">\n<div class=\"kji-full-text\">\n<p>1 Arr\u00eat N\u00b048\/26IV-COM Audience publique duvingt-quatre marsdeux millevingt-six Num\u00e9roCAL-2026-00135du r\u00f4le Composition: Martine WILMES, pr\u00e9sident de chambre; Mich\u00e8le HORNICK,premierconseiller; Carole BESCH, conseiller; Eric VILVENS, greffier. E n t r e lasoci\u00e9t\u00e9\u00e0 responsabilit\u00e9 limit\u00e9eSOCIETE1.)SARL,en liquidation volontaire,\u00e9tablie et ayantson si\u00e8ge social\u00e0 L-ADRESSE1.), inscrite au Registre de Commerce et des Soci\u00e9t\u00e9s de Luxembourg sous le num\u00e9roNUMERO1.), repr\u00e9sent\u00e9e par sonliquidateur, demanderesseaux termes d\u2019une requ\u00eate en obtention de l\u2019ex\u00e9cution provisoiredu19 f\u00e9vrier 2026, comparant par la soci\u00e9t\u00e9 \u00e0responsabilit\u00e9 limit\u00e9e HARVEY, \u00e9tablie et ayant son si\u00e8ge social \u00e0 L-1930 Luxembourg, 22, avenue de la Libert\u00e9, immatricul\u00e9e au Registre de Commerce et des Soci\u00e9t\u00e9s de Luxembourg sous le num\u00e9ro B 245948, repr\u00e9sent\u00e9e par son g\u00e9rant, inscrite \u00e0 la liste V duTableau de l\u2019Ordre des Avocats du Barreau de Luxembourg, repr\u00e9sent\u00e9eaux fins de la pr\u00e9sente proc\u00e9durepar Ma\u00eetre Guy Perrot, avocat \u00e0 la Cour, et<\/p>\n<p>2 lasoci\u00e9t\u00e9anonymeSOCIETE2.)SA,\u00e9tablie et ayantson si\u00e8ge social\u00e0 L-ADRESSE2.), inscrite au Registre de Commerce et des Soci\u00e9t\u00e9s de Luxembourg sous le num\u00e9roNUMERO2.), repr\u00e9sent\u00e9e par son conseil d\u2019administration, d\u00e9fenderesseaux finsde la pr\u00e9dite requ\u00eate, comparant par Ma\u00eetreM\u00e9lissa Chito, avocat \u00e0 la Cour,demeurant \u00e0 Luxembourg, en pr\u00e9sence de 1) lasoci\u00e9t\u00e9\u00e0 responsabilit\u00e9 limit\u00e9eSOCIETE3.)SARL,\u00e9tablie et ayantson si\u00e8ge social\u00e0 L-ADRESSE2.), inscrite au Registre de Commerce et des Soci\u00e9t\u00e9s de Luxembourg sous le num\u00e9ro NUMERO3.), repr\u00e9sent\u00e9e par son g\u00e9rant, 2)lasoci\u00e9t\u00e9\u00e0 responsabilit\u00e9 limit\u00e9eSOCIETE4.)SARL,\u00e9tablieet ayantson si\u00e8ge social\u00e0 L-ADRESSE3.), inscrite au Registre de Commerce et des Soci\u00e9t\u00e9s de Luxembourg sous le num\u00e9ro NUMERO4.), repr\u00e9sent\u00e9e par son g\u00e9rant. LA COURD\u2019APPEL Par requ\u00eate en obtention de l\u2019ex\u00e9cution provisoire d\u00e9pos\u00e9e au greffe de la Cour d\u2019appel en date du 19 f\u00e9vrier 2026, la soci\u00e9t\u00e9 \u00e0 responsabilit\u00e9 limit\u00e9eSOCIETE1.)SARL(ci-apr\u00e8s la soci\u00e9t\u00e9 SOCIETE1.)) a demand\u00e9 de d\u00e9clarer sa demande recevable en la forme sur base de l\u2019article 589 du nouveau code de proc\u00e9dure civile et d\u2019ordonner l\u2019ex\u00e9cution provisoire sans caution, sur minute et avant enregistrement du jugement rendu en date du 10 mars 2025 par le tribunal d\u2019arrondissement de Luxembourg dans l\u2019affaire portant le num\u00e9ro TAL-2023-04021 du r\u00f4le. A l\u2019audience du 17 mars 2026, \u00e0 laquelle l\u2019affaire a \u00e9t\u00e9 fix\u00e9e pour plaidoirie, le mandataire de la soci\u00e9t\u00e9 anonymeSOCIETE2.)SA s\u2019est d\u00e9clar\u00e9 d\u2019accord avec la demande telle que formul\u00e9e par la partie requ\u00e9rante. Il y a lieu de lui en donner acte et d\u2019ordonner l\u2019ex\u00e9cution provisoire sans caution, sur minute et avant enregistrement du jugement rendu en date du 10 mars 2025 par le tribunal d\u2019arrondissement de Luxembourg dans l\u2019affaire portant le num\u00e9ro TAL-2023-04021 du r\u00f4le. PAR CES MOTIFS<\/p>\n<p>3 la Cour d\u2019appel, quatri\u00e8me chambre, si\u00e9geant en mati\u00e8re commerciale sur base d\u2019une requ\u00eate introduiteen vertu de l\u2019article 589 du nouveau code de proc\u00e9dure civile, statuant contradictoirement, d\u00e9clare la demande de la soci\u00e9t\u00e9 \u00e0 responsabilit\u00e9 limit\u00e9eSOCIETE1.) SARL recevable et fond\u00e9e, ordonne l\u2019ex\u00e9cution provisoiresans caution, sur minute et avant enregistrement du jugement rendu en date du 10 mars 2025 par le tribunal d\u2019arrondissement de Luxembourg dansl\u2019affaire portant le num\u00e9ro TAL-2023-04021 du r\u00f4le, r\u00e9serve les frais.<\/p>\n<\/div>\n<hr class=\"kji-sep\" \/>\n<p class=\"kji-source-links\"><strong>Sources officielles :<\/strong> <a class=\"kji-source-link\" href=\"https:\/\/data.public.lu\/fr\/datasets\/cour-superieure-de-justice-chambre-4\/\" target=\"_blank\" rel=\"noopener noreferrer\">consulter la page source<\/a> &middot; <a class=\"kji-pdf-link\" href=\"https:\/\/download.data.public.lu\/resources\/cour-superieure-de-justice-chambre-4\/20260329-230137\/20260324-ca4-cal-2026-00135-pseudonymise-accessible.pdf\" target=\"_blank\" rel=\"noopener noreferrer\">PDF officiel<\/a><\/p>\n<p class=\"kji-license-note\"><em>Licence CC BY-ND 4.0 (Administration judiciaire, data.public.lu). Republication autorisee avec attribution, sans modification editoriale du texte integral.<\/em><\/p>\n<\/div>\n","protected":false},"excerpt":{"rendered":"<p>1 Arr\u00eat N\u00b048\/26IV-COM Audience publique duvingt-quatre marsdeux millevingt-six Num\u00e9roCAL-2026-00135du r\u00f4le Composition: Martine WILMES, pr\u00e9sident de chambre; Mich\u00e8le HORNICK,premierconseiller; Carole BESCH, conseiller; Eric VILVENS, greffier. E n t r e lasoci\u00e9t\u00e9\u00e0 responsabilit\u00e9 limit\u00e9eSOCIETE1.)SARL,en liquidation volontaire,\u00e9tablie et ayantson si\u00e8ge social\u00e0 L-ADRESSE1.), inscrite au Registre de Commerce et\u2026<\/p>\n","protected":false},"featured_media":0,"template":"","meta":{"_crdt_document":""},"kji_country":[8418],"kji_court":[12305],"kji_chamber":[18433],"kji_year":[7610],"kji_subject":[7724],"kji_keyword":[9055,12307],"kji_language":[7733],"class_list":["post-579974","kji_decision","type-kji_decision","status-publish","hentry","kji_country-luxembourg","kji_court-cour-superieure-de-justice","kji_chamber-chambre-4","kji_year-7610","kji_subject-civil","kji_keyword-justice","kji_keyword-superieure","kji_language-francais"],"yoast_head":"<!-- This site is optimized with the Yoast SEO Premium plugin v27.4 (Yoast SEO v27.4) - https:\/\/yoast.com\/product\/yoast-seo-premium-wordpress\/ -->\n<title>Cour sup\u00e9rieure de justice, 24 mars 2026, n\u00b0 2026-00135 - Ma\u00eetre Hassan Kohen, avocat en droit p\u00e9nal \u00e0 Paris<\/title>\n<meta name=\"robots\" content=\"index, follow, max-snippet:-1, max-image-preview:large, max-video-preview:-1\" \/>\n<link rel=\"canonical\" href=\"https:\/\/kohenavocats.com\/zh-hans\/jurisprudences\/cour-superieure-de-justice-24-mars-2026-n-2026-00135\/\" \/>\n<meta property=\"og:locale\" content=\"zh_CN\" \/>\n<meta property=\"og:type\" content=\"article\" \/>\n<meta property=\"og:title\" content=\"Cour sup\u00e9rieure de justice, 24 mars 2026, n\u00b0 2026-00135\" \/>\n<meta property=\"og:description\" content=\"1 Arr\u00eat N\u00b048\/26IV-COM Audience publique duvingt-quatre marsdeux millevingt-six Num\u00e9roCAL-2026-00135du r\u00f4le Composition: Martine WILMES, pr\u00e9sident de chambre; Mich\u00e8le HORNICK,premierconseiller; Carole BESCH, conseiller; Eric VILVENS, greffier. E n t r e lasoci\u00e9t\u00e9\u00e0 responsabilit\u00e9 limit\u00e9eSOCIETE1.)SARL,en liquidation volontaire,\u00e9tablie et ayantson si\u00e8ge social\u00e0 L-ADRESSE1.), inscrite au Registre de Commerce et\u2026\" \/>\n<meta property=\"og:url\" content=\"https:\/\/kohenavocats.com\/zh-hans\/jurisprudences\/cour-superieure-de-justice-24-mars-2026-n-2026-00135\/\" \/>\n<meta property=\"og:site_name\" content=\"Ma\u00eetre Hassan Kohen, avocat en droit p\u00e9nal \u00e0 Paris\" \/>\n<meta property=\"article:modified_time\" content=\"2026-04-16T18:58:18+00:00\" \/>\n<meta name=\"twitter:card\" content=\"summary_large_image\" \/>\n<meta name=\"twitter:label1\" content=\"\u9884\u8ba1\u9605\u8bfb\u65f6\u95f4\" \/>\n\t<meta name=\"twitter:data1\" content=\"3 \u5206\" \/>\n<script type=\"application\/ld+json\" class=\"yoast-schema-graph\">{\"@context\":\"https:\\\/\\\/schema.org\",\"@graph\":[{\"@type\":\"WebPage\",\"@id\":\"https:\\\/\\\/kohenavocats.com\\\/zh-hans\\\/jurisprudences\\\/cour-superieure-de-justice-24-mars-2026-n-2026-00135\\\/\",\"url\":\"https:\\\/\\\/kohenavocats.com\\\/zh-hans\\\/jurisprudences\\\/cour-superieure-de-justice-24-mars-2026-n-2026-00135\\\/\",\"name\":\"Cour sup\u00e9rieure de justice, 24 mars 2026, n\u00b0 2026-00135 - Ma\u00eetre Hassan Kohen, avocat en droit p\u00e9nal \u00e0 Paris\",\"isPartOf\":{\"@id\":\"https:\\\/\\\/kohenavocats.com\\\/zh-hans\\\/#website\"},\"datePublished\":\"2026-04-16T18:58:15+00:00\",\"dateModified\":\"2026-04-16T18:58:18+00:00\",\"breadcrumb\":{\"@id\":\"https:\\\/\\\/kohenavocats.com\\\/zh-hans\\\/jurisprudences\\\/cour-superieure-de-justice-24-mars-2026-n-2026-00135\\\/#breadcrumb\"},\"inLanguage\":\"zh-Hans\",\"potentialAction\":[{\"@type\":\"ReadAction\",\"target\":[\"https:\\\/\\\/kohenavocats.com\\\/zh-hans\\\/jurisprudences\\\/cour-superieure-de-justice-24-mars-2026-n-2026-00135\\\/\"]}]},{\"@type\":\"BreadcrumbList\",\"@id\":\"https:\\\/\\\/kohenavocats.com\\\/zh-hans\\\/jurisprudences\\\/cour-superieure-de-justice-24-mars-2026-n-2026-00135\\\/#breadcrumb\",\"itemListElement\":[{\"@type\":\"ListItem\",\"position\":1,\"name\":\"Home\",\"item\":\"https:\\\/\\\/kohenavocats.com\\\/zh-hans\\\/\"},{\"@type\":\"ListItem\",\"position\":2,\"name\":\"Jurisprudences\",\"item\":\"https:\\\/\\\/kohenavocats.com\\\/zh-hans\\\/jurisprudences\\\/\"},{\"@type\":\"ListItem\",\"position\":3,\"name\":\"Cour sup\u00e9rieure de justice, 24 mars 2026, n\u00b0 2026-00135\"}]},{\"@type\":\"WebSite\",\"@id\":\"https:\\\/\\\/kohenavocats.com\\\/zh-hans\\\/#website\",\"url\":\"https:\\\/\\\/kohenavocats.com\\\/zh-hans\\\/\",\"name\":\"Kohen Avocats\",\"description\":\"Ma\u00eetre Hassan Kohen, avocat p\u00e9naliste \u00e0 Paris, intervient exclusivement en droit p\u00e9nal pour la d\u00e9fense des particuliers, notamment en mati\u00e8re d\u2019accusations de viol. Il assure un accompagnement rigoureux d\u00e8s la garde \u00e0 vue jusqu\u2019\u00e0 la Cour d\u2019assises, veillant au strict respect des garanties proc\u00e9durales.\",\"publisher\":{\"@id\":\"https:\\\/\\\/kohenavocats.com\\\/zh-hans\\\/#organization\"},\"potentialAction\":[{\"@type\":\"SearchAction\",\"target\":{\"@type\":\"EntryPoint\",\"urlTemplate\":\"https:\\\/\\\/kohenavocats.com\\\/zh-hans\\\/?s={search_term_string}\"},\"query-input\":{\"@type\":\"PropertyValueSpecification\",\"valueRequired\":true,\"valueName\":\"search_term_string\"}}],\"inLanguage\":\"zh-Hans\"},{\"@type\":\"Organization\",\"@id\":\"https:\\\/\\\/kohenavocats.com\\\/zh-hans\\\/#organization\",\"name\":\"Kohen Avocats\",\"url\":\"https:\\\/\\\/kohenavocats.com\\\/zh-hans\\\/\",\"logo\":{\"@type\":\"ImageObject\",\"inLanguage\":\"zh-Hans\",\"@id\":\"https:\\\/\\\/kohenavocats.com\\\/zh-hans\\\/#\\\/schema\\\/logo\\\/image\\\/\",\"url\":\"https:\\\/\\\/kohenavocats.com\\\/wp-content\\\/uploads\\\/2026\\\/01\\\/Logo-2-1.webp\",\"contentUrl\":\"https:\\\/\\\/kohenavocats.com\\\/wp-content\\\/uploads\\\/2026\\\/01\\\/Logo-2-1.webp\",\"width\":2114,\"height\":1253,\"caption\":\"Kohen Avocats\"},\"image\":{\"@id\":\"https:\\\/\\\/kohenavocats.com\\\/zh-hans\\\/#\\\/schema\\\/logo\\\/image\\\/\"}}]}<\/script>\n<!-- \/ Yoast SEO Premium plugin. -->","yoast_head_json":{"title":"Cour sup\u00e9rieure de justice, 24 mars 2026, n\u00b0 2026-00135 - Ma\u00eetre Hassan Kohen, avocat en droit p\u00e9nal \u00e0 Paris","robots":{"index":"index","follow":"follow","max-snippet":"max-snippet:-1","max-image-preview":"max-image-preview:large","max-video-preview":"max-video-preview:-1"},"canonical":"https:\/\/kohenavocats.com\/zh-hans\/jurisprudences\/cour-superieure-de-justice-24-mars-2026-n-2026-00135\/","og_locale":"zh_CN","og_type":"article","og_title":"Cour sup\u00e9rieure de justice, 24 mars 2026, n\u00b0 2026-00135","og_description":"1 Arr\u00eat N\u00b048\/26IV-COM Audience publique duvingt-quatre marsdeux millevingt-six Num\u00e9roCAL-2026-00135du r\u00f4le Composition: Martine WILMES, pr\u00e9sident de chambre; Mich\u00e8le HORNICK,premierconseiller; Carole BESCH, conseiller; Eric VILVENS, greffier. E n t r e lasoci\u00e9t\u00e9\u00e0 responsabilit\u00e9 limit\u00e9eSOCIETE1.)SARL,en liquidation volontaire,\u00e9tablie et ayantson si\u00e8ge social\u00e0 L-ADRESSE1.), inscrite au Registre de Commerce et\u2026","og_url":"https:\/\/kohenavocats.com\/zh-hans\/jurisprudences\/cour-superieure-de-justice-24-mars-2026-n-2026-00135\/","og_site_name":"Ma\u00eetre Hassan Kohen, avocat en droit p\u00e9nal \u00e0 Paris","article_modified_time":"2026-04-16T18:58:18+00:00","twitter_card":"summary_large_image","twitter_misc":{"\u9884\u8ba1\u9605\u8bfb\u65f6\u95f4":"3 \u5206"},"schema":{"@context":"https:\/\/schema.org","@graph":[{"@type":"WebPage","@id":"https:\/\/kohenavocats.com\/zh-hans\/jurisprudences\/cour-superieure-de-justice-24-mars-2026-n-2026-00135\/","url":"https:\/\/kohenavocats.com\/zh-hans\/jurisprudences\/cour-superieure-de-justice-24-mars-2026-n-2026-00135\/","name":"Cour sup\u00e9rieure de justice, 24 mars 2026, n\u00b0 2026-00135 - Ma\u00eetre Hassan Kohen, avocat en droit p\u00e9nal \u00e0 Paris","isPartOf":{"@id":"https:\/\/kohenavocats.com\/zh-hans\/#website"},"datePublished":"2026-04-16T18:58:15+00:00","dateModified":"2026-04-16T18:58:18+00:00","breadcrumb":{"@id":"https:\/\/kohenavocats.com\/zh-hans\/jurisprudences\/cour-superieure-de-justice-24-mars-2026-n-2026-00135\/#breadcrumb"},"inLanguage":"zh-Hans","potentialAction":[{"@type":"ReadAction","target":["https:\/\/kohenavocats.com\/zh-hans\/jurisprudences\/cour-superieure-de-justice-24-mars-2026-n-2026-00135\/"]}]},{"@type":"BreadcrumbList","@id":"https:\/\/kohenavocats.com\/zh-hans\/jurisprudences\/cour-superieure-de-justice-24-mars-2026-n-2026-00135\/#breadcrumb","itemListElement":[{"@type":"ListItem","position":1,"name":"Home","item":"https:\/\/kohenavocats.com\/zh-hans\/"},{"@type":"ListItem","position":2,"name":"Jurisprudences","item":"https:\/\/kohenavocats.com\/zh-hans\/jurisprudences\/"},{"@type":"ListItem","position":3,"name":"Cour sup\u00e9rieure de justice, 24 mars 2026, n\u00b0 2026-00135"}]},{"@type":"WebSite","@id":"https:\/\/kohenavocats.com\/zh-hans\/#website","url":"https:\/\/kohenavocats.com\/zh-hans\/","name":"Kohen Avocats","description":"Ma\u00eetre Hassan Kohen, avocat p\u00e9naliste \u00e0 Paris, intervient exclusivement en droit p\u00e9nal pour la d\u00e9fense des particuliers, notamment en mati\u00e8re d\u2019accusations de viol. Il assure un accompagnement rigoureux d\u00e8s la garde \u00e0 vue jusqu\u2019\u00e0 la Cour d\u2019assises, veillant au strict respect des garanties proc\u00e9durales.","publisher":{"@id":"https:\/\/kohenavocats.com\/zh-hans\/#organization"},"potentialAction":[{"@type":"SearchAction","target":{"@type":"EntryPoint","urlTemplate":"https:\/\/kohenavocats.com\/zh-hans\/?s={search_term_string}"},"query-input":{"@type":"PropertyValueSpecification","valueRequired":true,"valueName":"search_term_string"}}],"inLanguage":"zh-Hans"},{"@type":"Organization","@id":"https:\/\/kohenavocats.com\/zh-hans\/#organization","name":"Kohen Avocats","url":"https:\/\/kohenavocats.com\/zh-hans\/","logo":{"@type":"ImageObject","inLanguage":"zh-Hans","@id":"https:\/\/kohenavocats.com\/zh-hans\/#\/schema\/logo\/image\/","url":"https:\/\/kohenavocats.com\/wp-content\/uploads\/2026\/01\/Logo-2-1.webp","contentUrl":"https:\/\/kohenavocats.com\/wp-content\/uploads\/2026\/01\/Logo-2-1.webp","width":2114,"height":1253,"caption":"Kohen Avocats"},"image":{"@id":"https:\/\/kohenavocats.com\/zh-hans\/#\/schema\/logo\/image\/"}}]}},"jetpack_likes_enabled":false,"jetpack_sharing_enabled":true,"_links":{"self":[{"href":"https:\/\/kohenavocats.com\/zh-hans\/wp-json\/wp\/v2\/kji_decision\/579974","targetHints":{"allow":["GET"]}}],"collection":[{"href":"https:\/\/kohenavocats.com\/zh-hans\/wp-json\/wp\/v2\/kji_decision"}],"about":[{"href":"https:\/\/kohenavocats.com\/zh-hans\/wp-json\/wp\/v2\/types\/kji_decision"}],"wp:attachment":[{"href":"https:\/\/kohenavocats.com\/zh-hans\/wp-json\/wp\/v2\/media?parent=579974"}],"wp:term":[{"taxonomy":"kji_country","embeddable":true,"href":"https:\/\/kohenavocats.com\/zh-hans\/wp-json\/wp\/v2\/kji_country?post=579974"},{"taxonomy":"kji_court","embeddable":true,"href":"https:\/\/kohenavocats.com\/zh-hans\/wp-json\/wp\/v2\/kji_court?post=579974"},{"taxonomy":"kji_chamber","embeddable":true,"href":"https:\/\/kohenavocats.com\/zh-hans\/wp-json\/wp\/v2\/kji_chamber?post=579974"},{"taxonomy":"kji_year","embeddable":true,"href":"https:\/\/kohenavocats.com\/zh-hans\/wp-json\/wp\/v2\/kji_year?post=579974"},{"taxonomy":"kji_subject","embeddable":true,"href":"https:\/\/kohenavocats.com\/zh-hans\/wp-json\/wp\/v2\/kji_subject?post=579974"},{"taxonomy":"kji_keyword","embeddable":true,"href":"https:\/\/kohenavocats.com\/zh-hans\/wp-json\/wp\/v2\/kji_keyword?post=579974"},{"taxonomy":"kji_language","embeddable":true,"href":"https:\/\/kohenavocats.com\/zh-hans\/wp-json\/wp\/v2\/kji_language?post=579974"}],"curies":[{"name":"wp","href":"https:\/\/api.w.org\/{rel}","templated":true}]}}