{"id":579990,"date":"2026-04-16T20:58:45","date_gmt":"2026-04-16T18:58:45","guid":{"rendered":"https:\/\/kohenavocats.com\/jurisprudences\/cour-superieure-de-justice-10-mars-2026-n-2026-00177\/"},"modified":"2026-04-16T20:58:48","modified_gmt":"2026-04-16T18:58:48","slug":"cour-superieure-de-justice-10-mars-2026-n-2026-00177","status":"publish","type":"kji_decision","link":"https:\/\/kohenavocats.com\/zh-hans\/jurisprudences\/cour-superieure-de-justice-10-mars-2026-n-2026-00177\/","title":{"rendered":"Cour sup\u00e9rieure de justice, 10 mars 2026, n\u00b0 2026-00177"},"content":{"rendered":"<div class=\"kji-decision\">\n<div class=\"kji-full-text\">\n<p>1 Arr\u00eat N\u00b040\/26IV-COM Arr\u00eat commercial-faillite Audience publique dudix marsdeux millevingt-six Num\u00e9roCAL-2026-00177du r\u00f4le Composition: Martine WILMES,pr\u00e9sident de chambre; Mich\u00e8le HORNICK,premierconseiller; Carole BESCH,conseiller; Eric VILVENS, greffier. E n t r e lasoci\u00e9t\u00e9anonymeSOCIETE1.)SA,\u00e9tablieet ayantson si\u00e8ge social\u00e0 L-ADRESSE1.),inscrite au Registre de Commerce et des Soci\u00e9t\u00e9s de Luxembourg sous le num\u00e9roNUMERO1.), repr\u00e9sent\u00e9e par sonconseil d\u2019administration, appelanteaux termes d\u2019un acte de l&#039;huissier dejusticeLaura Geiger deLuxembourgdes 12 et 13 f\u00e9vrier 2026, comparant par Ma\u00eetreMohamed Qadaoui, avocat \u00e0 la Cour, demeurant \u00e0Luxembourg, et 1) Ma\u00eetreFran\u00e7oise NSAN NWET ,avocat\u00e0 la Cour, demeurant professionnellement \u00e0 L-4011 Esch-sur-Alzette, 47, rue de l\u2019Alzette, priseensaqualit\u00e9 de curatricede la faillite de la soci\u00e9t\u00e9anonyme SOCIETE1.)SA, intim\u00e9eaux fins dupr\u00e9dit acteGeiger, comparant parelle-m\u00eame,<\/p>\n<p>2 2)Monsieurle receveur-pr\u00e9pos\u00e9 du bureau de recette des contributions de Luxembourg, ayant ses bureaux \u00e0 L-2718 Luxembourg, 18, rue du Fort Wedell, intim\u00e9aux fins dupr\u00e9dit acteGeiger, comparant par lui-m\u00eame. LA COURD\u2019APPEL Par jugement du 22 d\u00e9cembre 2025, le tribunal d\u2019arrondissement de Luxembourg a d\u00e9clar\u00e9 en \u00e9tat de faillite sur assignation du receveur- pr\u00e9pos\u00e9 du bureau de recette des contributions de Luxembourg (ci- apr\u00e8s le Receveur), qui se pr\u00e9valait d\u2019une cr\u00e9ance fiscale du montant de 33.104,57 euros, la soci\u00e9t\u00e9 anonymeSOCIETE1.)SA (ci-apr\u00e8s la soci\u00e9t\u00e9SOCIETE1.)). Ledit jugement a d\u00e9sign\u00e9 curatrice Ma\u00eetre Fran\u00e7oise NSAN-NWET (ci-apr\u00e8s la Curatrice). Par exploit d\u2019huissier de justice des 12 et 13 f\u00e9vrier 2026, la soci\u00e9t\u00e9 SOCIETE1.)a r\u00e9guli\u00e8rement relev\u00e9 appel de ce jugement, qui ne lui a pas \u00e9t\u00e9 signifi\u00e9. L\u2019appelante sollicite, par r\u00e9formation du jugement entrepris, le rabattement de la faillite, au motif qu\u2019elle n\u2019avait pas cess\u00e9 ses paiements le jour de la faillite et qu\u2019elle dispose des liquidit\u00e9s suffisantes pour faire face \u00e0 son passif. Elle demande enoutre la publication de la d\u00e9cision\u00e0 intervenirdans les journaux mentionn\u00e9s dans le jugement entrepris ainsi qu\u2019\u00e0 voir ordonnerl\u2019ex\u00e9cution provisoire de la d\u00e9cision \u00e0 intervenir nonobstant toutes voies de recours et sans caution. A l\u2019audience des plaidoiries du 3 mars 2026, elle pr\u00e9cise, pi\u00e8ces\u00e0 l\u2019appui, qu\u2019une soci\u00e9t\u00e9 de son groupe a vir\u00e9 la somme de 44.0000 euros sur son compte bancaire. Elle s\u2019engage \u00e0 d\u00e9sint\u00e9resser end\u00e9ans les 2 semaines \u00e0 partir du prononc\u00e9de l\u2019arr\u00eat, la cr\u00e9ance fiscale au montant d\u00e9clar\u00e9 \u00e0 son passif. Elle ajoute que la cr\u00e9ance du Centre Commun de la S\u00e9curit\u00e9 sociale ad\u00e9j\u00e0\u00e9t\u00e9 pay\u00e9e tout comme les frais et honoraires de la Curatrice. Elleconclut que les conditions de la faillite n\u2019\u00e9taient jamais remplies dans son chef et qu\u2019il y a lieu de rabattre la faillite. La Curatrice expose que la soci\u00e9t\u00e9 en faillite dispose d\u2019un avoir en compte bancaire de 45.328,53 euros. Elle admet avoir re\u00e7u paiement de ses frais et honoraires, mais \u00e0 d\u00e9faut de consignation du montant suffisant pour payer la dette fiscale, elle se rapporte \u00e0la sagesse de la Cour d\u2019appelen ce qui concerne le bien-fond\u00e9 de la demande. Le Receveur se rapporte \u00e9galement dans ces conditions \u00e0sagesse de la Cour d\u2019appel. Appr\u00e9ciation<\/p>\n<p>3 En application de l\u2019article 437 alin\u00e9a 1er du code de commerce, la faillite ne peut \u00eatre prononc\u00e9e qu\u2019\u00e0 la double condition que le d\u00e9biteur commer\u00e7ant soit en \u00e9tat de cessation des paiements et que son cr\u00e9dit soit \u00e9branl\u00e9. Au vu des paiements intervenusetde l\u2019actif d\u00e9tenu en compte bancaire par la soci\u00e9t\u00e9SOCIETE1.)et de son engagement \u00e0 payer la cr\u00e9ance fiscale dans les deux semaines \u00e0 partir du prononc\u00e9 du pr\u00e9sent arr\u00eat, il y a lieu de retenir que la soci\u00e9t\u00e9SOCIETE1.)n\u2019est pas en \u00e9tat de cessation de paiements et que son cr\u00e9dit n\u2019est pas \u00e9branl\u00e9. Les conditions de l\u2019article 437 du code de commerce n\u2019\u00e9tant pas remplies, il y a lieu de rabattre la faillite. L\u2019appelante a encore sollicit\u00e9 l\u2019affichage et la publication du pr\u00e9sent arr\u00eat. La faillite se rapporte \u00e0 l\u2019\u00e9tat du d\u00e9biteur et cet \u00e9tat est indivisible. L\u2019arr\u00eat produit ses effets erga omnes. En l\u2019absence de texte l\u00e9gal pr\u00e9voyant son affichage ou sa publication, il n\u2019y a pas lieu de l\u2019ordonner. Il n\u2019y a pas non plus lieu de faire droit \u00e0 la demande de l\u2019appelante tendant \u00e0 voir ordonner l\u2019ex\u00e9cution provisoire du pr\u00e9sent arr\u00eat d\u00e8s lors qu\u2019un \u00e9ventuel pourvoi en cassation n\u2019a pas d\u2019effet suspensif. Les frais et d\u00e9pens des deux instances, ainsi que les frais d\u2019administration de la faillite et les honoraires de la Curatrice restent \u00e0 charge de la soci\u00e9t\u00e9SOCIETE1.), \u00e9tant donn\u00e9 que c\u2019est par sa n\u00e9gligence que la proc\u00e9dure de la faillite a \u00e9t\u00e9 d\u00e9clench\u00e9e. PAR CES MOTIFS la Cour d\u2019appel, quatri\u00e8me chambre, si\u00e9geant en mati\u00e8re de faillite, statuant contradictoirement, re\u00e7oit l\u2019appel, le dit fond\u00e9, r\u00e9formant, dit que la faillite de la soci\u00e9t\u00e9 anonymeSOCIETE1.)SA est rabattue, ditnon fond\u00e9e la demande de l\u2019affichage et de la publication du pr\u00e9sent arr\u00eat, dit qu\u2019il n\u2019y a pas lieu d\u2019ordonner l\u2019ex\u00e9cution provisoire de l\u2019arr\u00eat, condamne la soci\u00e9t\u00e9 anonyme SOCIETE1.)SA aux frais d\u2019administration de la faillite et aux honoraires de la Curatrice ainsi qu\u2019aux frais et d\u00e9pens des deux instances.<\/p>\n<p>4<\/p>\n<\/div>\n<hr class=\"kji-sep\" \/>\n<p class=\"kji-source-links\"><strong>Sources officielles :<\/strong> <a class=\"kji-source-link\" href=\"https:\/\/data.public.lu\/fr\/datasets\/cour-superieure-de-justice-chambre-4\/\" target=\"_blank\" rel=\"noopener noreferrer\">consulter la page source<\/a> &middot; <a class=\"kji-pdf-link\" href=\"https:\/\/download.data.public.lu\/resources\/cour-superieure-de-justice-chambre-4\/20260316-000229\/20260310-ca4-cal-2026-00177-pseudonymise-accessible.pdf\" target=\"_blank\" rel=\"noopener noreferrer\">PDF officiel<\/a><\/p>\n<p class=\"kji-license-note\"><em>Licence CC BY-ND 4.0 (Administration judiciaire, data.public.lu). Republication autorisee avec attribution, sans modification editoriale du texte integral.<\/em><\/p>\n<\/div>\n","protected":false},"excerpt":{"rendered":"<p>1 Arr\u00eat N\u00b040\/26IV-COM Arr\u00eat commercial-faillite Audience publique dudix marsdeux millevingt-six Num\u00e9roCAL-2026-00177du r\u00f4le Composition: Martine WILMES,pr\u00e9sident de chambre; Mich\u00e8le HORNICK,premierconseiller; Carole BESCH,conseiller; Eric VILVENS, greffier. E n t r e lasoci\u00e9t\u00e9anonymeSOCIETE1.)SA,\u00e9tablieet ayantson si\u00e8ge social\u00e0 L-ADRESSE1.),inscrite au Registre de Commerce et des Soci\u00e9t\u00e9s de Luxembourg sous le\u2026<\/p>\n","protected":false},"featured_media":0,"template":"","meta":{"_crdt_document":""},"kji_country":[8418],"kji_court":[12305],"kji_chamber":[18433],"kji_year":[7610],"kji_subject":[7724],"kji_keyword":[9055,12307],"kji_language":[7733],"class_list":["post-579990","kji_decision","type-kji_decision","status-publish","hentry","kji_country-luxembourg","kji_court-cour-superieure-de-justice","kji_chamber-chambre-4","kji_year-7610","kji_subject-civil","kji_keyword-justice","kji_keyword-superieure","kji_language-francais"],"yoast_head":"<!-- This site is optimized with the Yoast SEO Premium plugin v27.5 (Yoast SEO v27.5) - https:\/\/yoast.com\/product\/yoast-seo-premium-wordpress\/ -->\n<title>Cour sup\u00e9rieure de justice, 10 mars 2026, n\u00b0 2026-00177 - Ma\u00eetre Hassan Kohen, avocat en droit p\u00e9nal \u00e0 Paris<\/title>\n<meta name=\"robots\" content=\"index, follow, max-snippet:-1, max-image-preview:large, max-video-preview:-1\" \/>\n<link rel=\"canonical\" href=\"https:\/\/kohenavocats.com\/zh-hans\/jurisprudences\/cour-superieure-de-justice-10-mars-2026-n-2026-00177\/\" \/>\n<meta property=\"og:locale\" content=\"zh_CN\" \/>\n<meta property=\"og:type\" content=\"article\" \/>\n<meta property=\"og:title\" content=\"Cour sup\u00e9rieure de justice, 10 mars 2026, n\u00b0 2026-00177\" \/>\n<meta property=\"og:description\" content=\"1 Arr\u00eat N\u00b040\/26IV-COM Arr\u00eat commercial-faillite Audience publique dudix marsdeux millevingt-six Num\u00e9roCAL-2026-00177du r\u00f4le Composition: Martine WILMES,pr\u00e9sident de chambre; Mich\u00e8le HORNICK,premierconseiller; Carole BESCH,conseiller; Eric VILVENS, greffier. E n t r e lasoci\u00e9t\u00e9anonymeSOCIETE1.)SA,\u00e9tablieet ayantson si\u00e8ge social\u00e0 L-ADRESSE1.),inscrite au Registre de Commerce et des Soci\u00e9t\u00e9s de Luxembourg sous le\u2026\" \/>\n<meta property=\"og:url\" content=\"https:\/\/kohenavocats.com\/zh-hans\/jurisprudences\/cour-superieure-de-justice-10-mars-2026-n-2026-00177\/\" \/>\n<meta property=\"og:site_name\" content=\"Ma\u00eetre Hassan Kohen, avocat en droit p\u00e9nal \u00e0 Paris\" \/>\n<meta property=\"article:modified_time\" content=\"2026-04-16T18:58:48+00:00\" \/>\n<meta name=\"twitter:card\" content=\"summary_large_image\" \/>\n<meta name=\"twitter:label1\" content=\"\u9884\u8ba1\u9605\u8bfb\u65f6\u95f4\" \/>\n\t<meta name=\"twitter:data1\" content=\"5 \u5206\" \/>\n<script type=\"application\/ld+json\" class=\"yoast-schema-graph\">{\"@context\":\"https:\\\/\\\/schema.org\",\"@graph\":[{\"@type\":\"WebPage\",\"@id\":\"https:\\\/\\\/kohenavocats.com\\\/zh-hans\\\/jurisprudences\\\/cour-superieure-de-justice-10-mars-2026-n-2026-00177\\\/\",\"url\":\"https:\\\/\\\/kohenavocats.com\\\/zh-hans\\\/jurisprudences\\\/cour-superieure-de-justice-10-mars-2026-n-2026-00177\\\/\",\"name\":\"Cour sup\u00e9rieure de justice, 10 mars 2026, n\u00b0 2026-00177 - Ma\u00eetre Hassan Kohen, avocat en droit p\u00e9nal \u00e0 Paris\",\"isPartOf\":{\"@id\":\"https:\\\/\\\/kohenavocats.com\\\/zh-hans\\\/#website\"},\"datePublished\":\"2026-04-16T18:58:45+00:00\",\"dateModified\":\"2026-04-16T18:58:48+00:00\",\"breadcrumb\":{\"@id\":\"https:\\\/\\\/kohenavocats.com\\\/zh-hans\\\/jurisprudences\\\/cour-superieure-de-justice-10-mars-2026-n-2026-00177\\\/#breadcrumb\"},\"inLanguage\":\"zh-Hans\",\"potentialAction\":[{\"@type\":\"ReadAction\",\"target\":[\"https:\\\/\\\/kohenavocats.com\\\/zh-hans\\\/jurisprudences\\\/cour-superieure-de-justice-10-mars-2026-n-2026-00177\\\/\"]}]},{\"@type\":\"BreadcrumbList\",\"@id\":\"https:\\\/\\\/kohenavocats.com\\\/zh-hans\\\/jurisprudences\\\/cour-superieure-de-justice-10-mars-2026-n-2026-00177\\\/#breadcrumb\",\"itemListElement\":[{\"@type\":\"ListItem\",\"position\":1,\"name\":\"Home\",\"item\":\"https:\\\/\\\/kohenavocats.com\\\/zh-hans\\\/\"},{\"@type\":\"ListItem\",\"position\":2,\"name\":\"Jurisprudences\",\"item\":\"https:\\\/\\\/kohenavocats.com\\\/zh-hans\\\/jurisprudences\\\/\"},{\"@type\":\"ListItem\",\"position\":3,\"name\":\"Cour sup\u00e9rieure de justice, 10 mars 2026, n\u00b0 2026-00177\"}]},{\"@type\":\"WebSite\",\"@id\":\"https:\\\/\\\/kohenavocats.com\\\/zh-hans\\\/#website\",\"url\":\"https:\\\/\\\/kohenavocats.com\\\/zh-hans\\\/\",\"name\":\"Kohen Avocats\",\"description\":\"Ma\u00eetre Hassan Kohen, avocat p\u00e9naliste \u00e0 Paris, intervient exclusivement en droit p\u00e9nal pour la d\u00e9fense des particuliers, notamment en mati\u00e8re d\u2019accusations de viol. Il assure un accompagnement rigoureux d\u00e8s la garde \u00e0 vue jusqu\u2019\u00e0 la Cour d\u2019assises, veillant au strict respect des garanties proc\u00e9durales.\",\"publisher\":{\"@id\":\"https:\\\/\\\/kohenavocats.com\\\/zh-hans\\\/#organization\"},\"potentialAction\":[{\"@type\":\"SearchAction\",\"target\":{\"@type\":\"EntryPoint\",\"urlTemplate\":\"https:\\\/\\\/kohenavocats.com\\\/zh-hans\\\/?s={search_term_string}\"},\"query-input\":{\"@type\":\"PropertyValueSpecification\",\"valueRequired\":true,\"valueName\":\"search_term_string\"}}],\"inLanguage\":\"zh-Hans\"},{\"@type\":\"Organization\",\"@id\":\"https:\\\/\\\/kohenavocats.com\\\/zh-hans\\\/#organization\",\"name\":\"Kohen Avocats\",\"url\":\"https:\\\/\\\/kohenavocats.com\\\/zh-hans\\\/\",\"logo\":{\"@type\":\"ImageObject\",\"inLanguage\":\"zh-Hans\",\"@id\":\"https:\\\/\\\/kohenavocats.com\\\/zh-hans\\\/#\\\/schema\\\/logo\\\/image\\\/\",\"url\":\"https:\\\/\\\/kohenavocats.com\\\/wp-content\\\/uploads\\\/2026\\\/01\\\/Logo-2-1.webp\",\"contentUrl\":\"https:\\\/\\\/kohenavocats.com\\\/wp-content\\\/uploads\\\/2026\\\/01\\\/Logo-2-1.webp\",\"width\":2114,\"height\":1253,\"caption\":\"Kohen Avocats\"},\"image\":{\"@id\":\"https:\\\/\\\/kohenavocats.com\\\/zh-hans\\\/#\\\/schema\\\/logo\\\/image\\\/\"}}]}<\/script>\n<!-- \/ Yoast SEO Premium plugin. -->","yoast_head_json":{"title":"Cour sup\u00e9rieure de justice, 10 mars 2026, n\u00b0 2026-00177 - Ma\u00eetre Hassan Kohen, avocat en droit p\u00e9nal \u00e0 Paris","robots":{"index":"index","follow":"follow","max-snippet":"max-snippet:-1","max-image-preview":"max-image-preview:large","max-video-preview":"max-video-preview:-1"},"canonical":"https:\/\/kohenavocats.com\/zh-hans\/jurisprudences\/cour-superieure-de-justice-10-mars-2026-n-2026-00177\/","og_locale":"zh_CN","og_type":"article","og_title":"Cour sup\u00e9rieure de justice, 10 mars 2026, n\u00b0 2026-00177","og_description":"1 Arr\u00eat N\u00b040\/26IV-COM Arr\u00eat commercial-faillite Audience publique dudix marsdeux millevingt-six Num\u00e9roCAL-2026-00177du r\u00f4le Composition: Martine WILMES,pr\u00e9sident de chambre; Mich\u00e8le HORNICK,premierconseiller; Carole BESCH,conseiller; Eric VILVENS, greffier. E n t r e lasoci\u00e9t\u00e9anonymeSOCIETE1.)SA,\u00e9tablieet ayantson si\u00e8ge social\u00e0 L-ADRESSE1.),inscrite au Registre de Commerce et des Soci\u00e9t\u00e9s de Luxembourg sous le\u2026","og_url":"https:\/\/kohenavocats.com\/zh-hans\/jurisprudences\/cour-superieure-de-justice-10-mars-2026-n-2026-00177\/","og_site_name":"Ma\u00eetre Hassan Kohen, avocat en droit p\u00e9nal \u00e0 Paris","article_modified_time":"2026-04-16T18:58:48+00:00","twitter_card":"summary_large_image","twitter_misc":{"\u9884\u8ba1\u9605\u8bfb\u65f6\u95f4":"5 \u5206"},"schema":{"@context":"https:\/\/schema.org","@graph":[{"@type":"WebPage","@id":"https:\/\/kohenavocats.com\/zh-hans\/jurisprudences\/cour-superieure-de-justice-10-mars-2026-n-2026-00177\/","url":"https:\/\/kohenavocats.com\/zh-hans\/jurisprudences\/cour-superieure-de-justice-10-mars-2026-n-2026-00177\/","name":"Cour sup\u00e9rieure de justice, 10 mars 2026, n\u00b0 2026-00177 - Ma\u00eetre Hassan Kohen, avocat en droit p\u00e9nal \u00e0 Paris","isPartOf":{"@id":"https:\/\/kohenavocats.com\/zh-hans\/#website"},"datePublished":"2026-04-16T18:58:45+00:00","dateModified":"2026-04-16T18:58:48+00:00","breadcrumb":{"@id":"https:\/\/kohenavocats.com\/zh-hans\/jurisprudences\/cour-superieure-de-justice-10-mars-2026-n-2026-00177\/#breadcrumb"},"inLanguage":"zh-Hans","potentialAction":[{"@type":"ReadAction","target":["https:\/\/kohenavocats.com\/zh-hans\/jurisprudences\/cour-superieure-de-justice-10-mars-2026-n-2026-00177\/"]}]},{"@type":"BreadcrumbList","@id":"https:\/\/kohenavocats.com\/zh-hans\/jurisprudences\/cour-superieure-de-justice-10-mars-2026-n-2026-00177\/#breadcrumb","itemListElement":[{"@type":"ListItem","position":1,"name":"Home","item":"https:\/\/kohenavocats.com\/zh-hans\/"},{"@type":"ListItem","position":2,"name":"Jurisprudences","item":"https:\/\/kohenavocats.com\/zh-hans\/jurisprudences\/"},{"@type":"ListItem","position":3,"name":"Cour sup\u00e9rieure de justice, 10 mars 2026, n\u00b0 2026-00177"}]},{"@type":"WebSite","@id":"https:\/\/kohenavocats.com\/zh-hans\/#website","url":"https:\/\/kohenavocats.com\/zh-hans\/","name":"Kohen Avocats","description":"Ma\u00eetre Hassan Kohen, avocat p\u00e9naliste \u00e0 Paris, intervient exclusivement en droit p\u00e9nal pour la d\u00e9fense des particuliers, notamment en mati\u00e8re d\u2019accusations de viol. Il assure un accompagnement rigoureux d\u00e8s la garde \u00e0 vue jusqu\u2019\u00e0 la Cour d\u2019assises, veillant au strict respect des garanties proc\u00e9durales.","publisher":{"@id":"https:\/\/kohenavocats.com\/zh-hans\/#organization"},"potentialAction":[{"@type":"SearchAction","target":{"@type":"EntryPoint","urlTemplate":"https:\/\/kohenavocats.com\/zh-hans\/?s={search_term_string}"},"query-input":{"@type":"PropertyValueSpecification","valueRequired":true,"valueName":"search_term_string"}}],"inLanguage":"zh-Hans"},{"@type":"Organization","@id":"https:\/\/kohenavocats.com\/zh-hans\/#organization","name":"Kohen Avocats","url":"https:\/\/kohenavocats.com\/zh-hans\/","logo":{"@type":"ImageObject","inLanguage":"zh-Hans","@id":"https:\/\/kohenavocats.com\/zh-hans\/#\/schema\/logo\/image\/","url":"https:\/\/kohenavocats.com\/wp-content\/uploads\/2026\/01\/Logo-2-1.webp","contentUrl":"https:\/\/kohenavocats.com\/wp-content\/uploads\/2026\/01\/Logo-2-1.webp","width":2114,"height":1253,"caption":"Kohen Avocats"},"image":{"@id":"https:\/\/kohenavocats.com\/zh-hans\/#\/schema\/logo\/image\/"}}]}},"jetpack_likes_enabled":false,"jetpack_sharing_enabled":true,"_links":{"self":[{"href":"https:\/\/kohenavocats.com\/zh-hans\/wp-json\/wp\/v2\/kji_decision\/579990","targetHints":{"allow":["GET"]}}],"collection":[{"href":"https:\/\/kohenavocats.com\/zh-hans\/wp-json\/wp\/v2\/kji_decision"}],"about":[{"href":"https:\/\/kohenavocats.com\/zh-hans\/wp-json\/wp\/v2\/types\/kji_decision"}],"wp:attachment":[{"href":"https:\/\/kohenavocats.com\/zh-hans\/wp-json\/wp\/v2\/media?parent=579990"}],"wp:term":[{"taxonomy":"kji_country","embeddable":true,"href":"https:\/\/kohenavocats.com\/zh-hans\/wp-json\/wp\/v2\/kji_country?post=579990"},{"taxonomy":"kji_court","embeddable":true,"href":"https:\/\/kohenavocats.com\/zh-hans\/wp-json\/wp\/v2\/kji_court?post=579990"},{"taxonomy":"kji_chamber","embeddable":true,"href":"https:\/\/kohenavocats.com\/zh-hans\/wp-json\/wp\/v2\/kji_chamber?post=579990"},{"taxonomy":"kji_year","embeddable":true,"href":"https:\/\/kohenavocats.com\/zh-hans\/wp-json\/wp\/v2\/kji_year?post=579990"},{"taxonomy":"kji_subject","embeddable":true,"href":"https:\/\/kohenavocats.com\/zh-hans\/wp-json\/wp\/v2\/kji_subject?post=579990"},{"taxonomy":"kji_keyword","embeddable":true,"href":"https:\/\/kohenavocats.com\/zh-hans\/wp-json\/wp\/v2\/kji_keyword?post=579990"},{"taxonomy":"kji_language","embeddable":true,"href":"https:\/\/kohenavocats.com\/zh-hans\/wp-json\/wp\/v2\/kji_language?post=579990"}],"curies":[{"name":"wp","href":"https:\/\/api.w.org\/{rel}","templated":true}]}}