{"id":581092,"date":"2026-04-16T23:14:34","date_gmt":"2026-04-16T21:14:34","guid":{"rendered":"https:\/\/kohenavocats.com\/jurisprudences\/cour-superieure-de-justice-3-decembre-2024-n-2024-00965\/"},"modified":"2026-04-16T23:14:37","modified_gmt":"2026-04-16T21:14:37","slug":"cour-superieure-de-justice-3-decembre-2024-n-2024-00965","status":"publish","type":"kji_decision","link":"https:\/\/kohenavocats.com\/zh-hans\/jurisprudences\/cour-superieure-de-justice-3-decembre-2024-n-2024-00965\/","title":{"rendered":"Cour sup\u00e9rieure de justice, 3 d\u00e9cembre 2024, n\u00b0 2024-00965"},"content":{"rendered":"<div class=\"kji-decision\">\n<div class=\"kji-full-text\">\n<p>1 Arr\u00eat N\u00b0188\/24IV-COM Arr\u00eat commercial-faillite Audience publique dutrois d\u00e9cembredeuxmillevingt-quatre Num\u00e9roCAL-2024-00965du r\u00f4le Composition: Marianne EICHER,pr\u00e9sidentde chambre; Mich\u00e8le HORNICK,premierconseiller; CaroleBESCH, conseiller; Eric VILVENS, greffier. E n t r e lasoci\u00e9t\u00e9anonymeSOCIETE1.)SA,\u00e9tablie et ayantson si\u00e8ge social\u00e0L-ADRESSE1.),inscriteau Registre de Commerce et des Soci\u00e9t\u00e9s de Luxembourgsous le num\u00e9roNUMERO1.),repr\u00e9sent\u00e9e par sonconseil d\u2019administration, appelanteaux termes d\u2019un acte de l&#039;huissier dejusticesuppl\u00e9ant Luana Cogoni en remplacement de l\u2019huissier de justice V\u00e9ronique Reyter, les deux demeurant \u00e0 Esch-sur-Alzette,du10 octobre2024, comparant par Ma\u00eetreSam Pletsch, avocat \u00e0 la Cour,demeurant \u00e0 Luxembourg, et<\/p>\n<p>2 1)Monsieurle Receveur-Pr\u00e9pos\u00e9 du bureau de Recette des Contributions de Luxembourg, ayant ses bureaux \u00e0 L-2982 Luxembourg, 18, rue du Fort Wedell, intim\u00e9aux fins dupr\u00e9dit acteCogoni, comparant par lui-m\u00eame, 2)Ma\u00eetrePerrine LAURICELLA,avocat\u00e0 la Cour,demeurant professionnellement\u00e0L-1471 Luxembourg, 270, route d\u2019Esch,prise en saqualit\u00e9 de curatricedela faillitedelasoci\u00e9t\u00e9anonyme SOCIETE1.)SA,d\u00e9clar\u00e9e en \u00e9tat de faillite par jugement du Tribunal d\u2019arrondissement de Luxembourg du2 ao\u00fbt 2024, intim\u00e9eaux fins dupr\u00e9dit acteCogoni, comparant parelle-m\u00eame. LA COURD\u2019APPEL Parjugementcommercialrendupard\u00e9fautle2ao\u00fbt2024,leTribunal d\u2019arrondissementdeLuxembourgad\u00e9clar\u00e9en\u00e9tatdefaillite,sur assignationdeMonsieurleReceveur-Pr\u00e9pos\u00e9duBureaudeRecette desContributionsdeLuxembourg(ci-apr\u00e8sMonsieurleReceveur), quisepr\u00e9valaitd\u2019unecr\u00e9ancefiscalede130.743,90euros,lasoci\u00e9t\u00e9 anonymeSOCIETE1.)SA(ci-apr\u00e8slasoci\u00e9t\u00e9SOCIETE1.)).Le jugementad\u00e9sign\u00e9curatricedelafailliteMa\u00eetrePerrineLauricella(ci- apr\u00e8slaCuratrice). Paracted\u2019huissierdejusticedu10octobre2024,lasoci\u00e9t\u00e9 SOCIETE1.)ar\u00e9guli\u00e8rementrelev\u00e9appeldecejugementqui,d\u2019apr\u00e8s les\u00e9l\u00e9mentsdudossier,n\u2019apas\u00e9t\u00e9signifi\u00e9. Aufond,elleconclut\u00e0voirrabattrelafaillite. Lasoci\u00e9t\u00e9SOCIETE1.)faitvaloirqu\u2019elleavaitr\u00e9gl\u00e9sadettefiscaleau momentdujugementdefaillite,etquelesconditionsdelafaillite,\u00e0 savoirl\u2019\u00e9tatdecessationdespaiementsetl\u2019\u00e9branlementducr\u00e9dit,ne sontpasremplies.Elleexposequelesmontantssuffisantspour d\u00e9sint\u00e9resserlescr\u00e9anciersetr\u00e9glerlesfraisethonorairesdela Curatriceont\u00e9t\u00e9vir\u00e9ssurlecompte-tiersdesonmandataire.Celui-ci seportefortpourlescontinuer\u00e0laCuratrice. Auvudespi\u00e8cesvers\u00e9es,nilaCuratriceniMonsieurleReceveurne s\u2019opposentaurabattementdelafaillite. Appr\u00e9ciation<\/p>\n<p>3 L\u2019appel est recevable pour avoir \u00e9t\u00e9 introduit dans les forme et d\u00e9lai de la loi. Ilincombe\u00e0lasoci\u00e9t\u00e9demanderessedurabattementdelafaillitede prouverqu\u2019ellenesetrouvaitpasaumomentduprononc\u00e9du jugementd\u00e9claratifen\u00e9tatdefailliteausensdel\u2019article437duCode decommerce,end\u2019autrestermesqu\u2019ellen\u2019\u00e9taitpasen\u00e9tatde cessationdespaiementsetquesoncr\u00e9ditn\u2019\u00e9taitpas\u00e9branl\u00e9. Lacessationdespaiementsestlefaitmat\u00e9rielducommer\u00e7antqui, n\u2019honorantplussesdettesliquidesetexigibles,aarr\u00eat\u00e9son mouvementdecaisse. Ilya\u00e9branlementducr\u00e9ditlorsquelacessationdespaiementsporte atteinteaucr\u00e9dit,\u00e0lasolvabilit\u00e9dud\u00e9biteuretcomprometl\u2019ensemble desesop\u00e9rationsoulorsquelacessationdespaiementsestla cons\u00e9quenced\u2019unmanquedecr\u00e9dit. Ilr\u00e9sultedespi\u00e8cesvers\u00e9esetdesd\u00e9veloppementsfaits\u00e0l\u2019audience quelemontanttotalde131.575eurosa\u00e9t\u00e9r\u00e9gl\u00e9\u00e0l\u2019Administration descontributionsdirectesle29juillet2024.Lesmontantsde8.810,53 eurosetde350euros,suffisantspourr\u00e9glerl\u2019int\u00e9gralit\u00e9dupassifde 6.900,62eurosr\u00e9sultantdedeuxd\u00e9clarationsdecr\u00e9ance,ainsique lesfraisethonorairesdelaCuratrice,tax\u00e9s\u00e02.152,91euros,ont\u00e9t\u00e9 consign\u00e9ssurlecompte-tiersdumandatairedel\u2019appelante,quise portefortpourlescontinuer\u00e0laCuratriceencasderabattementde lafaillite. Ilfautconcluredecequipr\u00e9c\u00e8dequelenon-paiementdelacr\u00e9ance ayantdonn\u00e9lieuauprononc\u00e9delafaillite\u00e9taitd\u00fb\u00e0un dysfonctionnementmomentan\u00e9etquelasoci\u00e9t\u00e9appelanten\u2019\u00e9tait pas,aumomentduprononc\u00e9delafaillite,en\u00e9tatdecessationdes paiementsetd\u2019\u00e9branlementdecr\u00e9dit.Ilyapartantlieuderabattrela faillite. Lesdemandestendant\u00e0voirannulerlesacteseffectu\u00e9sparla Curatricedanslecadredelafailliteet\u00e0voirordonnerlapublication, parextraits,dupr\u00e9sentarr\u00eatdansdeuxjournaux,auxfraisde MonsieurleReceveur,nesontpasautrementjustifi\u00e9es,desorte qu\u2019ellessont\u00e0rejeter. Lesfraisetd\u00e9pensdesdeuxinstancesrestent\u00e0chargede l\u2019appelante,\u00e9tantdonn\u00e9quec\u2019estparsan\u00e9gligencequelaproc\u00e9dure delafaillitea\u00e9t\u00e9d\u00e9clench\u00e9e. PAR CES MOTIFS la Cour d\u2019appel, quatri\u00e8me chambre, si\u00e9geant en mati\u00e8re commerciale, statuant contradictoirement,<\/p>\n<p>4 re\u00e7oit l\u2019appel, le d\u00e9clare fond\u00e9, r\u00e9formant, dit que la faillite de la soci\u00e9t\u00e9anonymeSOCIETE1.)SAest rabattue, rejetteles demandes de la soci\u00e9t\u00e9 anonymeSOCIETE1.)SA pour le surplus, condamne la soci\u00e9t\u00e9anonymeSOCIETE1.)SAaux frais et d\u00e9pens des deux instances.<\/p>\n<\/div>\n<hr class=\"kji-sep\" \/>\n<p class=\"kji-source-links\"><strong>Sources officielles :<\/strong> <a class=\"kji-source-link\" href=\"https:\/\/data.public.lu\/fr\/datasets\/cour-superieure-de-justice-chambre-4\/\" target=\"_blank\" rel=\"noopener noreferrer\">consulter la page source<\/a> &middot; <a class=\"kji-pdf-link\" href=\"https:\/\/download.data.public.lu\/resources\/cour-superieure-de-justice-chambre-4\/20241209-012428\/20241203-ca4-cal-2024-00965-pseudonymise-accessible.pdf\" target=\"_blank\" rel=\"noopener noreferrer\">PDF officiel<\/a><\/p>\n<p class=\"kji-license-note\"><em>Licence CC BY-ND 4.0 (Administration judiciaire, data.public.lu). Republication autorisee avec attribution, sans modification editoriale du texte integral.<\/em><\/p>\n<\/div>\n","protected":false},"excerpt":{"rendered":"<p>1 Arr\u00eat N\u00b0188\/24IV-COM Arr\u00eat commercial-faillite Audience publique dutrois d\u00e9cembredeuxmillevingt-quatre Num\u00e9roCAL-2024-00965du r\u00f4le Composition: Marianne EICHER,pr\u00e9sidentde chambre; Mich\u00e8le HORNICK,premierconseiller; CaroleBESCH, conseiller; Eric VILVENS, greffier. E n t r e lasoci\u00e9t\u00e9anonymeSOCIETE1.)SA,\u00e9tablie et ayantson si\u00e8ge social\u00e0L-ADRESSE1.),inscriteau Registre de Commerce et des Soci\u00e9t\u00e9s de Luxembourgsous le num\u00e9roNUMERO1.),repr\u00e9sent\u00e9e par sonconseil d\u2019administration,\u2026<\/p>\n","protected":false},"featured_media":0,"template":"","meta":{"_crdt_document":""},"kji_country":[8418],"kji_court":[12305],"kji_chamber":[18433],"kji_year":[8677],"kji_subject":[7724],"kji_keyword":[8464,9055,12307],"kji_language":[7733],"class_list":["post-581092","kji_decision","type-kji_decision","status-publish","hentry","kji_country-luxembourg","kji_court-cour-superieure-de-justice","kji_chamber-chambre-4","kji_year-8677","kji_subject-civil","kji_keyword-decembre","kji_keyword-justice","kji_keyword-superieure","kji_language-francais"],"yoast_head":"<!-- This site is optimized with the Yoast SEO Premium plugin v27.5 (Yoast SEO v27.5) - https:\/\/yoast.com\/product\/yoast-seo-premium-wordpress\/ -->\n<title>Cour sup\u00e9rieure de justice, 3 d\u00e9cembre 2024, n\u00b0 2024-00965 - Ma\u00eetre Hassan Kohen, avocat en droit p\u00e9nal \u00e0 Paris<\/title>\n<meta name=\"robots\" content=\"index, follow, max-snippet:-1, max-image-preview:large, max-video-preview:-1\" \/>\n<link rel=\"canonical\" href=\"https:\/\/kohenavocats.com\/zh-hans\/jurisprudences\/cour-superieure-de-justice-3-decembre-2024-n-2024-00965\/\" \/>\n<meta property=\"og:locale\" content=\"zh_CN\" \/>\n<meta property=\"og:type\" content=\"article\" \/>\n<meta property=\"og:title\" content=\"Cour sup\u00e9rieure de justice, 3 d\u00e9cembre 2024, n\u00b0 2024-00965\" \/>\n<meta property=\"og:description\" content=\"1 Arr\u00eat N\u00b0188\/24IV-COM Arr\u00eat commercial-faillite Audience publique dutrois d\u00e9cembredeuxmillevingt-quatre Num\u00e9roCAL-2024-00965du r\u00f4le Composition: Marianne EICHER,pr\u00e9sidentde chambre; Mich\u00e8le HORNICK,premierconseiller; CaroleBESCH, conseiller; Eric VILVENS, greffier. E n t r e lasoci\u00e9t\u00e9anonymeSOCIETE1.)SA,\u00e9tablie et ayantson si\u00e8ge social\u00e0L-ADRESSE1.),inscriteau Registre de Commerce et des Soci\u00e9t\u00e9s de Luxembourgsous le num\u00e9roNUMERO1.),repr\u00e9sent\u00e9e par sonconseil d\u2019administration,\u2026\" \/>\n<meta property=\"og:url\" content=\"https:\/\/kohenavocats.com\/zh-hans\/jurisprudences\/cour-superieure-de-justice-3-decembre-2024-n-2024-00965\/\" \/>\n<meta property=\"og:site_name\" content=\"Ma\u00eetre Hassan Kohen, avocat en droit p\u00e9nal \u00e0 Paris\" \/>\n<meta property=\"article:modified_time\" content=\"2026-04-16T21:14:37+00:00\" \/>\n<meta name=\"twitter:card\" content=\"summary_large_image\" \/>\n<meta name=\"twitter:label1\" content=\"\u9884\u8ba1\u9605\u8bfb\u65f6\u95f4\" \/>\n\t<meta name=\"twitter:data1\" content=\"3 \u5206\" \/>\n<script type=\"application\/ld+json\" class=\"yoast-schema-graph\">{\"@context\":\"https:\\\/\\\/schema.org\",\"@graph\":[{\"@type\":\"WebPage\",\"@id\":\"https:\\\/\\\/kohenavocats.com\\\/zh-hans\\\/jurisprudences\\\/cour-superieure-de-justice-3-decembre-2024-n-2024-00965\\\/\",\"url\":\"https:\\\/\\\/kohenavocats.com\\\/zh-hans\\\/jurisprudences\\\/cour-superieure-de-justice-3-decembre-2024-n-2024-00965\\\/\",\"name\":\"Cour sup\u00e9rieure de justice, 3 d\u00e9cembre 2024, n\u00b0 2024-00965 - Ma\u00eetre Hassan Kohen, avocat en droit p\u00e9nal \u00e0 Paris\",\"isPartOf\":{\"@id\":\"https:\\\/\\\/kohenavocats.com\\\/zh-hans\\\/#website\"},\"datePublished\":\"2026-04-16T21:14:34+00:00\",\"dateModified\":\"2026-04-16T21:14:37+00:00\",\"breadcrumb\":{\"@id\":\"https:\\\/\\\/kohenavocats.com\\\/zh-hans\\\/jurisprudences\\\/cour-superieure-de-justice-3-decembre-2024-n-2024-00965\\\/#breadcrumb\"},\"inLanguage\":\"zh-Hans\",\"potentialAction\":[{\"@type\":\"ReadAction\",\"target\":[\"https:\\\/\\\/kohenavocats.com\\\/zh-hans\\\/jurisprudences\\\/cour-superieure-de-justice-3-decembre-2024-n-2024-00965\\\/\"]}]},{\"@type\":\"BreadcrumbList\",\"@id\":\"https:\\\/\\\/kohenavocats.com\\\/zh-hans\\\/jurisprudences\\\/cour-superieure-de-justice-3-decembre-2024-n-2024-00965\\\/#breadcrumb\",\"itemListElement\":[{\"@type\":\"ListItem\",\"position\":1,\"name\":\"Home\",\"item\":\"https:\\\/\\\/kohenavocats.com\\\/zh-hans\\\/\"},{\"@type\":\"ListItem\",\"position\":2,\"name\":\"Jurisprudences\",\"item\":\"https:\\\/\\\/kohenavocats.com\\\/zh-hans\\\/jurisprudences\\\/\"},{\"@type\":\"ListItem\",\"position\":3,\"name\":\"Cour sup\u00e9rieure de justice, 3 d\u00e9cembre 2024, n\u00b0 2024-00965\"}]},{\"@type\":\"WebSite\",\"@id\":\"https:\\\/\\\/kohenavocats.com\\\/zh-hans\\\/#website\",\"url\":\"https:\\\/\\\/kohenavocats.com\\\/zh-hans\\\/\",\"name\":\"Kohen Avocats\",\"description\":\"Ma\u00eetre Hassan Kohen, avocat p\u00e9naliste \u00e0 Paris, intervient exclusivement en droit p\u00e9nal pour la d\u00e9fense des particuliers, notamment en mati\u00e8re d\u2019accusations de viol. Il assure un accompagnement rigoureux d\u00e8s la garde \u00e0 vue jusqu\u2019\u00e0 la Cour d\u2019assises, veillant au strict respect des garanties proc\u00e9durales.\",\"publisher\":{\"@id\":\"https:\\\/\\\/kohenavocats.com\\\/zh-hans\\\/#organization\"},\"potentialAction\":[{\"@type\":\"SearchAction\",\"target\":{\"@type\":\"EntryPoint\",\"urlTemplate\":\"https:\\\/\\\/kohenavocats.com\\\/zh-hans\\\/?s={search_term_string}\"},\"query-input\":{\"@type\":\"PropertyValueSpecification\",\"valueRequired\":true,\"valueName\":\"search_term_string\"}}],\"inLanguage\":\"zh-Hans\"},{\"@type\":\"Organization\",\"@id\":\"https:\\\/\\\/kohenavocats.com\\\/zh-hans\\\/#organization\",\"name\":\"Kohen Avocats\",\"url\":\"https:\\\/\\\/kohenavocats.com\\\/zh-hans\\\/\",\"logo\":{\"@type\":\"ImageObject\",\"inLanguage\":\"zh-Hans\",\"@id\":\"https:\\\/\\\/kohenavocats.com\\\/zh-hans\\\/#\\\/schema\\\/logo\\\/image\\\/\",\"url\":\"https:\\\/\\\/kohenavocats.com\\\/wp-content\\\/uploads\\\/2026\\\/01\\\/Logo-2-1.webp\",\"contentUrl\":\"https:\\\/\\\/kohenavocats.com\\\/wp-content\\\/uploads\\\/2026\\\/01\\\/Logo-2-1.webp\",\"width\":2114,\"height\":1253,\"caption\":\"Kohen Avocats\"},\"image\":{\"@id\":\"https:\\\/\\\/kohenavocats.com\\\/zh-hans\\\/#\\\/schema\\\/logo\\\/image\\\/\"}}]}<\/script>\n<!-- \/ Yoast SEO Premium plugin. -->","yoast_head_json":{"title":"Cour sup\u00e9rieure de justice, 3 d\u00e9cembre 2024, n\u00b0 2024-00965 - Ma\u00eetre Hassan Kohen, avocat en droit p\u00e9nal \u00e0 Paris","robots":{"index":"index","follow":"follow","max-snippet":"max-snippet:-1","max-image-preview":"max-image-preview:large","max-video-preview":"max-video-preview:-1"},"canonical":"https:\/\/kohenavocats.com\/zh-hans\/jurisprudences\/cour-superieure-de-justice-3-decembre-2024-n-2024-00965\/","og_locale":"zh_CN","og_type":"article","og_title":"Cour sup\u00e9rieure de justice, 3 d\u00e9cembre 2024, n\u00b0 2024-00965","og_description":"1 Arr\u00eat N\u00b0188\/24IV-COM Arr\u00eat commercial-faillite Audience publique dutrois d\u00e9cembredeuxmillevingt-quatre Num\u00e9roCAL-2024-00965du r\u00f4le Composition: Marianne EICHER,pr\u00e9sidentde chambre; Mich\u00e8le HORNICK,premierconseiller; CaroleBESCH, conseiller; Eric VILVENS, greffier. E n t r e lasoci\u00e9t\u00e9anonymeSOCIETE1.)SA,\u00e9tablie et ayantson si\u00e8ge social\u00e0L-ADRESSE1.),inscriteau Registre de Commerce et des Soci\u00e9t\u00e9s de Luxembourgsous le num\u00e9roNUMERO1.),repr\u00e9sent\u00e9e par sonconseil d\u2019administration,\u2026","og_url":"https:\/\/kohenavocats.com\/zh-hans\/jurisprudences\/cour-superieure-de-justice-3-decembre-2024-n-2024-00965\/","og_site_name":"Ma\u00eetre Hassan Kohen, avocat en droit p\u00e9nal \u00e0 Paris","article_modified_time":"2026-04-16T21:14:37+00:00","twitter_card":"summary_large_image","twitter_misc":{"\u9884\u8ba1\u9605\u8bfb\u65f6\u95f4":"3 \u5206"},"schema":{"@context":"https:\/\/schema.org","@graph":[{"@type":"WebPage","@id":"https:\/\/kohenavocats.com\/zh-hans\/jurisprudences\/cour-superieure-de-justice-3-decembre-2024-n-2024-00965\/","url":"https:\/\/kohenavocats.com\/zh-hans\/jurisprudences\/cour-superieure-de-justice-3-decembre-2024-n-2024-00965\/","name":"Cour sup\u00e9rieure de justice, 3 d\u00e9cembre 2024, n\u00b0 2024-00965 - Ma\u00eetre Hassan Kohen, avocat en droit p\u00e9nal \u00e0 Paris","isPartOf":{"@id":"https:\/\/kohenavocats.com\/zh-hans\/#website"},"datePublished":"2026-04-16T21:14:34+00:00","dateModified":"2026-04-16T21:14:37+00:00","breadcrumb":{"@id":"https:\/\/kohenavocats.com\/zh-hans\/jurisprudences\/cour-superieure-de-justice-3-decembre-2024-n-2024-00965\/#breadcrumb"},"inLanguage":"zh-Hans","potentialAction":[{"@type":"ReadAction","target":["https:\/\/kohenavocats.com\/zh-hans\/jurisprudences\/cour-superieure-de-justice-3-decembre-2024-n-2024-00965\/"]}]},{"@type":"BreadcrumbList","@id":"https:\/\/kohenavocats.com\/zh-hans\/jurisprudences\/cour-superieure-de-justice-3-decembre-2024-n-2024-00965\/#breadcrumb","itemListElement":[{"@type":"ListItem","position":1,"name":"Home","item":"https:\/\/kohenavocats.com\/zh-hans\/"},{"@type":"ListItem","position":2,"name":"Jurisprudences","item":"https:\/\/kohenavocats.com\/zh-hans\/jurisprudences\/"},{"@type":"ListItem","position":3,"name":"Cour sup\u00e9rieure de justice, 3 d\u00e9cembre 2024, n\u00b0 2024-00965"}]},{"@type":"WebSite","@id":"https:\/\/kohenavocats.com\/zh-hans\/#website","url":"https:\/\/kohenavocats.com\/zh-hans\/","name":"Kohen Avocats","description":"Ma\u00eetre Hassan Kohen, avocat p\u00e9naliste \u00e0 Paris, intervient exclusivement en droit p\u00e9nal pour la d\u00e9fense des particuliers, notamment en mati\u00e8re d\u2019accusations de viol. Il assure un accompagnement rigoureux d\u00e8s la garde \u00e0 vue jusqu\u2019\u00e0 la Cour d\u2019assises, veillant au strict respect des garanties proc\u00e9durales.","publisher":{"@id":"https:\/\/kohenavocats.com\/zh-hans\/#organization"},"potentialAction":[{"@type":"SearchAction","target":{"@type":"EntryPoint","urlTemplate":"https:\/\/kohenavocats.com\/zh-hans\/?s={search_term_string}"},"query-input":{"@type":"PropertyValueSpecification","valueRequired":true,"valueName":"search_term_string"}}],"inLanguage":"zh-Hans"},{"@type":"Organization","@id":"https:\/\/kohenavocats.com\/zh-hans\/#organization","name":"Kohen Avocats","url":"https:\/\/kohenavocats.com\/zh-hans\/","logo":{"@type":"ImageObject","inLanguage":"zh-Hans","@id":"https:\/\/kohenavocats.com\/zh-hans\/#\/schema\/logo\/image\/","url":"https:\/\/kohenavocats.com\/wp-content\/uploads\/2026\/01\/Logo-2-1.webp","contentUrl":"https:\/\/kohenavocats.com\/wp-content\/uploads\/2026\/01\/Logo-2-1.webp","width":2114,"height":1253,"caption":"Kohen Avocats"},"image":{"@id":"https:\/\/kohenavocats.com\/zh-hans\/#\/schema\/logo\/image\/"}}]}},"jetpack_likes_enabled":false,"jetpack_sharing_enabled":true,"_links":{"self":[{"href":"https:\/\/kohenavocats.com\/zh-hans\/wp-json\/wp\/v2\/kji_decision\/581092","targetHints":{"allow":["GET"]}}],"collection":[{"href":"https:\/\/kohenavocats.com\/zh-hans\/wp-json\/wp\/v2\/kji_decision"}],"about":[{"href":"https:\/\/kohenavocats.com\/zh-hans\/wp-json\/wp\/v2\/types\/kji_decision"}],"wp:attachment":[{"href":"https:\/\/kohenavocats.com\/zh-hans\/wp-json\/wp\/v2\/media?parent=581092"}],"wp:term":[{"taxonomy":"kji_country","embeddable":true,"href":"https:\/\/kohenavocats.com\/zh-hans\/wp-json\/wp\/v2\/kji_country?post=581092"},{"taxonomy":"kji_court","embeddable":true,"href":"https:\/\/kohenavocats.com\/zh-hans\/wp-json\/wp\/v2\/kji_court?post=581092"},{"taxonomy":"kji_chamber","embeddable":true,"href":"https:\/\/kohenavocats.com\/zh-hans\/wp-json\/wp\/v2\/kji_chamber?post=581092"},{"taxonomy":"kji_year","embeddable":true,"href":"https:\/\/kohenavocats.com\/zh-hans\/wp-json\/wp\/v2\/kji_year?post=581092"},{"taxonomy":"kji_subject","embeddable":true,"href":"https:\/\/kohenavocats.com\/zh-hans\/wp-json\/wp\/v2\/kji_subject?post=581092"},{"taxonomy":"kji_keyword","embeddable":true,"href":"https:\/\/kohenavocats.com\/zh-hans\/wp-json\/wp\/v2\/kji_keyword?post=581092"},{"taxonomy":"kji_language","embeddable":true,"href":"https:\/\/kohenavocats.com\/zh-hans\/wp-json\/wp\/v2\/kji_language?post=581092"}],"curies":[{"name":"wp","href":"https:\/\/api.w.org\/{rel}","templated":true}]}}