{"id":585997,"date":"2026-04-17T12:59:14","date_gmt":"2026-04-17T10:59:14","guid":{"rendered":"https:\/\/kohenavocats.com\/jurisprudences\/cour-superieure-de-justice-4-mars-2025-4\/"},"modified":"2026-04-17T12:59:17","modified_gmt":"2026-04-17T10:59:17","slug":"cour-superieure-de-justice-4-mars-2025-4","status":"publish","type":"kji_decision","link":"https:\/\/kohenavocats.com\/zh-hans\/jurisprudences\/cour-superieure-de-justice-4-mars-2025-4\/","title":{"rendered":"Cour sup\u00e9rieure de justice, 4 mars 2025"},"content":{"rendered":"<div class=\"kji-decision\">\n<div class=\"kji-full-text\">\n<p>Arr\u00eatN\u00b099\/25V. du4 mars2025 (Not.44432\/23\/CD) La Cour d&#039;appel du Grand-Duch\u00e9 de Luxembourg, cinqui\u00e8me chambre, si\u00e9geant en mati\u00e8re correctionnelle, a rendu en son audience publiquedu quatre marsdeux millevingt-cinql\u2019arr\u00eat qui suit dans la cause e n t r e le minist\u00e8re public, exer\u00e7ant l&#039;action publique pour la r\u00e9pression des crimes et d\u00e9lits, appelant, e t PERSONNE1.),n\u00e9 leDATE1.)\u00e0ADRESSE1.)en France,demeurant en France \u00e0 F-ADRESSE2.), pr\u00e9venuetappelant. F A I T S : Les faits et r\u00e9troactes de l&#039;affairer\u00e9sultent \u00e0 suffisance de droitd&#039;un jugement rendu contradictoirementpar le tribunal d&#039;arrondissement deLuxembourg, dix-huiti\u00e8me chambre,si\u00e9geant en mati\u00e8re correctionnelle,le25juin2024, sous le num\u00e9ro1465\/2024,dont les consid\u00e9rants et le dispositif sont con\u00e7us comme suit:<\/p>\n<p>2 \u00abjugement\u00bb<\/p>\n<p>3 Contrece jugementappelfutinterjet\u00e9par courriel adress\u00e9au greffe dutribunal d\u2019arrondissement deLuxembourgle13 ao\u00fbt2024, aup\u00e9nal, par lemandataire du pr\u00e9venuPERSONNE1.),ainsi que par d\u00e9claration au m\u00eame greffe endate du14 ao\u00fbt2024, au p\u00e9nal, par le minist\u00e8re public. En vertu de cesappelset par citation du30 septembre2024,le pr\u00e9venu PERSONNE1.)futr\u00e9guli\u00e8rement requisde compara\u00eetre \u00e0 l\u2019audience publique du28 janvier 2025,devant la Cour d&#039;appel de Luxembourg,cinqui\u00e8mechambre, si\u00e9geant en mati\u00e8re correctionnelle, pour y entendre statuer sur le m\u00e9rite desappels interjet\u00e9s. Lors de cetteaudience, l\u2019affaire fut contradictoirement remise \u00e0 l\u2019audience publique du 11 f\u00e9vrier 2025. A cettederni\u00e8reaudience,Ma\u00eetre Samuel BECHATA, avocat, demeurant \u00e0 Luxembourg, repr\u00e9sentantle pr\u00e9venuPERSONNE1.),fut entendu en ses conclusions etmoyens. Monsieurl\u2019avocat g\u00e9n\u00e9ralChristian ENGEL, assumant les fonctions de minist\u00e8re public, fut entendu en son r\u00e9quisitoire. Ma\u00eetre Samuel BECHATA, avocat, repr\u00e9sentant le pr\u00e9venuPERSONNE1.),eut la parole en dernier. L A C O U R prit l&#039;affaire en d\u00e9lib\u00e9r\u00e9 et rendit \u00e0 l&#039;audience publique du4 mars2025, \u00e0 laquelle le prononc\u00e9 avait \u00e9t\u00e9 fix\u00e9, l&#039;arr\u00eatqui suit: Par d\u00e9claration du 13 ao\u00fbt 2024, le mandataire dePERSONNE1.)a relev\u00e9 appel au greffe du tribunal d\u2019arrondissement de Luxembourg d\u2019un jugement correctionnel n\u00b0 1465\/2024 rendu le 25 juin 2024, dont les motifs et le dispositif se trouvent reproduits aux qualit\u00e9s du pr\u00e9sent arr\u00eat. Le procureur d\u2019Etat de Luxembourg a form\u00e9 appel contre le pr\u00e9dit jugement par notification du 13 ao\u00fbt 2024, entr\u00e9e au greffe du tribunal correctionnel le 14 ao\u00fbt 2024. A l\u2019audience de la Cour d&#039;appel du 28 janvier 2025,PERSONNE2.)s\u2019est fait repr\u00e9senter par son mandataire conform\u00e9ment \u00e0 l\u2019article 185 du Code de proc\u00e9dure p\u00e9nale. Le repr\u00e9sentant du minist\u00e8re public conteste la recevabilit\u00e9 de l\u2019appel au double motif qu\u2019il a \u00e9t\u00e9 interjet\u00e9 tardivement et que le mandataire du pr\u00e9venu ayant interjet\u00e9 l\u2019appel est un avocat inscrit sur laliste II du barreau de Luxembourg, n\u2019ayant pas qualit\u00e9 pour interjeter appel.<\/p>\n<p>4 Le mandataire du pr\u00e9venu confirme qu\u2019il n\u2019est pas inscrit sur la liste I, mais sur la liste II du barreau de Luxembourg et a d\u00e9clar\u00e9 se d\u00e9sister au nom de son mandant de son appel du 13 ao\u00fbt 2024 contre le jugement rendu n\u00b01465\/2024 rendu le 25 juin 2024. Les d\u00e9bats ont \u00e9t\u00e9 limit\u00e9s \u00e0 la question de la recevabilit\u00e9 de l\u2019appel. Conform\u00e9ment \u00e0 l\u2019article 203 du Code de proc\u00e9dure p\u00e9nale, le d\u00e9lai d\u2019appel de quarante jours commence \u00e0 courir, \u00e0 l\u2019\u00e9gard du pr\u00e9venu, \u00e0 partir du prononc\u00e9 du jugement s\u2019il est contradictoire, et ce ind\u00e9pendamment de toute notification du jugement. Le pr\u00e9venu ayant comparu en personne en premi\u00e8re instance, le jugement a \u00e9t\u00e9 rendu contradictoirement \u00e0 son \u00e9gard, conform\u00e9ment \u00e0 l\u2019article 185 (1) du Code de proc\u00e9dure p\u00e9nale. Le d\u00e9lai d\u2019appel de quarante jours a ainsi commenc\u00e9 \u00e0 courir le 25 juin 2024, date du prononc\u00e9 du jugement. Par cons\u00e9quent, l\u2019appel du pr\u00e9venu, interjet\u00e9 le 13 ao\u00fbt 2024 contre un jugement rendu contradictoirement le 25 juin 2024, a \u00e9t\u00e9interjet\u00e9en dehors du d\u00e9lai pr\u00e9vu par l\u2019article 203 du Code de proc\u00e9dure p\u00e9nale. Au vu de l\u2019irrecevabilit\u00e9 de l\u2019appel principal, l\u2019appel incident du minist\u00e8re public du 13 ao\u00fbt 2024 qui s\u2019est greff\u00e9 sur l\u2019appel principal est \u00e0 d\u00e9clarer irrecevable. P A R C E SM O T I F S : la Cour d\u2019appel, cinqui\u00e8me chambre, si\u00e9geant en mati\u00e8re correctionnelle, statuant contradictoirement,lemandataire dupr\u00e9venuPERSONNE1.)entenduenses explications etmoyens,etlerepr\u00e9sentant du minist\u00e8re publicentenduen son r\u00e9quisitoire, d\u00e9clareles appels irrecevables, condamnePERSONNE1.)aux frais de sa poursuite en instance d\u2019appel, ces frais liquid\u00e9s \u00e0 9,55 euros. Par application des textes de loi cit\u00e9s par la juridiction de premi\u00e8re instance en y ajoutant les articles 133, 185, 199, 202, 203, 204, 209 et 211 du Code de proc\u00e9dure p\u00e9nale. Ainsi fait et jug\u00e9 par la Cour d&#039;appel du Grand-Duch\u00e9 de Luxembourg, cinqui\u00e8me chambre, si\u00e9geant en mati\u00e8re correctionnelle, compos\u00e9e de MadameNathalie JUNG, pr\u00e9sident de chambre,de Monsieur Thierry SCHILTZ,conseiller, etde Madame Tessie LINSTER, conseiller, qui ont sign\u00e9 le pr\u00e9sent arr\u00eat avec Madame Linda SERVATY,greffi\u00e8re.<\/p>\n<p>5 La lecture de l&#039;arr\u00eat a \u00e9t\u00e9 faite en audience publique \u00e0 la Cit\u00e9 Judiciaire, B\u00e2timent CR, Plateau du St. Esprit, par MadameNathalie JUNG, pr\u00e9sident de chambre, en pr\u00e9sence deMonsieur Claude HIRSCH, avocat g\u00e9n\u00e9ral, et de MadameLinda SERVATY,greffi\u00e8re.<\/p>\n<\/div>\n<hr class=\"kji-sep\" \/>\n<p class=\"kji-source-links\"><strong>Sources officielles :<\/strong> <a class=\"kji-source-link\" href=\"https:\/\/data.public.lu\/fr\/datasets\/cour-superieure-de-justice-chambre-5-correctionnelle\/\" target=\"_blank\" rel=\"noopener noreferrer\">consulter la page source<\/a> &middot; <a class=\"kji-pdf-link\" href=\"https:\/\/download.data.public.lu\/resources\/cour-superieure-de-justice-chambre-5-correctionnelle\/20250602-010308\/20250304-cach05-99-pseudonymise-accessible.pdf\" target=\"_blank\" rel=\"noopener noreferrer\">PDF officiel<\/a><\/p>\n<p class=\"kji-license-note\"><em>Licence CC BY-ND 4.0 (Administration judiciaire, data.public.lu). Republication autorisee avec attribution, sans modification editoriale du texte integral.<\/em><\/p>\n<\/div>\n","protected":false},"excerpt":{"rendered":"<p>Arr\u00eatN\u00b099\/25V. du4 mars2025 (Not.44432\/23\/CD) La Cour d&#8217;appel du Grand-Duch\u00e9 de Luxembourg, cinqui\u00e8me chambre, si\u00e9geant en mati\u00e8re correctionnelle, a rendu en son audience publiquedu quatre marsdeux millevingt-cinql\u2019arr\u00eat qui suit dans la cause e n t r e le minist\u00e8re public, exer\u00e7ant l&#8217;action publique pour la r\u00e9pression\u2026<\/p>\n","protected":false},"featured_media":0,"template":"","meta":{"_crdt_document":""},"kji_country":[8418],"kji_court":[12305],"kji_chamber":[19725],"kji_year":[8463],"kji_subject":[7632],"kji_keyword":[15314,9055,12307],"kji_language":[7733],"class_list":["post-585997","kji_decision","type-kji_decision","status-publish","hentry","kji_country-luxembourg","kji_court-cour-superieure-de-justice","kji_chamber-chambre-5-correctionnelle","kji_year-8463","kji_subject-penal","kji_keyword-arretn","kji_keyword-justice","kji_keyword-superieure","kji_language-francais"],"yoast_head":"<!-- This site is optimized with the Yoast SEO Premium plugin v27.5 (Yoast SEO v27.5) - https:\/\/yoast.com\/product\/yoast-seo-premium-wordpress\/ -->\n<title>Cour sup\u00e9rieure de justice, 4 mars 2025 - Ma\u00eetre Hassan Kohen, avocat en droit p\u00e9nal \u00e0 Paris<\/title>\n<meta name=\"robots\" content=\"index, follow, max-snippet:-1, max-image-preview:large, max-video-preview:-1\" \/>\n<link rel=\"canonical\" href=\"https:\/\/kohenavocats.com\/zh-hans\/jurisprudences\/cour-superieure-de-justice-4-mars-2025-4\/\" \/>\n<meta property=\"og:locale\" content=\"zh_CN\" \/>\n<meta property=\"og:type\" content=\"article\" \/>\n<meta property=\"og:title\" content=\"Cour sup\u00e9rieure de justice, 4 mars 2025\" \/>\n<meta property=\"og:description\" content=\"Arr\u00eatN\u00b099\/25V. du4 mars2025 (Not.44432\/23\/CD) La Cour d&#039;appel du Grand-Duch\u00e9 de Luxembourg, cinqui\u00e8me chambre, si\u00e9geant en mati\u00e8re correctionnelle, a rendu en son audience publiquedu quatre marsdeux millevingt-cinql\u2019arr\u00eat qui suit dans la cause e n t r e le minist\u00e8re public, exer\u00e7ant l&#039;action publique pour la r\u00e9pression\u2026\" \/>\n<meta property=\"og:url\" content=\"https:\/\/kohenavocats.com\/zh-hans\/jurisprudences\/cour-superieure-de-justice-4-mars-2025-4\/\" \/>\n<meta property=\"og:site_name\" content=\"Ma\u00eetre Hassan Kohen, avocat en droit p\u00e9nal \u00e0 Paris\" \/>\n<meta property=\"article:modified_time\" content=\"2026-04-17T10:59:17+00:00\" \/>\n<meta name=\"twitter:card\" content=\"summary_large_image\" \/>\n<meta name=\"twitter:label1\" content=\"\u9884\u8ba1\u9605\u8bfb\u65f6\u95f4\" \/>\n\t<meta name=\"twitter:data1\" content=\"5 \u5206\" \/>\n<script type=\"application\/ld+json\" class=\"yoast-schema-graph\">{\"@context\":\"https:\\\/\\\/schema.org\",\"@graph\":[{\"@type\":\"WebPage\",\"@id\":\"https:\\\/\\\/kohenavocats.com\\\/zh-hans\\\/jurisprudences\\\/cour-superieure-de-justice-4-mars-2025-4\\\/\",\"url\":\"https:\\\/\\\/kohenavocats.com\\\/zh-hans\\\/jurisprudences\\\/cour-superieure-de-justice-4-mars-2025-4\\\/\",\"name\":\"Cour sup\u00e9rieure de justice, 4 mars 2025 - Ma\u00eetre Hassan Kohen, avocat en droit p\u00e9nal \u00e0 Paris\",\"isPartOf\":{\"@id\":\"https:\\\/\\\/kohenavocats.com\\\/zh-hans\\\/#website\"},\"datePublished\":\"2026-04-17T10:59:14+00:00\",\"dateModified\":\"2026-04-17T10:59:17+00:00\",\"breadcrumb\":{\"@id\":\"https:\\\/\\\/kohenavocats.com\\\/zh-hans\\\/jurisprudences\\\/cour-superieure-de-justice-4-mars-2025-4\\\/#breadcrumb\"},\"inLanguage\":\"zh-Hans\",\"potentialAction\":[{\"@type\":\"ReadAction\",\"target\":[\"https:\\\/\\\/kohenavocats.com\\\/zh-hans\\\/jurisprudences\\\/cour-superieure-de-justice-4-mars-2025-4\\\/\"]}]},{\"@type\":\"BreadcrumbList\",\"@id\":\"https:\\\/\\\/kohenavocats.com\\\/zh-hans\\\/jurisprudences\\\/cour-superieure-de-justice-4-mars-2025-4\\\/#breadcrumb\",\"itemListElement\":[{\"@type\":\"ListItem\",\"position\":1,\"name\":\"Home\",\"item\":\"https:\\\/\\\/kohenavocats.com\\\/zh-hans\\\/\"},{\"@type\":\"ListItem\",\"position\":2,\"name\":\"Jurisprudences\",\"item\":\"https:\\\/\\\/kohenavocats.com\\\/zh-hans\\\/jurisprudences\\\/\"},{\"@type\":\"ListItem\",\"position\":3,\"name\":\"Cour sup\u00e9rieure de justice, 4 mars 2025\"}]},{\"@type\":\"WebSite\",\"@id\":\"https:\\\/\\\/kohenavocats.com\\\/zh-hans\\\/#website\",\"url\":\"https:\\\/\\\/kohenavocats.com\\\/zh-hans\\\/\",\"name\":\"Kohen Avocats\",\"description\":\"Ma\u00eetre Hassan Kohen, avocat p\u00e9naliste \u00e0 Paris, intervient exclusivement en droit p\u00e9nal pour la d\u00e9fense des particuliers, notamment en mati\u00e8re d\u2019accusations de viol. Il assure un accompagnement rigoureux d\u00e8s la garde \u00e0 vue jusqu\u2019\u00e0 la Cour d\u2019assises, veillant au strict respect des garanties proc\u00e9durales.\",\"publisher\":{\"@id\":\"https:\\\/\\\/kohenavocats.com\\\/zh-hans\\\/#organization\"},\"potentialAction\":[{\"@type\":\"SearchAction\",\"target\":{\"@type\":\"EntryPoint\",\"urlTemplate\":\"https:\\\/\\\/kohenavocats.com\\\/zh-hans\\\/?s={search_term_string}\"},\"query-input\":{\"@type\":\"PropertyValueSpecification\",\"valueRequired\":true,\"valueName\":\"search_term_string\"}}],\"inLanguage\":\"zh-Hans\"},{\"@type\":\"Organization\",\"@id\":\"https:\\\/\\\/kohenavocats.com\\\/zh-hans\\\/#organization\",\"name\":\"Kohen Avocats\",\"url\":\"https:\\\/\\\/kohenavocats.com\\\/zh-hans\\\/\",\"logo\":{\"@type\":\"ImageObject\",\"inLanguage\":\"zh-Hans\",\"@id\":\"https:\\\/\\\/kohenavocats.com\\\/zh-hans\\\/#\\\/schema\\\/logo\\\/image\\\/\",\"url\":\"https:\\\/\\\/kohenavocats.com\\\/wp-content\\\/uploads\\\/2026\\\/01\\\/Logo-2-1.webp\",\"contentUrl\":\"https:\\\/\\\/kohenavocats.com\\\/wp-content\\\/uploads\\\/2026\\\/01\\\/Logo-2-1.webp\",\"width\":2114,\"height\":1253,\"caption\":\"Kohen Avocats\"},\"image\":{\"@id\":\"https:\\\/\\\/kohenavocats.com\\\/zh-hans\\\/#\\\/schema\\\/logo\\\/image\\\/\"}}]}<\/script>\n<!-- \/ Yoast SEO Premium plugin. -->","yoast_head_json":{"title":"Cour sup\u00e9rieure de justice, 4 mars 2025 - Ma\u00eetre Hassan Kohen, avocat en droit p\u00e9nal \u00e0 Paris","robots":{"index":"index","follow":"follow","max-snippet":"max-snippet:-1","max-image-preview":"max-image-preview:large","max-video-preview":"max-video-preview:-1"},"canonical":"https:\/\/kohenavocats.com\/zh-hans\/jurisprudences\/cour-superieure-de-justice-4-mars-2025-4\/","og_locale":"zh_CN","og_type":"article","og_title":"Cour sup\u00e9rieure de justice, 4 mars 2025","og_description":"Arr\u00eatN\u00b099\/25V. du4 mars2025 (Not.44432\/23\/CD) La Cour d'appel du Grand-Duch\u00e9 de Luxembourg, cinqui\u00e8me chambre, si\u00e9geant en mati\u00e8re correctionnelle, a rendu en son audience publiquedu quatre marsdeux millevingt-cinql\u2019arr\u00eat qui suit dans la cause e n t r e le minist\u00e8re public, exer\u00e7ant l'action publique pour la r\u00e9pression\u2026","og_url":"https:\/\/kohenavocats.com\/zh-hans\/jurisprudences\/cour-superieure-de-justice-4-mars-2025-4\/","og_site_name":"Ma\u00eetre Hassan Kohen, avocat en droit p\u00e9nal \u00e0 Paris","article_modified_time":"2026-04-17T10:59:17+00:00","twitter_card":"summary_large_image","twitter_misc":{"\u9884\u8ba1\u9605\u8bfb\u65f6\u95f4":"5 \u5206"},"schema":{"@context":"https:\/\/schema.org","@graph":[{"@type":"WebPage","@id":"https:\/\/kohenavocats.com\/zh-hans\/jurisprudences\/cour-superieure-de-justice-4-mars-2025-4\/","url":"https:\/\/kohenavocats.com\/zh-hans\/jurisprudences\/cour-superieure-de-justice-4-mars-2025-4\/","name":"Cour sup\u00e9rieure de justice, 4 mars 2025 - Ma\u00eetre Hassan Kohen, avocat en droit p\u00e9nal \u00e0 Paris","isPartOf":{"@id":"https:\/\/kohenavocats.com\/zh-hans\/#website"},"datePublished":"2026-04-17T10:59:14+00:00","dateModified":"2026-04-17T10:59:17+00:00","breadcrumb":{"@id":"https:\/\/kohenavocats.com\/zh-hans\/jurisprudences\/cour-superieure-de-justice-4-mars-2025-4\/#breadcrumb"},"inLanguage":"zh-Hans","potentialAction":[{"@type":"ReadAction","target":["https:\/\/kohenavocats.com\/zh-hans\/jurisprudences\/cour-superieure-de-justice-4-mars-2025-4\/"]}]},{"@type":"BreadcrumbList","@id":"https:\/\/kohenavocats.com\/zh-hans\/jurisprudences\/cour-superieure-de-justice-4-mars-2025-4\/#breadcrumb","itemListElement":[{"@type":"ListItem","position":1,"name":"Home","item":"https:\/\/kohenavocats.com\/zh-hans\/"},{"@type":"ListItem","position":2,"name":"Jurisprudences","item":"https:\/\/kohenavocats.com\/zh-hans\/jurisprudences\/"},{"@type":"ListItem","position":3,"name":"Cour sup\u00e9rieure de justice, 4 mars 2025"}]},{"@type":"WebSite","@id":"https:\/\/kohenavocats.com\/zh-hans\/#website","url":"https:\/\/kohenavocats.com\/zh-hans\/","name":"Kohen Avocats","description":"Ma\u00eetre Hassan Kohen, avocat p\u00e9naliste \u00e0 Paris, intervient exclusivement en droit p\u00e9nal pour la d\u00e9fense des particuliers, notamment en mati\u00e8re d\u2019accusations de viol. Il assure un accompagnement rigoureux d\u00e8s la garde \u00e0 vue jusqu\u2019\u00e0 la Cour d\u2019assises, veillant au strict respect des garanties proc\u00e9durales.","publisher":{"@id":"https:\/\/kohenavocats.com\/zh-hans\/#organization"},"potentialAction":[{"@type":"SearchAction","target":{"@type":"EntryPoint","urlTemplate":"https:\/\/kohenavocats.com\/zh-hans\/?s={search_term_string}"},"query-input":{"@type":"PropertyValueSpecification","valueRequired":true,"valueName":"search_term_string"}}],"inLanguage":"zh-Hans"},{"@type":"Organization","@id":"https:\/\/kohenavocats.com\/zh-hans\/#organization","name":"Kohen Avocats","url":"https:\/\/kohenavocats.com\/zh-hans\/","logo":{"@type":"ImageObject","inLanguage":"zh-Hans","@id":"https:\/\/kohenavocats.com\/zh-hans\/#\/schema\/logo\/image\/","url":"https:\/\/kohenavocats.com\/wp-content\/uploads\/2026\/01\/Logo-2-1.webp","contentUrl":"https:\/\/kohenavocats.com\/wp-content\/uploads\/2026\/01\/Logo-2-1.webp","width":2114,"height":1253,"caption":"Kohen Avocats"},"image":{"@id":"https:\/\/kohenavocats.com\/zh-hans\/#\/schema\/logo\/image\/"}}]}},"jetpack_likes_enabled":false,"jetpack_sharing_enabled":true,"_links":{"self":[{"href":"https:\/\/kohenavocats.com\/zh-hans\/wp-json\/wp\/v2\/kji_decision\/585997","targetHints":{"allow":["GET"]}}],"collection":[{"href":"https:\/\/kohenavocats.com\/zh-hans\/wp-json\/wp\/v2\/kji_decision"}],"about":[{"href":"https:\/\/kohenavocats.com\/zh-hans\/wp-json\/wp\/v2\/types\/kji_decision"}],"wp:attachment":[{"href":"https:\/\/kohenavocats.com\/zh-hans\/wp-json\/wp\/v2\/media?parent=585997"}],"wp:term":[{"taxonomy":"kji_country","embeddable":true,"href":"https:\/\/kohenavocats.com\/zh-hans\/wp-json\/wp\/v2\/kji_country?post=585997"},{"taxonomy":"kji_court","embeddable":true,"href":"https:\/\/kohenavocats.com\/zh-hans\/wp-json\/wp\/v2\/kji_court?post=585997"},{"taxonomy":"kji_chamber","embeddable":true,"href":"https:\/\/kohenavocats.com\/zh-hans\/wp-json\/wp\/v2\/kji_chamber?post=585997"},{"taxonomy":"kji_year","embeddable":true,"href":"https:\/\/kohenavocats.com\/zh-hans\/wp-json\/wp\/v2\/kji_year?post=585997"},{"taxonomy":"kji_subject","embeddable":true,"href":"https:\/\/kohenavocats.com\/zh-hans\/wp-json\/wp\/v2\/kji_subject?post=585997"},{"taxonomy":"kji_keyword","embeddable":true,"href":"https:\/\/kohenavocats.com\/zh-hans\/wp-json\/wp\/v2\/kji_keyword?post=585997"},{"taxonomy":"kji_language","embeddable":true,"href":"https:\/\/kohenavocats.com\/zh-hans\/wp-json\/wp\/v2\/kji_language?post=585997"}],"curies":[{"name":"wp","href":"https:\/\/api.w.org\/{rel}","templated":true}]}}