{"id":587076,"date":"2026-04-17T16:12:29","date_gmt":"2026-04-17T14:12:29","guid":{"rendered":"https:\/\/kohenavocats.com\/jurisprudences\/eclibecohsav2025ord-20250109-1\/"},"modified":"2026-04-17T16:12:29","modified_gmt":"2026-04-17T14:12:29","slug":"eclibecohsav2025ord-20250109-1","status":"publish","type":"kji_decision","link":"https:\/\/kohenavocats.com\/zh-hans\/jurisprudences\/eclibecohsav2025ord-20250109-1\/","title":{"rendered":"ECLI:BE:COHSAV:2025:ORD.20250109.1"},"content":{"rendered":"<div class=\"kji-decision\">\n<div class=\"kji-full-text\">JUPORTAL Base de donn\u00e9es publique de la jurisprudence belge<\/p>\n<p>    <!-- continue here with main block (division \"content\") --><\/p>\n<p>            <!-- Commandes de navigation page d\u00e9tail--> <\/p>\n<p>                  Imprimer cette page<br \/>\n          &nbsp; <\/p>\n<p>          Taille d&#8217;impression          <\/p>\n<p>            S<br \/>\n            M<br \/>\n            L<br \/>\n            XL<\/p>\n<p>          &nbsp; <\/p>\n<p>                  Nouvelle recherche JUPORTAL<br \/>\n          &nbsp; <\/p>\n<p>                  Fermer l&#8217;onglet          <\/p>\n<p>        <!-- Fin commandes de navigation page d\u00e9tail --><\/p>\n<p>        &nbsp;<br \/>\nCommission pour l&apos;aide financi\u00e8re aux victimes d&apos;actes intentionnels de violence et aux sauveteurs occasionnels  <\/p>\n<p>            Ordonnance du 09 janvier 2025            <\/p>\n<p>No ECLI:<\/p>\n<p>ECLI:BE:COHSAV:2025:ORD.20250109.1<\/p>\n<p>No R\u00f4le:<\/p>\n<p>M24-6-0289<\/p>\n<p>Domaine juridique:<\/p>\n<p>\n Droit p\u00e9nal<\/p>\n<p>Date d&#8217;introduction:<\/p>\n<p>2026-03-19<\/p>\n<p>Consultations:<\/p>\n<p>75 &#8211; derni\u00e8re vue 2026-04-14 02:39<\/p>\n<p>            Fiche            <\/p>\n<p> La Commission, statuant par d\u00e9faut \u00e0 l&apos;\u00e9gard du requ\u00e9rant et<br \/>\n        \u00e0 l&apos;\u00e9gard du d\u00e9l\u00e9gu\u00e9 du Ministre, en audience publique, &#8211; d\u00e9clare<br \/>\n        la demande recevable et partiellement fond\u00e9e ; &#8211; alloue au requ\u00e9rant<br \/>\n        une aide principale de 12.000 \u20ac.\n    <\/p>\n<p>Th\u00e9saurus UTU:<\/p>\n<p>DROIT PENAL &#8211; LOIS P\u00c9NALES PARTICULI\u00c8RES &#8211; Victimes de violence\n <\/p>\n<p>Mots libres:<\/p>\n<p>\nPar requ\u00eate re\u00e7ue au secr\u00e9tariat de la Commission en date du 1\/3\/2024,<br \/>\n         le conseil du requ\u00e9rant expose que son client a \u00e9t\u00e9 victime d&apos;un<br \/>\n         acte intentionnel de violence et postule l&apos;octroi d&apos;une aide<br \/>\n         principale de 24.662,01 \u20ac qui se d\u00e9compose comme suit : *100 \u20ac \u00e0<br \/>\n         titre de frais m\u00e9dicaux *375 \u20ac \u00e0 titre de frais vestimentaires *150<br \/>\n         \u20ac \u00e0 titre de frais de d\u00e9placement *100 \u20ac \u00e0 titre de frais administratifs<br \/>\n         *1.358 \u20ac \u00e0 titre de dommage moral durant les incapacit\u00e9s temporaires<br \/>\n         *60 \u20ac \u00e0 titre de quantum doloris *4.402,72 \u20ac \u00e0 titre de dommage<br \/>\n         moral li\u00e9 \u00e0 l&apos;incapacit\u00e9 permanente pass\u00e9e *14.916,29 \u20ac \u00e0<br \/>\n         titre de dommage moral li\u00e9 \u00e0 l&apos;incapacit\u00e9 permanente future *3.200<br \/>\n         \u20ac \u00e0 titre de pr\u00e9judice esth\u00e9tique.<\/p>\n<p>Bases l\u00e9gales:<\/p>\n<p>Loi &#8211; 01-08-1985 &#8211; 32,\u00a71 &#8211; 30<br \/>\n    Lien ELI No pub 1985021108\n<\/p>\n<p>            Texte de la d\u00e9cision            <\/p>\n<p>\n       Saisine de la Commission<br \/>\n       Par requ\u00eate re\u00e7ue au secr\u00e9tariat de la Commission en date du 1\/3\/2024, le conseil du requ\u00e9rant expose que son client a \u00e9t\u00e9 victime d&#8217;un acte intentionnel de violence et postule l\u2019octroi d\u2019une aide principale de 24.662,01 \u20ac qui se d\u00e9compose comme suit :<br \/>\n       *100 \u20ac \u00e0 titre de frais m\u00e9dicaux<br \/>\n       *375 \u20ac \u00e0 titre de frais vestimentaires<br \/>\n       *150 \u20ac \u00e0 titre de frais de d\u00e9placement<br \/>\n       *100 \u20ac \u00e0 titre de frais administratifs<br \/>\n       *1.358 \u20ac \u00e0 titre de dommage moral durant les incapacit\u00e9s temporaires<br \/>\n       *60 \u20ac \u00e0 titre de quantum doloris<br \/>\n       *4.402,72 \u20ac \u00e0 titre de dommage moral li\u00e9 \u00e0 l\u2019incapacit\u00e9 permanente pass\u00e9e<br \/>\n       *14.916,29 \u20ac \u00e0 titre de dommage moral li\u00e9 \u00e0 l\u2019incapacit\u00e9 permanente future<br \/>\n       *3.200 \u20ac \u00e0 titre de pr\u00e9judice esth\u00e9tique<br \/>\n       Expos\u00e9 des faits<br \/>\n       A \u2026, le 30\/11\/2012, le requ\u00e9rant rejoint trois copains dans un caf\u00e9 o\u00f9 ils consomment plusieurs bi\u00e8res. Le requ\u00e9rant sort du caf\u00e9 et se dispute avec le nomm\u00e9 Z. Dimitri puis rentre chez lui tandis que les trois autres personnes repartent chez elles. Ensuite, le requ\u00e9rant \u00e9change des sms avec Dimitri et se rend chez lui pour discuter. Lorsque le requ\u00e9rant arrive chez lui, Dimitri et son fr\u00e8re lui porte des coups, le requ\u00e9rant \u00e9galement. Leur s\u0153ur, Jennifer intervient et donne au requ\u00e9rant des coups de couteau.<br \/>\n       Suites judiciaires<br \/>\n       Par jugement du 13\/4\/2015, le tribunal correctionnel de \u2026 ordonne en faveur du nomm\u00e9 Z. Dimitri la suspension simple du prononc\u00e9 de la condamnation pendant une dur\u00e9e d\u2019un an et condamne la nomm\u00e9e Z. Jennifer \u00e0 une peine de douze mois d\u2019emprisonnement. Au civil, le tribunal condamne la nomm\u00e9e Z. Jennifer \u00e0 payer au requ\u00e9rant s\u2019est constitu\u00e9 partie civile, la somme de provisionnelle de 999 \u20ac et condamne le nomm\u00e9 Z. Dimitri \u00e0 lui payer la somme symbolique d\u2019un euro et d\u00e9signe un expert charg\u00e9 d\u2019examiner le requ\u00e9rant.<br \/>\n       Par jugement du 27\/1\/2020, le tribunal correctionnel de &#8230; d\u00e9signe un nouvel expert.<br \/>\n       Par jugement du 3\/1\/2022, le tribunal correctionnel de &#8230; d\u00e9signe un nouvel expert.<br \/>\n       Par jugement du 4\/9\/2023, le tribunal correctionnel de &#8230; condamne la nomm\u00e9e Z. Jennifer \u00e0 payer au requ\u00e9rant la somme compl\u00e9mentaire d\u00e9finitive de 23.663,01 \u20ac ainsi que l\u2019indemnit\u00e9 de proc\u00e9dure de 3.000 \u20ac.<br \/>\n       S\u00e9quelles m\u00e9dicales<br \/>\n       Dans son rapport du 20\/10\/2022, l\u2019expert judiciaire (Dr. DU V.) conclut :<br \/>\n       -que suite aux faits du 30\/11\/2012, Monsieur X. a pr\u00e9sent\u00e9 les l\u00e9sions suivantes :<br \/>\n       *plaie thoracique droite de 2cm<br \/>\n       *plaie de 6cm en para-mentonnier droit<br \/>\n       *4 plaies dorsales de 2cm, 1cm et 2 de 0,5cm de longueur<br \/>\n       *contusion cr\u00e2nienne<br \/>\n       *stress psychologique ayant donn\u00e9 le lit \u00e0 une symptomatologie cadrant avec un stress post-traumatique transitoire qui a \u00e9volu\u00e9 vers un trouble anxieux qui persiste actuellement sous une forme discr\u00e8te \u00e0 mod\u00e9r\u00e9e ;<br \/>\n       -que sur le plan des s\u00e9quelles, il subsiste les cicatrices des plaies initiales ainsi qu\u2019un trouble anxieux ;<br \/>\n       -aux incapacit\u00e9s personnelles suivantes :<br \/>\n       100% du 30.11.2012 au 01.12.2012<br \/>\n       50% du 02.12.2012 au 31.12.2012<br \/>\n       30% du 01.0102013 au 28.02.2013<br \/>\n       20% du 01.03.2013 au 31.03.2013<br \/>\n       15% du 01.04.2013 au 30.04.2013<br \/>\n       10% du 01.05.2013 au 31.05.2013<br \/>\n       -que la consolidation est acquise le 1\/6\/2013 avec une incapacit\u00e9 personnelle permanente de 4% ;<br \/>\n       -\u00e0 un pr\u00e9judice esth\u00e9tique de 2,5\/7.<br \/>\n       Situation mat\u00e9rielle du requ\u00e9rant<br \/>\n       Il ressort des pi\u00e8ces du dossier que le requ\u00e9rant vit seul et \u00e9marge \u00e0 la mutuelle.<br \/>\n       Situation mat\u00e9rielle de l\u2019auteur des faits<br \/>\n       Dans un courrier du 14\/11\/2023, Ma\u00eetre V., huissier de Justice pr\u00e9cise :<br \/>\n       -que la nomm\u00e9e Z. vit dans une petite maison dans une cour, que la solvabilit\u00e9 est pr\u00e9caire ;<br \/>\n       -qu\u2019elle ne poss\u00e8de aucun droit immobilier et aucun v\u00e9hicule immatricul\u00e9 \u00e0 son nom ;<br \/>\n       -qu\u2019elle \u00e9tait b\u00e9n\u00e9ficiaire d\u2019allocations vers\u00e9es par le cpas jusqu\u2019en mai 2023 et qu\u2019elle ne per\u00e7oit pas d\u2019allocations de ch\u00f4mage ;<br \/>\n       -qu\u2019elle fait d\u00e9j\u00e0 l\u2019objet de saisies pour un montant de 2.313 \u20ac en faveur d\u2019autres cr\u00e9anciers.<br \/>\n       &#8211; Vu le dossier de la proc\u00e9dure,<br \/>\n       &#8211; Vu la requ\u00eate du requ\u00e9rant du 19\/2\/2024 dans laquelle il pr\u00e9cise qu\u2019il renonce irr\u00e9vocablement \u00e0 \u00eatre entendu par la Commission,<br \/>\n       &#8211; Vu le courrier du 3\/10\/2024 par lequel le secr\u00e9taire notifie au d\u00e9l\u00e9gu\u00e9 du Ministre de la Justice la requ\u00eate du requ\u00e9rant et l\u2019invite \u00e0 communiquer sa position sur l\u2019application de la Proc\u00e9dure Facultative Acc\u00e9l\u00e9r\u00e9e, en vertu de la loi du 15 d\u00e9cembre 2022<br \/>\n       Vu la feuille d\u2019audience du , Entendu \u00e0 cette audience :<br \/>\n       Monsieur OLDENHOVE de GUERTECHIN, pr\u00e9sident en son rapport,<br \/>\n       Recevabilit\u00e9 de la demande<br \/>\n       Il r\u00e9sulte des \u00e9l\u00e9ments du dossier que les conditions de recevabilit\u00e9 pour une demande d\u2019aide principale sont remplies.<br \/>\n       Fondement de la demande<br \/>\n       Tenant compte d\u2019une part:<br \/>\n       -des incapacit\u00e9s temporaires ;<br \/>\n       -de l\u2019incapacit\u00e9 personnelle permanente de 4% que le requ\u00e9rant conserve suite \u00e0 l\u2019agression dont il a \u00e9t\u00e9 victime ;<br \/>\n       -du pr\u00e9judice esth\u00e9tique de 2,5\/7 que le requ\u00e9rant conserve \u00e9galement ;<br \/>\n       -des frais m\u00e9dicaux de 100 \u20ac que le requ\u00e9rant a support\u00e9s;<br \/>\n       -des frais mat\u00e9riels de 625 \u20ac que le requ\u00e9rant a expos\u00e9s ;<br \/>\n       -de l\u2019indemnit\u00e9 de proc\u00e9dure de 3.000 \u20ac que le tribunal correctionnel de &#8230; a allou\u00e9e au requ\u00e9rant ;<br \/>\n       et d\u2019autre part :<br \/>\n       -de ce que l\u2019incapacit\u00e9 m\u00e9nag\u00e8re ne figure pas dans l\u2019\u00e9num\u00e9ration limitative des postes du dommage vis\u00e9s \u00e0 l\u2019article 32\u00a71er de la loi du 1\/8\/1985 et qu\u2019elle ne peut donc pas \u00eatre prise en compte par la Commission ;<br \/>\n       -de ce que l\u2019aide financi\u00e8re octroy\u00e9e par la Commission consiste en un geste de solidarit\u00e9 sociale qui rel\u00e8ve de l\u2019\u00e9quit\u00e9 (voyez Doc. Parl. S\u00e9nat 873 (1984-1985, n\u00b01 page 17);<br \/>\n       -de ce que par cons\u00e9quent, le montant de l\u2019aide ne correspond pas n\u00e9cessairement \u00e0 la r\u00e9paration int\u00e9grale du pr\u00e9judice subi par la victime;<br \/>\n       -du fait que la Commission n\u2019\u00e9value pas le dommage sur la base des crit\u00e8res de l\u2019indemnisation en droit commun, mais sur celle de la liste limitative des dommages dont il lui incombe de tenir compte (voyez art.32 et 33\u00a72 de la loi du 1\/8\/1985) ;<br \/>\n       -du fait que dans son appr\u00e9ciation du dommage, la Commission tient compte des montants propos\u00e9s par le \u00abTableau indicatif \u00bb publi\u00e9 sous les auspices de l\u2019Union royale des Juges de Paix et des Juges de Police ;<br \/>\n       la Commission estime qu\u2019il y a lieu d\u2019allouer au requ\u00e9rant une aide principale fix\u00e9e ex aequo et bono, \u00e0 la somme de 12.000 \u20ac .<br \/>\n       PAR CES MOTIFS :<br \/>\n       Vu les articles 30 \u00e0 41 de la loi du 1er ao\u00fbt 1985 portant des mesures fiscales et autres modifi\u00e9e par les lois des 26 mars et 22 avril 2003, 27 d\u00e9cembre 2004, 13 janvier et 27 d\u00e9cembre 2006, 30 d\u00e9cembre 2009 et 31 mai 2016 , 3 f\u00e9vrier 2019, 31 juillet 2020, 15 d\u00e9cembre 2022, 18 janvier 2024, les articles 15bis, 28 \u00e0 33 de l&#8217;arr\u00eat\u00e9 royal du 18 d\u00e9cembre 1986 relatif \u00e0 la Commission pour l&#8217;aide aux victimes d&#8217;actes intentionnels de violence, les articles 39 \u00e0 42 des lois coordonn\u00e9es du 18 juillet 1966 sur l&#8217;emploi des langues en mati\u00e8re administrative,<br \/>\n       La Commission, statuant par d\u00e9faut \u00e0 l\u2019\u00e9gard du requ\u00e9rant et \u00e0 l\u2019\u00e9gard du d\u00e9l\u00e9gu\u00e9 du Ministre, en audience publique,<br \/>\n       &#8211; d\u00e9clare la demande recevable et partiellement fond\u00e9e ;<br \/>\n       &#8211; alloue au requ\u00e9rant une aide principale de 12.000 \u20ac.<br \/>\n       Ainsi fait, en langue fran\u00e7aise, le 9 janvier 2025.<br \/>\n       Le secr\u00e9taire, Le pr\u00e9sident,<br \/>\n       F. MAZY L.-H. OLDENHOVE de GUERTECHIN\n    <\/p>\n<p>Document PDF ECLI:BE:COHSAV:2025:ORD.20250109.1\n       <\/p>\n<p>        <!-- Commandes de navigation page d\u00e9tail--> <\/p>\n<p>                  Imprimer cette page<br \/>\n          &nbsp; <\/p>\n<p>          Taille d&#8217;impression          <\/p>\n<p>            S<br \/>\n            M<br \/>\n            L<br \/>\n            XL<\/p>\n<p>          &nbsp; <\/p>\n<p>                  Nouvelle recherche JUPORTAL<br \/>\n          &nbsp; <\/p>\n<p>                  Fermer l&#8217;onglet          <\/p>\n<p>        <!-- Fin commandes de navigation page d\u00e9tail --><\/p>\n<p><!-- Action LOG \nfunction JUPORTARecordLogViewDecision  $iubel_id        : 287786\n                                       $action_type     : VIEW\n                                      &amp;$action_startmt  : 1776197174.3719\n                                      &amp;$action_duration : 58\n                                      &amp;$addressipremote : 103.115.10.116\n                                      &amp;$latitude        : null\n                                      &amp;$longitude       : null\n                                      &amp;$accuracy        : null\n                                      &amp;$altitude        : null\n                                      &amp;$langue_view     : FR\n--><br \/>\n<!-- Action_duration 58 millisec --><br \/>\n      <!-- end of main block (division \"content\") --><\/p>\n<p>    <!-- end of division \"page_main\" --><\/p>\n<p>              &#9993; info-JUPORTAL@just.fgov.be<\/p>\n<p>              &copy;&nbsp; 2017-2026&nbsp;Service ICT &#8211; SPF Justice<\/p>\n<p>  <!-- end of division \"conteneur\" --><\/p>\n<p>  <!-- Balloon system info --><\/p>\n<p>\n          Powered by PHP 8.5.0\n      <\/p>\n<p>\n          Server Software Apache\/2.4.66\n      <\/p>\n<p>\n          == Fluctuat nec mergitur ==\n      <\/p>\n<p>  <!-- Balloon system info --><br \/>\n          <!-- BalloonObjectPrepa Start --><br \/>\n          <!-- BalloonObjectPrepa End --><\/div>\n<hr class=\"kji-sep\" \/>\n<p class=\"kji-source-links\"><strong>Sources officielles :<\/strong> <a class=\"kji-source-link\" href=\"https:\/\/juportal.be\/content\/ECLI:BE:COHSAV:2025:ORD.20250109.1\/FR\" target=\"_blank\" rel=\"noopener noreferrer\">consulter la page source<\/a><\/p>\n<p class=\"kji-license-note\"><em>JUPORTAL. L avertissement officiel du portail precise qu il n existe pas de droit d auteur sur les arrets et jugements.<\/em><\/p>\n<\/div>\n","protected":false},"excerpt":{"rendered":"<p>JUPORTAL Base de donn\u00e9es publique de la jurisprudence belge Imprimer cette page Taille d&#8217;impression S M L XL Nouvelle recherche JUPORTAL Fermer l&#8217;onglet Commission pour l&#8217;aide financi\u00e8re aux victimes d&#8217;actes intentionnels de violence et aux sauveteurs occasionnels Ordonnance du 09 janvier 2025 No ECLI: ECLI:BE:COHSAV:2025:ORD.20250109.1 No R\u00f4le: M24-6-0289 Domaine juridique: Droit p\u00e9nal Date d&#8217;introduction: 2026-03-19 Consultations: 75 &#8211; derni\u00e8re vue&#8230;<\/p>\n","protected":false},"featured_media":0,"template":"","meta":{"_crdt_document":""},"kji_country":[7731],"kji_court":[20268],"kji_chamber":[],"kji_year":[8463],"kji_subject":[7612],"kji_keyword":[7715,15534,15535,13107,15545],"kji_language":[7733],"class_list":["post-587076","kji_decision","type-kji_decision","status-publish","hentry","kji_country-belgique","kji_court-eclibecohsav2025ord-20250109-1","kji_year-8463","kji_subject-fiscal","kji_keyword-commission","kji_keyword-dommage","kji_keyword-frais","kji_keyword-incapacite","kji_keyword-requerant","kji_language-francais"],"yoast_head":"<!-- This site is optimized with the Yoast SEO Premium plugin v27.4 (Yoast SEO v27.4) - https:\/\/yoast.com\/product\/yoast-seo-premium-wordpress\/ -->\n<title>ECLI:BE:COHSAV:2025:ORD.20250109.1 - Ma\u00eetre Hassan Kohen, avocat en droit p\u00e9nal \u00e0 Paris<\/title>\n<meta name=\"robots\" content=\"index, follow, max-snippet:-1, max-image-preview:large, max-video-preview:-1\" \/>\n<link rel=\"canonical\" href=\"https:\/\/kohenavocats.com\/zh-hans\/jurisprudences\/eclibecohsav2025ord-20250109-1\/\" \/>\n<meta property=\"og:locale\" content=\"zh_CN\" \/>\n<meta property=\"og:type\" content=\"article\" \/>\n<meta property=\"og:title\" content=\"ECLI:BE:COHSAV:2025:ORD.20250109.1\" \/>\n<meta property=\"og:description\" content=\"JUPORTAL Base de donn\u00e9es publique de la jurisprudence belge Imprimer cette page Taille d&#039;impression S M L XL Nouvelle recherche JUPORTAL Fermer l&#039;onglet Commission pour l&#039;aide financi\u00e8re aux victimes d&#039;actes intentionnels de violence et aux sauveteurs occasionnels Ordonnance du 09 janvier 2025 No ECLI: ECLI:BE:COHSAV:2025:ORD.20250109.1 No R\u00f4le: M24-6-0289 Domaine juridique: Droit p\u00e9nal Date d&#039;introduction: 2026-03-19 Consultations: 75 - derni\u00e8re vue...\" \/>\n<meta property=\"og:url\" content=\"https:\/\/kohenavocats.com\/zh-hans\/jurisprudences\/eclibecohsav2025ord-20250109-1\/\" \/>\n<meta property=\"og:site_name\" content=\"Ma\u00eetre Hassan Kohen, avocat en droit p\u00e9nal \u00e0 Paris\" \/>\n<meta name=\"twitter:card\" content=\"summary_large_image\" \/>\n<meta name=\"twitter:label1\" content=\"\u9884\u8ba1\u9605\u8bfb\u65f6\u95f4\" \/>\n\t<meta name=\"twitter:data1\" content=\"8 \u5206\" \/>\n<script type=\"application\/ld+json\" class=\"yoast-schema-graph\">{\"@context\":\"https:\\\/\\\/schema.org\",\"@graph\":[{\"@type\":\"WebPage\",\"@id\":\"https:\\\/\\\/kohenavocats.com\\\/zh-hans\\\/jurisprudences\\\/eclibecohsav2025ord-20250109-1\\\/\",\"url\":\"https:\\\/\\\/kohenavocats.com\\\/zh-hans\\\/jurisprudences\\\/eclibecohsav2025ord-20250109-1\\\/\",\"name\":\"ECLI:BE:COHSAV:2025:ORD.20250109.1 - Ma\u00eetre Hassan Kohen, avocat en droit p\u00e9nal \u00e0 Paris\",\"isPartOf\":{\"@id\":\"https:\\\/\\\/kohenavocats.com\\\/zh-hans\\\/#website\"},\"datePublished\":\"2026-04-17T14:12:29+00:00\",\"breadcrumb\":{\"@id\":\"https:\\\/\\\/kohenavocats.com\\\/zh-hans\\\/jurisprudences\\\/eclibecohsav2025ord-20250109-1\\\/#breadcrumb\"},\"inLanguage\":\"zh-Hans\",\"potentialAction\":[{\"@type\":\"ReadAction\",\"target\":[\"https:\\\/\\\/kohenavocats.com\\\/zh-hans\\\/jurisprudences\\\/eclibecohsav2025ord-20250109-1\\\/\"]}]},{\"@type\":\"BreadcrumbList\",\"@id\":\"https:\\\/\\\/kohenavocats.com\\\/zh-hans\\\/jurisprudences\\\/eclibecohsav2025ord-20250109-1\\\/#breadcrumb\",\"itemListElement\":[{\"@type\":\"ListItem\",\"position\":1,\"name\":\"Home\",\"item\":\"https:\\\/\\\/kohenavocats.com\\\/zh-hans\\\/\"},{\"@type\":\"ListItem\",\"position\":2,\"name\":\"Jurisprudences\",\"item\":\"https:\\\/\\\/kohenavocats.com\\\/zh-hans\\\/jurisprudences\\\/\"},{\"@type\":\"ListItem\",\"position\":3,\"name\":\"ECLI:BE:COHSAV:2025:ORD.20250109.1\"}]},{\"@type\":\"WebSite\",\"@id\":\"https:\\\/\\\/kohenavocats.com\\\/zh-hans\\\/#website\",\"url\":\"https:\\\/\\\/kohenavocats.com\\\/zh-hans\\\/\",\"name\":\"Kohen Avocats\",\"description\":\"Ma\u00eetre Hassan Kohen, avocat p\u00e9naliste \u00e0 Paris, intervient exclusivement en droit p\u00e9nal pour la d\u00e9fense des particuliers, notamment en mati\u00e8re d\u2019accusations de viol. Il assure un accompagnement rigoureux d\u00e8s la garde \u00e0 vue jusqu\u2019\u00e0 la Cour d\u2019assises, veillant au strict respect des garanties proc\u00e9durales.\",\"publisher\":{\"@id\":\"https:\\\/\\\/kohenavocats.com\\\/zh-hans\\\/#organization\"},\"potentialAction\":[{\"@type\":\"SearchAction\",\"target\":{\"@type\":\"EntryPoint\",\"urlTemplate\":\"https:\\\/\\\/kohenavocats.com\\\/zh-hans\\\/?s={search_term_string}\"},\"query-input\":{\"@type\":\"PropertyValueSpecification\",\"valueRequired\":true,\"valueName\":\"search_term_string\"}}],\"inLanguage\":\"zh-Hans\"},{\"@type\":\"Organization\",\"@id\":\"https:\\\/\\\/kohenavocats.com\\\/zh-hans\\\/#organization\",\"name\":\"Kohen Avocats\",\"url\":\"https:\\\/\\\/kohenavocats.com\\\/zh-hans\\\/\",\"logo\":{\"@type\":\"ImageObject\",\"inLanguage\":\"zh-Hans\",\"@id\":\"https:\\\/\\\/kohenavocats.com\\\/zh-hans\\\/#\\\/schema\\\/logo\\\/image\\\/\",\"url\":\"https:\\\/\\\/kohenavocats.com\\\/wp-content\\\/uploads\\\/2026\\\/01\\\/Logo-2-1.webp\",\"contentUrl\":\"https:\\\/\\\/kohenavocats.com\\\/wp-content\\\/uploads\\\/2026\\\/01\\\/Logo-2-1.webp\",\"width\":2114,\"height\":1253,\"caption\":\"Kohen Avocats\"},\"image\":{\"@id\":\"https:\\\/\\\/kohenavocats.com\\\/zh-hans\\\/#\\\/schema\\\/logo\\\/image\\\/\"}}]}<\/script>\n<!-- \/ Yoast SEO Premium plugin. -->","yoast_head_json":{"title":"ECLI:BE:COHSAV:2025:ORD.20250109.1 - Ma\u00eetre Hassan Kohen, avocat en droit p\u00e9nal \u00e0 Paris","robots":{"index":"index","follow":"follow","max-snippet":"max-snippet:-1","max-image-preview":"max-image-preview:large","max-video-preview":"max-video-preview:-1"},"canonical":"https:\/\/kohenavocats.com\/zh-hans\/jurisprudences\/eclibecohsav2025ord-20250109-1\/","og_locale":"zh_CN","og_type":"article","og_title":"ECLI:BE:COHSAV:2025:ORD.20250109.1","og_description":"JUPORTAL Base de donn\u00e9es publique de la jurisprudence belge Imprimer cette page Taille d'impression S M L XL Nouvelle recherche JUPORTAL Fermer l'onglet Commission pour l'aide financi\u00e8re aux victimes d'actes intentionnels de violence et aux sauveteurs occasionnels Ordonnance du 09 janvier 2025 No ECLI: ECLI:BE:COHSAV:2025:ORD.20250109.1 No R\u00f4le: M24-6-0289 Domaine juridique: Droit p\u00e9nal Date d'introduction: 2026-03-19 Consultations: 75 - derni\u00e8re vue...","og_url":"https:\/\/kohenavocats.com\/zh-hans\/jurisprudences\/eclibecohsav2025ord-20250109-1\/","og_site_name":"Ma\u00eetre Hassan Kohen, avocat en droit p\u00e9nal \u00e0 Paris","twitter_card":"summary_large_image","twitter_misc":{"\u9884\u8ba1\u9605\u8bfb\u65f6\u95f4":"8 \u5206"},"schema":{"@context":"https:\/\/schema.org","@graph":[{"@type":"WebPage","@id":"https:\/\/kohenavocats.com\/zh-hans\/jurisprudences\/eclibecohsav2025ord-20250109-1\/","url":"https:\/\/kohenavocats.com\/zh-hans\/jurisprudences\/eclibecohsav2025ord-20250109-1\/","name":"ECLI:BE:COHSAV:2025:ORD.20250109.1 - Ma\u00eetre Hassan Kohen, avocat en droit p\u00e9nal \u00e0 Paris","isPartOf":{"@id":"https:\/\/kohenavocats.com\/zh-hans\/#website"},"datePublished":"2026-04-17T14:12:29+00:00","breadcrumb":{"@id":"https:\/\/kohenavocats.com\/zh-hans\/jurisprudences\/eclibecohsav2025ord-20250109-1\/#breadcrumb"},"inLanguage":"zh-Hans","potentialAction":[{"@type":"ReadAction","target":["https:\/\/kohenavocats.com\/zh-hans\/jurisprudences\/eclibecohsav2025ord-20250109-1\/"]}]},{"@type":"BreadcrumbList","@id":"https:\/\/kohenavocats.com\/zh-hans\/jurisprudences\/eclibecohsav2025ord-20250109-1\/#breadcrumb","itemListElement":[{"@type":"ListItem","position":1,"name":"Home","item":"https:\/\/kohenavocats.com\/zh-hans\/"},{"@type":"ListItem","position":2,"name":"Jurisprudences","item":"https:\/\/kohenavocats.com\/zh-hans\/jurisprudences\/"},{"@type":"ListItem","position":3,"name":"ECLI:BE:COHSAV:2025:ORD.20250109.1"}]},{"@type":"WebSite","@id":"https:\/\/kohenavocats.com\/zh-hans\/#website","url":"https:\/\/kohenavocats.com\/zh-hans\/","name":"Kohen Avocats","description":"Ma\u00eetre Hassan Kohen, avocat p\u00e9naliste \u00e0 Paris, intervient exclusivement en droit p\u00e9nal pour la d\u00e9fense des particuliers, notamment en mati\u00e8re d\u2019accusations de viol. Il assure un accompagnement rigoureux d\u00e8s la garde \u00e0 vue jusqu\u2019\u00e0 la Cour d\u2019assises, veillant au strict respect des garanties proc\u00e9durales.","publisher":{"@id":"https:\/\/kohenavocats.com\/zh-hans\/#organization"},"potentialAction":[{"@type":"SearchAction","target":{"@type":"EntryPoint","urlTemplate":"https:\/\/kohenavocats.com\/zh-hans\/?s={search_term_string}"},"query-input":{"@type":"PropertyValueSpecification","valueRequired":true,"valueName":"search_term_string"}}],"inLanguage":"zh-Hans"},{"@type":"Organization","@id":"https:\/\/kohenavocats.com\/zh-hans\/#organization","name":"Kohen Avocats","url":"https:\/\/kohenavocats.com\/zh-hans\/","logo":{"@type":"ImageObject","inLanguage":"zh-Hans","@id":"https:\/\/kohenavocats.com\/zh-hans\/#\/schema\/logo\/image\/","url":"https:\/\/kohenavocats.com\/wp-content\/uploads\/2026\/01\/Logo-2-1.webp","contentUrl":"https:\/\/kohenavocats.com\/wp-content\/uploads\/2026\/01\/Logo-2-1.webp","width":2114,"height":1253,"caption":"Kohen Avocats"},"image":{"@id":"https:\/\/kohenavocats.com\/zh-hans\/#\/schema\/logo\/image\/"}}]}},"jetpack_likes_enabled":false,"jetpack_sharing_enabled":true,"_links":{"self":[{"href":"https:\/\/kohenavocats.com\/zh-hans\/wp-json\/wp\/v2\/kji_decision\/587076","targetHints":{"allow":["GET"]}}],"collection":[{"href":"https:\/\/kohenavocats.com\/zh-hans\/wp-json\/wp\/v2\/kji_decision"}],"about":[{"href":"https:\/\/kohenavocats.com\/zh-hans\/wp-json\/wp\/v2\/types\/kji_decision"}],"wp:attachment":[{"href":"https:\/\/kohenavocats.com\/zh-hans\/wp-json\/wp\/v2\/media?parent=587076"}],"wp:term":[{"taxonomy":"kji_country","embeddable":true,"href":"https:\/\/kohenavocats.com\/zh-hans\/wp-json\/wp\/v2\/kji_country?post=587076"},{"taxonomy":"kji_court","embeddable":true,"href":"https:\/\/kohenavocats.com\/zh-hans\/wp-json\/wp\/v2\/kji_court?post=587076"},{"taxonomy":"kji_chamber","embeddable":true,"href":"https:\/\/kohenavocats.com\/zh-hans\/wp-json\/wp\/v2\/kji_chamber?post=587076"},{"taxonomy":"kji_year","embeddable":true,"href":"https:\/\/kohenavocats.com\/zh-hans\/wp-json\/wp\/v2\/kji_year?post=587076"},{"taxonomy":"kji_subject","embeddable":true,"href":"https:\/\/kohenavocats.com\/zh-hans\/wp-json\/wp\/v2\/kji_subject?post=587076"},{"taxonomy":"kji_keyword","embeddable":true,"href":"https:\/\/kohenavocats.com\/zh-hans\/wp-json\/wp\/v2\/kji_keyword?post=587076"},{"taxonomy":"kji_language","embeddable":true,"href":"https:\/\/kohenavocats.com\/zh-hans\/wp-json\/wp\/v2\/kji_language?post=587076"}],"curies":[{"name":"wp","href":"https:\/\/api.w.org\/{rel}","templated":true}]}}