{"id":587082,"date":"2026-04-17T16:18:54","date_gmt":"2026-04-17T14:18:54","guid":{"rendered":"https:\/\/kohenavocats.com\/jurisprudences\/cour-superieure-de-justice-10-mars-2026-11\/"},"modified":"2026-04-17T16:19:01","modified_gmt":"2026-04-17T14:19:01","slug":"cour-superieure-de-justice-10-mars-2026-11","status":"publish","type":"kji_decision","link":"https:\/\/kohenavocats.com\/zh-hans\/jurisprudences\/cour-superieure-de-justice-10-mars-2026-11\/","title":{"rendered":"Cour sup\u00e9rieure de justice, 10 mars 2026"},"content":{"rendered":"<div class=\"kji-decision\">\n<div class=\"kji-full-text\">\n<p>Arr\u00eat N\u00b015\/26Crim. du10 mars 2026 (Not.25865\/17\/CD) La Cour d&#039;appel du Grand-Duch\u00e9 de Luxembourg, cinqui\u00e8me chambre, si\u00e9geant en mati\u00e8re criminelle, a rendu en son audience publique dudix marsdeux mille vingt-sixl\u2019arr\u00eat qui suit dans la cause e n t r e : leminist\u00e8republic, exer\u00e7ant l&#039;actionpublique pour la r\u00e9pression des crimes et d\u00e9lits, e t : PERSONNE1.),n\u00e9 leDATE1.)\u00e0ADRESSE1.)au Mont\u00e9n\u00e9gro, sans domicile ni r\u00e9sidence connus, pr\u00e9venu et demandeur au civil, e n p r \u00e9 s e n c e d e: PERSONNE2.),n\u00e9 leDATE2.)\u00e0ADRESSE2.)en Cor\u00e9e du Sud,demeurant \u00e0 L-ADRESSE3.), d\u00e9fendeur au civil.<\/p>\n<p>2 F A I T S : Les faits et r\u00e9troactes de l&#039;affaire r\u00e9sultent \u00e0 suffisance de droit: I. d&#039;un jugement rendu contradictoirement par le tribunal d&#039;arrondissement de Luxembourg,treizi\u00e8mechambre, si\u00e9geant en mati\u00e8recriminelle, le 25 novembre 2021, sous le num\u00e9ro LCRI n\u00b082\/2021, dont les consid\u00e9rants et le dispositif sont con\u00e7us comme suit : \u00abjugement\u00bb<\/p>\n<p>3 II. d&#039;unarr\u00eatrendupar d\u00e9faut \u00e0 l\u2019\u00e9gard du pr\u00e9venu et demandeur au civil PERSONNE1.)et contradictoirement \u00e0 l\u2019\u00e9gard du d\u00e9fendeur au civil PERSONNE2.), par la Cour d\u2019appel du Grand-Duch\u00e9 de Luxembourg , dixi\u00e8mechambre, si\u00e9geant en mati\u00e8recriminelle, le 25janvier 2023, sous le num\u00e9ro4\/23 Ch. Crim., dont les consid\u00e9rants et le dispositif sont con\u00e7us comme suit: \u00abarr\u00eat 1\u00bb<\/p>\n<p>4 III. d&#039;unarr\u00eatrenducontradictoirement par la Cour d\u2019appel du Grand-Duch\u00e9 de Luxembourg,cinqui\u00e8mechambre, si\u00e9geant en mati\u00e8recriminelle, le10 d\u00e9cembre 2024, sous le num\u00e9ro64\/24-Crim., dont les consid\u00e9rants et le dispositif sont con\u00e7us comme suit: \u00abarr\u00eat 2\u00bb<\/p>\n<p>5 IV. d&#039;unarr\u00eatrenducontradictoirement par la Cour d\u2019appel du Grand-Duch\u00e9 de Luxembourg,cinqui\u00e8mechambre, si\u00e9geant en mati\u00e8recriminelle, le25 f\u00e9vrier 2025, sous le num\u00e9ro9\/25 Crim., dont les consid\u00e9rants et le dispositif sont con\u00e7us comme suit: \u00abarr\u00eat 3\u00bb<\/p>\n<p>6 Par citation du11 f\u00e9vrier 2026, les parties furent r\u00e9guli\u00e8rement requises de compara\u00eetre \u00e0 l\u2019audience publique du6 mars 2026devant la Cour d&#039;appel de Luxembourg, cinqui\u00e8me chambre, si\u00e9geant en mati\u00e8recriminelle, pour yvoir statuer sur le remplacement de l\u2019expert. A cette audience,Ma\u00eetre Noa RECKTENWALD, avocat, en remplacement deMa\u00eetre Sam PLETSCH, avocat \u00e0 la Cour,demeurant tous les deux \u00e0 Luxembourg, repr\u00e9sentantle pr\u00e9venu et demandeur au civilPERSONNE1.),fut entendueen ses conclusions. Ma\u00eetre William PENNING, avocat, en remplacement de Ma\u00eetre Philippe PENNING, avocat \u00e0 la Cour, demeurant tous les deux \u00e0 Luxembourg, repr\u00e9sentant le d\u00e9fendeur au civilPERSONNE2.), fut entendu en ses conclusions. Monsieur l\u2019avocat g\u00e9n\u00e9ralBob PIRON, assumant les fonctions de minist\u00e8re public, fut entendu en ses conclusions. L A C O U R prit l&#039;affaire en d\u00e9lib\u00e9r\u00e9 et rendit \u00e0 l&#039;audience publique du10 mars2026, \u00e0 laquelle le prononc\u00e9 avait \u00e9t\u00e9 fix\u00e9, l&#039;arr\u00eatqui suit: Vu l&#039;arr\u00eat n\u00b064\/24-Crim. du 10 d\u00e9cembre 2024, rendu contradictoirement par la cinqui\u00e8me chambre de la Cour d\u2019appel de Luxembourg, si\u00e9geant en mati\u00e8re criminelle, nommantMa\u00eetre Tonia FRIEDERS-SCHEIFFERexpert-calculateurdans l\u2019affaire opposantPERSONNE1.)\u00e0PERSONNE2.). Vu le courrier du28 novembre 2025deMa\u00eetre Tonia FRIEDERS-SCHEIFFER d\u00e9clarant ne pas pouvoir accepter la mission lui ayant \u00e9t\u00e9 confi\u00e9e par le pr\u00e9dit arr\u00eat. Vu la requ\u00eate en remplacement d\u2019expert du7janvier 2026, d\u00e9pos\u00e9e le8janvier 2026au greffe de la Cour d\u2019appel par Ma\u00eetre Sam PLETSCH, mandataire du pr\u00e9venu et d\u00e9fendeur au civilPERSONNE1.). A l\u2019audience publique de la Cour d\u2019appel du6 mars 2026, les parties ont marqu\u00e9 leur accord deproc\u00e9der au remplacement de l\u2019expert-calculateur Ma\u00eetre Tonia FRIEDERS-SCHEIFFER. Le mandataire du demandeur au civilPERSONNE2.), ainsi que le repr\u00e9sentant du minist\u00e8re public ont propos\u00e9 de nommer Ma\u00eetre Luc OLINGER. De l\u2019accord des parties, il y a lieu de remplacerl\u2019expert-calculateur Ma\u00eetre Tonia FRIEDERS-SCHEIFFERparl\u2019expert-calculateur Ma\u00eetre Luc OLINGER, demeurant professionnellement\u00e0L-ADRESSE4.).<\/p>\n<p>7 P A R C E S M O T I F S : la Cour d\u2019appel,cinqui\u00e8me chambre, si\u00e9geant en mati\u00e8re criminelle, statuant contradictoirement,le mandataire du pr\u00e9venu et demandeur au civil PERSONNE1.)entendu en ses conclusions, le mandataire du d\u00e9fendeur au civil PERSONNE2.)entendu en ses conclusions, et lerepr\u00e9sentant du minist\u00e8re public entendu en ses conclusions, ditqu\u2019il y a lieu de proc\u00e9der au remplacement del\u2019expert-calculateur Ma\u00eetre Tonia FRIEDERS-SCHEIFFERnomm\u00e9epar arr\u00eat n\u00b0 64\/24-Crim. rendu par la Cour d\u2019appel de Luxembourg en date du 10 d\u00e9cembre 2024, nommeexpert-calculateur, en remplacementdeMa\u00eetre Tonia FRIEDERS- SCHEIFFER, avec la m\u00eame mission que celle reproduite dans ledispositif de l\u2019arr\u00eat n\u00b0 64\/24-Crimdu 10 d\u00e9cembre 2024,Ma\u00eetre Luc OLINGER, demeurant professionnellement \u00e0 L-ADRESSE4.). Ainsi fait et jug\u00e9 par la Cour d&#039;appel du Grand-Duch\u00e9 de Luxembourg, cinqui\u00e8me chambre, si\u00e9geant en mati\u00e8recriminelle, compos\u00e9e deMadame Nathalie JUNG, pr\u00e9sidentde chambre,de Madame Tessie LINSTER,conseiller,et de Madame Sonja STREICHER, conseiller,qui ont sign\u00e9 le pr\u00e9sent arr\u00eat avec Madame Linda SERVATY, greffi\u00e8re. La lecture de l&#039;arr\u00eat a \u00e9t\u00e9 faite en audience publique \u00e0 la Cit\u00e9 Judiciaire, B\u00e2timent CR, Plateau du St. Esprit, parMadame Nathalie JUNG,pr\u00e9sident de chambre,en pr\u00e9sence de MadameSimone FLAMMANG,procureur d\u00e9n\u00e9ral d\u2019Etat adjoint,et de Madame LindaSERVATY, greffi\u00e8re.<\/p>\n<\/div>\n<hr class=\"kji-sep\" \/>\n<p class=\"kji-source-links\"><strong>Sources officielles :<\/strong> <a class=\"kji-source-link\" href=\"https:\/\/data.public.lu\/fr\/datasets\/cour-superieure-de-justice-chambre-5-criminelle\/\" target=\"_blank\" rel=\"noopener noreferrer\">consulter la page source<\/a> &middot; <a class=\"kji-pdf-link\" href=\"https:\/\/download.data.public.lu\/resources\/cour-superieure-de-justice-chambre-5-criminelle\/20260316-000416\/20260310-ca5crim-15-pseudonymise-accessible.pdf\" target=\"_blank\" rel=\"noopener noreferrer\">PDF officiel<\/a><\/p>\n<p class=\"kji-license-note\"><em>Licence CC BY-ND 4.0 (Administration judiciaire, data.public.lu). Republication autorisee avec attribution, sans modification editoriale du texte integral.<\/em><\/p>\n<\/div>\n","protected":false},"excerpt":{"rendered":"<p>Arr\u00eat N\u00b015\/26Crim. du10 mars 2026 (Not.25865\/17\/CD) La Cour d&#8217;appel du Grand-Duch\u00e9 de Luxembourg, cinqui\u00e8me chambre, si\u00e9geant en mati\u00e8re criminelle, a rendu en son audience publique dudix marsdeux mille vingt-sixl\u2019arr\u00eat qui suit dans la cause e n t r e : leminist\u00e8republic, exer\u00e7ant l&#8217;actionpublique pour la\u2026<\/p>\n","protected":false},"featured_media":0,"template":"","meta":{"_crdt_document":""},"kji_country":[8418],"kji_court":[12305],"kji_chamber":[20274],"kji_year":[7610],"kji_subject":[7632],"kji_keyword":[8683,9055,12307],"kji_language":[7733],"class_list":["post-587082","kji_decision","type-kji_decision","status-publish","hentry","kji_country-luxembourg","kji_court-cour-superieure-de-justice","kji_chamber-chambre-5-criminelle","kji_year-7610","kji_subject-penal","kji_keyword-arret","kji_keyword-justice","kji_keyword-superieure","kji_language-francais"],"yoast_head":"<!-- This site is optimized with the Yoast SEO Premium plugin v27.5 (Yoast SEO v27.5) - https:\/\/yoast.com\/product\/yoast-seo-premium-wordpress\/ -->\n<title>Cour sup\u00e9rieure de justice, 10 mars 2026 - Ma\u00eetre Hassan Kohen, avocat en droit p\u00e9nal \u00e0 Paris<\/title>\n<meta name=\"robots\" content=\"index, follow, max-snippet:-1, max-image-preview:large, max-video-preview:-1\" \/>\n<link rel=\"canonical\" href=\"https:\/\/kohenavocats.com\/zh-hans\/jurisprudences\/cour-superieure-de-justice-10-mars-2026-11\/\" \/>\n<meta property=\"og:locale\" content=\"zh_CN\" \/>\n<meta property=\"og:type\" content=\"article\" \/>\n<meta property=\"og:title\" content=\"Cour sup\u00e9rieure de justice, 10 mars 2026\" \/>\n<meta property=\"og:description\" content=\"Arr\u00eat N\u00b015\/26Crim. du10 mars 2026 (Not.25865\/17\/CD) La Cour d&#039;appel du Grand-Duch\u00e9 de Luxembourg, cinqui\u00e8me chambre, si\u00e9geant en mati\u00e8re criminelle, a rendu en son audience publique dudix marsdeux mille vingt-sixl\u2019arr\u00eat qui suit dans la cause e n t r e : leminist\u00e8republic, exer\u00e7ant l&#039;actionpublique pour la\u2026\" \/>\n<meta property=\"og:url\" content=\"https:\/\/kohenavocats.com\/zh-hans\/jurisprudences\/cour-superieure-de-justice-10-mars-2026-11\/\" \/>\n<meta property=\"og:site_name\" content=\"Ma\u00eetre Hassan Kohen, avocat en droit p\u00e9nal \u00e0 Paris\" \/>\n<meta property=\"article:modified_time\" content=\"2026-04-17T14:19:01+00:00\" \/>\n<meta name=\"twitter:card\" content=\"summary_large_image\" \/>\n<meta name=\"twitter:label1\" content=\"\u9884\u8ba1\u9605\u8bfb\u65f6\u95f4\" \/>\n\t<meta name=\"twitter:data1\" content=\"5 \u5206\" \/>\n<script type=\"application\/ld+json\" class=\"yoast-schema-graph\">{\"@context\":\"https:\\\/\\\/schema.org\",\"@graph\":[{\"@type\":\"WebPage\",\"@id\":\"https:\\\/\\\/kohenavocats.com\\\/zh-hans\\\/jurisprudences\\\/cour-superieure-de-justice-10-mars-2026-11\\\/\",\"url\":\"https:\\\/\\\/kohenavocats.com\\\/zh-hans\\\/jurisprudences\\\/cour-superieure-de-justice-10-mars-2026-11\\\/\",\"name\":\"Cour sup\u00e9rieure de justice, 10 mars 2026 - Ma\u00eetre Hassan Kohen, avocat en droit p\u00e9nal \u00e0 Paris\",\"isPartOf\":{\"@id\":\"https:\\\/\\\/kohenavocats.com\\\/zh-hans\\\/#website\"},\"datePublished\":\"2026-04-17T14:18:54+00:00\",\"dateModified\":\"2026-04-17T14:19:01+00:00\",\"breadcrumb\":{\"@id\":\"https:\\\/\\\/kohenavocats.com\\\/zh-hans\\\/jurisprudences\\\/cour-superieure-de-justice-10-mars-2026-11\\\/#breadcrumb\"},\"inLanguage\":\"zh-Hans\",\"potentialAction\":[{\"@type\":\"ReadAction\",\"target\":[\"https:\\\/\\\/kohenavocats.com\\\/zh-hans\\\/jurisprudences\\\/cour-superieure-de-justice-10-mars-2026-11\\\/\"]}]},{\"@type\":\"BreadcrumbList\",\"@id\":\"https:\\\/\\\/kohenavocats.com\\\/zh-hans\\\/jurisprudences\\\/cour-superieure-de-justice-10-mars-2026-11\\\/#breadcrumb\",\"itemListElement\":[{\"@type\":\"ListItem\",\"position\":1,\"name\":\"Home\",\"item\":\"https:\\\/\\\/kohenavocats.com\\\/zh-hans\\\/\"},{\"@type\":\"ListItem\",\"position\":2,\"name\":\"Jurisprudences\",\"item\":\"https:\\\/\\\/kohenavocats.com\\\/zh-hans\\\/jurisprudences\\\/\"},{\"@type\":\"ListItem\",\"position\":3,\"name\":\"Cour sup\u00e9rieure de justice, 10 mars 2026\"}]},{\"@type\":\"WebSite\",\"@id\":\"https:\\\/\\\/kohenavocats.com\\\/zh-hans\\\/#website\",\"url\":\"https:\\\/\\\/kohenavocats.com\\\/zh-hans\\\/\",\"name\":\"Kohen Avocats\",\"description\":\"Ma\u00eetre Hassan Kohen, avocat p\u00e9naliste \u00e0 Paris, intervient exclusivement en droit p\u00e9nal pour la d\u00e9fense des particuliers, notamment en mati\u00e8re d\u2019accusations de viol. Il assure un accompagnement rigoureux d\u00e8s la garde \u00e0 vue jusqu\u2019\u00e0 la Cour d\u2019assises, veillant au strict respect des garanties proc\u00e9durales.\",\"publisher\":{\"@id\":\"https:\\\/\\\/kohenavocats.com\\\/zh-hans\\\/#organization\"},\"potentialAction\":[{\"@type\":\"SearchAction\",\"target\":{\"@type\":\"EntryPoint\",\"urlTemplate\":\"https:\\\/\\\/kohenavocats.com\\\/zh-hans\\\/?s={search_term_string}\"},\"query-input\":{\"@type\":\"PropertyValueSpecification\",\"valueRequired\":true,\"valueName\":\"search_term_string\"}}],\"inLanguage\":\"zh-Hans\"},{\"@type\":\"Organization\",\"@id\":\"https:\\\/\\\/kohenavocats.com\\\/zh-hans\\\/#organization\",\"name\":\"Kohen Avocats\",\"url\":\"https:\\\/\\\/kohenavocats.com\\\/zh-hans\\\/\",\"logo\":{\"@type\":\"ImageObject\",\"inLanguage\":\"zh-Hans\",\"@id\":\"https:\\\/\\\/kohenavocats.com\\\/zh-hans\\\/#\\\/schema\\\/logo\\\/image\\\/\",\"url\":\"https:\\\/\\\/kohenavocats.com\\\/wp-content\\\/uploads\\\/2026\\\/01\\\/Logo-2-1.webp\",\"contentUrl\":\"https:\\\/\\\/kohenavocats.com\\\/wp-content\\\/uploads\\\/2026\\\/01\\\/Logo-2-1.webp\",\"width\":2114,\"height\":1253,\"caption\":\"Kohen Avocats\"},\"image\":{\"@id\":\"https:\\\/\\\/kohenavocats.com\\\/zh-hans\\\/#\\\/schema\\\/logo\\\/image\\\/\"}}]}<\/script>\n<!-- \/ Yoast SEO Premium plugin. -->","yoast_head_json":{"title":"Cour sup\u00e9rieure de justice, 10 mars 2026 - Ma\u00eetre Hassan Kohen, avocat en droit p\u00e9nal \u00e0 Paris","robots":{"index":"index","follow":"follow","max-snippet":"max-snippet:-1","max-image-preview":"max-image-preview:large","max-video-preview":"max-video-preview:-1"},"canonical":"https:\/\/kohenavocats.com\/zh-hans\/jurisprudences\/cour-superieure-de-justice-10-mars-2026-11\/","og_locale":"zh_CN","og_type":"article","og_title":"Cour sup\u00e9rieure de justice, 10 mars 2026","og_description":"Arr\u00eat N\u00b015\/26Crim. du10 mars 2026 (Not.25865\/17\/CD) La Cour d'appel du Grand-Duch\u00e9 de Luxembourg, cinqui\u00e8me chambre, si\u00e9geant en mati\u00e8re criminelle, a rendu en son audience publique dudix marsdeux mille vingt-sixl\u2019arr\u00eat qui suit dans la cause e n t r e : leminist\u00e8republic, exer\u00e7ant l'actionpublique pour la\u2026","og_url":"https:\/\/kohenavocats.com\/zh-hans\/jurisprudences\/cour-superieure-de-justice-10-mars-2026-11\/","og_site_name":"Ma\u00eetre Hassan Kohen, avocat en droit p\u00e9nal \u00e0 Paris","article_modified_time":"2026-04-17T14:19:01+00:00","twitter_card":"summary_large_image","twitter_misc":{"\u9884\u8ba1\u9605\u8bfb\u65f6\u95f4":"5 \u5206"},"schema":{"@context":"https:\/\/schema.org","@graph":[{"@type":"WebPage","@id":"https:\/\/kohenavocats.com\/zh-hans\/jurisprudences\/cour-superieure-de-justice-10-mars-2026-11\/","url":"https:\/\/kohenavocats.com\/zh-hans\/jurisprudences\/cour-superieure-de-justice-10-mars-2026-11\/","name":"Cour sup\u00e9rieure de justice, 10 mars 2026 - Ma\u00eetre Hassan Kohen, avocat en droit p\u00e9nal \u00e0 Paris","isPartOf":{"@id":"https:\/\/kohenavocats.com\/zh-hans\/#website"},"datePublished":"2026-04-17T14:18:54+00:00","dateModified":"2026-04-17T14:19:01+00:00","breadcrumb":{"@id":"https:\/\/kohenavocats.com\/zh-hans\/jurisprudences\/cour-superieure-de-justice-10-mars-2026-11\/#breadcrumb"},"inLanguage":"zh-Hans","potentialAction":[{"@type":"ReadAction","target":["https:\/\/kohenavocats.com\/zh-hans\/jurisprudences\/cour-superieure-de-justice-10-mars-2026-11\/"]}]},{"@type":"BreadcrumbList","@id":"https:\/\/kohenavocats.com\/zh-hans\/jurisprudences\/cour-superieure-de-justice-10-mars-2026-11\/#breadcrumb","itemListElement":[{"@type":"ListItem","position":1,"name":"Home","item":"https:\/\/kohenavocats.com\/zh-hans\/"},{"@type":"ListItem","position":2,"name":"Jurisprudences","item":"https:\/\/kohenavocats.com\/zh-hans\/jurisprudences\/"},{"@type":"ListItem","position":3,"name":"Cour sup\u00e9rieure de justice, 10 mars 2026"}]},{"@type":"WebSite","@id":"https:\/\/kohenavocats.com\/zh-hans\/#website","url":"https:\/\/kohenavocats.com\/zh-hans\/","name":"Kohen Avocats","description":"Ma\u00eetre Hassan Kohen, avocat p\u00e9naliste \u00e0 Paris, intervient exclusivement en droit p\u00e9nal pour la d\u00e9fense des particuliers, notamment en mati\u00e8re d\u2019accusations de viol. Il assure un accompagnement rigoureux d\u00e8s la garde \u00e0 vue jusqu\u2019\u00e0 la Cour d\u2019assises, veillant au strict respect des garanties proc\u00e9durales.","publisher":{"@id":"https:\/\/kohenavocats.com\/zh-hans\/#organization"},"potentialAction":[{"@type":"SearchAction","target":{"@type":"EntryPoint","urlTemplate":"https:\/\/kohenavocats.com\/zh-hans\/?s={search_term_string}"},"query-input":{"@type":"PropertyValueSpecification","valueRequired":true,"valueName":"search_term_string"}}],"inLanguage":"zh-Hans"},{"@type":"Organization","@id":"https:\/\/kohenavocats.com\/zh-hans\/#organization","name":"Kohen Avocats","url":"https:\/\/kohenavocats.com\/zh-hans\/","logo":{"@type":"ImageObject","inLanguage":"zh-Hans","@id":"https:\/\/kohenavocats.com\/zh-hans\/#\/schema\/logo\/image\/","url":"https:\/\/kohenavocats.com\/wp-content\/uploads\/2026\/01\/Logo-2-1.webp","contentUrl":"https:\/\/kohenavocats.com\/wp-content\/uploads\/2026\/01\/Logo-2-1.webp","width":2114,"height":1253,"caption":"Kohen Avocats"},"image":{"@id":"https:\/\/kohenavocats.com\/zh-hans\/#\/schema\/logo\/image\/"}}]}},"jetpack_likes_enabled":false,"jetpack_sharing_enabled":true,"_links":{"self":[{"href":"https:\/\/kohenavocats.com\/zh-hans\/wp-json\/wp\/v2\/kji_decision\/587082","targetHints":{"allow":["GET"]}}],"collection":[{"href":"https:\/\/kohenavocats.com\/zh-hans\/wp-json\/wp\/v2\/kji_decision"}],"about":[{"href":"https:\/\/kohenavocats.com\/zh-hans\/wp-json\/wp\/v2\/types\/kji_decision"}],"wp:attachment":[{"href":"https:\/\/kohenavocats.com\/zh-hans\/wp-json\/wp\/v2\/media?parent=587082"}],"wp:term":[{"taxonomy":"kji_country","embeddable":true,"href":"https:\/\/kohenavocats.com\/zh-hans\/wp-json\/wp\/v2\/kji_country?post=587082"},{"taxonomy":"kji_court","embeddable":true,"href":"https:\/\/kohenavocats.com\/zh-hans\/wp-json\/wp\/v2\/kji_court?post=587082"},{"taxonomy":"kji_chamber","embeddable":true,"href":"https:\/\/kohenavocats.com\/zh-hans\/wp-json\/wp\/v2\/kji_chamber?post=587082"},{"taxonomy":"kji_year","embeddable":true,"href":"https:\/\/kohenavocats.com\/zh-hans\/wp-json\/wp\/v2\/kji_year?post=587082"},{"taxonomy":"kji_subject","embeddable":true,"href":"https:\/\/kohenavocats.com\/zh-hans\/wp-json\/wp\/v2\/kji_subject?post=587082"},{"taxonomy":"kji_keyword","embeddable":true,"href":"https:\/\/kohenavocats.com\/zh-hans\/wp-json\/wp\/v2\/kji_keyword?post=587082"},{"taxonomy":"kji_language","embeddable":true,"href":"https:\/\/kohenavocats.com\/zh-hans\/wp-json\/wp\/v2\/kji_language?post=587082"}],"curies":[{"name":"wp","href":"https:\/\/api.w.org\/{rel}","templated":true}]}}