{"id":587623,"date":"2026-04-17T17:24:32","date_gmt":"2026-04-17T15:24:32","guid":{"rendered":"https:\/\/kohenavocats.com\/jurisprudences\/cour-superieure-de-justice-3-mars-2025-6\/"},"modified":"2026-04-17T17:24:37","modified_gmt":"2026-04-17T15:24:37","slug":"cour-superieure-de-justice-3-mars-2025-6","status":"publish","type":"kji_decision","link":"https:\/\/kohenavocats.com\/zh-hans\/jurisprudences\/cour-superieure-de-justice-3-mars-2025-6\/","title":{"rendered":"Cour sup\u00e9rieure de justice, 3 mars 2025"},"content":{"rendered":"<div class=\"kji-decision\">\n<div class=\"kji-full-text\">\n<p>Arr\u00eat N\u00b093\/25VI. du3 mars2025 (Not.15989\/23\/CC) La Cour d&#039;appel du Grand-Duch\u00e9 de Luxembourg, sixi\u00e8me chambre, si\u00e9geant en mati\u00e8re correctionnelle, a rendu en son audience publique dutrois marsdeux mille vingt-cinq, l\u2019arr\u00eat qui suit, dans la cause e n t r e : leminist\u00e8re public, exer\u00e7ant l&#039;action publique pour la r\u00e9pression des crimes et d\u00e9lits, e t : D\u00e9faut PERSONNE1.), n\u00e9 leDATE1.)\u00e0ADRESSE1.),demeurant \u00e0ADRESSE2.), pr\u00e9venu,appelant. __________________________________________________________________ F A I T S: Les faits et r\u00e9troactes de l&#039;affaire r\u00e9sultent \u00e0 suffisance de droit d&#039;une ordonnance p\u00e9nale rendue le20 septembre 2023sous le num\u00e9ro708\/23par une chambre correctionnelle du tribunal d&#039;arrondissement de et \u00e0 Luxembourg, si\u00e9geant en chambre du conseil, qui est con\u00e7ue comme suit:<\/p>\n<p>2 De cette ordonnance p\u00e9nale, appel fut relev\u00e9 le7novembre2024 au greffe du tribunal d\u2019arrondissement de Luxembourg par le pr\u00e9venuPERSONNE1.). En vertu de cet appel et par citation du19novembre2024, le pr\u00e9venuPERSONNE1.) fut r\u00e9guli\u00e8rement requisdecompara\u00eetre \u00e0 l\u2019audience publique du17f\u00e9vrier2025 devant la Cour d&#039;appel de Luxembourg, sixi\u00e8me chambre, si\u00e9geant en mati\u00e8re correctionnelle, pour y entendre statuer sur le m\u00e9rite de l\u2019appel interjet\u00e9. A cette audience, le pr\u00e9venuPERSONNE1.),bien que r\u00e9guli\u00e8rement convoqu\u00e9, n\u2019a comparu ni personnellement, ni par mandataire charg\u00e9 de le repr\u00e9senter. Madamel\u2019avocat g\u00e9n\u00e9ralAnita LECUIT,assumant les fonctions de minist\u00e8re public, fut entendueen son r\u00e9quisitoire. L A C O U R prit l\u2019affaire en d\u00e9lib\u00e9r\u00e9 et rendit \u00e0 l\u2019audience publique du3 mars2025, \u00e0 laquelle le prononc\u00e9 avait \u00e9t\u00e9 fix\u00e9, l\u2019arr\u00eatqui suit: Par courriel du 7 novembre 2024 adress\u00e9 au greffe du tribunal d\u2019arrondissement de et \u00e0 Luxembourg,PERSONNE1.)a relev\u00e9 appel de l\u2019ordonnance p\u00e9nale n\u00b0 708\/23 rendue le 20 septembre 2023 par le tribunal correctionnel, statuant en chambre du conseil et en composition de juge unique. La d\u00e9cision attaqu\u00e9e est reproduite aux qualit\u00e9s du pr\u00e9sent arr\u00eat. Par l\u2019ordonnance p\u00e9nale d\u00e9f\u00e9r\u00e9e,PERSONNE1.)a \u00e9t\u00e9 condamn\u00e9 \u00e0 une amende de 750 euros et \u00e0 une interdiction de conduire de neuf mois, assortie quant \u00e0 son ex\u00e9cution du sursis int\u00e9gral pour,le 18 d\u00e9cembre 2022, vers 2.28 heures, sur l\u2019A 13 en direction deADRESSE3.), en tant que conducteur d\u2019un v\u00e9hicule automoteur sur la voie publique, avoir circul\u00e9 \u00e0 une vitesse de 138 km\/h alors que la vitesse \u00e9tait limit\u00e9e \u00e0 90 km\/h, et ce alors que le pr\u00e9venu s\u2019\u00e9tait en date du 18 mai 2021 acquitt\u00e9 d\u2019un avertissement tax\u00e9 encouru du chef d\u2019une contravention grave en mati\u00e8re de d\u00e9passement de la limitation r\u00e9glementaire de la vitesse commise par lui en date du 28 avril 2021. A l\u2019audience publique de la Cour d\u2019appel du 17 f\u00e9vrier 2025,PERSONNE1.)n\u2019a comparu ni en personne ni par avocat. Dans la mesure o\u00f9 il ressort \u00e0 suffisance du dossierqu\u2019il n\u2019a pas de domicile \u00e9lu de fa\u00e7on officielle etqu\u2019il a \u00e9t\u00e9 r\u00e9guli\u00e8rement convoqu\u00e9 \u00e0 cette audience, notamment conform\u00e9ment \u00e0 l\u2019article 389 du Code de proc\u00e9dure p\u00e9nale, il y a lieu de statuer par d\u00e9faut \u00e0 son \u00e9gard. A cette m\u00eame audience, le repr\u00e9sentant du minist\u00e8re public a conclu principalement \u00e0 l\u2019irrecevabilit\u00e9 de l\u2019appel interjet\u00e9 le 7 novembre 2024 contre l\u2019ordonnance p\u00e9nale prononc\u00e9e le 20 septembre 2023 et notifi\u00e9e au pr\u00e9venu le 15 juillet 2024 sinon \u00e0 la confirmation de l\u2019ordonnance p\u00e9nale d\u00e9f\u00e9r\u00e9e. Appr\u00e9ciation de la Cour d\u2019appel L\u2019article 203 du Code de proc\u00e9dure p\u00e9nale dispose que le d\u00e9lai d\u2019appel est de quarante jours et que ce d\u00e9laicourt \u00e0 partir de sa signification ou de sa notification \u00e0 personne, \u00e0 domicile, au domicile \u00e9lu, \u00e0 r\u00e9sidence ou au lieu de travail.<\/p>\n<p>3 Par ailleurs, l\u2019article 388 du Code proc\u00e9dure p\u00e9nale dispose que, dans tous les cas, la notification est faite le dixi\u00e8me jour du d\u00e9p\u00f4t de l\u2019avis par le facteur des postes. En l\u2019occurrence, la notification de l\u2019ordonnance p\u00e9nale a \u00e9t\u00e9 faite le 15 juillet 2024 \u00e0 l\u2019adresse enADRESSE4.), le bureau de poste \u00e0ADRESSE5.)ayant indiqu\u00e9 \u00abAvis d\u00e9pos\u00e9 le 15.07.24\u00bb. D\u00e8s lors, et \u00e0 d\u00e9faut d\u2019\u00e9l\u00e9ments dans le dossier de nature \u00e0 \u00e9tablir que le 15 juillet 2024PERSONNE1.)n\u2019\u00e9tait plus d\u00e9clar\u00e9 officiellement \u00e0 cette adresse, l\u2019appel interjet\u00e9 le 7 novembre 2024 par ce dernier est tardif et partant irrecevable. P A R C E S M O T I F S , la Cour d\u2019appel, sixi\u00e8me chambre, si\u00e9geant en mati\u00e8re correctionnelle, statuant par d\u00e9faut \u00e0 l\u2019\u00e9gard du pr\u00e9venu, le repr\u00e9sentant du minist\u00e8re public entendu en son r\u00e9quisitoire, d\u00e9clarel\u2019appel dePERSONNE1.)irrecevable; condamnePERSONNE1.)aux frais de sa poursuite en instance d\u2019appel, liquid\u00e9s \u00e0 8,80euros. Par application des textes de loi renseign\u00e9s dans l\u2019ordonnance p\u00e9nale du 20 septembre 2023, ainsi que des articles 185, 199, 202, 203, 209, 211 et 389 du Code de proc\u00e9dure p\u00e9nale. Ainsi fait et jug\u00e9 par la Cour d\u2019appel du Grand-Duch\u00e9 de Luxembourg, sixi\u00e8me chambre, \u00e0 la Cit\u00e9 Judiciaire, B\u00e2timent CR, Plateau du St. Esprit, date qu\u2019en t\u00eate par Madame Marie MACKEL, pr\u00e9sident de chambre, Madame Caroline ENGEL, conseiller et Madame Marie-Anne MEYERS, conseiller, et sign\u00e9, \u00e0 l\u2019exception du repr\u00e9sentant duminist\u00e8republic, par Madame Marie MACKEL, pr\u00e9sident de chambre, Madame Caroline ENGEL, conseiller, et Madame Pascale BIRDEN, greffier, avec la mention, conform\u00e9ment \u00e0 l\u2019article 83 de la loi modifi\u00e9e du 7 mars 1980 sur l\u2019organisation judiciaire, queMadame Marie-Anne MEYERS, conseiller, se trouve \u00e0 la date de la signature du pr\u00e9sent arr\u00eat dans l\u2019impossibilit\u00e9 de le signer. La lecture de l&#039;arr\u00eat a \u00e9t\u00e9 faite en audience publique \u00e0 la Cit\u00e9 Judiciaire, B\u00e2timent CR, Plateau du St. Esprit, par Madame Marie MACKEL, pr\u00e9sident de chambre, en pr\u00e9sence deMonsieur Marc SCHILTZ,premieravocat g\u00e9n\u00e9ral, et de Madame Pascale BIRDEN, greffier.<\/p>\n<\/div>\n<hr class=\"kji-sep\" \/>\n<p class=\"kji-source-links\"><strong>Sources officielles :<\/strong> <a class=\"kji-source-link\" href=\"https:\/\/data.public.lu\/fr\/datasets\/cour-superieure-de-justice-chambre-6\/\" target=\"_blank\" rel=\"noopener noreferrer\">consulter la page source<\/a> &middot; <a class=\"kji-pdf-link\" href=\"https:\/\/download.data.public.lu\/resources\/cour-superieure-de-justice-chambre-6\/20251103-000259\/20250303-ca6-93-pseudonymise-accessible.pdf\" target=\"_blank\" rel=\"noopener noreferrer\">PDF officiel<\/a><\/p>\n<p class=\"kji-license-note\"><em>Licence CC BY-ND 4.0 (Administration judiciaire, data.public.lu). Republication autorisee avec attribution, sans modification editoriale du texte integral.<\/em><\/p>\n<\/div>\n","protected":false},"excerpt":{"rendered":"<p>Arr\u00eat N\u00b093\/25VI. du3 mars2025 (Not.15989\/23\/CC) La Cour d&#8217;appel du Grand-Duch\u00e9 de Luxembourg, sixi\u00e8me chambre, si\u00e9geant en mati\u00e8re correctionnelle, a rendu en son audience publique dutrois marsdeux mille vingt-cinq, l\u2019arr\u00eat qui suit, dans la cause e n t r e : leminist\u00e8re public, exer\u00e7ant l&#8217;action publique\u2026<\/p>\n","protected":false},"featured_media":0,"template":"","meta":{"_crdt_document":""},"kji_country":[8418],"kji_court":[12305],"kji_chamber":[20373],"kji_year":[8463],"kji_subject":[7724],"kji_keyword":[8683,9055,12307],"kji_language":[7733],"class_list":["post-587623","kji_decision","type-kji_decision","status-publish","hentry","kji_country-luxembourg","kji_court-cour-superieure-de-justice","kji_chamber-chambre-6","kji_year-8463","kji_subject-civil","kji_keyword-arret","kji_keyword-justice","kji_keyword-superieure","kji_language-francais"],"yoast_head":"<!-- This site is optimized with the Yoast SEO Premium plugin v27.5 (Yoast SEO v27.5) - https:\/\/yoast.com\/product\/yoast-seo-premium-wordpress\/ -->\n<title>Cour sup\u00e9rieure de justice, 3 mars 2025 - Ma\u00eetre Hassan Kohen, avocat en droit p\u00e9nal \u00e0 Paris<\/title>\n<meta name=\"robots\" content=\"index, follow, max-snippet:-1, max-image-preview:large, max-video-preview:-1\" \/>\n<link rel=\"canonical\" href=\"https:\/\/kohenavocats.com\/zh-hans\/jurisprudences\/cour-superieure-de-justice-3-mars-2025-6\/\" \/>\n<meta property=\"og:locale\" content=\"zh_CN\" \/>\n<meta property=\"og:type\" content=\"article\" \/>\n<meta property=\"og:title\" content=\"Cour sup\u00e9rieure de justice, 3 mars 2025\" \/>\n<meta property=\"og:description\" content=\"Arr\u00eat N\u00b093\/25VI. du3 mars2025 (Not.15989\/23\/CC) La Cour d&#039;appel du Grand-Duch\u00e9 de Luxembourg, sixi\u00e8me chambre, si\u00e9geant en mati\u00e8re correctionnelle, a rendu en son audience publique dutrois marsdeux mille vingt-cinq, l\u2019arr\u00eat qui suit, dans la cause e n t r e : leminist\u00e8re public, exer\u00e7ant l&#039;action publique\u2026\" \/>\n<meta property=\"og:url\" content=\"https:\/\/kohenavocats.com\/zh-hans\/jurisprudences\/cour-superieure-de-justice-3-mars-2025-6\/\" \/>\n<meta property=\"og:site_name\" content=\"Ma\u00eetre Hassan Kohen, avocat en droit p\u00e9nal \u00e0 Paris\" \/>\n<meta property=\"article:modified_time\" content=\"2026-04-17T15:24:37+00:00\" \/>\n<meta name=\"twitter:card\" content=\"summary_large_image\" \/>\n<meta name=\"twitter:label1\" content=\"\u9884\u8ba1\u9605\u8bfb\u65f6\u95f4\" \/>\n\t<meta name=\"twitter:data1\" content=\"5 \u5206\" \/>\n<script type=\"application\/ld+json\" class=\"yoast-schema-graph\">{\"@context\":\"https:\\\/\\\/schema.org\",\"@graph\":[{\"@type\":\"WebPage\",\"@id\":\"https:\\\/\\\/kohenavocats.com\\\/zh-hans\\\/jurisprudences\\\/cour-superieure-de-justice-3-mars-2025-6\\\/\",\"url\":\"https:\\\/\\\/kohenavocats.com\\\/zh-hans\\\/jurisprudences\\\/cour-superieure-de-justice-3-mars-2025-6\\\/\",\"name\":\"Cour sup\u00e9rieure de justice, 3 mars 2025 - Ma\u00eetre Hassan Kohen, avocat en droit p\u00e9nal \u00e0 Paris\",\"isPartOf\":{\"@id\":\"https:\\\/\\\/kohenavocats.com\\\/zh-hans\\\/#website\"},\"datePublished\":\"2026-04-17T15:24:32+00:00\",\"dateModified\":\"2026-04-17T15:24:37+00:00\",\"breadcrumb\":{\"@id\":\"https:\\\/\\\/kohenavocats.com\\\/zh-hans\\\/jurisprudences\\\/cour-superieure-de-justice-3-mars-2025-6\\\/#breadcrumb\"},\"inLanguage\":\"zh-Hans\",\"potentialAction\":[{\"@type\":\"ReadAction\",\"target\":[\"https:\\\/\\\/kohenavocats.com\\\/zh-hans\\\/jurisprudences\\\/cour-superieure-de-justice-3-mars-2025-6\\\/\"]}]},{\"@type\":\"BreadcrumbList\",\"@id\":\"https:\\\/\\\/kohenavocats.com\\\/zh-hans\\\/jurisprudences\\\/cour-superieure-de-justice-3-mars-2025-6\\\/#breadcrumb\",\"itemListElement\":[{\"@type\":\"ListItem\",\"position\":1,\"name\":\"Home\",\"item\":\"https:\\\/\\\/kohenavocats.com\\\/zh-hans\\\/\"},{\"@type\":\"ListItem\",\"position\":2,\"name\":\"Jurisprudences\",\"item\":\"https:\\\/\\\/kohenavocats.com\\\/zh-hans\\\/jurisprudences\\\/\"},{\"@type\":\"ListItem\",\"position\":3,\"name\":\"Cour sup\u00e9rieure de justice, 3 mars 2025\"}]},{\"@type\":\"WebSite\",\"@id\":\"https:\\\/\\\/kohenavocats.com\\\/zh-hans\\\/#website\",\"url\":\"https:\\\/\\\/kohenavocats.com\\\/zh-hans\\\/\",\"name\":\"Kohen Avocats\",\"description\":\"Ma\u00eetre Hassan Kohen, avocat p\u00e9naliste \u00e0 Paris, intervient exclusivement en droit p\u00e9nal pour la d\u00e9fense des particuliers, notamment en mati\u00e8re d\u2019accusations de viol. Il assure un accompagnement rigoureux d\u00e8s la garde \u00e0 vue jusqu\u2019\u00e0 la Cour d\u2019assises, veillant au strict respect des garanties proc\u00e9durales.\",\"publisher\":{\"@id\":\"https:\\\/\\\/kohenavocats.com\\\/zh-hans\\\/#organization\"},\"potentialAction\":[{\"@type\":\"SearchAction\",\"target\":{\"@type\":\"EntryPoint\",\"urlTemplate\":\"https:\\\/\\\/kohenavocats.com\\\/zh-hans\\\/?s={search_term_string}\"},\"query-input\":{\"@type\":\"PropertyValueSpecification\",\"valueRequired\":true,\"valueName\":\"search_term_string\"}}],\"inLanguage\":\"zh-Hans\"},{\"@type\":\"Organization\",\"@id\":\"https:\\\/\\\/kohenavocats.com\\\/zh-hans\\\/#organization\",\"name\":\"Kohen Avocats\",\"url\":\"https:\\\/\\\/kohenavocats.com\\\/zh-hans\\\/\",\"logo\":{\"@type\":\"ImageObject\",\"inLanguage\":\"zh-Hans\",\"@id\":\"https:\\\/\\\/kohenavocats.com\\\/zh-hans\\\/#\\\/schema\\\/logo\\\/image\\\/\",\"url\":\"https:\\\/\\\/kohenavocats.com\\\/wp-content\\\/uploads\\\/2026\\\/01\\\/Logo-2-1.webp\",\"contentUrl\":\"https:\\\/\\\/kohenavocats.com\\\/wp-content\\\/uploads\\\/2026\\\/01\\\/Logo-2-1.webp\",\"width\":2114,\"height\":1253,\"caption\":\"Kohen Avocats\"},\"image\":{\"@id\":\"https:\\\/\\\/kohenavocats.com\\\/zh-hans\\\/#\\\/schema\\\/logo\\\/image\\\/\"}}]}<\/script>\n<!-- \/ Yoast SEO Premium plugin. -->","yoast_head_json":{"title":"Cour sup\u00e9rieure de justice, 3 mars 2025 - Ma\u00eetre Hassan Kohen, avocat en droit p\u00e9nal \u00e0 Paris","robots":{"index":"index","follow":"follow","max-snippet":"max-snippet:-1","max-image-preview":"max-image-preview:large","max-video-preview":"max-video-preview:-1"},"canonical":"https:\/\/kohenavocats.com\/zh-hans\/jurisprudences\/cour-superieure-de-justice-3-mars-2025-6\/","og_locale":"zh_CN","og_type":"article","og_title":"Cour sup\u00e9rieure de justice, 3 mars 2025","og_description":"Arr\u00eat N\u00b093\/25VI. du3 mars2025 (Not.15989\/23\/CC) La Cour d'appel du Grand-Duch\u00e9 de Luxembourg, sixi\u00e8me chambre, si\u00e9geant en mati\u00e8re correctionnelle, a rendu en son audience publique dutrois marsdeux mille vingt-cinq, l\u2019arr\u00eat qui suit, dans la cause e n t r e : leminist\u00e8re public, exer\u00e7ant l'action publique\u2026","og_url":"https:\/\/kohenavocats.com\/zh-hans\/jurisprudences\/cour-superieure-de-justice-3-mars-2025-6\/","og_site_name":"Ma\u00eetre Hassan Kohen, avocat en droit p\u00e9nal \u00e0 Paris","article_modified_time":"2026-04-17T15:24:37+00:00","twitter_card":"summary_large_image","twitter_misc":{"\u9884\u8ba1\u9605\u8bfb\u65f6\u95f4":"5 \u5206"},"schema":{"@context":"https:\/\/schema.org","@graph":[{"@type":"WebPage","@id":"https:\/\/kohenavocats.com\/zh-hans\/jurisprudences\/cour-superieure-de-justice-3-mars-2025-6\/","url":"https:\/\/kohenavocats.com\/zh-hans\/jurisprudences\/cour-superieure-de-justice-3-mars-2025-6\/","name":"Cour sup\u00e9rieure de justice, 3 mars 2025 - Ma\u00eetre Hassan Kohen, avocat en droit p\u00e9nal \u00e0 Paris","isPartOf":{"@id":"https:\/\/kohenavocats.com\/zh-hans\/#website"},"datePublished":"2026-04-17T15:24:32+00:00","dateModified":"2026-04-17T15:24:37+00:00","breadcrumb":{"@id":"https:\/\/kohenavocats.com\/zh-hans\/jurisprudences\/cour-superieure-de-justice-3-mars-2025-6\/#breadcrumb"},"inLanguage":"zh-Hans","potentialAction":[{"@type":"ReadAction","target":["https:\/\/kohenavocats.com\/zh-hans\/jurisprudences\/cour-superieure-de-justice-3-mars-2025-6\/"]}]},{"@type":"BreadcrumbList","@id":"https:\/\/kohenavocats.com\/zh-hans\/jurisprudences\/cour-superieure-de-justice-3-mars-2025-6\/#breadcrumb","itemListElement":[{"@type":"ListItem","position":1,"name":"Home","item":"https:\/\/kohenavocats.com\/zh-hans\/"},{"@type":"ListItem","position":2,"name":"Jurisprudences","item":"https:\/\/kohenavocats.com\/zh-hans\/jurisprudences\/"},{"@type":"ListItem","position":3,"name":"Cour sup\u00e9rieure de justice, 3 mars 2025"}]},{"@type":"WebSite","@id":"https:\/\/kohenavocats.com\/zh-hans\/#website","url":"https:\/\/kohenavocats.com\/zh-hans\/","name":"Kohen Avocats","description":"Ma\u00eetre Hassan Kohen, avocat p\u00e9naliste \u00e0 Paris, intervient exclusivement en droit p\u00e9nal pour la d\u00e9fense des particuliers, notamment en mati\u00e8re d\u2019accusations de viol. Il assure un accompagnement rigoureux d\u00e8s la garde \u00e0 vue jusqu\u2019\u00e0 la Cour d\u2019assises, veillant au strict respect des garanties proc\u00e9durales.","publisher":{"@id":"https:\/\/kohenavocats.com\/zh-hans\/#organization"},"potentialAction":[{"@type":"SearchAction","target":{"@type":"EntryPoint","urlTemplate":"https:\/\/kohenavocats.com\/zh-hans\/?s={search_term_string}"},"query-input":{"@type":"PropertyValueSpecification","valueRequired":true,"valueName":"search_term_string"}}],"inLanguage":"zh-Hans"},{"@type":"Organization","@id":"https:\/\/kohenavocats.com\/zh-hans\/#organization","name":"Kohen Avocats","url":"https:\/\/kohenavocats.com\/zh-hans\/","logo":{"@type":"ImageObject","inLanguage":"zh-Hans","@id":"https:\/\/kohenavocats.com\/zh-hans\/#\/schema\/logo\/image\/","url":"https:\/\/kohenavocats.com\/wp-content\/uploads\/2026\/01\/Logo-2-1.webp","contentUrl":"https:\/\/kohenavocats.com\/wp-content\/uploads\/2026\/01\/Logo-2-1.webp","width":2114,"height":1253,"caption":"Kohen Avocats"},"image":{"@id":"https:\/\/kohenavocats.com\/zh-hans\/#\/schema\/logo\/image\/"}}]}},"jetpack_likes_enabled":false,"jetpack_sharing_enabled":true,"_links":{"self":[{"href":"https:\/\/kohenavocats.com\/zh-hans\/wp-json\/wp\/v2\/kji_decision\/587623","targetHints":{"allow":["GET"]}}],"collection":[{"href":"https:\/\/kohenavocats.com\/zh-hans\/wp-json\/wp\/v2\/kji_decision"}],"about":[{"href":"https:\/\/kohenavocats.com\/zh-hans\/wp-json\/wp\/v2\/types\/kji_decision"}],"wp:attachment":[{"href":"https:\/\/kohenavocats.com\/zh-hans\/wp-json\/wp\/v2\/media?parent=587623"}],"wp:term":[{"taxonomy":"kji_country","embeddable":true,"href":"https:\/\/kohenavocats.com\/zh-hans\/wp-json\/wp\/v2\/kji_country?post=587623"},{"taxonomy":"kji_court","embeddable":true,"href":"https:\/\/kohenavocats.com\/zh-hans\/wp-json\/wp\/v2\/kji_court?post=587623"},{"taxonomy":"kji_chamber","embeddable":true,"href":"https:\/\/kohenavocats.com\/zh-hans\/wp-json\/wp\/v2\/kji_chamber?post=587623"},{"taxonomy":"kji_year","embeddable":true,"href":"https:\/\/kohenavocats.com\/zh-hans\/wp-json\/wp\/v2\/kji_year?post=587623"},{"taxonomy":"kji_subject","embeddable":true,"href":"https:\/\/kohenavocats.com\/zh-hans\/wp-json\/wp\/v2\/kji_subject?post=587623"},{"taxonomy":"kji_keyword","embeddable":true,"href":"https:\/\/kohenavocats.com\/zh-hans\/wp-json\/wp\/v2\/kji_keyword?post=587623"},{"taxonomy":"kji_language","embeddable":true,"href":"https:\/\/kohenavocats.com\/zh-hans\/wp-json\/wp\/v2\/kji_language?post=587623"}],"curies":[{"name":"wp","href":"https:\/\/api.w.org\/{rel}","templated":true}]}}