{"id":588155,"date":"2026-04-17T19:19:54","date_gmt":"2026-04-17T17:19:54","guid":{"rendered":"https:\/\/kohenavocats.com\/jurisprudences\/cour-superieure-de-justice-25-mars-2026-n-2023-00333\/"},"modified":"2026-04-17T19:19:57","modified_gmt":"2026-04-17T17:19:57","slug":"cour-superieure-de-justice-25-mars-2026-n-2023-00333","status":"publish","type":"kji_decision","link":"https:\/\/kohenavocats.com\/zh-hans\/jurisprudences\/cour-superieure-de-justice-25-mars-2026-n-2023-00333\/","title":{"rendered":"Cour sup\u00e9rieure de justice, 25 mars 2026, n\u00b0 2023-00333"},"content":{"rendered":"<div class=\"kji-decision\">\n<div class=\"kji-full-text\">\n<p>Arr\u00eat N\u00b040\/26\u2013VII\u2013CIV Audience publique duvingt-cinq marsdeux mille vingt-six Num\u00e9ro CAL-2023-00333du r\u00f4le. Composition: Mich\u00e8le RAUS, pr\u00e9sident de chambre ; Jo\u00eblle GEHLEN, premier conseiller ; Daniel LINDEN, conseiller ; Myriam LOEWEN, greffier. E n t r e : PERSONNE1.),demeurant \u00e0 L-ADRESSE1.), partieappelanteaux termes d\u2019un exploitde l\u2019huissier de justice suppl\u00e9ant Christine KOVELTER, en remplacement de l\u2019huissier de justiceCarlos CALVOde Luxembourg, du23 mars 2023, comparant par Ma\u00eetreHenry DE RON, avocat \u00e0 la Cour, demeurant \u00e0L-2361 Strassen, 7, rue des Primeurs, liquidateur de l\u2019\u00e9tude Gaston VOGEL (anc. VOGEL AVOCAT S.\u00e0r.l.), une soci\u00e9t\u00e9 \u00e0 responsabilit\u00e9 limit\u00e9e de droit luxembourgeois en liquidation volontaire, \u00e9tablie et ayant son si\u00e8ge social \u00e0 L-1628 Luxembourg, 45, rue des Glacis, immatricul\u00e9e au Registre de commerce et des soci\u00e9t\u00e9s de Luxembourg sous le num\u00e9ro B 236549, repr\u00e9sent\u00e9e par son liquidateur en fonction, e t : 1)la soci\u00e9t\u00e9 \u00e0 responsabilit\u00e9 limit\u00e9eSOCIETE1.)S.\u00e0r.l.,en faillite, ayant euson si\u00e8ge social \u00e0 L-ADRESSE2.), immatricul\u00e9e au Registre de<\/p>\n<p>2 commerceet des soci\u00e9t\u00e9s de Luxembourg sous le num\u00e9roNUMERO1.), repr\u00e9sent\u00e9e par soncurateuractuellement en fonctions, 2)leSOCIETE2.),sise \u00e0 L-ADRESSE3.), inscrit au cadastre sous le n\u00b0 NUMERO2.), lieu-dit \u00abADRESSE4.)\u00bb, repr\u00e9sent\u00e9 par son syndic actuellement en fonctions, la soci\u00e9t\u00e9 \u00e0 responsabilit\u00e9 limit\u00e9eSOCIETE1.) S.\u00e0r.l.,en faillite, ayant euson si\u00e8ge social \u00e0 L-ADRESSE2.), immatricul\u00e9e au Registre de commerce et des soci\u00e9t\u00e9s de Luxembourg sous le num\u00e9ro NUMERO1.), partiesintim\u00e9esaux fins du susdit exploitKOVELTERdu23 mars 2023, comparant parMa\u00eetreR\u00e9gis SANTINI, avocat\u00e0 la Cour, demeurant \u00e0Esch-sur- Alzette. _______________________________________________________________ LA COUR D\u2019APPEL: Par jugement du 15f\u00e9vrier2023, leTribunal d\u2019arrondissement de et \u00e0 Luxembourg, si\u00e9geant en mati\u00e8re civile, statuant contradictoirement, a: -ditla demande en d\u00e9molition et partant de remise en \u00e9tat dirig\u00e9e par PERSONNE1.)contre la soci\u00e9t\u00e9 \u00e0 responsabilit\u00e9 limit\u00e9eSOCIETE1.)S.\u00e0r.l. non fond\u00e9e, -dit la demande dirig\u00e9e parPERSONNE1.)contre leSOCIETE2.), repr\u00e9sent\u00e9 par son syndic, la soci\u00e9t\u00e9 \u00e0 responsabilit\u00e9 limit\u00e9eSOCIETE1.)S.\u00e0r.l. recevable, -la dit non fond\u00e9e, -dit la demande reconventionnelle dirig\u00e9e par la soci\u00e9t\u00e9 \u00e0 responsabilit\u00e9 limit\u00e9eSOCIETE1.)S.\u00e0r.l.contrePERSONNE1.)recevable, -la dit non fond\u00e9e, -d\u00e9boutePERSONNE1.), d\u2019une part, la soci\u00e9t\u00e9 \u00e0 responsabilit\u00e9 limit\u00e9e SOCIETE1.)S.\u00e0r.l., d\u2019autre part, et leSOCIETE2.), repr\u00e9sent\u00e9 par son syndic, la soci\u00e9t\u00e9 \u00e0 responsabilit\u00e9 limit\u00e9eSOCIETE1.)S.\u00e0r.l., d\u2019autre part encore, de leurs demandes respectives en obtention d\u2019une indemnit\u00e9 sur base de l\u2019article 240 du Nouveau Code de proc\u00e9dure civile, -condamnePERSONNE1.)aux d\u00e9pens de l\u2019instance, avec distraction au profit de Ma\u00eetre R\u00e9gis SANTINI, -dit qu\u2019il n\u2019y a pas lieu \u00e0 ex\u00e9cution provisoire du pr\u00e9sent jugement. Par acte d\u2019huissier de justice du 23 mars 2023,PERSONNE1.)a interjet\u00e9 appel de ce jugement. Par acte d\u2019avocat \u00e0 avocat du 4 septembre 2025intitul\u00e9 \u00abd\u00e9sistement d\u2019instance et d\u2019action\u00bb,PERSONNE1.)a notifi\u00e9 \u00e0 Ma\u00eetre R\u00e9gis SANTINI, avocat \u00e0 la Cour,<\/p>\n<p>3 constitu\u00e9 pour lasoci\u00e9t\u00e9SOCIETE1.)S.\u00e0r.l.et leSOCIETE2.)qu\u2019il se d\u00e9siste purement et simplement de l\u2019instance introduite par l\u2019exploit del\u2019huissier de justice suppl\u00e9ant Christine KOVELTER, en remplacement de l\u2019huissier de justice Carlos CALVO du 23 mars 2023pendanteactuellementdevant la 7 \u00e8me chambre de la Cour d\u2019appel de et \u00e0 Luxembourg sous le num\u00e9ro de r\u00f4leCAL-2023-00333. Malgr\u00e9 l\u2019intitul\u00e9 de l\u2019acte, il r\u00e9sulte de ce qui pr\u00e9c\u00e8de quePERSONNE1.) entend se d\u00e9sister de l\u2019instance d\u2019appel. Ce d\u00e9sistement a \u00e9t\u00e9 sign\u00e9 parPERSONNE1.)avec la mention manuscrite \u00abBon pour d\u00e9sistement d\u2019instance et d\u2019action\u00bb et a \u00e9t\u00e9 accept\u00e9 par Ma\u00eetre R\u00e9gis SANTINI, avocat \u00e0 la Cour, constitu\u00e9 pourla soci\u00e9t\u00e9SOCIETE1.)S.\u00e0r.l.et le SOCIETE2.),parla mention\u00abBon pourd\u00e9sistement d\u2019instance et d\u2019action\u00bb. Par application des articles 545 et 546 du Nouveau Code de proc\u00e9dure civile, il convient de faire droit \u00e0 la demande de d\u00e9sistement d\u2019instance et de d\u00e9clarer \u00e9teinte l\u2019instance d\u2019appel introduite par exploit d\u2019huissier du23 mars 2023. Le d\u00e9sistement emporte obligation de supporter les frais et d\u00e9pens \u00e0 charge de la partie qui se d\u00e9siste. PAR CES MOTIFS: laCour d\u2019appel, septi\u00e8me chambre, si\u00e9geant en mati\u00e8re civile, statuant contradictoirement, donne acte \u00e0PERSONNE1.)qu\u2019il se d\u00e9siste del\u2019instanceintroduitepar acte d\u2019huissier de justice du23 mars 2023etaux parties intim\u00e9esqu\u2019ellesacceptentle d\u00e9sistement d\u2019instance, dit le d\u00e9sistement r\u00e9gulier, d\u00e9cr\u00e8te ce d\u00e9sistement aux cons\u00e9quences de droit, met les frais et d\u00e9pens \u00e0 charge dePERSONNE1.).<\/p>\n<\/div>\n<hr class=\"kji-sep\" \/>\n<p class=\"kji-source-links\"><strong>Sources officielles :<\/strong> <a class=\"kji-source-link\" href=\"https:\/\/data.public.lu\/fr\/datasets\/cour-superieure-de-justice-chambre-7-civil\/\" target=\"_blank\" rel=\"noopener noreferrer\">consulter la page source<\/a> &middot; <a class=\"kji-pdf-link\" href=\"https:\/\/download.data.public.lu\/resources\/cour-superieure-de-justice-chambre-7-civil\/20260412-230301\/20260325-ca7-cal-2023-00333-040-civ-pseudonymise-accessible.pdf\" target=\"_blank\" rel=\"noopener noreferrer\">PDF officiel<\/a><\/p>\n<p class=\"kji-license-note\"><em>Licence CC BY-ND 4.0 (Administration judiciaire, data.public.lu). Republication autorisee avec attribution, sans modification editoriale du texte integral.<\/em><\/p>\n<\/div>\n","protected":false},"excerpt":{"rendered":"<p>Arr\u00eat N\u00b040\/26\u2013VII\u2013CIV Audience publique duvingt-cinq marsdeux mille vingt-six Num\u00e9ro CAL-2023-00333du r\u00f4le. Composition: Mich\u00e8le RAUS, pr\u00e9sident de chambre ; Jo\u00eblle GEHLEN, premier conseiller ; Daniel LINDEN, conseiller ; Myriam LOEWEN, greffier. E n t r e : PERSONNE1.),demeurant \u00e0 L-ADRESSE1.), partieappelanteaux termes d\u2019un exploitde l\u2019huissier de\u2026<\/p>\n","protected":false},"featured_media":0,"template":"","meta":{"_crdt_document":""},"kji_country":[8418],"kji_court":[12305],"kji_chamber":[20506],"kji_year":[7610],"kji_subject":[7724],"kji_keyword":[8683,9055,12307,20507],"kji_language":[7733],"class_list":["post-588155","kji_decision","type-kji_decision","status-publish","hentry","kji_country-luxembourg","kji_court-cour-superieure-de-justice","kji_chamber-chambre-7-civil","kji_year-7610","kji_subject-civil","kji_keyword-arret","kji_keyword-justice","kji_keyword-superieure","kji_keyword-vii-civ","kji_language-francais"],"yoast_head":"<!-- This site is optimized with the Yoast SEO Premium plugin v27.4 (Yoast SEO v27.4) - https:\/\/yoast.com\/product\/yoast-seo-premium-wordpress\/ -->\n<title>Cour sup\u00e9rieure de justice, 25 mars 2026, n\u00b0 2023-00333 - Ma\u00eetre Hassan Kohen, avocat en droit p\u00e9nal \u00e0 Paris<\/title>\n<meta name=\"robots\" content=\"index, follow, max-snippet:-1, max-image-preview:large, max-video-preview:-1\" \/>\n<link rel=\"canonical\" href=\"https:\/\/kohenavocats.com\/zh-hans\/jurisprudences\/cour-superieure-de-justice-25-mars-2026-n-2023-00333\/\" \/>\n<meta property=\"og:locale\" content=\"zh_CN\" \/>\n<meta property=\"og:type\" content=\"article\" \/>\n<meta property=\"og:title\" content=\"Cour sup\u00e9rieure de justice, 25 mars 2026, n\u00b0 2023-00333\" \/>\n<meta property=\"og:description\" content=\"Arr\u00eat N\u00b040\/26\u2013VII\u2013CIV Audience publique duvingt-cinq marsdeux mille vingt-six Num\u00e9ro CAL-2023-00333du r\u00f4le. Composition: Mich\u00e8le RAUS, pr\u00e9sident de chambre ; Jo\u00eblle GEHLEN, premier conseiller ; Daniel LINDEN, conseiller ; Myriam LOEWEN, greffier. E n t r e : PERSONNE1.),demeurant \u00e0 L-ADRESSE1.), partieappelanteaux termes d\u2019un exploitde l\u2019huissier de\u2026\" \/>\n<meta property=\"og:url\" content=\"https:\/\/kohenavocats.com\/zh-hans\/jurisprudences\/cour-superieure-de-justice-25-mars-2026-n-2023-00333\/\" \/>\n<meta property=\"og:site_name\" content=\"Ma\u00eetre Hassan Kohen, avocat en droit p\u00e9nal \u00e0 Paris\" \/>\n<meta property=\"article:modified_time\" content=\"2026-04-17T17:19:57+00:00\" \/>\n<meta name=\"twitter:card\" content=\"summary_large_image\" \/>\n<meta name=\"twitter:label1\" content=\"\u9884\u8ba1\u9605\u8bfb\u65f6\u95f4\" \/>\n\t<meta name=\"twitter:data1\" content=\"4 \u5206\" \/>\n<script type=\"application\/ld+json\" class=\"yoast-schema-graph\">{\"@context\":\"https:\\\/\\\/schema.org\",\"@graph\":[{\"@type\":\"WebPage\",\"@id\":\"https:\\\/\\\/kohenavocats.com\\\/zh-hans\\\/jurisprudences\\\/cour-superieure-de-justice-25-mars-2026-n-2023-00333\\\/\",\"url\":\"https:\\\/\\\/kohenavocats.com\\\/zh-hans\\\/jurisprudences\\\/cour-superieure-de-justice-25-mars-2026-n-2023-00333\\\/\",\"name\":\"Cour sup\u00e9rieure de justice, 25 mars 2026, n\u00b0 2023-00333 - Ma\u00eetre Hassan Kohen, avocat en droit p\u00e9nal \u00e0 Paris\",\"isPartOf\":{\"@id\":\"https:\\\/\\\/kohenavocats.com\\\/zh-hans\\\/#website\"},\"datePublished\":\"2026-04-17T17:19:54+00:00\",\"dateModified\":\"2026-04-17T17:19:57+00:00\",\"breadcrumb\":{\"@id\":\"https:\\\/\\\/kohenavocats.com\\\/zh-hans\\\/jurisprudences\\\/cour-superieure-de-justice-25-mars-2026-n-2023-00333\\\/#breadcrumb\"},\"inLanguage\":\"zh-Hans\",\"potentialAction\":[{\"@type\":\"ReadAction\",\"target\":[\"https:\\\/\\\/kohenavocats.com\\\/zh-hans\\\/jurisprudences\\\/cour-superieure-de-justice-25-mars-2026-n-2023-00333\\\/\"]}]},{\"@type\":\"BreadcrumbList\",\"@id\":\"https:\\\/\\\/kohenavocats.com\\\/zh-hans\\\/jurisprudences\\\/cour-superieure-de-justice-25-mars-2026-n-2023-00333\\\/#breadcrumb\",\"itemListElement\":[{\"@type\":\"ListItem\",\"position\":1,\"name\":\"Home\",\"item\":\"https:\\\/\\\/kohenavocats.com\\\/zh-hans\\\/\"},{\"@type\":\"ListItem\",\"position\":2,\"name\":\"Jurisprudences\",\"item\":\"https:\\\/\\\/kohenavocats.com\\\/zh-hans\\\/jurisprudences\\\/\"},{\"@type\":\"ListItem\",\"position\":3,\"name\":\"Cour sup\u00e9rieure de justice, 25 mars 2026, n\u00b0 2023-00333\"}]},{\"@type\":\"WebSite\",\"@id\":\"https:\\\/\\\/kohenavocats.com\\\/zh-hans\\\/#website\",\"url\":\"https:\\\/\\\/kohenavocats.com\\\/zh-hans\\\/\",\"name\":\"Kohen Avocats\",\"description\":\"Ma\u00eetre Hassan Kohen, avocat p\u00e9naliste \u00e0 Paris, intervient exclusivement en droit p\u00e9nal pour la d\u00e9fense des particuliers, notamment en mati\u00e8re d\u2019accusations de viol. Il assure un accompagnement rigoureux d\u00e8s la garde \u00e0 vue jusqu\u2019\u00e0 la Cour d\u2019assises, veillant au strict respect des garanties proc\u00e9durales.\",\"publisher\":{\"@id\":\"https:\\\/\\\/kohenavocats.com\\\/zh-hans\\\/#organization\"},\"potentialAction\":[{\"@type\":\"SearchAction\",\"target\":{\"@type\":\"EntryPoint\",\"urlTemplate\":\"https:\\\/\\\/kohenavocats.com\\\/zh-hans\\\/?s={search_term_string}\"},\"query-input\":{\"@type\":\"PropertyValueSpecification\",\"valueRequired\":true,\"valueName\":\"search_term_string\"}}],\"inLanguage\":\"zh-Hans\"},{\"@type\":\"Organization\",\"@id\":\"https:\\\/\\\/kohenavocats.com\\\/zh-hans\\\/#organization\",\"name\":\"Kohen Avocats\",\"url\":\"https:\\\/\\\/kohenavocats.com\\\/zh-hans\\\/\",\"logo\":{\"@type\":\"ImageObject\",\"inLanguage\":\"zh-Hans\",\"@id\":\"https:\\\/\\\/kohenavocats.com\\\/zh-hans\\\/#\\\/schema\\\/logo\\\/image\\\/\",\"url\":\"https:\\\/\\\/kohenavocats.com\\\/wp-content\\\/uploads\\\/2026\\\/01\\\/Logo-2-1.webp\",\"contentUrl\":\"https:\\\/\\\/kohenavocats.com\\\/wp-content\\\/uploads\\\/2026\\\/01\\\/Logo-2-1.webp\",\"width\":2114,\"height\":1253,\"caption\":\"Kohen Avocats\"},\"image\":{\"@id\":\"https:\\\/\\\/kohenavocats.com\\\/zh-hans\\\/#\\\/schema\\\/logo\\\/image\\\/\"}}]}<\/script>\n<!-- \/ Yoast SEO Premium plugin. -->","yoast_head_json":{"title":"Cour sup\u00e9rieure de justice, 25 mars 2026, n\u00b0 2023-00333 - Ma\u00eetre Hassan Kohen, avocat en droit p\u00e9nal \u00e0 Paris","robots":{"index":"index","follow":"follow","max-snippet":"max-snippet:-1","max-image-preview":"max-image-preview:large","max-video-preview":"max-video-preview:-1"},"canonical":"https:\/\/kohenavocats.com\/zh-hans\/jurisprudences\/cour-superieure-de-justice-25-mars-2026-n-2023-00333\/","og_locale":"zh_CN","og_type":"article","og_title":"Cour sup\u00e9rieure de justice, 25 mars 2026, n\u00b0 2023-00333","og_description":"Arr\u00eat N\u00b040\/26\u2013VII\u2013CIV Audience publique duvingt-cinq marsdeux mille vingt-six Num\u00e9ro CAL-2023-00333du r\u00f4le. Composition: Mich\u00e8le RAUS, pr\u00e9sident de chambre ; Jo\u00eblle GEHLEN, premier conseiller ; Daniel LINDEN, conseiller ; Myriam LOEWEN, greffier. E n t r e : PERSONNE1.),demeurant \u00e0 L-ADRESSE1.), partieappelanteaux termes d\u2019un exploitde l\u2019huissier de\u2026","og_url":"https:\/\/kohenavocats.com\/zh-hans\/jurisprudences\/cour-superieure-de-justice-25-mars-2026-n-2023-00333\/","og_site_name":"Ma\u00eetre Hassan Kohen, avocat en droit p\u00e9nal \u00e0 Paris","article_modified_time":"2026-04-17T17:19:57+00:00","twitter_card":"summary_large_image","twitter_misc":{"\u9884\u8ba1\u9605\u8bfb\u65f6\u95f4":"4 \u5206"},"schema":{"@context":"https:\/\/schema.org","@graph":[{"@type":"WebPage","@id":"https:\/\/kohenavocats.com\/zh-hans\/jurisprudences\/cour-superieure-de-justice-25-mars-2026-n-2023-00333\/","url":"https:\/\/kohenavocats.com\/zh-hans\/jurisprudences\/cour-superieure-de-justice-25-mars-2026-n-2023-00333\/","name":"Cour sup\u00e9rieure de justice, 25 mars 2026, n\u00b0 2023-00333 - Ma\u00eetre Hassan Kohen, avocat en droit p\u00e9nal \u00e0 Paris","isPartOf":{"@id":"https:\/\/kohenavocats.com\/zh-hans\/#website"},"datePublished":"2026-04-17T17:19:54+00:00","dateModified":"2026-04-17T17:19:57+00:00","breadcrumb":{"@id":"https:\/\/kohenavocats.com\/zh-hans\/jurisprudences\/cour-superieure-de-justice-25-mars-2026-n-2023-00333\/#breadcrumb"},"inLanguage":"zh-Hans","potentialAction":[{"@type":"ReadAction","target":["https:\/\/kohenavocats.com\/zh-hans\/jurisprudences\/cour-superieure-de-justice-25-mars-2026-n-2023-00333\/"]}]},{"@type":"BreadcrumbList","@id":"https:\/\/kohenavocats.com\/zh-hans\/jurisprudences\/cour-superieure-de-justice-25-mars-2026-n-2023-00333\/#breadcrumb","itemListElement":[{"@type":"ListItem","position":1,"name":"Home","item":"https:\/\/kohenavocats.com\/zh-hans\/"},{"@type":"ListItem","position":2,"name":"Jurisprudences","item":"https:\/\/kohenavocats.com\/zh-hans\/jurisprudences\/"},{"@type":"ListItem","position":3,"name":"Cour sup\u00e9rieure de justice, 25 mars 2026, n\u00b0 2023-00333"}]},{"@type":"WebSite","@id":"https:\/\/kohenavocats.com\/zh-hans\/#website","url":"https:\/\/kohenavocats.com\/zh-hans\/","name":"Kohen Avocats","description":"Ma\u00eetre Hassan Kohen, avocat p\u00e9naliste \u00e0 Paris, intervient exclusivement en droit p\u00e9nal pour la d\u00e9fense des particuliers, notamment en mati\u00e8re d\u2019accusations de viol. Il assure un accompagnement rigoureux d\u00e8s la garde \u00e0 vue jusqu\u2019\u00e0 la Cour d\u2019assises, veillant au strict respect des garanties proc\u00e9durales.","publisher":{"@id":"https:\/\/kohenavocats.com\/zh-hans\/#organization"},"potentialAction":[{"@type":"SearchAction","target":{"@type":"EntryPoint","urlTemplate":"https:\/\/kohenavocats.com\/zh-hans\/?s={search_term_string}"},"query-input":{"@type":"PropertyValueSpecification","valueRequired":true,"valueName":"search_term_string"}}],"inLanguage":"zh-Hans"},{"@type":"Organization","@id":"https:\/\/kohenavocats.com\/zh-hans\/#organization","name":"Kohen Avocats","url":"https:\/\/kohenavocats.com\/zh-hans\/","logo":{"@type":"ImageObject","inLanguage":"zh-Hans","@id":"https:\/\/kohenavocats.com\/zh-hans\/#\/schema\/logo\/image\/","url":"https:\/\/kohenavocats.com\/wp-content\/uploads\/2026\/01\/Logo-2-1.webp","contentUrl":"https:\/\/kohenavocats.com\/wp-content\/uploads\/2026\/01\/Logo-2-1.webp","width":2114,"height":1253,"caption":"Kohen Avocats"},"image":{"@id":"https:\/\/kohenavocats.com\/zh-hans\/#\/schema\/logo\/image\/"}}]}},"jetpack_likes_enabled":false,"jetpack_sharing_enabled":true,"_links":{"self":[{"href":"https:\/\/kohenavocats.com\/zh-hans\/wp-json\/wp\/v2\/kji_decision\/588155","targetHints":{"allow":["GET"]}}],"collection":[{"href":"https:\/\/kohenavocats.com\/zh-hans\/wp-json\/wp\/v2\/kji_decision"}],"about":[{"href":"https:\/\/kohenavocats.com\/zh-hans\/wp-json\/wp\/v2\/types\/kji_decision"}],"wp:attachment":[{"href":"https:\/\/kohenavocats.com\/zh-hans\/wp-json\/wp\/v2\/media?parent=588155"}],"wp:term":[{"taxonomy":"kji_country","embeddable":true,"href":"https:\/\/kohenavocats.com\/zh-hans\/wp-json\/wp\/v2\/kji_country?post=588155"},{"taxonomy":"kji_court","embeddable":true,"href":"https:\/\/kohenavocats.com\/zh-hans\/wp-json\/wp\/v2\/kji_court?post=588155"},{"taxonomy":"kji_chamber","embeddable":true,"href":"https:\/\/kohenavocats.com\/zh-hans\/wp-json\/wp\/v2\/kji_chamber?post=588155"},{"taxonomy":"kji_year","embeddable":true,"href":"https:\/\/kohenavocats.com\/zh-hans\/wp-json\/wp\/v2\/kji_year?post=588155"},{"taxonomy":"kji_subject","embeddable":true,"href":"https:\/\/kohenavocats.com\/zh-hans\/wp-json\/wp\/v2\/kji_subject?post=588155"},{"taxonomy":"kji_keyword","embeddable":true,"href":"https:\/\/kohenavocats.com\/zh-hans\/wp-json\/wp\/v2\/kji_keyword?post=588155"},{"taxonomy":"kji_language","embeddable":true,"href":"https:\/\/kohenavocats.com\/zh-hans\/wp-json\/wp\/v2\/kji_language?post=588155"}],"curies":[{"name":"wp","href":"https:\/\/api.w.org\/{rel}","templated":true}]}}