{"id":588157,"date":"2026-04-17T19:19:58","date_gmt":"2026-04-17T17:19:58","guid":{"rendered":"https:\/\/kohenavocats.com\/jurisprudences\/cour-superieure-de-justice-25-mars-2026-n-2025-00672\/"},"modified":"2026-04-17T19:20:01","modified_gmt":"2026-04-17T17:20:01","slug":"cour-superieure-de-justice-25-mars-2026-n-2025-00672","status":"publish","type":"kji_decision","link":"https:\/\/kohenavocats.com\/zh-hans\/jurisprudences\/cour-superieure-de-justice-25-mars-2026-n-2025-00672\/","title":{"rendered":"Cour sup\u00e9rieure de justice, 25 mars 2026, n\u00b0 2025-00672"},"content":{"rendered":"<div class=\"kji-decision\">\n<div class=\"kji-full-text\">\n<p>Arr\u00eat N\u00b037\/26\u2013VII\u2013CIV (rectificatif) Audience publique duvingt-cinq marsdeux mille vingt-six Num\u00e9ro CAL-2025-00672 du r\u00f4le. Composition: Mich\u00e8le RAUS, pr\u00e9sident de chambre; Jo\u00eblle GEHLEN, premier conseiller; Daniel LINDEN, conseiller; Myriam LOEWEN, greffier. E n t r e : la soci\u00e9t\u00e9 \u00e0 responsabilit\u00e9 limit\u00e9eSOCIETE1.),\u00e9tablie et ayant son si\u00e8ge social \u00e0 L-ADRESSE1.), inscrite au Registre de commerce et des soci\u00e9t\u00e9s de Luxembourg sous le num\u00e9roNUMERO1.), repr\u00e9sent\u00e9e par son g\u00e9rant actuellement en fonctions, partie appelante aux termes d\u2019un exploit de l\u2019huissier de justice Tom NILLES d\u2019Esch-sur-Alzette,du 9 juillet 2025, comparant par la soci\u00e9t\u00e9 Etude d&#039;Avocats GROSS &amp; Associ\u00e9s S.\u00e0r.l., \u00e9tablie et ayant son si\u00e8ge social \u00e0 L-2155 Luxembourg, 78, M\u00fchlenweg, immatricul\u00e9e au Registre de commerce et des soci\u00e9t\u00e9s de Luxembourg sous le num\u00e9ro B 250053, inscritesurla liste V du Tableau de l\u2019Ordre desavocats duBarreau de Luxembourg, repr\u00e9sent\u00e9e aux fins de la pr\u00e9sente proc\u00e9dure par Ma\u00eetre Laurent LIMPACH, avocat \u00e0 la Cour, demeurant \u00e0 Luxembourg, e t : PERSONNE1.),demeurant \u00e0 L-ADRESSE2.),<\/p>\n<p>2 partie intim\u00e9e aux fins du susdit exploitNILLESdu 9 juillet 2025, partie d\u00e9faillante. LA COUR D\u2019APPEL: Par requ\u00eate en rectification d\u2019une erreur mat\u00e9rielle, d\u00e9pos\u00e9e le24 f\u00e9vrier 2026 au greffe de la Courd\u2019appel, la soci\u00e9t\u00e9SOCIETE1.)a demand\u00e9\u00e0 voir proc\u00e9der \u00e0 la rectification de l\u2019arr\u00eat n\u00b019\/26rendu en date du18 f\u00e9vrier 2026par la septi\u00e8me chambre de la Cour d\u2019appel. Elle faitvaloir que le dispositifcontiendrait uneerreurmat\u00e9rielle ence que les int\u00e9r\u00eats l\u00e9gaux sur le montant de 14.420,-\u20ac ne seraient pas \u00e0 d\u00e9buter \u00e0 compter du 16 mai 2005, mais \u00e0 compter du 16 mai 2025. Le dispositif devrait \u00eatre modifi\u00e9 en cons\u00e9quence. A l\u2019audience des plaidoiries,PERSONNE1.)ne s\u2019est pas pr\u00e9sent\u00e9 pour conclure, de sorte qu\u2019il y a lieu de statuer par d\u00e9faut \u00e0 son \u00e9gard. Appr\u00e9ciation de la Cour Par arr\u00eat n\u00b0 19\/26 du 18 f\u00e9vrier 2026, la Cour d\u2019appel, septi\u00e8me chambre si\u00e9geant en mati\u00e8re civile,statuantpararr\u00eat r\u00e9put\u00e9 contradictoire \u00e0 l\u2019\u00e9gardde PERSONNE1.)etcontradictoirement\u00e0 l\u2019\u00e9gard de la soci\u00e9t\u00e9SOCIETE1.), a -re\u00e7u l\u2019appel, -dit l\u2019appel partiellement fond\u00e9, -donn\u00e9 acte \u00e0 la soci\u00e9t\u00e9 \u00e0 responsabilit\u00e9 limit\u00e9eSOCIETE1.)de son accord \u00e0 rembourser l\u2019acompte de 14.420,-\u20ac \u00e0PERSONNE1.), avec les int\u00e9r\u00eats l\u00e9gaux \u00e0 compter du 16 mai 2005 jusqu\u2019\u00e0 solde, -d\u00e9clar\u00e9 les demandes de la soci\u00e9t\u00e9 \u00e0 responsabilit\u00e9 limit\u00e9eSOCIETE1.) recevables et partiellement fond\u00e9es, -condamn\u00e9PERSONNE1.)\u00e0 payer \u00e0 la soci\u00e9t\u00e9 \u00e0 responsabilit\u00e9 limit\u00e9e SOCIETE1.)le montant de 14.697,83 \u20ac, avec les int\u00e9r\u00eats l\u00e9gaux \u00e0 compter de l\u2019arr\u00eat jusqu\u2019\u00e0 solde, -dit qu\u2019il y a lieu \u00e0 compensation judiciaire entre les cr\u00e9ances r\u00e9ciproques, -par r\u00e9formation du jugement du 16 mai 2025, -d\u00e9charg\u00e9la soci\u00e9t\u00e9 \u00e0 responsabilit\u00e9 limit\u00e9eSOCIETE1.)de la condamnation au paiement \u00e0PERSONNE1.)du montant de 2.574,-\u20ac, avec les int\u00e9r\u00eats l\u00e9gaux \u00e0 compter du 16 mai 2025 jusqu\u2019\u00e0 solde, et de la condamnation au paiement de la somme de 1.000,-\u20ac, -confirm\u00e9le jugement du 16 mai 2025 pour autant qu\u2019il a \u00e9t\u00e9 entrepris,<\/p>\n<p>3 -d\u00e9bout\u00e9la soci\u00e9t\u00e9 \u00e0 responsabilit\u00e9 limit\u00e9eSOCIETE1.)de sa demande en paiement d\u2019une indemnit\u00e9 de proc\u00e9dure pour l\u2019instance d\u2019appel bas\u00e9e sur l\u2019article 240 du Nouveau Code de proc\u00e9dure civile, -fait masse des frais et d\u00e9pens des deux instances et les impose par moiti\u00e9 \u00e0 chacune des parties avec distraction au profit de l\u2019Etude d\u2019Avocats GROSS &amp; Associ\u00e9s pour sa part, qui la demande affirmant en avoir fait l\u2019avance. La requ\u00eate tend \u00e0 larectification d\u2019uneerreurmat\u00e9rielledans l\u2019indication de la date du 16 mai 2005. Il est admis depuis fort longtemps que les erreurs et omissions mat\u00e9rielles affectant une d\u00e9cision, m\u00eame pass\u00e9e en force de chose jug\u00e9e, peuvent toujours \u00eatre r\u00e9par\u00e9es par la juridiction qui l\u2019a rendue ou par celle \u00e0 laquelle elle a \u00e9t\u00e9 d\u00e9f\u00e9r\u00e9e. Si l\u2019erreur provient d\u2019une inadvertance, d\u2019une n\u00e9gligence ou d\u2019une inattention qui a trahi l\u2019intention profonde du juge, cette erreur peut faire l\u2019objet d\u2019une rectification. Pour simplifier, on peut dire que la rectification des erreurs ou omissions mat\u00e9rielles ne peut jamais aboutir \u00e0 une r\u00e9formation indirecte de la d\u00e9cision, en contravention avec le syst\u00e8me des voies de recours et en violation de l\u2019autorit\u00e9 de la chose jug\u00e9e. Le juge doit se d\u00e9cider d\u2019apr\u00e8s ce que le dossier r\u00e9v\u00e8le ou, \u00e0 d\u00e9faut, ce que la raison commande, \u00e9tant observ\u00e9 que le juge ne peut modifier ni l\u2019int\u00e9grit\u00e9, ni l\u2019\u00e9conomie d\u2019une d\u00e9cision, la Cour de cassation fran\u00e7aise retenant que \u00absi les erreurs ou omissions mat\u00e9rielles affectant une d\u00e9cision peuvent \u00eatre r\u00e9par\u00e9es par la juridiction qui l\u2019a rendue, celle-ci ne peut modifier les droits et obligations reconnus aux parties par cette d\u00e9cision\u00bb (Jurisclasseur, proc\u00e9dure civile, fasc. 510, Jugements, interpr\u00e9tation, rectification et modification, \u00e9dit.1996, n\u00b094, 95, 118, 119, 120 et 121). Il ressort de l\u2019arr\u00eat n\u00b019\/26 du 18 f\u00e9vrier 2026 que la Cour a donn\u00e9 acte \u00e0 la soci\u00e9t\u00e9 SOCIETE1.)de son accord \u00e0 rembourser l\u2019acompte de 14.420,-\u20ac \u00e0PERSONNE1.), avec lesint\u00e9r\u00eats l\u00e9gaux \u00e0 compter du 16 mai 2005 jusqu\u2019\u00e0 solde. L\u2019indication de la date du 16 mai 2005 constitue une erreur mat\u00e9rielle qu\u2019il y a lieu de rectifier, en ce que la date des d\u00e9buts des int\u00e9r\u00eats \u00e0 retenir \u00e9tait celle de la date \u00e0 laquelle le jugement de premi\u00e8re instance a \u00e9t\u00e9 prononc\u00e9, \u00e0 savoir le 16 mai 2025. Au vu de ce qui pr\u00e9c\u00e8de, la demande en rectification est fond\u00e9e. Par voie de cons\u00e9quence, il y a lieu de rectifier l\u2019erreur mat\u00e9rielle contenue dans l\u2019arr\u00eat n\u00b019\/26du18 f\u00e9vrier 2026conform\u00e9ment au dispositif ci-dessous. PAR CES MOTIFS: la Cour d\u2019appel, septi\u00e8me chambre, si\u00e9geant en mati\u00e8re civile,statuantpar d\u00e9faut \u00e0l\u2019\u00e9garddePERSONNE1.)etcontradictoirement\u00e0 l\u2019\u00e9gard de la soci\u00e9t\u00e9 SOCIETE1.),<\/p>\n<p>4 Vu la requ\u00eate du 24 f\u00e9vrier 2026 de Ma\u00eetreLaurent LIMPACH, dit que par rectification, lequatri\u00e8mealin\u00e9a du dispositif de l\u2019arr\u00eat n\u00b019\/26du 18f\u00e9vrier 2026doit se lire comme suit : \u00abdonne acte \u00e0 la soci\u00e9t\u00e9 \u00e0 responsabilit\u00e9 limit\u00e9eSOCIETE1.)de son accord \u00e0 rembourser l\u2019acompte de 14.420,-\u20ac \u00e0PERSONNE1.), avec les int\u00e9r\u00eats l\u00e9gaux \u00e0 compter du 16 mai 2025 jusqu\u2019\u00e0 solde\u00bb, ordonne que mention du pr\u00e9sent arr\u00eat soit faite en marge de la minute de l\u2019arr\u00eat rectifi\u00e9 et qu\u2019il ne sera plus d\u00e9livr\u00e9 d\u2019exp\u00e9dition ni d\u2019extrait de ce dernier sans la pr\u00e9sente rectification, laisse les frais de la proc\u00e9dure de rectification \u00e0 charge de l\u2019Etat.<\/p>\n<\/div>\n<hr class=\"kji-sep\" \/>\n<p class=\"kji-source-links\"><strong>Sources officielles :<\/strong> <a class=\"kji-source-link\" href=\"https:\/\/data.public.lu\/fr\/datasets\/cour-superieure-de-justice-chambre-7-civil\/\" target=\"_blank\" rel=\"noopener noreferrer\">consulter la page source<\/a> &middot; <a class=\"kji-pdf-link\" href=\"https:\/\/download.data.public.lu\/resources\/cour-superieure-de-justice-chambre-7-civil\/20260412-230303\/20260325-ca7-cal-2025-00672-037-civ-rectif.-pseudonymise-accessible.pdf\" target=\"_blank\" rel=\"noopener noreferrer\">PDF officiel<\/a><\/p>\n<p class=\"kji-license-note\"><em>Licence CC BY-ND 4.0 (Administration judiciaire, data.public.lu). Republication autorisee avec attribution, sans modification editoriale du texte integral.<\/em><\/p>\n<\/div>\n","protected":false},"excerpt":{"rendered":"<p>Arr\u00eat N\u00b037\/26\u2013VII\u2013CIV (rectificatif) Audience publique duvingt-cinq marsdeux mille vingt-six Num\u00e9ro CAL-2025-00672 du r\u00f4le. Composition: Mich\u00e8le RAUS, pr\u00e9sident de chambre; Jo\u00eblle GEHLEN, premier conseiller; Daniel LINDEN, conseiller; Myriam LOEWEN, greffier. E n t r e : la soci\u00e9t\u00e9 \u00e0 responsabilit\u00e9 limit\u00e9eSOCIETE1.),\u00e9tablie et ayant son si\u00e8ge social\u2026<\/p>\n","protected":false},"featured_media":0,"template":"","meta":{"_crdt_document":""},"kji_country":[8418],"kji_court":[12305],"kji_chamber":[20506],"kji_year":[7610],"kji_subject":[7724],"kji_keyword":[8683,9055,20508,12307,20507],"kji_language":[7733],"class_list":["post-588157","kji_decision","type-kji_decision","status-publish","hentry","kji_country-luxembourg","kji_court-cour-superieure-de-justice","kji_chamber-chambre-7-civil","kji_year-7610","kji_subject-civil","kji_keyword-arret","kji_keyword-justice","kji_keyword-rectificatif","kji_keyword-superieure","kji_keyword-vii-civ","kji_language-francais"],"yoast_head":"<!-- This site is optimized with the Yoast SEO Premium plugin v27.5 (Yoast SEO v27.5) - https:\/\/yoast.com\/product\/yoast-seo-premium-wordpress\/ -->\n<title>Cour sup\u00e9rieure de justice, 25 mars 2026, n\u00b0 2025-00672 - Ma\u00eetre Hassan Kohen, avocat en droit p\u00e9nal \u00e0 Paris<\/title>\n<meta name=\"robots\" content=\"index, follow, max-snippet:-1, max-image-preview:large, max-video-preview:-1\" \/>\n<link rel=\"canonical\" href=\"https:\/\/kohenavocats.com\/zh-hans\/jurisprudences\/cour-superieure-de-justice-25-mars-2026-n-2025-00672\/\" \/>\n<meta property=\"og:locale\" content=\"zh_CN\" \/>\n<meta property=\"og:type\" content=\"article\" \/>\n<meta property=\"og:title\" content=\"Cour sup\u00e9rieure de justice, 25 mars 2026, n\u00b0 2025-00672\" \/>\n<meta property=\"og:description\" content=\"Arr\u00eat N\u00b037\/26\u2013VII\u2013CIV (rectificatif) Audience publique duvingt-cinq marsdeux mille vingt-six Num\u00e9ro CAL-2025-00672 du r\u00f4le. Composition: Mich\u00e8le RAUS, pr\u00e9sident de chambre; Jo\u00eblle GEHLEN, premier conseiller; Daniel LINDEN, conseiller; Myriam LOEWEN, greffier. E n t r e : la soci\u00e9t\u00e9 \u00e0 responsabilit\u00e9 limit\u00e9eSOCIETE1.),\u00e9tablie et ayant son si\u00e8ge social\u2026\" \/>\n<meta property=\"og:url\" content=\"https:\/\/kohenavocats.com\/zh-hans\/jurisprudences\/cour-superieure-de-justice-25-mars-2026-n-2025-00672\/\" \/>\n<meta property=\"og:site_name\" content=\"Ma\u00eetre Hassan Kohen, avocat en droit p\u00e9nal \u00e0 Paris\" \/>\n<meta property=\"article:modified_time\" content=\"2026-04-17T17:20:01+00:00\" \/>\n<meta name=\"twitter:card\" content=\"summary_large_image\" \/>\n<meta name=\"twitter:label1\" content=\"\u9884\u8ba1\u9605\u8bfb\u65f6\u95f4\" \/>\n\t<meta name=\"twitter:data1\" content=\"6 \u5206\" \/>\n<script type=\"application\/ld+json\" class=\"yoast-schema-graph\">{\"@context\":\"https:\\\/\\\/schema.org\",\"@graph\":[{\"@type\":\"WebPage\",\"@id\":\"https:\\\/\\\/kohenavocats.com\\\/zh-hans\\\/jurisprudences\\\/cour-superieure-de-justice-25-mars-2026-n-2025-00672\\\/\",\"url\":\"https:\\\/\\\/kohenavocats.com\\\/zh-hans\\\/jurisprudences\\\/cour-superieure-de-justice-25-mars-2026-n-2025-00672\\\/\",\"name\":\"Cour sup\u00e9rieure de justice, 25 mars 2026, n\u00b0 2025-00672 - Ma\u00eetre Hassan Kohen, avocat en droit p\u00e9nal \u00e0 Paris\",\"isPartOf\":{\"@id\":\"https:\\\/\\\/kohenavocats.com\\\/zh-hans\\\/#website\"},\"datePublished\":\"2026-04-17T17:19:58+00:00\",\"dateModified\":\"2026-04-17T17:20:01+00:00\",\"breadcrumb\":{\"@id\":\"https:\\\/\\\/kohenavocats.com\\\/zh-hans\\\/jurisprudences\\\/cour-superieure-de-justice-25-mars-2026-n-2025-00672\\\/#breadcrumb\"},\"inLanguage\":\"zh-Hans\",\"potentialAction\":[{\"@type\":\"ReadAction\",\"target\":[\"https:\\\/\\\/kohenavocats.com\\\/zh-hans\\\/jurisprudences\\\/cour-superieure-de-justice-25-mars-2026-n-2025-00672\\\/\"]}]},{\"@type\":\"BreadcrumbList\",\"@id\":\"https:\\\/\\\/kohenavocats.com\\\/zh-hans\\\/jurisprudences\\\/cour-superieure-de-justice-25-mars-2026-n-2025-00672\\\/#breadcrumb\",\"itemListElement\":[{\"@type\":\"ListItem\",\"position\":1,\"name\":\"Home\",\"item\":\"https:\\\/\\\/kohenavocats.com\\\/zh-hans\\\/\"},{\"@type\":\"ListItem\",\"position\":2,\"name\":\"Jurisprudences\",\"item\":\"https:\\\/\\\/kohenavocats.com\\\/zh-hans\\\/jurisprudences\\\/\"},{\"@type\":\"ListItem\",\"position\":3,\"name\":\"Cour sup\u00e9rieure de justice, 25 mars 2026, n\u00b0 2025-00672\"}]},{\"@type\":\"WebSite\",\"@id\":\"https:\\\/\\\/kohenavocats.com\\\/zh-hans\\\/#website\",\"url\":\"https:\\\/\\\/kohenavocats.com\\\/zh-hans\\\/\",\"name\":\"Kohen Avocats\",\"description\":\"Ma\u00eetre Hassan Kohen, avocat p\u00e9naliste \u00e0 Paris, intervient exclusivement en droit p\u00e9nal pour la d\u00e9fense des particuliers, notamment en mati\u00e8re d\u2019accusations de viol. Il assure un accompagnement rigoureux d\u00e8s la garde \u00e0 vue jusqu\u2019\u00e0 la Cour d\u2019assises, veillant au strict respect des garanties proc\u00e9durales.\",\"publisher\":{\"@id\":\"https:\\\/\\\/kohenavocats.com\\\/zh-hans\\\/#organization\"},\"potentialAction\":[{\"@type\":\"SearchAction\",\"target\":{\"@type\":\"EntryPoint\",\"urlTemplate\":\"https:\\\/\\\/kohenavocats.com\\\/zh-hans\\\/?s={search_term_string}\"},\"query-input\":{\"@type\":\"PropertyValueSpecification\",\"valueRequired\":true,\"valueName\":\"search_term_string\"}}],\"inLanguage\":\"zh-Hans\"},{\"@type\":\"Organization\",\"@id\":\"https:\\\/\\\/kohenavocats.com\\\/zh-hans\\\/#organization\",\"name\":\"Kohen Avocats\",\"url\":\"https:\\\/\\\/kohenavocats.com\\\/zh-hans\\\/\",\"logo\":{\"@type\":\"ImageObject\",\"inLanguage\":\"zh-Hans\",\"@id\":\"https:\\\/\\\/kohenavocats.com\\\/zh-hans\\\/#\\\/schema\\\/logo\\\/image\\\/\",\"url\":\"https:\\\/\\\/kohenavocats.com\\\/wp-content\\\/uploads\\\/2026\\\/01\\\/Logo-2-1.webp\",\"contentUrl\":\"https:\\\/\\\/kohenavocats.com\\\/wp-content\\\/uploads\\\/2026\\\/01\\\/Logo-2-1.webp\",\"width\":2114,\"height\":1253,\"caption\":\"Kohen Avocats\"},\"image\":{\"@id\":\"https:\\\/\\\/kohenavocats.com\\\/zh-hans\\\/#\\\/schema\\\/logo\\\/image\\\/\"}}]}<\/script>\n<!-- \/ Yoast SEO Premium plugin. -->","yoast_head_json":{"title":"Cour sup\u00e9rieure de justice, 25 mars 2026, n\u00b0 2025-00672 - Ma\u00eetre Hassan Kohen, avocat en droit p\u00e9nal \u00e0 Paris","robots":{"index":"index","follow":"follow","max-snippet":"max-snippet:-1","max-image-preview":"max-image-preview:large","max-video-preview":"max-video-preview:-1"},"canonical":"https:\/\/kohenavocats.com\/zh-hans\/jurisprudences\/cour-superieure-de-justice-25-mars-2026-n-2025-00672\/","og_locale":"zh_CN","og_type":"article","og_title":"Cour sup\u00e9rieure de justice, 25 mars 2026, n\u00b0 2025-00672","og_description":"Arr\u00eat N\u00b037\/26\u2013VII\u2013CIV (rectificatif) Audience publique duvingt-cinq marsdeux mille vingt-six Num\u00e9ro CAL-2025-00672 du r\u00f4le. Composition: Mich\u00e8le RAUS, pr\u00e9sident de chambre; Jo\u00eblle GEHLEN, premier conseiller; Daniel LINDEN, conseiller; Myriam LOEWEN, greffier. E n t r e : la soci\u00e9t\u00e9 \u00e0 responsabilit\u00e9 limit\u00e9eSOCIETE1.),\u00e9tablie et ayant son si\u00e8ge social\u2026","og_url":"https:\/\/kohenavocats.com\/zh-hans\/jurisprudences\/cour-superieure-de-justice-25-mars-2026-n-2025-00672\/","og_site_name":"Ma\u00eetre Hassan Kohen, avocat en droit p\u00e9nal \u00e0 Paris","article_modified_time":"2026-04-17T17:20:01+00:00","twitter_card":"summary_large_image","twitter_misc":{"\u9884\u8ba1\u9605\u8bfb\u65f6\u95f4":"6 \u5206"},"schema":{"@context":"https:\/\/schema.org","@graph":[{"@type":"WebPage","@id":"https:\/\/kohenavocats.com\/zh-hans\/jurisprudences\/cour-superieure-de-justice-25-mars-2026-n-2025-00672\/","url":"https:\/\/kohenavocats.com\/zh-hans\/jurisprudences\/cour-superieure-de-justice-25-mars-2026-n-2025-00672\/","name":"Cour sup\u00e9rieure de justice, 25 mars 2026, n\u00b0 2025-00672 - Ma\u00eetre Hassan Kohen, avocat en droit p\u00e9nal \u00e0 Paris","isPartOf":{"@id":"https:\/\/kohenavocats.com\/zh-hans\/#website"},"datePublished":"2026-04-17T17:19:58+00:00","dateModified":"2026-04-17T17:20:01+00:00","breadcrumb":{"@id":"https:\/\/kohenavocats.com\/zh-hans\/jurisprudences\/cour-superieure-de-justice-25-mars-2026-n-2025-00672\/#breadcrumb"},"inLanguage":"zh-Hans","potentialAction":[{"@type":"ReadAction","target":["https:\/\/kohenavocats.com\/zh-hans\/jurisprudences\/cour-superieure-de-justice-25-mars-2026-n-2025-00672\/"]}]},{"@type":"BreadcrumbList","@id":"https:\/\/kohenavocats.com\/zh-hans\/jurisprudences\/cour-superieure-de-justice-25-mars-2026-n-2025-00672\/#breadcrumb","itemListElement":[{"@type":"ListItem","position":1,"name":"Home","item":"https:\/\/kohenavocats.com\/zh-hans\/"},{"@type":"ListItem","position":2,"name":"Jurisprudences","item":"https:\/\/kohenavocats.com\/zh-hans\/jurisprudences\/"},{"@type":"ListItem","position":3,"name":"Cour sup\u00e9rieure de justice, 25 mars 2026, n\u00b0 2025-00672"}]},{"@type":"WebSite","@id":"https:\/\/kohenavocats.com\/zh-hans\/#website","url":"https:\/\/kohenavocats.com\/zh-hans\/","name":"Kohen Avocats","description":"Ma\u00eetre Hassan Kohen, avocat p\u00e9naliste \u00e0 Paris, intervient exclusivement en droit p\u00e9nal pour la d\u00e9fense des particuliers, notamment en mati\u00e8re d\u2019accusations de viol. Il assure un accompagnement rigoureux d\u00e8s la garde \u00e0 vue jusqu\u2019\u00e0 la Cour d\u2019assises, veillant au strict respect des garanties proc\u00e9durales.","publisher":{"@id":"https:\/\/kohenavocats.com\/zh-hans\/#organization"},"potentialAction":[{"@type":"SearchAction","target":{"@type":"EntryPoint","urlTemplate":"https:\/\/kohenavocats.com\/zh-hans\/?s={search_term_string}"},"query-input":{"@type":"PropertyValueSpecification","valueRequired":true,"valueName":"search_term_string"}}],"inLanguage":"zh-Hans"},{"@type":"Organization","@id":"https:\/\/kohenavocats.com\/zh-hans\/#organization","name":"Kohen Avocats","url":"https:\/\/kohenavocats.com\/zh-hans\/","logo":{"@type":"ImageObject","inLanguage":"zh-Hans","@id":"https:\/\/kohenavocats.com\/zh-hans\/#\/schema\/logo\/image\/","url":"https:\/\/kohenavocats.com\/wp-content\/uploads\/2026\/01\/Logo-2-1.webp","contentUrl":"https:\/\/kohenavocats.com\/wp-content\/uploads\/2026\/01\/Logo-2-1.webp","width":2114,"height":1253,"caption":"Kohen Avocats"},"image":{"@id":"https:\/\/kohenavocats.com\/zh-hans\/#\/schema\/logo\/image\/"}}]}},"jetpack_likes_enabled":false,"jetpack_sharing_enabled":true,"_links":{"self":[{"href":"https:\/\/kohenavocats.com\/zh-hans\/wp-json\/wp\/v2\/kji_decision\/588157","targetHints":{"allow":["GET"]}}],"collection":[{"href":"https:\/\/kohenavocats.com\/zh-hans\/wp-json\/wp\/v2\/kji_decision"}],"about":[{"href":"https:\/\/kohenavocats.com\/zh-hans\/wp-json\/wp\/v2\/types\/kji_decision"}],"wp:attachment":[{"href":"https:\/\/kohenavocats.com\/zh-hans\/wp-json\/wp\/v2\/media?parent=588157"}],"wp:term":[{"taxonomy":"kji_country","embeddable":true,"href":"https:\/\/kohenavocats.com\/zh-hans\/wp-json\/wp\/v2\/kji_country?post=588157"},{"taxonomy":"kji_court","embeddable":true,"href":"https:\/\/kohenavocats.com\/zh-hans\/wp-json\/wp\/v2\/kji_court?post=588157"},{"taxonomy":"kji_chamber","embeddable":true,"href":"https:\/\/kohenavocats.com\/zh-hans\/wp-json\/wp\/v2\/kji_chamber?post=588157"},{"taxonomy":"kji_year","embeddable":true,"href":"https:\/\/kohenavocats.com\/zh-hans\/wp-json\/wp\/v2\/kji_year?post=588157"},{"taxonomy":"kji_subject","embeddable":true,"href":"https:\/\/kohenavocats.com\/zh-hans\/wp-json\/wp\/v2\/kji_subject?post=588157"},{"taxonomy":"kji_keyword","embeddable":true,"href":"https:\/\/kohenavocats.com\/zh-hans\/wp-json\/wp\/v2\/kji_keyword?post=588157"},{"taxonomy":"kji_language","embeddable":true,"href":"https:\/\/kohenavocats.com\/zh-hans\/wp-json\/wp\/v2\/kji_language?post=588157"}],"curies":[{"name":"wp","href":"https:\/\/api.w.org\/{rel}","templated":true}]}}