{"id":590083,"date":"2026-04-17T23:24:09","date_gmt":"2026-04-17T21:24:09","guid":{"rendered":"https:\/\/kohenavocats.com\/jurisprudences\/cour-de-cassation-6-juin-2024-n-2023-00115\/"},"modified":"2026-04-17T23:24:12","modified_gmt":"2026-04-17T21:24:12","slug":"cour-de-cassation-6-juin-2024-n-2023-00115","status":"publish","type":"kji_decision","link":"https:\/\/kohenavocats.com\/zh-hans\/jurisprudences\/cour-de-cassation-6-juin-2024-n-2023-00115\/","title":{"rendered":"Cour de cassation, 6 juin 2024, n\u00b0 2023-00115"},"content":{"rendered":"<div class=\"kji-decision\">\n<div class=\"kji-full-text\">\n<p>N\u00b092\/ 2024p\u00e9nal du06.06.2024 Not.36610\/20\/CD Num\u00e9roCAS-2023-00115du registre LaCour de cassation du Grand-Duch\u00e9 de Luxembourga rendu en son audience publique du jeudi,sixjuindeuxmillevingt-quatre, sur le pourvoi de lasoci\u00e9t\u00e9 \u00e0 responsabilit\u00e9 limit\u00e9eSOCIETE1.),\u00e9tablie et ayant son si\u00e8ge social \u00e0 L-ADRESSE1.), repr\u00e9sent\u00e9e par le conseil d\u2019administration, inscrite au registre de commerce et des soci\u00e9t\u00e9s sous le num\u00e9roNUMERO1.), citantedirecte et demanderesse au civil, demanderesseen cassation, comparant par Ma\u00eetreG\u00e9rald STEVENS,avocat \u00e0 la Cour, en l\u2019\u00e9tude duquel domicile est \u00e9lu, en pr\u00e9sence duMinist\u00e8re public et de PERSONNE1.),demeurant \u00e0B-ADRESSE2.) cit\u00e9direct et d\u00e9fendeur au civil, d\u00e9fendeuren cassation, l\u2019arr\u00eat qui suit: Vu l\u2019arr\u00eat attaqu\u00e9 rendu le13juin2023sous le num\u00e9ro228\/23V.parlaCour d\u2019appel du Grand-Duch\u00e9 deLuxembourg,cinqui\u00e8mechambre, si\u00e9geant en mati\u00e8re correctionnelle;<\/p>\n<p>2 Vu le pourvoi en cassationau p\u00e9nal et au civilform\u00e9 par Ma\u00eetreSt\u00e9phanie TRAN,avocat \u00e0 la Cour,en remplacement de Ma\u00eetre G\u00e9rald STEVENS, avocat \u00e0 la Cour,au nomdela soci\u00e9t\u00e9\u00e0 responsabilit\u00e9 limit\u00e9eSOCIETE1.),suivant d\u00e9claration du21juin2023au greffe de la Cour sup\u00e9rieure deJustice; Vu le m\u00e9moireen cassationsignifi\u00e9 le 12 juillet 2023par la soci\u00e9t\u00e9 \u00e0 responsabilit\u00e9 limit\u00e9eSOCIETE1.)\u00e0PERSONNE1.),d\u00e9pos\u00e9 le17juillet2023au greffe de laCour; Vu le m\u00e9moireintitul\u00e9\u00abnouveau m\u00e9moire en cassation\u00bbsignifi\u00e9 le 9 octobre 2023 par la soci\u00e9t\u00e9 \u00e0 responsabilit\u00e9 limit\u00e9eSOCIETE1.)\u00e0PERSONNE1.), d\u00e9pos\u00e9 le23 octobre2023 au greffe de la Cour; Sur les conclusions du premieravocatg\u00e9n\u00e9ralSandra KERSCH. Sur la recevabilit\u00e9 du pourvoi Le Minist\u00e8re public soul\u00e8ve l\u2019irrecevabilit\u00e9 du m\u00e9moire en cassation en faisant valoir qu\u2019il n\u2019est pas sign\u00e9 par l\u2019avocat \u00e0 la Cour postulant, mais par une personne qui, sans indiquer son nom ni ses qualit\u00e9s, a appos\u00e9 sa signature sous le nom de l\u2019avocat \u00e0la Cour postulant en y portant les mentions manuscrites\u00abp.\u00bbet \u00abemp.\u00bb, signant ainsi pour compte de l\u2019avocat \u00e0 la Cour postulant emp\u00each\u00e9 \u00e0 la signature. Ce faisant, il s\u2019appuiesurl\u2019article 43, alin\u00e9a 1, de la loi modifi\u00e9e du 18 f\u00e9vrier 1885 surles pourvois et la proc\u00e9dure en cassation, lequelpr\u00e9voit que la partie demanderesse doit, sous peine d\u2019irrecevabilit\u00e9, d\u00e9poser au greffe de la Cour sup\u00e9rieure deJustice un m\u00e9moire\u00ab sign\u00e9 par un avocat \u00e0 la Cour \u00bb.Ilsoutient que faute d\u2019indication de l\u2019identit\u00e9 de la personne signataire,il ne seraitpas possible de d\u00e9terminer si cette signature \u00e9mane d\u2019un avocat \u00e0 la Cour. Le m\u00e9moire en cassation d\u00e9pos\u00e9 au greffe de la Cour, sans mentionner la qualit\u00e9 du signataire,porteune signatureillisible, diff\u00e9rente de cellefigurant sur la d\u00e9claration de Ma\u00eetre St\u00e9phanie TRAN, avocat \u00e0 la Cour, de former un recours en cassation au p\u00e9nal et au civil contre l\u2019arr\u00eatattaqu\u00e9.Il est, d\u00e8s lors,impossible de d\u00e9terminerl\u2019identit\u00e9 de l\u2019auteur de la signatureappos\u00e9e sur lem\u00e9moire en cassation et de v\u00e9rifier si le signataire du m\u00e9moire en cassation avait la qualit\u00e9 d\u2019avocat \u00e0 la Cour. Il s\u2019ensuit quelepourvoi estirrecevable. Sur la demande en allocation d\u2019une indemnit\u00e9 de proc\u00e9dure La demanderesseen cassation \u00e9tant \u00e0 condamner auxfrais etd\u00e9pens de l\u2019instance en cassation, sa demande en allocation d\u2019une indemnit\u00e9 de proc\u00e9dure est \u00e0 rejeter.<\/p>\n<p>3 PAR CES MOTIFS, la Cour de cassation ditle pourvoi irrecevable; d\u00e9boutela demanderesse en cassation de sa demande en allocation d\u2019une indemnit\u00e9 de proc\u00e9dure; condamnela demanderesse en cassation aux frais de l\u2019instance en cassation au p\u00e9nal, ceux expos\u00e9s par le Minist\u00e8re public \u00e9tant liquid\u00e9s \u00e05euros; condamne la demanderesse en cassation aux frais et d\u00e9pens de l\u2019instance en cassationau civil. Ainsi jug\u00e9 par laCour de cassation du Grand-Duch\u00e9 de Luxembourg en son audience publique du jeudi,six juin deux mille vingt-quatre,\u00e0 la Cit\u00e9 Judiciaire, B\u00e2timent CR, Plateau du St. Esprit, compos\u00e9e de: Thierry HOSCHEIT, pr\u00e9sident de la Cour, Agn\u00e8s ZAGO,conseiller \u00e0 la Cour de cassation, Marie-Laure MEYER, conseiller \u00e0 la Cour de cassation, Monique HENTGEN, conseiller \u00e0 la Cour de cassation, Jeanne GUILLAUME, conseiller \u00e0 la Cour de cassation, qui ont sign\u00e9 le pr\u00e9sent arr\u00eatavec le greffier \u00e0 la CourDaniel SCHROEDER. La lecture du pr\u00e9sent arr\u00eat a \u00e9t\u00e9 faite en la susdite audience publique par le pr\u00e9sident Thierry HOSCHEITen pr\u00e9sence du premieravocatg\u00e9n\u00e9ralMarie-Jeanne KAPPWEILERet du greffier Daniel SCHROEDER.<\/p>\n<p>4 Conclusions du Parquetg\u00e9n\u00e9ral dans l\u2019affaire de cassation de la soci\u00e9t\u00e9 anonymeSOCIETE1.) en pr\u00e9sence du Minist\u00e8re public (affaire CAS-2023-00115 du registre) Par d\u00e9claration faite le 21 juin 2023 au greffe de la Cour sup\u00e9rieure de justice, Ma\u00eetre St\u00e9phanie TRAN, avocat \u00e0 la Cour en remplacement de Ma\u00eetre G\u00e9rald STEVENS, avocat \u00e0 la Cour, les deux demeurant \u00e0 Luxembourg, forma au nom et pour le compte de la soci\u00e9t\u00e9 anonyme SOCIETE1.)un recours en cassation au p\u00e9nal et au civil contre l\u2019arr\u00eat num\u00e9ro 228\/23-V, rendu le 13 juin 2023 par la Cour d\u2019appel du Grand-Duch\u00e9 de Luxembourg, cinqui\u00e8me chambre, si\u00e9geant en mati\u00e8re correctionnelle. Cette d\u00e9claration de recours a \u00e9t\u00e9 suivie en date du 12 juillet 2023 du d\u00e9p\u00f4t d\u2019un m\u00e9moire en cassation au nom de la soci\u00e9t\u00e9 anonymeSOCIETE1.). Le pourvoi est recevable pour avoir \u00e9t\u00e9 introduit dans le d\u00e9lai de la loi modifi\u00e9e du 18 f\u00e9vrier 1885 sur les pourvois et la proc\u00e9dure encassation. Quant aux exigences de forme \u00e0 respecter par le demandeur en cassation, l\u2019article 43, alin\u00e9a 1er, de la loi modifi\u00e9e du 18 f\u00e9vrier 1885 sur les pourvois et la proc\u00e9dure en cassation dispose que: \u00abLorsque la partie condamn\u00e9e ou la partie civile exercerale recours en cassation, l&#039;une ou l&#039;autre devront, dans le mois de la d\u00e9claration qu&#039;elles en auront faite, \u00e0 peine de d\u00e9ch\u00e9ance, d\u00e9poser au greffe o\u00f9 cette d\u00e9claration aura \u00e9t\u00e9 re\u00e7ue, un m\u00e9moire qui sera sign\u00e9 par un avocat \u00e0 la Cour et qui pr\u00e9cisera lesdispositions attaqu\u00e9es du jugement ou de l&#039;arr\u00eat et contiendra les moyens de cassation. La d\u00e9signation des dispositions attaqu\u00e9es sera consid\u00e9r\u00e9e comme faite \u00e0 suffisance de droit lorsqu&#039;elle r\u00e9sulte n\u00e9cessairement de l&#039;expos\u00e9 des moyens ou des conclusions.\u00bb Le m\u00e9moire de la partie demanderesse en cassation porte \u00e0 la fin et au-dessus de la mention \u00abp. Me G\u00e9rald STEVENS emp\u00bbunesignature illisible. Il n\u2019est pas \u00e9tabli que cette signature \u00e9mane d\u2019un avocat \u00e0 la Cour au sens de l\u2019article pr\u00e9cit\u00e9. Il en suit que le pourvoi est irrecevable.<\/p>\n<p>5 Conclusion Le pourvoi est irrecevable. Pour le Procureur g\u00e9n\u00e9rald\u2019\u00c9tat, le premier avocat g\u00e9n\u00e9ral, Sandra KERSCH<\/p>\n<\/div>\n<hr class=\"kji-sep\" \/>\n<p class=\"kji-source-links\"><strong>Sources officielles :<\/strong> <a class=\"kji-source-link\" href=\"https:\/\/data.public.lu\/fr\/datasets\/cour-de-cassation\/\" target=\"_blank\" rel=\"noopener noreferrer\">consulter la page source<\/a> &middot; <a class=\"kji-pdf-link\" href=\"https:\/\/download.data.public.lu\/resources\/cour-de-cassation\/20240806-161209\/20240606-cas-2023-00115-92-pseudonymise-accessible.pdf\" target=\"_blank\" rel=\"noopener noreferrer\">PDF officiel<\/a><\/p>\n<p class=\"kji-license-note\"><em>Licence CC BY-ND 4.0 (Administration judiciaire, data.public.lu). Republication autorisee avec attribution, sans modification editoriale du texte integral.<\/em><\/p>\n<\/div>\n","protected":false},"excerpt":{"rendered":"<p>N\u00b092\/ 2024p\u00e9nal du06.06.2024 Not.36610\/20\/CD Num\u00e9roCAS-2023-00115du registre LaCour de cassation du Grand-Duch\u00e9 de Luxembourga rendu en son audience publique du jeudi,sixjuindeuxmillevingt-quatre, sur le pourvoi de lasoci\u00e9t\u00e9 \u00e0 responsabilit\u00e9 limit\u00e9eSOCIETE1.),\u00e9tablie et ayant son si\u00e8ge social \u00e0 L-ADRESSE1.), repr\u00e9sent\u00e9e par le conseil d\u2019administration, inscrite au registre de commerce\u2026<\/p>\n","protected":false},"featured_media":0,"template":"","meta":{"_crdt_document":""},"kji_country":[8418],"kji_court":[8423],"kji_chamber":[],"kji_year":[8677],"kji_subject":[7724],"kji_keyword":[8424,8425],"kji_language":[7733],"class_list":["post-590083","kji_decision","type-kji_decision","status-publish","hentry","kji_country-luxembourg","kji_court-cour-de-cassation","kji_year-8677","kji_subject-civil","kji_keyword-cassation","kji_keyword-penal","kji_language-francais"],"yoast_head":"<!-- This site is optimized with the Yoast SEO Premium plugin v27.5 (Yoast SEO v27.5) - https:\/\/yoast.com\/product\/yoast-seo-premium-wordpress\/ -->\n<title>Cour de cassation, 6 juin 2024, n\u00b0 2023-00115 - Ma\u00eetre Hassan Kohen, avocat en droit p\u00e9nal \u00e0 Paris<\/title>\n<meta name=\"robots\" content=\"index, follow, max-snippet:-1, max-image-preview:large, max-video-preview:-1\" \/>\n<link rel=\"canonical\" href=\"https:\/\/kohenavocats.com\/zh-hans\/jurisprudences\/cour-de-cassation-6-juin-2024-n-2023-00115\/\" \/>\n<meta property=\"og:locale\" content=\"zh_CN\" \/>\n<meta property=\"og:type\" content=\"article\" \/>\n<meta property=\"og:title\" content=\"Cour de cassation, 6 juin 2024, n\u00b0 2023-00115\" \/>\n<meta property=\"og:description\" content=\"N\u00b092\/ 2024p\u00e9nal du06.06.2024 Not.36610\/20\/CD Num\u00e9roCAS-2023-00115du registre LaCour de cassation du Grand-Duch\u00e9 de Luxembourga rendu en son audience publique du jeudi,sixjuindeuxmillevingt-quatre, sur le pourvoi de lasoci\u00e9t\u00e9 \u00e0 responsabilit\u00e9 limit\u00e9eSOCIETE1.),\u00e9tablie et ayant son si\u00e8ge social \u00e0 L-ADRESSE1.), repr\u00e9sent\u00e9e par le conseil d\u2019administration, inscrite au registre de commerce\u2026\" \/>\n<meta property=\"og:url\" content=\"https:\/\/kohenavocats.com\/zh-hans\/jurisprudences\/cour-de-cassation-6-juin-2024-n-2023-00115\/\" \/>\n<meta property=\"og:site_name\" content=\"Ma\u00eetre Hassan Kohen, avocat en droit p\u00e9nal \u00e0 Paris\" \/>\n<meta property=\"article:modified_time\" content=\"2026-04-17T21:24:12+00:00\" \/>\n<meta name=\"twitter:card\" content=\"summary_large_image\" \/>\n<meta name=\"twitter:label1\" content=\"\u9884\u8ba1\u9605\u8bfb\u65f6\u95f4\" \/>\n\t<meta name=\"twitter:data1\" content=\"6 \u5206\" \/>\n<script type=\"application\/ld+json\" class=\"yoast-schema-graph\">{\"@context\":\"https:\\\/\\\/schema.org\",\"@graph\":[{\"@type\":\"WebPage\",\"@id\":\"https:\\\/\\\/kohenavocats.com\\\/zh-hans\\\/jurisprudences\\\/cour-de-cassation-6-juin-2024-n-2023-00115\\\/\",\"url\":\"https:\\\/\\\/kohenavocats.com\\\/zh-hans\\\/jurisprudences\\\/cour-de-cassation-6-juin-2024-n-2023-00115\\\/\",\"name\":\"Cour de cassation, 6 juin 2024, n\u00b0 2023-00115 - Ma\u00eetre Hassan Kohen, avocat en droit p\u00e9nal \u00e0 Paris\",\"isPartOf\":{\"@id\":\"https:\\\/\\\/kohenavocats.com\\\/zh-hans\\\/#website\"},\"datePublished\":\"2026-04-17T21:24:09+00:00\",\"dateModified\":\"2026-04-17T21:24:12+00:00\",\"breadcrumb\":{\"@id\":\"https:\\\/\\\/kohenavocats.com\\\/zh-hans\\\/jurisprudences\\\/cour-de-cassation-6-juin-2024-n-2023-00115\\\/#breadcrumb\"},\"inLanguage\":\"zh-Hans\",\"potentialAction\":[{\"@type\":\"ReadAction\",\"target\":[\"https:\\\/\\\/kohenavocats.com\\\/zh-hans\\\/jurisprudences\\\/cour-de-cassation-6-juin-2024-n-2023-00115\\\/\"]}]},{\"@type\":\"BreadcrumbList\",\"@id\":\"https:\\\/\\\/kohenavocats.com\\\/zh-hans\\\/jurisprudences\\\/cour-de-cassation-6-juin-2024-n-2023-00115\\\/#breadcrumb\",\"itemListElement\":[{\"@type\":\"ListItem\",\"position\":1,\"name\":\"Home\",\"item\":\"https:\\\/\\\/kohenavocats.com\\\/zh-hans\\\/\"},{\"@type\":\"ListItem\",\"position\":2,\"name\":\"Jurisprudences\",\"item\":\"https:\\\/\\\/kohenavocats.com\\\/zh-hans\\\/jurisprudences\\\/\"},{\"@type\":\"ListItem\",\"position\":3,\"name\":\"Cour de cassation, 6 juin 2024, n\u00b0 2023-00115\"}]},{\"@type\":\"WebSite\",\"@id\":\"https:\\\/\\\/kohenavocats.com\\\/zh-hans\\\/#website\",\"url\":\"https:\\\/\\\/kohenavocats.com\\\/zh-hans\\\/\",\"name\":\"Kohen Avocats\",\"description\":\"Ma\u00eetre Hassan Kohen, avocat p\u00e9naliste \u00e0 Paris, intervient exclusivement en droit p\u00e9nal pour la d\u00e9fense des particuliers, notamment en mati\u00e8re d\u2019accusations de viol. Il assure un accompagnement rigoureux d\u00e8s la garde \u00e0 vue jusqu\u2019\u00e0 la Cour d\u2019assises, veillant au strict respect des garanties proc\u00e9durales.\",\"publisher\":{\"@id\":\"https:\\\/\\\/kohenavocats.com\\\/zh-hans\\\/#organization\"},\"potentialAction\":[{\"@type\":\"SearchAction\",\"target\":{\"@type\":\"EntryPoint\",\"urlTemplate\":\"https:\\\/\\\/kohenavocats.com\\\/zh-hans\\\/?s={search_term_string}\"},\"query-input\":{\"@type\":\"PropertyValueSpecification\",\"valueRequired\":true,\"valueName\":\"search_term_string\"}}],\"inLanguage\":\"zh-Hans\"},{\"@type\":\"Organization\",\"@id\":\"https:\\\/\\\/kohenavocats.com\\\/zh-hans\\\/#organization\",\"name\":\"Kohen Avocats\",\"url\":\"https:\\\/\\\/kohenavocats.com\\\/zh-hans\\\/\",\"logo\":{\"@type\":\"ImageObject\",\"inLanguage\":\"zh-Hans\",\"@id\":\"https:\\\/\\\/kohenavocats.com\\\/zh-hans\\\/#\\\/schema\\\/logo\\\/image\\\/\",\"url\":\"https:\\\/\\\/kohenavocats.com\\\/wp-content\\\/uploads\\\/2026\\\/01\\\/Logo-2-1.webp\",\"contentUrl\":\"https:\\\/\\\/kohenavocats.com\\\/wp-content\\\/uploads\\\/2026\\\/01\\\/Logo-2-1.webp\",\"width\":2114,\"height\":1253,\"caption\":\"Kohen Avocats\"},\"image\":{\"@id\":\"https:\\\/\\\/kohenavocats.com\\\/zh-hans\\\/#\\\/schema\\\/logo\\\/image\\\/\"}}]}<\/script>\n<!-- \/ Yoast SEO Premium plugin. -->","yoast_head_json":{"title":"Cour de cassation, 6 juin 2024, n\u00b0 2023-00115 - Ma\u00eetre Hassan Kohen, avocat en droit p\u00e9nal \u00e0 Paris","robots":{"index":"index","follow":"follow","max-snippet":"max-snippet:-1","max-image-preview":"max-image-preview:large","max-video-preview":"max-video-preview:-1"},"canonical":"https:\/\/kohenavocats.com\/zh-hans\/jurisprudences\/cour-de-cassation-6-juin-2024-n-2023-00115\/","og_locale":"zh_CN","og_type":"article","og_title":"Cour de cassation, 6 juin 2024, n\u00b0 2023-00115","og_description":"N\u00b092\/ 2024p\u00e9nal du06.06.2024 Not.36610\/20\/CD Num\u00e9roCAS-2023-00115du registre LaCour de cassation du Grand-Duch\u00e9 de Luxembourga rendu en son audience publique du jeudi,sixjuindeuxmillevingt-quatre, sur le pourvoi de lasoci\u00e9t\u00e9 \u00e0 responsabilit\u00e9 limit\u00e9eSOCIETE1.),\u00e9tablie et ayant son si\u00e8ge social \u00e0 L-ADRESSE1.), repr\u00e9sent\u00e9e par le conseil d\u2019administration, inscrite au registre de commerce\u2026","og_url":"https:\/\/kohenavocats.com\/zh-hans\/jurisprudences\/cour-de-cassation-6-juin-2024-n-2023-00115\/","og_site_name":"Ma\u00eetre Hassan Kohen, avocat en droit p\u00e9nal \u00e0 Paris","article_modified_time":"2026-04-17T21:24:12+00:00","twitter_card":"summary_large_image","twitter_misc":{"\u9884\u8ba1\u9605\u8bfb\u65f6\u95f4":"6 \u5206"},"schema":{"@context":"https:\/\/schema.org","@graph":[{"@type":"WebPage","@id":"https:\/\/kohenavocats.com\/zh-hans\/jurisprudences\/cour-de-cassation-6-juin-2024-n-2023-00115\/","url":"https:\/\/kohenavocats.com\/zh-hans\/jurisprudences\/cour-de-cassation-6-juin-2024-n-2023-00115\/","name":"Cour de cassation, 6 juin 2024, n\u00b0 2023-00115 - Ma\u00eetre Hassan Kohen, avocat en droit p\u00e9nal \u00e0 Paris","isPartOf":{"@id":"https:\/\/kohenavocats.com\/zh-hans\/#website"},"datePublished":"2026-04-17T21:24:09+00:00","dateModified":"2026-04-17T21:24:12+00:00","breadcrumb":{"@id":"https:\/\/kohenavocats.com\/zh-hans\/jurisprudences\/cour-de-cassation-6-juin-2024-n-2023-00115\/#breadcrumb"},"inLanguage":"zh-Hans","potentialAction":[{"@type":"ReadAction","target":["https:\/\/kohenavocats.com\/zh-hans\/jurisprudences\/cour-de-cassation-6-juin-2024-n-2023-00115\/"]}]},{"@type":"BreadcrumbList","@id":"https:\/\/kohenavocats.com\/zh-hans\/jurisprudences\/cour-de-cassation-6-juin-2024-n-2023-00115\/#breadcrumb","itemListElement":[{"@type":"ListItem","position":1,"name":"Home","item":"https:\/\/kohenavocats.com\/zh-hans\/"},{"@type":"ListItem","position":2,"name":"Jurisprudences","item":"https:\/\/kohenavocats.com\/zh-hans\/jurisprudences\/"},{"@type":"ListItem","position":3,"name":"Cour de cassation, 6 juin 2024, n\u00b0 2023-00115"}]},{"@type":"WebSite","@id":"https:\/\/kohenavocats.com\/zh-hans\/#website","url":"https:\/\/kohenavocats.com\/zh-hans\/","name":"Kohen Avocats","description":"Ma\u00eetre Hassan Kohen, avocat p\u00e9naliste \u00e0 Paris, intervient exclusivement en droit p\u00e9nal pour la d\u00e9fense des particuliers, notamment en mati\u00e8re d\u2019accusations de viol. Il assure un accompagnement rigoureux d\u00e8s la garde \u00e0 vue jusqu\u2019\u00e0 la Cour d\u2019assises, veillant au strict respect des garanties proc\u00e9durales.","publisher":{"@id":"https:\/\/kohenavocats.com\/zh-hans\/#organization"},"potentialAction":[{"@type":"SearchAction","target":{"@type":"EntryPoint","urlTemplate":"https:\/\/kohenavocats.com\/zh-hans\/?s={search_term_string}"},"query-input":{"@type":"PropertyValueSpecification","valueRequired":true,"valueName":"search_term_string"}}],"inLanguage":"zh-Hans"},{"@type":"Organization","@id":"https:\/\/kohenavocats.com\/zh-hans\/#organization","name":"Kohen Avocats","url":"https:\/\/kohenavocats.com\/zh-hans\/","logo":{"@type":"ImageObject","inLanguage":"zh-Hans","@id":"https:\/\/kohenavocats.com\/zh-hans\/#\/schema\/logo\/image\/","url":"https:\/\/kohenavocats.com\/wp-content\/uploads\/2026\/01\/Logo-2-1.webp","contentUrl":"https:\/\/kohenavocats.com\/wp-content\/uploads\/2026\/01\/Logo-2-1.webp","width":2114,"height":1253,"caption":"Kohen Avocats"},"image":{"@id":"https:\/\/kohenavocats.com\/zh-hans\/#\/schema\/logo\/image\/"}}]}},"jetpack_likes_enabled":false,"jetpack_sharing_enabled":true,"_links":{"self":[{"href":"https:\/\/kohenavocats.com\/zh-hans\/wp-json\/wp\/v2\/kji_decision\/590083","targetHints":{"allow":["GET"]}}],"collection":[{"href":"https:\/\/kohenavocats.com\/zh-hans\/wp-json\/wp\/v2\/kji_decision"}],"about":[{"href":"https:\/\/kohenavocats.com\/zh-hans\/wp-json\/wp\/v2\/types\/kji_decision"}],"wp:attachment":[{"href":"https:\/\/kohenavocats.com\/zh-hans\/wp-json\/wp\/v2\/media?parent=590083"}],"wp:term":[{"taxonomy":"kji_country","embeddable":true,"href":"https:\/\/kohenavocats.com\/zh-hans\/wp-json\/wp\/v2\/kji_country?post=590083"},{"taxonomy":"kji_court","embeddable":true,"href":"https:\/\/kohenavocats.com\/zh-hans\/wp-json\/wp\/v2\/kji_court?post=590083"},{"taxonomy":"kji_chamber","embeddable":true,"href":"https:\/\/kohenavocats.com\/zh-hans\/wp-json\/wp\/v2\/kji_chamber?post=590083"},{"taxonomy":"kji_year","embeddable":true,"href":"https:\/\/kohenavocats.com\/zh-hans\/wp-json\/wp\/v2\/kji_year?post=590083"},{"taxonomy":"kji_subject","embeddable":true,"href":"https:\/\/kohenavocats.com\/zh-hans\/wp-json\/wp\/v2\/kji_subject?post=590083"},{"taxonomy":"kji_keyword","embeddable":true,"href":"https:\/\/kohenavocats.com\/zh-hans\/wp-json\/wp\/v2\/kji_keyword?post=590083"},{"taxonomy":"kji_language","embeddable":true,"href":"https:\/\/kohenavocats.com\/zh-hans\/wp-json\/wp\/v2\/kji_language?post=590083"}],"curies":[{"name":"wp","href":"https:\/\/api.w.org\/{rel}","templated":true}]}}