{"id":596021,"date":"2026-04-18T17:49:19","date_gmt":"2026-04-18T15:49:19","guid":{"rendered":"https:\/\/kohenavocats.com\/jurisprudences\/ordinanza-n-24043-du-06-09-2024-prima-sezione-civile\/"},"modified":"2026-04-18T17:49:19","modified_gmt":"2026-04-18T15:49:19","slug":"ordinanza-n-24043-du-06-09-2024-prima-sezione-civile","status":"publish","type":"kji_decision","link":"https:\/\/kohenavocats.com\/zh-hans\/jurisprudences\/ordinanza-n-24043-du-06-09-2024-prima-sezione-civile\/","title":{"rendered":"Ordinanza n. 24043 du 06\/09\/2024 &#8211; Prima sezione \/ Civile"},"content":{"rendered":"<div class=\"kji-decision\">\n<div class=\"kji-full-text\">\n<p>Oggetto<\/p>\n<p>Pubblica amministrazione &#8211; Riscossione coattiva tramite ruolo dei crediti della Cassa Nazionale di Previdenza e Assistenza Forense &#8211; Abrogazione del regime \u201cnon riscosso per riscosso\u201d &#8211; Proroghe normative dei termini per l\u2019invio della dichiarazione di inesigibilit\u00e0 ai fini del discarico da responsabilit\u00e0 &#8211; Questione di massima di particolare importanza.<\/p>\n<p>Presidente: A. Valitutti<\/p>\n<p> Relatore: C. Parise<\/p>\n<p> L\u2019esito in sintesi<br \/>\n La Sezione Prima civile, in una causa di opposizione a decreto ingiuntivo richiesto dalla Cassa Nazionale di Previdenza e Assistenza Forense nei confronti dell\u2019agente per la riscossione (oggi, AdER), ha disposto, ai sensi dell\u2019art. 374, comma 2, c.p.c., la trasmissione del ricorso al Primo Presidente per l\u2019eventuale assegnazione alle Sezioni Unite della seguente questione ritenuta di massima di particolare importanza, \u00absia perch\u00e9 involgente il delicato tema della parit\u00e0 delle armi processuali e retroattivit\u00e0 nel diritto CEDU, sia perch\u00e9 attinente a un contenzioso di rilevanza consistentissima\u00bb:<\/p>\n<p>\u00abse, in tema di riscossione coattiva tramite ruoli dei crediti della Cassa Nazionale di Previdenza e Assistenza Forense, il quadro normativo complessivo, in particolare quello disciplinato dalle leggi n. 228\/2012 e n. 190\/2014, sia compatibile o meno con l\u2019art. 6 par. 1 CEDU, quale norma interposta in relazione al parametro di cui all\u2019art. 117, primo comma, Cost., avuto riguardo ai seguenti profili: a) la ricorrenza di elementi sintomatici di un uso distorto della funzione legislativa, come individuati nella pronuncia n. 210\/2021 della Corte Costituzionale, avuto riguardo al fatto che ADER, ente pubblico, \u00e8 parte del giudizio; il primo intervento legislativo che ha inciso significativamente sul meccanismo del discarico, pur prevedibile, \u00e8 avvenuto nel 2012, mentre quello precedente, parimenti finalizzato a perseguire esigenze di razionalizzazione del sistema di riscossione mediante ruolo, risale al 1999); b) l\u2019incidenza, nella ponderazione dei motivi imperativi di carattere generale, sia della preponderanza di considerazioni di natura finanziaria (Cfr. Corte Cost. n. 145\/2022), sia della necessit\u00e0 di bilanciamento dell\u2019interesse generale con quello legato alla finalit\u00e0 solidaristica della Cassa, in tesi pregiudicata nel suo equilibrio finanziario in considerazione dell\u2019elevato numero di debitori, dell\u2019accumularsi negli anni delle poste in riscossione tramite ruoli e dell\u2019ingentissimo importo complessivo dei crediti gi\u00e0 dichiarati inesigibili o a rischio di inesigibilit\u00e0; c) il continuo e prolungato susseguirsi negli anni delle proroghe dei termini per la dichiarazione di inesigibilit\u00e0, in quanto i \u201cmeccanismi comportanti una lunghissima dilazione temporale\u201d sono difficilmente compatibili con la fisiologica dinamica di una riscossione ordinata e tempestivamente controllabile delle entrate (Corte Cost. n. 51\/2019 e Corte Cost. n. 18\/2019); d) la duratura incertezza, derivante dalle suddette proroghe, sull\u2019esito della riscossione e sulla definizione dei rapporti debitori, nonch\u00e9, di riflesso, l\u2019allungamento considerevole della durata del processo; e) l\u2019incidenza delle suesposte considerazioni sull\u2019efficace esperibilit\u00e0 di rimedi alternativi quali l\u2019azione diretta della Cassa verso gli iscritti debitori, che deve concretarsi nella \u201cragionevole possibilit\u00e0 di preservare le proprie ragioni, senza trovarsi in una situazione di netto svantaggio rispetto alla controparte\u201d (Corte Cost. n. 210\/2021)\u00bb.<\/p>\n<\/div>\n<hr class=\"kji-sep\" \/>\n<p class=\"kji-source-links\"><strong>Sources officielles :<\/strong> <a class=\"kji-source-link\" href=\"https:\/\/www.cortedicassazione.it\/it\/civile_dettaglio.page?contentId=SZC33720\" target=\"_blank\" rel=\"noopener noreferrer\">consulter la page source<\/a> &middot; <a class=\"kji-pdf-link\" href=\"https:\/\/www.cortedicassazione.it\/resources\/cms\/documents\/24043_09_2024_civ_noindex.pdf\" target=\"_blank\" rel=\"noopener noreferrer\">PDF officiel<\/a><\/p>\n<p class=\"kji-license-note\"><em>Corte Suprema di Cassazione, note legali verifiees live le 2026-04-12 : reproduction avec mention de source autorisee, mais utilisation commerciale des contenus expressement interdite. Source active en metadata_only uniquement.<\/em><\/p>\n<\/div>\n","protected":false},"excerpt":{"rendered":"<p>Oggetto Pubblica amministrazione &#8211; Riscossione coattiva tramite ruolo dei crediti della Cassa Nazionale di Previdenza e Assistenza Forense &#8211; Abrogazione del regime \u201cnon riscosso per riscosso\u201d &#8211; Proroghe normative dei termini per l\u2019invio della dichiarazione di inesigibilit\u00e0 ai fini del discarico da responsabilit\u00e0 &#8211; Questione di massima di particolare importanza. Presidente: A. Valitutti Relatore: C. Parise L\u2019esito in sintesi La&#8230;<\/p>\n","protected":false},"featured_media":0,"template":"","meta":{"_crdt_document":""},"kji_country":[7681],"kji_court":[7682],"kji_chamber":[7728],"kji_year":[8677],"kji_subject":[7724],"kji_keyword":[7727,7690,7725,7730,7688],"kji_language":[7685],"class_list":["post-596021","kji_decision","type-kji_decision","status-publish","hentry","kji_country-italie","kji_court-corte-suprema-di-cassazione","kji_chamber-prima-sezione","kji_year-8677","kji_subject-civil","kji_keyword-civile","kji_keyword-oggetto","kji_keyword-ordinanza","kji_keyword-prima","kji_keyword-sezione","kji_language-italien"],"yoast_head":"<!-- This site is optimized with the Yoast SEO Premium plugin v27.5 (Yoast SEO v27.5) - https:\/\/yoast.com\/product\/yoast-seo-premium-wordpress\/ -->\n<title>Ordinanza n. 24043 du 06\/09\/2024 - Prima sezione \/ Civile - Ma\u00eetre Hassan Kohen, avocat en droit p\u00e9nal \u00e0 Paris<\/title>\n<meta name=\"robots\" content=\"index, follow, max-snippet:-1, max-image-preview:large, max-video-preview:-1\" \/>\n<link rel=\"canonical\" href=\"https:\/\/kohenavocats.com\/zh-hans\/jurisprudences\/ordinanza-n-24043-du-06-09-2024-prima-sezione-civile\/\" \/>\n<meta property=\"og:locale\" content=\"zh_CN\" \/>\n<meta property=\"og:type\" content=\"article\" \/>\n<meta property=\"og:title\" content=\"Ordinanza n. 24043 du 06\/09\/2024 - Prima sezione \/ Civile\" \/>\n<meta property=\"og:description\" content=\"Oggetto Pubblica amministrazione - Riscossione coattiva tramite ruolo dei crediti della Cassa Nazionale di Previdenza e Assistenza Forense - Abrogazione del regime \u201cnon riscosso per riscosso\u201d - Proroghe normative dei termini per l\u2019invio della dichiarazione di inesigibilit\u00e0 ai fini del discarico da responsabilit\u00e0 - Questione di massima di particolare importanza. Presidente: A. Valitutti Relatore: C. Parise L\u2019esito in sintesi La...\" \/>\n<meta property=\"og:url\" content=\"https:\/\/kohenavocats.com\/zh-hans\/jurisprudences\/ordinanza-n-24043-du-06-09-2024-prima-sezione-civile\/\" \/>\n<meta property=\"og:site_name\" content=\"Ma\u00eetre Hassan Kohen, avocat en droit p\u00e9nal \u00e0 Paris\" \/>\n<meta name=\"twitter:card\" content=\"summary_large_image\" \/>\n<meta name=\"twitter:label1\" content=\"\u9884\u8ba1\u9605\u8bfb\u65f6\u95f4\" \/>\n\t<meta name=\"twitter:data1\" content=\"3 \u5206\" \/>\n<script type=\"application\/ld+json\" class=\"yoast-schema-graph\">{\"@context\":\"https:\\\/\\\/schema.org\",\"@graph\":[{\"@type\":\"WebPage\",\"@id\":\"https:\\\/\\\/kohenavocats.com\\\/zh-hans\\\/jurisprudences\\\/ordinanza-n-24043-du-06-09-2024-prima-sezione-civile\\\/\",\"url\":\"https:\\\/\\\/kohenavocats.com\\\/zh-hans\\\/jurisprudences\\\/ordinanza-n-24043-du-06-09-2024-prima-sezione-civile\\\/\",\"name\":\"Ordinanza n. 24043 du 06\\\/09\\\/2024 - Prima sezione \\\/ Civile - Ma\u00eetre Hassan Kohen, avocat en droit p\u00e9nal \u00e0 Paris\",\"isPartOf\":{\"@id\":\"https:\\\/\\\/kohenavocats.com\\\/zh-hans\\\/#website\"},\"datePublished\":\"2026-04-18T15:49:19+00:00\",\"breadcrumb\":{\"@id\":\"https:\\\/\\\/kohenavocats.com\\\/zh-hans\\\/jurisprudences\\\/ordinanza-n-24043-du-06-09-2024-prima-sezione-civile\\\/#breadcrumb\"},\"inLanguage\":\"zh-Hans\",\"potentialAction\":[{\"@type\":\"ReadAction\",\"target\":[\"https:\\\/\\\/kohenavocats.com\\\/zh-hans\\\/jurisprudences\\\/ordinanza-n-24043-du-06-09-2024-prima-sezione-civile\\\/\"]}]},{\"@type\":\"BreadcrumbList\",\"@id\":\"https:\\\/\\\/kohenavocats.com\\\/zh-hans\\\/jurisprudences\\\/ordinanza-n-24043-du-06-09-2024-prima-sezione-civile\\\/#breadcrumb\",\"itemListElement\":[{\"@type\":\"ListItem\",\"position\":1,\"name\":\"Home\",\"item\":\"https:\\\/\\\/kohenavocats.com\\\/zh-hans\\\/\"},{\"@type\":\"ListItem\",\"position\":2,\"name\":\"Jurisprudences\",\"item\":\"https:\\\/\\\/kohenavocats.com\\\/zh-hans\\\/jurisprudences\\\/\"},{\"@type\":\"ListItem\",\"position\":3,\"name\":\"Ordinanza n. 24043 du 06\\\/09\\\/2024 &#8211; Prima sezione \\\/ Civile\"}]},{\"@type\":\"WebSite\",\"@id\":\"https:\\\/\\\/kohenavocats.com\\\/zh-hans\\\/#website\",\"url\":\"https:\\\/\\\/kohenavocats.com\\\/zh-hans\\\/\",\"name\":\"Kohen Avocats\",\"description\":\"Ma\u00eetre Hassan Kohen, avocat p\u00e9naliste \u00e0 Paris, intervient exclusivement en droit p\u00e9nal pour la d\u00e9fense des particuliers, notamment en mati\u00e8re d\u2019accusations de viol. Il assure un accompagnement rigoureux d\u00e8s la garde \u00e0 vue jusqu\u2019\u00e0 la Cour d\u2019assises, veillant au strict respect des garanties proc\u00e9durales.\",\"publisher\":{\"@id\":\"https:\\\/\\\/kohenavocats.com\\\/zh-hans\\\/#organization\"},\"potentialAction\":[{\"@type\":\"SearchAction\",\"target\":{\"@type\":\"EntryPoint\",\"urlTemplate\":\"https:\\\/\\\/kohenavocats.com\\\/zh-hans\\\/?s={search_term_string}\"},\"query-input\":{\"@type\":\"PropertyValueSpecification\",\"valueRequired\":true,\"valueName\":\"search_term_string\"}}],\"inLanguage\":\"zh-Hans\"},{\"@type\":\"Organization\",\"@id\":\"https:\\\/\\\/kohenavocats.com\\\/zh-hans\\\/#organization\",\"name\":\"Kohen Avocats\",\"url\":\"https:\\\/\\\/kohenavocats.com\\\/zh-hans\\\/\",\"logo\":{\"@type\":\"ImageObject\",\"inLanguage\":\"zh-Hans\",\"@id\":\"https:\\\/\\\/kohenavocats.com\\\/zh-hans\\\/#\\\/schema\\\/logo\\\/image\\\/\",\"url\":\"https:\\\/\\\/kohenavocats.com\\\/wp-content\\\/uploads\\\/2026\\\/01\\\/Logo-2-1.webp\",\"contentUrl\":\"https:\\\/\\\/kohenavocats.com\\\/wp-content\\\/uploads\\\/2026\\\/01\\\/Logo-2-1.webp\",\"width\":2114,\"height\":1253,\"caption\":\"Kohen Avocats\"},\"image\":{\"@id\":\"https:\\\/\\\/kohenavocats.com\\\/zh-hans\\\/#\\\/schema\\\/logo\\\/image\\\/\"}}]}<\/script>\n<!-- \/ Yoast SEO Premium plugin. -->","yoast_head_json":{"title":"Ordinanza n. 24043 du 06\/09\/2024 - Prima sezione \/ Civile - Ma\u00eetre Hassan Kohen, avocat en droit p\u00e9nal \u00e0 Paris","robots":{"index":"index","follow":"follow","max-snippet":"max-snippet:-1","max-image-preview":"max-image-preview:large","max-video-preview":"max-video-preview:-1"},"canonical":"https:\/\/kohenavocats.com\/zh-hans\/jurisprudences\/ordinanza-n-24043-du-06-09-2024-prima-sezione-civile\/","og_locale":"zh_CN","og_type":"article","og_title":"Ordinanza n. 24043 du 06\/09\/2024 - Prima sezione \/ Civile","og_description":"Oggetto Pubblica amministrazione - Riscossione coattiva tramite ruolo dei crediti della Cassa Nazionale di Previdenza e Assistenza Forense - Abrogazione del regime \u201cnon riscosso per riscosso\u201d - Proroghe normative dei termini per l\u2019invio della dichiarazione di inesigibilit\u00e0 ai fini del discarico da responsabilit\u00e0 - Questione di massima di particolare importanza. Presidente: A. Valitutti Relatore: C. Parise L\u2019esito in sintesi La...","og_url":"https:\/\/kohenavocats.com\/zh-hans\/jurisprudences\/ordinanza-n-24043-du-06-09-2024-prima-sezione-civile\/","og_site_name":"Ma\u00eetre Hassan Kohen, avocat en droit p\u00e9nal \u00e0 Paris","twitter_card":"summary_large_image","twitter_misc":{"\u9884\u8ba1\u9605\u8bfb\u65f6\u95f4":"3 \u5206"},"schema":{"@context":"https:\/\/schema.org","@graph":[{"@type":"WebPage","@id":"https:\/\/kohenavocats.com\/zh-hans\/jurisprudences\/ordinanza-n-24043-du-06-09-2024-prima-sezione-civile\/","url":"https:\/\/kohenavocats.com\/zh-hans\/jurisprudences\/ordinanza-n-24043-du-06-09-2024-prima-sezione-civile\/","name":"Ordinanza n. 24043 du 06\/09\/2024 - Prima sezione \/ Civile - Ma\u00eetre Hassan Kohen, avocat en droit p\u00e9nal \u00e0 Paris","isPartOf":{"@id":"https:\/\/kohenavocats.com\/zh-hans\/#website"},"datePublished":"2026-04-18T15:49:19+00:00","breadcrumb":{"@id":"https:\/\/kohenavocats.com\/zh-hans\/jurisprudences\/ordinanza-n-24043-du-06-09-2024-prima-sezione-civile\/#breadcrumb"},"inLanguage":"zh-Hans","potentialAction":[{"@type":"ReadAction","target":["https:\/\/kohenavocats.com\/zh-hans\/jurisprudences\/ordinanza-n-24043-du-06-09-2024-prima-sezione-civile\/"]}]},{"@type":"BreadcrumbList","@id":"https:\/\/kohenavocats.com\/zh-hans\/jurisprudences\/ordinanza-n-24043-du-06-09-2024-prima-sezione-civile\/#breadcrumb","itemListElement":[{"@type":"ListItem","position":1,"name":"Home","item":"https:\/\/kohenavocats.com\/zh-hans\/"},{"@type":"ListItem","position":2,"name":"Jurisprudences","item":"https:\/\/kohenavocats.com\/zh-hans\/jurisprudences\/"},{"@type":"ListItem","position":3,"name":"Ordinanza n. 24043 du 06\/09\/2024 &#8211; Prima sezione \/ Civile"}]},{"@type":"WebSite","@id":"https:\/\/kohenavocats.com\/zh-hans\/#website","url":"https:\/\/kohenavocats.com\/zh-hans\/","name":"Kohen Avocats","description":"Ma\u00eetre Hassan Kohen, avocat p\u00e9naliste \u00e0 Paris, intervient exclusivement en droit p\u00e9nal pour la d\u00e9fense des particuliers, notamment en mati\u00e8re d\u2019accusations de viol. Il assure un accompagnement rigoureux d\u00e8s la garde \u00e0 vue jusqu\u2019\u00e0 la Cour d\u2019assises, veillant au strict respect des garanties proc\u00e9durales.","publisher":{"@id":"https:\/\/kohenavocats.com\/zh-hans\/#organization"},"potentialAction":[{"@type":"SearchAction","target":{"@type":"EntryPoint","urlTemplate":"https:\/\/kohenavocats.com\/zh-hans\/?s={search_term_string}"},"query-input":{"@type":"PropertyValueSpecification","valueRequired":true,"valueName":"search_term_string"}}],"inLanguage":"zh-Hans"},{"@type":"Organization","@id":"https:\/\/kohenavocats.com\/zh-hans\/#organization","name":"Kohen Avocats","url":"https:\/\/kohenavocats.com\/zh-hans\/","logo":{"@type":"ImageObject","inLanguage":"zh-Hans","@id":"https:\/\/kohenavocats.com\/zh-hans\/#\/schema\/logo\/image\/","url":"https:\/\/kohenavocats.com\/wp-content\/uploads\/2026\/01\/Logo-2-1.webp","contentUrl":"https:\/\/kohenavocats.com\/wp-content\/uploads\/2026\/01\/Logo-2-1.webp","width":2114,"height":1253,"caption":"Kohen Avocats"},"image":{"@id":"https:\/\/kohenavocats.com\/zh-hans\/#\/schema\/logo\/image\/"}}]}},"jetpack_likes_enabled":false,"jetpack_sharing_enabled":true,"_links":{"self":[{"href":"https:\/\/kohenavocats.com\/zh-hans\/wp-json\/wp\/v2\/kji_decision\/596021","targetHints":{"allow":["GET"]}}],"collection":[{"href":"https:\/\/kohenavocats.com\/zh-hans\/wp-json\/wp\/v2\/kji_decision"}],"about":[{"href":"https:\/\/kohenavocats.com\/zh-hans\/wp-json\/wp\/v2\/types\/kji_decision"}],"wp:attachment":[{"href":"https:\/\/kohenavocats.com\/zh-hans\/wp-json\/wp\/v2\/media?parent=596021"}],"wp:term":[{"taxonomy":"kji_country","embeddable":true,"href":"https:\/\/kohenavocats.com\/zh-hans\/wp-json\/wp\/v2\/kji_country?post=596021"},{"taxonomy":"kji_court","embeddable":true,"href":"https:\/\/kohenavocats.com\/zh-hans\/wp-json\/wp\/v2\/kji_court?post=596021"},{"taxonomy":"kji_chamber","embeddable":true,"href":"https:\/\/kohenavocats.com\/zh-hans\/wp-json\/wp\/v2\/kji_chamber?post=596021"},{"taxonomy":"kji_year","embeddable":true,"href":"https:\/\/kohenavocats.com\/zh-hans\/wp-json\/wp\/v2\/kji_year?post=596021"},{"taxonomy":"kji_subject","embeddable":true,"href":"https:\/\/kohenavocats.com\/zh-hans\/wp-json\/wp\/v2\/kji_subject?post=596021"},{"taxonomy":"kji_keyword","embeddable":true,"href":"https:\/\/kohenavocats.com\/zh-hans\/wp-json\/wp\/v2\/kji_keyword?post=596021"},{"taxonomy":"kji_language","embeddable":true,"href":"https:\/\/kohenavocats.com\/zh-hans\/wp-json\/wp\/v2\/kji_language?post=596021"}],"curies":[{"name":"wp","href":"https:\/\/api.w.org\/{rel}","templated":true}]}}