{"id":596074,"date":"2026-04-18T17:58:01","date_gmt":"2026-04-18T15:58:01","guid":{"rendered":"https:\/\/kohenavocats.com\/jurisprudences\/ordinanza-n-23874-du-05-09-2024-sezioni-unite-civile\/"},"modified":"2026-04-18T17:58:01","modified_gmt":"2026-04-18T15:58:01","slug":"ordinanza-n-23874-du-05-09-2024-sezioni-unite-civile","status":"publish","type":"kji_decision","link":"https:\/\/kohenavocats.com\/zh-hans\/jurisprudences\/ordinanza-n-23874-du-05-09-2024-sezioni-unite-civile\/","title":{"rendered":"Ordinanza n. 23874 du 05\/09\/2024 &#8211; Sezioni Unite \/ Civile"},"content":{"rendered":"<div class=\"kji-decision\">\n<div class=\"kji-full-text\">\n<p>Oggetto<\/p>\n<p>Termine per l\u2019impugnazione del licenziamento &#8211; Decorrenza &#8211; Dalla ricezione dell\u2019atto &#8211; Stato di incapacit\u00e0 naturale del lavoratore licenziato &#8211; Irrilevanza &#8211; Questione di legittimit\u00e0 costituzionale.<\/p>\n<p>Presidente: M. Cassano<\/p>\n<p> Relatore: A. Di Paolantonio<\/p>\n<p> L\u2019esito in sintesi<br \/>\n Le Sezioni Unite Civili \u2013 pronunciando su questione di massima di particolare importanza (rimessa dalla Sezione lavoro con l\u2019ordinanza interlocutoria n. 27483 del 27 settembre 2023) \u2013 hanno dichiarato rilevante e non manifestamente infondata \u2013 in riferimento agli 3, 4, 32, 35, 11, 117 Cost. \u2013 la questione di legittimit\u00e0 costituzionale dell\u2019art. 6 della legge 15 luglio 1966, n. 604, nella parte in cui, nel prevedere che \u00abIl licenziamento deve essere impugnato a pena di decadenza entro sessanta giorni dalla ricezione della sua comunicazione in forma scritta, ovvero dalla comunicazione, anch\u2019essa in forma scritta, dei motivi, ove non contestuale, \u2026\u00bb, fa decorrere, anche nei casi di incolpevole incapacit\u00e0 naturale del lavoratore licenziato, processualmente accertata e conseguente alle sue condizioni di salute, il termine di decadenza dalla ricezione dell\u2019atto, anzich\u00e9 dalla data di cessazione dello stato di incapacit\u00e0.<\/p>\n<\/div>\n<hr class=\"kji-sep\" \/>\n<p class=\"kji-source-links\"><strong>Sources officielles :<\/strong> <a class=\"kji-source-link\" href=\"https:\/\/www.cortedicassazione.it\/it\/civile_dettaglio.page?contentId=SZC33705\" target=\"_blank\" rel=\"noopener noreferrer\">consulter la page source<\/a> &middot; <a class=\"kji-pdf-link\" href=\"https:\/\/www.cortedicassazione.it\/resources\/cms\/documents\/23874_09_2024_civ_oscuramento_noindex.pdf\" target=\"_blank\" rel=\"noopener noreferrer\">PDF officiel<\/a><\/p>\n<p class=\"kji-license-note\"><em>Corte Suprema di Cassazione, note legali verifiees live le 2026-04-12 : reproduction avec mention de source autorisee, mais utilisation commerciale des contenus expressement interdite. Source active en metadata_only uniquement.<\/em><\/p>\n<\/div>\n","protected":false},"excerpt":{"rendered":"<p>Oggetto Termine per l\u2019impugnazione del licenziamento &#8211; Decorrenza &#8211; Dalla ricezione dell\u2019atto &#8211; Stato di incapacit\u00e0 naturale del lavoratore licenziato &#8211; Irrilevanza &#8211; Questione di legittimit\u00e0 costituzionale. Presidente: M. Cassano Relatore: A. Di Paolantonio L\u2019esito in sintesi Le Sezioni Unite Civili \u2013 pronunciando su questione di massima di particolare importanza (rimessa dalla Sezione lavoro con l\u2019ordinanza interlocutoria n. 27483 del&#8230;<\/p>\n","protected":false},"featured_media":0,"template":"","meta":{"_crdt_document":""},"kji_country":[7681],"kji_court":[7682],"kji_chamber":[8270],"kji_year":[8677],"kji_subject":[7724],"kji_keyword":[7727,7690,7725,8272,8273],"kji_language":[7685],"class_list":["post-596074","kji_decision","type-kji_decision","status-publish","hentry","kji_country-italie","kji_court-corte-suprema-di-cassazione","kji_chamber-sezioni-unite","kji_year-8677","kji_subject-civil","kji_keyword-civile","kji_keyword-oggetto","kji_keyword-ordinanza","kji_keyword-sezioni","kji_keyword-unite","kji_language-italien"],"yoast_head":"<!-- This site is optimized with the Yoast SEO Premium plugin v27.4 (Yoast SEO v27.4) - https:\/\/yoast.com\/product\/yoast-seo-premium-wordpress\/ -->\n<title>Ordinanza n. 23874 du 05\/09\/2024 - Sezioni Unite \/ Civile - Ma\u00eetre Hassan Kohen, avocat en droit p\u00e9nal \u00e0 Paris<\/title>\n<meta name=\"robots\" content=\"index, follow, max-snippet:-1, max-image-preview:large, max-video-preview:-1\" \/>\n<link rel=\"canonical\" href=\"https:\/\/kohenavocats.com\/zh-hans\/jurisprudences\/ordinanza-n-23874-du-05-09-2024-sezioni-unite-civile\/\" \/>\n<meta property=\"og:locale\" content=\"zh_CN\" \/>\n<meta property=\"og:type\" content=\"article\" \/>\n<meta property=\"og:title\" content=\"Ordinanza n. 23874 du 05\/09\/2024 - Sezioni Unite \/ Civile\" \/>\n<meta property=\"og:description\" content=\"Oggetto Termine per l\u2019impugnazione del licenziamento - Decorrenza - Dalla ricezione dell\u2019atto - Stato di incapacit\u00e0 naturale del lavoratore licenziato - Irrilevanza - Questione di legittimit\u00e0 costituzionale. Presidente: M. Cassano Relatore: A. Di Paolantonio L\u2019esito in sintesi Le Sezioni Unite Civili \u2013 pronunciando su questione di massima di particolare importanza (rimessa dalla Sezione lavoro con l\u2019ordinanza interlocutoria n. 27483 del...\" \/>\n<meta property=\"og:url\" content=\"https:\/\/kohenavocats.com\/zh-hans\/jurisprudences\/ordinanza-n-23874-du-05-09-2024-sezioni-unite-civile\/\" \/>\n<meta property=\"og:site_name\" content=\"Ma\u00eetre Hassan Kohen, avocat en droit p\u00e9nal \u00e0 Paris\" \/>\n<meta name=\"twitter:card\" content=\"summary_large_image\" \/>\n<meta name=\"twitter:label1\" content=\"\u9884\u8ba1\u9605\u8bfb\u65f6\u95f4\" \/>\n\t<meta name=\"twitter:data1\" content=\"1 \u5206\" \/>\n<script type=\"application\/ld+json\" class=\"yoast-schema-graph\">{\"@context\":\"https:\\\/\\\/schema.org\",\"@graph\":[{\"@type\":\"WebPage\",\"@id\":\"https:\\\/\\\/kohenavocats.com\\\/zh-hans\\\/jurisprudences\\\/ordinanza-n-23874-du-05-09-2024-sezioni-unite-civile\\\/\",\"url\":\"https:\\\/\\\/kohenavocats.com\\\/zh-hans\\\/jurisprudences\\\/ordinanza-n-23874-du-05-09-2024-sezioni-unite-civile\\\/\",\"name\":\"Ordinanza n. 23874 du 05\\\/09\\\/2024 - Sezioni Unite \\\/ Civile - Ma\u00eetre Hassan Kohen, avocat en droit p\u00e9nal \u00e0 Paris\",\"isPartOf\":{\"@id\":\"https:\\\/\\\/kohenavocats.com\\\/zh-hans\\\/#website\"},\"datePublished\":\"2026-04-18T15:58:01+00:00\",\"breadcrumb\":{\"@id\":\"https:\\\/\\\/kohenavocats.com\\\/zh-hans\\\/jurisprudences\\\/ordinanza-n-23874-du-05-09-2024-sezioni-unite-civile\\\/#breadcrumb\"},\"inLanguage\":\"zh-Hans\",\"potentialAction\":[{\"@type\":\"ReadAction\",\"target\":[\"https:\\\/\\\/kohenavocats.com\\\/zh-hans\\\/jurisprudences\\\/ordinanza-n-23874-du-05-09-2024-sezioni-unite-civile\\\/\"]}]},{\"@type\":\"BreadcrumbList\",\"@id\":\"https:\\\/\\\/kohenavocats.com\\\/zh-hans\\\/jurisprudences\\\/ordinanza-n-23874-du-05-09-2024-sezioni-unite-civile\\\/#breadcrumb\",\"itemListElement\":[{\"@type\":\"ListItem\",\"position\":1,\"name\":\"Home\",\"item\":\"https:\\\/\\\/kohenavocats.com\\\/zh-hans\\\/\"},{\"@type\":\"ListItem\",\"position\":2,\"name\":\"Jurisprudences\",\"item\":\"https:\\\/\\\/kohenavocats.com\\\/zh-hans\\\/jurisprudences\\\/\"},{\"@type\":\"ListItem\",\"position\":3,\"name\":\"Ordinanza n. 23874 du 05\\\/09\\\/2024 &#8211; Sezioni Unite \\\/ Civile\"}]},{\"@type\":\"WebSite\",\"@id\":\"https:\\\/\\\/kohenavocats.com\\\/zh-hans\\\/#website\",\"url\":\"https:\\\/\\\/kohenavocats.com\\\/zh-hans\\\/\",\"name\":\"Kohen Avocats\",\"description\":\"Ma\u00eetre Hassan Kohen, avocat p\u00e9naliste \u00e0 Paris, intervient exclusivement en droit p\u00e9nal pour la d\u00e9fense des particuliers, notamment en mati\u00e8re d\u2019accusations de viol. Il assure un accompagnement rigoureux d\u00e8s la garde \u00e0 vue jusqu\u2019\u00e0 la Cour d\u2019assises, veillant au strict respect des garanties proc\u00e9durales.\",\"publisher\":{\"@id\":\"https:\\\/\\\/kohenavocats.com\\\/zh-hans\\\/#organization\"},\"potentialAction\":[{\"@type\":\"SearchAction\",\"target\":{\"@type\":\"EntryPoint\",\"urlTemplate\":\"https:\\\/\\\/kohenavocats.com\\\/zh-hans\\\/?s={search_term_string}\"},\"query-input\":{\"@type\":\"PropertyValueSpecification\",\"valueRequired\":true,\"valueName\":\"search_term_string\"}}],\"inLanguage\":\"zh-Hans\"},{\"@type\":\"Organization\",\"@id\":\"https:\\\/\\\/kohenavocats.com\\\/zh-hans\\\/#organization\",\"name\":\"Kohen Avocats\",\"url\":\"https:\\\/\\\/kohenavocats.com\\\/zh-hans\\\/\",\"logo\":{\"@type\":\"ImageObject\",\"inLanguage\":\"zh-Hans\",\"@id\":\"https:\\\/\\\/kohenavocats.com\\\/zh-hans\\\/#\\\/schema\\\/logo\\\/image\\\/\",\"url\":\"https:\\\/\\\/kohenavocats.com\\\/wp-content\\\/uploads\\\/2026\\\/01\\\/Logo-2-1.webp\",\"contentUrl\":\"https:\\\/\\\/kohenavocats.com\\\/wp-content\\\/uploads\\\/2026\\\/01\\\/Logo-2-1.webp\",\"width\":2114,\"height\":1253,\"caption\":\"Kohen Avocats\"},\"image\":{\"@id\":\"https:\\\/\\\/kohenavocats.com\\\/zh-hans\\\/#\\\/schema\\\/logo\\\/image\\\/\"}}]}<\/script>\n<!-- \/ Yoast SEO Premium plugin. -->","yoast_head_json":{"title":"Ordinanza n. 23874 du 05\/09\/2024 - Sezioni Unite \/ Civile - Ma\u00eetre Hassan Kohen, avocat en droit p\u00e9nal \u00e0 Paris","robots":{"index":"index","follow":"follow","max-snippet":"max-snippet:-1","max-image-preview":"max-image-preview:large","max-video-preview":"max-video-preview:-1"},"canonical":"https:\/\/kohenavocats.com\/zh-hans\/jurisprudences\/ordinanza-n-23874-du-05-09-2024-sezioni-unite-civile\/","og_locale":"zh_CN","og_type":"article","og_title":"Ordinanza n. 23874 du 05\/09\/2024 - Sezioni Unite \/ Civile","og_description":"Oggetto Termine per l\u2019impugnazione del licenziamento - Decorrenza - Dalla ricezione dell\u2019atto - Stato di incapacit\u00e0 naturale del lavoratore licenziato - Irrilevanza - Questione di legittimit\u00e0 costituzionale. Presidente: M. Cassano Relatore: A. Di Paolantonio L\u2019esito in sintesi Le Sezioni Unite Civili \u2013 pronunciando su questione di massima di particolare importanza (rimessa dalla Sezione lavoro con l\u2019ordinanza interlocutoria n. 27483 del...","og_url":"https:\/\/kohenavocats.com\/zh-hans\/jurisprudences\/ordinanza-n-23874-du-05-09-2024-sezioni-unite-civile\/","og_site_name":"Ma\u00eetre Hassan Kohen, avocat en droit p\u00e9nal \u00e0 Paris","twitter_card":"summary_large_image","twitter_misc":{"\u9884\u8ba1\u9605\u8bfb\u65f6\u95f4":"1 \u5206"},"schema":{"@context":"https:\/\/schema.org","@graph":[{"@type":"WebPage","@id":"https:\/\/kohenavocats.com\/zh-hans\/jurisprudences\/ordinanza-n-23874-du-05-09-2024-sezioni-unite-civile\/","url":"https:\/\/kohenavocats.com\/zh-hans\/jurisprudences\/ordinanza-n-23874-du-05-09-2024-sezioni-unite-civile\/","name":"Ordinanza n. 23874 du 05\/09\/2024 - Sezioni Unite \/ Civile - Ma\u00eetre Hassan Kohen, avocat en droit p\u00e9nal \u00e0 Paris","isPartOf":{"@id":"https:\/\/kohenavocats.com\/zh-hans\/#website"},"datePublished":"2026-04-18T15:58:01+00:00","breadcrumb":{"@id":"https:\/\/kohenavocats.com\/zh-hans\/jurisprudences\/ordinanza-n-23874-du-05-09-2024-sezioni-unite-civile\/#breadcrumb"},"inLanguage":"zh-Hans","potentialAction":[{"@type":"ReadAction","target":["https:\/\/kohenavocats.com\/zh-hans\/jurisprudences\/ordinanza-n-23874-du-05-09-2024-sezioni-unite-civile\/"]}]},{"@type":"BreadcrumbList","@id":"https:\/\/kohenavocats.com\/zh-hans\/jurisprudences\/ordinanza-n-23874-du-05-09-2024-sezioni-unite-civile\/#breadcrumb","itemListElement":[{"@type":"ListItem","position":1,"name":"Home","item":"https:\/\/kohenavocats.com\/zh-hans\/"},{"@type":"ListItem","position":2,"name":"Jurisprudences","item":"https:\/\/kohenavocats.com\/zh-hans\/jurisprudences\/"},{"@type":"ListItem","position":3,"name":"Ordinanza n. 23874 du 05\/09\/2024 &#8211; Sezioni Unite \/ Civile"}]},{"@type":"WebSite","@id":"https:\/\/kohenavocats.com\/zh-hans\/#website","url":"https:\/\/kohenavocats.com\/zh-hans\/","name":"Kohen Avocats","description":"Ma\u00eetre Hassan Kohen, avocat p\u00e9naliste \u00e0 Paris, intervient exclusivement en droit p\u00e9nal pour la d\u00e9fense des particuliers, notamment en mati\u00e8re d\u2019accusations de viol. Il assure un accompagnement rigoureux d\u00e8s la garde \u00e0 vue jusqu\u2019\u00e0 la Cour d\u2019assises, veillant au strict respect des garanties proc\u00e9durales.","publisher":{"@id":"https:\/\/kohenavocats.com\/zh-hans\/#organization"},"potentialAction":[{"@type":"SearchAction","target":{"@type":"EntryPoint","urlTemplate":"https:\/\/kohenavocats.com\/zh-hans\/?s={search_term_string}"},"query-input":{"@type":"PropertyValueSpecification","valueRequired":true,"valueName":"search_term_string"}}],"inLanguage":"zh-Hans"},{"@type":"Organization","@id":"https:\/\/kohenavocats.com\/zh-hans\/#organization","name":"Kohen Avocats","url":"https:\/\/kohenavocats.com\/zh-hans\/","logo":{"@type":"ImageObject","inLanguage":"zh-Hans","@id":"https:\/\/kohenavocats.com\/zh-hans\/#\/schema\/logo\/image\/","url":"https:\/\/kohenavocats.com\/wp-content\/uploads\/2026\/01\/Logo-2-1.webp","contentUrl":"https:\/\/kohenavocats.com\/wp-content\/uploads\/2026\/01\/Logo-2-1.webp","width":2114,"height":1253,"caption":"Kohen Avocats"},"image":{"@id":"https:\/\/kohenavocats.com\/zh-hans\/#\/schema\/logo\/image\/"}}]}},"jetpack_likes_enabled":false,"jetpack_sharing_enabled":true,"_links":{"self":[{"href":"https:\/\/kohenavocats.com\/zh-hans\/wp-json\/wp\/v2\/kji_decision\/596074","targetHints":{"allow":["GET"]}}],"collection":[{"href":"https:\/\/kohenavocats.com\/zh-hans\/wp-json\/wp\/v2\/kji_decision"}],"about":[{"href":"https:\/\/kohenavocats.com\/zh-hans\/wp-json\/wp\/v2\/types\/kji_decision"}],"wp:attachment":[{"href":"https:\/\/kohenavocats.com\/zh-hans\/wp-json\/wp\/v2\/media?parent=596074"}],"wp:term":[{"taxonomy":"kji_country","embeddable":true,"href":"https:\/\/kohenavocats.com\/zh-hans\/wp-json\/wp\/v2\/kji_country?post=596074"},{"taxonomy":"kji_court","embeddable":true,"href":"https:\/\/kohenavocats.com\/zh-hans\/wp-json\/wp\/v2\/kji_court?post=596074"},{"taxonomy":"kji_chamber","embeddable":true,"href":"https:\/\/kohenavocats.com\/zh-hans\/wp-json\/wp\/v2\/kji_chamber?post=596074"},{"taxonomy":"kji_year","embeddable":true,"href":"https:\/\/kohenavocats.com\/zh-hans\/wp-json\/wp\/v2\/kji_year?post=596074"},{"taxonomy":"kji_subject","embeddable":true,"href":"https:\/\/kohenavocats.com\/zh-hans\/wp-json\/wp\/v2\/kji_subject?post=596074"},{"taxonomy":"kji_keyword","embeddable":true,"href":"https:\/\/kohenavocats.com\/zh-hans\/wp-json\/wp\/v2\/kji_keyword?post=596074"},{"taxonomy":"kji_language","embeddable":true,"href":"https:\/\/kohenavocats.com\/zh-hans\/wp-json\/wp\/v2\/kji_language?post=596074"}],"curies":[{"name":"wp","href":"https:\/\/api.w.org\/{rel}","templated":true}]}}