{"id":596934,"date":"2026-04-18T20:14:46","date_gmt":"2026-04-18T18:14:46","guid":{"rendered":"https:\/\/kohenavocats.com\/jurisprudences\/beschluss-vom-19-juli-2024-2\/"},"modified":"2026-04-30T16:55:29","modified_gmt":"2026-04-30T14:55:29","slug":"beschluss-vom-19-juli-2024-2","status":"publish","type":"kji_decision","link":"https:\/\/kohenavocats.com\/zh-hans\/jurisprudences\/beschluss-vom-19-juli-2024-2\/","title":{"rendered":"Beschluss vom 19. Juli 2024"},"content":{"rendered":"<div class=\"kji-decision\">\n<div class=\"kji-full-text\">\n<div class=\"bverfg-rubrum\">\n<p>BUNDESVERFASSUNGSGERICHT<\/p>\n<p>&#8211; 2 BvR 808\/24 &#8211;<\/p>\n<h2 class=\"has-eagle\"><strong>In dem Verfahren<\/strong><br \/>\n<strong>\u00fcber<\/strong><br \/>\n<strong>die Verfassungsbeschwerde<\/strong><\/h2>\n<p>der (\u2026)-GmbH, <br \/>\nvertreten durch die Gesch\u00e4ftsf\u00fchrer (\u2026) und (\u2026),<\/p>\n<p><\/p>\n<p>&#8211; Bevollm\u00e4chtigte: (\u2026) &#8211;<\/p>\n<p><\/p>\n<p>gegen<br \/>\na) den Beschluss des Amtsgerichts Landstuhl<br \/>\n\u00a0\u00a0\u00a0 vom 16. Mai 2024 &#8211; 4 C 394\/23 -,<\/p>\n<p><\/p>\n<p>b) das Urteil des Amtsgerichts Landstuhl<br \/>\n\u00a0\u00a0\u00a0 vom 8. Februar 2024 &#8211; 4 C 394\/23 &#8211;<br \/>\n\u00a0<\/p>\n<p><\/p>\n<p>hat die 3. Kammer des Zweiten Senats des Bundesverfassungsgerichts durch<br \/>\ndie Richterinnen Langenfeld,<br \/>\n\u00a0<br \/>\nFetzer<\/p>\n<p>und den Richter Offenloch<\/p>\n<p>gem\u00e4\u00df \u00a7 93b in Verbindung mit \u00a7 93a BVerfGG in der Fassung der Bekanntmachung<br \/>\nvom 11. August 1993 (BGBl I S. 1473)<br \/>\nam 19. Juli 2024 einstimmig beschlossen:<\/p>\n<\/div>\n<h3>Tenor<\/h3>\n<p><strong>Die Verfassungsbeschwerde wird nicht zur Entscheidung angenommen.<\/strong><\/p>\n<h3>Gr\u00fcnde<\/h3>\n<p class=\"center\"><strong>G r \u00fc n d e :<\/strong><\/p>\n<p class=\"is-anchor\" id=\"1\">1<\/p>\n<p class=\"justify\">Die Verfassungsbeschwerde wird nicht zur Entscheidung angenommen.<\/p>\n<p class=\"is-anchor\" id=\"2\">2<\/p>\n<p class=\"justify\">Soweit sich die Verfassungsbeschwerde gegen den die Anh\u00f6rungsr\u00fcge zur\u00fcckweisenden Beschluss des Amtsgerichts vom 16. Mai 2024 richtet, ist sie unzul\u00e4ssig, weil der Beschluss keine eigenst\u00e4ndige Beschwer enth\u00e4lt. Die Beschwerdef\u00fchrerin r\u00fcgt bezogen auf den Beschluss vom 16. Mai 2024 nur Grundrechtsverst\u00f6\u00dfe, die das Amtsgericht nach ihrem Vortrag auch bereits im Urteil vom 8. Februar 2024 begangen haben soll. Sie macht so lediglich eine Perpetuierung vorangegangener Grundrechtsverst\u00f6\u00dfe geltend, was keine mit der Anh\u00f6rungsr\u00fcge verbundene eigenst\u00e4ndige Beschwer zu begr\u00fcnden vermag (BVerfG, Beschluss der 2. Kammer des Zweiten Senats vom 13. Dezember 2023 \u2013 2 BvR 2143\/21 \u2013, Rn.\u00a035 m.w.N.).<\/p>\n<p class=\"is-anchor\" id=\"3\">3<\/p>\n<p class=\"justify\">Soweit sich die Verfassungsbeschwerde gegen das Urteil des Amtsgerichts vom 8.\u00a0Februar 2024 wendet, ist sie unzul\u00e4ssig, weil sie nicht in einer den Anforderungen aus \u00a7\u00a023 Abs. 1 Satz 2, \u00a7 92 BVerfGG gen\u00fcgenden Weise begr\u00fcndet wurde (vgl. BVerfGE 130, 1 &lt;21&gt;; 149, 86 &lt;108 f. Rn. 61&gt;; 151, 67 &lt;84 f. Rn.\u00a049&gt; &#8211; Erreichbarkeit des Ermittlungsrichters).<\/p>\n<p class=\"is-anchor\" id=\"4\">4<\/p>\n<p class=\"justify\">Zwar bestehen Zweifel an der Vereinbarkeit des amtsgerichtlichen Urteils mit dem aus Art.\u00a02 Abs. 1 GG in Verbindung mit dem Rechtsstaatsprinzip abgeleiteten Anspruch auf ein faires Verfahren (vgl. nur BVerfGE 57, 250 &lt;275&gt;) und dem Recht auf rechtliches Geh\u00f6r aus Art. 103 Abs. 1 GG. Denn die Beschwerdef\u00fchrerin durfte nach dem vom Amtsgericht den Verfahrensbeteiligten gem\u00e4\u00df \u00a7 139 ZPO schriftlich erteilten Hinweis, in welchem der Beklagten zu einem vollst\u00e4ndigen Anerkenntnis geraten worden war, davon ausgehen, dass ihre Klage vollumf\u00e4nglich Erfolg haben wird. Indem das Amtsgericht ohne erneuten Hinweis die Klage abgewiesen hat, hat es die Bedeutung der grundrechtsgleichen Rechte der Beschwerdef\u00fchrerin verkannt. Kommt es n\u00e4mlich der Verhinderung eines Vortrags zur Rechtslage gleich, wenn das Gericht ohne vorherigen Hinweis auf einen rechtlichen Gesichtspunkt abstellt, mit dem ein gewissenhafter und kundiger Prozessbeteiligter nicht zu rechnen brauchte (so BVerfGE 86, 133 &lt;144 f.&gt;), so gilt dies erst recht, wenn das Gericht einen rechtlichen Hinweis zu einer entscheidungserheblichen Frage erteilt und im Urteil entgegengesetzt entscheidet, ohne die Verfahrensbeteiligten auf die \u00c4nderung der rechtlichen Beurteilung hingewiesen und ihnen Gelegenheit zur Stellungnahme gegeben zu haben.<\/p>\n<p class=\"is-anchor\" id=\"5\">5<\/p>\n<p class=\"justify\">Trotz der aufgezeigten Bedenken ist die Verfassungsbeschwerde nicht zur Entscheidung anzunehmen, weil sie den Begr\u00fcndungsanforderungen gem\u00e4\u00df \u00a7 23 Abs. 1 Satz 2, \u00a7 92 BVerfGG nicht gen\u00fcgt. Die Beschwerdef\u00fchrerin legt eine Verletzung ihrer Grundrechte beziehungsweise grundrechtsgleichen Rechte nicht hinreichend dar. Eine substantiierte R\u00fcge eines Versto\u00dfes gegen Art. 103 Abs. 1 GG h\u00e4tte zwingend erfordert, dass die Beschwerdef\u00fchrerin aufzeigt, inwiefern die Entscheidung auf der behaupteten Geh\u00f6rsverletzung beruht (vgl. BVerfGE 94, 1 &lt;7&gt;; 105, 252 &lt;264&gt;; BVerfGK 16, 396 &lt;405&gt;). Hierzu h\u00e4tte die Beschwerdef\u00fchrerin im Rahmen ihrer Verfassungsbeschwerde nicht nur darlegen m\u00fcssen, was sie im fachgerichtlichen Verfahren vorgetragen h\u00e4tte, w\u00e4re ihr die ge\u00e4nderte Rechtsauffassung des Amtsgerichts durch einen erneuten richterlichen Hinweis bekannt gewesen, sondern auch, inwiefern dieser Vortrag die Entscheidung zu ihren Gunsten h\u00e4tte beeinflussen k\u00f6nnen. Hierzu fehlt jedoch s\u00e4mtliches Vorbringen. Die blo\u00dfe Vorlage der Anh\u00f6rungsr\u00fcgeschrift ohne weiteren Vortrag in der Verfassungsbeschwerde gen\u00fcgt insoweit nicht (vgl. nur BVerfGE 80, 257 &lt;263&gt;; BVerfGK 19, 362 &lt;363&gt;).<\/p>\n<p class=\"is-anchor\" id=\"6\">6<\/p>\n<p class=\"justify\">Von einer weiteren Begr\u00fcndung wird nach \u00a7 93d Abs. 1 Satz 3 BVerfGG abgesehen.<\/p>\n<p><\/p>\n<p class=\"is-anchor\" id=\"7\">7<\/p>\n<p class=\"justify\">Diese Entscheidung ist unanfechtbar.\u00a0<\/p>\n<\/div>\n<hr class=\"kji-sep\" \/>\n<p class=\"kji-source-links\"><strong>Sources officielles :<\/strong> <a class=\"kji-source-link\" href=\"https:\/\/www.bundesverfassungsgericht.de\/SharedDocs\/Entscheidungen\/DE\/2024\/07\/rk20240719_2bvr080824.html\" target=\"_blank\" rel=\"noopener noreferrer\">consulter la page source<\/a> &middot; <a class=\"kji-pdf-link\" href=\"https:\/\/www.bundesverfassungsgericht.de\/SharedDocs\/Downloads\/DE\/2024\/07\/rk20240719_2bvr080824.pdf?__blob=publicationFile&#038;v=2\" target=\"_blank\" rel=\"noopener noreferrer\">PDF officiel<\/a><\/p>\n<p class=\"kji-license-note\"><em>Rechtsprechung im Internet (BMJV\/BfJ) : les decisions sont mises a disposition gratuitement en HTML, PDF et XML pour libre utilisation et re-utilisation.<\/em><\/p>\n<\/div>\n","protected":false},"excerpt":{"rendered":"<p>Nichtannahme der Verfassungsbeachwerde zum Anspruch auf ein faires Verfahren<\/p>\n","protected":false},"featured_media":0,"template":"","meta":{"_crdt_document":""},"kji_country":[7802],"kji_court":[8477],"kji_chamber":[12946],"kji_year":[8677],"kji_subject":[7660],"kji_keyword":[7808,8479],"kji_language":[7805],"class_list":["post-596934","kji_decision","type-kji_decision","status-publish","hentry","kji_country-allemagne","kji_court-bundesverfassungsgericht","kji_chamber-3-kammer-des-zweiten-senats","kji_year-8677","kji_subject-constitutionnel","kji_keyword-beschluss","kji_keyword-bundesverfassungsgericht","kji_language-allemand"],"yoast_head":"<!-- This site is optimized with the Yoast SEO Premium plugin v27.5 (Yoast SEO v27.5) - https:\/\/yoast.com\/product\/yoast-seo-premium-wordpress\/ -->\n<title>Beschluss vom 19. Juli 2024 - Ma\u00eetre Hassan Kohen, avocat en droit p\u00e9nal \u00e0 Paris<\/title>\n<meta name=\"robots\" content=\"index, follow, max-snippet:-1, max-image-preview:large, max-video-preview:-1\" \/>\n<link rel=\"canonical\" href=\"https:\/\/kohenavocats.com\/zh-hans\/jurisprudences\/beschluss-vom-19-juli-2024-2\/\" \/>\n<meta property=\"og:locale\" content=\"zh_CN\" \/>\n<meta property=\"og:type\" content=\"article\" \/>\n<meta property=\"og:title\" content=\"Beschluss vom 19. Juli 2024\" \/>\n<meta property=\"og:description\" content=\"Nichtannahme der Verfassungsbeachwerde zum Anspruch auf ein faires Verfahren\" \/>\n<meta property=\"og:url\" content=\"https:\/\/kohenavocats.com\/zh-hans\/jurisprudences\/beschluss-vom-19-juli-2024-2\/\" \/>\n<meta property=\"og:site_name\" content=\"Ma\u00eetre Hassan Kohen, avocat en droit p\u00e9nal \u00e0 Paris\" \/>\n<meta property=\"article:modified_time\" content=\"2026-04-30T14:55:29+00:00\" \/>\n<meta name=\"twitter:card\" content=\"summary_large_image\" \/>\n<meta name=\"twitter:label1\" content=\"\u9884\u8ba1\u9605\u8bfb\u65f6\u95f4\" \/>\n\t<meta name=\"twitter:data1\" content=\"3 \u5206\" \/>\n<script type=\"application\/ld+json\" class=\"yoast-schema-graph\">{\"@context\":\"https:\\\/\\\/schema.org\",\"@graph\":[{\"@type\":\"WebPage\",\"@id\":\"https:\\\/\\\/kohenavocats.com\\\/zh-hans\\\/jurisprudences\\\/beschluss-vom-19-juli-2024-2\\\/\",\"url\":\"https:\\\/\\\/kohenavocats.com\\\/zh-hans\\\/jurisprudences\\\/beschluss-vom-19-juli-2024-2\\\/\",\"name\":\"Beschluss vom 19. Juli 2024 - Ma\u00eetre Hassan Kohen, avocat en droit p\u00e9nal \u00e0 Paris\",\"isPartOf\":{\"@id\":\"https:\\\/\\\/kohenavocats.com\\\/zh-hans\\\/#website\"},\"datePublished\":\"2026-04-18T18:14:46+00:00\",\"dateModified\":\"2026-04-30T14:55:29+00:00\",\"breadcrumb\":{\"@id\":\"https:\\\/\\\/kohenavocats.com\\\/zh-hans\\\/jurisprudences\\\/beschluss-vom-19-juli-2024-2\\\/#breadcrumb\"},\"inLanguage\":\"zh-Hans\",\"potentialAction\":[{\"@type\":\"ReadAction\",\"target\":[\"https:\\\/\\\/kohenavocats.com\\\/zh-hans\\\/jurisprudences\\\/beschluss-vom-19-juli-2024-2\\\/\"]}]},{\"@type\":\"BreadcrumbList\",\"@id\":\"https:\\\/\\\/kohenavocats.com\\\/zh-hans\\\/jurisprudences\\\/beschluss-vom-19-juli-2024-2\\\/#breadcrumb\",\"itemListElement\":[{\"@type\":\"ListItem\",\"position\":1,\"name\":\"Home\",\"item\":\"https:\\\/\\\/kohenavocats.com\\\/zh-hans\\\/\"},{\"@type\":\"ListItem\",\"position\":2,\"name\":\"Jurisprudences\",\"item\":\"https:\\\/\\\/kohenavocats.com\\\/zh-hans\\\/jurisprudences\\\/\"},{\"@type\":\"ListItem\",\"position\":3,\"name\":\"Beschluss vom 19. Juli 2024\"}]},{\"@type\":\"WebSite\",\"@id\":\"https:\\\/\\\/kohenavocats.com\\\/zh-hans\\\/#website\",\"url\":\"https:\\\/\\\/kohenavocats.com\\\/zh-hans\\\/\",\"name\":\"Kohen Avocats\",\"description\":\"Ma\u00eetre Hassan Kohen, avocat p\u00e9naliste \u00e0 Paris, intervient exclusivement en droit p\u00e9nal pour la d\u00e9fense des particuliers, notamment en mati\u00e8re d\u2019accusations de viol. Il assure un accompagnement rigoureux d\u00e8s la garde \u00e0 vue jusqu\u2019\u00e0 la Cour d\u2019assises, veillant au strict respect des garanties proc\u00e9durales.\",\"publisher\":{\"@id\":\"https:\\\/\\\/kohenavocats.com\\\/zh-hans\\\/#organization\"},\"potentialAction\":[{\"@type\":\"SearchAction\",\"target\":{\"@type\":\"EntryPoint\",\"urlTemplate\":\"https:\\\/\\\/kohenavocats.com\\\/zh-hans\\\/?s={search_term_string}\"},\"query-input\":{\"@type\":\"PropertyValueSpecification\",\"valueRequired\":true,\"valueName\":\"search_term_string\"}}],\"inLanguage\":\"zh-Hans\"},{\"@type\":\"Organization\",\"@id\":\"https:\\\/\\\/kohenavocats.com\\\/zh-hans\\\/#organization\",\"name\":\"Kohen Avocats\",\"url\":\"https:\\\/\\\/kohenavocats.com\\\/zh-hans\\\/\",\"logo\":{\"@type\":\"ImageObject\",\"inLanguage\":\"zh-Hans\",\"@id\":\"https:\\\/\\\/kohenavocats.com\\\/zh-hans\\\/#\\\/schema\\\/logo\\\/image\\\/\",\"url\":\"https:\\\/\\\/kohenavocats.com\\\/wp-content\\\/uploads\\\/2026\\\/01\\\/Logo-2-1.webp\",\"contentUrl\":\"https:\\\/\\\/kohenavocats.com\\\/wp-content\\\/uploads\\\/2026\\\/01\\\/Logo-2-1.webp\",\"width\":2114,\"height\":1253,\"caption\":\"Kohen Avocats\"},\"image\":{\"@id\":\"https:\\\/\\\/kohenavocats.com\\\/zh-hans\\\/#\\\/schema\\\/logo\\\/image\\\/\"}}]}<\/script>\n<!-- \/ Yoast SEO Premium plugin. -->","yoast_head_json":{"title":"Beschluss vom 19. Juli 2024 - Ma\u00eetre Hassan Kohen, avocat en droit p\u00e9nal \u00e0 Paris","robots":{"index":"index","follow":"follow","max-snippet":"max-snippet:-1","max-image-preview":"max-image-preview:large","max-video-preview":"max-video-preview:-1"},"canonical":"https:\/\/kohenavocats.com\/zh-hans\/jurisprudences\/beschluss-vom-19-juli-2024-2\/","og_locale":"zh_CN","og_type":"article","og_title":"Beschluss vom 19. Juli 2024","og_description":"Nichtannahme der Verfassungsbeachwerde zum Anspruch auf ein faires Verfahren","og_url":"https:\/\/kohenavocats.com\/zh-hans\/jurisprudences\/beschluss-vom-19-juli-2024-2\/","og_site_name":"Ma\u00eetre Hassan Kohen, avocat en droit p\u00e9nal \u00e0 Paris","article_modified_time":"2026-04-30T14:55:29+00:00","twitter_card":"summary_large_image","twitter_misc":{"\u9884\u8ba1\u9605\u8bfb\u65f6\u95f4":"3 \u5206"},"schema":{"@context":"https:\/\/schema.org","@graph":[{"@type":"WebPage","@id":"https:\/\/kohenavocats.com\/zh-hans\/jurisprudences\/beschluss-vom-19-juli-2024-2\/","url":"https:\/\/kohenavocats.com\/zh-hans\/jurisprudences\/beschluss-vom-19-juli-2024-2\/","name":"Beschluss vom 19. Juli 2024 - Ma\u00eetre Hassan Kohen, avocat en droit p\u00e9nal \u00e0 Paris","isPartOf":{"@id":"https:\/\/kohenavocats.com\/zh-hans\/#website"},"datePublished":"2026-04-18T18:14:46+00:00","dateModified":"2026-04-30T14:55:29+00:00","breadcrumb":{"@id":"https:\/\/kohenavocats.com\/zh-hans\/jurisprudences\/beschluss-vom-19-juli-2024-2\/#breadcrumb"},"inLanguage":"zh-Hans","potentialAction":[{"@type":"ReadAction","target":["https:\/\/kohenavocats.com\/zh-hans\/jurisprudences\/beschluss-vom-19-juli-2024-2\/"]}]},{"@type":"BreadcrumbList","@id":"https:\/\/kohenavocats.com\/zh-hans\/jurisprudences\/beschluss-vom-19-juli-2024-2\/#breadcrumb","itemListElement":[{"@type":"ListItem","position":1,"name":"Home","item":"https:\/\/kohenavocats.com\/zh-hans\/"},{"@type":"ListItem","position":2,"name":"Jurisprudences","item":"https:\/\/kohenavocats.com\/zh-hans\/jurisprudences\/"},{"@type":"ListItem","position":3,"name":"Beschluss vom 19. Juli 2024"}]},{"@type":"WebSite","@id":"https:\/\/kohenavocats.com\/zh-hans\/#website","url":"https:\/\/kohenavocats.com\/zh-hans\/","name":"Kohen Avocats","description":"Ma\u00eetre Hassan Kohen, avocat p\u00e9naliste \u00e0 Paris, intervient exclusivement en droit p\u00e9nal pour la d\u00e9fense des particuliers, notamment en mati\u00e8re d\u2019accusations de viol. Il assure un accompagnement rigoureux d\u00e8s la garde \u00e0 vue jusqu\u2019\u00e0 la Cour d\u2019assises, veillant au strict respect des garanties proc\u00e9durales.","publisher":{"@id":"https:\/\/kohenavocats.com\/zh-hans\/#organization"},"potentialAction":[{"@type":"SearchAction","target":{"@type":"EntryPoint","urlTemplate":"https:\/\/kohenavocats.com\/zh-hans\/?s={search_term_string}"},"query-input":{"@type":"PropertyValueSpecification","valueRequired":true,"valueName":"search_term_string"}}],"inLanguage":"zh-Hans"},{"@type":"Organization","@id":"https:\/\/kohenavocats.com\/zh-hans\/#organization","name":"Kohen Avocats","url":"https:\/\/kohenavocats.com\/zh-hans\/","logo":{"@type":"ImageObject","inLanguage":"zh-Hans","@id":"https:\/\/kohenavocats.com\/zh-hans\/#\/schema\/logo\/image\/","url":"https:\/\/kohenavocats.com\/wp-content\/uploads\/2026\/01\/Logo-2-1.webp","contentUrl":"https:\/\/kohenavocats.com\/wp-content\/uploads\/2026\/01\/Logo-2-1.webp","width":2114,"height":1253,"caption":"Kohen Avocats"},"image":{"@id":"https:\/\/kohenavocats.com\/zh-hans\/#\/schema\/logo\/image\/"}}]}},"jetpack_likes_enabled":false,"jetpack_sharing_enabled":true,"_links":{"self":[{"href":"https:\/\/kohenavocats.com\/zh-hans\/wp-json\/wp\/v2\/kji_decision\/596934","targetHints":{"allow":["GET"]}}],"collection":[{"href":"https:\/\/kohenavocats.com\/zh-hans\/wp-json\/wp\/v2\/kji_decision"}],"about":[{"href":"https:\/\/kohenavocats.com\/zh-hans\/wp-json\/wp\/v2\/types\/kji_decision"}],"wp:attachment":[{"href":"https:\/\/kohenavocats.com\/zh-hans\/wp-json\/wp\/v2\/media?parent=596934"}],"wp:term":[{"taxonomy":"kji_country","embeddable":true,"href":"https:\/\/kohenavocats.com\/zh-hans\/wp-json\/wp\/v2\/kji_country?post=596934"},{"taxonomy":"kji_court","embeddable":true,"href":"https:\/\/kohenavocats.com\/zh-hans\/wp-json\/wp\/v2\/kji_court?post=596934"},{"taxonomy":"kji_chamber","embeddable":true,"href":"https:\/\/kohenavocats.com\/zh-hans\/wp-json\/wp\/v2\/kji_chamber?post=596934"},{"taxonomy":"kji_year","embeddable":true,"href":"https:\/\/kohenavocats.com\/zh-hans\/wp-json\/wp\/v2\/kji_year?post=596934"},{"taxonomy":"kji_subject","embeddable":true,"href":"https:\/\/kohenavocats.com\/zh-hans\/wp-json\/wp\/v2\/kji_subject?post=596934"},{"taxonomy":"kji_keyword","embeddable":true,"href":"https:\/\/kohenavocats.com\/zh-hans\/wp-json\/wp\/v2\/kji_keyword?post=596934"},{"taxonomy":"kji_language","embeddable":true,"href":"https:\/\/kohenavocats.com\/zh-hans\/wp-json\/wp\/v2\/kji_language?post=596934"}],"curies":[{"name":"wp","href":"https:\/\/api.w.org\/{rel}","templated":true}]}}