{"id":597063,"date":"2026-04-18T20:39:57","date_gmt":"2026-04-18T18:39:57","guid":{"rendered":"https:\/\/kohenavocats.com\/jurisprudences\/sentenza-n-27654-du-11-07-2024-sesta-sezione-penale\/"},"modified":"2026-04-18T20:39:57","modified_gmt":"2026-04-18T18:39:57","slug":"sentenza-n-27654-du-11-07-2024-sesta-sezione-penale","status":"publish","type":"kji_decision","link":"https:\/\/kohenavocats.com\/zh-hans\/jurisprudences\/sentenza-n-27654-du-11-07-2024-sesta-sezione-penale\/","title":{"rendered":"Sentenza n. 27654 du 11\/07\/2024 &#8211; Sesta sezione \/ Penale"},"content":{"rendered":"<div class=\"kji-decision\">\n<div class=\"kji-full-text\">\n<p>Oggetto<\/p>\n<p>Motivo facoltativo di rifiuto della consegna di cui all\u2019art. 18-bis legge n. 69 del 2005 \u2013 Procedura per la concentrazione di procedimenti paralleli di cui al d.lgs. 29 del 2016 \u2013 Deducibilit\u00e0 della questione relativa alla pendenza di un procedimento \u201cparallelo\u201d nel procedimento relativo alla consegna \u2013 Esclusione \u2013 Autorit\u00e0 deputata all\u2019esame di tale questione \u2013 Individuazione.<\/p>\n<p>Presidente: G. De Amicis<\/p>\n<p> Relatore: D. Tripiccione<\/p>\n<p> Data udienza: 09 luglio 2024<\/p>\n<p> L\u2019esito in sintesi<br \/>\n La Sesta Sezione penale, in tema di mandato di arresto europeo, ha affermato che le questioni concorrenti, relative, rispettivamente, al motivo di rifiuto facoltativo della consegna, di cui all\u2019art. 18-bis, comma 1, lett. b), legge 22 aprile 2005, n. 69, come modificata dall\u2019art. 6, comma 5, lett. b), legge 4 ottobre 2019, n. 117, e alla pendenza di procedimenti paralleli, regolamentata dal d.lgs. 15 febbraio 2016, n. 29, non possono essere prospettate congiuntamente alla Corte di appello investita della decisione di consegna, cui spetta, ove dedotta, soltanto la valutazione della sussistenza dell\u2019indicato motivo di rifiuto facoltativo, rientrando, ex art. 4 del citato d.lgs. n. 29 del 2016, nella competenza dell\u2019\u00abautorit\u00e0 giudiziaria procedente\u00bb, da identificare in quella deputata a trattare il procedimento interno rispetto al quale si pone il conflitto di giurisdizione, l\u2019avvio del meccanismo procedurale funzionale alla concentrazione dei procedimenti.<\/p>\n<\/div>\n<hr class=\"kji-sep\" \/>\n<p class=\"kji-source-links\"><strong>Sources officielles :<\/strong> <a class=\"kji-source-link\" href=\"https:\/\/www.cortedicassazione.it\/it\/penale_dettaglio.page?contentId=SZP32887\" target=\"_blank\" rel=\"noopener noreferrer\">consulter la page source<\/a> &middot; <a class=\"kji-pdf-link\" href=\"https:\/\/www.cortedicassazione.it\/resources\/cms\/documents\/27654_07_2024_pen_noindex.pdf\" target=\"_blank\" rel=\"noopener noreferrer\">PDF officiel<\/a><\/p>\n<p class=\"kji-license-note\"><em>Corte Suprema di Cassazione, note legali verifiees live le 2026-04-12 : reproduction avec mention de source autorisee, mais utilisation commerciale des contenus expressement interdite. Source active en metadata_only uniquement.<\/em><\/p>\n<\/div>\n","protected":false},"excerpt":{"rendered":"<p>Oggetto Motivo facoltativo di rifiuto della consegna di cui all\u2019art. 18-bis legge n. 69 del 2005 \u2013 Procedura per la concentrazione di procedimenti paralleli di cui al d.lgs. 29 del 2016 \u2013 Deducibilit\u00e0 della questione relativa alla pendenza di un procedimento \u201cparallelo\u201d nel procedimento relativo alla consegna \u2013 Esclusione \u2013 Autorit\u00e0 deputata all\u2019esame di tale questione \u2013 Individuazione. Presidente: G&#8230;.<\/p>\n","protected":false},"featured_media":0,"template":"","meta":{"_crdt_document":""},"kji_country":[7681],"kji_court":[7682],"kji_chamber":[7752],"kji_year":[8677],"kji_subject":[7632],"kji_keyword":[7690,7689,7686,7754,7688],"kji_language":[7685],"class_list":["post-597063","kji_decision","type-kji_decision","status-publish","hentry","kji_country-italie","kji_court-corte-suprema-di-cassazione","kji_chamber-sesta-sezione","kji_year-8677","kji_subject-penal","kji_keyword-oggetto","kji_keyword-penale","kji_keyword-sentenza","kji_keyword-sesta","kji_keyword-sezione","kji_language-italien"],"yoast_head":"<!-- This site is optimized with the Yoast SEO Premium plugin v27.5 (Yoast SEO v27.5) - https:\/\/yoast.com\/product\/yoast-seo-premium-wordpress\/ -->\n<title>Sentenza n. 27654 du 11\/07\/2024 - Sesta sezione \/ Penale - Ma\u00eetre Hassan Kohen, avocat en droit p\u00e9nal \u00e0 Paris<\/title>\n<meta name=\"robots\" content=\"index, follow, max-snippet:-1, max-image-preview:large, max-video-preview:-1\" \/>\n<link rel=\"canonical\" href=\"https:\/\/kohenavocats.com\/zh-hans\/jurisprudences\/sentenza-n-27654-du-11-07-2024-sesta-sezione-penale\/\" \/>\n<meta property=\"og:locale\" content=\"zh_CN\" \/>\n<meta property=\"og:type\" content=\"article\" \/>\n<meta property=\"og:title\" content=\"Sentenza n. 27654 du 11\/07\/2024 - Sesta sezione \/ Penale\" \/>\n<meta property=\"og:description\" content=\"Oggetto Motivo facoltativo di rifiuto della consegna di cui all\u2019art. 18-bis legge n. 69 del 2005 \u2013 Procedura per la concentrazione di procedimenti paralleli di cui al d.lgs. 29 del 2016 \u2013 Deducibilit\u00e0 della questione relativa alla pendenza di un procedimento \u201cparallelo\u201d nel procedimento relativo alla consegna \u2013 Esclusione \u2013 Autorit\u00e0 deputata all\u2019esame di tale questione \u2013 Individuazione. Presidente: G....\" \/>\n<meta property=\"og:url\" content=\"https:\/\/kohenavocats.com\/zh-hans\/jurisprudences\/sentenza-n-27654-du-11-07-2024-sesta-sezione-penale\/\" \/>\n<meta property=\"og:site_name\" content=\"Ma\u00eetre Hassan Kohen, avocat en droit p\u00e9nal \u00e0 Paris\" \/>\n<meta name=\"twitter:card\" content=\"summary_large_image\" \/>\n<meta name=\"twitter:label1\" content=\"\u9884\u8ba1\u9605\u8bfb\u65f6\u95f4\" \/>\n\t<meta name=\"twitter:data1\" content=\"1 \u5206\" \/>\n<script type=\"application\/ld+json\" class=\"yoast-schema-graph\">{\"@context\":\"https:\\\/\\\/schema.org\",\"@graph\":[{\"@type\":\"WebPage\",\"@id\":\"https:\\\/\\\/kohenavocats.com\\\/zh-hans\\\/jurisprudences\\\/sentenza-n-27654-du-11-07-2024-sesta-sezione-penale\\\/\",\"url\":\"https:\\\/\\\/kohenavocats.com\\\/zh-hans\\\/jurisprudences\\\/sentenza-n-27654-du-11-07-2024-sesta-sezione-penale\\\/\",\"name\":\"Sentenza n. 27654 du 11\\\/07\\\/2024 - Sesta sezione \\\/ Penale - Ma\u00eetre Hassan Kohen, avocat en droit p\u00e9nal \u00e0 Paris\",\"isPartOf\":{\"@id\":\"https:\\\/\\\/kohenavocats.com\\\/zh-hans\\\/#website\"},\"datePublished\":\"2026-04-18T18:39:57+00:00\",\"breadcrumb\":{\"@id\":\"https:\\\/\\\/kohenavocats.com\\\/zh-hans\\\/jurisprudences\\\/sentenza-n-27654-du-11-07-2024-sesta-sezione-penale\\\/#breadcrumb\"},\"inLanguage\":\"zh-Hans\",\"potentialAction\":[{\"@type\":\"ReadAction\",\"target\":[\"https:\\\/\\\/kohenavocats.com\\\/zh-hans\\\/jurisprudences\\\/sentenza-n-27654-du-11-07-2024-sesta-sezione-penale\\\/\"]}]},{\"@type\":\"BreadcrumbList\",\"@id\":\"https:\\\/\\\/kohenavocats.com\\\/zh-hans\\\/jurisprudences\\\/sentenza-n-27654-du-11-07-2024-sesta-sezione-penale\\\/#breadcrumb\",\"itemListElement\":[{\"@type\":\"ListItem\",\"position\":1,\"name\":\"Home\",\"item\":\"https:\\\/\\\/kohenavocats.com\\\/zh-hans\\\/\"},{\"@type\":\"ListItem\",\"position\":2,\"name\":\"Jurisprudences\",\"item\":\"https:\\\/\\\/kohenavocats.com\\\/zh-hans\\\/jurisprudences\\\/\"},{\"@type\":\"ListItem\",\"position\":3,\"name\":\"Sentenza n. 27654 du 11\\\/07\\\/2024 &#8211; Sesta sezione \\\/ Penale\"}]},{\"@type\":\"WebSite\",\"@id\":\"https:\\\/\\\/kohenavocats.com\\\/zh-hans\\\/#website\",\"url\":\"https:\\\/\\\/kohenavocats.com\\\/zh-hans\\\/\",\"name\":\"Kohen Avocats\",\"description\":\"Ma\u00eetre Hassan Kohen, avocat p\u00e9naliste \u00e0 Paris, intervient exclusivement en droit p\u00e9nal pour la d\u00e9fense des particuliers, notamment en mati\u00e8re d\u2019accusations de viol. Il assure un accompagnement rigoureux d\u00e8s la garde \u00e0 vue jusqu\u2019\u00e0 la Cour d\u2019assises, veillant au strict respect des garanties proc\u00e9durales.\",\"publisher\":{\"@id\":\"https:\\\/\\\/kohenavocats.com\\\/zh-hans\\\/#organization\"},\"potentialAction\":[{\"@type\":\"SearchAction\",\"target\":{\"@type\":\"EntryPoint\",\"urlTemplate\":\"https:\\\/\\\/kohenavocats.com\\\/zh-hans\\\/?s={search_term_string}\"},\"query-input\":{\"@type\":\"PropertyValueSpecification\",\"valueRequired\":true,\"valueName\":\"search_term_string\"}}],\"inLanguage\":\"zh-Hans\"},{\"@type\":\"Organization\",\"@id\":\"https:\\\/\\\/kohenavocats.com\\\/zh-hans\\\/#organization\",\"name\":\"Kohen Avocats\",\"url\":\"https:\\\/\\\/kohenavocats.com\\\/zh-hans\\\/\",\"logo\":{\"@type\":\"ImageObject\",\"inLanguage\":\"zh-Hans\",\"@id\":\"https:\\\/\\\/kohenavocats.com\\\/zh-hans\\\/#\\\/schema\\\/logo\\\/image\\\/\",\"url\":\"https:\\\/\\\/kohenavocats.com\\\/wp-content\\\/uploads\\\/2026\\\/01\\\/Logo-2-1.webp\",\"contentUrl\":\"https:\\\/\\\/kohenavocats.com\\\/wp-content\\\/uploads\\\/2026\\\/01\\\/Logo-2-1.webp\",\"width\":2114,\"height\":1253,\"caption\":\"Kohen Avocats\"},\"image\":{\"@id\":\"https:\\\/\\\/kohenavocats.com\\\/zh-hans\\\/#\\\/schema\\\/logo\\\/image\\\/\"}}]}<\/script>\n<!-- \/ Yoast SEO Premium plugin. -->","yoast_head_json":{"title":"Sentenza n. 27654 du 11\/07\/2024 - Sesta sezione \/ Penale - Ma\u00eetre Hassan Kohen, avocat en droit p\u00e9nal \u00e0 Paris","robots":{"index":"index","follow":"follow","max-snippet":"max-snippet:-1","max-image-preview":"max-image-preview:large","max-video-preview":"max-video-preview:-1"},"canonical":"https:\/\/kohenavocats.com\/zh-hans\/jurisprudences\/sentenza-n-27654-du-11-07-2024-sesta-sezione-penale\/","og_locale":"zh_CN","og_type":"article","og_title":"Sentenza n. 27654 du 11\/07\/2024 - Sesta sezione \/ Penale","og_description":"Oggetto Motivo facoltativo di rifiuto della consegna di cui all\u2019art. 18-bis legge n. 69 del 2005 \u2013 Procedura per la concentrazione di procedimenti paralleli di cui al d.lgs. 29 del 2016 \u2013 Deducibilit\u00e0 della questione relativa alla pendenza di un procedimento \u201cparallelo\u201d nel procedimento relativo alla consegna \u2013 Esclusione \u2013 Autorit\u00e0 deputata all\u2019esame di tale questione \u2013 Individuazione. Presidente: G....","og_url":"https:\/\/kohenavocats.com\/zh-hans\/jurisprudences\/sentenza-n-27654-du-11-07-2024-sesta-sezione-penale\/","og_site_name":"Ma\u00eetre Hassan Kohen, avocat en droit p\u00e9nal \u00e0 Paris","twitter_card":"summary_large_image","twitter_misc":{"\u9884\u8ba1\u9605\u8bfb\u65f6\u95f4":"1 \u5206"},"schema":{"@context":"https:\/\/schema.org","@graph":[{"@type":"WebPage","@id":"https:\/\/kohenavocats.com\/zh-hans\/jurisprudences\/sentenza-n-27654-du-11-07-2024-sesta-sezione-penale\/","url":"https:\/\/kohenavocats.com\/zh-hans\/jurisprudences\/sentenza-n-27654-du-11-07-2024-sesta-sezione-penale\/","name":"Sentenza n. 27654 du 11\/07\/2024 - Sesta sezione \/ Penale - Ma\u00eetre Hassan Kohen, avocat en droit p\u00e9nal \u00e0 Paris","isPartOf":{"@id":"https:\/\/kohenavocats.com\/zh-hans\/#website"},"datePublished":"2026-04-18T18:39:57+00:00","breadcrumb":{"@id":"https:\/\/kohenavocats.com\/zh-hans\/jurisprudences\/sentenza-n-27654-du-11-07-2024-sesta-sezione-penale\/#breadcrumb"},"inLanguage":"zh-Hans","potentialAction":[{"@type":"ReadAction","target":["https:\/\/kohenavocats.com\/zh-hans\/jurisprudences\/sentenza-n-27654-du-11-07-2024-sesta-sezione-penale\/"]}]},{"@type":"BreadcrumbList","@id":"https:\/\/kohenavocats.com\/zh-hans\/jurisprudences\/sentenza-n-27654-du-11-07-2024-sesta-sezione-penale\/#breadcrumb","itemListElement":[{"@type":"ListItem","position":1,"name":"Home","item":"https:\/\/kohenavocats.com\/zh-hans\/"},{"@type":"ListItem","position":2,"name":"Jurisprudences","item":"https:\/\/kohenavocats.com\/zh-hans\/jurisprudences\/"},{"@type":"ListItem","position":3,"name":"Sentenza n. 27654 du 11\/07\/2024 &#8211; Sesta sezione \/ Penale"}]},{"@type":"WebSite","@id":"https:\/\/kohenavocats.com\/zh-hans\/#website","url":"https:\/\/kohenavocats.com\/zh-hans\/","name":"Kohen Avocats","description":"Ma\u00eetre Hassan Kohen, avocat p\u00e9naliste \u00e0 Paris, intervient exclusivement en droit p\u00e9nal pour la d\u00e9fense des particuliers, notamment en mati\u00e8re d\u2019accusations de viol. Il assure un accompagnement rigoureux d\u00e8s la garde \u00e0 vue jusqu\u2019\u00e0 la Cour d\u2019assises, veillant au strict respect des garanties proc\u00e9durales.","publisher":{"@id":"https:\/\/kohenavocats.com\/zh-hans\/#organization"},"potentialAction":[{"@type":"SearchAction","target":{"@type":"EntryPoint","urlTemplate":"https:\/\/kohenavocats.com\/zh-hans\/?s={search_term_string}"},"query-input":{"@type":"PropertyValueSpecification","valueRequired":true,"valueName":"search_term_string"}}],"inLanguage":"zh-Hans"},{"@type":"Organization","@id":"https:\/\/kohenavocats.com\/zh-hans\/#organization","name":"Kohen Avocats","url":"https:\/\/kohenavocats.com\/zh-hans\/","logo":{"@type":"ImageObject","inLanguage":"zh-Hans","@id":"https:\/\/kohenavocats.com\/zh-hans\/#\/schema\/logo\/image\/","url":"https:\/\/kohenavocats.com\/wp-content\/uploads\/2026\/01\/Logo-2-1.webp","contentUrl":"https:\/\/kohenavocats.com\/wp-content\/uploads\/2026\/01\/Logo-2-1.webp","width":2114,"height":1253,"caption":"Kohen Avocats"},"image":{"@id":"https:\/\/kohenavocats.com\/zh-hans\/#\/schema\/logo\/image\/"}}]}},"jetpack_likes_enabled":false,"jetpack_sharing_enabled":true,"_links":{"self":[{"href":"https:\/\/kohenavocats.com\/zh-hans\/wp-json\/wp\/v2\/kji_decision\/597063","targetHints":{"allow":["GET"]}}],"collection":[{"href":"https:\/\/kohenavocats.com\/zh-hans\/wp-json\/wp\/v2\/kji_decision"}],"about":[{"href":"https:\/\/kohenavocats.com\/zh-hans\/wp-json\/wp\/v2\/types\/kji_decision"}],"wp:attachment":[{"href":"https:\/\/kohenavocats.com\/zh-hans\/wp-json\/wp\/v2\/media?parent=597063"}],"wp:term":[{"taxonomy":"kji_country","embeddable":true,"href":"https:\/\/kohenavocats.com\/zh-hans\/wp-json\/wp\/v2\/kji_country?post=597063"},{"taxonomy":"kji_court","embeddable":true,"href":"https:\/\/kohenavocats.com\/zh-hans\/wp-json\/wp\/v2\/kji_court?post=597063"},{"taxonomy":"kji_chamber","embeddable":true,"href":"https:\/\/kohenavocats.com\/zh-hans\/wp-json\/wp\/v2\/kji_chamber?post=597063"},{"taxonomy":"kji_year","embeddable":true,"href":"https:\/\/kohenavocats.com\/zh-hans\/wp-json\/wp\/v2\/kji_year?post=597063"},{"taxonomy":"kji_subject","embeddable":true,"href":"https:\/\/kohenavocats.com\/zh-hans\/wp-json\/wp\/v2\/kji_subject?post=597063"},{"taxonomy":"kji_keyword","embeddable":true,"href":"https:\/\/kohenavocats.com\/zh-hans\/wp-json\/wp\/v2\/kji_keyword?post=597063"},{"taxonomy":"kji_language","embeddable":true,"href":"https:\/\/kohenavocats.com\/zh-hans\/wp-json\/wp\/v2\/kji_language?post=597063"}],"curies":[{"name":"wp","href":"https:\/\/api.w.org\/{rel}","templated":true}]}}