{"id":598314,"date":"2026-04-18T23:08:37","date_gmt":"2026-04-18T21:08:37","guid":{"rendered":"https:\/\/kohenavocats.com\/jurisprudences\/cour-superieure-de-justice-24-mai-2024-n-2024-00387\/"},"modified":"2026-04-18T23:08:40","modified_gmt":"2026-04-18T21:08:40","slug":"cour-superieure-de-justice-24-mai-2024-n-2024-00387","status":"publish","type":"kji_decision","link":"https:\/\/kohenavocats.com\/zh-hans\/jurisprudences\/cour-superieure-de-justice-24-mai-2024-n-2024-00387\/","title":{"rendered":"Cour sup\u00e9rieure de justice, 24 mai 2024, n\u00b0 2024-00387"},"content":{"rendered":"<div class=\"kji-decision\">\n<div class=\"kji-full-text\">\n<p>1 Arr\u00eat N\u00b094\/24IV-COM Arr\u00eat commercial-faillite Audience publiqueextraordinaireduvingt-quatremaideux millevingt- quatre Num\u00e9roCAL-2024-00387du r\u00f4le Composition: Marianne EICHER,pr\u00e9sident de chambre; Mich\u00e8le HORNICK,premierconseiller; Carole BESCH, conseiller; Eric VILVENS, greffier. E n t r e lasoci\u00e9t\u00e9anonymeSOCIETE1.)SA,\u00e9tablie et ayantson si\u00e8ge social \u00e0L-ADRESSE1.),repr\u00e9sent\u00e9e parsonconseil d\u2019administration, inscrite auRegistre de Commerceet des Soci\u00e9t\u00e9s de Luxembourg sous le num\u00e9roNUMERO1.), appelanteaux termes d\u2019un acte de l&#039;huissierde justice suppl\u00e9ant Kelly Ferreira Simoes, enremplacementde l\u2019huissierde justiceCarlos Calvo, les deux demeurant \u00e0Luxembourg,du4 avril2024, comparant parMa\u00eetreJulien Boeckler,avocat \u00e0 la Cour, demeurant \u00e0 Luxembourg, et<\/p>\n<p>2 1)Monsieurle Receveur-Pr\u00e9pos\u00e9 du bureau de Recette des Contributionsde Luxembourg,ayant ses bureaux \u00e0 L-2982 Luxembourg, 18, rue duFort Wedell, intim\u00e9aux fins dupr\u00e9dit acteFerreira Simoes, comparant par Ma\u00eetre Jean Kauffman,avocat \u00e0 la Cour, demeurant \u00e0 Luxembourg, 2) Ma\u00eetreCaroline KLEES,avocat \u00e0 la Cour,demeurant professionnellement \u00e0 L-8287 Kehlen,3, rue W.Steinmetz,priseen saqualit\u00e9 de curateur dela faillitedela soci\u00e9t\u00e9anonymeSOCIETE1.) SA,d\u00e9clar\u00e9e en \u00e9tat de faillite par jugement du Tribunal d\u2019arrondissement de Luxembourg du 24 f\u00e9vrier 2023, intim\u00e9eaux fins dupr\u00e9dit acteFerreira Simoes, comparant parelle-m\u00eame. LA COURD\u2019APPEL Parjugementcommercialrendupard\u00e9fautle24f\u00e9vrier2023,le Tribunald\u2019arrondissementdeLuxembourgad\u00e9clar\u00e9en\u00e9tatdefaillite, surassignationdeMonsieurleReceveur-Pr\u00e9pos\u00e9duBureaude RecettedesContributionsdeLuxembourg(ci-apr\u00e8s\u00abMonsieurle Receveur\u00bb)quisepr\u00e9valaitd\u2019unecr\u00e9ancefiscalede6.455,64euros, lasoci\u00e9t\u00e9anonymeSOCIETE1.)SA(ci-apr\u00e8s\u00abSOCIETE1.)\u00bb).Le jugementad\u00e9sign\u00e9curateurdelafailliteMa\u00eetreCarolineKlees(ci- apr\u00e8s\u00ablaCuratrice\u00bb). Paracted\u2019huissierdejusticedu4avril2024,SOCIETE1.)arelev\u00e9 appeldecejugementquin\u2019apas\u00e9t\u00e9signifi\u00e9. Aufond,elleconclut\u00e0voirrabattrelafaillite. SOCIETE1.)demande\u00e0voirconstaterquedesmontantssuffisants pourcouvrirtoutlepassifinscritetlesfraisethonorairesdela Curatriceont\u00e9t\u00e9consign\u00e9ssurlecompte-tiersdesonmandataire,qui s\u2019engage\u00e0continuerlesfondsencasderabattementdelafaillite. Al\u2019audiencedesplaidoiries,sonmandataireseportefortder\u00e9gler \u00e9galementlesfraisdeproc\u00e9dure,\u00e0savoirlesfraisd\u2019assignation,\u00e0 MonsieurleReceveur. L\u2019appelanteconclutquelesconditionsdelafaillite,\u00e0savoirl\u2019\u00e9tatde cessationdespaiementsetl\u2019\u00e9branlementducr\u00e9dit,nesontpas remplies.<\/p>\n<p>3 LaCuratricepr\u00e9cisequelaseuled\u00e9clarationdecr\u00e9anced\u00e9pos\u00e9eest celledu28mars2023,rempla\u00e7antcelledu7mars2023de l\u2019AdministrationdesContributionsdirectespourlemontanttotalde 6.260,94euros. Ellechiffresesfraisethonoraires\u00e02.817,57euros. Auvudelaconsignationdesmontantsn\u00e9cessairespour d\u00e9sint\u00e9resserlecr\u00e9ancierinscritetsesfraisethonoraires,ellene s\u2019opposepasaurabattementdelafaillite. MonsieurleReceveurserapporte\u00e0prudencedejusticeencequi concernelarecevabilit\u00e9del\u2019acted\u2019appel. Aufond,etauvudel\u2019engagementdumandataired\u2019SOCIETE1.)de continuerlesmontantsconsign\u00e9ssursoncompte-tiersetdeson engagementrelatifaupaiementdesfraisd\u2019assignation,ilnes\u2019oppose pasnonplusaurabattementdelafaillite. Appr\u00e9ciation L\u2019appel est recevable pour avoir \u00e9t\u00e9 introduit dans les forme et d\u00e9lai de la loi. Ilincombe\u00e0lasoci\u00e9t\u00e9demanderessedurabattementdelafaillitede prouverqu\u2019ellenesetrouvaitpasaumomentduprononc\u00e9du jugementd\u00e9claratifen\u00e9tatdefailliteausensdel\u2019article437duCode decommerce,end\u2019autrestermesqu\u2019ellen\u2019\u00e9taitpasen\u00e9tatde cessationdespaiementsetquesoncr\u00e9ditn\u2019\u00e9taitpas\u00e9branl\u00e9. Lacessationdespaiementsestlefaitmat\u00e9rielducommer\u00e7antqui, n\u2019honorantplussesdettesliquidesetexigibles,aarr\u00eat\u00e9son mouvementdecaisse. Ilya\u00e9branlementducr\u00e9ditlorsquelacessationdespaiementsporte atteinteaucr\u00e9dit,\u00e0lasolvabilit\u00e9dud\u00e9biteuretcomprometl\u2019ensemble desesop\u00e9rationsoulorsquelacessationdespaiementsestla cons\u00e9quenced\u2019unmanquedecr\u00e9dit. Ilr\u00e9sultedespi\u00e8cesvers\u00e9esetdesd\u00e9veloppementsfaits\u00e0l\u2019audience quelepassifd\u2019SOCIETE1.)consisteenlad\u00e9clarationdecr\u00e9ance d\u00e9pos\u00e9eparl\u2019AdministrationdesContributionsdirectespourle montantde6.260,94euros,lesfraisethonorairesdelaCuratriceet lesfraisdeproc\u00e9dure. Lemontantde9.078,51eurosa\u00e9t\u00e9consign\u00e9surlecomptetiersde Ma\u00eetreJulienBoecklerauxfinsder\u00e9glerlepassif. Ma\u00eetreBoecklers\u2019estenoutreport\u00e9fortder\u00e9glerlesfraisde proc\u00e9dure,notammentlesfraisd\u2019assignation.<\/p>\n<p>4 Ilfautconcluredecequipr\u00e9c\u00e8dequelenon-paiementdelacr\u00e9ance ayantdonn\u00e9lieuauprononc\u00e9delafaillite\u00e9taitd\u00fb\u00e0un dysfonctionnementmomentan\u00e9etquelasoci\u00e9t\u00e9appelanten\u2019\u00e9tait pas,aumomentduprononc\u00e9delafaillite,en\u00e9tatdecessationdes paiementsetd\u2019\u00e9branlementdecr\u00e9dit.Ilyapartantlieuderabattrela faillite. Lesfraisetd\u00e9pensdesdeuxinstancesrestent\u00e0chargede l\u2019appelante,\u00e9tantdonn\u00e9quec\u2019estparsan\u00e9gligencequelaproc\u00e9dure delafaillitea\u00e9t\u00e9d\u00e9clench\u00e9e. PAR CES MOTIFS la Cour d\u2019appel, quatri\u00e8me chambre, si\u00e9geant en mati\u00e8re commerciale, statuant contradictoirement, re\u00e7oit l\u2019appel, le d\u00e9clare fond\u00e9, r\u00e9formant, dit que la faillite de la soci\u00e9t\u00e9 anonymeSOCIETE1.)SAprononc\u00e9e le 24 f\u00e9vrier 2023est rabattue, condamne la soci\u00e9t\u00e9 anonymeSOCIETE1.)SA\u00e0 payer les frais et honoraires de la curatrice, Ma\u00eetre Caroline KLEES, condamne la soci\u00e9t\u00e9 anonymeSOCIETE1.)SAaux frais et d\u00e9pens des deux instances.<\/p>\n<\/div>\n<hr class=\"kji-sep\" \/>\n<p class=\"kji-source-links\"><strong>Sources officielles :<\/strong> <a class=\"kji-source-link\" href=\"https:\/\/data.public.lu\/fr\/datasets\/cour-superieure-de-justice-chambre-4\/\" target=\"_blank\" rel=\"noopener noreferrer\">consulter la page source<\/a> &middot; <a class=\"kji-pdf-link\" href=\"https:\/\/download.data.public.lu\/resources\/cour-superieure-de-justice-chambre-4\/20240827-175446\/20240524-ca4-cal-2024-00387-pseudonymise-accessible.pdf\" target=\"_blank\" rel=\"noopener noreferrer\">PDF officiel<\/a><\/p>\n<p class=\"kji-license-note\"><em>Licence CC BY-ND 4.0 (Administration judiciaire, data.public.lu). Republication autorisee avec attribution, sans modification editoriale du texte integral.<\/em><\/p>\n<\/div>\n","protected":false},"excerpt":{"rendered":"<p>1 Arr\u00eat N\u00b094\/24IV-COM Arr\u00eat commercial-faillite Audience publiqueextraordinaireduvingt-quatremaideux millevingt- quatre Num\u00e9roCAL-2024-00387du r\u00f4le Composition: Marianne EICHER,pr\u00e9sident de chambre; Mich\u00e8le HORNICK,premierconseiller; Carole BESCH, conseiller; Eric VILVENS, greffier. E n t r e lasoci\u00e9t\u00e9anonymeSOCIETE1.)SA,\u00e9tablie et ayantson si\u00e8ge social \u00e0L-ADRESSE1.),repr\u00e9sent\u00e9e parsonconseil d\u2019administration, inscrite auRegistre de Commerceet des Soci\u00e9t\u00e9s de Luxembourg\u2026<\/p>\n","protected":false},"featured_media":0,"template":"","meta":{"_crdt_document":""},"kji_country":[8418],"kji_court":[12305],"kji_chamber":[18433],"kji_year":[8677],"kji_subject":[7724],"kji_keyword":[9055,12307],"kji_language":[7733],"class_list":["post-598314","kji_decision","type-kji_decision","status-publish","hentry","kji_country-luxembourg","kji_court-cour-superieure-de-justice","kji_chamber-chambre-4","kji_year-8677","kji_subject-civil","kji_keyword-justice","kji_keyword-superieure","kji_language-francais"],"yoast_head":"<!-- This site is optimized with the Yoast SEO Premium plugin v27.5 (Yoast SEO v27.5) - https:\/\/yoast.com\/product\/yoast-seo-premium-wordpress\/ -->\n<title>Cour sup\u00e9rieure de justice, 24 mai 2024, n\u00b0 2024-00387 - Ma\u00eetre Hassan Kohen, avocat en droit p\u00e9nal \u00e0 Paris<\/title>\n<meta name=\"robots\" content=\"index, follow, max-snippet:-1, max-image-preview:large, max-video-preview:-1\" \/>\n<link rel=\"canonical\" href=\"https:\/\/kohenavocats.com\/zh-hans\/jurisprudences\/cour-superieure-de-justice-24-mai-2024-n-2024-00387\/\" \/>\n<meta property=\"og:locale\" content=\"zh_CN\" \/>\n<meta property=\"og:type\" content=\"article\" \/>\n<meta property=\"og:title\" content=\"Cour sup\u00e9rieure de justice, 24 mai 2024, n\u00b0 2024-00387\" \/>\n<meta property=\"og:description\" content=\"1 Arr\u00eat N\u00b094\/24IV-COM Arr\u00eat commercial-faillite Audience publiqueextraordinaireduvingt-quatremaideux millevingt- quatre Num\u00e9roCAL-2024-00387du r\u00f4le Composition: Marianne EICHER,pr\u00e9sident de chambre; Mich\u00e8le HORNICK,premierconseiller; Carole BESCH, conseiller; Eric VILVENS, greffier. E n t r e lasoci\u00e9t\u00e9anonymeSOCIETE1.)SA,\u00e9tablie et ayantson si\u00e8ge social \u00e0L-ADRESSE1.),repr\u00e9sent\u00e9e parsonconseil d\u2019administration, inscrite auRegistre de Commerceet des Soci\u00e9t\u00e9s de Luxembourg\u2026\" \/>\n<meta property=\"og:url\" content=\"https:\/\/kohenavocats.com\/zh-hans\/jurisprudences\/cour-superieure-de-justice-24-mai-2024-n-2024-00387\/\" \/>\n<meta property=\"og:site_name\" content=\"Ma\u00eetre Hassan Kohen, avocat en droit p\u00e9nal \u00e0 Paris\" \/>\n<meta property=\"article:modified_time\" content=\"2026-04-18T21:08:40+00:00\" \/>\n<meta name=\"twitter:card\" content=\"summary_large_image\" \/>\n<meta name=\"twitter:label1\" content=\"\u9884\u8ba1\u9605\u8bfb\u65f6\u95f4\" \/>\n\t<meta name=\"twitter:data1\" content=\"3 \u5206\" \/>\n<script type=\"application\/ld+json\" class=\"yoast-schema-graph\">{\"@context\":\"https:\\\/\\\/schema.org\",\"@graph\":[{\"@type\":\"WebPage\",\"@id\":\"https:\\\/\\\/kohenavocats.com\\\/zh-hans\\\/jurisprudences\\\/cour-superieure-de-justice-24-mai-2024-n-2024-00387\\\/\",\"url\":\"https:\\\/\\\/kohenavocats.com\\\/zh-hans\\\/jurisprudences\\\/cour-superieure-de-justice-24-mai-2024-n-2024-00387\\\/\",\"name\":\"Cour sup\u00e9rieure de justice, 24 mai 2024, n\u00b0 2024-00387 - Ma\u00eetre Hassan Kohen, avocat en droit p\u00e9nal \u00e0 Paris\",\"isPartOf\":{\"@id\":\"https:\\\/\\\/kohenavocats.com\\\/zh-hans\\\/#website\"},\"datePublished\":\"2026-04-18T21:08:37+00:00\",\"dateModified\":\"2026-04-18T21:08:40+00:00\",\"breadcrumb\":{\"@id\":\"https:\\\/\\\/kohenavocats.com\\\/zh-hans\\\/jurisprudences\\\/cour-superieure-de-justice-24-mai-2024-n-2024-00387\\\/#breadcrumb\"},\"inLanguage\":\"zh-Hans\",\"potentialAction\":[{\"@type\":\"ReadAction\",\"target\":[\"https:\\\/\\\/kohenavocats.com\\\/zh-hans\\\/jurisprudences\\\/cour-superieure-de-justice-24-mai-2024-n-2024-00387\\\/\"]}]},{\"@type\":\"BreadcrumbList\",\"@id\":\"https:\\\/\\\/kohenavocats.com\\\/zh-hans\\\/jurisprudences\\\/cour-superieure-de-justice-24-mai-2024-n-2024-00387\\\/#breadcrumb\",\"itemListElement\":[{\"@type\":\"ListItem\",\"position\":1,\"name\":\"Home\",\"item\":\"https:\\\/\\\/kohenavocats.com\\\/zh-hans\\\/\"},{\"@type\":\"ListItem\",\"position\":2,\"name\":\"Jurisprudences\",\"item\":\"https:\\\/\\\/kohenavocats.com\\\/zh-hans\\\/jurisprudences\\\/\"},{\"@type\":\"ListItem\",\"position\":3,\"name\":\"Cour sup\u00e9rieure de justice, 24 mai 2024, n\u00b0 2024-00387\"}]},{\"@type\":\"WebSite\",\"@id\":\"https:\\\/\\\/kohenavocats.com\\\/zh-hans\\\/#website\",\"url\":\"https:\\\/\\\/kohenavocats.com\\\/zh-hans\\\/\",\"name\":\"Kohen Avocats\",\"description\":\"Ma\u00eetre Hassan Kohen, avocat p\u00e9naliste \u00e0 Paris, intervient exclusivement en droit p\u00e9nal pour la d\u00e9fense des particuliers, notamment en mati\u00e8re d\u2019accusations de viol. Il assure un accompagnement rigoureux d\u00e8s la garde \u00e0 vue jusqu\u2019\u00e0 la Cour d\u2019assises, veillant au strict respect des garanties proc\u00e9durales.\",\"publisher\":{\"@id\":\"https:\\\/\\\/kohenavocats.com\\\/zh-hans\\\/#organization\"},\"potentialAction\":[{\"@type\":\"SearchAction\",\"target\":{\"@type\":\"EntryPoint\",\"urlTemplate\":\"https:\\\/\\\/kohenavocats.com\\\/zh-hans\\\/?s={search_term_string}\"},\"query-input\":{\"@type\":\"PropertyValueSpecification\",\"valueRequired\":true,\"valueName\":\"search_term_string\"}}],\"inLanguage\":\"zh-Hans\"},{\"@type\":\"Organization\",\"@id\":\"https:\\\/\\\/kohenavocats.com\\\/zh-hans\\\/#organization\",\"name\":\"Kohen Avocats\",\"url\":\"https:\\\/\\\/kohenavocats.com\\\/zh-hans\\\/\",\"logo\":{\"@type\":\"ImageObject\",\"inLanguage\":\"zh-Hans\",\"@id\":\"https:\\\/\\\/kohenavocats.com\\\/zh-hans\\\/#\\\/schema\\\/logo\\\/image\\\/\",\"url\":\"https:\\\/\\\/kohenavocats.com\\\/wp-content\\\/uploads\\\/2026\\\/01\\\/Logo-2-1.webp\",\"contentUrl\":\"https:\\\/\\\/kohenavocats.com\\\/wp-content\\\/uploads\\\/2026\\\/01\\\/Logo-2-1.webp\",\"width\":2114,\"height\":1253,\"caption\":\"Kohen Avocats\"},\"image\":{\"@id\":\"https:\\\/\\\/kohenavocats.com\\\/zh-hans\\\/#\\\/schema\\\/logo\\\/image\\\/\"}}]}<\/script>\n<!-- \/ Yoast SEO Premium plugin. -->","yoast_head_json":{"title":"Cour sup\u00e9rieure de justice, 24 mai 2024, n\u00b0 2024-00387 - Ma\u00eetre Hassan Kohen, avocat en droit p\u00e9nal \u00e0 Paris","robots":{"index":"index","follow":"follow","max-snippet":"max-snippet:-1","max-image-preview":"max-image-preview:large","max-video-preview":"max-video-preview:-1"},"canonical":"https:\/\/kohenavocats.com\/zh-hans\/jurisprudences\/cour-superieure-de-justice-24-mai-2024-n-2024-00387\/","og_locale":"zh_CN","og_type":"article","og_title":"Cour sup\u00e9rieure de justice, 24 mai 2024, n\u00b0 2024-00387","og_description":"1 Arr\u00eat N\u00b094\/24IV-COM Arr\u00eat commercial-faillite Audience publiqueextraordinaireduvingt-quatremaideux millevingt- quatre Num\u00e9roCAL-2024-00387du r\u00f4le Composition: Marianne EICHER,pr\u00e9sident de chambre; Mich\u00e8le HORNICK,premierconseiller; Carole BESCH, conseiller; Eric VILVENS, greffier. E n t r e lasoci\u00e9t\u00e9anonymeSOCIETE1.)SA,\u00e9tablie et ayantson si\u00e8ge social \u00e0L-ADRESSE1.),repr\u00e9sent\u00e9e parsonconseil d\u2019administration, inscrite auRegistre de Commerceet des Soci\u00e9t\u00e9s de Luxembourg\u2026","og_url":"https:\/\/kohenavocats.com\/zh-hans\/jurisprudences\/cour-superieure-de-justice-24-mai-2024-n-2024-00387\/","og_site_name":"Ma\u00eetre Hassan Kohen, avocat en droit p\u00e9nal \u00e0 Paris","article_modified_time":"2026-04-18T21:08:40+00:00","twitter_card":"summary_large_image","twitter_misc":{"\u9884\u8ba1\u9605\u8bfb\u65f6\u95f4":"3 \u5206"},"schema":{"@context":"https:\/\/schema.org","@graph":[{"@type":"WebPage","@id":"https:\/\/kohenavocats.com\/zh-hans\/jurisprudences\/cour-superieure-de-justice-24-mai-2024-n-2024-00387\/","url":"https:\/\/kohenavocats.com\/zh-hans\/jurisprudences\/cour-superieure-de-justice-24-mai-2024-n-2024-00387\/","name":"Cour sup\u00e9rieure de justice, 24 mai 2024, n\u00b0 2024-00387 - Ma\u00eetre Hassan Kohen, avocat en droit p\u00e9nal \u00e0 Paris","isPartOf":{"@id":"https:\/\/kohenavocats.com\/zh-hans\/#website"},"datePublished":"2026-04-18T21:08:37+00:00","dateModified":"2026-04-18T21:08:40+00:00","breadcrumb":{"@id":"https:\/\/kohenavocats.com\/zh-hans\/jurisprudences\/cour-superieure-de-justice-24-mai-2024-n-2024-00387\/#breadcrumb"},"inLanguage":"zh-Hans","potentialAction":[{"@type":"ReadAction","target":["https:\/\/kohenavocats.com\/zh-hans\/jurisprudences\/cour-superieure-de-justice-24-mai-2024-n-2024-00387\/"]}]},{"@type":"BreadcrumbList","@id":"https:\/\/kohenavocats.com\/zh-hans\/jurisprudences\/cour-superieure-de-justice-24-mai-2024-n-2024-00387\/#breadcrumb","itemListElement":[{"@type":"ListItem","position":1,"name":"Home","item":"https:\/\/kohenavocats.com\/zh-hans\/"},{"@type":"ListItem","position":2,"name":"Jurisprudences","item":"https:\/\/kohenavocats.com\/zh-hans\/jurisprudences\/"},{"@type":"ListItem","position":3,"name":"Cour sup\u00e9rieure de justice, 24 mai 2024, n\u00b0 2024-00387"}]},{"@type":"WebSite","@id":"https:\/\/kohenavocats.com\/zh-hans\/#website","url":"https:\/\/kohenavocats.com\/zh-hans\/","name":"Kohen Avocats","description":"Ma\u00eetre Hassan Kohen, avocat p\u00e9naliste \u00e0 Paris, intervient exclusivement en droit p\u00e9nal pour la d\u00e9fense des particuliers, notamment en mati\u00e8re d\u2019accusations de viol. Il assure un accompagnement rigoureux d\u00e8s la garde \u00e0 vue jusqu\u2019\u00e0 la Cour d\u2019assises, veillant au strict respect des garanties proc\u00e9durales.","publisher":{"@id":"https:\/\/kohenavocats.com\/zh-hans\/#organization"},"potentialAction":[{"@type":"SearchAction","target":{"@type":"EntryPoint","urlTemplate":"https:\/\/kohenavocats.com\/zh-hans\/?s={search_term_string}"},"query-input":{"@type":"PropertyValueSpecification","valueRequired":true,"valueName":"search_term_string"}}],"inLanguage":"zh-Hans"},{"@type":"Organization","@id":"https:\/\/kohenavocats.com\/zh-hans\/#organization","name":"Kohen Avocats","url":"https:\/\/kohenavocats.com\/zh-hans\/","logo":{"@type":"ImageObject","inLanguage":"zh-Hans","@id":"https:\/\/kohenavocats.com\/zh-hans\/#\/schema\/logo\/image\/","url":"https:\/\/kohenavocats.com\/wp-content\/uploads\/2026\/01\/Logo-2-1.webp","contentUrl":"https:\/\/kohenavocats.com\/wp-content\/uploads\/2026\/01\/Logo-2-1.webp","width":2114,"height":1253,"caption":"Kohen Avocats"},"image":{"@id":"https:\/\/kohenavocats.com\/zh-hans\/#\/schema\/logo\/image\/"}}]}},"jetpack_likes_enabled":false,"jetpack_sharing_enabled":true,"_links":{"self":[{"href":"https:\/\/kohenavocats.com\/zh-hans\/wp-json\/wp\/v2\/kji_decision\/598314","targetHints":{"allow":["GET"]}}],"collection":[{"href":"https:\/\/kohenavocats.com\/zh-hans\/wp-json\/wp\/v2\/kji_decision"}],"about":[{"href":"https:\/\/kohenavocats.com\/zh-hans\/wp-json\/wp\/v2\/types\/kji_decision"}],"wp:attachment":[{"href":"https:\/\/kohenavocats.com\/zh-hans\/wp-json\/wp\/v2\/media?parent=598314"}],"wp:term":[{"taxonomy":"kji_country","embeddable":true,"href":"https:\/\/kohenavocats.com\/zh-hans\/wp-json\/wp\/v2\/kji_country?post=598314"},{"taxonomy":"kji_court","embeddable":true,"href":"https:\/\/kohenavocats.com\/zh-hans\/wp-json\/wp\/v2\/kji_court?post=598314"},{"taxonomy":"kji_chamber","embeddable":true,"href":"https:\/\/kohenavocats.com\/zh-hans\/wp-json\/wp\/v2\/kji_chamber?post=598314"},{"taxonomy":"kji_year","embeddable":true,"href":"https:\/\/kohenavocats.com\/zh-hans\/wp-json\/wp\/v2\/kji_year?post=598314"},{"taxonomy":"kji_subject","embeddable":true,"href":"https:\/\/kohenavocats.com\/zh-hans\/wp-json\/wp\/v2\/kji_subject?post=598314"},{"taxonomy":"kji_keyword","embeddable":true,"href":"https:\/\/kohenavocats.com\/zh-hans\/wp-json\/wp\/v2\/kji_keyword?post=598314"},{"taxonomy":"kji_language","embeddable":true,"href":"https:\/\/kohenavocats.com\/zh-hans\/wp-json\/wp\/v2\/kji_language?post=598314"}],"curies":[{"name":"wp","href":"https:\/\/api.w.org\/{rel}","templated":true}]}}