{"id":598399,"date":"2026-04-18T23:10:42","date_gmt":"2026-04-18T21:10:42","guid":{"rendered":"https:\/\/kohenavocats.com\/jurisprudences\/cour-superieure-de-justice-21-mai-2024-n-2019-00497\/"},"modified":"2026-04-18T23:10:45","modified_gmt":"2026-04-18T21:10:45","slug":"cour-superieure-de-justice-21-mai-2024-n-2019-00497","status":"publish","type":"kji_decision","link":"https:\/\/kohenavocats.com\/zh-hans\/jurisprudences\/cour-superieure-de-justice-21-mai-2024-n-2019-00497\/","title":{"rendered":"Cour sup\u00e9rieure de justice, 21 mai 2024, n\u00b0 2019-00497"},"content":{"rendered":"<div class=\"kji-decision\">\n<div class=\"kji-full-text\">\n<p>1 Arr\u00eat N\u00b091\/24IV-COM Audience publique duvingt-et-un maideux millevingt-quatre Num\u00e9roCAL-2019-00497et CAL-2023-01001du r\u00f4le Composition: Marianne EICHER,pr\u00e9sident de chambre; Mich\u00e8le HORNICK, conseiller; Carole BESCH,conseiller; Eric VILVENS, greffier. E n t r e 1)la soci\u00e9t\u00e9de droit n\u00e9o-z\u00e9landaisSOCIETE1.)LIMITED, \u00e9tablie et ayant son si\u00e8ge social \u00e0NZ-ADRESSE1.),inscrite au\u00abNew Zealand Business Number\u00bbsous le num\u00e9roNUMERO1.),en sa qualit\u00e9de \u00abTrustee\u00bb deSOCIETE2.), le \u00abTrustee\u00bb lui-m\u00eame repr\u00e9sent\u00e9 par ses organes statutaires, appelanteaux termes d\u2019un acte de l&#039;huissier de justiceGilles HoffmanndeLuxembourgdu4 avril2019, comparant par Ma\u00eetreMario Di Stefano, avocat\u00e0 la Cour, demeurant \u00e0 Luxembourg, 2) la soci\u00e9t\u00e9 de droit de l\u2019Ile de NevisSOCIETE3.)LIMITED, \u00e9tablie et ayant son si\u00e8ge social \u00e0ADRESSE2.), en sa qualit\u00e9 de \u00abTrustee\u00bb deSOCIETE4.), le \u00abTrustee\u00bb lui-m\u00eame repr\u00e9sent\u00e9 par ses organes statutaires,<\/p>\n<p>2 appelanteaux termes d\u2019un acte de l&#039;huissier de justice Gilles Hoffmann de Luxembourg du 4 avril 2019, comparantpar Ma\u00eetre Guillaume Mary, avocat \u00e0 la Cour, demeurant \u00e0 Luxembourg, et 1)la soci\u00e9t\u00e9anonymeSOCIETE5.), \u00e9tablie et ayant son si\u00e8ge social \u00e0 L-ADRESSE3.),repr\u00e9sent\u00e9e par sonconseil d\u2019administration, inscrite au Registre de Commerce et des Soci\u00e9t\u00e9s de Luxembourg sous le num\u00e9roNUMERO2.), intim\u00e9eaux fins dupr\u00e9ditacteHoffmann, comparant par la soci\u00e9t\u00e9 en commandite simple Kleyr Grasso, \u00e9tablie \u00e0 L-2361 Strassen, 7, rue des Primeurs, inscrite au Registre de Commerce et des Soci\u00e9t\u00e9s de Luxembourg sous le num\u00e9ro B 220509, inscrite \u00e0 la liste V du Tableau de l\u2019Ordre des Avocats du Barreau de Luxembourg, qui est constitu\u00e9e et en l\u2019\u00e9tude de laquelle domicile est \u00e9lu,repr\u00e9sent\u00e9e par son g\u00e9rant Kleyr Grasso GP s\u00e0rl, \u00e9tablie \u00e0 la m\u00eame adresse, inscrite au Registre de Commerce et des Soci\u00e9t\u00e9s de Luxembourg sous le num\u00e9ro B 220442, repr\u00e9sent\u00e9e aux fins de la pr\u00e9sente proc\u00e9dure par Ma\u00eetre Donata Grasso, avocat \u00e0 la Cour, 2)la soci\u00e9t\u00e9SOCIETE6.), (SOCIETE7.)) LIMITED,\u00e9tablie et ayant son si\u00e8ge social \u00e0ADRESSE4.), en sa qualit\u00e9 de \u00abTrustee\u00bb de SOCIETE8.), le \u00ab Trustee\u00bb \u00e9tant lui-m\u00eame repr\u00e9sent\u00e9 par son organe statutaire, intim\u00e9eaux fins du pr\u00e9dit acte Hoffmann, comparant par Ma\u00eetre C\u00e9dric Schirrer, avocat \u00e0 la Cour, demeurant \u00e0 Luxembourg, 3)la soci\u00e9t\u00e9de droit panam\u00e9enSOCIETE9.)S.A., \u00e9tablie et ayant son si\u00e8ge social \u00e0la R\u00e9publique de Panama, ADRESSE5.), repr\u00e9sent\u00e9 par son organe statutaire, partie appel\u00e9e en interventionaux termes d\u2019un exploit de l\u2019huissier de justice Patrick Kurdyban, demeurant \u00e0 L-1621 Luxembourg, 21 rue des Gen\u00eats, immatricul\u00e9 pr\u00e8s le Tribunal d\u2019Arrondissement de et \u00e0 Luxembourg, en remplacement de Catherine Nilles,huissier de justice, demeurant \u00e0 L-1621 Luxembourg, 21 rue des Gen\u00eats, immatricul\u00e9e pr\u00e8s le Tribunald\u2019Arrondissement de et \u00e0 Luxembourg, comparant par la soci\u00e9t\u00e9anonymeLuther S.A., \u00e9tablie \u00e0 L-1736 Senningerberg, 1B, Heienhaff, inscrite au Registre de Commerce et des Soci\u00e9t\u00e9s de Luxembourg sous le num\u00e9ro B195777, inscrite \u00e0 la liste V du Tableau de l\u2019Ordre des Avocats du Barreau de Luxembourg,<\/p>\n<p>3 repr\u00e9sent\u00e9eaux fins de lapr\u00e9sente proc\u00e9dure par Ma\u00eetreMathieu Laurent, avocat \u00e0 la Cour, LA COUR D&#039;APPEL Par jugement du 12 juillet 2018, le Tribunal d\u2019arrondissement de Luxembourg, si\u00e9geant en mati\u00e8re commerciale selon la proc\u00e9dure civile, statuant contradictoirement, a retenu ce qui suit: \u00abre\u00e7oit la demande en intervention volontaire de la soci\u00e9t\u00e9 de droit de l\u2019SOCIETE10.)LIMITED, en sa qualit\u00e9 de nouveau trustee d\u2019SOCIETE4.); rejette le moyen tir\u00e9 de l\u2019exception du libell\u00e9 obscur ; d\u00e9clareirrecevable la demande en annulation des r\u00e9solutions prises lors de l\u2019assembl\u00e9e g\u00e9n\u00e9rale extraordinaire de la soci\u00e9t\u00e9 anonyme SOCIETE11.)SA du 25 f\u00e9vrier 2014 ainsi que lors des assembl\u00e9es subs\u00e9quentes ; re\u00e7oit la demande pour le surplus ; la dit non fond\u00e9e ; re\u00e7oit la demande reconventionnelle ; la dit non fond\u00e9e ; condamne la soci\u00e9t\u00e9 de droit de l\u2019Ile deSOCIETE12.)LIMITED, agissant en sa qualit\u00e9 de trustee d\u2019SOCIETE4.), et la soci\u00e9t\u00e9 de droit n\u00e9o-z\u00e9landaisSOCIETE1.)LIMITED, agissant en sa qualit\u00e9 detrustee deSOCIETE2.), in solidum, \u00e0 payer \u00e0 la soci\u00e9t\u00e9 anonyme SOCIETE11.)SA une indemnit\u00e9 de 3.000,-EUR sur base de l\u2019article 240 du Nouveau Code de proc\u00e9dure civile ; condamne la soci\u00e9t\u00e9 de droit de l\u2019Ile de NevisSOCIETE3.)LIMITED, agissant en sa qualit\u00e9 de trustee d\u2019SOCIETE4.), et la soci\u00e9t\u00e9 de droit n\u00e9o-z\u00e9landaisSOCIETE1.)LIMITED, agissant en sa qualit\u00e9 de trustee deSOCIETE2.), in solidum, \u00e0 payer \u00e0 la soci\u00e9t\u00e9SOCIETE6.) (SOCIETE7.)) LIMITED, en sa qualit\u00e9 de trustee d\u2019SOCIETE8.), une indemnit\u00e9 de 3.000,-EUR sur base de l\u2019article 240 du Nouveau Code de proc\u00e9dure civile ;<\/p>\n<p>4 condamne la soci\u00e9t\u00e9 de droit de l\u2019Ile deSOCIETE12.)LIMITED, agissant en sa qualit\u00e9 de trustee d\u2019SOCIETE4.), et la soci\u00e9t\u00e9 de droit n\u00e9o-z\u00e9landaisSOCIETE1.)LIMITED, agissant en sa qualit\u00e9 de trustee deSOCIETE2.), in solidum, \u00e0 payer \u00e0PERSONNE1.)une indemnit\u00e9 de 3.000,-EUR sur base de l\u2019article 240 du Nouveau Code de proc\u00e9dure civile ; condamne la soci\u00e9t\u00e9 de droit de l\u2019Ile deSOCIETE12.)LIMITED, agissant ensa qualit\u00e9 de trustee d\u2019SOCIETE4.), et la soci\u00e9t\u00e9 SOCIETE1.)LIMITED, agissant en sa qualit\u00e9 de trustee de SOCIETE2.), aux frais et d\u00e9pens de la demande principale, avec distraction au profit des mandataires des parties d\u00e9fenderesses sub 1), 2) et 4), affirmant en avoir fait l\u2019avance ; condamnePERSONNE1.)aux frais et d\u00e9pens de la demande reconventionnelle\u00bb. Suivant acte d\u2019huissier de justice du 4 avril 2019, la soci\u00e9t\u00e9 SOCIETE1.)LIMITED, agissant en sa qualit\u00e9 de trustee de SOCIETE2.), et la soci\u00e9t\u00e9SOCIETE3.)LIMITED, agissant en sa qualit\u00e9 de trustee d\u2019SOCIETE4.)ont interjet\u00e9 appel contre ce jugement, en intimant la soci\u00e9t\u00e9SOCIETE11.), la soci\u00e9t\u00e9SOCIETE6.) (SOCIETE7.)) LIMITED, en sa qualit\u00e9 de trustee d\u2019SOCIETE8.), et PERSONNE1.). En septembre 2019, la Cour a \u00e9t\u00e9 inform\u00e9e de l\u2019ouverture en Italie d\u2019une mesure de protection au profit dePERSONNE1.). Par ailleurs, un administrateur provisoire dela soci\u00e9t\u00e9SOCIETE11.) a \u00e9t\u00e9 d\u00e9sign\u00e9. Suivant ordonnance du juge des r\u00e9f\u00e9r\u00e9s du 29 novembre 2019, le mandat de l\u2019administrateur provisoire a pris fin. En date du 16 novembre 2020,PERSONNE1.)est d\u00e9c\u00e9d\u00e9. Suivant avis du 27 novembre 2020, le magistrat de la mise en \u00e9tat a inform\u00e9 les parties de la mise en suspens de l\u2019affaire pour permettre aux parties de proc\u00e9der \u00e0 la r\u00e9gularisation de la proc\u00e9dure, suite au d\u00e9c\u00e8s dePERSONNE1.). Par la suite, l\u2019instruction du dossier a \u00e9t\u00e9 limit\u00e9e \u00e0 la question de savoir si une r\u00e9gularisation de la proc\u00e9dure, en application de l\u2019article 488 du Nouveau Code de proc\u00e9dure civile, s\u2019imposait. Par acte d\u2019huissier de justice du 1 er mars 2023,SOCIETE1.)LIMITED, agissant en saqualit\u00e9 de trustee deSOCIETE2.)a assign\u00e9 en intervention forc\u00e9e la soci\u00e9t\u00e9 de droit panam\u00e9enSOCIETE9.)SA afin de lui voir d\u00e9clarer commun l\u2019arr\u00eat \u00e0 intervenir. La soci\u00e9t\u00e9SOCIETE11.)fait plaider que dans la mesure o\u00f9 aucune reprise d\u2019instance, soitvolontaire, soit forc\u00e9e, n\u2019est intervenue, l\u2019affaire<\/p>\n<p>5 ne saurait se poursuivre. Il y aurait lieu de tenir l\u2019affaire en suspens jusqu\u2019\u00e0 ce que les h\u00e9ritiers de feuPERSONNE1.)soient assign\u00e9s en reprise d\u2019instance par les parties appelantes ou que ces derni\u00e8res se d\u00e9sistent de cette instance s\u2019ils ne devaient plus avoir une r\u00e9elle intention de la poursuivre. Tel semblerait \u00eatre le cas au vu de leur inaction pour r\u00e9gulariser la proc\u00e9dure. La soci\u00e9t\u00e9SOCIETE1.)LIMITED, agissant en sa qualit\u00e9 de trustee de SOCIETE2.), de m\u00eame queSOCIETE3.)LIMITED, agissant en sa qualit\u00e9 de trustee d\u2019SOCIETE4.), concluent \u00e0 voir poursuivre l\u2019instance en l\u2019\u00e9tat. La soci\u00e9t\u00e9SOCIETE9.)SA se rapporte \u00e0 prudence de justice en ce qui concerne la question de la mise en cause des h\u00e9ritiers de feu PERSONNE1.). Appr\u00e9ciation L\u2019article 488 du Nouveau Code de proc\u00e9dure civile dispose: \u00abDans les affaires qui ne seront pas en \u00e9tat, toutes proc\u00e9dures faites post\u00e9rieurement \u00e0 la notification de la mort de l&#039;une des parties seront nulles; il ne sera pas besoin de signifier les d\u00e9c\u00e8s, d\u00e9missions, interdictions ni destitutions des avocats ; les poursuites faites et les d\u00e9cisions obtenues depuis seront nulles, s&#039;il n&#039;y a constitution de nouvel avocat\u00bb. Ce n\u2019est pas le d\u00e9c\u00e8s, mais la notification du d\u00e9c\u00e8s qui provoque l\u2019interruption de l\u2019instance et cette notification doit \u00eatre faite \u00e0 partie (Dalloz, Codes annot\u00e9es, C.pr.c. art. 344, n\u00b0 38, 39, Cour, 27 avril 2016, num\u00e9roNUMERO3.)du r\u00f4le). Par courrier du 25 novembre 2020,la soci\u00e9t\u00e9SOCIETE11.)a inform\u00e9 la Cour et les mandataires des parties adverses du d\u00e9c\u00e8s intervenu le 16 novembre 2020 dePERSONNE1.). Le d\u00e9c\u00e8s dePERSONNE1.)a partant \u00e9t\u00e9 notifi\u00e9 \u00e0 toutes les parties, appelantes et intim\u00e9es, de sorte que cette notification est r\u00e9guli\u00e8re au sens de l\u2019article 488 pr\u00e9cit\u00e9. L\u2019interruption de l\u2019instance ayant pour effet d\u2019entra\u00eener la nullit\u00e9 de tous les actes post\u00e9rieurs, \u00e0 d\u00e9faut de r\u00e9gularisation de la proc\u00e9dure, celle-ci ne saurait \u00eatre poursuivie en l\u2019\u00e9tat. Il y a partant lieu, avant tout autre progr\u00e8s en cause, de surseoir \u00e0 statuer en attendant la r\u00e9gularisation de la proc\u00e9dure, soit par reprise d\u2019instance volontaire de la part des h\u00e9ritiers de feuPERSONNE1.), soit par reprise d\u2019instance forc\u00e9e. .<\/p>\n<p>6 PAR CES MOTIFS la Cour d\u2019appel, quatri\u00e8me chambre, si\u00e9geant en mati\u00e8re commerciale, statuant contradictoirement, vu la jonction des affaires enr\u00f4l\u00e9es sous les num\u00e9ros CAL-2019 00497 et CAL-2023 01001 suivant ordonnance du magistrat de la mise en \u00e9tat du 12 octobre 2023, avant tout autre progr\u00e8s en cause, surseoit \u00e0 statueren attendant la r\u00e9gularisation de la proc\u00e9dure, r\u00e9serve les droits des parties et les frais, renvoie le dossier devant le magistrat de la mise en \u00e9tat.<\/p>\n<\/div>\n<hr class=\"kji-sep\" \/>\n<p class=\"kji-source-links\"><strong>Sources officielles :<\/strong> <a class=\"kji-source-link\" href=\"https:\/\/data.public.lu\/fr\/datasets\/cour-superieure-de-justice-chambre-4\/\" target=\"_blank\" rel=\"noopener noreferrer\">consulter la page source<\/a> &middot; <a class=\"kji-pdf-link\" href=\"https:\/\/download.data.public.lu\/resources\/cour-superieure-de-justice-chambre-4\/20240827-175425\/20240521-ca4-cal-2019-00497-pseudonymise-accessible.pdf\" target=\"_blank\" rel=\"noopener noreferrer\">PDF officiel<\/a><\/p>\n<p class=\"kji-license-note\"><em>Licence CC BY-ND 4.0 (Administration judiciaire, data.public.lu). Republication autorisee avec attribution, sans modification editoriale du texte integral.<\/em><\/p>\n<\/div>\n","protected":false},"excerpt":{"rendered":"<p>1 Arr\u00eat N\u00b091\/24IV-COM Audience publique duvingt-et-un maideux millevingt-quatre Num\u00e9roCAL-2019-00497et CAL-2023-01001du r\u00f4le Composition: Marianne EICHER,pr\u00e9sident de chambre; Mich\u00e8le HORNICK, conseiller; Carole BESCH,conseiller; Eric VILVENS, greffier. E n t r e 1)la soci\u00e9t\u00e9de droit n\u00e9o-z\u00e9landaisSOCIETE1.)LIMITED, \u00e9tablie et ayant son si\u00e8ge social \u00e0NZ-ADRESSE1.),inscrite au\u00abNew Zealand Business Number\u00bbsous le\u2026<\/p>\n","protected":false},"featured_media":0,"template":"","meta":{"_crdt_document":""},"kji_country":[8418],"kji_court":[12305],"kji_chamber":[18433],"kji_year":[8677],"kji_subject":[7724],"kji_keyword":[9055,12307],"kji_language":[7733],"class_list":["post-598399","kji_decision","type-kji_decision","status-publish","hentry","kji_country-luxembourg","kji_court-cour-superieure-de-justice","kji_chamber-chambre-4","kji_year-8677","kji_subject-civil","kji_keyword-justice","kji_keyword-superieure","kji_language-francais"],"yoast_head":"<!-- This site is optimized with the Yoast SEO Premium plugin v27.5 (Yoast SEO v27.5) - https:\/\/yoast.com\/product\/yoast-seo-premium-wordpress\/ -->\n<title>Cour sup\u00e9rieure de justice, 21 mai 2024, n\u00b0 2019-00497 - Ma\u00eetre Hassan Kohen, avocat en droit p\u00e9nal \u00e0 Paris<\/title>\n<meta name=\"robots\" content=\"index, follow, max-snippet:-1, max-image-preview:large, max-video-preview:-1\" \/>\n<link rel=\"canonical\" href=\"https:\/\/kohenavocats.com\/zh-hans\/jurisprudences\/cour-superieure-de-justice-21-mai-2024-n-2019-00497\/\" \/>\n<meta property=\"og:locale\" content=\"zh_CN\" \/>\n<meta property=\"og:type\" content=\"article\" \/>\n<meta property=\"og:title\" content=\"Cour sup\u00e9rieure de justice, 21 mai 2024, n\u00b0 2019-00497\" \/>\n<meta property=\"og:description\" content=\"1 Arr\u00eat N\u00b091\/24IV-COM Audience publique duvingt-et-un maideux millevingt-quatre Num\u00e9roCAL-2019-00497et CAL-2023-01001du r\u00f4le Composition: Marianne EICHER,pr\u00e9sident de chambre; Mich\u00e8le HORNICK, conseiller; Carole BESCH,conseiller; Eric VILVENS, greffier. E n t r e 1)la soci\u00e9t\u00e9de droit n\u00e9o-z\u00e9landaisSOCIETE1.)LIMITED, \u00e9tablie et ayant son si\u00e8ge social \u00e0NZ-ADRESSE1.),inscrite au\u00abNew Zealand Business Number\u00bbsous le\u2026\" \/>\n<meta property=\"og:url\" content=\"https:\/\/kohenavocats.com\/zh-hans\/jurisprudences\/cour-superieure-de-justice-21-mai-2024-n-2019-00497\/\" \/>\n<meta property=\"og:site_name\" content=\"Ma\u00eetre Hassan Kohen, avocat en droit p\u00e9nal \u00e0 Paris\" \/>\n<meta property=\"article:modified_time\" content=\"2026-04-18T21:10:45+00:00\" \/>\n<meta name=\"twitter:card\" content=\"summary_large_image\" \/>\n<meta name=\"twitter:label1\" content=\"\u9884\u8ba1\u9605\u8bfb\u65f6\u95f4\" \/>\n\t<meta name=\"twitter:data1\" content=\"8 \u5206\" \/>\n<script type=\"application\/ld+json\" class=\"yoast-schema-graph\">{\"@context\":\"https:\\\/\\\/schema.org\",\"@graph\":[{\"@type\":\"WebPage\",\"@id\":\"https:\\\/\\\/kohenavocats.com\\\/zh-hans\\\/jurisprudences\\\/cour-superieure-de-justice-21-mai-2024-n-2019-00497\\\/\",\"url\":\"https:\\\/\\\/kohenavocats.com\\\/zh-hans\\\/jurisprudences\\\/cour-superieure-de-justice-21-mai-2024-n-2019-00497\\\/\",\"name\":\"Cour sup\u00e9rieure de justice, 21 mai 2024, n\u00b0 2019-00497 - Ma\u00eetre Hassan Kohen, avocat en droit p\u00e9nal \u00e0 Paris\",\"isPartOf\":{\"@id\":\"https:\\\/\\\/kohenavocats.com\\\/zh-hans\\\/#website\"},\"datePublished\":\"2026-04-18T21:10:42+00:00\",\"dateModified\":\"2026-04-18T21:10:45+00:00\",\"breadcrumb\":{\"@id\":\"https:\\\/\\\/kohenavocats.com\\\/zh-hans\\\/jurisprudences\\\/cour-superieure-de-justice-21-mai-2024-n-2019-00497\\\/#breadcrumb\"},\"inLanguage\":\"zh-Hans\",\"potentialAction\":[{\"@type\":\"ReadAction\",\"target\":[\"https:\\\/\\\/kohenavocats.com\\\/zh-hans\\\/jurisprudences\\\/cour-superieure-de-justice-21-mai-2024-n-2019-00497\\\/\"]}]},{\"@type\":\"BreadcrumbList\",\"@id\":\"https:\\\/\\\/kohenavocats.com\\\/zh-hans\\\/jurisprudences\\\/cour-superieure-de-justice-21-mai-2024-n-2019-00497\\\/#breadcrumb\",\"itemListElement\":[{\"@type\":\"ListItem\",\"position\":1,\"name\":\"Home\",\"item\":\"https:\\\/\\\/kohenavocats.com\\\/zh-hans\\\/\"},{\"@type\":\"ListItem\",\"position\":2,\"name\":\"Jurisprudences\",\"item\":\"https:\\\/\\\/kohenavocats.com\\\/zh-hans\\\/jurisprudences\\\/\"},{\"@type\":\"ListItem\",\"position\":3,\"name\":\"Cour sup\u00e9rieure de justice, 21 mai 2024, n\u00b0 2019-00497\"}]},{\"@type\":\"WebSite\",\"@id\":\"https:\\\/\\\/kohenavocats.com\\\/zh-hans\\\/#website\",\"url\":\"https:\\\/\\\/kohenavocats.com\\\/zh-hans\\\/\",\"name\":\"Kohen Avocats\",\"description\":\"Ma\u00eetre Hassan Kohen, avocat p\u00e9naliste \u00e0 Paris, intervient exclusivement en droit p\u00e9nal pour la d\u00e9fense des particuliers, notamment en mati\u00e8re d\u2019accusations de viol. Il assure un accompagnement rigoureux d\u00e8s la garde \u00e0 vue jusqu\u2019\u00e0 la Cour d\u2019assises, veillant au strict respect des garanties proc\u00e9durales.\",\"publisher\":{\"@id\":\"https:\\\/\\\/kohenavocats.com\\\/zh-hans\\\/#organization\"},\"potentialAction\":[{\"@type\":\"SearchAction\",\"target\":{\"@type\":\"EntryPoint\",\"urlTemplate\":\"https:\\\/\\\/kohenavocats.com\\\/zh-hans\\\/?s={search_term_string}\"},\"query-input\":{\"@type\":\"PropertyValueSpecification\",\"valueRequired\":true,\"valueName\":\"search_term_string\"}}],\"inLanguage\":\"zh-Hans\"},{\"@type\":\"Organization\",\"@id\":\"https:\\\/\\\/kohenavocats.com\\\/zh-hans\\\/#organization\",\"name\":\"Kohen Avocats\",\"url\":\"https:\\\/\\\/kohenavocats.com\\\/zh-hans\\\/\",\"logo\":{\"@type\":\"ImageObject\",\"inLanguage\":\"zh-Hans\",\"@id\":\"https:\\\/\\\/kohenavocats.com\\\/zh-hans\\\/#\\\/schema\\\/logo\\\/image\\\/\",\"url\":\"https:\\\/\\\/kohenavocats.com\\\/wp-content\\\/uploads\\\/2026\\\/01\\\/Logo-2-1.webp\",\"contentUrl\":\"https:\\\/\\\/kohenavocats.com\\\/wp-content\\\/uploads\\\/2026\\\/01\\\/Logo-2-1.webp\",\"width\":2114,\"height\":1253,\"caption\":\"Kohen Avocats\"},\"image\":{\"@id\":\"https:\\\/\\\/kohenavocats.com\\\/zh-hans\\\/#\\\/schema\\\/logo\\\/image\\\/\"}}]}<\/script>\n<!-- \/ Yoast SEO Premium plugin. -->","yoast_head_json":{"title":"Cour sup\u00e9rieure de justice, 21 mai 2024, n\u00b0 2019-00497 - Ma\u00eetre Hassan Kohen, avocat en droit p\u00e9nal \u00e0 Paris","robots":{"index":"index","follow":"follow","max-snippet":"max-snippet:-1","max-image-preview":"max-image-preview:large","max-video-preview":"max-video-preview:-1"},"canonical":"https:\/\/kohenavocats.com\/zh-hans\/jurisprudences\/cour-superieure-de-justice-21-mai-2024-n-2019-00497\/","og_locale":"zh_CN","og_type":"article","og_title":"Cour sup\u00e9rieure de justice, 21 mai 2024, n\u00b0 2019-00497","og_description":"1 Arr\u00eat N\u00b091\/24IV-COM Audience publique duvingt-et-un maideux millevingt-quatre Num\u00e9roCAL-2019-00497et CAL-2023-01001du r\u00f4le Composition: Marianne EICHER,pr\u00e9sident de chambre; Mich\u00e8le HORNICK, conseiller; Carole BESCH,conseiller; Eric VILVENS, greffier. E n t r e 1)la soci\u00e9t\u00e9de droit n\u00e9o-z\u00e9landaisSOCIETE1.)LIMITED, \u00e9tablie et ayant son si\u00e8ge social \u00e0NZ-ADRESSE1.),inscrite au\u00abNew Zealand Business Number\u00bbsous le\u2026","og_url":"https:\/\/kohenavocats.com\/zh-hans\/jurisprudences\/cour-superieure-de-justice-21-mai-2024-n-2019-00497\/","og_site_name":"Ma\u00eetre Hassan Kohen, avocat en droit p\u00e9nal \u00e0 Paris","article_modified_time":"2026-04-18T21:10:45+00:00","twitter_card":"summary_large_image","twitter_misc":{"\u9884\u8ba1\u9605\u8bfb\u65f6\u95f4":"8 \u5206"},"schema":{"@context":"https:\/\/schema.org","@graph":[{"@type":"WebPage","@id":"https:\/\/kohenavocats.com\/zh-hans\/jurisprudences\/cour-superieure-de-justice-21-mai-2024-n-2019-00497\/","url":"https:\/\/kohenavocats.com\/zh-hans\/jurisprudences\/cour-superieure-de-justice-21-mai-2024-n-2019-00497\/","name":"Cour sup\u00e9rieure de justice, 21 mai 2024, n\u00b0 2019-00497 - Ma\u00eetre Hassan Kohen, avocat en droit p\u00e9nal \u00e0 Paris","isPartOf":{"@id":"https:\/\/kohenavocats.com\/zh-hans\/#website"},"datePublished":"2026-04-18T21:10:42+00:00","dateModified":"2026-04-18T21:10:45+00:00","breadcrumb":{"@id":"https:\/\/kohenavocats.com\/zh-hans\/jurisprudences\/cour-superieure-de-justice-21-mai-2024-n-2019-00497\/#breadcrumb"},"inLanguage":"zh-Hans","potentialAction":[{"@type":"ReadAction","target":["https:\/\/kohenavocats.com\/zh-hans\/jurisprudences\/cour-superieure-de-justice-21-mai-2024-n-2019-00497\/"]}]},{"@type":"BreadcrumbList","@id":"https:\/\/kohenavocats.com\/zh-hans\/jurisprudences\/cour-superieure-de-justice-21-mai-2024-n-2019-00497\/#breadcrumb","itemListElement":[{"@type":"ListItem","position":1,"name":"Home","item":"https:\/\/kohenavocats.com\/zh-hans\/"},{"@type":"ListItem","position":2,"name":"Jurisprudences","item":"https:\/\/kohenavocats.com\/zh-hans\/jurisprudences\/"},{"@type":"ListItem","position":3,"name":"Cour sup\u00e9rieure de justice, 21 mai 2024, n\u00b0 2019-00497"}]},{"@type":"WebSite","@id":"https:\/\/kohenavocats.com\/zh-hans\/#website","url":"https:\/\/kohenavocats.com\/zh-hans\/","name":"Kohen Avocats","description":"Ma\u00eetre Hassan Kohen, avocat p\u00e9naliste \u00e0 Paris, intervient exclusivement en droit p\u00e9nal pour la d\u00e9fense des particuliers, notamment en mati\u00e8re d\u2019accusations de viol. Il assure un accompagnement rigoureux d\u00e8s la garde \u00e0 vue jusqu\u2019\u00e0 la Cour d\u2019assises, veillant au strict respect des garanties proc\u00e9durales.","publisher":{"@id":"https:\/\/kohenavocats.com\/zh-hans\/#organization"},"potentialAction":[{"@type":"SearchAction","target":{"@type":"EntryPoint","urlTemplate":"https:\/\/kohenavocats.com\/zh-hans\/?s={search_term_string}"},"query-input":{"@type":"PropertyValueSpecification","valueRequired":true,"valueName":"search_term_string"}}],"inLanguage":"zh-Hans"},{"@type":"Organization","@id":"https:\/\/kohenavocats.com\/zh-hans\/#organization","name":"Kohen Avocats","url":"https:\/\/kohenavocats.com\/zh-hans\/","logo":{"@type":"ImageObject","inLanguage":"zh-Hans","@id":"https:\/\/kohenavocats.com\/zh-hans\/#\/schema\/logo\/image\/","url":"https:\/\/kohenavocats.com\/wp-content\/uploads\/2026\/01\/Logo-2-1.webp","contentUrl":"https:\/\/kohenavocats.com\/wp-content\/uploads\/2026\/01\/Logo-2-1.webp","width":2114,"height":1253,"caption":"Kohen Avocats"},"image":{"@id":"https:\/\/kohenavocats.com\/zh-hans\/#\/schema\/logo\/image\/"}}]}},"jetpack_likes_enabled":false,"jetpack_sharing_enabled":true,"_links":{"self":[{"href":"https:\/\/kohenavocats.com\/zh-hans\/wp-json\/wp\/v2\/kji_decision\/598399","targetHints":{"allow":["GET"]}}],"collection":[{"href":"https:\/\/kohenavocats.com\/zh-hans\/wp-json\/wp\/v2\/kji_decision"}],"about":[{"href":"https:\/\/kohenavocats.com\/zh-hans\/wp-json\/wp\/v2\/types\/kji_decision"}],"wp:attachment":[{"href":"https:\/\/kohenavocats.com\/zh-hans\/wp-json\/wp\/v2\/media?parent=598399"}],"wp:term":[{"taxonomy":"kji_country","embeddable":true,"href":"https:\/\/kohenavocats.com\/zh-hans\/wp-json\/wp\/v2\/kji_country?post=598399"},{"taxonomy":"kji_court","embeddable":true,"href":"https:\/\/kohenavocats.com\/zh-hans\/wp-json\/wp\/v2\/kji_court?post=598399"},{"taxonomy":"kji_chamber","embeddable":true,"href":"https:\/\/kohenavocats.com\/zh-hans\/wp-json\/wp\/v2\/kji_chamber?post=598399"},{"taxonomy":"kji_year","embeddable":true,"href":"https:\/\/kohenavocats.com\/zh-hans\/wp-json\/wp\/v2\/kji_year?post=598399"},{"taxonomy":"kji_subject","embeddable":true,"href":"https:\/\/kohenavocats.com\/zh-hans\/wp-json\/wp\/v2\/kji_subject?post=598399"},{"taxonomy":"kji_keyword","embeddable":true,"href":"https:\/\/kohenavocats.com\/zh-hans\/wp-json\/wp\/v2\/kji_keyword?post=598399"},{"taxonomy":"kji_language","embeddable":true,"href":"https:\/\/kohenavocats.com\/zh-hans\/wp-json\/wp\/v2\/kji_language?post=598399"}],"curies":[{"name":"wp","href":"https:\/\/api.w.org\/{rel}","templated":true}]}}