{"id":600182,"date":"2026-04-19T03:17:18","date_gmt":"2026-04-19T01:17:18","guid":{"rendered":"https:\/\/kohenavocats.com\/jurisprudences\/tribunal-darrondissement-25-mars-2026-3\/"},"modified":"2026-04-19T03:17:22","modified_gmt":"2026-04-19T01:17:22","slug":"tribunal-darrondissement-25-mars-2026-3","status":"publish","type":"kji_decision","link":"https:\/\/kohenavocats.com\/zh-hans\/jurisprudences\/tribunal-darrondissement-25-mars-2026-3\/","title":{"rendered":"Tribunal d&#8217;arrondissement, 25 mars 2026"},"content":{"rendered":"<div class=\"kji-decision\">\n<div class=\"kji-full-text\">\n<p>2 Jugement commercial 2026TADCOMM\/0112 Audience publique dumercredi,vingt-cinq marsdeux millevingt-six. Num\u00e9ro du r\u00f4le:TAD-2026-00384 Composition : Jean-Claude WIRTH, Vice-Pr\u00e9sident, Fernand PETTINGER, PremierJuge, GeraldineHELLENBRAND, Attach\u00e9e de justice \u00e0 titre provisoire d\u00e9l\u00e9gu\u00e9e, Christiane BRITZ, Greffier. _______________________________________________________________ Entre: laSOCIETE1.), \u00e9tablie et ayant son si\u00e8ge social \u00e0 L-ADRESSE1.),repr\u00e9sent\u00e9e par son conseil d\u2019administration actuellement en fonctions,inscrite au registre de commerce et des soci\u00e9t\u00e9s sous le num\u00e9roNUMERO1.),d\u00e9clar\u00e9e en \u00e9tat de faillite suivant jugement du25 f\u00e9vrier 2026du Tribunal d\u2019Arrondissement de et \u00e0 Diekirch, partie demanderesse par opposition suivant exploit del\u2019huissier de justice Patrick KURDYBANdeLuxembourgen datedu2 mars 2026, comparant parMa\u00eetre Audrey SEBE,avocat \u00e0 la Cour,demeurant \u00e0 Luxembourg,en l\u2019\u00e9tude de laquelledomicile est \u00e9lu, et: 1.la soci\u00e9t\u00e9 \u00e0 responsabilit\u00e9 limit\u00e9eSOCIETE2.)S.\u00e0r.l.,\u00e9tablie et ayant son si\u00e8ge social \u00e0 L-ADRESSE2.),repr\u00e9sent\u00e9e par son ou ses g\u00e9rant(s) actuellement en fonctions,inscrite au registre de commerce et des soci\u00e9t\u00e9s sous le num\u00e9roNUMERO2.), comparant parMa\u00eetreC\u00e9dric HIRTZBERGER, avocat \u00e0 la Cour, demeurant \u00e0Luxembourg, 2.Ma\u00eetreChristian HANSEN, avocat \u00e0 la Cour, demeurant professionnellement \u00e0 L-7570 Mersch, 90, rue Nicolas Welter, pris<\/p>\n<p>3 en sa qualit\u00e9 de curateur de la faillite delaSOCIETE1.)S.A., \u00e9tablie et ayant son si\u00e8ge social \u00e0 L-ADRESSE1.),repr\u00e9sent\u00e9e par son conseil d\u2019administration actuellement en fonctions,inscrite au registre de commerce et des soci\u00e9t\u00e9s sous le num\u00e9roNUMERO1.), comparanten personne, parties d\u00e9fenderesses sur opposition aux finsdupr\u00e9dit exploitKURDYBAN. Le Tribunal : Faits: Les faits et r\u00e9troactes del\u2019affaire r\u00e9sultent \u00e0 suffisance de droit des qualit\u00e9s et consid\u00e9rants: 1) du jugementnum\u00e9ro2026TADCOMM\/0055rendu par le tribunal de ce si\u00e8ge en date du25 f\u00e9vrier 2026et dont le dispositif est con\u00e7u comme suit: \u00ab PAR CES MOTIFS le Tribunal d\u2019Arrondissement de et \u00e0 Diekirch, si\u00e9geant en mati\u00e8re commerciale et en premi\u00e8re instance, statuant par d\u00e9faut \u00e0 l\u2019\u00e9gard de la SOCIETE1.); d\u00e9clarelaSOCIETE1.)S.A.,\u00e9tablie et ayant son si\u00e8ge social \u00e0 L- ADRESSE1.),en \u00e9tat de faillite sur assignation; d\u00e9termineprovisoirement l\u2019\u00e9poque de la cessation des paiements au25 ao\u00fbt 2025; nommejuge-commissaireMadame l\u2019attach\u00e9e de justice \u00e0 titre provisoire d\u00e9l\u00e9gu\u00e9e Geraldine HELLENBRAND; d\u00e9signecomme curateurMa\u00eetre Christian HANSEN, avocat \u00e0 la Cour, demeurant \u00e0 Mersch, ordonneaux cr\u00e9anciers de la faillite de faire au greffe du tribunal de ce si\u00e8ge la d\u00e9claration de leurs cr\u00e9ances avant le25 ao\u00fbt 2026, sous peine de forclusion; ordonnel\u2019apposition de scell\u00e9s \u00e0 moins que l\u2019inventaire ne puisse \u00eatre termin\u00e9 en une seule journ\u00e9e; fixejour et heure pour la v\u00e9rification des cr\u00e9ances au lundi,16 mars 2026 \u00e0 11:15 heuresqui se tiendra au Palais de Justice \u00e0 Diekirch, Place Guillaume, salle des audiences;<\/p>\n<p>4 ordonneque le pr\u00e9sent jugement sera ins\u00e9r\u00e9 par extrait dans les journaux LUXEMBURGER WORT et TAGEBLATT, \u00e9dit\u00e9s \u00e0 Luxembourg respectivement Esch-sur-Alzette; d\u00e9clarele pr\u00e9sent jugement ex\u00e9cutoire par provision; condamnela soci\u00e9t\u00e9 en \u00e9tat de faillite aux d\u00e9pens qui seront \u00e0pr\u00e9lever par privil\u00e8ge sur l\u2019actif de la faillite.\u00bb 2)del\u2019exploit de l\u2019huissier de justicePatrick KURDYBANdeLuxembourgen date du2 mars 2026, par lequellaSOCIETE1.)S.A.,afaitd\u00e9clarer et signifier \u00e01.la soci\u00e9t\u00e9 \u00e0 responsabilit\u00e9 limit\u00e9eSOCIETE2.)S.\u00e0r.l.et\u00e02.Ma\u00eetre Christian HANSEN, avocat \u00e0 la Cour, demeurant professionnellement \u00e0L- 7570 Mersch, 90, rue Nicolas Welter, pris en sa qualit\u00e9 de curateur de la faillite de laSOCIETE1.),qu\u2019ellerel\u00e8ve formellement opposition contre le pr\u00e9dit jugement du25 f\u00e9vrier 2026, et par le m\u00eame exploitd\u2019huissier,l\u2019opposanteafait donner assignation aux d\u00e9fendeurs sur opposition \u00e0 compara\u00eetre lemercredi,18 mars 2026\u00e0 10.00 heures devant le tribunal d\u2019arrondissement de et \u00e0 Diekirch, si\u00e9geant en mati\u00e8re commerciale, pour y entendre statuer sur le m\u00e9rite de l\u2019opposition reproduite ci-apr\u00e8s par proc\u00e9d\u00e9 de photocopie:<\/p>\n<p>5 Cetteaffaire fut mise au r\u00f4le par les soins delapartie demanderesse et inscrite au r\u00f4lecommercial sous le num\u00e9roTAD-2026-00384. Al\u2019appel descauses\u00e0l\u2019audience publique du18 mars2026,l\u2019affaire fut utilement retenueetMa\u00eetreMarie-Th\u00e9r\u00e8se KALUKULA, avocat, demeurant \u00e0 Luxembourg,en remplacement de Ma\u00eetre Audrey SEBE,exposa l\u2019affaire. Le curateurMa\u00eetreChristian HANSENfut entendu en sesmoyens et explications. Ma\u00eetreOusmane TRAOR\u00c9, avocat, demeurant \u00e0 Luxembourg, en remplacement de Ma\u00eetre C\u00e9dric HIRTZBERGER,exposa les moyens de sa partie. Le tribunal prit l\u2019affaire en d\u00e9lib\u00e9r\u00e9 et fixa jour pour le prononc\u00e9 dujugement \u00e0 l\u2019audience publiquedu25 mars 2026. A cetteaudience publique le tribunal rendit le jugement qui suit : Revu le jugement rendu en date du25 f\u00e9vrier 2026par letribunal de ce si\u00e8ge, statuant par d\u00e9faut,ayant d\u00e9clar\u00e9 en \u00e9tat de faillitelaSOCIETE1.)S.A.sur assignation de la partdela soci\u00e9t\u00e9 \u00e0 responsabilit\u00e9 limit\u00e9eSOCIETE2.)S.\u00e0r.l.. Parexploit de l\u2019huissier de justicePatrick KURDYBANdeLuxembourg,en date du2 mars 2026,laSOCIETE1.)aform\u00e9 opposition contre le pr\u00e9dit jugement etaconclu\u00e0voirrapporter le jugementd\u00e9claratif de faillite du25 f\u00e9vrier 2026. Aux termes de l\u2019article 473 du Code de commerce, le d\u00e9lai pour former opposition par le failli lui-m\u00eame est de huitaineetpourtoute autre partie int\u00e9ress\u00e9e, l\u2019opposition doit \u00eatre form\u00e9edans laquinzaine\u00e0 partir de l\u2019insertion du jugement d\u00e9claratif de faillite dans les journaux mentionn\u00e9s dans l\u2019article 472 du m\u00eame code. L\u2019oppositionintroduite parlaSOCIETE1.)S.A.datantdu2mars 2026,elle est recevable pour avoir \u00e9t\u00e9 faite dans les formes et d\u00e9lai de la loi. Le pr\u00e9dit jugement du25 f\u00e9vrier 2026avait d\u00e9clar\u00e9laSOCIETE1.)en \u00e9tat de faillite sur assignationdela soci\u00e9t\u00e9 \u00e0 responsabilit\u00e9 limit\u00e9eSOCIETE2.)S.\u00e0r.l., qui faisaitvaloir \u00e0sonencontreunecr\u00e9ance de6.519,95.-EUR. Aux termes de l\u2019article 437 alin\u00e9a 1 er du code de commerce, tout commer\u00e7ant qui cesse ses paiements et dont le cr\u00e9dit se trouve \u00e9branl\u00e9 est en \u00e9tat de faillite.<\/p>\n<p>6 Il incombe \u00e0 tout opposant de prouver ou d\u2019offrir en preuve les faits de nature \u00e0 \u00e9tablir que la soci\u00e9t\u00e9 ne se trouvait pas au moment du prononc\u00e9 du jugement d\u00e9claratif en \u00e9tat de faillite au sens de l\u2019article 437 du Code de Commerce, en d\u2019autres termes qu\u2019elle n\u2019\u00e9tait pas en \u00e9tat de cessation des paiements et que son cr\u00e9dit n\u2019\u00e9tait pas \u00e9branl\u00e9 (voir Verougstraete, Manuel du curateur de faillite, n\u00b036; RPDB, v\u00b0 faillite et banqueroute, n\u00b0225; Trib. Lux. 19 novembre 1993, n\u00b042752). Le mandataire de la partie opposanteestime que c\u2019est \u00e0 tort quelaSOCIETE1.) a \u00e9t\u00e9 d\u00e9clar\u00e9e en \u00e9tat de faillite alors que les conditions de la faillite n\u2019auraient pas exist\u00e9, \u00e0 savoir l\u2019\u00e9tat de cessation de paiement et l\u2019\u00e9branlement de son cr\u00e9dit. Elleexpose quela dettedu demandeur en faillite,la soci\u00e9t\u00e9 \u00e0 responsabilit\u00e9 limit\u00e9eSOCIETE2.)S.\u00e0r.l.\u00e0 hauteur de7.583,70.-EUR, la dette du Bureau d\u2019\u00e9tudesSOCIETE3.)SARL \u00e0 hauteur de 2.942,50.-EUR, la dette de la soci\u00e9t\u00e9SOCIETE4.)SARL\u00e0 hauteur de 393,07.-EUR, la dette duSOCIETE5.) \u00e0 hauteur de 444,74.-EUR et la dette de la soci\u00e9t\u00e9SOCIETE6.)\u00e0 hauteur de 1.150,11.-EURainsi que les frais et honoraires du curateur \u00e0 hauteur du montant de3.511,22.-EUR,auraient d\u2019ores-et-d\u00e9j\u00e0 \u00e9t\u00e9 pay\u00e9es.Elle fait encore \u00e9tatdumontanttotalde64.981,80.-EUR, qui seraitbloqu\u00e9entre les mains du notaire Ma\u00eetre Jean-Paul MEYERSayantvocation\u00e0\u00eatre vers\u00e9 \u00e0 la soci\u00e9t\u00e9 en \u00e9tat de faillite.La partie opposante conclut partant \u00e0 voir rapporter la faillite. Le curateurconfirmele paiementde toutes lesdettes d\u00e9clar\u00e9esetdes frais d\u2019administration de la faillite.Ilne s\u2019oppose pasquant\u00e0la demande devoir rapporter le jugement de faillite. Le demandeur en faillitene s\u2019oppose pas non plus\u00e0 cettedemande. Compte tenu des d\u00e9clarations faites \u00e0 l\u2019audience et des pi\u00e8ces vers\u00e9es en cause, et notammentvu lepaiement de ladette du demandeur en failliteetdetoutes lesdettes d\u00e9clar\u00e9es,des fraiset honoraires du curateur,et vu lemontant total de 64.981,80.-EUR, qui est bloqu\u00e9 entre les mains du notaire Ma\u00eetre Jean-Paul MEYERSayantvocation \u00e0 \u00eatre vers\u00e9 \u00e0 laSOCIETE1.),il y a lieu de retenir que les conditions de la faillite ne sont pas donn\u00e9es dans le chef dela SOCIETE1.)et qu&#039;il \u00e9chet partant de rabattre la faillite. Les frais et d\u00e9pens de l\u2019instance ainsi que les frais et honoraires du curateur restent cependant \u00e0 charge delaSOCIETE1.)\u00e9tant donn\u00e9 que c\u2019est par les n\u00e9gligences de cette derni\u00e8re que la proc\u00e9dure de la faillite a \u00e9t\u00e9 d\u00e9clench\u00e9e. (Cour 3.5.2006, n\u00b0 30510 du r\u00f4le) P a r c e s m o t i f s : le tribunal d\u2019arrondissement de et \u00e0 Diekirch, si\u00e9geant en mati\u00e8re commerciale, statuantcontradictoirement,apr\u00e8s avoir entendu le juge-commissaire,<\/p>\n<p>7 ditl\u2019opposition form\u00e9e parlaSOCIETE1.)recevable et fond\u00e9e; metle jugement d\u00e9claratif de faillite sur assignation rendu en date du25 f\u00e9vrier 2026\u00e0 n\u00e9ant; ditque le pr\u00e9dit jugement est rapport\u00e9 et \u00e0 tenir comme nul et non avenu ainsi que tous les actes qui ont accompagn\u00e9 et suivi la d\u00e9claration de faillite et qui en ont \u00e9t\u00e9 la cons\u00e9quence; ditque les fonctions de curateur et de juge-commissaire cessent imm\u00e9diatement; remetlaSOCIETE1.)au m\u00eame et semblable \u00e9tat qu&#039;avant le pr\u00e9dit jugement du25 f\u00e9vrier 2026; condamnelaSOCIETE1.)\u00e0 tous les frais et d\u00e9pens de l\u2019instance; metles frais d\u2019administration de la faillite \u00e0 chargede laSOCIETE1.); ordonnel&#039;ex\u00e9cution provisoire du pr\u00e9sent jugement. Ainsiprononc\u00e9en audience publique au Palais de Justice \u00e0 Diekirch par Nous Jean-Claude WIRTH, vice-pr\u00e9sident pr\u00e8s le tribunal d\u2019arrondissement, assist\u00e9 du greffier Christiane BRITZ. Le greffier Le vice-pr\u00e9sident<\/p>\n<\/div>\n<hr class=\"kji-sep\" \/>\n<p class=\"kji-source-links\"><strong>Sources officielles :<\/strong> <a class=\"kji-source-link\" href=\"https:\/\/data.public.lu\/fr\/datasets\/tribunal-darrondissement-diekirch\/\" target=\"_blank\" rel=\"noopener noreferrer\">consulter la page source<\/a> &middot; <a class=\"kji-pdf-link\" href=\"https:\/\/download.data.public.lu\/resources\/tribunal-darrondissement-diekirch\/20260405-231916\/20260325-tadcommerce-202600380-pseudonymise-accessible.pdf\" target=\"_blank\" rel=\"noopener noreferrer\">PDF officiel<\/a><\/p>\n<p class=\"kji-license-note\"><em>Licence CC BY-ND 4.0 (Administration judiciaire, data.public.lu). Republication autorisee avec attribution, sans modification editoriale du texte integral.<\/em><\/p>\n<\/div>\n","protected":false},"excerpt":{"rendered":"<p>2 Jugement commercial 2026TADCOMM\/0112 Audience publique dumercredi,vingt-cinq marsdeux millevingt-six. Num\u00e9ro du r\u00f4le:TAD-2026-00384 Composition : Jean-Claude WIRTH, Vice-Pr\u00e9sident, Fernand PETTINGER, PremierJuge, GeraldineHELLENBRAND, Attach\u00e9e de justice \u00e0 titre provisoire d\u00e9l\u00e9gu\u00e9e, Christiane BRITZ, Greffier. _______________________________________________________________ Entre: laSOCIETE1.), \u00e9tablie et ayant son si\u00e8ge social \u00e0 L-ADRESSE1.),repr\u00e9sent\u00e9e par son conseil\u2026<\/p>\n","protected":false},"featured_media":0,"template":"","meta":{"_crdt_document":""},"kji_country":[8418],"kji_court":[23583],"kji_chamber":[],"kji_year":[7610],"kji_subject":[7724],"kji_keyword":[23584,7636],"kji_language":[7733],"class_list":["post-600182","kji_decision","type-kji_decision","status-publish","hentry","kji_country-luxembourg","kji_court-tribunal-darrondissement","kji_year-7610","kji_subject-civil","kji_keyword-arrondissement","kji_keyword-tribunal","kji_language-francais"],"yoast_head":"<!-- This site is optimized with the Yoast SEO Premium plugin v27.5 (Yoast SEO v27.5) - https:\/\/yoast.com\/product\/yoast-seo-premium-wordpress\/ -->\n<title>Tribunal d&#039;arrondissement, 25 mars 2026 - Ma\u00eetre Hassan Kohen, avocat en droit p\u00e9nal \u00e0 Paris<\/title>\n<meta name=\"robots\" content=\"index, follow, max-snippet:-1, max-image-preview:large, max-video-preview:-1\" \/>\n<link rel=\"canonical\" href=\"https:\/\/kohenavocats.com\/zh-hans\/jurisprudences\/tribunal-darrondissement-25-mars-2026-3\/\" \/>\n<meta property=\"og:locale\" content=\"zh_CN\" \/>\n<meta property=\"og:type\" content=\"article\" \/>\n<meta property=\"og:title\" content=\"Tribunal d&#039;arrondissement, 25 mars 2026\" \/>\n<meta property=\"og:description\" content=\"2 Jugement commercial 2026TADCOMM\/0112 Audience publique dumercredi,vingt-cinq marsdeux millevingt-six. Num\u00e9ro du r\u00f4le:TAD-2026-00384 Composition : Jean-Claude WIRTH, Vice-Pr\u00e9sident, Fernand PETTINGER, PremierJuge, GeraldineHELLENBRAND, Attach\u00e9e de justice \u00e0 titre provisoire d\u00e9l\u00e9gu\u00e9e, Christiane BRITZ, Greffier. _______________________________________________________________ Entre: laSOCIETE1.), \u00e9tablie et ayant son si\u00e8ge social \u00e0 L-ADRESSE1.),repr\u00e9sent\u00e9e par son conseil\u2026\" \/>\n<meta property=\"og:url\" content=\"https:\/\/kohenavocats.com\/zh-hans\/jurisprudences\/tribunal-darrondissement-25-mars-2026-3\/\" \/>\n<meta property=\"og:site_name\" content=\"Ma\u00eetre Hassan Kohen, avocat en droit p\u00e9nal \u00e0 Paris\" \/>\n<meta property=\"article:modified_time\" content=\"2026-04-19T01:17:22+00:00\" \/>\n<meta name=\"twitter:card\" content=\"summary_large_image\" \/>\n<meta name=\"twitter:label1\" content=\"\u9884\u8ba1\u9605\u8bfb\u65f6\u95f4\" \/>\n\t<meta name=\"twitter:data1\" content=\"8 \u5206\" \/>\n<script type=\"application\/ld+json\" class=\"yoast-schema-graph\">{\"@context\":\"https:\\\/\\\/schema.org\",\"@graph\":[{\"@type\":\"WebPage\",\"@id\":\"https:\\\/\\\/kohenavocats.com\\\/zh-hans\\\/jurisprudences\\\/tribunal-darrondissement-25-mars-2026-3\\\/\",\"url\":\"https:\\\/\\\/kohenavocats.com\\\/zh-hans\\\/jurisprudences\\\/tribunal-darrondissement-25-mars-2026-3\\\/\",\"name\":\"Tribunal d'arrondissement, 25 mars 2026 - Ma\u00eetre Hassan Kohen, avocat en droit p\u00e9nal \u00e0 Paris\",\"isPartOf\":{\"@id\":\"https:\\\/\\\/kohenavocats.com\\\/zh-hans\\\/#website\"},\"datePublished\":\"2026-04-19T01:17:18+00:00\",\"dateModified\":\"2026-04-19T01:17:22+00:00\",\"breadcrumb\":{\"@id\":\"https:\\\/\\\/kohenavocats.com\\\/zh-hans\\\/jurisprudences\\\/tribunal-darrondissement-25-mars-2026-3\\\/#breadcrumb\"},\"inLanguage\":\"zh-Hans\",\"potentialAction\":[{\"@type\":\"ReadAction\",\"target\":[\"https:\\\/\\\/kohenavocats.com\\\/zh-hans\\\/jurisprudences\\\/tribunal-darrondissement-25-mars-2026-3\\\/\"]}]},{\"@type\":\"BreadcrumbList\",\"@id\":\"https:\\\/\\\/kohenavocats.com\\\/zh-hans\\\/jurisprudences\\\/tribunal-darrondissement-25-mars-2026-3\\\/#breadcrumb\",\"itemListElement\":[{\"@type\":\"ListItem\",\"position\":1,\"name\":\"Home\",\"item\":\"https:\\\/\\\/kohenavocats.com\\\/zh-hans\\\/\"},{\"@type\":\"ListItem\",\"position\":2,\"name\":\"Jurisprudences\",\"item\":\"https:\\\/\\\/kohenavocats.com\\\/zh-hans\\\/jurisprudences\\\/\"},{\"@type\":\"ListItem\",\"position\":3,\"name\":\"Tribunal d&rsquo;arrondissement, 25 mars 2026\"}]},{\"@type\":\"WebSite\",\"@id\":\"https:\\\/\\\/kohenavocats.com\\\/zh-hans\\\/#website\",\"url\":\"https:\\\/\\\/kohenavocats.com\\\/zh-hans\\\/\",\"name\":\"Kohen Avocats\",\"description\":\"Ma\u00eetre Hassan Kohen, avocat p\u00e9naliste \u00e0 Paris, intervient exclusivement en droit p\u00e9nal pour la d\u00e9fense des particuliers, notamment en mati\u00e8re d\u2019accusations de viol. Il assure un accompagnement rigoureux d\u00e8s la garde \u00e0 vue jusqu\u2019\u00e0 la Cour d\u2019assises, veillant au strict respect des garanties proc\u00e9durales.\",\"publisher\":{\"@id\":\"https:\\\/\\\/kohenavocats.com\\\/zh-hans\\\/#organization\"},\"potentialAction\":[{\"@type\":\"SearchAction\",\"target\":{\"@type\":\"EntryPoint\",\"urlTemplate\":\"https:\\\/\\\/kohenavocats.com\\\/zh-hans\\\/?s={search_term_string}\"},\"query-input\":{\"@type\":\"PropertyValueSpecification\",\"valueRequired\":true,\"valueName\":\"search_term_string\"}}],\"inLanguage\":\"zh-Hans\"},{\"@type\":\"Organization\",\"@id\":\"https:\\\/\\\/kohenavocats.com\\\/zh-hans\\\/#organization\",\"name\":\"Kohen Avocats\",\"url\":\"https:\\\/\\\/kohenavocats.com\\\/zh-hans\\\/\",\"logo\":{\"@type\":\"ImageObject\",\"inLanguage\":\"zh-Hans\",\"@id\":\"https:\\\/\\\/kohenavocats.com\\\/zh-hans\\\/#\\\/schema\\\/logo\\\/image\\\/\",\"url\":\"https:\\\/\\\/kohenavocats.com\\\/wp-content\\\/uploads\\\/2026\\\/01\\\/Logo-2-1.webp\",\"contentUrl\":\"https:\\\/\\\/kohenavocats.com\\\/wp-content\\\/uploads\\\/2026\\\/01\\\/Logo-2-1.webp\",\"width\":2114,\"height\":1253,\"caption\":\"Kohen Avocats\"},\"image\":{\"@id\":\"https:\\\/\\\/kohenavocats.com\\\/zh-hans\\\/#\\\/schema\\\/logo\\\/image\\\/\"}}]}<\/script>\n<!-- \/ Yoast SEO Premium plugin. -->","yoast_head_json":{"title":"Tribunal d'arrondissement, 25 mars 2026 - Ma\u00eetre Hassan Kohen, avocat en droit p\u00e9nal \u00e0 Paris","robots":{"index":"index","follow":"follow","max-snippet":"max-snippet:-1","max-image-preview":"max-image-preview:large","max-video-preview":"max-video-preview:-1"},"canonical":"https:\/\/kohenavocats.com\/zh-hans\/jurisprudences\/tribunal-darrondissement-25-mars-2026-3\/","og_locale":"zh_CN","og_type":"article","og_title":"Tribunal d'arrondissement, 25 mars 2026","og_description":"2 Jugement commercial 2026TADCOMM\/0112 Audience publique dumercredi,vingt-cinq marsdeux millevingt-six. Num\u00e9ro du r\u00f4le:TAD-2026-00384 Composition : Jean-Claude WIRTH, Vice-Pr\u00e9sident, Fernand PETTINGER, PremierJuge, GeraldineHELLENBRAND, Attach\u00e9e de justice \u00e0 titre provisoire d\u00e9l\u00e9gu\u00e9e, Christiane BRITZ, Greffier. _______________________________________________________________ Entre: laSOCIETE1.), \u00e9tablie et ayant son si\u00e8ge social \u00e0 L-ADRESSE1.),repr\u00e9sent\u00e9e par son conseil\u2026","og_url":"https:\/\/kohenavocats.com\/zh-hans\/jurisprudences\/tribunal-darrondissement-25-mars-2026-3\/","og_site_name":"Ma\u00eetre Hassan Kohen, avocat en droit p\u00e9nal \u00e0 Paris","article_modified_time":"2026-04-19T01:17:22+00:00","twitter_card":"summary_large_image","twitter_misc":{"\u9884\u8ba1\u9605\u8bfb\u65f6\u95f4":"8 \u5206"},"schema":{"@context":"https:\/\/schema.org","@graph":[{"@type":"WebPage","@id":"https:\/\/kohenavocats.com\/zh-hans\/jurisprudences\/tribunal-darrondissement-25-mars-2026-3\/","url":"https:\/\/kohenavocats.com\/zh-hans\/jurisprudences\/tribunal-darrondissement-25-mars-2026-3\/","name":"Tribunal d'arrondissement, 25 mars 2026 - Ma\u00eetre Hassan Kohen, avocat en droit p\u00e9nal \u00e0 Paris","isPartOf":{"@id":"https:\/\/kohenavocats.com\/zh-hans\/#website"},"datePublished":"2026-04-19T01:17:18+00:00","dateModified":"2026-04-19T01:17:22+00:00","breadcrumb":{"@id":"https:\/\/kohenavocats.com\/zh-hans\/jurisprudences\/tribunal-darrondissement-25-mars-2026-3\/#breadcrumb"},"inLanguage":"zh-Hans","potentialAction":[{"@type":"ReadAction","target":["https:\/\/kohenavocats.com\/zh-hans\/jurisprudences\/tribunal-darrondissement-25-mars-2026-3\/"]}]},{"@type":"BreadcrumbList","@id":"https:\/\/kohenavocats.com\/zh-hans\/jurisprudences\/tribunal-darrondissement-25-mars-2026-3\/#breadcrumb","itemListElement":[{"@type":"ListItem","position":1,"name":"Home","item":"https:\/\/kohenavocats.com\/zh-hans\/"},{"@type":"ListItem","position":2,"name":"Jurisprudences","item":"https:\/\/kohenavocats.com\/zh-hans\/jurisprudences\/"},{"@type":"ListItem","position":3,"name":"Tribunal d&rsquo;arrondissement, 25 mars 2026"}]},{"@type":"WebSite","@id":"https:\/\/kohenavocats.com\/zh-hans\/#website","url":"https:\/\/kohenavocats.com\/zh-hans\/","name":"Kohen Avocats","description":"Ma\u00eetre Hassan Kohen, avocat p\u00e9naliste \u00e0 Paris, intervient exclusivement en droit p\u00e9nal pour la d\u00e9fense des particuliers, notamment en mati\u00e8re d\u2019accusations de viol. Il assure un accompagnement rigoureux d\u00e8s la garde \u00e0 vue jusqu\u2019\u00e0 la Cour d\u2019assises, veillant au strict respect des garanties proc\u00e9durales.","publisher":{"@id":"https:\/\/kohenavocats.com\/zh-hans\/#organization"},"potentialAction":[{"@type":"SearchAction","target":{"@type":"EntryPoint","urlTemplate":"https:\/\/kohenavocats.com\/zh-hans\/?s={search_term_string}"},"query-input":{"@type":"PropertyValueSpecification","valueRequired":true,"valueName":"search_term_string"}}],"inLanguage":"zh-Hans"},{"@type":"Organization","@id":"https:\/\/kohenavocats.com\/zh-hans\/#organization","name":"Kohen Avocats","url":"https:\/\/kohenavocats.com\/zh-hans\/","logo":{"@type":"ImageObject","inLanguage":"zh-Hans","@id":"https:\/\/kohenavocats.com\/zh-hans\/#\/schema\/logo\/image\/","url":"https:\/\/kohenavocats.com\/wp-content\/uploads\/2026\/01\/Logo-2-1.webp","contentUrl":"https:\/\/kohenavocats.com\/wp-content\/uploads\/2026\/01\/Logo-2-1.webp","width":2114,"height":1253,"caption":"Kohen Avocats"},"image":{"@id":"https:\/\/kohenavocats.com\/zh-hans\/#\/schema\/logo\/image\/"}}]}},"jetpack_likes_enabled":false,"jetpack_sharing_enabled":true,"_links":{"self":[{"href":"https:\/\/kohenavocats.com\/zh-hans\/wp-json\/wp\/v2\/kji_decision\/600182","targetHints":{"allow":["GET"]}}],"collection":[{"href":"https:\/\/kohenavocats.com\/zh-hans\/wp-json\/wp\/v2\/kji_decision"}],"about":[{"href":"https:\/\/kohenavocats.com\/zh-hans\/wp-json\/wp\/v2\/types\/kji_decision"}],"wp:attachment":[{"href":"https:\/\/kohenavocats.com\/zh-hans\/wp-json\/wp\/v2\/media?parent=600182"}],"wp:term":[{"taxonomy":"kji_country","embeddable":true,"href":"https:\/\/kohenavocats.com\/zh-hans\/wp-json\/wp\/v2\/kji_country?post=600182"},{"taxonomy":"kji_court","embeddable":true,"href":"https:\/\/kohenavocats.com\/zh-hans\/wp-json\/wp\/v2\/kji_court?post=600182"},{"taxonomy":"kji_chamber","embeddable":true,"href":"https:\/\/kohenavocats.com\/zh-hans\/wp-json\/wp\/v2\/kji_chamber?post=600182"},{"taxonomy":"kji_year","embeddable":true,"href":"https:\/\/kohenavocats.com\/zh-hans\/wp-json\/wp\/v2\/kji_year?post=600182"},{"taxonomy":"kji_subject","embeddable":true,"href":"https:\/\/kohenavocats.com\/zh-hans\/wp-json\/wp\/v2\/kji_subject?post=600182"},{"taxonomy":"kji_keyword","embeddable":true,"href":"https:\/\/kohenavocats.com\/zh-hans\/wp-json\/wp\/v2\/kji_keyword?post=600182"},{"taxonomy":"kji_language","embeddable":true,"href":"https:\/\/kohenavocats.com\/zh-hans\/wp-json\/wp\/v2\/kji_language?post=600182"}],"curies":[{"name":"wp","href":"https:\/\/api.w.org\/{rel}","templated":true}]}}