{"id":600192,"date":"2026-04-19T03:17:42","date_gmt":"2026-04-19T01:17:42","guid":{"rendered":"https:\/\/kohenavocats.com\/jurisprudences\/tribunal-darrondissement-11-mars-2026-3\/"},"modified":"2026-04-19T03:17:46","modified_gmt":"2026-04-19T01:17:46","slug":"tribunal-darrondissement-11-mars-2026-3","status":"publish","type":"kji_decision","link":"https:\/\/kohenavocats.com\/zh-hans\/jurisprudences\/tribunal-darrondissement-11-mars-2026-3\/","title":{"rendered":"Tribunal d&#8217;arrondissement, 11 mars 2026"},"content":{"rendered":"<div class=\"kji-decision\">\n<div class=\"kji-full-text\">\n<p>1 Jugement N\u00b0 2026TADCOMM\/0081(appel occupation sans droit ni titre) Audience publique dumercredi,onze marsdeux mille vingt-six Num\u00e9ro du r\u00f4le : TAD-2025-01123 Composition : Jean-Claude WIRTH, vice-pr\u00e9sident, Fernand PETTINGER, premierjuge, Geraldine HELLENBRAND, attach\u00e9e de justice \u00e0 titre provisoire d\u00e9l\u00e9gu\u00e9e, Christiane BRITZ, greffier. Entre: PERSONNE1.),n\u00e9e leDATE1.),sans\u00e9tat connu,demeurant\u00e0 L-ADRESSE1.), partie appelante aux termes d&#039;un exploit de l&#039;huissier de justiceTessy SIEDLER, demeurant \u00e0Luxembourg, du18 ao\u00fbt2025, comparant parMa\u00eetreSamira MABCHOUR , avocat \u00e0 la Cour,assist\u00e9e deMa\u00eetre Samuel BECHATA, avocat, les deuxdemeurant\u00e0Luxembourg,en l\u2019\u00e9tude de laquelle domicile est \u00e9lu, et: l\u2019ETAT DU GRAND-DUCHE DE LUXEMBOURG, repr\u00e9sent\u00e9 par sonMinistred\u2019Etat actuellement en fonctions, ayant ses bureaux \u00e0 L-1341Luxembourg, 2,placede Clairefontaine,et pour autant que debesoin,par son Ministre dela Famille, des Solidarit\u00e9s, du Vivre ensemble et de l\u2019Accueil,poursuites et diligences del\u2019OFFICE NATIONAL DE L\u2019ACCUEIL ,en abr\u00e9g\u00e9 l\u2019ONA,\u00e9tabli \u00e0 L-1734 Luxembourg, 5,rue Carlo Hemmer, repr\u00e9sent\u00e9 par son directeuractuellement en fonctions, comparant parMarc HAYOT, juriste au Minist\u00e8re de la Famille, des Solidarit\u00e9s, du Vivre ensemble et de l\u2019Accueil, Office national de l\u2019accueil (ONA) suivant procuration du 12 d\u00e9cembre 2023, partie intim\u00e9e aux fins du pr\u00e9dit exploitSIEDLER. ________________________________________ ___________________________<\/p>\n<p>2 Le Tribunal : Faits: Par exploit du minist\u00e8rede l&#039;huissier de justiceTessy SIEDLER, demeurant \u00e0 Luxembourg, du18 ao\u00fbt2025,PERSONNE1.), n\u00e9e leDATE1.), sans\u00e9tat connu, demeurant \u00e0 L-ADRESSE1.),afait signifier \u00e0l\u2019ETAT DU GRAND-DUCHE DE LUXEMBOURG, repr\u00e9sent\u00e9 par son Ministre d\u2019Etat actuellement en fonctions, ayant ses bureaux \u00e0 L-1341 Luxembourg, 2, place de Clairefontaine, et pour autant que de besoin, par son Ministre de la Famille, des Solidarit\u00e9s, du Vivre ensemble et de l\u2019Accueil, poursuites et diligences de l\u2019OFFICE NATIONAL DE L\u2019ACCUEIL, en abr\u00e9g\u00e9 l\u2019ONA, \u00e9tabli \u00e0 L-1734 Luxembourg, 5, rue Carlo Hemmer, repr\u00e9sent\u00e9 par son directeur actuellement en fonctions,qu\u2019ellerel\u00e8ve formellement appel du jugement n\u00b01137\/25rendu contradictoirement et en premier ressort par le Tribunal de paix de Diekirch, si\u00e9geant en mati\u00e8red\u2019occupation sans droit ni titre,en son audience publique en date du16 juillet2025. Par m\u00eame exploitSIEDLER,elleafait donner assignation \u00e0l\u2019ETAT DU GRAND- DUCHE DELUXEMBOURG ,et pour autant que de besoin,sonMinistre de la Famille, des Solidarit\u00e9s, du Vivre ensemble et de l\u2019Accueil, poursuites et diligences de l\u2019OFFICE NATIONAL DE L\u2019ACCUEIL, \u00e9tabli \u00e0 L-1734 Luxembourg, 5, rue Carlo Hemmer, repr\u00e9sent\u00e9 par son directeur actuellement en fonctions,\u00e0 compara\u00eetre \u00e0 l\u2019audience publique dumercredi,17 septembre2025,\u00e0 10.00 heuresdu matin, devant le tribunal d&#039;arrondissement de Diekirch,si\u00e9geant en mati\u00e8red\u2019appel d\u2019occupation sans droit ni titre, pour y voir statuer sur le m\u00e9rite des conclusions du dispositif de l&#039;assignation reproduite ci-apr\u00e8s par proc\u00e9d\u00e9 de photocopie:<\/p>\n<p>3 Cette affaire fut mise au r\u00f4le par les soins despartiesappelanteset inscrite au r\u00f4le sous le num\u00e9roTAD-2025-01123. A l&#039;appel de la cause \u00e0 l&#039;audience publique du17 septembre 2025, l\u2019affaire fut fix\u00e9e \u00e0 l\u2019audiencepubliquedu14 novembre 2025, puis \u00e0 l\u2019audience du 16 janvier 2026. A cetteaudience,l\u2019affaire fut utilement retenue etMa\u00eetreSamuel BECHATA, avocat, demeurant \u00e0 Luxembourg,fut entendu en ses moyens et conclusions. Marc HAYOT, repr\u00e9sentant l\u2019Etat du Grand-Duch\u00e9 de Luxembourg en vertu d\u2019une procuration \u00e9crite, fut entendu en ses observations et conclusions. Sur ce le tribunal prit l&#039;affaire en d\u00e9lib\u00e9r\u00e9 et rendit\u00e0 l\u2019audience de ce jour, le jugement qui suit: Par requ\u00eate d\u00e9pos\u00e9e au greffe de la Justice de Paix de Diekirch le 25 mars 2025, l\u2019ETAT DU GRAND-DUCHE DE LUXEMBOURG, poursuites et diligences de l\u2019Office national de l\u2019accueil, a fait convoquerPERSONNE1.)\u00e0 compara\u00eetre devant le tribunal de paix de Diekirch aux fins de voirconstater qu\u2019elle est \u00e0 consid\u00e9rer comme occupant sans droit ni titre d\u2019un logement sis \u00e0 L-ADRESSE1.), de la voir condamner \u00e0 d\u00e9guerpir dudit logement et de la condamner au paiement d\u2019une indemnit\u00e9 de proc\u00e9dure de 250 euros. Par jugement du 16 juillet 2025, le tribunal de paix de Diekirch, si\u00e9geant en mati\u00e8re d\u2019occupation sans droit ni titre, statuant contradictoirement et en premier ressort, adit quePERSONNE1.)occupe sans droit ni titre le logement sis \u00e0 L-ADRESSE1.), l\u2019a condamn\u00e9e \u00e0 d\u00e9guerpir des lieux occup\u00e9s sans droit ni titre avec tous ceux qui les occupent de son chef dans un d\u00e9lai de trois mois \u00e0 partir de la notification du jugement, et, au besoin, autoris\u00e9 l\u2019ETAT DU GRAND-DUCHE DE LUXEMBOURG \u00e0 la faire expulser dans les formes pr\u00e9vues par la loi et aux frais de cette derni\u00e8re, ces frais r\u00e9cup\u00e9rables sur simple pr\u00e9sentation des quittances des ouvriers y employ\u00e9s. Il a d\u00e9bout\u00e9 l\u2019ETAT DU GRAND-DUCHE DE LUXEMBOURG de sa demande en octroi d\u2019une indemnit\u00e9 de proc\u00e9dure et condamn\u00e9PERSONNE1.)aux frais et d\u00e9pens de l\u2019instance. De ce jugement,PERSONNE1.)arelev\u00e9 appel par exploit d\u2019huissier du 18 ao\u00fbt 2025. Elle sollicite, \u00e0 titre principal, de r\u00e9former int\u00e9gralement le jugement entrepris, de dire qu\u2019elle ne peut \u00eatre qualifi\u00e9e d\u2019occupante sans droit ni titre et de rejeter la demande de d\u00e9guerpissement.<\/p>\n<p>4 A titre subsidiaire,PERSONNE1.)sollicite l\u2019octroi d\u2019un d\u00e9lai de d\u00e9guerpissement de douze mois avec l\u2019obligation pour l\u2019ETAT DU GRAND-DUCHE DE LUXEMBOURG d\u2019assurer un relogement ou un accompagnement. Elle demande encore de condamner l\u2019ETAT DU GRAND-DUCHE DE LUXEMBOURG au paiement de tous les frais et d\u00e9pens des deux instances ainsi qu\u2019au paiement d\u2019une indemnit\u00e9 deproc\u00e9dure de 500 euros pour chacune des deux instances sur base de l\u2019article 240 du Nouveau Code de proc\u00e9dure civile. L\u2019ETAT DU GRAND-DUCHE DE LUXEMBOURG se rapporte \u00e0 prudence de justice quant \u00e0 la recevabilit\u00e9 de l\u2019acte d\u2019appel du 18 ao\u00fbt 2025 ainsi que quant \u00e0 l\u2019int\u00e9r\u00eat \u00e0 agir dePERSONNE1.). Il sollicite le rejet de l\u2019ensemble des demandes de PERSONNE1.)et la confirmation du jugement de premi\u00e8re instance. Moyens des parties A l\u2019appui de son acte d\u2019appel,PERSONNE1.)fait valoir que l\u2019occupation du logement trouve son origine dans un acte administratif formel pris par l\u2019Office national de l\u2019accueil (ci-apr\u00e8s \u00abONA\u00bb), dans le cadre de ses missions l\u00e9gales d\u00e9finies par laloi modifi\u00e9e du 18 d\u00e9cembre 2015 relative \u00e0 l\u2019accueil des demandeurs de protection internationale (ci-apr\u00e8s \u00ab la Loi modifi\u00e9e du 18 d\u00e9cembre 2015 \u00bb). Elle soutient que son h\u00e9bergement ne r\u00e9sulte pas d\u2019une simple tol\u00e9rance susceptible d\u2019\u00eatre r\u00e9voqu\u00e9e, mais constitue l\u2019ex\u00e9cution d\u2019une obligation l\u00e9gale s\u2019inscrivant dans une politique publique. Elle en d\u00e9duit qu\u2019il s\u2019agit d\u2019une relation d\u2019h\u00e9bergement r\u00e9gie par le droit public, relevant d\u2019une mission de service public, et non pas d\u2019une situation d\u2019occupation illicite au sens civil. PERSONNE1.)estime, d\u00e8s lors, que la mise \u00e0 disposition du logement par l\u2019ONA ne saurait prendre fin du seul fait de l\u2019\u00e9coulement du d\u00e9lai figurant dans l\u2019engagement sign\u00e9, tant que l\u2019administration n\u2019a pas mis en \u0153uvre un dispositif de transition permettant d\u2019accompagner la fin d\u2019h\u00e9bergement. Elle soutient qu\u2019en la qualifiant d\u2019occupante sans droit ni titre, le premier juge a m\u00e9connu la nature juridique du lien juridique en cause ainsi qu\u2019\u00abignor\u00e9\u00bb le cadre l\u00e9gislatif applicable. PERSONNE1.)invoque \u00e9galement une violation de l\u2019article 8 de la Convention europ\u00e9enne des droits de l\u2019homme (ci-apr\u00e8s \u00abCEDH\u00bb), rappelant que cette disposition prot\u00e8ge le droit au respect de la vie priv\u00e9e, du domicile et de la stabilit\u00e9 r\u00e9sidentielle, ind\u00e9pendamment de la nature du titre d\u2019occupation. Se r\u00e9f\u00e9rant notamment aux arr\u00eatsMcCann c. Royaume-Uni, Yordanova et autres c. Bulgarieet Winterstein et autres c. Francede la Cour europ\u00e9enne des droits de l\u2019homme, elle fait valoir que toute mesure d\u2019expulsion doit r\u00e9pondre \u00e0 un besoin social imp\u00e9rieux et \u00eatre proportionn\u00e9e au but poursuivi, m\u00eame en cas d\u2019occupation irr\u00e9guli\u00e8re au regard du droit interne. Elle reproche cependant au juge de premi\u00e8re instance de ne pas avoir proc\u00e9d\u00e9 \u00e0 une analyse individualis\u00e9e de sa situation, alors que le logement constitue, selon elle, le<\/p>\n<p>5 centre de sa vie personnelle, sociale et administrative. Elle soutient encore que l\u2019ONA n\u2019a d\u00e9montr\u00e9 aucune urgence imp\u00e9rieuse ni propos\u00e9 de solution alternative. PERSONNE1.)conclut ainsi qu\u2019en confirmant le d\u00e9guerpissement, sans avoir proc\u00e9d\u00e9 \u00e0 la mise en balance requise entre l\u2019int\u00e9r\u00eat g\u00e9n\u00e9ral et les cons\u00e9quences concr\u00e8tes sur sa vie priv\u00e9e, le premier juge a m\u00e9connu le principe de proportionnalit\u00e9 d\u00e9coulant de l\u2019article 8de la CEDH. Sur le fondement de la Loi modifi\u00e9e du 18 d\u00e9cembre 2015 et des principes de continuit\u00e9 et de bonne administration,PERSONNE1.)soutient par ailleurs que l\u2019ONA, charg\u00e9 d\u2019une mission de service public, est tenu de mettre en \u0153uvre des mesures de relogement ou de transition avant toute fin d\u2019h\u00e9bergement. Elle fait valoir que la jurisprudence luxembourgeoise impose que l\u2019Etat, dans lecadre d\u2019une mission sociale, ne peut mettre fin \u00e0 l\u2019h\u00e9bergement d\u2019une personne en l\u2019absence de solution alternative et s\u00e9rieuse.Elle rel\u00e8ve qu\u2019en l\u2019esp\u00e8ce, aucune mesure de relogement ni aucune coordination avec les services sociaux n\u2019a \u00e9t\u00e9 mise en place, l\u2019ONA s\u2019\u00e9tant limit\u00e9 \u00e0 envoyer un courrier fixant une date de d\u00e9part, ce qu\u2019elle qualifie de carence fautive de l\u2019administrationdans l\u2019ex\u00e9cution de ses obligations et dans le respect du principe de continuit\u00e9 du service public. Enfin,PERSONNE1.)fait valoir que le d\u00e9lai de trois mois a \u00e9t\u00e9 d\u00e9termin\u00e9 de mani\u00e8re abstraite et ne tient pas compte des r\u00e9alit\u00e9s du march\u00e9 locatif ni de sa situation socio- \u00e9conomique. Elle soutient qu\u2019un tel d\u00e9lai ne lui permet pas de trouver un logement ad\u00e9quat, et ced\u2019autant plus en l\u2019absence de tout accompagnement vers un relogement. PERSONNE1.)estime que le principe de proportionnalit\u00e9 impose d\u2019adapter le d\u00e9lai aux contraintes objectives de l\u2019occupant. Or, selon elle, en l\u2019esp\u00e8ce, aucune analyse n\u2019a \u00e9t\u00e9 effectu\u00e9e et le d\u00e9lai imparti \u00e9quivaut \u00e0 une mise \u00e0 la rue imm\u00e9diate, incompatible avec lesexigences de dignit\u00e9 et de protection sociale que l\u2019Etat est tenu de garantir. Elle conclut d\u00e8s lors que le jugement doit \u00eatre r\u00e9form\u00e9 et sollicite l\u2019octroi d\u2019un d\u00e9lai d\u2019au moins douze mois \u00ab assorti d\u2019une obligation pour l\u2019ONA d\u2019assurer un accompagnement effectif vers le relogement \u00bb. L\u2019ETAT DU GRAND-DUCHE DE LUXEMBOURG expose qu\u2019apr\u00e8s avoir obtenu le statut de r\u00e9fugi\u00e9 en date du 24 novembre 2022,PERSONNE1.)a sign\u00e9, le 20 d\u00e9cembre 2022, un engagement unilat\u00e9ral suivant lequel elle s\u2019est engag\u00e9e \u00e0 quitter le logement temporairement mis \u00e0 disposition pour le 1 er d\u00e9cembre 2023 au plus tard. L\u2019ETAT DU GRAND-DUCHE DE LUXEMBOURG fait valoir que la nature juridique de l\u2019occupation n\u2019a pas \u00e9t\u00e9 remise en cause en premi\u00e8re instance et souligne que le raisonnement dePERSONNE1.)est juridiquement erron\u00e9. Se r\u00e9f\u00e9rant \u00e0 l\u2019article 8 de la Loi modifi\u00e9e du 18 d\u00e9cembre 2015 ainsi qu\u2019\u00e0 la directive 2013\/33\/UE du 26 juin 2013 \u00e9tablissant des normes pour l\u2019accueil des personnes demandant la protection internationale, l\u2019ETAT DU GRAND -DUCHE DE LUXEMBOURG expose que s eule la qualit\u00e9 de demandeur de protection internationale conf\u00e8re le droit aux conditions mat\u00e9rielles d\u2019accueil. Ces droits s\u2019\u00e9teignent au moment o\u00f9 une d\u00e9cision d\u00e9finitive sur la demande de protection internationale intervient.<\/p>\n<p>6 Il explique que ce caract\u00e8re provisoire des logements d\u00e9coule \u00e9galement de l\u2019article 2 de la loi modifi\u00e9e du 4 d\u00e9cembre 2019 portant cr\u00e9ation de l\u2019Office national de l\u2019accueil. Il estime quePERSONNE1.)op\u00e8re une confusion entre, d\u2019une part, le statut de demandeur de protection internationale et, d\u2019autre part, celui de b\u00e9n\u00e9ficiaire d\u2019une protection internationale. Il explique que dans la p\u00e9riode se situant entre la pr\u00e9sentation d\u2019une demande de protectioninternationale et l\u2019octroi d\u2019une r\u00e9ponse, les droits du demandeur rel\u00e8vent du droit administratif, impliquant notamment l\u2019obligation del\u2019ETAT DU GRAND-DUCHE DE LUXEMBOURG d\u2019assurer un h\u00e9bergement . En revanche, d\u00e8s l\u2019octroi d\u2019uneprotection internationale, l\u2019int\u00e9ress\u00e9 acquiert la qualit\u00e9 de b\u00e9n\u00e9ficiaire de protection internationale et ne peut plus pr\u00e9tendre au dispositif d\u2019accueil pr\u00e9vu par la Loi modifi\u00e9e du 18 d\u00e9cembre 2015. Partant, selonl\u2019ETAT DU GRAND-DUCHE DE LUXEMBOURG, la mise \u00e0 disposition d\u2019un h\u00e9bergement temporaire aux personnes n\u2019ayant plus le statut de demandeur de protection,constitue qu\u2019une tol\u00e9rance d\u2019occupation et lasignature d\u2019un engagement unilat\u00e9ral par un b\u00e9n\u00e9ficiaire d\u2019une protection internationale rel\u00e8ve simplement du droit civil, l\u2019ETAT DU GRAND-DUCHE DE LUXEMBOURG n\u2019agissant plus dans ses pr\u00e9rogatives de puissance publique. En l\u2019occurrence, l\u2019ETAT DU GRAND-DUCHE DE LUXEMBOURG conclut qu\u2019\u00e0 compter du 24 novembre 2022, date d\u2019octroi du statut de r\u00e9fugi\u00e9 \u00e0PERSONNE1.), celle-ci ne b\u00e9n\u00e9ficie plus des conditions mat\u00e9rielles d\u2019accueil pr\u00e9vues par la Loi modifi\u00e9e du 18 d\u00e9cembre 2015, et que son maintien dans les structures d\u2019h\u00e9bergement \u00e9tatiques ne saurait lui conf\u00e9rer un quelconque droit acquis. L\u2019ETAT DU GRAND-DUCHE DE LUXEMBOURG pr\u00e9cise que l\u2019engagement qu\u2019elle a sign\u00e9 le 20 d\u00e9cembre 2022, aux termes duquel elle s\u2019obligeait \u00e0 quitter pour le 1 er d\u00e9cembre 2023 au plus tard le logement qui lui avait \u00e9t\u00e9 \u00ab temporairement \u00bb mis \u00e0 disposition, consiste en une relation contractuelle qualifi\u00e9e de convention d\u2019occupation pr\u00e9caire. Pour conclure, il fait donc valoir quePERSONNE1.)a consenti \u00e0 quitter le logement \u00e0 cette date et qu\u2019en se maintenant dans les lieux au-del\u00e0 de cette date, elle occupe le logement sans droit ni titre. L\u2019ETAT DU GRAND-DUCHE DE LUXEMBOURG pr\u00e9cise que, malgr\u00e9 l\u2019accompagnement social ainsi que l\u2019octroi d\u2019aides sociales, elle est demeur\u00e9e passive et n\u2019a entrepris aucune d\u00e9marche active et concr\u00e8te en vue de trouver un logement en dehors des structures de l\u2019ONA, se limitant \u00e0 une simple inscription sur la listed\u2019attente de l\u2019Office national de l\u2019enfance. En r\u00e9ponse aux d\u00e9veloppements relatifs \u00e0 l\u2019article 8 de la CEDH, l\u2019ETAT DU GRAND- DUCHE DE LUXEMBOURG fait valoir que la cessation de l\u2019occupation du logement litigieux parPERSONNE1.)r\u00e9sulte du seul fait qu\u2019elle ne dispose plus du droit d\u2019\u00eatre h\u00e9berg\u00e9 au titre de la Loi modifi\u00e9e du 18 d\u00e9cembre 2015. Il ajoute que cette cessation poursuit le but l\u00e9gitime de lib\u00e9rer des capacit\u00e9s d\u2019h\u00e9bergement destin\u00e9es aux demandeurs de protection internationale, les structures \u00e9tant satur\u00e9es, et qu\u2019elle r\u00e9pond ainsi \u00e0 une n\u00e9cessit\u00e9 dans une soci\u00e9t\u00e9 d\u00e9mocratique.<\/p>\n<p>7 L\u2019ETAT DU GRAND-DUCHE DE LUXEMBOURG soutient que PERSONNE1.)savait depuis presque trois ans qu\u2019elle devrait quitter le logement et a encore b\u00e9n\u00e9fici\u00e9 de plusieurs d\u00e9lais li\u00e9s \u00e0 la proc\u00e9dure judiciaire ainsi que d\u2019un suivi social, sans toutefois pouvoir justifier de d\u00e9marches s\u00e9rieuses pour la recherche d\u2019un logement. S\u2019agissant des jurisprudences de la Cour europ\u00e9enne des droits de l\u2019homme invoqu\u00e9es parPERSONNE1.), l\u2019ETAT DU GRAND-DUCHE DE LUXEMBOURG fait valoir qu\u2019elles ne sont pas pertinentes, d\u00e8s lors qu\u2019elles ne sont pas transposables \u00e0 la pr\u00e9sente esp\u00e8ce. Il expose que dans les affairesYordanova et autres c. BulgarieetWinterstein et autres c. France, la Cour a fait grief aux autorit\u00e9s \u00e9tatiques de ne pas avoir pris en consid\u00e9ration le mode de vie et les besoins sp\u00e9cifiques d\u2019un nombre important de personnes appartenant \u00e0 la communaut\u00e9 des gens du voyage, b\u00e9n\u00e9ficiant d\u2019un statut particulier, dans le cadre de mesures d\u2019expulsion sur des terrains municipaux occup\u00e9s depuis plusieurs ann\u00e9es. Il pr\u00e9cise encore que dans l\u2019arr\u00eatMcCann c. Royaume-Uni, la Cour a fait grief \u00e0 l\u2019autorit\u00e9 \u00e9tatique d\u2019avoir contourn\u00e9 le dispositif l\u00e9gal visant \u00e0 prot\u00e9ger les locataires b\u00e9n\u00e9ficiant d\u2019un bail garanti conclu avec des autorit\u00e9s publiques propri\u00e9taires, partant de l\u2019avoir emp\u00each\u00e9 de soumettre la question de proportionnalit\u00e9 \u00e0 un tribunal. L\u2019ETAT DU GRAND-DUCHE DE LUXEMBOURG en conclut que ces affaires se distinguent fondamentalement de la pr\u00e9sente cause, tant au regard de la dur\u00e9e de l\u2019occupation que du statut particulier de l\u2019occupant et du nombre de personnes concern\u00e9es. Il affirme qu\u2019enpremi\u00e8re instance, le juge a tenu compte de la situation personnelle dePERSONNE1.)pour fixer le d\u00e9lai de trois mois et qu\u2019il a \u00e9t\u00e9 \u00e9tabli \u00e0 suffisance que la demande de d\u00e9guerpissement ne violait pas l\u2019article 8 de la CEDH. L\u2019ETAT DU GRAND-DUCHE DE LUXEMBOURG souligne en outre que l\u2019article 8 de la CEDH ne reconna\u00eet pas en tant que tel, un droit \u00e0 l\u2019octroi d\u2019un domicile en tant qu\u2019obligation positive \u00e0 charge de l\u2019Etat et rel\u00e8ve quePERSONNE1.)ne produit aucune pi\u00e8ce faisant \u00e9tat d\u2019une particuli\u00e8re vuln\u00e9rabilit\u00e9. Il estime d\u00e8s lors que l\u2019ing\u00e9rence dans l\u2019exercice du droit au respect de la vie priv\u00e9e dePERSONNE1.), r\u00e9sultant de la fin de l\u2019occupation et du d\u00e9guerpissement ordonn\u00e9, est conforme au principe de proportionnalit\u00e9. En r\u00e9ponse au reproche de carence de l\u2019administration en mati\u00e8re d\u2019accompagnement, l\u2019ETAT DU GRAND -DUCHE DE LUXEMBOURG rappelle l\u2019absence d\u2019obligation l\u00e9gale de prendre en charge l\u2019h\u00e9bergement dePERSONNE1.) \u00e0 partir de l\u2019octroi de la protection internationale.Il soutient que, par tol\u00e9rance et pour des motifs humanitaires, un engagement \u00e0 dur\u00e9e limit\u00e9e a n\u00e9anmoins \u00e9t\u00e9 conclu. Il souligne qu\u2019\u00e0 l\u2019occasion de la mise en demeure du 21 f\u00e9vrier 2025, il a pr\u00e9cis\u00e9 qu\u2019il avait continu\u00e9 \u00e0 h\u00e9bergerPERSONNE1.)afinde lui permettre de s\u2019int\u00e9grer et de rechercher un nouveau logement. Il ajoute que l\u2019int\u00e9ress\u00e9e a b\u00e9n\u00e9fici\u00e9, durant toute la p\u00e9riode d\u2019h\u00e9bergement, d\u2019un suivi social et d\u2019un soutien dans les d\u00e9marches de recherche d\u2019un logement, de sorte qu\u2019aucun manquement ne saurait \u00eatre retenu \u00e0 l\u2019encontre de l\u2019administration.<\/p>\n<p>8 Enfin, l\u2019ETAT DU GRAND -DUCHE DE LUXEMBOURG, rappelant l\u2019absence d\u2019obligation l\u00e9gale de prise en charge au-del\u00e0 de l\u2019octroi de la protection internationale, la dur\u00e9e prolong\u00e9e d\u2019occupation du logement parPERSONNE1.)post\u00e9rieurement \u00e0 l\u2019\u00e9ch\u00e9ance de l\u2019engagement, ainsi que l\u2019absence d\u2019\u00e9l\u00e9ments pertinents \u00e9tablissant une recherche active d\u2019un nouveau logement, s\u2019oppose \u00e0 l\u2019octroi d\u2019un d\u00e9lai de d\u00e9guerpissement suppl\u00e9mentaire. Il insiste qu\u2019un d\u00e9lai suppl\u00e9mentaire cr\u00e9erait une rupture d\u2019\u00e9galit\u00e9 au d\u00e9triment despersonnes se trouvant dans une situation similaire. Motifs de la d\u00e9cision Quant au rapport \u00e0 sagesse ou \u00e0 prudence, il convient de rappeler que ce rapport \u00e9quivaut \u00e0 une contestation. Il n\u2019en reste pas moins qu\u2019une contestation non autrement \u00e9tay\u00e9e est \u00e0 \u00e9carter, \u00e9tant donn\u00e9 qu\u2019il n\u2019appartient pas au juge de suppl\u00e9er \u00e0la carence des parties au litige et de rechercher lui-m\u00eame les moyens juridiques qui auraient pu se trouver \u00e0 la base de leurs conclusions. Il en d\u00e9coule qu\u2019\u00e0 d\u00e9faut de contestation pr\u00e9cise, l\u2019appel est recevable pour avoir \u00e9t\u00e9 introduit selon les forme et d\u00e9lai pr\u00e9vus par la loi. Aux termes de l\u2019article 8, paragraphe 1er, de la Loi modifi\u00e9e du 18 d\u00e9cembre 2015\u00ab Le demandeur a droit aux conditions mat\u00e9rielles d\u2019accueil d\u00e8s la pr\u00e9sentation de sa demande de protection internationale\u00bb. En application de l\u2019article 2, paragraphe 1er, point 2, de la loi modifi\u00e9e du 4 d\u00e9cembre 2019 portant cr\u00e9ation de l\u2019Office national de l\u2019accueil (ci-apr\u00e8s \u00abONA\u00bb), celui-ci a pour mission de g\u00e9rer des structures d\u2019h\u00e9bergement r\u00e9serv\u00e9es au logement provisoire de demandeurs de protection internationale, des r\u00e9fugi\u00e9s et de personnes pouvant b\u00e9n\u00e9ficier de la protection subsidiaire tels que d\u00e9finis par la Loi modifi\u00e9e du 18 d\u00e9cembre 2015, ces structures sont donc destin\u00e9es \u00e0 l\u2019h\u00e9bergement provisoire. La jurisprudence est constante en ce qu\u2019elle retient que:\u00ab[\u2026] le l\u00e9gislateur a pris soin de r\u00e9server les conditions mat\u00e9rielles d&#039;accueil et plus particuli\u00e8rement l&#039;h\u00e9bergement aux seuls demandeurs de protection internationale. C\u2019est ainsi la seule qualit\u00e9 de demandeur de protection internationale qui a conf\u00e9r\u00e9le droit au b\u00e9n\u00e9fice des conditions mat\u00e9rielles d\u2019accueil \u00e0 [&#8230;], de sorte que ce droit a n\u00e9cessairement pris fin concomitamment \u00e0 l\u2019octroi du statut de r\u00e9fugi\u00e9 dans son chef en date du [\u2026]\u00bb (Trib. adm., 20 d\u00e9cembre 2023, n\u00b0 48652 du r\u00f4le). La jurisprudence est encore constante pour dire que: \u00abla mise \u00e0 disposition par l\u2019ONA d\u2019un h\u00e9bergement \u00e0 des personnes qui ne sont plus demandeurs de protection internationale ne constitue qu\u2019une tol\u00e9rance d\u2019occupation, \u00e9trang\u00e8re aux obligations l\u00e9gales de l\u2019ONA telles que d\u00e9finies par la loi du 18 d\u00e9cembre 2015 et que ce faisant l\u2019ONA agit plus dans ses pr\u00e9rogatives de puissance publique, mais dans un domaine purement civil\u00bb (Trib. adm., 14 mars 2023, n\u00b0 48653 du r\u00f4le). Par ailleurs, l\u2019accord de volont\u00e9s d\u2019h\u00e9berger une personne pendant un certain temps est \u00e0 qualifier d\u2019occupation pr\u00e9caire lorsqu\u2019il trouve sa raison d\u2019\u00eatre dans la volont\u00e9 non dissimul\u00e9e des parties de r\u00e9soudre des difficult\u00e9s temporaires r\u00e9elles de l\u2019unedes parties (Marianne HARLES, Le bail \u00e0 loyer, Compte-rendu de jurisprudence, Pas. 31, n.7).<\/p>\n<p>9 La convention d&#039;occupation pr\u00e9caire se caract\u00e9rise ainsi par la fragilit\u00e9 du droit de l&#039;occupant et le caract\u00e8re provisoire de la convention. En l\u2019absence de toute r\u00e9glementation, les modalit\u00e9s de la convention d\u2019occupation pr\u00e9caire rel\u00e8vent en principe de la libre appr\u00e9ciation des parties, tant en ce qui concerne la forme \u00e9crite ou verbale de la convention qu\u2019en ce qui concerne les clauses et conditions pr\u00e9cisant les obligations respectives des cocontractants. En l\u2019esp\u00e8ce,PERSONNE1.)a obtenu le statut de r\u00e9fugi\u00e9 en date du 24 novembre 2022. Puis, en date du 20 d\u00e9cembre 2022, elle a sign\u00e9 un engagement unilat\u00e9ral aux termes duquel elle s\u2019est engag\u00e9e \u00ab\u00e0 quitter le logement qui a\u00e9t\u00e9 temporairement mis \u00e0 ma disposition par l\u2019Office national de l\u2019accueil(ONA), dans un d\u00e9lai de 12 mois suivant la date d\u2019obtention du statut, \u00e0 savoir pour le 1 er d\u00e9cembre 2023 au plus tard\u00bb. Il convient, d\u00e8s lors, de distinguer deux p\u00e9riodes. La premi\u00e8re correspond \u00e0 la p\u00e9riode durant laquellePERSONNE1.) avait la qualit\u00e9 de demandeur de protection internationale, laquelle s\u2019\u00e9tend de la pr\u00e9sentation de sa demande de protection internationale jusqu\u2019\u00e0 l\u2019obtention d\u2019une r\u00e9ponse. Durant cette p\u00e9riode, elle b\u00e9n\u00e9ficiait du droit au b\u00e9n\u00e9fice des conditions mat\u00e9rielles d\u2019accueil et cette p\u00e9riode relevait du droit administratif. La seconde p\u00e9riode d\u00e9bute \u00e0 compter de l\u2019octroi du statut de r\u00e9fugi\u00e9, moment \u00e0 partir duquel le droit aux conditions mat\u00e9rielles d\u2019accueil a pris fin. Durant cette p\u00e9riode, elle a sign\u00e9 l\u2019engagement unilat\u00e9ral, lequel ne rel\u00e8ve plus du droit administratif,mais du droit civil. Contrairement \u00e0 ce que soutientPERSONNE1.), dans le cadre de la mise \u00e0 disposition du logement fond\u00e9e sur l\u2019engagement unilat\u00e9ral, l\u2019ETAT DU GRAND- DUCHE DE LUXEMBOURG n\u2019agit plus dans le cadre de ses pr\u00e9rogatives de puissance publique, de sorte que la mise \u00e0 disposition du logement rel\u00e8ve du droit civil. Il s\u2019ensuit quele fait que l\u2019ETAT DU GRAND-DUCHE DE LUXEMBOURG a permis \u00e0 PERSONNE1.)un maintien temporaire dans ses structures d&#039;h\u00e9bergement est une d\u00e9marche \u00e0 vocation purement humanitaire, ayant pour objectif de lui permettre de trouver un logement adapt\u00e9 \u00e0 ses besoins personnels. L&#039;engagement unilat\u00e9ral du 20 d\u00e9cembre 2022 liantPERSONNE1.)\u00e0 l\u2019ETAT DU GRAND-DUCHE DE LUXEMBOURG consiste, d\u00e8s lors, en une relation contractuelle \u00e0 qualifier de convention d&#039;occupation pr\u00e9caire. Par ailleurs, dans la mesure o\u00f9PERSONNE1.)s\u2019est engag\u00e9e de quitter le logement au plus tard le 1 er d\u00e9cembre 2023, et qu\u2019elle a \u00e9t\u00e9 somm\u00e9e par courrier recommand\u00e9 du 21 f\u00e9vrier 2025 de lib\u00e9rer les lieux pour le 21 mars 2025 au plus tard, le tribunal retient que c\u2019est \u00e0 bon droit que le premier juge a qualifi\u00e9PERSONNE1.)d\u2019occupante sans droit ni titre du logement sis \u00e0 L-ADRESSE1.). Au vu de ce qui pr\u00e9c\u00e8de,PERSONNE1.)ayant qualit\u00e9 de b\u00e9n\u00e9ficiaire de protection internationale, le moyen en vertu duquel l\u2019ETAT DU GRAND -DUCHE DE<\/p>\n<p>10 LUXEMBOURG serait tenu non seulement d\u2019assurer l\u2019h\u00e9bergement de PERSONNE1.)mais \u00e9galement de mettre en place des mesures de relogement ou de transition, est \u00e9galement \u00e0 rejeter. En ce qui concerne le moyen invoqu\u00e9 parPERSONNE1.)relatif \u00e0 l\u2019article 8 de la CEDH, le tribunal rappelle qu\u2019aux termes de cet article: \u00ab1.Toute personne a droit au respect de sa vie priv\u00e9e et familiale, de son domicile et de sa correspondance. 2.Il ne peut y avoir ing\u00e9rence d\u2019une autorit\u00e9 publique dans l\u2019exercice de ce droit que pour autant que cette ing\u00e9rence est pr\u00e9vue par la loi et qu\u2019elle constitue une mesure qui, dans une soci\u00e9t\u00e9 d\u00e9mocratique, est n\u00e9cessaire \u00e0 la s\u00e9curit\u00e9 nationale, \u00e0 la s\u00fbret\u00e9 publique, au bien-\u00eatre \u00e9conomique du pays, \u00e0 la d\u00e9fense de l\u2019ordre et \u00e0 la pr\u00e9vention des infractions p\u00e9nales, \u00e0 la protection de la sant\u00e9 ou de la morale, ou \u00e0 la protection des droits et libert\u00e9s d\u2019autrui.\u00bb. L\u2019article commande aux juridictions nationales d&#039;examiner la proportionnalit\u00e9 de toute ing\u00e9rence d&#039;une autorit\u00e9 publique dans le cadre de l&#039;exercice par toute personne du droit au respect de sa vie priv\u00e9e et familiale, de son domicile et de sa correspondance. N\u00e9anmoins, les jurisprudences de la Cour europ\u00e9enne des droits de l\u2019homme invoqu\u00e9es parPERSONNE1.)ne sont pas pertinentes alors qu\u2019elles ne sont pas transposables en l\u2019esp\u00e8ce. Les affairesWinterstein et autres c. Francedu 17 octobre 2013 etYordanova et autres c. Bulgariedu 24 avril 2012, se distinguent fondamentalement de la pr\u00e9sente esp\u00e8ce, tant par le nombre particuli\u00e8rement \u00e9lev\u00e9 de personnes concern\u00e9es par la mesure d\u2019expulsion que par leur statut sp\u00e9cifique de gens du voyage, ainsi que par la dur\u00e9e de l\u2019occupation, qui s\u2019\u00e9tendait sur plusieurs d\u00e9cennies. Ces \u00e9l\u00e9ments ont rev\u00eatu une importance d\u00e9terminante dans l\u2019appr\u00e9ciation op\u00e9r\u00e9e par la Cour europ\u00e9enne des droits de l\u2019homme dans ces affaires. Or, en l\u2019esp\u00e8ce, il s\u2019agit d&#039;un logement mis temporairement \u00e0 disposition d\u2019une personne pour une dur\u00e9e d\u00e9termin\u00e9e et dont l&#039;\u00e9ch\u00e9ance a \u00e9t\u00e9 accept\u00e9e par PERSONNE1.). Par ailleurs, l\u2019affaireMcCann c. Royaume-Unidu 13 mai 2008 porte sur une question proc\u00e9durale, en particulier surla n\u00e9cessit\u00e9 d\u2019un contr\u00f4le juridictionnel pr\u00e9alable \u00e0 une expulsion de logement. Dans cette affaire,les autorit\u00e9s britanniques ont proc\u00e9d\u00e9 \u00e0 l\u2019expulsion du requ\u00e9rant en contournant le syst\u00e8me l\u00e9gal applicable aux baux conclus avec les autorit\u00e9s publiques. Or, en l\u2019esp\u00e8ce,PERSONNE1.)a b\u00e9n\u00e9fici\u00e9 du contr\u00f4le juridictionnel de la mesure de d\u00e9guerpissement, tant devant le juge de premi\u00e8re instance que devant le tribunal de c\u00e9ans. Il ressort cependant de la jurisprudence de la Cour europ\u00e9enne des droits de l\u2019homme, telle que rappel\u00e9e dans son guide sur l\u2019article 8 de la CEDH:\u00abl\u2019article 8 ne reconna\u00eet pas comme tel le droit de se voir fournir un domicile et, par cons\u00e9quent, toute obligation positive de loger les personnes sans domicile doit \u00eatre limit\u00e9e (B.G. et autres c. France, \u00a7 93 ; Faulkner et McDonagh c. Irlande (d\u00e9c.), \u00a798)\u00bb.<\/p>\n<p>11 En l\u2019esp\u00e8ce, il r\u00e9sulte des d\u00e9veloppements qui pr\u00e9c\u00e8dent que la fin de l\u2019occupation du logement parPERSONNE1.),ne disposant plus de droit d\u2019h\u00e9bergement au titre de la Loi modifi\u00e9e du 18 d\u00e9cembre 2015, r\u00e9sulte tant de l\u2019application de la loi que de l\u2019arriv\u00e9e \u00e0 \u00e9ch\u00e9ance de l\u2019engagement unilat\u00e9ral. En outre, la fin de l\u2019occupation poursuit un but l\u00e9gitime, en ce qu\u2019elle vise \u00e0 permettre \u00e0 l\u2019ONA d\u2019assurer sa mission d&#039;h\u00e9bergement des nouveaux demandeurs de protection internationale. Par cons\u00e9quent, aucune violation de l\u2019article 8 de la CEDH ni du principe de proportionnalit\u00e9 qui en d\u00e9coule, ne saurait \u00eatre retenue en l\u2019esp\u00e8ce. Il \u00e9chet encore de souligner que bien quePERSONNE1.)ait \u00e9t\u00e9 inform\u00e9e du caract\u00e8re temporaire du logement et de la date \u00e0 laquelle la mise \u00e0 disposition devait prendre fin, elle ne d\u00e9montre pas avoir entrepris des d\u00e9marches s\u00e9rieuses en vue de la recherche d\u2019un logement, se limitant \u00e0 une simple inscriptionsur la liste d\u2019attente de l\u2019office national de l\u2019enfance pour pouvoir b\u00e9n\u00e9ficier d\u2019un logement encadr\u00e9. Partant, les moyens invoqu\u00e9s sur le fondement de l\u2019article 8 de la CEDH ne sauraient justifier le maintien dePERSONNE1.)dans le logement. Au vu de l\u2019ensemble des consid\u00e9rations qui pr\u00e9c\u00e8dent, il y a lieu de retenir, par confirmation du jugement entrepris, que la mise \u00e0 disposition est valablement venue \u00e0 \u00e9ch\u00e9ance, de sorte quePERSONNE1.)est \u00e0 consid\u00e9rer comme occupante sans droit ni titre. Par ailleurs, compte tenu du fait que, depuis la signature de l\u2019engagement unilat\u00e9ral du 20 d\u00e9cembre 2022,PERSONNE1.)savait qu\u2019il ne s\u2019agissait que d\u2019une mesure temporaire prenant fin le 1 er d\u00e9cembre 2023 et qu\u2019elle a, depuis l\u2019\u00e9ch\u00e9ance, continu\u00e9 \u00e0 b\u00e9n\u00e9ficier du logement pendant plus de deux ann\u00e9es, sans entreprendre de d\u00e9marches s\u00e9rieuses pour se reloger, le tribunal estime que le d\u00e9lai de d\u00e9guerpissement de trois mois n\u2019est pas disproportionn\u00e9 au regard de l\u2019article 8 de la CEDH. Au vu des \u00e9l\u00e9ments qui pr\u00e9c\u00e8dent et en l\u2019absence de toute base l\u00e9gale en ce sens, PERSONNE1.)est encore \u00e0 d\u00e9bouter de sa demande tendant \u00e0 voir constater une \u00ab obligation de relogement ou d\u2019accompagnement \u00bb. Le juge de premi\u00e8re instance est d\u00e8s lors \u00e0 confirmer en ce qu\u2019il a d\u00e9clar\u00e9 fond\u00e9e la demande en d\u00e9guerpissement. Compte tenu de l\u2019issue de l\u2019instance d\u2019appel,PERSONNE1.)est \u00e0 d\u00e9bouter de sa demande en allocation d\u2019une indemnit\u00e9 de proc\u00e9dure pour la premi\u00e8re et pour la deuxi\u00e8me instance. Conform\u00e9ment \u00e0 l\u2019article 238 du Nouveau Code de proc\u00e9dure civile, il y a lieu de condamnerPERSONNE1.)aux frais et d\u00e9pens de l\u2019instance d\u2019appel.<\/p>\n<p>12 Il r\u00e9sulte de ce qui pr\u00e9c\u00e8de que l\u2019appel est \u00e0 d\u00e9clarer non fond\u00e9 et qu\u2019il y a lieu de confirmer le jugement entrepris, avec la pr\u00e9cision que le d\u00e9lai de d\u00e9guerpissement de trois mois court \u00e0 partir de la date de la signification dupr\u00e9sent jugement. Par ces motifs: le tribunal d&#039;arrondissement de et \u00e0 Diekirch, si\u00e9geant en mati\u00e8re d\u2019occupation sans droit ni titre et en instance d\u2019appel, statuant contradictoirement, re\u00e7oitl\u2019appel en la forme, ditl\u2019appel non fond\u00e9, partantconfirmele jugement entrepris, sauf \u00e0 dire que le d\u00e9lai de d\u00e9guerpissement de trois mois court \u00e0 partir de la date de la signification du pr\u00e9sent jugement, condamnePERSONNE1.)aux frais et d\u00e9pens de l\u2019instance d\u2019appel. Ainsi prononc\u00e9 en audience publique au Tribunal d\u2019arrondissement de et \u00e0 Diekirch, par NousJean-Claude WIRTH,vice-pr\u00e9sidentpr\u00e8s le tribunal d\u2019arrondissement, assist\u00e9 du greffier Christiane BRITZ. Le greffier Levice-pr\u00e9sident<\/p>\n<\/div>\n<hr class=\"kji-sep\" \/>\n<p class=\"kji-source-links\"><strong>Sources officielles :<\/strong> <a class=\"kji-source-link\" href=\"https:\/\/data.public.lu\/fr\/datasets\/tribunal-darrondissement-diekirch\/\" target=\"_blank\" rel=\"noopener noreferrer\">consulter la page source<\/a> &middot; <a class=\"kji-pdf-link\" href=\"https:\/\/download.data.public.lu\/resources\/tribunal-darrondissement-diekirch\/20260405-231903\/20260311-tadcommerce-202501123-pseudonymise-accessible.pdf\" target=\"_blank\" rel=\"noopener noreferrer\">PDF officiel<\/a><\/p>\n<p class=\"kji-license-note\"><em>Licence CC BY-ND 4.0 (Administration judiciaire, data.public.lu). Republication autorisee avec attribution, sans modification editoriale du texte integral.<\/em><\/p>\n<\/div>\n","protected":false},"excerpt":{"rendered":"<p>1 Jugement N\u00b0 2026TADCOMM\/0081(appel occupation sans droit ni titre) Audience publique dumercredi,onze marsdeux mille vingt-six Num\u00e9ro du r\u00f4le : TAD-2025-01123 Composition : Jean-Claude WIRTH, vice-pr\u00e9sident, Fernand PETTINGER, premierjuge, Geraldine HELLENBRAND, attach\u00e9e de justice \u00e0 titre provisoire d\u00e9l\u00e9gu\u00e9e, Christiane BRITZ, greffier. Entre: PERSONNE1.),n\u00e9e leDATE1.),sans\u00e9tat connu,demeurant\u00e0 L-ADRESSE1.),\u2026<\/p>\n","protected":false},"featured_media":0,"template":"","meta":{"_crdt_document":""},"kji_country":[8418],"kji_court":[23583],"kji_chamber":[],"kji_year":[7610],"kji_subject":[7724],"kji_keyword":[23584,7636],"kji_language":[7733],"class_list":["post-600192","kji_decision","type-kji_decision","status-publish","hentry","kji_country-luxembourg","kji_court-tribunal-darrondissement","kji_year-7610","kji_subject-civil","kji_keyword-arrondissement","kji_keyword-tribunal","kji_language-francais"],"yoast_head":"<!-- This site is optimized with the Yoast SEO Premium plugin v27.5 (Yoast SEO v27.5) - https:\/\/yoast.com\/product\/yoast-seo-premium-wordpress\/ -->\n<title>Tribunal d&#039;arrondissement, 11 mars 2026 - Ma\u00eetre Hassan Kohen, avocat en droit p\u00e9nal \u00e0 Paris<\/title>\n<meta name=\"robots\" content=\"index, follow, max-snippet:-1, max-image-preview:large, max-video-preview:-1\" \/>\n<link rel=\"canonical\" href=\"https:\/\/kohenavocats.com\/zh-hans\/jurisprudences\/tribunal-darrondissement-11-mars-2026-3\/\" \/>\n<meta property=\"og:locale\" content=\"zh_CN\" \/>\n<meta property=\"og:type\" content=\"article\" \/>\n<meta property=\"og:title\" content=\"Tribunal d&#039;arrondissement, 11 mars 2026\" \/>\n<meta property=\"og:description\" content=\"1 Jugement N\u00b0 2026TADCOMM\/0081(appel occupation sans droit ni titre) Audience publique dumercredi,onze marsdeux mille vingt-six Num\u00e9ro du r\u00f4le : TAD-2025-01123 Composition : Jean-Claude WIRTH, vice-pr\u00e9sident, Fernand PETTINGER, premierjuge, Geraldine HELLENBRAND, attach\u00e9e de justice \u00e0 titre provisoire d\u00e9l\u00e9gu\u00e9e, Christiane BRITZ, greffier. Entre: PERSONNE1.),n\u00e9e leDATE1.),sans\u00e9tat connu,demeurant\u00e0 L-ADRESSE1.),\u2026\" \/>\n<meta property=\"og:url\" content=\"https:\/\/kohenavocats.com\/zh-hans\/jurisprudences\/tribunal-darrondissement-11-mars-2026-3\/\" \/>\n<meta property=\"og:site_name\" content=\"Ma\u00eetre Hassan Kohen, avocat en droit p\u00e9nal \u00e0 Paris\" \/>\n<meta property=\"article:modified_time\" content=\"2026-04-19T01:17:46+00:00\" \/>\n<meta name=\"twitter:card\" content=\"summary_large_image\" \/>\n<meta name=\"twitter:label1\" content=\"\u9884\u8ba1\u9605\u8bfb\u65f6\u95f4\" \/>\n\t<meta name=\"twitter:data1\" content=\"27 \u5206\" \/>\n<script type=\"application\/ld+json\" class=\"yoast-schema-graph\">{\"@context\":\"https:\\\/\\\/schema.org\",\"@graph\":[{\"@type\":\"WebPage\",\"@id\":\"https:\\\/\\\/kohenavocats.com\\\/zh-hans\\\/jurisprudences\\\/tribunal-darrondissement-11-mars-2026-3\\\/\",\"url\":\"https:\\\/\\\/kohenavocats.com\\\/zh-hans\\\/jurisprudences\\\/tribunal-darrondissement-11-mars-2026-3\\\/\",\"name\":\"Tribunal d'arrondissement, 11 mars 2026 - Ma\u00eetre Hassan Kohen, avocat en droit p\u00e9nal \u00e0 Paris\",\"isPartOf\":{\"@id\":\"https:\\\/\\\/kohenavocats.com\\\/zh-hans\\\/#website\"},\"datePublished\":\"2026-04-19T01:17:42+00:00\",\"dateModified\":\"2026-04-19T01:17:46+00:00\",\"breadcrumb\":{\"@id\":\"https:\\\/\\\/kohenavocats.com\\\/zh-hans\\\/jurisprudences\\\/tribunal-darrondissement-11-mars-2026-3\\\/#breadcrumb\"},\"inLanguage\":\"zh-Hans\",\"potentialAction\":[{\"@type\":\"ReadAction\",\"target\":[\"https:\\\/\\\/kohenavocats.com\\\/zh-hans\\\/jurisprudences\\\/tribunal-darrondissement-11-mars-2026-3\\\/\"]}]},{\"@type\":\"BreadcrumbList\",\"@id\":\"https:\\\/\\\/kohenavocats.com\\\/zh-hans\\\/jurisprudences\\\/tribunal-darrondissement-11-mars-2026-3\\\/#breadcrumb\",\"itemListElement\":[{\"@type\":\"ListItem\",\"position\":1,\"name\":\"Home\",\"item\":\"https:\\\/\\\/kohenavocats.com\\\/zh-hans\\\/\"},{\"@type\":\"ListItem\",\"position\":2,\"name\":\"Jurisprudences\",\"item\":\"https:\\\/\\\/kohenavocats.com\\\/zh-hans\\\/jurisprudences\\\/\"},{\"@type\":\"ListItem\",\"position\":3,\"name\":\"Tribunal d&rsquo;arrondissement, 11 mars 2026\"}]},{\"@type\":\"WebSite\",\"@id\":\"https:\\\/\\\/kohenavocats.com\\\/zh-hans\\\/#website\",\"url\":\"https:\\\/\\\/kohenavocats.com\\\/zh-hans\\\/\",\"name\":\"Kohen Avocats\",\"description\":\"Ma\u00eetre Hassan Kohen, avocat p\u00e9naliste \u00e0 Paris, intervient exclusivement en droit p\u00e9nal pour la d\u00e9fense des particuliers, notamment en mati\u00e8re d\u2019accusations de viol. Il assure un accompagnement rigoureux d\u00e8s la garde \u00e0 vue jusqu\u2019\u00e0 la Cour d\u2019assises, veillant au strict respect des garanties proc\u00e9durales.\",\"publisher\":{\"@id\":\"https:\\\/\\\/kohenavocats.com\\\/zh-hans\\\/#organization\"},\"potentialAction\":[{\"@type\":\"SearchAction\",\"target\":{\"@type\":\"EntryPoint\",\"urlTemplate\":\"https:\\\/\\\/kohenavocats.com\\\/zh-hans\\\/?s={search_term_string}\"},\"query-input\":{\"@type\":\"PropertyValueSpecification\",\"valueRequired\":true,\"valueName\":\"search_term_string\"}}],\"inLanguage\":\"zh-Hans\"},{\"@type\":\"Organization\",\"@id\":\"https:\\\/\\\/kohenavocats.com\\\/zh-hans\\\/#organization\",\"name\":\"Kohen Avocats\",\"url\":\"https:\\\/\\\/kohenavocats.com\\\/zh-hans\\\/\",\"logo\":{\"@type\":\"ImageObject\",\"inLanguage\":\"zh-Hans\",\"@id\":\"https:\\\/\\\/kohenavocats.com\\\/zh-hans\\\/#\\\/schema\\\/logo\\\/image\\\/\",\"url\":\"https:\\\/\\\/kohenavocats.com\\\/wp-content\\\/uploads\\\/2026\\\/01\\\/Logo-2-1.webp\",\"contentUrl\":\"https:\\\/\\\/kohenavocats.com\\\/wp-content\\\/uploads\\\/2026\\\/01\\\/Logo-2-1.webp\",\"width\":2114,\"height\":1253,\"caption\":\"Kohen Avocats\"},\"image\":{\"@id\":\"https:\\\/\\\/kohenavocats.com\\\/zh-hans\\\/#\\\/schema\\\/logo\\\/image\\\/\"}}]}<\/script>\n<!-- \/ Yoast SEO Premium plugin. -->","yoast_head_json":{"title":"Tribunal d'arrondissement, 11 mars 2026 - Ma\u00eetre Hassan Kohen, avocat en droit p\u00e9nal \u00e0 Paris","robots":{"index":"index","follow":"follow","max-snippet":"max-snippet:-1","max-image-preview":"max-image-preview:large","max-video-preview":"max-video-preview:-1"},"canonical":"https:\/\/kohenavocats.com\/zh-hans\/jurisprudences\/tribunal-darrondissement-11-mars-2026-3\/","og_locale":"zh_CN","og_type":"article","og_title":"Tribunal d'arrondissement, 11 mars 2026","og_description":"1 Jugement N\u00b0 2026TADCOMM\/0081(appel occupation sans droit ni titre) Audience publique dumercredi,onze marsdeux mille vingt-six Num\u00e9ro du r\u00f4le : TAD-2025-01123 Composition : Jean-Claude WIRTH, vice-pr\u00e9sident, Fernand PETTINGER, premierjuge, Geraldine HELLENBRAND, attach\u00e9e de justice \u00e0 titre provisoire d\u00e9l\u00e9gu\u00e9e, Christiane BRITZ, greffier. Entre: PERSONNE1.),n\u00e9e leDATE1.),sans\u00e9tat connu,demeurant\u00e0 L-ADRESSE1.),\u2026","og_url":"https:\/\/kohenavocats.com\/zh-hans\/jurisprudences\/tribunal-darrondissement-11-mars-2026-3\/","og_site_name":"Ma\u00eetre Hassan Kohen, avocat en droit p\u00e9nal \u00e0 Paris","article_modified_time":"2026-04-19T01:17:46+00:00","twitter_card":"summary_large_image","twitter_misc":{"\u9884\u8ba1\u9605\u8bfb\u65f6\u95f4":"27 \u5206"},"schema":{"@context":"https:\/\/schema.org","@graph":[{"@type":"WebPage","@id":"https:\/\/kohenavocats.com\/zh-hans\/jurisprudences\/tribunal-darrondissement-11-mars-2026-3\/","url":"https:\/\/kohenavocats.com\/zh-hans\/jurisprudences\/tribunal-darrondissement-11-mars-2026-3\/","name":"Tribunal d'arrondissement, 11 mars 2026 - Ma\u00eetre Hassan Kohen, avocat en droit p\u00e9nal \u00e0 Paris","isPartOf":{"@id":"https:\/\/kohenavocats.com\/zh-hans\/#website"},"datePublished":"2026-04-19T01:17:42+00:00","dateModified":"2026-04-19T01:17:46+00:00","breadcrumb":{"@id":"https:\/\/kohenavocats.com\/zh-hans\/jurisprudences\/tribunal-darrondissement-11-mars-2026-3\/#breadcrumb"},"inLanguage":"zh-Hans","potentialAction":[{"@type":"ReadAction","target":["https:\/\/kohenavocats.com\/zh-hans\/jurisprudences\/tribunal-darrondissement-11-mars-2026-3\/"]}]},{"@type":"BreadcrumbList","@id":"https:\/\/kohenavocats.com\/zh-hans\/jurisprudences\/tribunal-darrondissement-11-mars-2026-3\/#breadcrumb","itemListElement":[{"@type":"ListItem","position":1,"name":"Home","item":"https:\/\/kohenavocats.com\/zh-hans\/"},{"@type":"ListItem","position":2,"name":"Jurisprudences","item":"https:\/\/kohenavocats.com\/zh-hans\/jurisprudences\/"},{"@type":"ListItem","position":3,"name":"Tribunal d&rsquo;arrondissement, 11 mars 2026"}]},{"@type":"WebSite","@id":"https:\/\/kohenavocats.com\/zh-hans\/#website","url":"https:\/\/kohenavocats.com\/zh-hans\/","name":"Kohen Avocats","description":"Ma\u00eetre Hassan Kohen, avocat p\u00e9naliste \u00e0 Paris, intervient exclusivement en droit p\u00e9nal pour la d\u00e9fense des particuliers, notamment en mati\u00e8re d\u2019accusations de viol. Il assure un accompagnement rigoureux d\u00e8s la garde \u00e0 vue jusqu\u2019\u00e0 la Cour d\u2019assises, veillant au strict respect des garanties proc\u00e9durales.","publisher":{"@id":"https:\/\/kohenavocats.com\/zh-hans\/#organization"},"potentialAction":[{"@type":"SearchAction","target":{"@type":"EntryPoint","urlTemplate":"https:\/\/kohenavocats.com\/zh-hans\/?s={search_term_string}"},"query-input":{"@type":"PropertyValueSpecification","valueRequired":true,"valueName":"search_term_string"}}],"inLanguage":"zh-Hans"},{"@type":"Organization","@id":"https:\/\/kohenavocats.com\/zh-hans\/#organization","name":"Kohen Avocats","url":"https:\/\/kohenavocats.com\/zh-hans\/","logo":{"@type":"ImageObject","inLanguage":"zh-Hans","@id":"https:\/\/kohenavocats.com\/zh-hans\/#\/schema\/logo\/image\/","url":"https:\/\/kohenavocats.com\/wp-content\/uploads\/2026\/01\/Logo-2-1.webp","contentUrl":"https:\/\/kohenavocats.com\/wp-content\/uploads\/2026\/01\/Logo-2-1.webp","width":2114,"height":1253,"caption":"Kohen Avocats"},"image":{"@id":"https:\/\/kohenavocats.com\/zh-hans\/#\/schema\/logo\/image\/"}}]}},"jetpack_likes_enabled":false,"jetpack_sharing_enabled":true,"_links":{"self":[{"href":"https:\/\/kohenavocats.com\/zh-hans\/wp-json\/wp\/v2\/kji_decision\/600192","targetHints":{"allow":["GET"]}}],"collection":[{"href":"https:\/\/kohenavocats.com\/zh-hans\/wp-json\/wp\/v2\/kji_decision"}],"about":[{"href":"https:\/\/kohenavocats.com\/zh-hans\/wp-json\/wp\/v2\/types\/kji_decision"}],"wp:attachment":[{"href":"https:\/\/kohenavocats.com\/zh-hans\/wp-json\/wp\/v2\/media?parent=600192"}],"wp:term":[{"taxonomy":"kji_country","embeddable":true,"href":"https:\/\/kohenavocats.com\/zh-hans\/wp-json\/wp\/v2\/kji_country?post=600192"},{"taxonomy":"kji_court","embeddable":true,"href":"https:\/\/kohenavocats.com\/zh-hans\/wp-json\/wp\/v2\/kji_court?post=600192"},{"taxonomy":"kji_chamber","embeddable":true,"href":"https:\/\/kohenavocats.com\/zh-hans\/wp-json\/wp\/v2\/kji_chamber?post=600192"},{"taxonomy":"kji_year","embeddable":true,"href":"https:\/\/kohenavocats.com\/zh-hans\/wp-json\/wp\/v2\/kji_year?post=600192"},{"taxonomy":"kji_subject","embeddable":true,"href":"https:\/\/kohenavocats.com\/zh-hans\/wp-json\/wp\/v2\/kji_subject?post=600192"},{"taxonomy":"kji_keyword","embeddable":true,"href":"https:\/\/kohenavocats.com\/zh-hans\/wp-json\/wp\/v2\/kji_keyword?post=600192"},{"taxonomy":"kji_language","embeddable":true,"href":"https:\/\/kohenavocats.com\/zh-hans\/wp-json\/wp\/v2\/kji_language?post=600192"}],"curies":[{"name":"wp","href":"https:\/\/api.w.org\/{rel}","templated":true}]}}