{"id":603603,"date":"2026-04-19T10:17:11","date_gmt":"2026-04-19T08:17:11","guid":{"rendered":"https:\/\/kohenavocats.com\/jurisprudences\/cour-superieure-de-justice-6-fevrier-2024-n-2023-00861-2\/"},"modified":"2026-04-19T10:17:14","modified_gmt":"2026-04-19T08:17:14","slug":"cour-superieure-de-justice-6-fevrier-2024-n-2023-00861-2","status":"publish","type":"kji_decision","link":"https:\/\/kohenavocats.com\/zh-hans\/jurisprudences\/cour-superieure-de-justice-6-fevrier-2024-n-2023-00861-2\/","title":{"rendered":"Cour sup\u00e9rieure de justice, 6 f\u00e9vrier 2024, n\u00b0 2023-00861"},"content":{"rendered":"<div class=\"kji-decision\">\n<div class=\"kji-full-text\">\n<p>1 Arr\u00eat N\u00b021\/24IV-COM Arr\u00eat commercial-faillite Audience publique dusix f\u00e9vrierdeux millevingt-quatre Num\u00e9roCAL-2023-00861du r\u00f4le Composition: Marianne EICHER,pr\u00e9sident de chambre; Mich\u00e8le HORNICK,premierconseiller; Carole BESCH,conseiller; Eric VILVENS, greffier. E n t r e 1)lasoci\u00e9t\u00e9\u00e0 responsabilit\u00e9 limit\u00e9eSOCIETE1.),\u00e9tablie et ayant son si\u00e8ge social \u00e0L-ADRESSE1.),repr\u00e9sent\u00e9e parsong\u00e9rant, inscrite auRegistre de Commerce et des Soci\u00e9t\u00e9s de Luxembourg sous le num\u00e9roNUMERO1.), 2)PERSONNE1.),demeurant \u00e0 D-ADRESSE2.), pris en sa qualit\u00e9 de g\u00e9rant et d\u2019associ\u00e9 unique de la soci\u00e9t\u00e9 \u00e0 responsabilit\u00e9 limit\u00e9e SOCIETE1.), appelantsaux termes d\u2019un acte de l&#039;huissier de justicesuppl\u00e9ant Luana Cogonien remplacement de l\u2019huissier de justice V\u00e9ronique Reyter, les deux demeurant \u00e0 Esch-sur-Alzette,du3 ao\u00fbt2023, comparant par Ma\u00eetreRobert Kayser, avocat \u00e0 la Cour,demeurant \u00e0 Luxembourg, et 1) Ma\u00eetreSt\u00e9phane SUNNEN ,avocat\u00e0 la Cour, demeurant professionnellement \u00e0 L-1470 Luxembourg,7-11,route d\u2019Esch, pris<\/p>\n<p>2 en sa qualit\u00e9 decurateurde lafaillite de lasoci\u00e9t\u00e9 \u00e0 responsabilit\u00e9 limit\u00e9eSOCIETE1.), d\u00e9clar\u00e9e en \u00e9tat defaillite parjugement du tribunal d&#039;arrondissement de Luxembourg du23 d\u00e9cembre 2022, intim\u00e9aux fins dupr\u00e9dit acteCogoni, comparant parlui-m\u00eame, 2) Monsieurle Receveur-Pr\u00e9pos\u00e9 du bureau de Recette des Contributions de Luxembourg, ayant ses bureaux \u00e0 L-2982 Luxembourg, 18, rue du Fort Wedell, intim\u00e9aux fins dupr\u00e9dit acteCogoni, comparant parMa\u00eetre Claude Schmartz, avocat \u00e0 la Cour, demeurant \u00e0 Bofferdange. LA COURD\u2019APPEL Par jugement du 23 d\u00e9cembre 2022, le Tribunal d\u2019arrondissement de Luxembourg, si\u00e9geant en mati\u00e8re commerciale, a d\u00e9clar\u00e9 la soci\u00e9t\u00e9 \u00e0 responsabilit\u00e9 limit\u00e9eSOCIETE1.)(ci-apr\u00e8sSOCIETE1.)) en faillite sur assignation deMonsieur le Receveur-Pr\u00e9pos\u00e9 du Bureau de Recette des Contributions Directes de et \u00e0 Luxembourg (ci-apr\u00e8s Monsieur le Receveur)qui se pr\u00e9valait d\u2019une cr\u00e9ance de 5.759,90 euros sur base de l\u2019instrument uniformis\u00e9, \u00e9mis le 2 ao\u00fbt 2021, permettant le recouvrement des cr\u00e9ances tel que pr\u00e9vu par l\u2019article 12 de la Directive 2010\/24\/UE du 16 mars 3020 et d\u2019un d\u00e9compte du 13 octobre 2022. Par acte d\u2019huissier de justice du 3 ao\u00fbt 2023,SOCIETE1.)et PERSONNE1.), g\u00e9rant et associ\u00e9, ont relev\u00e9 appel de ce jugement qui n\u2019a pas \u00e9t\u00e9 signifi\u00e9. Ils concluent, par r\u00e9formation, au rabattement de la faillite au motif que les conditions de la faillitene sontpas donn\u00e9es. Ils font valoir qu\u2019SOCIETE1.)est propri\u00e9taire d\u2019immeubles en Allemagne et qu\u2019elle per\u00e7oit des loyers pour la location de ces immeubles. Ils demandent en outre \u00e0 voir condamner principalement Monsieur le Receveur, subsidiairement l\u2019ETAT,aux frais et d\u00e9pens de l\u2019instance ainsi qu\u2019au paiement d\u2019une indemnit\u00e9 de proc\u00e9dure de 1.500 euros. Dans leurs conclusions r\u00e9capitulatives, ils font valoir que la somme de 13.360,30 euros a \u00e9t\u00e9 consign\u00e9e sur le compte-tiers de leur mandataire et que ce dernier se porte fort pour d\u00e9sint\u00e9resser les cr\u00e9anciers de la faillite, dans l\u2019hypoth\u00e8se d\u2019un rabattement de la faillite. Monsieur le Receveur soul\u00e8ve l\u2019irrecevabilit\u00e9 de l\u2019appel interjet\u00e9 par PERSONNE1.), qui n\u2019\u00e9tait pas partie en premi\u00e8re instance. Quant au<\/p>\n<p>3 fond, il d\u00e9clare ne pas s\u2019opposer au rabattement de la failliteau vu des conclusions d\u2019SOCIETE1.). Il demande la condamnation des parties appelantes aux frais et d\u00e9pens des deux instances ainsi qu\u2019au r\u00e8glement par chacune d\u2019elle d\u2019une indemnit\u00e9 de proc\u00e9dure de 500 euros. Le curateur soul\u00e8ve \u00e9galement l\u2019irrecevabilit\u00e9 de l\u2019appel interjet\u00e9 par PERSONNE1.), qui n\u2019\u00e9tait pas partie en premi\u00e8re instance. Il faitvaloir qu\u2019il ne dispose d\u2019aucune information quant \u00e0 l\u2019existence d\u2019immeubles appartenant \u00e0 la faillie ni de documents attestant la perception de loyers par celle-ci. Il expose que le passif de la faillite est constitu\u00e9 de la seule cr\u00e9ance de Monsieur le Receveur pour le montant de 11.149,01 euros et que ses frais et honoraires peuvent \u00eatre \u00e9valu\u00e9s \u00e0 2.211,29 euros. Il s\u2019oppose au rabattement de la faillite au motif que les appelants n\u2019ont pas \u00e9tabli qu\u2019ils disposent des fonds n\u00e9cessaires \u00e0 apurer le passif. Appr\u00e9ciation La recevabilit\u00e9 A l\u2019\u00e9gard du jugement d\u00e9claratif de faillite, le droit d\u2019appel appartient uniquement \u00e0 ceux qui ont \u00e9t\u00e9 parties en premi\u00e8re instance. Il s\u2019ensuit quePERSONNE1.), qui n\u2019a pas \u00e9t\u00e9 partie au jugement d\u00e9claratif de faillite, nepeut attaquer ce jugement par la voie d\u2019appel. Son appel est d\u00e8s lors irrecevable. L\u2019appel introduit parSOCIETE1.)dans les forme et d\u00e9lai de la loi est recevable. Fond Suivant l\u2019article 437 du Code de commerce, tout commer\u00e7ant qui a cess\u00e9 ses paiements et dont le cr\u00e9dit se trouve \u00e9branl\u00e9 est en \u00e9tat de faillite. Il est de principe qu\u2019il incombe au demandeur du rabattement de la faillite de prouver que la soci\u00e9t\u00e9 ne se trouvait pas au moment du prononc\u00e9 du jugement d\u00e9claratif en \u00e9tat de faillite au sens de l\u2019article 437 du Code de commerce, en d\u2019autres termes qu\u2019elle n\u2019\u00e9tait pas en \u00e9tat de cessation des paiements et que son cr\u00e9dit n\u2019\u00e9tait pas \u00e9branl\u00e9. En l\u2019esp\u00e8ce l\u2019appelante fait valoir qu\u2019elle a consign\u00e9 sur le compte- tiers de son mandataire une somme suffisante pour apurer son passif et les frais et honoraires du curateur. Aucune pi\u00e8ce n\u2019est cependant vers\u00e9e \u00e0 cet \u00e9gard. Il y a partant lieu d\u2019inviterSOCIETE1.)de verserla preuve de la consignation des fonds et de r\u00e9server le surplus de la demande.<\/p>\n<p>4 PAR CES MOTIFS la Cour d\u2019appel, quatri\u00e8me chambre, si\u00e9geant en mati\u00e8re commerciale, statuant contradictoirement, dit l\u2019appel introduit parPERSONNE1.)irrecevable, re\u00e7oit l\u2019appel pour le surplus, avant tout autre progr\u00e8s en cause, invitela soci\u00e9t\u00e9 \u00e0 responsabilit\u00e9 limit\u00e9eSOCIETE1.)\u00e0 verser la preuve de la consignationde la somme de 13.360,30 euros sur le compte- tiers de sonmandataireau plus tard le 14 f\u00e9vrier 2024, refixe l\u2019affaire\u00e0la conf\u00e9rence de mise de \u00e9tat du 20 f\u00e9vrier 2024 \u00e0 9.00 heuresdans la salleCR 0.19-Grande salle d&#039;audience-B\u00e2timent CR\u00e0la Cit\u00e9 judiciaire, L-2080 Luxembourgpour cl\u00f4ture et plaidoiries, r\u00e9servele surplus de la demande et les frais.<\/p>\n<\/div>\n<hr class=\"kji-sep\" \/>\n<p class=\"kji-source-links\"><strong>Sources officielles :<\/strong> <a class=\"kji-source-link\" href=\"https:\/\/data.public.lu\/fr\/datasets\/cour-superieure-de-justice-chambre-4\/\" target=\"_blank\" rel=\"noopener noreferrer\">consulter la page source<\/a> &middot; <a class=\"kji-pdf-link\" href=\"https:\/\/download.data.public.lu\/resources\/cour-superieure-de-justice-chambre-4\/20240827-174814\/20240206-ca4-cal-2023-00861-pseudonymise-accessible.pdf\" target=\"_blank\" rel=\"noopener noreferrer\">PDF officiel<\/a><\/p>\n<p class=\"kji-license-note\"><em>Licence CC BY-ND 4.0 (Administration judiciaire, data.public.lu). Republication autorisee avec attribution, sans modification editoriale du texte integral.<\/em><\/p>\n<\/div>\n","protected":false},"excerpt":{"rendered":"<p>1 Arr\u00eat N\u00b021\/24IV-COM Arr\u00eat commercial-faillite Audience publique dusix f\u00e9vrierdeux millevingt-quatre Num\u00e9roCAL-2023-00861du r\u00f4le Composition: Marianne EICHER,pr\u00e9sident de chambre; Mich\u00e8le HORNICK,premierconseiller; Carole BESCH,conseiller; Eric VILVENS, greffier. E n t r e 1)lasoci\u00e9t\u00e9\u00e0 responsabilit\u00e9 limit\u00e9eSOCIETE1.),\u00e9tablie et ayant son si\u00e8ge social \u00e0L-ADRESSE1.),repr\u00e9sent\u00e9e parsong\u00e9rant, inscrite auRegistre de Commerce et des\u2026<\/p>\n","protected":false},"featured_media":0,"template":"","meta":{"_crdt_document":""},"kji_country":[8418],"kji_court":[12305],"kji_chamber":[18433],"kji_year":[8677],"kji_subject":[7724],"kji_keyword":[8457,9055,12307],"kji_language":[7733],"class_list":["post-603603","kji_decision","type-kji_decision","status-publish","hentry","kji_country-luxembourg","kji_court-cour-superieure-de-justice","kji_chamber-chambre-4","kji_year-8677","kji_subject-civil","kji_keyword-fevrier","kji_keyword-justice","kji_keyword-superieure","kji_language-francais"],"yoast_head":"<!-- This site is optimized with the Yoast SEO Premium plugin v27.5 (Yoast SEO v27.5) - https:\/\/yoast.com\/product\/yoast-seo-premium-wordpress\/ -->\n<title>Cour sup\u00e9rieure de justice, 6 f\u00e9vrier 2024, n\u00b0 2023-00861 - Ma\u00eetre Hassan Kohen, avocat en droit p\u00e9nal \u00e0 Paris<\/title>\n<meta name=\"robots\" content=\"index, follow, max-snippet:-1, max-image-preview:large, max-video-preview:-1\" \/>\n<link rel=\"canonical\" href=\"https:\/\/kohenavocats.com\/zh-hans\/jurisprudences\/cour-superieure-de-justice-6-fevrier-2024-n-2023-00861-2\/\" \/>\n<meta property=\"og:locale\" content=\"zh_CN\" \/>\n<meta property=\"og:type\" content=\"article\" \/>\n<meta property=\"og:title\" content=\"Cour sup\u00e9rieure de justice, 6 f\u00e9vrier 2024, n\u00b0 2023-00861\" \/>\n<meta property=\"og:description\" content=\"1 Arr\u00eat N\u00b021\/24IV-COM Arr\u00eat commercial-faillite Audience publique dusix f\u00e9vrierdeux millevingt-quatre Num\u00e9roCAL-2023-00861du r\u00f4le Composition: Marianne EICHER,pr\u00e9sident de chambre; Mich\u00e8le HORNICK,premierconseiller; Carole BESCH,conseiller; Eric VILVENS, greffier. E n t r e 1)lasoci\u00e9t\u00e9\u00e0 responsabilit\u00e9 limit\u00e9eSOCIETE1.),\u00e9tablie et ayant son si\u00e8ge social \u00e0L-ADRESSE1.),repr\u00e9sent\u00e9e parsong\u00e9rant, inscrite auRegistre de Commerce et des\u2026\" \/>\n<meta property=\"og:url\" content=\"https:\/\/kohenavocats.com\/zh-hans\/jurisprudences\/cour-superieure-de-justice-6-fevrier-2024-n-2023-00861-2\/\" \/>\n<meta property=\"og:site_name\" content=\"Ma\u00eetre Hassan Kohen, avocat en droit p\u00e9nal \u00e0 Paris\" \/>\n<meta property=\"article:modified_time\" content=\"2026-04-19T08:17:14+00:00\" \/>\n<meta name=\"twitter:card\" content=\"summary_large_image\" \/>\n<meta name=\"twitter:label1\" content=\"\u9884\u8ba1\u9605\u8bfb\u65f6\u95f4\" \/>\n\t<meta name=\"twitter:data1\" content=\"5 \u5206\" \/>\n<script type=\"application\/ld+json\" class=\"yoast-schema-graph\">{\"@context\":\"https:\\\/\\\/schema.org\",\"@graph\":[{\"@type\":\"WebPage\",\"@id\":\"https:\\\/\\\/kohenavocats.com\\\/zh-hans\\\/jurisprudences\\\/cour-superieure-de-justice-6-fevrier-2024-n-2023-00861-2\\\/\",\"url\":\"https:\\\/\\\/kohenavocats.com\\\/zh-hans\\\/jurisprudences\\\/cour-superieure-de-justice-6-fevrier-2024-n-2023-00861-2\\\/\",\"name\":\"Cour sup\u00e9rieure de justice, 6 f\u00e9vrier 2024, n\u00b0 2023-00861 - Ma\u00eetre Hassan Kohen, avocat en droit p\u00e9nal \u00e0 Paris\",\"isPartOf\":{\"@id\":\"https:\\\/\\\/kohenavocats.com\\\/zh-hans\\\/#website\"},\"datePublished\":\"2026-04-19T08:17:11+00:00\",\"dateModified\":\"2026-04-19T08:17:14+00:00\",\"breadcrumb\":{\"@id\":\"https:\\\/\\\/kohenavocats.com\\\/zh-hans\\\/jurisprudences\\\/cour-superieure-de-justice-6-fevrier-2024-n-2023-00861-2\\\/#breadcrumb\"},\"inLanguage\":\"zh-Hans\",\"potentialAction\":[{\"@type\":\"ReadAction\",\"target\":[\"https:\\\/\\\/kohenavocats.com\\\/zh-hans\\\/jurisprudences\\\/cour-superieure-de-justice-6-fevrier-2024-n-2023-00861-2\\\/\"]}]},{\"@type\":\"BreadcrumbList\",\"@id\":\"https:\\\/\\\/kohenavocats.com\\\/zh-hans\\\/jurisprudences\\\/cour-superieure-de-justice-6-fevrier-2024-n-2023-00861-2\\\/#breadcrumb\",\"itemListElement\":[{\"@type\":\"ListItem\",\"position\":1,\"name\":\"Home\",\"item\":\"https:\\\/\\\/kohenavocats.com\\\/zh-hans\\\/\"},{\"@type\":\"ListItem\",\"position\":2,\"name\":\"Jurisprudences\",\"item\":\"https:\\\/\\\/kohenavocats.com\\\/zh-hans\\\/jurisprudences\\\/\"},{\"@type\":\"ListItem\",\"position\":3,\"name\":\"Cour sup\u00e9rieure de justice, 6 f\u00e9vrier 2024, n\u00b0 2023-00861\"}]},{\"@type\":\"WebSite\",\"@id\":\"https:\\\/\\\/kohenavocats.com\\\/zh-hans\\\/#website\",\"url\":\"https:\\\/\\\/kohenavocats.com\\\/zh-hans\\\/\",\"name\":\"Kohen Avocats\",\"description\":\"Ma\u00eetre Hassan Kohen, avocat p\u00e9naliste \u00e0 Paris, intervient exclusivement en droit p\u00e9nal pour la d\u00e9fense des particuliers, notamment en mati\u00e8re d\u2019accusations de viol. Il assure un accompagnement rigoureux d\u00e8s la garde \u00e0 vue jusqu\u2019\u00e0 la Cour d\u2019assises, veillant au strict respect des garanties proc\u00e9durales.\",\"publisher\":{\"@id\":\"https:\\\/\\\/kohenavocats.com\\\/zh-hans\\\/#organization\"},\"potentialAction\":[{\"@type\":\"SearchAction\",\"target\":{\"@type\":\"EntryPoint\",\"urlTemplate\":\"https:\\\/\\\/kohenavocats.com\\\/zh-hans\\\/?s={search_term_string}\"},\"query-input\":{\"@type\":\"PropertyValueSpecification\",\"valueRequired\":true,\"valueName\":\"search_term_string\"}}],\"inLanguage\":\"zh-Hans\"},{\"@type\":\"Organization\",\"@id\":\"https:\\\/\\\/kohenavocats.com\\\/zh-hans\\\/#organization\",\"name\":\"Kohen Avocats\",\"url\":\"https:\\\/\\\/kohenavocats.com\\\/zh-hans\\\/\",\"logo\":{\"@type\":\"ImageObject\",\"inLanguage\":\"zh-Hans\",\"@id\":\"https:\\\/\\\/kohenavocats.com\\\/zh-hans\\\/#\\\/schema\\\/logo\\\/image\\\/\",\"url\":\"https:\\\/\\\/kohenavocats.com\\\/wp-content\\\/uploads\\\/2026\\\/01\\\/Logo-2-1.webp\",\"contentUrl\":\"https:\\\/\\\/kohenavocats.com\\\/wp-content\\\/uploads\\\/2026\\\/01\\\/Logo-2-1.webp\",\"width\":2114,\"height\":1253,\"caption\":\"Kohen Avocats\"},\"image\":{\"@id\":\"https:\\\/\\\/kohenavocats.com\\\/zh-hans\\\/#\\\/schema\\\/logo\\\/image\\\/\"}}]}<\/script>\n<!-- \/ Yoast SEO Premium plugin. -->","yoast_head_json":{"title":"Cour sup\u00e9rieure de justice, 6 f\u00e9vrier 2024, n\u00b0 2023-00861 - Ma\u00eetre Hassan Kohen, avocat en droit p\u00e9nal \u00e0 Paris","robots":{"index":"index","follow":"follow","max-snippet":"max-snippet:-1","max-image-preview":"max-image-preview:large","max-video-preview":"max-video-preview:-1"},"canonical":"https:\/\/kohenavocats.com\/zh-hans\/jurisprudences\/cour-superieure-de-justice-6-fevrier-2024-n-2023-00861-2\/","og_locale":"zh_CN","og_type":"article","og_title":"Cour sup\u00e9rieure de justice, 6 f\u00e9vrier 2024, n\u00b0 2023-00861","og_description":"1 Arr\u00eat N\u00b021\/24IV-COM Arr\u00eat commercial-faillite Audience publique dusix f\u00e9vrierdeux millevingt-quatre Num\u00e9roCAL-2023-00861du r\u00f4le Composition: Marianne EICHER,pr\u00e9sident de chambre; Mich\u00e8le HORNICK,premierconseiller; Carole BESCH,conseiller; Eric VILVENS, greffier. E n t r e 1)lasoci\u00e9t\u00e9\u00e0 responsabilit\u00e9 limit\u00e9eSOCIETE1.),\u00e9tablie et ayant son si\u00e8ge social \u00e0L-ADRESSE1.),repr\u00e9sent\u00e9e parsong\u00e9rant, inscrite auRegistre de Commerce et des\u2026","og_url":"https:\/\/kohenavocats.com\/zh-hans\/jurisprudences\/cour-superieure-de-justice-6-fevrier-2024-n-2023-00861-2\/","og_site_name":"Ma\u00eetre Hassan Kohen, avocat en droit p\u00e9nal \u00e0 Paris","article_modified_time":"2026-04-19T08:17:14+00:00","twitter_card":"summary_large_image","twitter_misc":{"\u9884\u8ba1\u9605\u8bfb\u65f6\u95f4":"5 \u5206"},"schema":{"@context":"https:\/\/schema.org","@graph":[{"@type":"WebPage","@id":"https:\/\/kohenavocats.com\/zh-hans\/jurisprudences\/cour-superieure-de-justice-6-fevrier-2024-n-2023-00861-2\/","url":"https:\/\/kohenavocats.com\/zh-hans\/jurisprudences\/cour-superieure-de-justice-6-fevrier-2024-n-2023-00861-2\/","name":"Cour sup\u00e9rieure de justice, 6 f\u00e9vrier 2024, n\u00b0 2023-00861 - Ma\u00eetre Hassan Kohen, avocat en droit p\u00e9nal \u00e0 Paris","isPartOf":{"@id":"https:\/\/kohenavocats.com\/zh-hans\/#website"},"datePublished":"2026-04-19T08:17:11+00:00","dateModified":"2026-04-19T08:17:14+00:00","breadcrumb":{"@id":"https:\/\/kohenavocats.com\/zh-hans\/jurisprudences\/cour-superieure-de-justice-6-fevrier-2024-n-2023-00861-2\/#breadcrumb"},"inLanguage":"zh-Hans","potentialAction":[{"@type":"ReadAction","target":["https:\/\/kohenavocats.com\/zh-hans\/jurisprudences\/cour-superieure-de-justice-6-fevrier-2024-n-2023-00861-2\/"]}]},{"@type":"BreadcrumbList","@id":"https:\/\/kohenavocats.com\/zh-hans\/jurisprudences\/cour-superieure-de-justice-6-fevrier-2024-n-2023-00861-2\/#breadcrumb","itemListElement":[{"@type":"ListItem","position":1,"name":"Home","item":"https:\/\/kohenavocats.com\/zh-hans\/"},{"@type":"ListItem","position":2,"name":"Jurisprudences","item":"https:\/\/kohenavocats.com\/zh-hans\/jurisprudences\/"},{"@type":"ListItem","position":3,"name":"Cour sup\u00e9rieure de justice, 6 f\u00e9vrier 2024, n\u00b0 2023-00861"}]},{"@type":"WebSite","@id":"https:\/\/kohenavocats.com\/zh-hans\/#website","url":"https:\/\/kohenavocats.com\/zh-hans\/","name":"Kohen Avocats","description":"Ma\u00eetre Hassan Kohen, avocat p\u00e9naliste \u00e0 Paris, intervient exclusivement en droit p\u00e9nal pour la d\u00e9fense des particuliers, notamment en mati\u00e8re d\u2019accusations de viol. Il assure un accompagnement rigoureux d\u00e8s la garde \u00e0 vue jusqu\u2019\u00e0 la Cour d\u2019assises, veillant au strict respect des garanties proc\u00e9durales.","publisher":{"@id":"https:\/\/kohenavocats.com\/zh-hans\/#organization"},"potentialAction":[{"@type":"SearchAction","target":{"@type":"EntryPoint","urlTemplate":"https:\/\/kohenavocats.com\/zh-hans\/?s={search_term_string}"},"query-input":{"@type":"PropertyValueSpecification","valueRequired":true,"valueName":"search_term_string"}}],"inLanguage":"zh-Hans"},{"@type":"Organization","@id":"https:\/\/kohenavocats.com\/zh-hans\/#organization","name":"Kohen Avocats","url":"https:\/\/kohenavocats.com\/zh-hans\/","logo":{"@type":"ImageObject","inLanguage":"zh-Hans","@id":"https:\/\/kohenavocats.com\/zh-hans\/#\/schema\/logo\/image\/","url":"https:\/\/kohenavocats.com\/wp-content\/uploads\/2026\/01\/Logo-2-1.webp","contentUrl":"https:\/\/kohenavocats.com\/wp-content\/uploads\/2026\/01\/Logo-2-1.webp","width":2114,"height":1253,"caption":"Kohen Avocats"},"image":{"@id":"https:\/\/kohenavocats.com\/zh-hans\/#\/schema\/logo\/image\/"}}]}},"jetpack_likes_enabled":false,"jetpack_sharing_enabled":true,"_links":{"self":[{"href":"https:\/\/kohenavocats.com\/zh-hans\/wp-json\/wp\/v2\/kji_decision\/603603","targetHints":{"allow":["GET"]}}],"collection":[{"href":"https:\/\/kohenavocats.com\/zh-hans\/wp-json\/wp\/v2\/kji_decision"}],"about":[{"href":"https:\/\/kohenavocats.com\/zh-hans\/wp-json\/wp\/v2\/types\/kji_decision"}],"wp:attachment":[{"href":"https:\/\/kohenavocats.com\/zh-hans\/wp-json\/wp\/v2\/media?parent=603603"}],"wp:term":[{"taxonomy":"kji_country","embeddable":true,"href":"https:\/\/kohenavocats.com\/zh-hans\/wp-json\/wp\/v2\/kji_country?post=603603"},{"taxonomy":"kji_court","embeddable":true,"href":"https:\/\/kohenavocats.com\/zh-hans\/wp-json\/wp\/v2\/kji_court?post=603603"},{"taxonomy":"kji_chamber","embeddable":true,"href":"https:\/\/kohenavocats.com\/zh-hans\/wp-json\/wp\/v2\/kji_chamber?post=603603"},{"taxonomy":"kji_year","embeddable":true,"href":"https:\/\/kohenavocats.com\/zh-hans\/wp-json\/wp\/v2\/kji_year?post=603603"},{"taxonomy":"kji_subject","embeddable":true,"href":"https:\/\/kohenavocats.com\/zh-hans\/wp-json\/wp\/v2\/kji_subject?post=603603"},{"taxonomy":"kji_keyword","embeddable":true,"href":"https:\/\/kohenavocats.com\/zh-hans\/wp-json\/wp\/v2\/kji_keyword?post=603603"},{"taxonomy":"kji_language","embeddable":true,"href":"https:\/\/kohenavocats.com\/zh-hans\/wp-json\/wp\/v2\/kji_language?post=603603"}],"curies":[{"name":"wp","href":"https:\/\/api.w.org\/{rel}","templated":true}]}}