{"id":603775,"date":"2026-04-19T10:33:21","date_gmt":"2026-04-19T08:33:21","guid":{"rendered":"https:\/\/kohenavocats.com\/jurisprudences\/tribunal-darrondissement-31-octobre-2024-13\/"},"modified":"2026-04-19T10:33:27","modified_gmt":"2026-04-19T08:33:27","slug":"tribunal-darrondissement-31-octobre-2024-13","status":"publish","type":"kji_decision","link":"https:\/\/kohenavocats.com\/zh-hans\/jurisprudences\/tribunal-darrondissement-31-octobre-2024-13\/","title":{"rendered":"Tribunal d&#8217;arrondissement, 31 octobre 2024"},"content":{"rendered":"<div class=\"kji-decision\">\n<div class=\"kji-full-text\">\n<p>N\u00b0450\/24 Not.2406\/24\/XD Tribunal d\u2019arrondissement de et \u00e0 Diekirch Le31octobre2024,Silvia ALVES,premierjuge,si\u00e9geant en tant que juge unique de la chambre du conseil du Tribunald\u2019arrondissement de et \u00e0 Diekirch, assist\u00e9e de M\u00e9lanie MEIRELES,greffierassum\u00e9,a rendu l\u2019 qui suit: Vu la requ\u00eate de mise en libert\u00e9 provisoire annex\u00e9e, d\u00e9pos\u00e9e le28octobre2024par Ma\u00eetrePierre-Marc KNAFF, avocat\u00e0 la Cour, demeurant \u00e0Esch-sur-Alzette, au nom et pour compte de PERSONNE2.), n\u00e9 leDATE1.)\u00e0ADRESSE1.),sans domicile ni r\u00e9sidence, actuellement en d\u00e9tention pr\u00e9ventive. Vu la d\u00e9cision de la chambre du conseil de proc\u00e9der par voie det\u00e9l\u00e9communication audiovisuelle et la d\u00e9signation d\u2019un membre de l\u2019administration p\u00e9nitentiaire v\u00e9rifiant l\u2019identit\u00e9 de l\u2019inculp\u00e9 et pr\u00e9sent au cours de l\u2019acte de proc\u00e9dure. Vu le rapport du juge d\u2019instruction. Entendus en la s\u00e9ance de la chambre du conseilde ce jour, Ma\u00eetrePierre-Marc KNAFF en ses moyens, l\u2019inculp\u00e9 en ses explications et larepr\u00e9sentantedu Minist\u00e8re Public, Julie SIMON, substitut, en ses conclusions. Vu le proc\u00e8s-verbal de comparution dress\u00e9 en application de l\u2019article 116 (4) al 6 du Code de proc\u00e9dure p\u00e9nale. &#8212;&#8212;&#8212;&#8212;&#8212;&#8212;&#8212;&#8212;&#8212;&#8212;&#8212;&#8212;&#8212;&#8212;&#8212;&#8212;&#8212;&#8212;&#8212;&#8212;&#8212;&#8212;&#8212;&#8212;&#8211; En l\u2019occurrence, il existe des indices graves de culpabilit\u00e9 \u00e0 charge de l\u2019inculp\u00e9 r\u00e9sultant de l\u2019ensemble des \u00e9l\u00e9ments du dossier d\u2019instruction et notamment de ses propres d\u00e9clarations, des d\u00e9clarations du co-inculp\u00e9 et de celles des t\u00e9moins,du r\u00e9sultat des perquisitions etde l\u2019exploitation des images de vid\u00e9o-surveillance. PERSONNE1.)<\/p>\n<p>Les faits lui reproch\u00e9s emportent en partie une peine criminelle, de sorte que le danger de fuite est l\u00e9galement pr\u00e9sum\u00e9. Il y alieu de craindre que l\u2019inculp\u00e9 n\u2019abuse de sa libert\u00e9 pour commettre de nouvelles infractions, ce au vude la multiplicit\u00e9 de faits similaires lui reproch\u00e9s etde sa situation personnelle pr\u00e9caire,PERSONNE2.)\u00e9tant sans emploi, sans domicile et sans revenus et ne faisant \u00e9tat d\u2019aucun projet concret d\u00fbment document\u00e9, ainsi que du fait que les faits actuellement reproch\u00e9s \u00e0 l\u2019inculp\u00e9 ont \u00e9t\u00e9 commis alors qu\u2019il \u00e9t\u00e9 mis en libert\u00e9 provisoire sous contr\u00f4le judiciaire dans un autre dossier p\u00e9nal. Il n\u2019y a partant pas lieu de faire droit \u00e0 la requ\u00eate. P a r c e s m o t i f s : La chambre du conseil du tribunal d&#039;arrondissement de et \u00e0Diekirch, compos\u00e9e d\u2019un juge unique, r e j e t t e lademande de mise en libert\u00e9 provisoire, r \u00e9 s e r v e les frais. Ainsi fait et prononc\u00e9 auTribunal d\u2019Arrondissement de et \u00e0 Diekirch, date qu&#039;en t\u00eate. SIGN\u00c9: ALVES, MEIRELES Cette ordonnance est susceptible d\u2019appel. L\u2019appel doit \u00eatre interjet\u00e9 dans les formes et d\u00e9lais pr\u00e9vus aux articles 133 et suivants du Code de proc\u00e9dure p\u00e9nale. Il doit \u00eatre form\u00e9 par l\u2019inculp\u00e9 ou son avocat, la partie civile, la partie civilement responsable ainsi que tout tiers concern\u00e9 justifiant d\u2019un int\u00e9r\u00eat personnel et leurs avocats respectifs dansun d\u00e9lai de cinq joursde la notification de la pr\u00e9sente ordonnance, aupr\u00e8s du greffe de la chambre du conseil, en se pr\u00e9sentantpersonnellementpour signer l\u2019acte d\u2019appel. Si l\u2019inculp\u00e9 est d\u00e9tenu,il peut d\u00e9clarer son appel au greffe du Centre p\u00e9nitentiaire. L\u2019appel peut \u00e9galement \u00eatre form\u00e9 par une d\u00e9claration d\u2019appel qui est \u00e0faire parvenir au guichet du greffe du tribunal dont rel\u00e8ve la chambre du conseil, parcourrier \u00e9lectronique.<\/p>\n<\/div>\n<hr class=\"kji-sep\" \/>\n<p class=\"kji-source-links\"><strong>Sources officielles :<\/strong> <a class=\"kji-source-link\" href=\"https:\/\/data.public.lu\/fr\/datasets\/tribunal-darrondissement-diekirch\/\" target=\"_blank\" rel=\"noopener noreferrer\">consulter la page source<\/a> &middot; <a class=\"kji-pdf-link\" href=\"https:\/\/download.data.public.lu\/resources\/tribunal-darrondissement-diekirch\/20250210-035327\/20241031-tadchaco-450-pseudonymise-accessible.pdf\" target=\"_blank\" rel=\"noopener noreferrer\">PDF officiel<\/a><\/p>\n<p class=\"kji-license-note\"><em>Licence CC BY-ND 4.0 (Administration judiciaire, data.public.lu). Republication autorisee avec attribution, sans modification editoriale du texte integral.<\/em><\/p>\n<\/div>\n","protected":false},"excerpt":{"rendered":"<p>N\u00b0450\/24 Not.2406\/24\/XD Tribunal d\u2019arrondissement de et \u00e0 Diekirch Le31octobre2024,Silvia ALVES,premierjuge,si\u00e9geant en tant que juge unique de la chambre du conseil du Tribunald\u2019arrondissement de et \u00e0 Diekirch, assist\u00e9e de M\u00e9lanie MEIRELES,greffierassum\u00e9,a rendu l\u2019 qui suit: Vu la requ\u00eate de mise en libert\u00e9 provisoire annex\u00e9e, d\u00e9pos\u00e9e le28octobre2024par\u2026<\/p>\n","protected":false},"featured_media":0,"template":"","meta":{"_crdt_document":""},"kji_country":[8418],"kji_court":[23583],"kji_chamber":[],"kji_year":[8677],"kji_subject":[7724],"kji_keyword":[23584,8598,7636],"kji_language":[7733],"class_list":["post-603775","kji_decision","type-kji_decision","status-publish","hentry","kji_country-luxembourg","kji_court-tribunal-darrondissement","kji_year-8677","kji_subject-civil","kji_keyword-arrondissement","kji_keyword-octobre","kji_keyword-tribunal","kji_language-francais"],"yoast_head":"<!-- This site is optimized with the Yoast SEO Premium plugin v27.5 (Yoast SEO v27.5) - https:\/\/yoast.com\/product\/yoast-seo-premium-wordpress\/ -->\n<title>Tribunal d&#039;arrondissement, 31 octobre 2024 - Ma\u00eetre Hassan Kohen, avocat en droit p\u00e9nal \u00e0 Paris<\/title>\n<meta name=\"robots\" content=\"index, follow, max-snippet:-1, max-image-preview:large, max-video-preview:-1\" \/>\n<link rel=\"canonical\" href=\"https:\/\/kohenavocats.com\/zh-hans\/jurisprudences\/tribunal-darrondissement-31-octobre-2024-13\/\" \/>\n<meta property=\"og:locale\" content=\"zh_CN\" \/>\n<meta property=\"og:type\" content=\"article\" \/>\n<meta property=\"og:title\" content=\"Tribunal d&#039;arrondissement, 31 octobre 2024\" \/>\n<meta property=\"og:description\" content=\"N\u00b0450\/24 Not.2406\/24\/XD Tribunal d\u2019arrondissement de et \u00e0 Diekirch Le31octobre2024,Silvia ALVES,premierjuge,si\u00e9geant en tant que juge unique de la chambre du conseil du Tribunald\u2019arrondissement de et \u00e0 Diekirch, assist\u00e9e de M\u00e9lanie MEIRELES,greffierassum\u00e9,a rendu l\u2019 qui suit: Vu la requ\u00eate de mise en libert\u00e9 provisoire annex\u00e9e, d\u00e9pos\u00e9e le28octobre2024par\u2026\" \/>\n<meta property=\"og:url\" content=\"https:\/\/kohenavocats.com\/zh-hans\/jurisprudences\/tribunal-darrondissement-31-octobre-2024-13\/\" \/>\n<meta property=\"og:site_name\" content=\"Ma\u00eetre Hassan Kohen, avocat en droit p\u00e9nal \u00e0 Paris\" \/>\n<meta property=\"article:modified_time\" content=\"2026-04-19T08:33:27+00:00\" \/>\n<meta name=\"twitter:card\" content=\"summary_large_image\" \/>\n<meta name=\"twitter:label1\" content=\"\u9884\u8ba1\u9605\u8bfb\u65f6\u95f4\" \/>\n\t<meta name=\"twitter:data1\" content=\"3 \u5206\" \/>\n<script type=\"application\/ld+json\" class=\"yoast-schema-graph\">{\"@context\":\"https:\\\/\\\/schema.org\",\"@graph\":[{\"@type\":\"WebPage\",\"@id\":\"https:\\\/\\\/kohenavocats.com\\\/zh-hans\\\/jurisprudences\\\/tribunal-darrondissement-31-octobre-2024-13\\\/\",\"url\":\"https:\\\/\\\/kohenavocats.com\\\/zh-hans\\\/jurisprudences\\\/tribunal-darrondissement-31-octobre-2024-13\\\/\",\"name\":\"Tribunal d'arrondissement, 31 octobre 2024 - Ma\u00eetre Hassan Kohen, avocat en droit p\u00e9nal \u00e0 Paris\",\"isPartOf\":{\"@id\":\"https:\\\/\\\/kohenavocats.com\\\/zh-hans\\\/#website\"},\"datePublished\":\"2026-04-19T08:33:21+00:00\",\"dateModified\":\"2026-04-19T08:33:27+00:00\",\"breadcrumb\":{\"@id\":\"https:\\\/\\\/kohenavocats.com\\\/zh-hans\\\/jurisprudences\\\/tribunal-darrondissement-31-octobre-2024-13\\\/#breadcrumb\"},\"inLanguage\":\"zh-Hans\",\"potentialAction\":[{\"@type\":\"ReadAction\",\"target\":[\"https:\\\/\\\/kohenavocats.com\\\/zh-hans\\\/jurisprudences\\\/tribunal-darrondissement-31-octobre-2024-13\\\/\"]}]},{\"@type\":\"BreadcrumbList\",\"@id\":\"https:\\\/\\\/kohenavocats.com\\\/zh-hans\\\/jurisprudences\\\/tribunal-darrondissement-31-octobre-2024-13\\\/#breadcrumb\",\"itemListElement\":[{\"@type\":\"ListItem\",\"position\":1,\"name\":\"Home\",\"item\":\"https:\\\/\\\/kohenavocats.com\\\/zh-hans\\\/\"},{\"@type\":\"ListItem\",\"position\":2,\"name\":\"Jurisprudences\",\"item\":\"https:\\\/\\\/kohenavocats.com\\\/zh-hans\\\/jurisprudences\\\/\"},{\"@type\":\"ListItem\",\"position\":3,\"name\":\"Tribunal d&rsquo;arrondissement, 31 octobre 2024\"}]},{\"@type\":\"WebSite\",\"@id\":\"https:\\\/\\\/kohenavocats.com\\\/zh-hans\\\/#website\",\"url\":\"https:\\\/\\\/kohenavocats.com\\\/zh-hans\\\/\",\"name\":\"Kohen Avocats\",\"description\":\"Ma\u00eetre Hassan Kohen, avocat p\u00e9naliste \u00e0 Paris, intervient exclusivement en droit p\u00e9nal pour la d\u00e9fense des particuliers, notamment en mati\u00e8re d\u2019accusations de viol. Il assure un accompagnement rigoureux d\u00e8s la garde \u00e0 vue jusqu\u2019\u00e0 la Cour d\u2019assises, veillant au strict respect des garanties proc\u00e9durales.\",\"publisher\":{\"@id\":\"https:\\\/\\\/kohenavocats.com\\\/zh-hans\\\/#organization\"},\"potentialAction\":[{\"@type\":\"SearchAction\",\"target\":{\"@type\":\"EntryPoint\",\"urlTemplate\":\"https:\\\/\\\/kohenavocats.com\\\/zh-hans\\\/?s={search_term_string}\"},\"query-input\":{\"@type\":\"PropertyValueSpecification\",\"valueRequired\":true,\"valueName\":\"search_term_string\"}}],\"inLanguage\":\"zh-Hans\"},{\"@type\":\"Organization\",\"@id\":\"https:\\\/\\\/kohenavocats.com\\\/zh-hans\\\/#organization\",\"name\":\"Kohen Avocats\",\"url\":\"https:\\\/\\\/kohenavocats.com\\\/zh-hans\\\/\",\"logo\":{\"@type\":\"ImageObject\",\"inLanguage\":\"zh-Hans\",\"@id\":\"https:\\\/\\\/kohenavocats.com\\\/zh-hans\\\/#\\\/schema\\\/logo\\\/image\\\/\",\"url\":\"https:\\\/\\\/kohenavocats.com\\\/wp-content\\\/uploads\\\/2026\\\/01\\\/Logo-2-1.webp\",\"contentUrl\":\"https:\\\/\\\/kohenavocats.com\\\/wp-content\\\/uploads\\\/2026\\\/01\\\/Logo-2-1.webp\",\"width\":2114,\"height\":1253,\"caption\":\"Kohen Avocats\"},\"image\":{\"@id\":\"https:\\\/\\\/kohenavocats.com\\\/zh-hans\\\/#\\\/schema\\\/logo\\\/image\\\/\"}}]}<\/script>\n<!-- \/ Yoast SEO Premium plugin. -->","yoast_head_json":{"title":"Tribunal d'arrondissement, 31 octobre 2024 - Ma\u00eetre Hassan Kohen, avocat en droit p\u00e9nal \u00e0 Paris","robots":{"index":"index","follow":"follow","max-snippet":"max-snippet:-1","max-image-preview":"max-image-preview:large","max-video-preview":"max-video-preview:-1"},"canonical":"https:\/\/kohenavocats.com\/zh-hans\/jurisprudences\/tribunal-darrondissement-31-octobre-2024-13\/","og_locale":"zh_CN","og_type":"article","og_title":"Tribunal d'arrondissement, 31 octobre 2024","og_description":"N\u00b0450\/24 Not.2406\/24\/XD Tribunal d\u2019arrondissement de et \u00e0 Diekirch Le31octobre2024,Silvia ALVES,premierjuge,si\u00e9geant en tant que juge unique de la chambre du conseil du Tribunald\u2019arrondissement de et \u00e0 Diekirch, assist\u00e9e de M\u00e9lanie MEIRELES,greffierassum\u00e9,a rendu l\u2019 qui suit: Vu la requ\u00eate de mise en libert\u00e9 provisoire annex\u00e9e, d\u00e9pos\u00e9e le28octobre2024par\u2026","og_url":"https:\/\/kohenavocats.com\/zh-hans\/jurisprudences\/tribunal-darrondissement-31-octobre-2024-13\/","og_site_name":"Ma\u00eetre Hassan Kohen, avocat en droit p\u00e9nal \u00e0 Paris","article_modified_time":"2026-04-19T08:33:27+00:00","twitter_card":"summary_large_image","twitter_misc":{"\u9884\u8ba1\u9605\u8bfb\u65f6\u95f4":"3 \u5206"},"schema":{"@context":"https:\/\/schema.org","@graph":[{"@type":"WebPage","@id":"https:\/\/kohenavocats.com\/zh-hans\/jurisprudences\/tribunal-darrondissement-31-octobre-2024-13\/","url":"https:\/\/kohenavocats.com\/zh-hans\/jurisprudences\/tribunal-darrondissement-31-octobre-2024-13\/","name":"Tribunal d'arrondissement, 31 octobre 2024 - Ma\u00eetre Hassan Kohen, avocat en droit p\u00e9nal \u00e0 Paris","isPartOf":{"@id":"https:\/\/kohenavocats.com\/zh-hans\/#website"},"datePublished":"2026-04-19T08:33:21+00:00","dateModified":"2026-04-19T08:33:27+00:00","breadcrumb":{"@id":"https:\/\/kohenavocats.com\/zh-hans\/jurisprudences\/tribunal-darrondissement-31-octobre-2024-13\/#breadcrumb"},"inLanguage":"zh-Hans","potentialAction":[{"@type":"ReadAction","target":["https:\/\/kohenavocats.com\/zh-hans\/jurisprudences\/tribunal-darrondissement-31-octobre-2024-13\/"]}]},{"@type":"BreadcrumbList","@id":"https:\/\/kohenavocats.com\/zh-hans\/jurisprudences\/tribunal-darrondissement-31-octobre-2024-13\/#breadcrumb","itemListElement":[{"@type":"ListItem","position":1,"name":"Home","item":"https:\/\/kohenavocats.com\/zh-hans\/"},{"@type":"ListItem","position":2,"name":"Jurisprudences","item":"https:\/\/kohenavocats.com\/zh-hans\/jurisprudences\/"},{"@type":"ListItem","position":3,"name":"Tribunal d&rsquo;arrondissement, 31 octobre 2024"}]},{"@type":"WebSite","@id":"https:\/\/kohenavocats.com\/zh-hans\/#website","url":"https:\/\/kohenavocats.com\/zh-hans\/","name":"Kohen Avocats","description":"Ma\u00eetre Hassan Kohen, avocat p\u00e9naliste \u00e0 Paris, intervient exclusivement en droit p\u00e9nal pour la d\u00e9fense des particuliers, notamment en mati\u00e8re d\u2019accusations de viol. Il assure un accompagnement rigoureux d\u00e8s la garde \u00e0 vue jusqu\u2019\u00e0 la Cour d\u2019assises, veillant au strict respect des garanties proc\u00e9durales.","publisher":{"@id":"https:\/\/kohenavocats.com\/zh-hans\/#organization"},"potentialAction":[{"@type":"SearchAction","target":{"@type":"EntryPoint","urlTemplate":"https:\/\/kohenavocats.com\/zh-hans\/?s={search_term_string}"},"query-input":{"@type":"PropertyValueSpecification","valueRequired":true,"valueName":"search_term_string"}}],"inLanguage":"zh-Hans"},{"@type":"Organization","@id":"https:\/\/kohenavocats.com\/zh-hans\/#organization","name":"Kohen Avocats","url":"https:\/\/kohenavocats.com\/zh-hans\/","logo":{"@type":"ImageObject","inLanguage":"zh-Hans","@id":"https:\/\/kohenavocats.com\/zh-hans\/#\/schema\/logo\/image\/","url":"https:\/\/kohenavocats.com\/wp-content\/uploads\/2026\/01\/Logo-2-1.webp","contentUrl":"https:\/\/kohenavocats.com\/wp-content\/uploads\/2026\/01\/Logo-2-1.webp","width":2114,"height":1253,"caption":"Kohen Avocats"},"image":{"@id":"https:\/\/kohenavocats.com\/zh-hans\/#\/schema\/logo\/image\/"}}]}},"jetpack_likes_enabled":false,"jetpack_sharing_enabled":true,"_links":{"self":[{"href":"https:\/\/kohenavocats.com\/zh-hans\/wp-json\/wp\/v2\/kji_decision\/603775","targetHints":{"allow":["GET"]}}],"collection":[{"href":"https:\/\/kohenavocats.com\/zh-hans\/wp-json\/wp\/v2\/kji_decision"}],"about":[{"href":"https:\/\/kohenavocats.com\/zh-hans\/wp-json\/wp\/v2\/types\/kji_decision"}],"wp:attachment":[{"href":"https:\/\/kohenavocats.com\/zh-hans\/wp-json\/wp\/v2\/media?parent=603775"}],"wp:term":[{"taxonomy":"kji_country","embeddable":true,"href":"https:\/\/kohenavocats.com\/zh-hans\/wp-json\/wp\/v2\/kji_country?post=603775"},{"taxonomy":"kji_court","embeddable":true,"href":"https:\/\/kohenavocats.com\/zh-hans\/wp-json\/wp\/v2\/kji_court?post=603775"},{"taxonomy":"kji_chamber","embeddable":true,"href":"https:\/\/kohenavocats.com\/zh-hans\/wp-json\/wp\/v2\/kji_chamber?post=603775"},{"taxonomy":"kji_year","embeddable":true,"href":"https:\/\/kohenavocats.com\/zh-hans\/wp-json\/wp\/v2\/kji_year?post=603775"},{"taxonomy":"kji_subject","embeddable":true,"href":"https:\/\/kohenavocats.com\/zh-hans\/wp-json\/wp\/v2\/kji_subject?post=603775"},{"taxonomy":"kji_keyword","embeddable":true,"href":"https:\/\/kohenavocats.com\/zh-hans\/wp-json\/wp\/v2\/kji_keyword?post=603775"},{"taxonomy":"kji_language","embeddable":true,"href":"https:\/\/kohenavocats.com\/zh-hans\/wp-json\/wp\/v2\/kji_language?post=603775"}],"curies":[{"name":"wp","href":"https:\/\/api.w.org\/{rel}","templated":true}]}}