{"id":604096,"date":"2026-04-19T11:18:14","date_gmt":"2026-04-19T09:18:14","guid":{"rendered":"https:\/\/kohenavocats.com\/jurisprudences\/cour-superieure-de-justice-30-janvier-2024-n-2023-00807\/"},"modified":"2026-04-19T11:18:17","modified_gmt":"2026-04-19T09:18:17","slug":"cour-superieure-de-justice-30-janvier-2024-n-2023-00807","status":"publish","type":"kji_decision","link":"https:\/\/kohenavocats.com\/zh-hans\/jurisprudences\/cour-superieure-de-justice-30-janvier-2024-n-2023-00807\/","title":{"rendered":"Cour sup\u00e9rieure de justice, 30 janvier 2024, n\u00b0 2023-00807"},"content":{"rendered":"<div class=\"kji-decision\">\n<div class=\"kji-full-text\">\n<p>1 Arr\u00eat N\u00b016\/24IV-COM Arr\u00eat commercial-faillite Audience publique dutrente janvierdeux millevingt-quatre Num\u00e9roCAL-2023-00807du r\u00f4le Composition: Marianne EICHER,pr\u00e9sident de chambre; Mich\u00e8le HORNICK,premierconseiller; Carole BESCH,conseiller; Eric VILVENS, greffier. E n t r e la soci\u00e9t\u00e9anonymeSOCIETE1.),ayant \u00e9t\u00e9\u00e9tablieet ayanteuson si\u00e8ge social \u00e0L-ADRESSE1.),actuellement sans si\u00e8ge social connu, inscrite au Registre deCommerceet des Soci\u00e9t\u00e9s deLuxembourg sous le num\u00e9roNUMERO1.), appelanteaux termes d\u2019un acte de l&#039;huissierde justicePierre Bielde Luxembourgdu9 ao\u00fbt2023, comparant par Ma\u00eetreCharles Berna, avocat \u00e0 la Cour,demeurant \u00e0 Luxembourg, et 1)l&#039;ETAT DU GRAND-DUCHE DE LUXEMBOURG ,repr\u00e9sent\u00e9 par son Ministre d&#039;Etat, \u00e9tabli \u00e0 L-1341Luxembourg,2,Place de Clairefontaine, sinon par son Ministre des Finances, \u00e9tabli \u00e0 L-1352 Luxembourg, 3, rue de la Congr\u00e9gation, poursuites et diligences de Monsieur le Directeur de l&#039;Enregistrement,des Domaineset de la TVA et\/ou pour autant que de besoin par le Receveur de l&#039;Administration de l&#039;Enregistrement,des Domaineset de la TVAau bureau de la Recette Centrale de l&#039;Administration de l&#039;Enregistrement,des Domaineset de la TVAde Luxembourg, pour lesquels domicile est \u00e9lu<\/p>\n<p>2 au bureau dudit Receveur \u00e0 L-1651 Luxembourg, 1-3, avenue Guillaume, intim\u00e9aux fins dupr\u00e9dit acteBiel, comparant par Ma\u00eetre Julien Boeckler, avocat \u00e0 la Cour, demeurant \u00e0 Luxembourg, 2) Ma\u00eetre Jean-Michel ROSA,avocat \u00e0la Cour, demeurant professionnellement \u00e0 L-4011 Esch-sur-Alzette,119,rue de l\u2019Alzette, pris en sa qualit\u00e9 decurateurde lafaillite de lasoci\u00e9t\u00e9anonyme SOCIETE1.), d\u00e9clar\u00e9e en \u00e9tat defaillitepar jugement du tribunal d&#039;arrondissement de Luxembourg du20 juin 2016, intim\u00e9aux fins dupr\u00e9dit acteBiel, comparant par lui-m\u00eame. LA COURD\u2019APPEL Par jugement du 20 juin 2016, le Tribunal d\u2019arrondissement de Luxembourg, statuant sur l\u2019assignation de l\u2019ETAT DU GRAND- DUCHE DE LUXEMBOURG (ci -apr\u00e8s l\u2019ETAT) a d\u00e9clar\u00e9 la soci\u00e9t\u00e9 anonymeSOCIETE1.)(ci-apr\u00e8s la soci\u00e9t\u00e9SOCIETE1.)) en \u00e9tat de faillite. Parexploit d\u2019huissier de justice du 9 ao\u00fbt 2023, la soci\u00e9t\u00e9SOCIETE1.) a interjet\u00e9 appel contre ledit jugement qui n\u2019a pas \u00e9t\u00e9 signifi\u00e9. Elle demande par r\u00e9formation, le rabattement de la faillite. L\u2019appelante conteste que les conditions pr\u00e9vues \u00e0 l\u2019article437 du Code de commerce \u00e9taient r\u00e9unies dans son chef \u00e0 la date du prononc\u00e9 de la faillite, le non-paiement de sa dette de 26.423,69 euros du chef de taxe sur la valeur ajout\u00e9e impay\u00e9e depuis le 7 ao\u00fbt 2009, \u00e9tant d\u00fb \u00e0 un probl\u00e8me d\u2019organisation interne. L\u2019ETATsoul\u00e8ve la nullit\u00e9 de l\u2019acte d\u2019appel au motif que l\u2019appelante ne dispose pas d\u2019un conseil d\u2019administration respectivement d\u2019un administrateurunique en fonctions. En effet, le mandat du dernier administrateur et administrateur-d\u00e9l\u00e9gu\u00e9 serait \u00e9chu depuis le 3 juillet 2020, sans avoir \u00e9t\u00e9 renouvel\u00e9. Or, conform\u00e9ment \u00e0 l\u2019article 441-5 alin\u00e9a 2 de la loi modifi\u00e9e du 10 ao\u00fbt 1915 concernant les soci\u00e9t\u00e9s commerciales (ci-apr\u00e8s la LSC), le conseil d\u2019administration repr\u00e9sente la soci\u00e9t\u00e9 \u00e0 l\u2019\u00e9gard des tiers eten justice, soit en demandant soit en d\u00e9fendant. Atitre subsidiaire et quant au fond, l\u2019ETAT sollicite la confirmation du jugement entrepris dans la mesure o\u00f9 l\u2019appelante n\u2019a ni dirigeant, ni si\u00e8ge social valable, n\u2019a pas publi\u00e9 ses bilans depuis 2014 etne<\/p>\n<p>3 prouve pas disposer des fonds suffisants pour apurer le passif inscrit et les frais de la faillite. Les conditions de la faillite seraient remplies. L\u2019ETAT sollicite la condamnation de l\u2019appelante au paiement d\u2019une indemnit\u00e9 de proc\u00e9dure de 1.375 eurospour la premi\u00e8re instance et de 750 euros pour l\u2019instance d\u2019appel. Le curateurse rapporte \u00e0 prudence de justice concernant la recevabilit\u00e9 de l\u2019acte d\u2019appel. Il indique que le passif de la faillite s\u2019\u00e9l\u00e8ve \u00e0 92.078.52 euros. Il \u00e9value les frais de la faillite \u00e0 768,01 euros et ses honoraires \u00e0 10.000 euros hors tva. L\u2019appelante n\u2019a pas r\u00e9pliqu\u00e9 ni vers\u00e9 de pi\u00e8ces. Appr\u00e9ciation L\u2019ETAT soul\u00e8ve la nullit\u00e9 de l\u2019acte d\u2019appel introduit par la soci\u00e9t\u00e9 SOCIETE1.)au motif que son conseil d\u2019administration n\u2019est pas r\u00e9guli\u00e8rement compos\u00e9 et n\u2019aurait pas pu conf\u00e9rer mandat \u00e0 un avocat pour interjeter appel. Le moyen soulev\u00e9 a trait \u00e0 la capacit\u00e9 et au pouvoir d\u2019agir de la soci\u00e9t\u00e9 SOCIETE1.). Conform\u00e9ment \u00e0 l\u2019article 441-5 de la LSC, \u00ab Le conseil d\u2019administration(\u2026)repr\u00e9sente la soci\u00e9t\u00e9 \u00e0 l\u2019\u00e9gard des tiers et en justice, soit en demandant, soit en d\u00e9fendant\u00bb. Si une soci\u00e9t\u00e9 commerciale a le droit d\u2019ester en justice, elle doit, pour pouvoir exercer ses droits, avoir recours \u00e0 des interm\u00e9diaires qui lui servent d\u2019organes. Une soci\u00e9t\u00e9 ne peut faire aucun acte juridique autrement que par ses repr\u00e9sentants l\u00e9gaux. Il r\u00e9sulte de l\u2019extrait du registre de commerce et des soci\u00e9t\u00e9s produit par l\u2019ETAT que le mandat du d\u00e9nomm\u00e9PERSONNE1.), ayant \u00e9t\u00e9 nomm\u00e9 administrateur uniquele 4 juillet 2014, a expir\u00e9 le 3 juillet 2020. Il ne r\u00e9sulte d\u2019aucun \u00e9l\u00e9ment du dossier que la soci\u00e9t\u00e9SOCIETE1.) ait \u00e9t\u00e9 au jour de l\u2019introduction de l\u2019acte d\u2019appel repr\u00e9sent\u00e9e par un organe repr\u00e9sentatif valablement habilit\u00e9 et en fonction. Elle ne dispose pas de la capacit\u00e9 d\u2019exercice et du pouvoir d\u2019agir en justice. L\u2019appel interjet\u00e9 est partant irrecevable. Quant \u00e0 l\u2019indemnit\u00e9 de proc\u00e9dure r\u00e9clam\u00e9e, l\u2019ETAT reste en d\u00e9faut d\u2019\u00e9tablir la condition d\u2019iniquit\u00e9 requise par l\u2019article 240 du Nouveau Code de proc\u00e9dure civile, de sorte que sa demande \u00e0 se voir allouer<\/p>\n<p>4 une indemnit\u00e9 de proc\u00e9dure pour la premi\u00e8re instance et pour l\u2019instance d\u2019appel est \u00e0 rejeter. PAR CES MOTIFS laCour d\u2019appel, quatri\u00e8me chambre, si\u00e9geant en mati\u00e8re commerciale, statuant contradictoirement, dit l\u2019appel irrecevable, rejette la demande en paiement d\u2019indemnit\u00e9sde proc\u00e9dure, met les frais et d\u00e9pens \u00e0 charge de la masse de la faillite.<\/p>\n<\/div>\n<hr class=\"kji-sep\" \/>\n<p class=\"kji-source-links\"><strong>Sources officielles :<\/strong> <a class=\"kji-source-link\" href=\"https:\/\/data.public.lu\/fr\/datasets\/cour-superieure-de-justice-chambre-4\/\" target=\"_blank\" rel=\"noopener noreferrer\">consulter la page source<\/a> &middot; <a class=\"kji-pdf-link\" href=\"https:\/\/download.data.public.lu\/resources\/cour-superieure-de-justice-chambre-4\/20240827-174757\/20240130-ca4-cal-2023-00807-pseudonymise-accessible.pdf\" target=\"_blank\" rel=\"noopener noreferrer\">PDF officiel<\/a><\/p>\n<p class=\"kji-license-note\"><em>Licence CC BY-ND 4.0 (Administration judiciaire, data.public.lu). Republication autorisee avec attribution, sans modification editoriale du texte integral.<\/em><\/p>\n<\/div>\n","protected":false},"excerpt":{"rendered":"<p>1 Arr\u00eat N\u00b016\/24IV-COM Arr\u00eat commercial-faillite Audience publique dutrente janvierdeux millevingt-quatre Num\u00e9roCAL-2023-00807du r\u00f4le Composition: Marianne EICHER,pr\u00e9sident de chambre; Mich\u00e8le HORNICK,premierconseiller; Carole BESCH,conseiller; Eric VILVENS, greffier. E n t r e la soci\u00e9t\u00e9anonymeSOCIETE1.),ayant \u00e9t\u00e9\u00e9tablieet ayanteuson si\u00e8ge social \u00e0L-ADRESSE1.),actuellement sans si\u00e8ge social connu, inscrite au Registre deCommerceet des\u2026<\/p>\n","protected":false},"featured_media":0,"template":"","meta":{"_crdt_document":""},"kji_country":[8418],"kji_court":[12305],"kji_chamber":[18433],"kji_year":[8677],"kji_subject":[7724],"kji_keyword":[8460,9055,12307],"kji_language":[7733],"class_list":["post-604096","kji_decision","type-kji_decision","status-publish","hentry","kji_country-luxembourg","kji_court-cour-superieure-de-justice","kji_chamber-chambre-4","kji_year-8677","kji_subject-civil","kji_keyword-janvier","kji_keyword-justice","kji_keyword-superieure","kji_language-francais"],"yoast_head":"<!-- This site is optimized with the Yoast SEO Premium plugin v27.5 (Yoast SEO v27.5) - https:\/\/yoast.com\/product\/yoast-seo-premium-wordpress\/ -->\n<title>Cour sup\u00e9rieure de justice, 30 janvier 2024, n\u00b0 2023-00807 - Ma\u00eetre Hassan Kohen, avocat en droit p\u00e9nal \u00e0 Paris<\/title>\n<meta name=\"robots\" content=\"index, follow, max-snippet:-1, max-image-preview:large, max-video-preview:-1\" \/>\n<link rel=\"canonical\" href=\"https:\/\/kohenavocats.com\/zh-hans\/jurisprudences\/cour-superieure-de-justice-30-janvier-2024-n-2023-00807\/\" \/>\n<meta property=\"og:locale\" content=\"zh_CN\" \/>\n<meta property=\"og:type\" content=\"article\" \/>\n<meta property=\"og:title\" content=\"Cour sup\u00e9rieure de justice, 30 janvier 2024, n\u00b0 2023-00807\" \/>\n<meta property=\"og:description\" content=\"1 Arr\u00eat N\u00b016\/24IV-COM Arr\u00eat commercial-faillite Audience publique dutrente janvierdeux millevingt-quatre Num\u00e9roCAL-2023-00807du r\u00f4le Composition: Marianne EICHER,pr\u00e9sident de chambre; Mich\u00e8le HORNICK,premierconseiller; Carole BESCH,conseiller; Eric VILVENS, greffier. E n t r e la soci\u00e9t\u00e9anonymeSOCIETE1.),ayant \u00e9t\u00e9\u00e9tablieet ayanteuson si\u00e8ge social \u00e0L-ADRESSE1.),actuellement sans si\u00e8ge social connu, inscrite au Registre deCommerceet des\u2026\" \/>\n<meta property=\"og:url\" content=\"https:\/\/kohenavocats.com\/zh-hans\/jurisprudences\/cour-superieure-de-justice-30-janvier-2024-n-2023-00807\/\" \/>\n<meta property=\"og:site_name\" content=\"Ma\u00eetre Hassan Kohen, avocat en droit p\u00e9nal \u00e0 Paris\" \/>\n<meta property=\"article:modified_time\" content=\"2026-04-19T09:18:17+00:00\" \/>\n<meta name=\"twitter:card\" content=\"summary_large_image\" \/>\n<meta name=\"twitter:label1\" content=\"\u9884\u8ba1\u9605\u8bfb\u65f6\u95f4\" \/>\n\t<meta name=\"twitter:data1\" content=\"5 \u5206\" \/>\n<script type=\"application\/ld+json\" class=\"yoast-schema-graph\">{\"@context\":\"https:\\\/\\\/schema.org\",\"@graph\":[{\"@type\":\"WebPage\",\"@id\":\"https:\\\/\\\/kohenavocats.com\\\/zh-hans\\\/jurisprudences\\\/cour-superieure-de-justice-30-janvier-2024-n-2023-00807\\\/\",\"url\":\"https:\\\/\\\/kohenavocats.com\\\/zh-hans\\\/jurisprudences\\\/cour-superieure-de-justice-30-janvier-2024-n-2023-00807\\\/\",\"name\":\"Cour sup\u00e9rieure de justice, 30 janvier 2024, n\u00b0 2023-00807 - Ma\u00eetre Hassan Kohen, avocat en droit p\u00e9nal \u00e0 Paris\",\"isPartOf\":{\"@id\":\"https:\\\/\\\/kohenavocats.com\\\/zh-hans\\\/#website\"},\"datePublished\":\"2026-04-19T09:18:14+00:00\",\"dateModified\":\"2026-04-19T09:18:17+00:00\",\"breadcrumb\":{\"@id\":\"https:\\\/\\\/kohenavocats.com\\\/zh-hans\\\/jurisprudences\\\/cour-superieure-de-justice-30-janvier-2024-n-2023-00807\\\/#breadcrumb\"},\"inLanguage\":\"zh-Hans\",\"potentialAction\":[{\"@type\":\"ReadAction\",\"target\":[\"https:\\\/\\\/kohenavocats.com\\\/zh-hans\\\/jurisprudences\\\/cour-superieure-de-justice-30-janvier-2024-n-2023-00807\\\/\"]}]},{\"@type\":\"BreadcrumbList\",\"@id\":\"https:\\\/\\\/kohenavocats.com\\\/zh-hans\\\/jurisprudences\\\/cour-superieure-de-justice-30-janvier-2024-n-2023-00807\\\/#breadcrumb\",\"itemListElement\":[{\"@type\":\"ListItem\",\"position\":1,\"name\":\"Home\",\"item\":\"https:\\\/\\\/kohenavocats.com\\\/zh-hans\\\/\"},{\"@type\":\"ListItem\",\"position\":2,\"name\":\"Jurisprudences\",\"item\":\"https:\\\/\\\/kohenavocats.com\\\/zh-hans\\\/jurisprudences\\\/\"},{\"@type\":\"ListItem\",\"position\":3,\"name\":\"Cour sup\u00e9rieure de justice, 30 janvier 2024, n\u00b0 2023-00807\"}]},{\"@type\":\"WebSite\",\"@id\":\"https:\\\/\\\/kohenavocats.com\\\/zh-hans\\\/#website\",\"url\":\"https:\\\/\\\/kohenavocats.com\\\/zh-hans\\\/\",\"name\":\"Kohen Avocats\",\"description\":\"Ma\u00eetre Hassan Kohen, avocat p\u00e9naliste \u00e0 Paris, intervient exclusivement en droit p\u00e9nal pour la d\u00e9fense des particuliers, notamment en mati\u00e8re d\u2019accusations de viol. Il assure un accompagnement rigoureux d\u00e8s la garde \u00e0 vue jusqu\u2019\u00e0 la Cour d\u2019assises, veillant au strict respect des garanties proc\u00e9durales.\",\"publisher\":{\"@id\":\"https:\\\/\\\/kohenavocats.com\\\/zh-hans\\\/#organization\"},\"potentialAction\":[{\"@type\":\"SearchAction\",\"target\":{\"@type\":\"EntryPoint\",\"urlTemplate\":\"https:\\\/\\\/kohenavocats.com\\\/zh-hans\\\/?s={search_term_string}\"},\"query-input\":{\"@type\":\"PropertyValueSpecification\",\"valueRequired\":true,\"valueName\":\"search_term_string\"}}],\"inLanguage\":\"zh-Hans\"},{\"@type\":\"Organization\",\"@id\":\"https:\\\/\\\/kohenavocats.com\\\/zh-hans\\\/#organization\",\"name\":\"Kohen Avocats\",\"url\":\"https:\\\/\\\/kohenavocats.com\\\/zh-hans\\\/\",\"logo\":{\"@type\":\"ImageObject\",\"inLanguage\":\"zh-Hans\",\"@id\":\"https:\\\/\\\/kohenavocats.com\\\/zh-hans\\\/#\\\/schema\\\/logo\\\/image\\\/\",\"url\":\"https:\\\/\\\/kohenavocats.com\\\/wp-content\\\/uploads\\\/2026\\\/01\\\/Logo-2-1.webp\",\"contentUrl\":\"https:\\\/\\\/kohenavocats.com\\\/wp-content\\\/uploads\\\/2026\\\/01\\\/Logo-2-1.webp\",\"width\":2114,\"height\":1253,\"caption\":\"Kohen Avocats\"},\"image\":{\"@id\":\"https:\\\/\\\/kohenavocats.com\\\/zh-hans\\\/#\\\/schema\\\/logo\\\/image\\\/\"}}]}<\/script>\n<!-- \/ Yoast SEO Premium plugin. -->","yoast_head_json":{"title":"Cour sup\u00e9rieure de justice, 30 janvier 2024, n\u00b0 2023-00807 - Ma\u00eetre Hassan Kohen, avocat en droit p\u00e9nal \u00e0 Paris","robots":{"index":"index","follow":"follow","max-snippet":"max-snippet:-1","max-image-preview":"max-image-preview:large","max-video-preview":"max-video-preview:-1"},"canonical":"https:\/\/kohenavocats.com\/zh-hans\/jurisprudences\/cour-superieure-de-justice-30-janvier-2024-n-2023-00807\/","og_locale":"zh_CN","og_type":"article","og_title":"Cour sup\u00e9rieure de justice, 30 janvier 2024, n\u00b0 2023-00807","og_description":"1 Arr\u00eat N\u00b016\/24IV-COM Arr\u00eat commercial-faillite Audience publique dutrente janvierdeux millevingt-quatre Num\u00e9roCAL-2023-00807du r\u00f4le Composition: Marianne EICHER,pr\u00e9sident de chambre; Mich\u00e8le HORNICK,premierconseiller; Carole BESCH,conseiller; Eric VILVENS, greffier. E n t r e la soci\u00e9t\u00e9anonymeSOCIETE1.),ayant \u00e9t\u00e9\u00e9tablieet ayanteuson si\u00e8ge social \u00e0L-ADRESSE1.),actuellement sans si\u00e8ge social connu, inscrite au Registre deCommerceet des\u2026","og_url":"https:\/\/kohenavocats.com\/zh-hans\/jurisprudences\/cour-superieure-de-justice-30-janvier-2024-n-2023-00807\/","og_site_name":"Ma\u00eetre Hassan Kohen, avocat en droit p\u00e9nal \u00e0 Paris","article_modified_time":"2026-04-19T09:18:17+00:00","twitter_card":"summary_large_image","twitter_misc":{"\u9884\u8ba1\u9605\u8bfb\u65f6\u95f4":"5 \u5206"},"schema":{"@context":"https:\/\/schema.org","@graph":[{"@type":"WebPage","@id":"https:\/\/kohenavocats.com\/zh-hans\/jurisprudences\/cour-superieure-de-justice-30-janvier-2024-n-2023-00807\/","url":"https:\/\/kohenavocats.com\/zh-hans\/jurisprudences\/cour-superieure-de-justice-30-janvier-2024-n-2023-00807\/","name":"Cour sup\u00e9rieure de justice, 30 janvier 2024, n\u00b0 2023-00807 - Ma\u00eetre Hassan Kohen, avocat en droit p\u00e9nal \u00e0 Paris","isPartOf":{"@id":"https:\/\/kohenavocats.com\/zh-hans\/#website"},"datePublished":"2026-04-19T09:18:14+00:00","dateModified":"2026-04-19T09:18:17+00:00","breadcrumb":{"@id":"https:\/\/kohenavocats.com\/zh-hans\/jurisprudences\/cour-superieure-de-justice-30-janvier-2024-n-2023-00807\/#breadcrumb"},"inLanguage":"zh-Hans","potentialAction":[{"@type":"ReadAction","target":["https:\/\/kohenavocats.com\/zh-hans\/jurisprudences\/cour-superieure-de-justice-30-janvier-2024-n-2023-00807\/"]}]},{"@type":"BreadcrumbList","@id":"https:\/\/kohenavocats.com\/zh-hans\/jurisprudences\/cour-superieure-de-justice-30-janvier-2024-n-2023-00807\/#breadcrumb","itemListElement":[{"@type":"ListItem","position":1,"name":"Home","item":"https:\/\/kohenavocats.com\/zh-hans\/"},{"@type":"ListItem","position":2,"name":"Jurisprudences","item":"https:\/\/kohenavocats.com\/zh-hans\/jurisprudences\/"},{"@type":"ListItem","position":3,"name":"Cour sup\u00e9rieure de justice, 30 janvier 2024, n\u00b0 2023-00807"}]},{"@type":"WebSite","@id":"https:\/\/kohenavocats.com\/zh-hans\/#website","url":"https:\/\/kohenavocats.com\/zh-hans\/","name":"Kohen Avocats","description":"Ma\u00eetre Hassan Kohen, avocat p\u00e9naliste \u00e0 Paris, intervient exclusivement en droit p\u00e9nal pour la d\u00e9fense des particuliers, notamment en mati\u00e8re d\u2019accusations de viol. Il assure un accompagnement rigoureux d\u00e8s la garde \u00e0 vue jusqu\u2019\u00e0 la Cour d\u2019assises, veillant au strict respect des garanties proc\u00e9durales.","publisher":{"@id":"https:\/\/kohenavocats.com\/zh-hans\/#organization"},"potentialAction":[{"@type":"SearchAction","target":{"@type":"EntryPoint","urlTemplate":"https:\/\/kohenavocats.com\/zh-hans\/?s={search_term_string}"},"query-input":{"@type":"PropertyValueSpecification","valueRequired":true,"valueName":"search_term_string"}}],"inLanguage":"zh-Hans"},{"@type":"Organization","@id":"https:\/\/kohenavocats.com\/zh-hans\/#organization","name":"Kohen Avocats","url":"https:\/\/kohenavocats.com\/zh-hans\/","logo":{"@type":"ImageObject","inLanguage":"zh-Hans","@id":"https:\/\/kohenavocats.com\/zh-hans\/#\/schema\/logo\/image\/","url":"https:\/\/kohenavocats.com\/wp-content\/uploads\/2026\/01\/Logo-2-1.webp","contentUrl":"https:\/\/kohenavocats.com\/wp-content\/uploads\/2026\/01\/Logo-2-1.webp","width":2114,"height":1253,"caption":"Kohen Avocats"},"image":{"@id":"https:\/\/kohenavocats.com\/zh-hans\/#\/schema\/logo\/image\/"}}]}},"jetpack_likes_enabled":false,"jetpack_sharing_enabled":true,"_links":{"self":[{"href":"https:\/\/kohenavocats.com\/zh-hans\/wp-json\/wp\/v2\/kji_decision\/604096","targetHints":{"allow":["GET"]}}],"collection":[{"href":"https:\/\/kohenavocats.com\/zh-hans\/wp-json\/wp\/v2\/kji_decision"}],"about":[{"href":"https:\/\/kohenavocats.com\/zh-hans\/wp-json\/wp\/v2\/types\/kji_decision"}],"wp:attachment":[{"href":"https:\/\/kohenavocats.com\/zh-hans\/wp-json\/wp\/v2\/media?parent=604096"}],"wp:term":[{"taxonomy":"kji_country","embeddable":true,"href":"https:\/\/kohenavocats.com\/zh-hans\/wp-json\/wp\/v2\/kji_country?post=604096"},{"taxonomy":"kji_court","embeddable":true,"href":"https:\/\/kohenavocats.com\/zh-hans\/wp-json\/wp\/v2\/kji_court?post=604096"},{"taxonomy":"kji_chamber","embeddable":true,"href":"https:\/\/kohenavocats.com\/zh-hans\/wp-json\/wp\/v2\/kji_chamber?post=604096"},{"taxonomy":"kji_year","embeddable":true,"href":"https:\/\/kohenavocats.com\/zh-hans\/wp-json\/wp\/v2\/kji_year?post=604096"},{"taxonomy":"kji_subject","embeddable":true,"href":"https:\/\/kohenavocats.com\/zh-hans\/wp-json\/wp\/v2\/kji_subject?post=604096"},{"taxonomy":"kji_keyword","embeddable":true,"href":"https:\/\/kohenavocats.com\/zh-hans\/wp-json\/wp\/v2\/kji_keyword?post=604096"},{"taxonomy":"kji_language","embeddable":true,"href":"https:\/\/kohenavocats.com\/zh-hans\/wp-json\/wp\/v2\/kji_language?post=604096"}],"curies":[{"name":"wp","href":"https:\/\/api.w.org\/{rel}","templated":true}]}}