{"id":604935,"date":"2026-04-19T12:33:14","date_gmt":"2026-04-19T10:33:14","guid":{"rendered":"https:\/\/kohenavocats.com\/jurisprudences\/tribunal-darrondissement-26-mars-2024-n-2024-00119\/"},"modified":"2026-04-19T12:33:17","modified_gmt":"2026-04-19T10:33:17","slug":"tribunal-darrondissement-26-mars-2024-n-2024-00119","status":"publish","type":"kji_decision","link":"https:\/\/kohenavocats.com\/zh-hans\/jurisprudences\/tribunal-darrondissement-26-mars-2024-n-2024-00119\/","title":{"rendered":"Tribunal d&#8217;arrondissement, 26 mars 2024, n\u00b0 2024-00119"},"content":{"rendered":"<div class=\"kji-decision\">\n<div class=\"kji-full-text\">\n<p>1 Jugement en mati\u00e8re Civile No. 2024TADCH01\/00045 Num\u00e9ro du r\u00f4le TAD-2024-00119 Audience publique du mardi, 26 mars 2024. Composition: Brigitte KONZ, Pr\u00e9sidente, Lexie BREUSKIN, Vice-Pr\u00e9sidente, Gilles PETRY, Premier Juge, Micka\u00eblMOSCONI, Substitut, Cath\u00e9rine ZEIMEN, Greffi\u00e8re. E N T R E l\u2019association sans but lucratifSOCIETE1.)A.S.B.L.,en liquidation,\u00e9tablie et ayantson si\u00e8ge social \u00e0 L-ADRESSE1.), repr\u00e9sent\u00e9e par son conseil d\u2019administration actuellement en fonctions, inscrite au registre de commerce de Luxembourg sous le no.NUMERO1.); partie demanderesseaux termes d&#039;une requ\u00eate du6 d\u00e9cembre 2023, d\u00e9pos\u00e9e au tribunal d\u2019arrondissement de et \u00e0 Diekirch le6 d\u00e9cembre 2023; comparant par la soci\u00e9t\u00e9 anonymeEtude Edith REIFF, \u00e9tablie \u00e0 L-9235 DIEKIRCH, 6, rue Dr Jean-Pierre Glaesener, inscrite sur la liste V du tableau de l\u2019Ordre des Avocats du Barreau de Diekirch, immatricul\u00e9e auregistre de commerce et des soci\u00e9t\u00e9sde Luxembourg sous le num\u00e9ro B102314, repr\u00e9sent\u00e9e aux fins de la pr\u00e9sente proc\u00e9dure parMa\u00eetre Edith REIFF, avocat \u00e0 la Cour, demeurant professionnellement \u00e0 la m\u00eame adresse. E T : Monsieur le Procureur d\u2019Etatpr\u00e8s le Tribunal d\u2019arrondissement de Diekirch, Palais de Justice, 4, Place Guillaume, L-9237 DIEKIRCH ;<\/p>\n<p>2 partie d\u00e9fenderesseaux fins de la pr\u00e9dite requ\u00eate ; comparant en personne. __________________________________________________________________ LE TRIBUNAL EntenduMa\u00eetre Edith REIFF,ancien liquidateur de laSOCIETE1.), Association sans but lucratif, en liquidation, \u00e9tablie \u00e0 L-L-ADRESSE1.),en ses explications. Entendu Monsieur le Procureur d\u2019Etat pr\u00e8s le Tribunal d\u2019arrondissement deDiekirch, par l\u2019organe de Monsieur Micka\u00ebl MOSCONI,substitut,en remplacementde Monsieur le Procureur d\u2019Etat. Par requ\u00eate du 6 d\u00e9cembre 2023, Ma\u00eetre Edith REIFF,avocat \u00e0 la Cour,demeurant \u00e0 Diekirch, a demand\u00e9 au tribunal au vu de l\u2019actifde8.189,82 euros, d\u2019ordonner la r\u00e9ouverture de la liquidation del\u2019association sans but lucratifSOCIETE1.),\u00e9tablie et ayant son si\u00e8ge social \u00e0L-ADRESSE1.), de d\u00e9signer larequ\u00e9rante comme liquidateur de la pr\u00e9dite association afin de proc\u00e9der aux op\u00e9rations de liquidation requis en la mati\u00e8re, de r\u00e9server \u00e0 elle entre autre le droit de faire taxer ses frais et honoraires pour les prestations suppl\u00e9mentaires \u00e0 effectuer jusqu\u2019\u00e0 la cl\u00f4ture d\u00e9finitive du dossier; et de statuer sur les frais ce qu\u2019en droit il appartiendra. Par conclusions du 19 f\u00e9vrier 2024 r\u00e9it\u00e9r\u00e9es\u00e0 l\u2019audience le Minist\u00e8re Public s\u2019est oppos\u00e9 \u00e0 cette demandeet estime qu\u2019il n\u2019y a pas lieu \u00e0 rouvrir la liquidation de l\u2019associationsans but lucratif SOCIETE1.), \u00e9tablie et ayant son si\u00e8ge social \u00e0L-ADRESSE2.), parce que les avoirs qui se trouvaient sur le compte bancaireSOCIETE2.)portant le n\u00b0 IBANNUMERO2.)sont devenus la propri\u00e9t\u00e9 de l\u2019Etat en date du 20novembre 2023 en applcation de l\u2019article 32 (2) alin\u00e9a 6 du Code p\u00e9nal. Par cons\u00e9quent,le Minist\u00e8re Public conclut quele motif de la r\u00e9ouverture de la liquidation indiqu\u00e9 par Ma\u00eetre Edith REIFFn\u2019est pas donn\u00e9. Il r\u00e9sultedu dossier ainsi quedes informations pr\u00e9cit\u00e9esquepar jugementcivilnum\u00e9ro 53\/2002 du 23 avril 2002, la dissolution et la liquidationl\u2019associationsans but lucratifSOCIETE1.),\u00e9tablie et ayant son si\u00e8ge social \u00e0L-ADRESSE1.),ont \u00e9t\u00e9 prononc\u00e9es etMa\u00eetre Edith REIFF a \u00e9t\u00e9 nomm\u00e9eliquidateurdel\u2019associationsans but lucratifSOCIETE1.)en liquidation.Par jugement commercial N\u00b0 529 2018 du10 octobre 2018 les op\u00e9rations de liquidation del\u2019associationsans but lucratifSOCIETE1.)en liquidation ont \u00e9t\u00e9 d\u00e9clar\u00e9es closes pour absence d\u2019actif. Il appert du dossier que suite \u00e0 un courrier du 25 mai 2018,en r\u00e9ponse \u00e0 une demande de la banque SOCIETE2.), cette derni\u00e8re a \u00e9t\u00e9inform\u00e9en date du 20 novembre 2023 que\u00abla chambre de conseil du Tribunal d\u2019Arrondissement de Diekirch a, par ordonnance num\u00e9ro 374\/13 du 24 octobre 2013, mis un terme \u00e0 la pr\u00e9sente proc\u00e9dure p\u00e9nale, sans statuer sur le sort \u00e0 r\u00e9server aux avoirs saisis suivant proc\u00e8s-verbal num\u00e9ro 8\/723\/00\/2000\/43476\/0057\/8-WANr\u00e9dig\u00e9 le 22 ao\u00fbt 2000 par le Service de Police Judiciaire. Aucune demande en restitution n\u2019ayant \u00e9t\u00e9 d\u00e9pos\u00e9e, ni de restitution d\u00e9cid\u00e9e dans un d\u00e9lai de trois ans \u00e0 compter de cette ordonnance, par laquelle la<\/p>\n<p>3 chambre du conseil du Tribunal d\u2019Arrondissement a \u00e9puis\u00e9e sa comp\u00e9tence, les avoirs qui furent saisis deviennent propri\u00e9t\u00e9 de l\u2019Etat (article 32 (3) alin\u00e9a 5 du Code p\u00e9nal)\u00bb. Le tribunala la possibilit\u00e9 deproc\u00e9der \u00e0 la r\u00e9ouverture des liquidations judiciaires ayant \u00e9t\u00e9 cl\u00f4tur\u00e9es et pour lesquelles un actif est identifi\u00e9 apr\u00e8s la cl\u00f4ture de la liquidation par r\u00e9f\u00e9rence aux dispositions applicables en mati\u00e8re de faillite, plus particuli\u00e8rement l\u2019article 536du Code de commerce. La requ\u00eate a d\u00e8s lors \u00e9t\u00e9 valablement introduite sur base de l\u2019article 536, alin\u00e9a 4 du Code de commerce. En vertu de cette disposition, une r\u00e9ouverture de la liquidation pourrait \u00eatre prononc\u00e9e \u00e0 la demande de toute partie int\u00e9ress\u00e9e qui justifie qu\u2019il existe des fonds suffisants pour faire face aux op\u00e9rations de la liquidation. La demande de r\u00e9ouverture devrait donc \u00e9maner d\u2019un ancien cr\u00e9ancier, int\u00e9ress\u00e9 \u00e0 la r\u00e9partition de l\u2019actif qui a \u00e9chapp\u00e9 \u00e0 la liquidation del\u2019association. Il r\u00e9sulte de ce qui pr\u00e9c\u00e8de qu\u2019un actif inconnu au moment de la cl\u00f4ture n\u2019est apparu que par la suite apr\u00e8s la cl\u00f4ture de la liquidation. Par ailleursle repr\u00e9sentant du Parquet s\u2019est oppos\u00e9pour de justesmotifs plus amplement d\u00e9velopp\u00e9sdans ses conclusions \u00e0 la requ\u00eate.Les fonds saisis sont entretemps devenu la propri\u00e9t\u00e9 de l\u2019Etat. Sur base deces \u00e9l\u00e9mentsainsi qu\u2019en l\u2019absencede pi\u00e8ces documentant l\u2019existence d\u2019un actifencore disponible, il ne convient pas de rabattre le jugement de cl\u00f4ture et deproc\u00e9der \u00e0 la r\u00e9ouverture de la liquidation judiciaire. PAR CES MOTIFS: le tribunal d\u2019arrondissement de et \u00e0Diekirch, si\u00e9geant en mati\u00e8re civile, statuant contradictoirement;le repr\u00e9sentant du Minist\u00e8re Public entendu en ses conclusions, vula requ\u00eatedu6 d\u00e9cembre 2023, vules conclusionsdu 19 f\u00e9vrier 2024 du Minist\u00e8re Public, ditque la requ\u00eate n\u2019est pas fond\u00e9e et partantlarejette, metles frais \u00e0 charge de l\u2019Etat. Ainsi prononc\u00e9 en audience publique au Palais de Justice \u00e0 Diekirch par Nous, Brigitte KONZ, Pr\u00e9sidente aupr\u00e8s du Tribunal d\u2019Arrondissement, assist\u00e9ede la greffi\u00e8re Cath\u00e9rine ZEIMEN.<\/p>\n<p>4 LaGreffi\u00e8re La Pr\u00e9sidente du Tribunal Cath\u00e9rine ZEIMEN Brigitte KONZ<\/p>\n<\/div>\n<hr class=\"kji-sep\" \/>\n<p class=\"kji-source-links\"><strong>Sources officielles :<\/strong> <a class=\"kji-source-link\" href=\"https:\/\/data.public.lu\/fr\/datasets\/tribunal-darrondissement-diekirch\/\" target=\"_blank\" rel=\"noopener noreferrer\">consulter la page source<\/a> &middot; <a class=\"kji-pdf-link\" href=\"https:\/\/download.data.public.lu\/resources\/tribunal-darrondissement-diekirch\/20240909-031535\/20240326-tadchciv-tad-2024-00119-pseudonymise-accessible.pdf\" target=\"_blank\" rel=\"noopener noreferrer\">PDF officiel<\/a><\/p>\n<p class=\"kji-license-note\"><em>Licence CC BY-ND 4.0 (Administration judiciaire, data.public.lu). Republication autorisee avec attribution, sans modification editoriale du texte integral.<\/em><\/p>\n<\/div>\n","protected":false},"excerpt":{"rendered":"<p>1 Jugement en mati\u00e8re Civile No. 2024TADCH01\/00045 Num\u00e9ro du r\u00f4le TAD-2024-00119 Audience publique du mardi, 26 mars 2024. Composition: Brigitte KONZ, Pr\u00e9sidente, Lexie BREUSKIN, Vice-Pr\u00e9sidente, Gilles PETRY, Premier Juge, Micka\u00eblMOSCONI, Substitut, Cath\u00e9rine ZEIMEN, Greffi\u00e8re. E N T R E l\u2019association sans but lucratifSOCIETE1.)A.S.B.L.,en liquidation,\u00e9tablie et\u2026<\/p>\n","protected":false},"featured_media":0,"template":"","meta":{"_crdt_document":""},"kji_country":[8418],"kji_court":[23583],"kji_chamber":[],"kji_year":[8677],"kji_subject":[7724],"kji_keyword":[23584,7636],"kji_language":[7733],"class_list":["post-604935","kji_decision","type-kji_decision","status-publish","hentry","kji_country-luxembourg","kji_court-tribunal-darrondissement","kji_year-8677","kji_subject-civil","kji_keyword-arrondissement","kji_keyword-tribunal","kji_language-francais"],"yoast_head":"<!-- This site is optimized with the Yoast SEO Premium plugin v27.5 (Yoast SEO v27.5) - https:\/\/yoast.com\/product\/yoast-seo-premium-wordpress\/ -->\n<title>Tribunal d&#039;arrondissement, 26 mars 2024, n\u00b0 2024-00119 - Ma\u00eetre Hassan Kohen, avocat en droit p\u00e9nal \u00e0 Paris<\/title>\n<meta name=\"robots\" content=\"index, follow, max-snippet:-1, max-image-preview:large, max-video-preview:-1\" \/>\n<link rel=\"canonical\" href=\"https:\/\/kohenavocats.com\/zh-hans\/jurisprudences\/tribunal-darrondissement-26-mars-2024-n-2024-00119\/\" \/>\n<meta property=\"og:locale\" content=\"zh_CN\" \/>\n<meta property=\"og:type\" content=\"article\" \/>\n<meta property=\"og:title\" content=\"Tribunal d&#039;arrondissement, 26 mars 2024, n\u00b0 2024-00119\" \/>\n<meta property=\"og:description\" content=\"1 Jugement en mati\u00e8re Civile No. 2024TADCH01\/00045 Num\u00e9ro du r\u00f4le TAD-2024-00119 Audience publique du mardi, 26 mars 2024. Composition: Brigitte KONZ, Pr\u00e9sidente, Lexie BREUSKIN, Vice-Pr\u00e9sidente, Gilles PETRY, Premier Juge, Micka\u00eblMOSCONI, Substitut, Cath\u00e9rine ZEIMEN, Greffi\u00e8re. E N T R E l\u2019association sans but lucratifSOCIETE1.)A.S.B.L.,en liquidation,\u00e9tablie et\u2026\" \/>\n<meta property=\"og:url\" content=\"https:\/\/kohenavocats.com\/zh-hans\/jurisprudences\/tribunal-darrondissement-26-mars-2024-n-2024-00119\/\" \/>\n<meta property=\"og:site_name\" content=\"Ma\u00eetre Hassan Kohen, avocat en droit p\u00e9nal \u00e0 Paris\" \/>\n<meta property=\"article:modified_time\" content=\"2026-04-19T10:33:17+00:00\" \/>\n<meta name=\"twitter:card\" content=\"summary_large_image\" \/>\n<meta name=\"twitter:label1\" content=\"\u9884\u8ba1\u9605\u8bfb\u65f6\u95f4\" \/>\n\t<meta name=\"twitter:data1\" content=\"5 \u5206\" \/>\n<script type=\"application\/ld+json\" class=\"yoast-schema-graph\">{\"@context\":\"https:\\\/\\\/schema.org\",\"@graph\":[{\"@type\":\"WebPage\",\"@id\":\"https:\\\/\\\/kohenavocats.com\\\/zh-hans\\\/jurisprudences\\\/tribunal-darrondissement-26-mars-2024-n-2024-00119\\\/\",\"url\":\"https:\\\/\\\/kohenavocats.com\\\/zh-hans\\\/jurisprudences\\\/tribunal-darrondissement-26-mars-2024-n-2024-00119\\\/\",\"name\":\"Tribunal d'arrondissement, 26 mars 2024, n\u00b0 2024-00119 - Ma\u00eetre Hassan Kohen, avocat en droit p\u00e9nal \u00e0 Paris\",\"isPartOf\":{\"@id\":\"https:\\\/\\\/kohenavocats.com\\\/zh-hans\\\/#website\"},\"datePublished\":\"2026-04-19T10:33:14+00:00\",\"dateModified\":\"2026-04-19T10:33:17+00:00\",\"breadcrumb\":{\"@id\":\"https:\\\/\\\/kohenavocats.com\\\/zh-hans\\\/jurisprudences\\\/tribunal-darrondissement-26-mars-2024-n-2024-00119\\\/#breadcrumb\"},\"inLanguage\":\"zh-Hans\",\"potentialAction\":[{\"@type\":\"ReadAction\",\"target\":[\"https:\\\/\\\/kohenavocats.com\\\/zh-hans\\\/jurisprudences\\\/tribunal-darrondissement-26-mars-2024-n-2024-00119\\\/\"]}]},{\"@type\":\"BreadcrumbList\",\"@id\":\"https:\\\/\\\/kohenavocats.com\\\/zh-hans\\\/jurisprudences\\\/tribunal-darrondissement-26-mars-2024-n-2024-00119\\\/#breadcrumb\",\"itemListElement\":[{\"@type\":\"ListItem\",\"position\":1,\"name\":\"Home\",\"item\":\"https:\\\/\\\/kohenavocats.com\\\/zh-hans\\\/\"},{\"@type\":\"ListItem\",\"position\":2,\"name\":\"Jurisprudences\",\"item\":\"https:\\\/\\\/kohenavocats.com\\\/zh-hans\\\/jurisprudences\\\/\"},{\"@type\":\"ListItem\",\"position\":3,\"name\":\"Tribunal d&rsquo;arrondissement, 26 mars 2024, n\u00b0 2024-00119\"}]},{\"@type\":\"WebSite\",\"@id\":\"https:\\\/\\\/kohenavocats.com\\\/zh-hans\\\/#website\",\"url\":\"https:\\\/\\\/kohenavocats.com\\\/zh-hans\\\/\",\"name\":\"Kohen Avocats\",\"description\":\"Ma\u00eetre Hassan Kohen, avocat p\u00e9naliste \u00e0 Paris, intervient exclusivement en droit p\u00e9nal pour la d\u00e9fense des particuliers, notamment en mati\u00e8re d\u2019accusations de viol. Il assure un accompagnement rigoureux d\u00e8s la garde \u00e0 vue jusqu\u2019\u00e0 la Cour d\u2019assises, veillant au strict respect des garanties proc\u00e9durales.\",\"publisher\":{\"@id\":\"https:\\\/\\\/kohenavocats.com\\\/zh-hans\\\/#organization\"},\"potentialAction\":[{\"@type\":\"SearchAction\",\"target\":{\"@type\":\"EntryPoint\",\"urlTemplate\":\"https:\\\/\\\/kohenavocats.com\\\/zh-hans\\\/?s={search_term_string}\"},\"query-input\":{\"@type\":\"PropertyValueSpecification\",\"valueRequired\":true,\"valueName\":\"search_term_string\"}}],\"inLanguage\":\"zh-Hans\"},{\"@type\":\"Organization\",\"@id\":\"https:\\\/\\\/kohenavocats.com\\\/zh-hans\\\/#organization\",\"name\":\"Kohen Avocats\",\"url\":\"https:\\\/\\\/kohenavocats.com\\\/zh-hans\\\/\",\"logo\":{\"@type\":\"ImageObject\",\"inLanguage\":\"zh-Hans\",\"@id\":\"https:\\\/\\\/kohenavocats.com\\\/zh-hans\\\/#\\\/schema\\\/logo\\\/image\\\/\",\"url\":\"https:\\\/\\\/kohenavocats.com\\\/wp-content\\\/uploads\\\/2026\\\/01\\\/Logo-2-1.webp\",\"contentUrl\":\"https:\\\/\\\/kohenavocats.com\\\/wp-content\\\/uploads\\\/2026\\\/01\\\/Logo-2-1.webp\",\"width\":2114,\"height\":1253,\"caption\":\"Kohen Avocats\"},\"image\":{\"@id\":\"https:\\\/\\\/kohenavocats.com\\\/zh-hans\\\/#\\\/schema\\\/logo\\\/image\\\/\"}}]}<\/script>\n<!-- \/ Yoast SEO Premium plugin. -->","yoast_head_json":{"title":"Tribunal d'arrondissement, 26 mars 2024, n\u00b0 2024-00119 - Ma\u00eetre Hassan Kohen, avocat en droit p\u00e9nal \u00e0 Paris","robots":{"index":"index","follow":"follow","max-snippet":"max-snippet:-1","max-image-preview":"max-image-preview:large","max-video-preview":"max-video-preview:-1"},"canonical":"https:\/\/kohenavocats.com\/zh-hans\/jurisprudences\/tribunal-darrondissement-26-mars-2024-n-2024-00119\/","og_locale":"zh_CN","og_type":"article","og_title":"Tribunal d'arrondissement, 26 mars 2024, n\u00b0 2024-00119","og_description":"1 Jugement en mati\u00e8re Civile No. 2024TADCH01\/00045 Num\u00e9ro du r\u00f4le TAD-2024-00119 Audience publique du mardi, 26 mars 2024. Composition: Brigitte KONZ, Pr\u00e9sidente, Lexie BREUSKIN, Vice-Pr\u00e9sidente, Gilles PETRY, Premier Juge, Micka\u00eblMOSCONI, Substitut, Cath\u00e9rine ZEIMEN, Greffi\u00e8re. E N T R E l\u2019association sans but lucratifSOCIETE1.)A.S.B.L.,en liquidation,\u00e9tablie et\u2026","og_url":"https:\/\/kohenavocats.com\/zh-hans\/jurisprudences\/tribunal-darrondissement-26-mars-2024-n-2024-00119\/","og_site_name":"Ma\u00eetre Hassan Kohen, avocat en droit p\u00e9nal \u00e0 Paris","article_modified_time":"2026-04-19T10:33:17+00:00","twitter_card":"summary_large_image","twitter_misc":{"\u9884\u8ba1\u9605\u8bfb\u65f6\u95f4":"5 \u5206"},"schema":{"@context":"https:\/\/schema.org","@graph":[{"@type":"WebPage","@id":"https:\/\/kohenavocats.com\/zh-hans\/jurisprudences\/tribunal-darrondissement-26-mars-2024-n-2024-00119\/","url":"https:\/\/kohenavocats.com\/zh-hans\/jurisprudences\/tribunal-darrondissement-26-mars-2024-n-2024-00119\/","name":"Tribunal d'arrondissement, 26 mars 2024, n\u00b0 2024-00119 - Ma\u00eetre Hassan Kohen, avocat en droit p\u00e9nal \u00e0 Paris","isPartOf":{"@id":"https:\/\/kohenavocats.com\/zh-hans\/#website"},"datePublished":"2026-04-19T10:33:14+00:00","dateModified":"2026-04-19T10:33:17+00:00","breadcrumb":{"@id":"https:\/\/kohenavocats.com\/zh-hans\/jurisprudences\/tribunal-darrondissement-26-mars-2024-n-2024-00119\/#breadcrumb"},"inLanguage":"zh-Hans","potentialAction":[{"@type":"ReadAction","target":["https:\/\/kohenavocats.com\/zh-hans\/jurisprudences\/tribunal-darrondissement-26-mars-2024-n-2024-00119\/"]}]},{"@type":"BreadcrumbList","@id":"https:\/\/kohenavocats.com\/zh-hans\/jurisprudences\/tribunal-darrondissement-26-mars-2024-n-2024-00119\/#breadcrumb","itemListElement":[{"@type":"ListItem","position":1,"name":"Home","item":"https:\/\/kohenavocats.com\/zh-hans\/"},{"@type":"ListItem","position":2,"name":"Jurisprudences","item":"https:\/\/kohenavocats.com\/zh-hans\/jurisprudences\/"},{"@type":"ListItem","position":3,"name":"Tribunal d&rsquo;arrondissement, 26 mars 2024, n\u00b0 2024-00119"}]},{"@type":"WebSite","@id":"https:\/\/kohenavocats.com\/zh-hans\/#website","url":"https:\/\/kohenavocats.com\/zh-hans\/","name":"Kohen Avocats","description":"Ma\u00eetre Hassan Kohen, avocat p\u00e9naliste \u00e0 Paris, intervient exclusivement en droit p\u00e9nal pour la d\u00e9fense des particuliers, notamment en mati\u00e8re d\u2019accusations de viol. Il assure un accompagnement rigoureux d\u00e8s la garde \u00e0 vue jusqu\u2019\u00e0 la Cour d\u2019assises, veillant au strict respect des garanties proc\u00e9durales.","publisher":{"@id":"https:\/\/kohenavocats.com\/zh-hans\/#organization"},"potentialAction":[{"@type":"SearchAction","target":{"@type":"EntryPoint","urlTemplate":"https:\/\/kohenavocats.com\/zh-hans\/?s={search_term_string}"},"query-input":{"@type":"PropertyValueSpecification","valueRequired":true,"valueName":"search_term_string"}}],"inLanguage":"zh-Hans"},{"@type":"Organization","@id":"https:\/\/kohenavocats.com\/zh-hans\/#organization","name":"Kohen Avocats","url":"https:\/\/kohenavocats.com\/zh-hans\/","logo":{"@type":"ImageObject","inLanguage":"zh-Hans","@id":"https:\/\/kohenavocats.com\/zh-hans\/#\/schema\/logo\/image\/","url":"https:\/\/kohenavocats.com\/wp-content\/uploads\/2026\/01\/Logo-2-1.webp","contentUrl":"https:\/\/kohenavocats.com\/wp-content\/uploads\/2026\/01\/Logo-2-1.webp","width":2114,"height":1253,"caption":"Kohen Avocats"},"image":{"@id":"https:\/\/kohenavocats.com\/zh-hans\/#\/schema\/logo\/image\/"}}]}},"jetpack_likes_enabled":false,"jetpack_sharing_enabled":true,"_links":{"self":[{"href":"https:\/\/kohenavocats.com\/zh-hans\/wp-json\/wp\/v2\/kji_decision\/604935","targetHints":{"allow":["GET"]}}],"collection":[{"href":"https:\/\/kohenavocats.com\/zh-hans\/wp-json\/wp\/v2\/kji_decision"}],"about":[{"href":"https:\/\/kohenavocats.com\/zh-hans\/wp-json\/wp\/v2\/types\/kji_decision"}],"wp:attachment":[{"href":"https:\/\/kohenavocats.com\/zh-hans\/wp-json\/wp\/v2\/media?parent=604935"}],"wp:term":[{"taxonomy":"kji_country","embeddable":true,"href":"https:\/\/kohenavocats.com\/zh-hans\/wp-json\/wp\/v2\/kji_country?post=604935"},{"taxonomy":"kji_court","embeddable":true,"href":"https:\/\/kohenavocats.com\/zh-hans\/wp-json\/wp\/v2\/kji_court?post=604935"},{"taxonomy":"kji_chamber","embeddable":true,"href":"https:\/\/kohenavocats.com\/zh-hans\/wp-json\/wp\/v2\/kji_chamber?post=604935"},{"taxonomy":"kji_year","embeddable":true,"href":"https:\/\/kohenavocats.com\/zh-hans\/wp-json\/wp\/v2\/kji_year?post=604935"},{"taxonomy":"kji_subject","embeddable":true,"href":"https:\/\/kohenavocats.com\/zh-hans\/wp-json\/wp\/v2\/kji_subject?post=604935"},{"taxonomy":"kji_keyword","embeddable":true,"href":"https:\/\/kohenavocats.com\/zh-hans\/wp-json\/wp\/v2\/kji_keyword?post=604935"},{"taxonomy":"kji_language","embeddable":true,"href":"https:\/\/kohenavocats.com\/zh-hans\/wp-json\/wp\/v2\/kji_language?post=604935"}],"curies":[{"name":"wp","href":"https:\/\/api.w.org\/{rel}","templated":true}]}}