{"id":605288,"date":"2026-04-19T13:03:59","date_gmt":"2026-04-19T11:03:59","guid":{"rendered":"https:\/\/kohenavocats.com\/jurisprudences\/ordinanza-n-1788-du-17-01-2024-quarta-sezione-lavoro-civile\/"},"modified":"2026-04-19T13:03:59","modified_gmt":"2026-04-19T11:03:59","slug":"ordinanza-n-1788-du-17-01-2024-quarta-sezione-lavoro-civile","status":"publish","type":"kji_decision","link":"https:\/\/kohenavocats.com\/zh-hans\/jurisprudences\/ordinanza-n-1788-du-17-01-2024-quarta-sezione-lavoro-civile\/","title":{"rendered":"Ordinanza n. 1788 du 17\/01\/2024 &#8211; Quarta sezione lavoro \/ Civile"},"content":{"rendered":"<div class=\"kji-decision\">\n<div class=\"kji-full-text\">\n<p>Oggetto<\/p>\n<p>Disabilit\u00e0. &#8211; Comunit\u00e0 Europea. &#8211; Direttiva 2000\/78\/CE &#8211; Interpretazione &#8211; Caregiver del disabile &#8211; Nozione &#8211; Tutela antidiscriminatoria &#8211; Estensione &#8211; Garanzia della parit\u00e0 di trattamento &#8211; Adozione di soluzioni ragionevoli &#8211; Onere della prova.<\/p>\n<p>Presidente: A. Di Paolantonio<\/p>\n<p> Relatore: D. Cavallari<\/p>\n<p> L\u2019esito in sintesi<br \/>\n La Sezione Lavoro ha chiesto, ai sensi dell\u2019art. 276 del Trattato sul funzionamento dell\u2019Unione Europea, alla Corte di Giustizia dell\u2019Unione di pronunciarsi, in via pregiudiziale, sulle seguenti questioni di interpretazione del diritto dell\u2019Unione:<\/p>\n<p>a) se il diritto dell\u2019Unione europea deve interpretarsi, eventualmente anche in base alla Convenzione delle Nazioni Unite sui diritti delle persone con disabilit\u00e0, nel senso che sussiste la legittimazione del caregiver familiare di un minore gravemente disabile \u2013 il quale deduca di avere patito una discriminazione indiretta in ambito lavorativo come conseguenza dell\u2019attivit\u00e0 di assistenza da lui prestata \u2013 ad azionare la tutela antidiscriminatoria che sarebbe riconosciuta al medesimo disabile, ove quest\u2019ultimo fosse il lavoratore, dalla Direttiva 2000\/78\/CE del Consiglio del 27 novembre 2000, che stabilisce un quadro generale per la parit\u00e0 di trattamento in materia di occupazione e di condizioni di lavoro;<\/p>\n<p>b) se, nell\u2019ipotesi di risposta affermativa alla questione sub a), il diritto dell\u2019Unione europea va interpretato, eventualmente anche in base alla Convenzione delle Nazioni Unite sui diritti delle persone con disabilit\u00e0, nel senso che grava sul datore di lavoro del caregiver l\u2019obbligo di adottare soluzioni ragionevoli per garantire, pure in favore del detto caregiver, il rispetto del principio della parit\u00e0 di trattamento nei confronti degli altri lavoratori, sul modello di quanto previsto per i lavoratori disabili dall\u2019art. 5 della Direttiva 2000\/78\/CE del Consiglio del 27 novembre 2000, che stabilisce un quadro generale per la parit\u00e0 di trattamento in materia di occupazione e di condizioni di lavoro;<\/p>\n<p>c) se, nell\u2019ipotesi di risposta affermativa alla questione sub a) e\/o alla questione sub b), il diritto dell\u2019Unione europea va interpretato, eventualmente anche in base alla Convenzione delle Nazioni Unite sui diritti delle persone con disabilit\u00e0, nel senso che, ai fini dell\u2019applicazione della Direttiva 2000\/78\/CE del Consiglio del 27 novembre 2000, si deve intendere per caregiver qualunque soggetto, appartenente alla cerchia familiare o convivente di fatto, che in un ambito domestico si prende cura, pure informalmente e in via gratuita, quantitativamente significativa, esclusiva, continuativa e di lunga durata di una persona che, in ragione della propria grave disabilit\u00e0, non \u00e8 assolutamente autosufficiente nello svolgimento degli atti quotidiani della vita o se il diritto dell\u2019Unione europea va interpretato nel senso che la definizione di caregiver \u00e8 pi\u00f9 ampia o pi\u00f9 ristretta di quella sopra riportata.<\/p>\n<\/div>\n<hr class=\"kji-sep\" \/>\n<p class=\"kji-source-links\"><strong>Sources officielles :<\/strong> <a class=\"kji-source-link\" href=\"https:\/\/www.cortedicassazione.it\/it\/civile_dettaglio.page?contentId=SZC29872\" target=\"_blank\" rel=\"noopener noreferrer\">consulter la page source<\/a> &middot; <a class=\"kji-pdf-link\" href=\"https:\/\/www.cortedicassazione.it\/resources\/cms\/documents\/1788_01_2024_civ_oscuramento_noindex.pdf\" target=\"_blank\" rel=\"noopener noreferrer\">PDF officiel<\/a><\/p>\n<p class=\"kji-license-note\"><em>Corte Suprema di Cassazione, note legali verifiees live le 2026-04-12 : reproduction avec mention de source autorisee, mais utilisation commerciale des contenus expressement interdite. Source active en metadata_only uniquement.<\/em><\/p>\n<\/div>\n","protected":false},"excerpt":{"rendered":"<p>Oggetto Disabilit\u00e0. &#8211; Comunit\u00e0 Europea. &#8211; Direttiva 2000\/78\/CE &#8211; Interpretazione &#8211; Caregiver del disabile &#8211; Nozione &#8211; Tutela antidiscriminatoria &#8211; Estensione &#8211; Garanzia della parit\u00e0 di trattamento &#8211; Adozione di soluzioni ragionevoli &#8211; Onere della prova. Presidente: A. Di Paolantonio Relatore: D. Cavallari L\u2019esito in sintesi La Sezione Lavoro ha chiesto, ai sensi dell\u2019art. 276 del Trattato sul funzionamento dell\u2019Unione&#8230;<\/p>\n","protected":false},"featured_media":0,"template":"","meta":{"_crdt_document":""},"kji_country":[7681],"kji_court":[7682],"kji_chamber":[11206],"kji_year":[8677],"kji_subject":[7712],"kji_keyword":[7727,11208,7725,9027,7688],"kji_language":[7685],"class_list":["post-605288","kji_decision","type-kji_decision","status-publish","hentry","kji_country-italie","kji_court-corte-suprema-di-cassazione","kji_chamber-quarta-sezione-lavoro","kji_year-8677","kji_subject-social","kji_keyword-civile","kji_keyword-lavoro","kji_keyword-ordinanza","kji_keyword-quarta","kji_keyword-sezione","kji_language-italien"],"yoast_head":"<!-- This site is optimized with the Yoast SEO Premium plugin v27.5 (Yoast SEO v27.5) - https:\/\/yoast.com\/product\/yoast-seo-premium-wordpress\/ -->\n<title>Ordinanza n. 1788 du 17\/01\/2024 - Quarta sezione lavoro \/ Civile - Ma\u00eetre Hassan Kohen, avocat en droit p\u00e9nal \u00e0 Paris<\/title>\n<meta name=\"robots\" content=\"index, follow, max-snippet:-1, max-image-preview:large, max-video-preview:-1\" \/>\n<link rel=\"canonical\" href=\"https:\/\/kohenavocats.com\/zh-hans\/jurisprudences\/ordinanza-n-1788-du-17-01-2024-quarta-sezione-lavoro-civile\/\" \/>\n<meta property=\"og:locale\" content=\"zh_CN\" \/>\n<meta property=\"og:type\" content=\"article\" \/>\n<meta property=\"og:title\" content=\"Ordinanza n. 1788 du 17\/01\/2024 - Quarta sezione lavoro \/ Civile\" \/>\n<meta property=\"og:description\" content=\"Oggetto Disabilit\u00e0. - Comunit\u00e0 Europea. - Direttiva 2000\/78\/CE - Interpretazione - Caregiver del disabile - Nozione - Tutela antidiscriminatoria - Estensione - Garanzia della parit\u00e0 di trattamento - Adozione di soluzioni ragionevoli - Onere della prova. Presidente: A. Di Paolantonio Relatore: D. Cavallari L\u2019esito in sintesi La Sezione Lavoro ha chiesto, ai sensi dell\u2019art. 276 del Trattato sul funzionamento dell\u2019Unione...\" \/>\n<meta property=\"og:url\" content=\"https:\/\/kohenavocats.com\/zh-hans\/jurisprudences\/ordinanza-n-1788-du-17-01-2024-quarta-sezione-lavoro-civile\/\" \/>\n<meta property=\"og:site_name\" content=\"Ma\u00eetre Hassan Kohen, avocat en droit p\u00e9nal \u00e0 Paris\" \/>\n<meta name=\"twitter:card\" content=\"summary_large_image\" \/>\n<meta name=\"twitter:label1\" content=\"\u9884\u8ba1\u9605\u8bfb\u65f6\u95f4\" \/>\n\t<meta name=\"twitter:data1\" content=\"2 \u5206\" \/>\n<script type=\"application\/ld+json\" class=\"yoast-schema-graph\">{\"@context\":\"https:\\\/\\\/schema.org\",\"@graph\":[{\"@type\":\"WebPage\",\"@id\":\"https:\\\/\\\/kohenavocats.com\\\/zh-hans\\\/jurisprudences\\\/ordinanza-n-1788-du-17-01-2024-quarta-sezione-lavoro-civile\\\/\",\"url\":\"https:\\\/\\\/kohenavocats.com\\\/zh-hans\\\/jurisprudences\\\/ordinanza-n-1788-du-17-01-2024-quarta-sezione-lavoro-civile\\\/\",\"name\":\"Ordinanza n. 1788 du 17\\\/01\\\/2024 - Quarta sezione lavoro \\\/ Civile - Ma\u00eetre Hassan Kohen, avocat en droit p\u00e9nal \u00e0 Paris\",\"isPartOf\":{\"@id\":\"https:\\\/\\\/kohenavocats.com\\\/zh-hans\\\/#website\"},\"datePublished\":\"2026-04-19T11:03:59+00:00\",\"breadcrumb\":{\"@id\":\"https:\\\/\\\/kohenavocats.com\\\/zh-hans\\\/jurisprudences\\\/ordinanza-n-1788-du-17-01-2024-quarta-sezione-lavoro-civile\\\/#breadcrumb\"},\"inLanguage\":\"zh-Hans\",\"potentialAction\":[{\"@type\":\"ReadAction\",\"target\":[\"https:\\\/\\\/kohenavocats.com\\\/zh-hans\\\/jurisprudences\\\/ordinanza-n-1788-du-17-01-2024-quarta-sezione-lavoro-civile\\\/\"]}]},{\"@type\":\"BreadcrumbList\",\"@id\":\"https:\\\/\\\/kohenavocats.com\\\/zh-hans\\\/jurisprudences\\\/ordinanza-n-1788-du-17-01-2024-quarta-sezione-lavoro-civile\\\/#breadcrumb\",\"itemListElement\":[{\"@type\":\"ListItem\",\"position\":1,\"name\":\"Home\",\"item\":\"https:\\\/\\\/kohenavocats.com\\\/zh-hans\\\/\"},{\"@type\":\"ListItem\",\"position\":2,\"name\":\"Jurisprudences\",\"item\":\"https:\\\/\\\/kohenavocats.com\\\/zh-hans\\\/jurisprudences\\\/\"},{\"@type\":\"ListItem\",\"position\":3,\"name\":\"Ordinanza n. 1788 du 17\\\/01\\\/2024 &#8211; Quarta sezione lavoro \\\/ Civile\"}]},{\"@type\":\"WebSite\",\"@id\":\"https:\\\/\\\/kohenavocats.com\\\/zh-hans\\\/#website\",\"url\":\"https:\\\/\\\/kohenavocats.com\\\/zh-hans\\\/\",\"name\":\"Kohen Avocats\",\"description\":\"Ma\u00eetre Hassan Kohen, avocat p\u00e9naliste \u00e0 Paris, intervient exclusivement en droit p\u00e9nal pour la d\u00e9fense des particuliers, notamment en mati\u00e8re d\u2019accusations de viol. Il assure un accompagnement rigoureux d\u00e8s la garde \u00e0 vue jusqu\u2019\u00e0 la Cour d\u2019assises, veillant au strict respect des garanties proc\u00e9durales.\",\"publisher\":{\"@id\":\"https:\\\/\\\/kohenavocats.com\\\/zh-hans\\\/#organization\"},\"potentialAction\":[{\"@type\":\"SearchAction\",\"target\":{\"@type\":\"EntryPoint\",\"urlTemplate\":\"https:\\\/\\\/kohenavocats.com\\\/zh-hans\\\/?s={search_term_string}\"},\"query-input\":{\"@type\":\"PropertyValueSpecification\",\"valueRequired\":true,\"valueName\":\"search_term_string\"}}],\"inLanguage\":\"zh-Hans\"},{\"@type\":\"Organization\",\"@id\":\"https:\\\/\\\/kohenavocats.com\\\/zh-hans\\\/#organization\",\"name\":\"Kohen Avocats\",\"url\":\"https:\\\/\\\/kohenavocats.com\\\/zh-hans\\\/\",\"logo\":{\"@type\":\"ImageObject\",\"inLanguage\":\"zh-Hans\",\"@id\":\"https:\\\/\\\/kohenavocats.com\\\/zh-hans\\\/#\\\/schema\\\/logo\\\/image\\\/\",\"url\":\"https:\\\/\\\/kohenavocats.com\\\/wp-content\\\/uploads\\\/2026\\\/01\\\/Logo-2-1.webp\",\"contentUrl\":\"https:\\\/\\\/kohenavocats.com\\\/wp-content\\\/uploads\\\/2026\\\/01\\\/Logo-2-1.webp\",\"width\":2114,\"height\":1253,\"caption\":\"Kohen Avocats\"},\"image\":{\"@id\":\"https:\\\/\\\/kohenavocats.com\\\/zh-hans\\\/#\\\/schema\\\/logo\\\/image\\\/\"}}]}<\/script>\n<!-- \/ Yoast SEO Premium plugin. -->","yoast_head_json":{"title":"Ordinanza n. 1788 du 17\/01\/2024 - Quarta sezione lavoro \/ Civile - Ma\u00eetre Hassan Kohen, avocat en droit p\u00e9nal \u00e0 Paris","robots":{"index":"index","follow":"follow","max-snippet":"max-snippet:-1","max-image-preview":"max-image-preview:large","max-video-preview":"max-video-preview:-1"},"canonical":"https:\/\/kohenavocats.com\/zh-hans\/jurisprudences\/ordinanza-n-1788-du-17-01-2024-quarta-sezione-lavoro-civile\/","og_locale":"zh_CN","og_type":"article","og_title":"Ordinanza n. 1788 du 17\/01\/2024 - Quarta sezione lavoro \/ Civile","og_description":"Oggetto Disabilit\u00e0. - Comunit\u00e0 Europea. - Direttiva 2000\/78\/CE - Interpretazione - Caregiver del disabile - Nozione - Tutela antidiscriminatoria - Estensione - Garanzia della parit\u00e0 di trattamento - Adozione di soluzioni ragionevoli - Onere della prova. Presidente: A. Di Paolantonio Relatore: D. Cavallari L\u2019esito in sintesi La Sezione Lavoro ha chiesto, ai sensi dell\u2019art. 276 del Trattato sul funzionamento dell\u2019Unione...","og_url":"https:\/\/kohenavocats.com\/zh-hans\/jurisprudences\/ordinanza-n-1788-du-17-01-2024-quarta-sezione-lavoro-civile\/","og_site_name":"Ma\u00eetre Hassan Kohen, avocat en droit p\u00e9nal \u00e0 Paris","twitter_card":"summary_large_image","twitter_misc":{"\u9884\u8ba1\u9605\u8bfb\u65f6\u95f4":"2 \u5206"},"schema":{"@context":"https:\/\/schema.org","@graph":[{"@type":"WebPage","@id":"https:\/\/kohenavocats.com\/zh-hans\/jurisprudences\/ordinanza-n-1788-du-17-01-2024-quarta-sezione-lavoro-civile\/","url":"https:\/\/kohenavocats.com\/zh-hans\/jurisprudences\/ordinanza-n-1788-du-17-01-2024-quarta-sezione-lavoro-civile\/","name":"Ordinanza n. 1788 du 17\/01\/2024 - Quarta sezione lavoro \/ Civile - Ma\u00eetre Hassan Kohen, avocat en droit p\u00e9nal \u00e0 Paris","isPartOf":{"@id":"https:\/\/kohenavocats.com\/zh-hans\/#website"},"datePublished":"2026-04-19T11:03:59+00:00","breadcrumb":{"@id":"https:\/\/kohenavocats.com\/zh-hans\/jurisprudences\/ordinanza-n-1788-du-17-01-2024-quarta-sezione-lavoro-civile\/#breadcrumb"},"inLanguage":"zh-Hans","potentialAction":[{"@type":"ReadAction","target":["https:\/\/kohenavocats.com\/zh-hans\/jurisprudences\/ordinanza-n-1788-du-17-01-2024-quarta-sezione-lavoro-civile\/"]}]},{"@type":"BreadcrumbList","@id":"https:\/\/kohenavocats.com\/zh-hans\/jurisprudences\/ordinanza-n-1788-du-17-01-2024-quarta-sezione-lavoro-civile\/#breadcrumb","itemListElement":[{"@type":"ListItem","position":1,"name":"Home","item":"https:\/\/kohenavocats.com\/zh-hans\/"},{"@type":"ListItem","position":2,"name":"Jurisprudences","item":"https:\/\/kohenavocats.com\/zh-hans\/jurisprudences\/"},{"@type":"ListItem","position":3,"name":"Ordinanza n. 1788 du 17\/01\/2024 &#8211; Quarta sezione lavoro \/ Civile"}]},{"@type":"WebSite","@id":"https:\/\/kohenavocats.com\/zh-hans\/#website","url":"https:\/\/kohenavocats.com\/zh-hans\/","name":"Kohen Avocats","description":"Ma\u00eetre Hassan Kohen, avocat p\u00e9naliste \u00e0 Paris, intervient exclusivement en droit p\u00e9nal pour la d\u00e9fense des particuliers, notamment en mati\u00e8re d\u2019accusations de viol. Il assure un accompagnement rigoureux d\u00e8s la garde \u00e0 vue jusqu\u2019\u00e0 la Cour d\u2019assises, veillant au strict respect des garanties proc\u00e9durales.","publisher":{"@id":"https:\/\/kohenavocats.com\/zh-hans\/#organization"},"potentialAction":[{"@type":"SearchAction","target":{"@type":"EntryPoint","urlTemplate":"https:\/\/kohenavocats.com\/zh-hans\/?s={search_term_string}"},"query-input":{"@type":"PropertyValueSpecification","valueRequired":true,"valueName":"search_term_string"}}],"inLanguage":"zh-Hans"},{"@type":"Organization","@id":"https:\/\/kohenavocats.com\/zh-hans\/#organization","name":"Kohen Avocats","url":"https:\/\/kohenavocats.com\/zh-hans\/","logo":{"@type":"ImageObject","inLanguage":"zh-Hans","@id":"https:\/\/kohenavocats.com\/zh-hans\/#\/schema\/logo\/image\/","url":"https:\/\/kohenavocats.com\/wp-content\/uploads\/2026\/01\/Logo-2-1.webp","contentUrl":"https:\/\/kohenavocats.com\/wp-content\/uploads\/2026\/01\/Logo-2-1.webp","width":2114,"height":1253,"caption":"Kohen Avocats"},"image":{"@id":"https:\/\/kohenavocats.com\/zh-hans\/#\/schema\/logo\/image\/"}}]}},"jetpack_likes_enabled":false,"jetpack_sharing_enabled":true,"_links":{"self":[{"href":"https:\/\/kohenavocats.com\/zh-hans\/wp-json\/wp\/v2\/kji_decision\/605288","targetHints":{"allow":["GET"]}}],"collection":[{"href":"https:\/\/kohenavocats.com\/zh-hans\/wp-json\/wp\/v2\/kji_decision"}],"about":[{"href":"https:\/\/kohenavocats.com\/zh-hans\/wp-json\/wp\/v2\/types\/kji_decision"}],"wp:attachment":[{"href":"https:\/\/kohenavocats.com\/zh-hans\/wp-json\/wp\/v2\/media?parent=605288"}],"wp:term":[{"taxonomy":"kji_country","embeddable":true,"href":"https:\/\/kohenavocats.com\/zh-hans\/wp-json\/wp\/v2\/kji_country?post=605288"},{"taxonomy":"kji_court","embeddable":true,"href":"https:\/\/kohenavocats.com\/zh-hans\/wp-json\/wp\/v2\/kji_court?post=605288"},{"taxonomy":"kji_chamber","embeddable":true,"href":"https:\/\/kohenavocats.com\/zh-hans\/wp-json\/wp\/v2\/kji_chamber?post=605288"},{"taxonomy":"kji_year","embeddable":true,"href":"https:\/\/kohenavocats.com\/zh-hans\/wp-json\/wp\/v2\/kji_year?post=605288"},{"taxonomy":"kji_subject","embeddable":true,"href":"https:\/\/kohenavocats.com\/zh-hans\/wp-json\/wp\/v2\/kji_subject?post=605288"},{"taxonomy":"kji_keyword","embeddable":true,"href":"https:\/\/kohenavocats.com\/zh-hans\/wp-json\/wp\/v2\/kji_keyword?post=605288"},{"taxonomy":"kji_language","embeddable":true,"href":"https:\/\/kohenavocats.com\/zh-hans\/wp-json\/wp\/v2\/kji_language?post=605288"}],"curies":[{"name":"wp","href":"https:\/\/api.w.org\/{rel}","templated":true}]}}