{"id":608734,"date":"2026-04-19T17:59:23","date_gmt":"2026-04-19T15:59:23","guid":{"rendered":"https:\/\/kohenavocats.com\/jurisprudences\/tribunal-darrondissement-15-decembre-2023-5\/"},"modified":"2026-04-19T17:59:26","modified_gmt":"2026-04-19T15:59:26","slug":"tribunal-darrondissement-15-decembre-2023-5","status":"publish","type":"kji_decision","link":"https:\/\/kohenavocats.com\/zh-hans\/jurisprudences\/tribunal-darrondissement-15-decembre-2023-5\/","title":{"rendered":"Tribunal d&#8217;arrondissement, 15 d\u00e9cembre 2023"},"content":{"rendered":"<div class=\"kji-decision\">\n<div class=\"kji-full-text\">\n<p>N\u00b0444\/2023 Not.6641\/21\/XD Tribunal d\u2019arrondissement de et \u00e0 Diekirch Le15 d\u00e9cembre 2023,Silvia ALVES,juge,si\u00e9geant en tant que juge unique de la chambre du conseil du Tribunald\u2019arrondissement de et \u00e0 Diekirch, assist\u00e9e deJoshua GLODEN,greffierassum\u00e9,a rendu l\u2019 qui suit: Vu la requ\u00eate de mise en libert\u00e9 provisoire annex\u00e9e, d\u00e9pos\u00e9e le12 d\u00e9cembre2023 parMa\u00eetre Michael WOLFSTELLER, avocat \u00e0 la Cour, demeurant \u00e0 Diekirch, au nom et pour compte de PERSONNE1.), n\u00e9 leDATE1.)\u00e0ADRESSE1.)ADRESSE2.), demeurant \u00e0 NL- ADRESSE3.), actuellement en d\u00e9tention pr\u00e9ventive. Vu le rapport du juge d\u2019instruction. Entendus en la s\u00e9ance de la chambre du conseil du 14d\u00e9cembre2023,Ma\u00eetre Marc BECKER, avocat \u00e0 la Cour, demeurant \u00e0 Diekirch, en remplacement deMa\u00eetre Michael WOLFSTELLER en ses moyens, l\u2019inculp\u00e9 en ses explications et le repr\u00e9sentant du Minist\u00e8re Public,Avelino SANTOS MENDES, substitut, en ses conclusions. &#8212;&#8212;&#8212;&#8212;&#8212;&#8212; La chambre du conseil estime qu\u2019en l\u2019\u00e9tat actuel de l\u2019instruction, les conditions d&#039;application de l\u2019article 94 du code de proc\u00e9dure p\u00e9nale ne sont plus remplies en l\u2019esp\u00e8ce, desorte que la d\u00e9tention de l\u2019inculp\u00e9 ne s\u2019impose plus et qu\u2019il y a lieu de faire b\u00e9n\u00e9ficier l\u2019inculp\u00e9 d\u2019une mise en libert\u00e9 provisoire. Pour garantir la repr\u00e9sentation de l\u2019inculp\u00e9 aux actes de proc\u00e9dure futurs et pour \u00e9viter qu\u2019il n\u2019abuse de sa libert\u00e9 pour commettre de nouvelles infractions, la chambre du O R D O N N A N C E<\/p>\n<p>conseil consid\u00e8re toutefois qu\u2019un placement sous contr\u00f4le judiciaire s\u2019impose en l\u2019esp\u00e8ce. P a r c e s m o t i f s : La chambre du conseil du tribunal d&#039;arrondissement de et \u00e0 Diekirch, compos\u00e9e d\u2019un juge unique, o r d o n n e que l\u2019inculp\u00e9PERSONNE1.)sera mis provisoirement en libert\u00e9 \u00e0 charge pour lui de prendre l\u2019engagement de se repr\u00e9senter \u00e0 tous les actes de la proc\u00e9dure et pour l\u2019ex\u00e9cution du jugement aussit\u00f4t qu\u2019il en sera requis; d itque cette mise en libert\u00e9 est assortie du placement de l\u2019inculp\u00e9 sous contr\u00f4le judiciaire, d i t que la mise en libert\u00e9 de l\u2019inculp\u00e9 est soumise aux conditions suivantes: 1)faire une \u00e9lection de domicile en l\u2019\u00e9tude de son avocat Ma\u00eetreMichael WOLFSTELLER , \u00e9tabli \u00e0 L-ADRESSE4.), 2)r\u00e9pondre aux convocations de toutes autorit\u00e9s polici\u00e8res oujudiciaires, r \u00e9 s e r v e les d\u00e9pens qui suivront le sort des frais de l\u2019affaire principale. Ainsi fait et prononc\u00e9 au Tribunal d\u2019Arrondissement de et \u00e0Diekirch, date qu&#039;en t\u00eate. SIGNE:ALVES, GLODEN Cette ordonnance est susceptible d\u2019appel. L\u2019appel doit \u00eatre interjet\u00e9 dans les formes et d\u00e9lais pr\u00e9vus aux articles 133 et suivants du Code de proc\u00e9dure p\u00e9nale. Il doit \u00eatre form\u00e9 par l\u2019inculp\u00e9 ou son avocat, la partie civile, la partie civilement responsable ainsi que tout tiers concern\u00e9 justifiant d\u2019un int\u00e9r\u00eat personnel et leurs avocats respectifs dansun d\u00e9lai de cinq joursde la notification de la pr\u00e9sente ordonnance, aupr\u00e8s du greffe de la chambre du conseil, en se pr\u00e9sentantpersonnellementpour signer l\u2019acte d\u2019appel. Si l\u2019inculp\u00e9 est d\u00e9tenu,il peut d\u00e9clarer son appel au greffe du Centre p\u00e9nitentiaire. L\u2019appel peut \u00e9galement \u00eatre form\u00e9 par une d\u00e9claration d\u2019appel qui est \u00e0faire parvenir au guichet du greffe du tribunal dont rel\u00e8ve la chambre du conseil, parcourrier \u00e9lectronique.<\/p>\n<\/div>\n<hr class=\"kji-sep\" \/>\n<p class=\"kji-source-links\"><strong>Sources officielles :<\/strong> <a class=\"kji-source-link\" href=\"https:\/\/data.public.lu\/fr\/datasets\/tribunal-darrondissement-diekirch\/\" target=\"_blank\" rel=\"noopener noreferrer\">consulter la page source<\/a> &middot; <a class=\"kji-pdf-link\" href=\"https:\/\/download.data.public.lu\/resources\/tribunal-darrondissement-diekirch\/20240808-142310\/20231215-tadchaco-444-pseudonymise-accessible.pdf\" target=\"_blank\" rel=\"noopener noreferrer\">PDF officiel<\/a><\/p>\n<p class=\"kji-license-note\"><em>Licence CC BY-ND 4.0 (Administration judiciaire, data.public.lu). Republication autorisee avec attribution, sans modification editoriale du texte integral.<\/em><\/p>\n<\/div>\n","protected":false},"excerpt":{"rendered":"<p>N\u00b0444\/2023 Not.6641\/21\/XD Tribunal d\u2019arrondissement de et \u00e0 Diekirch Le15 d\u00e9cembre 2023,Silvia ALVES,juge,si\u00e9geant en tant que juge unique de la chambre du conseil du Tribunald\u2019arrondissement de et \u00e0 Diekirch, assist\u00e9e deJoshua GLODEN,greffierassum\u00e9,a rendu l\u2019 qui suit: Vu la requ\u00eate de mise en libert\u00e9 provisoire annex\u00e9e, d\u00e9pos\u00e9e\u2026<\/p>\n","protected":false},"featured_media":0,"template":"","meta":{"_crdt_document":""},"kji_country":[8418],"kji_court":[23583],"kji_chamber":[],"kji_year":[24566],"kji_subject":[7724],"kji_keyword":[23584,8464,7636],"kji_language":[7733],"class_list":["post-608734","kji_decision","type-kji_decision","status-publish","hentry","kji_country-luxembourg","kji_court-tribunal-darrondissement","kji_year-24566","kji_subject-civil","kji_keyword-arrondissement","kji_keyword-decembre","kji_keyword-tribunal","kji_language-francais"],"yoast_head":"<!-- This site is optimized with the Yoast SEO Premium plugin v27.5 (Yoast SEO v27.5) - https:\/\/yoast.com\/product\/yoast-seo-premium-wordpress\/ -->\n<title>Tribunal d&#039;arrondissement, 15 d\u00e9cembre 2023 - Ma\u00eetre Hassan Kohen, avocat en droit p\u00e9nal \u00e0 Paris<\/title>\n<meta name=\"robots\" content=\"index, follow, max-snippet:-1, max-image-preview:large, max-video-preview:-1\" \/>\n<link rel=\"canonical\" href=\"https:\/\/kohenavocats.com\/zh-hans\/jurisprudences\/tribunal-darrondissement-15-decembre-2023-5\/\" \/>\n<meta property=\"og:locale\" content=\"zh_CN\" \/>\n<meta property=\"og:type\" content=\"article\" \/>\n<meta property=\"og:title\" content=\"Tribunal d&#039;arrondissement, 15 d\u00e9cembre 2023\" \/>\n<meta property=\"og:description\" content=\"N\u00b0444\/2023 Not.6641\/21\/XD Tribunal d\u2019arrondissement de et \u00e0 Diekirch Le15 d\u00e9cembre 2023,Silvia ALVES,juge,si\u00e9geant en tant que juge unique de la chambre du conseil du Tribunald\u2019arrondissement de et \u00e0 Diekirch, assist\u00e9e deJoshua GLODEN,greffierassum\u00e9,a rendu l\u2019 qui suit: Vu la requ\u00eate de mise en libert\u00e9 provisoire annex\u00e9e, d\u00e9pos\u00e9e\u2026\" \/>\n<meta property=\"og:url\" content=\"https:\/\/kohenavocats.com\/zh-hans\/jurisprudences\/tribunal-darrondissement-15-decembre-2023-5\/\" \/>\n<meta property=\"og:site_name\" content=\"Ma\u00eetre Hassan Kohen, avocat en droit p\u00e9nal \u00e0 Paris\" \/>\n<meta property=\"article:modified_time\" content=\"2026-04-19T15:59:26+00:00\" \/>\n<meta name=\"twitter:card\" content=\"summary_large_image\" \/>\n<meta name=\"twitter:label1\" content=\"\u9884\u8ba1\u9605\u8bfb\u65f6\u95f4\" \/>\n\t<meta name=\"twitter:data1\" content=\"3 \u5206\" \/>\n<script type=\"application\/ld+json\" class=\"yoast-schema-graph\">{\"@context\":\"https:\\\/\\\/schema.org\",\"@graph\":[{\"@type\":\"WebPage\",\"@id\":\"https:\\\/\\\/kohenavocats.com\\\/zh-hans\\\/jurisprudences\\\/tribunal-darrondissement-15-decembre-2023-5\\\/\",\"url\":\"https:\\\/\\\/kohenavocats.com\\\/zh-hans\\\/jurisprudences\\\/tribunal-darrondissement-15-decembre-2023-5\\\/\",\"name\":\"Tribunal d'arrondissement, 15 d\u00e9cembre 2023 - Ma\u00eetre Hassan Kohen, avocat en droit p\u00e9nal \u00e0 Paris\",\"isPartOf\":{\"@id\":\"https:\\\/\\\/kohenavocats.com\\\/zh-hans\\\/#website\"},\"datePublished\":\"2026-04-19T15:59:23+00:00\",\"dateModified\":\"2026-04-19T15:59:26+00:00\",\"breadcrumb\":{\"@id\":\"https:\\\/\\\/kohenavocats.com\\\/zh-hans\\\/jurisprudences\\\/tribunal-darrondissement-15-decembre-2023-5\\\/#breadcrumb\"},\"inLanguage\":\"zh-Hans\",\"potentialAction\":[{\"@type\":\"ReadAction\",\"target\":[\"https:\\\/\\\/kohenavocats.com\\\/zh-hans\\\/jurisprudences\\\/tribunal-darrondissement-15-decembre-2023-5\\\/\"]}]},{\"@type\":\"BreadcrumbList\",\"@id\":\"https:\\\/\\\/kohenavocats.com\\\/zh-hans\\\/jurisprudences\\\/tribunal-darrondissement-15-decembre-2023-5\\\/#breadcrumb\",\"itemListElement\":[{\"@type\":\"ListItem\",\"position\":1,\"name\":\"Home\",\"item\":\"https:\\\/\\\/kohenavocats.com\\\/zh-hans\\\/\"},{\"@type\":\"ListItem\",\"position\":2,\"name\":\"Jurisprudences\",\"item\":\"https:\\\/\\\/kohenavocats.com\\\/zh-hans\\\/jurisprudences\\\/\"},{\"@type\":\"ListItem\",\"position\":3,\"name\":\"Tribunal d&rsquo;arrondissement, 15 d\u00e9cembre 2023\"}]},{\"@type\":\"WebSite\",\"@id\":\"https:\\\/\\\/kohenavocats.com\\\/zh-hans\\\/#website\",\"url\":\"https:\\\/\\\/kohenavocats.com\\\/zh-hans\\\/\",\"name\":\"Kohen Avocats\",\"description\":\"Ma\u00eetre Hassan Kohen, avocat p\u00e9naliste \u00e0 Paris, intervient exclusivement en droit p\u00e9nal pour la d\u00e9fense des particuliers, notamment en mati\u00e8re d\u2019accusations de viol. Il assure un accompagnement rigoureux d\u00e8s la garde \u00e0 vue jusqu\u2019\u00e0 la Cour d\u2019assises, veillant au strict respect des garanties proc\u00e9durales.\",\"publisher\":{\"@id\":\"https:\\\/\\\/kohenavocats.com\\\/zh-hans\\\/#organization\"},\"potentialAction\":[{\"@type\":\"SearchAction\",\"target\":{\"@type\":\"EntryPoint\",\"urlTemplate\":\"https:\\\/\\\/kohenavocats.com\\\/zh-hans\\\/?s={search_term_string}\"},\"query-input\":{\"@type\":\"PropertyValueSpecification\",\"valueRequired\":true,\"valueName\":\"search_term_string\"}}],\"inLanguage\":\"zh-Hans\"},{\"@type\":\"Organization\",\"@id\":\"https:\\\/\\\/kohenavocats.com\\\/zh-hans\\\/#organization\",\"name\":\"Kohen Avocats\",\"url\":\"https:\\\/\\\/kohenavocats.com\\\/zh-hans\\\/\",\"logo\":{\"@type\":\"ImageObject\",\"inLanguage\":\"zh-Hans\",\"@id\":\"https:\\\/\\\/kohenavocats.com\\\/zh-hans\\\/#\\\/schema\\\/logo\\\/image\\\/\",\"url\":\"https:\\\/\\\/kohenavocats.com\\\/wp-content\\\/uploads\\\/2026\\\/01\\\/Logo-2-1.webp\",\"contentUrl\":\"https:\\\/\\\/kohenavocats.com\\\/wp-content\\\/uploads\\\/2026\\\/01\\\/Logo-2-1.webp\",\"width\":2114,\"height\":1253,\"caption\":\"Kohen Avocats\"},\"image\":{\"@id\":\"https:\\\/\\\/kohenavocats.com\\\/zh-hans\\\/#\\\/schema\\\/logo\\\/image\\\/\"}}]}<\/script>\n<!-- \/ Yoast SEO Premium plugin. -->","yoast_head_json":{"title":"Tribunal d'arrondissement, 15 d\u00e9cembre 2023 - Ma\u00eetre Hassan Kohen, avocat en droit p\u00e9nal \u00e0 Paris","robots":{"index":"index","follow":"follow","max-snippet":"max-snippet:-1","max-image-preview":"max-image-preview:large","max-video-preview":"max-video-preview:-1"},"canonical":"https:\/\/kohenavocats.com\/zh-hans\/jurisprudences\/tribunal-darrondissement-15-decembre-2023-5\/","og_locale":"zh_CN","og_type":"article","og_title":"Tribunal d'arrondissement, 15 d\u00e9cembre 2023","og_description":"N\u00b0444\/2023 Not.6641\/21\/XD Tribunal d\u2019arrondissement de et \u00e0 Diekirch Le15 d\u00e9cembre 2023,Silvia ALVES,juge,si\u00e9geant en tant que juge unique de la chambre du conseil du Tribunald\u2019arrondissement de et \u00e0 Diekirch, assist\u00e9e deJoshua GLODEN,greffierassum\u00e9,a rendu l\u2019 qui suit: Vu la requ\u00eate de mise en libert\u00e9 provisoire annex\u00e9e, d\u00e9pos\u00e9e\u2026","og_url":"https:\/\/kohenavocats.com\/zh-hans\/jurisprudences\/tribunal-darrondissement-15-decembre-2023-5\/","og_site_name":"Ma\u00eetre Hassan Kohen, avocat en droit p\u00e9nal \u00e0 Paris","article_modified_time":"2026-04-19T15:59:26+00:00","twitter_card":"summary_large_image","twitter_misc":{"\u9884\u8ba1\u9605\u8bfb\u65f6\u95f4":"3 \u5206"},"schema":{"@context":"https:\/\/schema.org","@graph":[{"@type":"WebPage","@id":"https:\/\/kohenavocats.com\/zh-hans\/jurisprudences\/tribunal-darrondissement-15-decembre-2023-5\/","url":"https:\/\/kohenavocats.com\/zh-hans\/jurisprudences\/tribunal-darrondissement-15-decembre-2023-5\/","name":"Tribunal d'arrondissement, 15 d\u00e9cembre 2023 - Ma\u00eetre Hassan Kohen, avocat en droit p\u00e9nal \u00e0 Paris","isPartOf":{"@id":"https:\/\/kohenavocats.com\/zh-hans\/#website"},"datePublished":"2026-04-19T15:59:23+00:00","dateModified":"2026-04-19T15:59:26+00:00","breadcrumb":{"@id":"https:\/\/kohenavocats.com\/zh-hans\/jurisprudences\/tribunal-darrondissement-15-decembre-2023-5\/#breadcrumb"},"inLanguage":"zh-Hans","potentialAction":[{"@type":"ReadAction","target":["https:\/\/kohenavocats.com\/zh-hans\/jurisprudences\/tribunal-darrondissement-15-decembre-2023-5\/"]}]},{"@type":"BreadcrumbList","@id":"https:\/\/kohenavocats.com\/zh-hans\/jurisprudences\/tribunal-darrondissement-15-decembre-2023-5\/#breadcrumb","itemListElement":[{"@type":"ListItem","position":1,"name":"Home","item":"https:\/\/kohenavocats.com\/zh-hans\/"},{"@type":"ListItem","position":2,"name":"Jurisprudences","item":"https:\/\/kohenavocats.com\/zh-hans\/jurisprudences\/"},{"@type":"ListItem","position":3,"name":"Tribunal d&rsquo;arrondissement, 15 d\u00e9cembre 2023"}]},{"@type":"WebSite","@id":"https:\/\/kohenavocats.com\/zh-hans\/#website","url":"https:\/\/kohenavocats.com\/zh-hans\/","name":"Kohen Avocats","description":"Ma\u00eetre Hassan Kohen, avocat p\u00e9naliste \u00e0 Paris, intervient exclusivement en droit p\u00e9nal pour la d\u00e9fense des particuliers, notamment en mati\u00e8re d\u2019accusations de viol. Il assure un accompagnement rigoureux d\u00e8s la garde \u00e0 vue jusqu\u2019\u00e0 la Cour d\u2019assises, veillant au strict respect des garanties proc\u00e9durales.","publisher":{"@id":"https:\/\/kohenavocats.com\/zh-hans\/#organization"},"potentialAction":[{"@type":"SearchAction","target":{"@type":"EntryPoint","urlTemplate":"https:\/\/kohenavocats.com\/zh-hans\/?s={search_term_string}"},"query-input":{"@type":"PropertyValueSpecification","valueRequired":true,"valueName":"search_term_string"}}],"inLanguage":"zh-Hans"},{"@type":"Organization","@id":"https:\/\/kohenavocats.com\/zh-hans\/#organization","name":"Kohen Avocats","url":"https:\/\/kohenavocats.com\/zh-hans\/","logo":{"@type":"ImageObject","inLanguage":"zh-Hans","@id":"https:\/\/kohenavocats.com\/zh-hans\/#\/schema\/logo\/image\/","url":"https:\/\/kohenavocats.com\/wp-content\/uploads\/2026\/01\/Logo-2-1.webp","contentUrl":"https:\/\/kohenavocats.com\/wp-content\/uploads\/2026\/01\/Logo-2-1.webp","width":2114,"height":1253,"caption":"Kohen Avocats"},"image":{"@id":"https:\/\/kohenavocats.com\/zh-hans\/#\/schema\/logo\/image\/"}}]}},"jetpack_likes_enabled":false,"jetpack_sharing_enabled":true,"_links":{"self":[{"href":"https:\/\/kohenavocats.com\/zh-hans\/wp-json\/wp\/v2\/kji_decision\/608734","targetHints":{"allow":["GET"]}}],"collection":[{"href":"https:\/\/kohenavocats.com\/zh-hans\/wp-json\/wp\/v2\/kji_decision"}],"about":[{"href":"https:\/\/kohenavocats.com\/zh-hans\/wp-json\/wp\/v2\/types\/kji_decision"}],"wp:attachment":[{"href":"https:\/\/kohenavocats.com\/zh-hans\/wp-json\/wp\/v2\/media?parent=608734"}],"wp:term":[{"taxonomy":"kji_country","embeddable":true,"href":"https:\/\/kohenavocats.com\/zh-hans\/wp-json\/wp\/v2\/kji_country?post=608734"},{"taxonomy":"kji_court","embeddable":true,"href":"https:\/\/kohenavocats.com\/zh-hans\/wp-json\/wp\/v2\/kji_court?post=608734"},{"taxonomy":"kji_chamber","embeddable":true,"href":"https:\/\/kohenavocats.com\/zh-hans\/wp-json\/wp\/v2\/kji_chamber?post=608734"},{"taxonomy":"kji_year","embeddable":true,"href":"https:\/\/kohenavocats.com\/zh-hans\/wp-json\/wp\/v2\/kji_year?post=608734"},{"taxonomy":"kji_subject","embeddable":true,"href":"https:\/\/kohenavocats.com\/zh-hans\/wp-json\/wp\/v2\/kji_subject?post=608734"},{"taxonomy":"kji_keyword","embeddable":true,"href":"https:\/\/kohenavocats.com\/zh-hans\/wp-json\/wp\/v2\/kji_keyword?post=608734"},{"taxonomy":"kji_language","embeddable":true,"href":"https:\/\/kohenavocats.com\/zh-hans\/wp-json\/wp\/v2\/kji_language?post=608734"}],"curies":[{"name":"wp","href":"https:\/\/api.w.org\/{rel}","templated":true}]}}