{"id":608864,"date":"2026-04-19T18:11:44","date_gmt":"2026-04-19T16:11:44","guid":{"rendered":"https:\/\/kohenavocats.com\/jurisprudences\/acordao-supremo-tribunal-de-justica-processo-407-23-5pccbr-c-s1-2023-11-15\/"},"modified":"2026-04-19T18:11:44","modified_gmt":"2026-04-19T16:11:44","slug":"acordao-supremo-tribunal-de-justica-processo-407-23-5pccbr-c-s1-2023-11-15","status":"publish","type":"kji_decision","link":"https:\/\/kohenavocats.com\/zh-hans\/jurisprudences\/acordao-supremo-tribunal-de-justica-processo-407-23-5pccbr-c-s1-2023-11-15\/","title":{"rendered":"Ac\u00f3rd\u00e3o Supremo Tribunal de Justi\u00e7a \u2013 Processo 407\/23.5PCCBR-C.S1 \u2013 2023-11-15"},"content":{"rendered":"<div class=\"kji-decision\">\n<p class=\"kji-summary\">Relator: PEDRO BRANQUINHO DIAS. I. A provid?ncia de Habeas corpus tem natureza excecional e ? independente do sistema de recursos penais. II. Em conson?ncia com a sua matriz hist?rica, destina-se a p?r cobro a situa??es graves de deten??o ou pris?o ilegais e mais carecidas de tutela urgente. III. Ora, como podemos constatar dos autos, o arguido, ora requerente, na sequ?ncia de primeiro interrogat?rio de arguido detido, foi, por despacho devidamente fundamentado do Senhor Juiz de Instru??o, de 04\/08\/2023, sujeito ? medida de pris?o preventiva, por se achar fortemente indiciado pela pr?tica de dois crimes de roubo agravado e de um crime de deten??o de arma proibida. IV. Os pressupostos de tal medida, viriam a ser reexaminados, nos termos do art. 213.?, do C.P.P., sem pr?via audi??o do arguido, por despacho, igualmente fundamentado do Senhor Juiz de Instru??o, de 31\/10\/2023, tendo sido determinado, em conson?ncia com o promovido pelo Minist?rio P?blico, que o arguido continuasse sujeito ? mencionada medida de coa??o. Tal despacho foi notificado, na mesma data, ao pr?prio e ao seu defensor. V. Ao contr?rio do alegado pelo requerente, a sua audi??o, nesta situa??o, n?o era obrigat?ria, dado, conforme foi decidido, os respetivos pressupostos n?o se terem alterado. VI. Nesta conformidade, n?o se verifica qualquer nulidade ou ilegalidade da pris?o, sendo certo que ela foi ordenada por entidade competente, motivada por factos que a lei a permite e n?o se mant?m para al?m dos prazos fixados pela lei processual (art. 215.? n.? 2, do C.P.P.). VII. Termos em que, se indefere a provid?ncia requerida, dada a sua manifesta<\/p>\n<hr class=\"kji-sep\" \/>\n<p class=\"kji-source-links\"><strong>Sources officielles :<\/strong> <a class=\"kji-source-link\" href=\"https:\/\/www.dgsi.pt\/jstj.nsf\/954f0ce6ad9dd8b980256b5f003fa814\/221e529856910f0a80258a690033b9fb?OpenDocument&#038;ExpandSection=1\" target=\"_blank\" rel=\"noopener noreferrer\">consulter la page source<\/a><\/p>\n<p class=\"kji-license-note\"><em>Portails officiels portugais (DGSI \/ Tribunal Constitucional). Republication en metadata_only par prudence licencielle ; consulter la source officielle pour le texte authentique.<\/em><\/p>\n<\/div>\n","protected":false},"excerpt":{"rendered":"<p>Relator: PEDRO BRANQUINHO DIAS. I. A provid?ncia de Habeas corpus tem natureza excecional e ? independente do sistema de recursos penais. II. Em conson?ncia com a sua matriz hist?rica, destina-se a p?r cobro a situa??es graves de deten??o ou pris?o ilegais e mais carecidas de tutela urgente. III. Ora, como podemos constatar dos autos, o arguido, ora requerente, na sequ?ncia de primeiro interrogat?rio de arguido detido, foi, por despacho devidamente fundamentado do Senhor Juiz de Instru??o, de 04\/08\/2023, sujeito ? medida de pris?o preventiva, por se achar fortemente indiciado pela pr?tica de dois crimes de roubo agravado e de um crime de deten??o de arma proibida. IV. Os pressupostos de tal medida, viriam a ser reexaminados, nos termos do art. 213.?, do C.P.P., sem pr?via audi??o do arguido, por despacho, igualmente fundamentado do Senhor Juiz de Instru??o, de 31\/10\/2023, tendo sido determinado, em conson?ncia com o promovido pelo Minist?rio P?blico, que o arguido continuasse sujeito ? mencionada medida de coa??o. Tal despacho foi notificado, na mesma data, ao pr?prio e ao seu defensor. V. Ao contr?rio do alegado pelo requerente, a sua audi??o, nesta situa??o, n?o era obrigat?ria, dado, conforme foi decidido, os respetivos pressupostos n?o se terem alterado. VI. Nesta conformidade, n?o se verifica qualquer nulidade ou ilegalidade da pris?o, sendo certo que ela foi ordenada por entidade competente, motivada por factos que a lei a permite e n?o se mant?m para al?m dos prazos fixados pela lei processual (art. 215.? n.? 2, do C.P.P.). VII. Termos em que, se indefere a provid?ncia requerida, dada a sua manifesta<\/p>\n","protected":false},"featured_media":0,"template":"","meta":{"_crdt_document":""},"kji_country":[7762],"kji_court":[7763],"kji_chamber":[8484],"kji_year":[24566],"kji_subject":[7632],"kji_keyword":[7772,7774,7771,7773,7636],"kji_language":[7770],"class_list":["post-608864","kji_decision","type-kji_decision","status-publish","hentry","kji_country-portugal","kji_court-supremo-tribunal-de-justica","kji_chamber-3-seco","kji_year-24566","kji_subject-penal","kji_keyword-acordao","kji_keyword-justica","kji_keyword-processo","kji_keyword-supremo","kji_keyword-tribunal","kji_language-pt"],"yoast_head":"<!-- This site is optimized with the Yoast SEO Premium plugin v27.5 (Yoast SEO v27.5) - https:\/\/yoast.com\/product\/yoast-seo-premium-wordpress\/ -->\n<title>Ac\u00f3rd\u00e3o Supremo Tribunal de Justi\u00e7a \u2013 Processo 407\/23.5PCCBR-C.S1 \u2013 2023-11-15 - Ma\u00eetre Hassan Kohen, avocat en droit p\u00e9nal \u00e0 Paris<\/title>\n<meta name=\"robots\" content=\"index, follow, max-snippet:-1, max-image-preview:large, max-video-preview:-1\" \/>\n<link rel=\"canonical\" href=\"https:\/\/kohenavocats.com\/zh-hans\/jurisprudences\/acordao-supremo-tribunal-de-justica-processo-407-23-5pccbr-c-s1-2023-11-15\/\" \/>\n<meta property=\"og:locale\" content=\"zh_CN\" \/>\n<meta property=\"og:type\" content=\"article\" \/>\n<meta property=\"og:title\" content=\"Ac\u00f3rd\u00e3o Supremo Tribunal de Justi\u00e7a \u2013 Processo 407\/23.5PCCBR-C.S1 \u2013 2023-11-15\" \/>\n<meta property=\"og:description\" content=\"Relator: PEDRO BRANQUINHO DIAS. I. A provid?ncia de Habeas corpus tem natureza excecional e ? independente do sistema de recursos penais. II. Em conson?ncia com a sua matriz hist?rica, destina-se a p?r cobro a situa??es graves de deten??o ou pris?o ilegais e mais carecidas de tutela urgente. III. Ora, como podemos constatar dos autos, o arguido, ora requerente, na sequ?ncia de primeiro interrogat?rio de arguido detido, foi, por despacho devidamente fundamentado do Senhor Juiz de Instru??o, de 04\/08\/2023, sujeito ? medida de pris?o preventiva, por se achar fortemente indiciado pela pr?tica de dois crimes de roubo agravado e de um crime de deten??o de arma proibida. IV. Os pressupostos de tal medida, viriam a ser reexaminados, nos termos do art. 213.?, do C.P.P., sem pr?via audi??o do arguido, por despacho, igualmente fundamentado do Senhor Juiz de Instru??o, de 31\/10\/2023, tendo sido determinado, em conson?ncia com o promovido pelo Minist?rio P?blico, que o arguido continuasse sujeito ? mencionada medida de coa??o. Tal despacho foi notificado, na mesma data, ao pr?prio e ao seu defensor. V. Ao contr?rio do alegado pelo requerente, a sua audi??o, nesta situa??o, n?o era obrigat?ria, dado, conforme foi decidido, os respetivos pressupostos n?o se terem alterado. VI. Nesta conformidade, n?o se verifica qualquer nulidade ou ilegalidade da pris?o, sendo certo que ela foi ordenada por entidade competente, motivada por factos que a lei a permite e n?o se mant?m para al?m dos prazos fixados pela lei processual (art. 215.? n.? 2, do C.P.P.). VII. Termos em que, se indefere a provid?ncia requerida, dada a sua manifesta\" \/>\n<meta property=\"og:url\" content=\"https:\/\/kohenavocats.com\/zh-hans\/jurisprudences\/acordao-supremo-tribunal-de-justica-processo-407-23-5pccbr-c-s1-2023-11-15\/\" \/>\n<meta property=\"og:site_name\" content=\"Ma\u00eetre Hassan Kohen, avocat en droit p\u00e9nal \u00e0 Paris\" \/>\n<meta name=\"twitter:card\" content=\"summary_large_image\" \/>\n<meta name=\"twitter:label1\" content=\"\u9884\u8ba1\u9605\u8bfb\u65f6\u95f4\" \/>\n\t<meta name=\"twitter:data1\" content=\"2 \u5206\" \/>\n<script type=\"application\/ld+json\" class=\"yoast-schema-graph\">{\"@context\":\"https:\\\/\\\/schema.org\",\"@graph\":[{\"@type\":\"WebPage\",\"@id\":\"https:\\\/\\\/kohenavocats.com\\\/zh-hans\\\/jurisprudences\\\/acordao-supremo-tribunal-de-justica-processo-407-23-5pccbr-c-s1-2023-11-15\\\/\",\"url\":\"https:\\\/\\\/kohenavocats.com\\\/zh-hans\\\/jurisprudences\\\/acordao-supremo-tribunal-de-justica-processo-407-23-5pccbr-c-s1-2023-11-15\\\/\",\"name\":\"Ac\u00f3rd\u00e3o Supremo Tribunal de Justi\u00e7a \u2013 Processo 407\\\/23.5PCCBR-C.S1 \u2013 2023-11-15 - Ma\u00eetre Hassan Kohen, avocat en droit p\u00e9nal \u00e0 Paris\",\"isPartOf\":{\"@id\":\"https:\\\/\\\/kohenavocats.com\\\/zh-hans\\\/#website\"},\"datePublished\":\"2026-04-19T16:11:44+00:00\",\"breadcrumb\":{\"@id\":\"https:\\\/\\\/kohenavocats.com\\\/zh-hans\\\/jurisprudences\\\/acordao-supremo-tribunal-de-justica-processo-407-23-5pccbr-c-s1-2023-11-15\\\/#breadcrumb\"},\"inLanguage\":\"zh-Hans\",\"potentialAction\":[{\"@type\":\"ReadAction\",\"target\":[\"https:\\\/\\\/kohenavocats.com\\\/zh-hans\\\/jurisprudences\\\/acordao-supremo-tribunal-de-justica-processo-407-23-5pccbr-c-s1-2023-11-15\\\/\"]}]},{\"@type\":\"BreadcrumbList\",\"@id\":\"https:\\\/\\\/kohenavocats.com\\\/zh-hans\\\/jurisprudences\\\/acordao-supremo-tribunal-de-justica-processo-407-23-5pccbr-c-s1-2023-11-15\\\/#breadcrumb\",\"itemListElement\":[{\"@type\":\"ListItem\",\"position\":1,\"name\":\"Home\",\"item\":\"https:\\\/\\\/kohenavocats.com\\\/zh-hans\\\/\"},{\"@type\":\"ListItem\",\"position\":2,\"name\":\"Jurisprudences\",\"item\":\"https:\\\/\\\/kohenavocats.com\\\/zh-hans\\\/jurisprudences\\\/\"},{\"@type\":\"ListItem\",\"position\":3,\"name\":\"Ac\u00f3rd\u00e3o Supremo Tribunal de Justi\u00e7a \u2013 Processo 407\\\/23.5PCCBR-C.S1 \u2013 2023-11-15\"}]},{\"@type\":\"WebSite\",\"@id\":\"https:\\\/\\\/kohenavocats.com\\\/zh-hans\\\/#website\",\"url\":\"https:\\\/\\\/kohenavocats.com\\\/zh-hans\\\/\",\"name\":\"Kohen Avocats\",\"description\":\"Ma\u00eetre Hassan Kohen, avocat p\u00e9naliste \u00e0 Paris, intervient exclusivement en droit p\u00e9nal pour la d\u00e9fense des particuliers, notamment en mati\u00e8re d\u2019accusations de viol. Il assure un accompagnement rigoureux d\u00e8s la garde \u00e0 vue jusqu\u2019\u00e0 la Cour d\u2019assises, veillant au strict respect des garanties proc\u00e9durales.\",\"publisher\":{\"@id\":\"https:\\\/\\\/kohenavocats.com\\\/zh-hans\\\/#organization\"},\"potentialAction\":[{\"@type\":\"SearchAction\",\"target\":{\"@type\":\"EntryPoint\",\"urlTemplate\":\"https:\\\/\\\/kohenavocats.com\\\/zh-hans\\\/?s={search_term_string}\"},\"query-input\":{\"@type\":\"PropertyValueSpecification\",\"valueRequired\":true,\"valueName\":\"search_term_string\"}}],\"inLanguage\":\"zh-Hans\"},{\"@type\":\"Organization\",\"@id\":\"https:\\\/\\\/kohenavocats.com\\\/zh-hans\\\/#organization\",\"name\":\"Kohen Avocats\",\"url\":\"https:\\\/\\\/kohenavocats.com\\\/zh-hans\\\/\",\"logo\":{\"@type\":\"ImageObject\",\"inLanguage\":\"zh-Hans\",\"@id\":\"https:\\\/\\\/kohenavocats.com\\\/zh-hans\\\/#\\\/schema\\\/logo\\\/image\\\/\",\"url\":\"https:\\\/\\\/kohenavocats.com\\\/wp-content\\\/uploads\\\/2026\\\/01\\\/Logo-2-1.webp\",\"contentUrl\":\"https:\\\/\\\/kohenavocats.com\\\/wp-content\\\/uploads\\\/2026\\\/01\\\/Logo-2-1.webp\",\"width\":2114,\"height\":1253,\"caption\":\"Kohen Avocats\"},\"image\":{\"@id\":\"https:\\\/\\\/kohenavocats.com\\\/zh-hans\\\/#\\\/schema\\\/logo\\\/image\\\/\"}}]}<\/script>\n<!-- \/ Yoast SEO Premium plugin. -->","yoast_head_json":{"title":"Ac\u00f3rd\u00e3o Supremo Tribunal de Justi\u00e7a \u2013 Processo 407\/23.5PCCBR-C.S1 \u2013 2023-11-15 - Ma\u00eetre Hassan Kohen, avocat en droit p\u00e9nal \u00e0 Paris","robots":{"index":"index","follow":"follow","max-snippet":"max-snippet:-1","max-image-preview":"max-image-preview:large","max-video-preview":"max-video-preview:-1"},"canonical":"https:\/\/kohenavocats.com\/zh-hans\/jurisprudences\/acordao-supremo-tribunal-de-justica-processo-407-23-5pccbr-c-s1-2023-11-15\/","og_locale":"zh_CN","og_type":"article","og_title":"Ac\u00f3rd\u00e3o Supremo Tribunal de Justi\u00e7a \u2013 Processo 407\/23.5PCCBR-C.S1 \u2013 2023-11-15","og_description":"Relator: PEDRO BRANQUINHO DIAS. I. A provid?ncia de Habeas corpus tem natureza excecional e ? independente do sistema de recursos penais. II. Em conson?ncia com a sua matriz hist?rica, destina-se a p?r cobro a situa??es graves de deten??o ou pris?o ilegais e mais carecidas de tutela urgente. III. Ora, como podemos constatar dos autos, o arguido, ora requerente, na sequ?ncia de primeiro interrogat?rio de arguido detido, foi, por despacho devidamente fundamentado do Senhor Juiz de Instru??o, de 04\/08\/2023, sujeito ? medida de pris?o preventiva, por se achar fortemente indiciado pela pr?tica de dois crimes de roubo agravado e de um crime de deten??o de arma proibida. IV. Os pressupostos de tal medida, viriam a ser reexaminados, nos termos do art. 213.?, do C.P.P., sem pr?via audi??o do arguido, por despacho, igualmente fundamentado do Senhor Juiz de Instru??o, de 31\/10\/2023, tendo sido determinado, em conson?ncia com o promovido pelo Minist?rio P?blico, que o arguido continuasse sujeito ? mencionada medida de coa??o. Tal despacho foi notificado, na mesma data, ao pr?prio e ao seu defensor. V. Ao contr?rio do alegado pelo requerente, a sua audi??o, nesta situa??o, n?o era obrigat?ria, dado, conforme foi decidido, os respetivos pressupostos n?o se terem alterado. VI. Nesta conformidade, n?o se verifica qualquer nulidade ou ilegalidade da pris?o, sendo certo que ela foi ordenada por entidade competente, motivada por factos que a lei a permite e n?o se mant?m para al?m dos prazos fixados pela lei processual (art. 215.? n.? 2, do C.P.P.). VII. Termos em que, se indefere a provid?ncia requerida, dada a sua manifesta","og_url":"https:\/\/kohenavocats.com\/zh-hans\/jurisprudences\/acordao-supremo-tribunal-de-justica-processo-407-23-5pccbr-c-s1-2023-11-15\/","og_site_name":"Ma\u00eetre Hassan Kohen, avocat en droit p\u00e9nal \u00e0 Paris","twitter_card":"summary_large_image","twitter_misc":{"\u9884\u8ba1\u9605\u8bfb\u65f6\u95f4":"2 \u5206"},"schema":{"@context":"https:\/\/schema.org","@graph":[{"@type":"WebPage","@id":"https:\/\/kohenavocats.com\/zh-hans\/jurisprudences\/acordao-supremo-tribunal-de-justica-processo-407-23-5pccbr-c-s1-2023-11-15\/","url":"https:\/\/kohenavocats.com\/zh-hans\/jurisprudences\/acordao-supremo-tribunal-de-justica-processo-407-23-5pccbr-c-s1-2023-11-15\/","name":"Ac\u00f3rd\u00e3o Supremo Tribunal de Justi\u00e7a \u2013 Processo 407\/23.5PCCBR-C.S1 \u2013 2023-11-15 - Ma\u00eetre Hassan Kohen, avocat en droit p\u00e9nal \u00e0 Paris","isPartOf":{"@id":"https:\/\/kohenavocats.com\/zh-hans\/#website"},"datePublished":"2026-04-19T16:11:44+00:00","breadcrumb":{"@id":"https:\/\/kohenavocats.com\/zh-hans\/jurisprudences\/acordao-supremo-tribunal-de-justica-processo-407-23-5pccbr-c-s1-2023-11-15\/#breadcrumb"},"inLanguage":"zh-Hans","potentialAction":[{"@type":"ReadAction","target":["https:\/\/kohenavocats.com\/zh-hans\/jurisprudences\/acordao-supremo-tribunal-de-justica-processo-407-23-5pccbr-c-s1-2023-11-15\/"]}]},{"@type":"BreadcrumbList","@id":"https:\/\/kohenavocats.com\/zh-hans\/jurisprudences\/acordao-supremo-tribunal-de-justica-processo-407-23-5pccbr-c-s1-2023-11-15\/#breadcrumb","itemListElement":[{"@type":"ListItem","position":1,"name":"Home","item":"https:\/\/kohenavocats.com\/zh-hans\/"},{"@type":"ListItem","position":2,"name":"Jurisprudences","item":"https:\/\/kohenavocats.com\/zh-hans\/jurisprudences\/"},{"@type":"ListItem","position":3,"name":"Ac\u00f3rd\u00e3o Supremo Tribunal de Justi\u00e7a \u2013 Processo 407\/23.5PCCBR-C.S1 \u2013 2023-11-15"}]},{"@type":"WebSite","@id":"https:\/\/kohenavocats.com\/zh-hans\/#website","url":"https:\/\/kohenavocats.com\/zh-hans\/","name":"Kohen Avocats","description":"Ma\u00eetre Hassan Kohen, avocat p\u00e9naliste \u00e0 Paris, intervient exclusivement en droit p\u00e9nal pour la d\u00e9fense des particuliers, notamment en mati\u00e8re d\u2019accusations de viol. Il assure un accompagnement rigoureux d\u00e8s la garde \u00e0 vue jusqu\u2019\u00e0 la Cour d\u2019assises, veillant au strict respect des garanties proc\u00e9durales.","publisher":{"@id":"https:\/\/kohenavocats.com\/zh-hans\/#organization"},"potentialAction":[{"@type":"SearchAction","target":{"@type":"EntryPoint","urlTemplate":"https:\/\/kohenavocats.com\/zh-hans\/?s={search_term_string}"},"query-input":{"@type":"PropertyValueSpecification","valueRequired":true,"valueName":"search_term_string"}}],"inLanguage":"zh-Hans"},{"@type":"Organization","@id":"https:\/\/kohenavocats.com\/zh-hans\/#organization","name":"Kohen Avocats","url":"https:\/\/kohenavocats.com\/zh-hans\/","logo":{"@type":"ImageObject","inLanguage":"zh-Hans","@id":"https:\/\/kohenavocats.com\/zh-hans\/#\/schema\/logo\/image\/","url":"https:\/\/kohenavocats.com\/wp-content\/uploads\/2026\/01\/Logo-2-1.webp","contentUrl":"https:\/\/kohenavocats.com\/wp-content\/uploads\/2026\/01\/Logo-2-1.webp","width":2114,"height":1253,"caption":"Kohen Avocats"},"image":{"@id":"https:\/\/kohenavocats.com\/zh-hans\/#\/schema\/logo\/image\/"}}]}},"jetpack_likes_enabled":false,"jetpack_sharing_enabled":true,"_links":{"self":[{"href":"https:\/\/kohenavocats.com\/zh-hans\/wp-json\/wp\/v2\/kji_decision\/608864","targetHints":{"allow":["GET"]}}],"collection":[{"href":"https:\/\/kohenavocats.com\/zh-hans\/wp-json\/wp\/v2\/kji_decision"}],"about":[{"href":"https:\/\/kohenavocats.com\/zh-hans\/wp-json\/wp\/v2\/types\/kji_decision"}],"wp:attachment":[{"href":"https:\/\/kohenavocats.com\/zh-hans\/wp-json\/wp\/v2\/media?parent=608864"}],"wp:term":[{"taxonomy":"kji_country","embeddable":true,"href":"https:\/\/kohenavocats.com\/zh-hans\/wp-json\/wp\/v2\/kji_country?post=608864"},{"taxonomy":"kji_court","embeddable":true,"href":"https:\/\/kohenavocats.com\/zh-hans\/wp-json\/wp\/v2\/kji_court?post=608864"},{"taxonomy":"kji_chamber","embeddable":true,"href":"https:\/\/kohenavocats.com\/zh-hans\/wp-json\/wp\/v2\/kji_chamber?post=608864"},{"taxonomy":"kji_year","embeddable":true,"href":"https:\/\/kohenavocats.com\/zh-hans\/wp-json\/wp\/v2\/kji_year?post=608864"},{"taxonomy":"kji_subject","embeddable":true,"href":"https:\/\/kohenavocats.com\/zh-hans\/wp-json\/wp\/v2\/kji_subject?post=608864"},{"taxonomy":"kji_keyword","embeddable":true,"href":"https:\/\/kohenavocats.com\/zh-hans\/wp-json\/wp\/v2\/kji_keyword?post=608864"},{"taxonomy":"kji_language","embeddable":true,"href":"https:\/\/kohenavocats.com\/zh-hans\/wp-json\/wp\/v2\/kji_language?post=608864"}],"curies":[{"name":"wp","href":"https:\/\/api.w.org\/{rel}","templated":true}]}}