{"id":609019,"date":"2026-04-19T18:28:16","date_gmt":"2026-04-19T16:28:16","guid":{"rendered":"https:\/\/kohenavocats.com\/jurisprudences\/tribunal-darrondissement-27-mars-2026-n-2025-10367\/"},"modified":"2026-04-19T18:28:23","modified_gmt":"2026-04-19T16:28:23","slug":"tribunal-darrondissement-27-mars-2026-n-2025-10367","status":"publish","type":"kji_decision","link":"https:\/\/kohenavocats.com\/zh-hans\/jurisprudences\/tribunal-darrondissement-27-mars-2026-n-2025-10367\/","title":{"rendered":"Tribunal d&#8217;arrondissement, 27 mars 2026, n\u00b0 2025-10367"},"content":{"rendered":"<div class=\"kji-decision\">\n<div class=\"kji-full-text\">\n<p>1 Jugement commercial 2026TALCH15\/00408 Audience publique extraordinaire du vendredi, vingt-sept mars deux mille vingt-six. R\u00e9organisation judiciaire I-2025\/00076 SOCIETE1.)SARL-S Composition : Tania CARDOSO, Vice-pr\u00e9sidente; AnnaCHEBOTARYOVA, juge ; Chris BACKES, juge; Jessica DA SILVA ANTUNES, greffi\u00e8re. LE TRIBUNAL : Revu le jugement rendu par ce tribunal en date du 22d\u00e9cembre 2025 d\u00e9clarant la requ\u00eate en r\u00e9organisation judiciaire au b\u00e9n\u00e9fice lasoci\u00e9t\u00e9 \u00e0 responsabilit\u00e9 limit\u00e9e simplifi\u00e9eSOCIETE1.)SARL-S, \u00e9tablie et ayant son si\u00e8ge \u00e0 L-ADRESSE1.), repr\u00e9sent\u00e9e par son g\u00e9rant actuellement en fonctions et inscrite au Registre de Commerce et des Soci\u00e9t\u00e9s de Luxembourg sous le num\u00e9roNUMERO1.), recevable et fond\u00e9e. Vu la requ\u00eate en fin anticip\u00e9e deMonsieurPERSONNE1.), g\u00e9rant de la soci\u00e9t\u00e9 \u00e0 responsabilit\u00e9 limit\u00e9e simplifi\u00e9eSOCIETE1.)SARL-S,pr\u00e9qualifi\u00e9e,d\u00e9pos\u00e9e au greffe du tribunal d&#039;arrondissement de et \u00e0 Luxembourg le23mars 2026. Vu l\u2019article 35de la loi du 7 ao\u00fbt 2023 relative \u00e0 la pr\u00e9servation des entreprises et portant modernisation du droit de la faillite. Ou\u00ef en chambre du conseil du26 mars 2026le rapportdujuge d\u00e9l\u00e9gu\u00e9. Ou\u00efMonsieurPERSONNE1.),g\u00e9rantde la soci\u00e9t\u00e9 \u00e0 responsabilit\u00e9 limit\u00e9esimplifi\u00e9e SOCIETE1.)SARL-S. Vu l\u2019examen en chambre du conseil de la requ\u00eate et des pi\u00e8ces. Sur ce, le tribunal prit l\u2019affaire en d\u00e9lib\u00e9r\u00e9 et rendit \u00e0 l\u2019audience publique de ce jour le<\/p>\n<p>2 jugement qui suit : Par requ\u00eate d\u00e9pos\u00e9e au greffe le 23 mars 2026,la soci\u00e9t\u00e9 \u00e0 responsabilit\u00e9 limit\u00e9e simplifi\u00e9eSOCIETE1.)SARL-S(ci-apr\u00e8s \u00abSOCIETE1.)\u00bb) demande au tribunal de\u00abmettre fin \u00e0 la proc\u00e9dure de r\u00e9organisation judiciaire\u00bb ouverte par jugement du 22 d\u00e9cembre 2025 afin de lui permettre de\u00abreprendre le cours normal de ses activit\u00e9s\u00bb. \u00c0 l\u2019appui de sa demande,SOCIETE1.)expose avoir entrepris des d\u00e9marches en vue du remboursement d\u2019un montant de 6.748.-EURdu chef d\u2019un exc\u00e9dent de TVA pour l\u2019exercice 2025de la part del\u2019Administration del\u2019enregistrement, des domaines et de la TVA. Elle explique qu\u2019apr\u00e8s d\u00e9duction du pr\u00e9dit montant, le solde red\u00fb \u00e0 l\u2019Administration des contributions directes \u00absous r\u00e9serve de la validation administrative\u00bbde cette \u00abr\u00e9gularisation\u00bb s\u2019\u00e9l\u00e8ve \u00e0 253.-EUR, montant queSOCIETE1.)s\u2019engage \u00e0 r\u00e9gler directement \u00e0 l\u2019administration fiscale. Le passif subsistant \u00e9tant ainsi susceptible d\u2019\u00eatre apur\u00e9 \u00e0 tr\u00e8s bref d\u00e9lai, elle en d\u00e9duit que le maintien de la proc\u00e9dure de r\u00e9organisation judiciaire ne se justifie plus. Elle ajoute que la reprise de son activit\u00e9 est imminente, d\u00e8s lors que la signature d\u2019un contrat avec un nouveau client est pr\u00e9vue pour le 25 avril 2026. Elle explique avoir en parall\u00e8le proc\u00e9d\u00e9 au d\u00e9p\u00f4t de ses comptes annuels pour l\u2019exercice 2025. Lors de l\u2019audience des plaidoiries,SOCIETE1.)r\u00e9it\u00e8re sa demande. Motifs de la d\u00e9cision La requ\u00eate est recevable pour avoir \u00e9t\u00e9 introduite dans les formes et d\u00e9lai de la loi. Aux termes de l\u2019article 35 de laloi du 7 ao\u00fbt 2023 relative \u00e0 lapr\u00e9servation des entreprises et portant modernisation du droit de la faillite, \u00abLe d\u00e9biteur peut, \u00e0 tout stade de la proc\u00e9dure, renoncer en tout ou en partie \u00e0 sa demande de r\u00e9organisation judiciaire. Le tribunal, sur requ\u00eate du d\u00e9biteur et le juge d\u00e9l\u00e9gu\u00e9 entendu en son rapport, met fin \u00e0 la proc\u00e9dure de r\u00e9organisation judiciaire en tout ou en partie\u00bb. Il ressort de cette disposition qu\u2019il est loisible au d\u00e9biteur de renoncer \u00e0 sa demande tendant au b\u00e9n\u00e9fice d\u2019une r\u00e9organisation judiciaire pendant toute la dur\u00e9e de la proc\u00e9dure. En l\u2019esp\u00e8ce, le tribunal constate queSOCIETE1.)d\u00e9clare vouloir renoncer int\u00e9gralement \u00e0 sa demande de r\u00e9organisation judiciaire.<\/p>\n<p>3 Il y a d\u00e8s lors lieu de faire droit \u00e0 la demande deSOCIETE1.)et de mettre fin \u00e0 la proc\u00e9dure de r\u00e9organisation judiciaire, ouverte par jugement du 22 d\u00e9cembre 2025. Il convient d\u2019ordonner la publication du pr\u00e9sent jugement par extrait au Recueil \u00e9lectronique des soci\u00e9t\u00e9s et associations dans les cinq jours de sa date. Par ces motifs: le tribunal d\u2019arrondissement de et \u00e0 Luxembourg, quinzi\u00e8me chambre, si\u00e9geant en mati\u00e8re commerciale, statuant contradictoirement, sur rapport du juge d\u00e9l\u00e9gu\u00e9, ditla requ\u00eate recevable et fond\u00e9e, partant,metfin \u00e0 la proc\u00e9dure de r\u00e9organisation judiciaire de la soci\u00e9t\u00e9 \u00e0 responsabilit\u00e9 limit\u00e9e simplifi\u00e9eSOCIETE1.)SARL-S, invitele d\u00e9biteur\u00e0 communiquer individuellement aux cr\u00e9anciers une copie du pr\u00e9sent jugement en application des articles 21 (2) et 35, alin\u00e9a 4, de la loi du 7 ao\u00fbt 2023 relative \u00e0 la pr\u00e9servation des entreprises et portant modernisation du droit de la faillite, dans les quatorze jours de son prononc\u00e9, ordonnela publication du pr\u00e9sent jugement par extrait au Recueil \u00e9lectronique des soci\u00e9t\u00e9s et associations dans les cinq jours de sa date, laisseles frais \u00e0 charge de la soci\u00e9t\u00e9 \u00e0 responsabilit\u00e9 limit\u00e9e simplifi\u00e9eSOCIETE1.) SARL-S.<\/p>\n<\/div>\n<hr class=\"kji-sep\" \/>\n<p class=\"kji-source-links\"><strong>Sources officielles :<\/strong> <a class=\"kji-source-link\" href=\"https:\/\/data.public.lu\/fr\/datasets\/tribunal-darrondissement-luxembourg-commerce\/\" target=\"_blank\" rel=\"noopener noreferrer\">consulter la page source<\/a> &middot; <a class=\"kji-pdf-link\" href=\"https:\/\/download.data.public.lu\/resources\/tribunal-darrondissement-luxembourg-commerce\/20260405-230623\/20260327-talch15-tal-2025-10367-pseudonymise-accessible.pdf\" target=\"_blank\" rel=\"noopener noreferrer\">PDF officiel<\/a><\/p>\n<p class=\"kji-license-note\"><em>Licence CC BY-ND 4.0 (Administration judiciaire, data.public.lu). Republication autorisee avec attribution, sans modification editoriale du texte integral.<\/em><\/p>\n<\/div>\n","protected":false},"excerpt":{"rendered":"<p>1 Jugement commercial 2026TALCH15\/00408 Audience publique extraordinaire du vendredi, vingt-sept mars deux mille vingt-six. R\u00e9organisation judiciaire I-2025\/00076 SOCIETE1.)SARL-S Composition : Tania CARDOSO, Vice-pr\u00e9sidente; AnnaCHEBOTARYOVA, juge ; Chris BACKES, juge; Jessica DA SILVA ANTUNES, greffi\u00e8re. LE TRIBUNAL : Revu le jugement rendu par ce tribunal en\u2026<\/p>\n","protected":false},"featured_media":0,"template":"","meta":{"_crdt_document":""},"kji_country":[8418],"kji_court":[23583],"kji_chamber":[24938],"kji_year":[7610],"kji_subject":[7625],"kji_keyword":[23584,7636],"kji_language":[7733],"class_list":["post-609019","kji_decision","type-kji_decision","status-publish","hentry","kji_country-luxembourg","kji_court-tribunal-darrondissement","kji_chamber-commerce","kji_year-7610","kji_subject-commercial","kji_keyword-arrondissement","kji_keyword-tribunal","kji_language-francais"],"yoast_head":"<!-- This site is optimized with the Yoast SEO Premium plugin v27.4 (Yoast SEO v27.4) - https:\/\/yoast.com\/product\/yoast-seo-premium-wordpress\/ -->\n<title>Tribunal d&#039;arrondissement, 27 mars 2026, n\u00b0 2025-10367 - Ma\u00eetre Hassan Kohen, avocat en droit p\u00e9nal \u00e0 Paris<\/title>\n<meta name=\"robots\" content=\"index, follow, max-snippet:-1, max-image-preview:large, max-video-preview:-1\" \/>\n<link rel=\"canonical\" href=\"https:\/\/kohenavocats.com\/zh-hans\/jurisprudences\/tribunal-darrondissement-27-mars-2026-n-2025-10367\/\" \/>\n<meta property=\"og:locale\" content=\"zh_CN\" \/>\n<meta property=\"og:type\" content=\"article\" \/>\n<meta property=\"og:title\" content=\"Tribunal d&#039;arrondissement, 27 mars 2026, n\u00b0 2025-10367\" \/>\n<meta property=\"og:description\" content=\"1 Jugement commercial 2026TALCH15\/00408 Audience publique extraordinaire du vendredi, vingt-sept mars deux mille vingt-six. R\u00e9organisation judiciaire I-2025\/00076 SOCIETE1.)SARL-S Composition : Tania CARDOSO, Vice-pr\u00e9sidente; AnnaCHEBOTARYOVA, juge ; Chris BACKES, juge; Jessica DA SILVA ANTUNES, greffi\u00e8re. LE TRIBUNAL : Revu le jugement rendu par ce tribunal en\u2026\" \/>\n<meta property=\"og:url\" content=\"https:\/\/kohenavocats.com\/zh-hans\/jurisprudences\/tribunal-darrondissement-27-mars-2026-n-2025-10367\/\" \/>\n<meta property=\"og:site_name\" content=\"Ma\u00eetre Hassan Kohen, avocat en droit p\u00e9nal \u00e0 Paris\" \/>\n<meta property=\"article:modified_time\" content=\"2026-04-19T16:28:23+00:00\" \/>\n<meta name=\"twitter:card\" content=\"summary_large_image\" \/>\n<meta name=\"twitter:label1\" content=\"\u9884\u8ba1\u9605\u8bfb\u65f6\u95f4\" \/>\n\t<meta name=\"twitter:data1\" content=\"4 \u5206\" \/>\n<script type=\"application\/ld+json\" class=\"yoast-schema-graph\">{\"@context\":\"https:\\\/\\\/schema.org\",\"@graph\":[{\"@type\":\"WebPage\",\"@id\":\"https:\\\/\\\/kohenavocats.com\\\/zh-hans\\\/jurisprudences\\\/tribunal-darrondissement-27-mars-2026-n-2025-10367\\\/\",\"url\":\"https:\\\/\\\/kohenavocats.com\\\/zh-hans\\\/jurisprudences\\\/tribunal-darrondissement-27-mars-2026-n-2025-10367\\\/\",\"name\":\"Tribunal d'arrondissement, 27 mars 2026, n\u00b0 2025-10367 - Ma\u00eetre Hassan Kohen, avocat en droit p\u00e9nal \u00e0 Paris\",\"isPartOf\":{\"@id\":\"https:\\\/\\\/kohenavocats.com\\\/zh-hans\\\/#website\"},\"datePublished\":\"2026-04-19T16:28:16+00:00\",\"dateModified\":\"2026-04-19T16:28:23+00:00\",\"breadcrumb\":{\"@id\":\"https:\\\/\\\/kohenavocats.com\\\/zh-hans\\\/jurisprudences\\\/tribunal-darrondissement-27-mars-2026-n-2025-10367\\\/#breadcrumb\"},\"inLanguage\":\"zh-Hans\",\"potentialAction\":[{\"@type\":\"ReadAction\",\"target\":[\"https:\\\/\\\/kohenavocats.com\\\/zh-hans\\\/jurisprudences\\\/tribunal-darrondissement-27-mars-2026-n-2025-10367\\\/\"]}]},{\"@type\":\"BreadcrumbList\",\"@id\":\"https:\\\/\\\/kohenavocats.com\\\/zh-hans\\\/jurisprudences\\\/tribunal-darrondissement-27-mars-2026-n-2025-10367\\\/#breadcrumb\",\"itemListElement\":[{\"@type\":\"ListItem\",\"position\":1,\"name\":\"Home\",\"item\":\"https:\\\/\\\/kohenavocats.com\\\/zh-hans\\\/\"},{\"@type\":\"ListItem\",\"position\":2,\"name\":\"Jurisprudences\",\"item\":\"https:\\\/\\\/kohenavocats.com\\\/zh-hans\\\/jurisprudences\\\/\"},{\"@type\":\"ListItem\",\"position\":3,\"name\":\"Tribunal d&rsquo;arrondissement, 27 mars 2026, n\u00b0 2025-10367\"}]},{\"@type\":\"WebSite\",\"@id\":\"https:\\\/\\\/kohenavocats.com\\\/zh-hans\\\/#website\",\"url\":\"https:\\\/\\\/kohenavocats.com\\\/zh-hans\\\/\",\"name\":\"Kohen Avocats\",\"description\":\"Ma\u00eetre Hassan Kohen, avocat p\u00e9naliste \u00e0 Paris, intervient exclusivement en droit p\u00e9nal pour la d\u00e9fense des particuliers, notamment en mati\u00e8re d\u2019accusations de viol. Il assure un accompagnement rigoureux d\u00e8s la garde \u00e0 vue jusqu\u2019\u00e0 la Cour d\u2019assises, veillant au strict respect des garanties proc\u00e9durales.\",\"publisher\":{\"@id\":\"https:\\\/\\\/kohenavocats.com\\\/zh-hans\\\/#organization\"},\"potentialAction\":[{\"@type\":\"SearchAction\",\"target\":{\"@type\":\"EntryPoint\",\"urlTemplate\":\"https:\\\/\\\/kohenavocats.com\\\/zh-hans\\\/?s={search_term_string}\"},\"query-input\":{\"@type\":\"PropertyValueSpecification\",\"valueRequired\":true,\"valueName\":\"search_term_string\"}}],\"inLanguage\":\"zh-Hans\"},{\"@type\":\"Organization\",\"@id\":\"https:\\\/\\\/kohenavocats.com\\\/zh-hans\\\/#organization\",\"name\":\"Kohen Avocats\",\"url\":\"https:\\\/\\\/kohenavocats.com\\\/zh-hans\\\/\",\"logo\":{\"@type\":\"ImageObject\",\"inLanguage\":\"zh-Hans\",\"@id\":\"https:\\\/\\\/kohenavocats.com\\\/zh-hans\\\/#\\\/schema\\\/logo\\\/image\\\/\",\"url\":\"https:\\\/\\\/kohenavocats.com\\\/wp-content\\\/uploads\\\/2026\\\/01\\\/Logo-2-1.webp\",\"contentUrl\":\"https:\\\/\\\/kohenavocats.com\\\/wp-content\\\/uploads\\\/2026\\\/01\\\/Logo-2-1.webp\",\"width\":2114,\"height\":1253,\"caption\":\"Kohen Avocats\"},\"image\":{\"@id\":\"https:\\\/\\\/kohenavocats.com\\\/zh-hans\\\/#\\\/schema\\\/logo\\\/image\\\/\"}}]}<\/script>\n<!-- \/ Yoast SEO Premium plugin. -->","yoast_head_json":{"title":"Tribunal d'arrondissement, 27 mars 2026, n\u00b0 2025-10367 - Ma\u00eetre Hassan Kohen, avocat en droit p\u00e9nal \u00e0 Paris","robots":{"index":"index","follow":"follow","max-snippet":"max-snippet:-1","max-image-preview":"max-image-preview:large","max-video-preview":"max-video-preview:-1"},"canonical":"https:\/\/kohenavocats.com\/zh-hans\/jurisprudences\/tribunal-darrondissement-27-mars-2026-n-2025-10367\/","og_locale":"zh_CN","og_type":"article","og_title":"Tribunal d'arrondissement, 27 mars 2026, n\u00b0 2025-10367","og_description":"1 Jugement commercial 2026TALCH15\/00408 Audience publique extraordinaire du vendredi, vingt-sept mars deux mille vingt-six. R\u00e9organisation judiciaire I-2025\/00076 SOCIETE1.)SARL-S Composition : Tania CARDOSO, Vice-pr\u00e9sidente; AnnaCHEBOTARYOVA, juge ; Chris BACKES, juge; Jessica DA SILVA ANTUNES, greffi\u00e8re. LE TRIBUNAL : Revu le jugement rendu par ce tribunal en\u2026","og_url":"https:\/\/kohenavocats.com\/zh-hans\/jurisprudences\/tribunal-darrondissement-27-mars-2026-n-2025-10367\/","og_site_name":"Ma\u00eetre Hassan Kohen, avocat en droit p\u00e9nal \u00e0 Paris","article_modified_time":"2026-04-19T16:28:23+00:00","twitter_card":"summary_large_image","twitter_misc":{"\u9884\u8ba1\u9605\u8bfb\u65f6\u95f4":"4 \u5206"},"schema":{"@context":"https:\/\/schema.org","@graph":[{"@type":"WebPage","@id":"https:\/\/kohenavocats.com\/zh-hans\/jurisprudences\/tribunal-darrondissement-27-mars-2026-n-2025-10367\/","url":"https:\/\/kohenavocats.com\/zh-hans\/jurisprudences\/tribunal-darrondissement-27-mars-2026-n-2025-10367\/","name":"Tribunal d'arrondissement, 27 mars 2026, n\u00b0 2025-10367 - Ma\u00eetre Hassan Kohen, avocat en droit p\u00e9nal \u00e0 Paris","isPartOf":{"@id":"https:\/\/kohenavocats.com\/zh-hans\/#website"},"datePublished":"2026-04-19T16:28:16+00:00","dateModified":"2026-04-19T16:28:23+00:00","breadcrumb":{"@id":"https:\/\/kohenavocats.com\/zh-hans\/jurisprudences\/tribunal-darrondissement-27-mars-2026-n-2025-10367\/#breadcrumb"},"inLanguage":"zh-Hans","potentialAction":[{"@type":"ReadAction","target":["https:\/\/kohenavocats.com\/zh-hans\/jurisprudences\/tribunal-darrondissement-27-mars-2026-n-2025-10367\/"]}]},{"@type":"BreadcrumbList","@id":"https:\/\/kohenavocats.com\/zh-hans\/jurisprudences\/tribunal-darrondissement-27-mars-2026-n-2025-10367\/#breadcrumb","itemListElement":[{"@type":"ListItem","position":1,"name":"Home","item":"https:\/\/kohenavocats.com\/zh-hans\/"},{"@type":"ListItem","position":2,"name":"Jurisprudences","item":"https:\/\/kohenavocats.com\/zh-hans\/jurisprudences\/"},{"@type":"ListItem","position":3,"name":"Tribunal d&rsquo;arrondissement, 27 mars 2026, n\u00b0 2025-10367"}]},{"@type":"WebSite","@id":"https:\/\/kohenavocats.com\/zh-hans\/#website","url":"https:\/\/kohenavocats.com\/zh-hans\/","name":"Kohen Avocats","description":"Ma\u00eetre Hassan Kohen, avocat p\u00e9naliste \u00e0 Paris, intervient exclusivement en droit p\u00e9nal pour la d\u00e9fense des particuliers, notamment en mati\u00e8re d\u2019accusations de viol. Il assure un accompagnement rigoureux d\u00e8s la garde \u00e0 vue jusqu\u2019\u00e0 la Cour d\u2019assises, veillant au strict respect des garanties proc\u00e9durales.","publisher":{"@id":"https:\/\/kohenavocats.com\/zh-hans\/#organization"},"potentialAction":[{"@type":"SearchAction","target":{"@type":"EntryPoint","urlTemplate":"https:\/\/kohenavocats.com\/zh-hans\/?s={search_term_string}"},"query-input":{"@type":"PropertyValueSpecification","valueRequired":true,"valueName":"search_term_string"}}],"inLanguage":"zh-Hans"},{"@type":"Organization","@id":"https:\/\/kohenavocats.com\/zh-hans\/#organization","name":"Kohen Avocats","url":"https:\/\/kohenavocats.com\/zh-hans\/","logo":{"@type":"ImageObject","inLanguage":"zh-Hans","@id":"https:\/\/kohenavocats.com\/zh-hans\/#\/schema\/logo\/image\/","url":"https:\/\/kohenavocats.com\/wp-content\/uploads\/2026\/01\/Logo-2-1.webp","contentUrl":"https:\/\/kohenavocats.com\/wp-content\/uploads\/2026\/01\/Logo-2-1.webp","width":2114,"height":1253,"caption":"Kohen Avocats"},"image":{"@id":"https:\/\/kohenavocats.com\/zh-hans\/#\/schema\/logo\/image\/"}}]}},"jetpack_likes_enabled":false,"jetpack_sharing_enabled":true,"_links":{"self":[{"href":"https:\/\/kohenavocats.com\/zh-hans\/wp-json\/wp\/v2\/kji_decision\/609019","targetHints":{"allow":["GET"]}}],"collection":[{"href":"https:\/\/kohenavocats.com\/zh-hans\/wp-json\/wp\/v2\/kji_decision"}],"about":[{"href":"https:\/\/kohenavocats.com\/zh-hans\/wp-json\/wp\/v2\/types\/kji_decision"}],"wp:attachment":[{"href":"https:\/\/kohenavocats.com\/zh-hans\/wp-json\/wp\/v2\/media?parent=609019"}],"wp:term":[{"taxonomy":"kji_country","embeddable":true,"href":"https:\/\/kohenavocats.com\/zh-hans\/wp-json\/wp\/v2\/kji_country?post=609019"},{"taxonomy":"kji_court","embeddable":true,"href":"https:\/\/kohenavocats.com\/zh-hans\/wp-json\/wp\/v2\/kji_court?post=609019"},{"taxonomy":"kji_chamber","embeddable":true,"href":"https:\/\/kohenavocats.com\/zh-hans\/wp-json\/wp\/v2\/kji_chamber?post=609019"},{"taxonomy":"kji_year","embeddable":true,"href":"https:\/\/kohenavocats.com\/zh-hans\/wp-json\/wp\/v2\/kji_year?post=609019"},{"taxonomy":"kji_subject","embeddable":true,"href":"https:\/\/kohenavocats.com\/zh-hans\/wp-json\/wp\/v2\/kji_subject?post=609019"},{"taxonomy":"kji_keyword","embeddable":true,"href":"https:\/\/kohenavocats.com\/zh-hans\/wp-json\/wp\/v2\/kji_keyword?post=609019"},{"taxonomy":"kji_language","embeddable":true,"href":"https:\/\/kohenavocats.com\/zh-hans\/wp-json\/wp\/v2\/kji_language?post=609019"}],"curies":[{"name":"wp","href":"https:\/\/api.w.org\/{rel}","templated":true}]}}