{"id":611347,"date":"2026-04-19T21:33:17","date_gmt":"2026-04-19T19:33:17","guid":{"rendered":"https:\/\/kohenavocats.com\/jurisprudences\/tribunal-darrondissement-6-fevrier-2025-n-2024-07754\/"},"modified":"2026-04-19T21:33:20","modified_gmt":"2026-04-19T19:33:20","slug":"tribunal-darrondissement-6-fevrier-2025-n-2024-07754","status":"publish","type":"kji_decision","link":"https:\/\/kohenavocats.com\/zh-hans\/jurisprudences\/tribunal-darrondissement-6-fevrier-2025-n-2024-07754\/","title":{"rendered":"Tribunal d&#8217;arrondissement, 6 f\u00e9vrier 2025, n\u00b0 2024-07754"},"content":{"rendered":"<div class=\"kji-decision\">\n<div class=\"kji-full-text\">\n<p>1 Jugement commercial2025TALCH06\/00062 Audience publique dujeudi,six f\u00e9vrierdeux mille vingt-cinq. Num\u00e9ro du r\u00f4le: TAL-2024-07754 R\u00e9organisation judiciaireI-2024\/0029 SOCIETE1.) SA Composition: Nad\u00e8ge ANEN, vice-pr\u00e9sidente; Alix KAYSER,premierjuge; Julie CORREIA,juge-d\u00e9l\u00e9gu\u00e9e; Claude FEIT, greffi\u00e8re. LE TRIBUNAL : Par requ\u00eate d\u00e9pos\u00e9e au greffe le 22 janvier 2025, la soci\u00e9t\u00e9 anonymeSOCIETE1.)SA (ci- apr\u00e8s \u00abSOCIETE1.)\u00bb) sollicite la prorogation du sursis courant jusqu\u2019au 17 f\u00e9vrier 2025 accord\u00e9 par jugement du 17 octobre 2024 pour une dur\u00e9e suppl\u00e9mentaire de six mois. SOCIETE1.)base sa demande sur l\u2019article 33 paragraphe 1 er de la loi du 7 ao\u00fbt 2023 relative \u00e0 la pr\u00e9servation des entreprises et portant modernisation du droit de la faillite (ci-apr\u00e8s la \u00abLoi du 7 ao\u00fbt 2023\u00bb). A l\u2019appui de sa demande,SOCIETE1.)fait valoir qu\u2019elle n\u2019a pas \u00e9t\u00e9 en mesure de finaliser le plan de r\u00e9organisation avant le 22 janvier 2025, date de d\u00e9p\u00f4t pour le plan de r\u00e9organisation fix\u00e9e par le jugement pr\u00e9cit\u00e9 du 17 octobre 2024. SOCIETE1.)invoque l\u2019envergure de la structure du groupeORGANISATION1.),dont elle fait partie,ainsi que le refinancement en cours, via l\u2019\u00e9mission d\u2019obligations par la soci\u00e9t\u00e9 SOCIETE2.)..Lesdites obligations auraient \u00e9t\u00e9 cot\u00e9es \u00e0 la Bourse deADRESSE1.), et SOCIETE2.). serait en cours de n\u00e9gociations avec de potentiels investisseurs. La dur\u00e9e prise pour le placement des obligations s\u2019expliquerait par le montant significatif de l\u2019\u00e9mission de 550.000.000,-EUR. Motifs de la d\u00e9cision 1)Quant \u00e0 la recevabilit\u00e9<\/p>\n<p>2 La demande en prorogation du sursis doit, au v\u0153u de l\u2019article 33 paragraphe 1 er de la Loi du 7 ao\u00fbt 2023, \u00ab\u00eatre d\u00e9pos\u00e9e, sous peined\u2019irrecevabilit\u00e9, au plus tard quinze jours avant l\u2019expiration du sursis octroy\u00e9\u00bb. Le sursis initial courant jusqu\u2019au 17 f\u00e9vrier 2025, la requ\u00eate d\u00e9pos\u00e9e le 22 janvier 2025 a \u00e9t\u00e9 introduite au moins quinze jours avant l\u2019expiration du sursis initialement accord\u00e9. La demande est donc recevable. 2)Quant au bien fond\u00e9 Le tribunal rappelle que l\u2019objectif de la proc\u00e9dure de r\u00e9organisation judiciaire, exprim\u00e9 \u00e0 l\u2019article 12 de la Loi du 7 ao\u00fbt 2023, est de pr\u00e9server la continuit\u00e9 de tout ou partie des actifs ou des activit\u00e9s de l\u2019entreprise. Il d\u00e9coule des \u00e9l\u00e9ments du dossier et des d\u00e9clarations faites \u00e0 l\u2019audience queSOCIETE1.) fait partie d\u2019un important groupe de soci\u00e9t\u00e9s en cours de restructuration et de refinancement. Il r\u00e9sulte par ailleurs des pi\u00e8ces vers\u00e9es en cause que le groupeORGANISATION1.)est en cours de n\u00e9gociations avec de potentiels investisseurs. Dans ces conditions, le tribunal retient que le d\u00e9lai initial de quatre mois \u00e9tait trop court pour finaliser un plan de r\u00e9organisation viable et convaincant, qui aurait pu \u00eatre soumis aux cr\u00e9anciers deSOCIETE1.). La prorogation du sursis sollicit\u00e9e est, par cons\u00e9quent, justifi\u00e9e. La dur\u00e9e du sursis doit \u00eatre d\u00e9termin\u00e9e de mani\u00e8re \u00e0 maintenir, autant que faire se peut, un \u00e9quilibre entre la n\u00e9cessaire protection du d\u00e9biteur et les droits des cr\u00e9anciers, en tenant compte notamment de la complexit\u00e9 de l\u2019affaire ou des caract\u00e9ristiquesdu secteur d\u2019activit\u00e9 concern\u00e9. Au vu de l\u2019ensemble des \u00e9l\u00e9ments dont dispose le tribunal, il y a lieu de proroger la dur\u00e9e du sursis initial courant jusqu\u2019au 17 f\u00e9vrier 2025, accord\u00e9 par jugement du 17 octobre 2024, de six mois suppl\u00e9mentaires, soit jusqu\u2019au 17 ao\u00fbt 2025. L\u2019article 20 paragraphe 3 de la Loi du 7 ao\u00fbt 2023 dispose \u00ab[l]orsque la proc\u00e9dure de r\u00e9organisation judiciaire a pour objectif d\u2019obtenir l\u2019accord des cr\u00e9anciers sur un plan de r\u00e9organisation, le tribunal d\u00e9signe, dans le jugement pour lequel il d\u00e9clare ouverte cette proc\u00e9dure de r\u00e9organisation judiciaire, ou dans unjugement ult\u00e9rieur, les lieu, jour et heure o\u00f9, sauf prorogation du sursis, aura lieu l\u2019audience \u00e0 laquelle il sera proc\u00e9d\u00e9 au vote sur ce plan et statu\u00e9 sur l\u2019homologation\u00bb. L\u2019article 38 de la Loi du 7 ao\u00fbt 2023 pr\u00e9voit par ailleurs \u00ab[l]orsque la proc\u00e9dure de r\u00e9organisation judiciaire a pour objectif d\u2019obtenir l\u2019accord des cr\u00e9anciers sur un plan de r\u00e9organisation, le d\u00e9biteur d\u00e9pose un plan au greffe au moins vingt jours avant l\u2019audience fix\u00e9e dans le jugement vis\u00e9e \u00e0 l\u2019article 20 paragraphe 3\u00bb. En application de dispositions pr\u00e9cit\u00e9es, le tribunal inviteSOCIETE1.)\u00e0 proc\u00e9der au d\u00e9p\u00f4t du plan de r\u00e9organisation jusqu\u2019au22juillet 2025 au plus tard, et fixe, sauf prorogation du sursis, le vote et les d\u00e9bats portant sur ce plan de r\u00e9organisation au11 ao\u00fbt 2025\u00e010.00 heures, salle CO. 1.01., Cit\u00e9 judiciaire, 7, rue du St Esprit, 1 er \u00e9tage.<\/p>\n<p>3 Il convient en fin d\u2019ordonner la publication du pr\u00e9sent jugement par extrait au Recueil \u00e9lectronique des soci\u00e9t\u00e9s et associations dans les cinq jours de sa date. Parcesmotifs: Le tribunal d\u2019arrondissement de et \u00e0 Luxembourg, sixi\u00e8me chambre, si\u00e9geant en mati\u00e8re commerciale, statuant contradictoirement, sur rapport du juged\u00e9l\u00e9gu\u00e9, ditla requ\u00eate recevable et fond\u00e9e; prorogela dur\u00e9e du sursis de six mois suppl\u00e9mentaires, soit jusqu\u2019au 17 ao\u00fbt 2025, invitele d\u00e9biteur -\u00e0 tenir le juged\u00e9l\u00e9gu\u00e9 inform\u00e9 de toute \u00e9volution de la proc\u00e9dure, -\u00e0 d\u00e9poser au greffe le plan de r\u00e9organisation au plus tard le22juillet 2025, fixe\u00e0 l\u2019audienceextraordinaire de vacationdu11 ao\u00fbt 2025, \u00e010.00 heures,salle CO.1.01, Cit\u00e9 judiciaire, 7, rue du St Esprit, 1 er \u00e9tage, levote et les d\u00e9bats sur le plan de r\u00e9organisation, ordonnela publication du pr\u00e9sent jugement par extrait au Recueil \u00e9lectronique des soci\u00e9t\u00e9s et associations dans les cinq jours de sa date, metles frais \u00e0 charge de la soci\u00e9t\u00e9 anonymeSOCIETE1.)SA.<\/p>\n<\/div>\n<hr class=\"kji-sep\" \/>\n<p class=\"kji-source-links\"><strong>Sources officielles :<\/strong> <a class=\"kji-source-link\" href=\"https:\/\/data.public.lu\/fr\/datasets\/tribunal-darrondissement-luxembourg-commerce\/\" target=\"_blank\" rel=\"noopener noreferrer\">consulter la page source<\/a> &middot; <a class=\"kji-pdf-link\" href=\"https:\/\/download.data.public.lu\/resources\/tribunal-darrondissement-luxembourg-commerce\/20250303-010853\/20250206-talch06-tal-2024-07754-pseudonymise-accessible.pdf\" target=\"_blank\" rel=\"noopener noreferrer\">PDF officiel<\/a><\/p>\n<p class=\"kji-license-note\"><em>Licence CC BY-ND 4.0 (Administration judiciaire, data.public.lu). Republication autorisee avec attribution, sans modification editoriale du texte integral.<\/em><\/p>\n<\/div>\n","protected":false},"excerpt":{"rendered":"<p>1 Jugement commercial2025TALCH06\/00062 Audience publique dujeudi,six f\u00e9vrierdeux mille vingt-cinq. Num\u00e9ro du r\u00f4le: TAL-2024-07754 R\u00e9organisation judiciaireI-2024\/0029 SOCIETE1.) SA Composition: Nad\u00e8ge ANEN, vice-pr\u00e9sidente; Alix KAYSER,premierjuge; Julie CORREIA,juge-d\u00e9l\u00e9gu\u00e9e; Claude FEIT, greffi\u00e8re. LE TRIBUNAL : Par requ\u00eate d\u00e9pos\u00e9e au greffe le 22 janvier 2025, la soci\u00e9t\u00e9 anonymeSOCIETE1.)SA (ci- apr\u00e8s\u2026<\/p>\n","protected":false},"featured_media":0,"template":"","meta":{"_crdt_document":""},"kji_country":[8418],"kji_court":[23583],"kji_chamber":[24938],"kji_year":[8463],"kji_subject":[7625],"kji_keyword":[23584,8457,7636],"kji_language":[7733],"class_list":["post-611347","kji_decision","type-kji_decision","status-publish","hentry","kji_country-luxembourg","kji_court-tribunal-darrondissement","kji_chamber-commerce","kji_year-8463","kji_subject-commercial","kji_keyword-arrondissement","kji_keyword-fevrier","kji_keyword-tribunal","kji_language-francais"],"yoast_head":"<!-- This site is optimized with the Yoast SEO Premium plugin v27.5 (Yoast SEO v27.5) - https:\/\/yoast.com\/product\/yoast-seo-premium-wordpress\/ -->\n<title>Tribunal d&#039;arrondissement, 6 f\u00e9vrier 2025, n\u00b0 2024-07754 - Ma\u00eetre Hassan Kohen, avocat en droit p\u00e9nal \u00e0 Paris<\/title>\n<meta name=\"robots\" content=\"index, follow, max-snippet:-1, max-image-preview:large, max-video-preview:-1\" \/>\n<link rel=\"canonical\" href=\"https:\/\/kohenavocats.com\/zh-hans\/jurisprudences\/tribunal-darrondissement-6-fevrier-2025-n-2024-07754\/\" \/>\n<meta property=\"og:locale\" content=\"zh_CN\" \/>\n<meta property=\"og:type\" content=\"article\" \/>\n<meta property=\"og:title\" content=\"Tribunal d&#039;arrondissement, 6 f\u00e9vrier 2025, n\u00b0 2024-07754\" \/>\n<meta property=\"og:description\" content=\"1 Jugement commercial2025TALCH06\/00062 Audience publique dujeudi,six f\u00e9vrierdeux mille vingt-cinq. Num\u00e9ro du r\u00f4le: TAL-2024-07754 R\u00e9organisation judiciaireI-2024\/0029 SOCIETE1.) SA Composition: Nad\u00e8ge ANEN, vice-pr\u00e9sidente; Alix KAYSER,premierjuge; Julie CORREIA,juge-d\u00e9l\u00e9gu\u00e9e; Claude FEIT, greffi\u00e8re. LE TRIBUNAL : Par requ\u00eate d\u00e9pos\u00e9e au greffe le 22 janvier 2025, la soci\u00e9t\u00e9 anonymeSOCIETE1.)SA (ci- apr\u00e8s\u2026\" \/>\n<meta property=\"og:url\" content=\"https:\/\/kohenavocats.com\/zh-hans\/jurisprudences\/tribunal-darrondissement-6-fevrier-2025-n-2024-07754\/\" \/>\n<meta property=\"og:site_name\" content=\"Ma\u00eetre Hassan Kohen, avocat en droit p\u00e9nal \u00e0 Paris\" \/>\n<meta property=\"article:modified_time\" content=\"2026-04-19T19:33:20+00:00\" \/>\n<meta name=\"twitter:card\" content=\"summary_large_image\" \/>\n<meta name=\"twitter:label1\" content=\"\u9884\u8ba1\u9605\u8bfb\u65f6\u95f4\" \/>\n\t<meta name=\"twitter:data1\" content=\"5 \u5206\" \/>\n<script type=\"application\/ld+json\" class=\"yoast-schema-graph\">{\"@context\":\"https:\\\/\\\/schema.org\",\"@graph\":[{\"@type\":\"WebPage\",\"@id\":\"https:\\\/\\\/kohenavocats.com\\\/zh-hans\\\/jurisprudences\\\/tribunal-darrondissement-6-fevrier-2025-n-2024-07754\\\/\",\"url\":\"https:\\\/\\\/kohenavocats.com\\\/zh-hans\\\/jurisprudences\\\/tribunal-darrondissement-6-fevrier-2025-n-2024-07754\\\/\",\"name\":\"Tribunal d'arrondissement, 6 f\u00e9vrier 2025, n\u00b0 2024-07754 - Ma\u00eetre Hassan Kohen, avocat en droit p\u00e9nal \u00e0 Paris\",\"isPartOf\":{\"@id\":\"https:\\\/\\\/kohenavocats.com\\\/zh-hans\\\/#website\"},\"datePublished\":\"2026-04-19T19:33:17+00:00\",\"dateModified\":\"2026-04-19T19:33:20+00:00\",\"breadcrumb\":{\"@id\":\"https:\\\/\\\/kohenavocats.com\\\/zh-hans\\\/jurisprudences\\\/tribunal-darrondissement-6-fevrier-2025-n-2024-07754\\\/#breadcrumb\"},\"inLanguage\":\"zh-Hans\",\"potentialAction\":[{\"@type\":\"ReadAction\",\"target\":[\"https:\\\/\\\/kohenavocats.com\\\/zh-hans\\\/jurisprudences\\\/tribunal-darrondissement-6-fevrier-2025-n-2024-07754\\\/\"]}]},{\"@type\":\"BreadcrumbList\",\"@id\":\"https:\\\/\\\/kohenavocats.com\\\/zh-hans\\\/jurisprudences\\\/tribunal-darrondissement-6-fevrier-2025-n-2024-07754\\\/#breadcrumb\",\"itemListElement\":[{\"@type\":\"ListItem\",\"position\":1,\"name\":\"Home\",\"item\":\"https:\\\/\\\/kohenavocats.com\\\/zh-hans\\\/\"},{\"@type\":\"ListItem\",\"position\":2,\"name\":\"Jurisprudences\",\"item\":\"https:\\\/\\\/kohenavocats.com\\\/zh-hans\\\/jurisprudences\\\/\"},{\"@type\":\"ListItem\",\"position\":3,\"name\":\"Tribunal d&rsquo;arrondissement, 6 f\u00e9vrier 2025, n\u00b0 2024-07754\"}]},{\"@type\":\"WebSite\",\"@id\":\"https:\\\/\\\/kohenavocats.com\\\/zh-hans\\\/#website\",\"url\":\"https:\\\/\\\/kohenavocats.com\\\/zh-hans\\\/\",\"name\":\"Kohen Avocats\",\"description\":\"Ma\u00eetre Hassan Kohen, avocat p\u00e9naliste \u00e0 Paris, intervient exclusivement en droit p\u00e9nal pour la d\u00e9fense des particuliers, notamment en mati\u00e8re d\u2019accusations de viol. Il assure un accompagnement rigoureux d\u00e8s la garde \u00e0 vue jusqu\u2019\u00e0 la Cour d\u2019assises, veillant au strict respect des garanties proc\u00e9durales.\",\"publisher\":{\"@id\":\"https:\\\/\\\/kohenavocats.com\\\/zh-hans\\\/#organization\"},\"potentialAction\":[{\"@type\":\"SearchAction\",\"target\":{\"@type\":\"EntryPoint\",\"urlTemplate\":\"https:\\\/\\\/kohenavocats.com\\\/zh-hans\\\/?s={search_term_string}\"},\"query-input\":{\"@type\":\"PropertyValueSpecification\",\"valueRequired\":true,\"valueName\":\"search_term_string\"}}],\"inLanguage\":\"zh-Hans\"},{\"@type\":\"Organization\",\"@id\":\"https:\\\/\\\/kohenavocats.com\\\/zh-hans\\\/#organization\",\"name\":\"Kohen Avocats\",\"url\":\"https:\\\/\\\/kohenavocats.com\\\/zh-hans\\\/\",\"logo\":{\"@type\":\"ImageObject\",\"inLanguage\":\"zh-Hans\",\"@id\":\"https:\\\/\\\/kohenavocats.com\\\/zh-hans\\\/#\\\/schema\\\/logo\\\/image\\\/\",\"url\":\"https:\\\/\\\/kohenavocats.com\\\/wp-content\\\/uploads\\\/2026\\\/01\\\/Logo-2-1.webp\",\"contentUrl\":\"https:\\\/\\\/kohenavocats.com\\\/wp-content\\\/uploads\\\/2026\\\/01\\\/Logo-2-1.webp\",\"width\":2114,\"height\":1253,\"caption\":\"Kohen Avocats\"},\"image\":{\"@id\":\"https:\\\/\\\/kohenavocats.com\\\/zh-hans\\\/#\\\/schema\\\/logo\\\/image\\\/\"}}]}<\/script>\n<!-- \/ Yoast SEO Premium plugin. -->","yoast_head_json":{"title":"Tribunal d'arrondissement, 6 f\u00e9vrier 2025, n\u00b0 2024-07754 - Ma\u00eetre Hassan Kohen, avocat en droit p\u00e9nal \u00e0 Paris","robots":{"index":"index","follow":"follow","max-snippet":"max-snippet:-1","max-image-preview":"max-image-preview:large","max-video-preview":"max-video-preview:-1"},"canonical":"https:\/\/kohenavocats.com\/zh-hans\/jurisprudences\/tribunal-darrondissement-6-fevrier-2025-n-2024-07754\/","og_locale":"zh_CN","og_type":"article","og_title":"Tribunal d'arrondissement, 6 f\u00e9vrier 2025, n\u00b0 2024-07754","og_description":"1 Jugement commercial2025TALCH06\/00062 Audience publique dujeudi,six f\u00e9vrierdeux mille vingt-cinq. Num\u00e9ro du r\u00f4le: TAL-2024-07754 R\u00e9organisation judiciaireI-2024\/0029 SOCIETE1.) SA Composition: Nad\u00e8ge ANEN, vice-pr\u00e9sidente; Alix KAYSER,premierjuge; Julie CORREIA,juge-d\u00e9l\u00e9gu\u00e9e; Claude FEIT, greffi\u00e8re. LE TRIBUNAL : Par requ\u00eate d\u00e9pos\u00e9e au greffe le 22 janvier 2025, la soci\u00e9t\u00e9 anonymeSOCIETE1.)SA (ci- apr\u00e8s\u2026","og_url":"https:\/\/kohenavocats.com\/zh-hans\/jurisprudences\/tribunal-darrondissement-6-fevrier-2025-n-2024-07754\/","og_site_name":"Ma\u00eetre Hassan Kohen, avocat en droit p\u00e9nal \u00e0 Paris","article_modified_time":"2026-04-19T19:33:20+00:00","twitter_card":"summary_large_image","twitter_misc":{"\u9884\u8ba1\u9605\u8bfb\u65f6\u95f4":"5 \u5206"},"schema":{"@context":"https:\/\/schema.org","@graph":[{"@type":"WebPage","@id":"https:\/\/kohenavocats.com\/zh-hans\/jurisprudences\/tribunal-darrondissement-6-fevrier-2025-n-2024-07754\/","url":"https:\/\/kohenavocats.com\/zh-hans\/jurisprudences\/tribunal-darrondissement-6-fevrier-2025-n-2024-07754\/","name":"Tribunal d'arrondissement, 6 f\u00e9vrier 2025, n\u00b0 2024-07754 - Ma\u00eetre Hassan Kohen, avocat en droit p\u00e9nal \u00e0 Paris","isPartOf":{"@id":"https:\/\/kohenavocats.com\/zh-hans\/#website"},"datePublished":"2026-04-19T19:33:17+00:00","dateModified":"2026-04-19T19:33:20+00:00","breadcrumb":{"@id":"https:\/\/kohenavocats.com\/zh-hans\/jurisprudences\/tribunal-darrondissement-6-fevrier-2025-n-2024-07754\/#breadcrumb"},"inLanguage":"zh-Hans","potentialAction":[{"@type":"ReadAction","target":["https:\/\/kohenavocats.com\/zh-hans\/jurisprudences\/tribunal-darrondissement-6-fevrier-2025-n-2024-07754\/"]}]},{"@type":"BreadcrumbList","@id":"https:\/\/kohenavocats.com\/zh-hans\/jurisprudences\/tribunal-darrondissement-6-fevrier-2025-n-2024-07754\/#breadcrumb","itemListElement":[{"@type":"ListItem","position":1,"name":"Home","item":"https:\/\/kohenavocats.com\/zh-hans\/"},{"@type":"ListItem","position":2,"name":"Jurisprudences","item":"https:\/\/kohenavocats.com\/zh-hans\/jurisprudences\/"},{"@type":"ListItem","position":3,"name":"Tribunal d&rsquo;arrondissement, 6 f\u00e9vrier 2025, n\u00b0 2024-07754"}]},{"@type":"WebSite","@id":"https:\/\/kohenavocats.com\/zh-hans\/#website","url":"https:\/\/kohenavocats.com\/zh-hans\/","name":"Kohen Avocats","description":"Ma\u00eetre Hassan Kohen, avocat p\u00e9naliste \u00e0 Paris, intervient exclusivement en droit p\u00e9nal pour la d\u00e9fense des particuliers, notamment en mati\u00e8re d\u2019accusations de viol. Il assure un accompagnement rigoureux d\u00e8s la garde \u00e0 vue jusqu\u2019\u00e0 la Cour d\u2019assises, veillant au strict respect des garanties proc\u00e9durales.","publisher":{"@id":"https:\/\/kohenavocats.com\/zh-hans\/#organization"},"potentialAction":[{"@type":"SearchAction","target":{"@type":"EntryPoint","urlTemplate":"https:\/\/kohenavocats.com\/zh-hans\/?s={search_term_string}"},"query-input":{"@type":"PropertyValueSpecification","valueRequired":true,"valueName":"search_term_string"}}],"inLanguage":"zh-Hans"},{"@type":"Organization","@id":"https:\/\/kohenavocats.com\/zh-hans\/#organization","name":"Kohen Avocats","url":"https:\/\/kohenavocats.com\/zh-hans\/","logo":{"@type":"ImageObject","inLanguage":"zh-Hans","@id":"https:\/\/kohenavocats.com\/zh-hans\/#\/schema\/logo\/image\/","url":"https:\/\/kohenavocats.com\/wp-content\/uploads\/2026\/01\/Logo-2-1.webp","contentUrl":"https:\/\/kohenavocats.com\/wp-content\/uploads\/2026\/01\/Logo-2-1.webp","width":2114,"height":1253,"caption":"Kohen Avocats"},"image":{"@id":"https:\/\/kohenavocats.com\/zh-hans\/#\/schema\/logo\/image\/"}}]}},"jetpack_likes_enabled":false,"jetpack_sharing_enabled":true,"_links":{"self":[{"href":"https:\/\/kohenavocats.com\/zh-hans\/wp-json\/wp\/v2\/kji_decision\/611347","targetHints":{"allow":["GET"]}}],"collection":[{"href":"https:\/\/kohenavocats.com\/zh-hans\/wp-json\/wp\/v2\/kji_decision"}],"about":[{"href":"https:\/\/kohenavocats.com\/zh-hans\/wp-json\/wp\/v2\/types\/kji_decision"}],"wp:attachment":[{"href":"https:\/\/kohenavocats.com\/zh-hans\/wp-json\/wp\/v2\/media?parent=611347"}],"wp:term":[{"taxonomy":"kji_country","embeddable":true,"href":"https:\/\/kohenavocats.com\/zh-hans\/wp-json\/wp\/v2\/kji_country?post=611347"},{"taxonomy":"kji_court","embeddable":true,"href":"https:\/\/kohenavocats.com\/zh-hans\/wp-json\/wp\/v2\/kji_court?post=611347"},{"taxonomy":"kji_chamber","embeddable":true,"href":"https:\/\/kohenavocats.com\/zh-hans\/wp-json\/wp\/v2\/kji_chamber?post=611347"},{"taxonomy":"kji_year","embeddable":true,"href":"https:\/\/kohenavocats.com\/zh-hans\/wp-json\/wp\/v2\/kji_year?post=611347"},{"taxonomy":"kji_subject","embeddable":true,"href":"https:\/\/kohenavocats.com\/zh-hans\/wp-json\/wp\/v2\/kji_subject?post=611347"},{"taxonomy":"kji_keyword","embeddable":true,"href":"https:\/\/kohenavocats.com\/zh-hans\/wp-json\/wp\/v2\/kji_keyword?post=611347"},{"taxonomy":"kji_language","embeddable":true,"href":"https:\/\/kohenavocats.com\/zh-hans\/wp-json\/wp\/v2\/kji_language?post=611347"}],"curies":[{"name":"wp","href":"https:\/\/api.w.org\/{rel}","templated":true}]}}