{"id":612149,"date":"2026-04-19T22:46:34","date_gmt":"2026-04-19T20:46:34","guid":{"rendered":"https:\/\/kohenavocats.com\/jurisprudences\/cour-superieure-de-justice-12-octobre-2023-n-2022-00502\/"},"modified":"2026-04-19T22:46:38","modified_gmt":"2026-04-19T20:46:38","slug":"cour-superieure-de-justice-12-octobre-2023-n-2022-00502","status":"publish","type":"kji_decision","link":"https:\/\/kohenavocats.com\/zh-hans\/jurisprudences\/cour-superieure-de-justice-12-octobre-2023-n-2022-00502\/","title":{"rendered":"Cour sup\u00e9rieure de justice, 12 octobre 2023, n\u00b0 2022-00502"},"content":{"rendered":"<div class=\"kji-decision\">\n<div class=\"kji-full-text\">\n<p>Arr\u00eat N\u00b0112\/23-III\u2013COM(rectification) Arr\u00eat commercial Audience publique dudouze octobredeux mille vingt-trois Num\u00e9roCAL-2022-00502du r\u00f4le Composition: Alain THORN, pr\u00e9sident de chambre, Marc WAGNER, conseiller, Caroline ENGEL,conseiller, Isabelle HIPPERT, greffier. E n t r e: la soci\u00e9t\u00e9\u00e0 responsabilit\u00e9 limit\u00e9eSOCIETE1.)s.\u00e0 r.l.,\u00e9tablie et ayant son si\u00e8ge social \u00e0 L-ADRESSE1.), inscrite au registre de commerceet des soci\u00e9t\u00e9s de Luxembourgsous le num\u00e9roNUMERO1.), repr\u00e9sent\u00e9e par song\u00e9rant actuellement en fonctions, appelanteaux termes d\u2019un exploit de l\u2019huissier de justiceGuy ENGELde Luxembourgdu11 mai 2022, comparant par Ma\u00eetreBruno VIER, avocat \u00e0 la Cour, demeurant \u00e0 Gonderange, e t:<\/p>\n<p>2 la soci\u00e9t\u00e9 anonymeSOCIETE2.)S.A.,\u00e9tablie et ayant son si\u00e8ge social \u00e0 L-ADRESSE2.), inscrite au registre de commerce et des soci\u00e9t\u00e9s de Luxembourg sous le num\u00e9roNUMERO2.), repr\u00e9sent\u00e9e par sonconseil d\u2019administrationactuellement en fonctions, intim\u00e9eaux fins du susditexploitENGEL, comparant par Ma\u00eetreNicolas BAUER, avocat \u00e0 la Cour, demeurant \u00e0Esch- sur-Alzette. LA COUR D\u2019APPEL: Par requ\u00eate d\u00e9pos\u00e9e le 14 juillet 2023 au greffe de la Cour, la soci\u00e9t\u00e9 anonyme SOCIETE2.)SA (ci-apr\u00e8sSOCIETE2.)) a demand\u00e9 larectification d\u2019une erreur mat\u00e9rielle contenue dans un arr\u00eat rendu le 6 juillet 2023, sous le num\u00e9roNUMERO3.)\/23, par la Cour d\u2019appel, troisi\u00e8me chambre. La requ\u00e9rante fait valoir que la juridiction de ce si\u00e8ge a invers\u00e9 les parties litigantes dans le dispositif de son arr\u00eat en pronon\u00e7ant les condamnations y renseign\u00e9es \u00e0 l\u2019encontre de la requ\u00e9rante, partie intim\u00e9e, au lieu de les prononcer \u00e0 l\u2019encontre de la soci\u00e9t\u00e9 \u00e0 responsabilit\u00e9 limit\u00e9eSOCIETE1.) SARL (ci-apr\u00e8sSOCIETE1.)), partie appelante. Dans des conclusions notifi\u00e9es le 18 septembre 2023, la partie appelante estime la requ\u00eate fond\u00e9e. Il ressort en effet, sans la moindre \u00e9quivoque, des motifs de l\u2019arr\u00eat dont il s\u2019agit que les condamnations au payement des dommages et int\u00e9r\u00eats, d\u2019une indemnit\u00e9 de proc\u00e9dure ainsi que des frais et d\u00e9pens de l\u2019instance d\u2019appel auraient d\u00fb \u00eatre prononc\u00e9es \u00e0 l\u2019encontre de la partie appelante,SOCIETE1.), et non pas \u00e0 l\u2019encontre de la partie intim\u00e9e,SOCIETE2.). Cette erreur purement mat\u00e9rielle requiert la rectification plus amplement sp\u00e9cifi\u00e9e dans le dispositif de la pr\u00e9sente d\u00e9cision. PAR CES MOTIFS:<\/p>\n<p>3 la Cour d\u2019appel, troisi\u00e8me chambre, si\u00e9geant en mati\u00e8re commerciale, statuant contradictoirement, rectifiant, ditque le dispositif de l\u2019arr\u00eat rendu le 6 juillet 2023, sous le num\u00e9roNUMERO3.)\/23 sera le suivant: Par ces motifs la Cour d\u2019appel, troisi\u00e8me chambre, si\u00e9geant en mati\u00e8re commerciale, statuant contradictoirement, donne acte \u00e0 la soci\u00e9t\u00e9 \u00e0 responsabilit\u00e9 limit\u00e9eSOCIETE1.)SARL de son offre de d\u00e9sistement d\u2019instance, notifi\u00e9e par acte d\u2019avocat \u00e0 avocat le 31 mai 2023, et \u00e0 la soci\u00e9t\u00e9 anonymeSOCIETE2.)SA de son refus, dit ill\u00e9gitime le refus oppos\u00e9 par la soci\u00e9t\u00e9 anonymeSOCIETE2.)SA, d\u00e9cr\u00e8tele d\u00e9sistement d\u2019instance aux cons\u00e9quences de droit, condamne la soci\u00e9t\u00e9 \u00e0 responsabilit\u00e9 limit\u00e9eSOCIETE1.)SARL \u00e0 payer \u00e0 la soci\u00e9t\u00e9 anonymeSOCIETE2.)SA des dommages et int\u00e9r\u00eats d\u2019un montant de 3.000 euros pour proc\u00e9dure abusive et vexatoire en instance d\u2019appel, condamne la soci\u00e9t\u00e9 \u00e0 responsabilit\u00e9 limit\u00e9eSOCIETE1.)SARL \u00e0 payer \u00e0 la soci\u00e9t\u00e9 anonymeSOCIETE2.)SA une indemnit\u00e9 de proc\u00e9dure de 2.500 euros pour l\u2019instance d\u2019appel, met les frais et d\u00e9pens de l\u2019instance d\u2019appel \u00e0 charge de la soci\u00e9t\u00e9 \u00e0 responsabilit\u00e9 limit\u00e9eSOCIETE1.)SARL, avec distraction au profit de Me Nicolas BAUER, sur ses affirmations de droit. ordonne que mention du pr\u00e9sent arr\u00eat sera faite en marge de la minute de l\u2019arr\u00eat rectifi\u00e9 et qu\u2019il ne sera plus d\u00e9livr\u00e9 d\u2019exp\u00e9ditionni d\u2019extrait de ce dernier sans la pr\u00e9sente rectification, laisse les frais de la proc\u00e9dure de rectification \u00e0 charge de l\u2019Etat. La lecture du pr\u00e9sent arr\u00eat a \u00e9t\u00e9 faite en la susdite audience publique par Alain THORN, pr\u00e9sident de chambre,en pr\u00e9sence du greffier Isabelle HIPPERT.<\/p>\n<p>4<\/p>\n<\/div>\n<hr class=\"kji-sep\" \/>\n<p class=\"kji-source-links\"><strong>Sources officielles :<\/strong> <a class=\"kji-source-link\" href=\"https:\/\/data.public.lu\/fr\/datasets\/cour-superieure-de-justice-chambre-3\/\" target=\"_blank\" rel=\"noopener noreferrer\">consulter la page source<\/a> &middot; <a class=\"kji-pdf-link\" href=\"https:\/\/download.data.public.lu\/resources\/cour-superieure-de-justice-chambre-3\/20240827-161031\/20231012-ca3-cal-2022-00502-pseudonymise-accessible.pdf\" target=\"_blank\" rel=\"noopener noreferrer\">PDF officiel<\/a><\/p>\n<p class=\"kji-license-note\"><em>Licence CC BY-ND 4.0 (Administration judiciaire, data.public.lu). Republication autorisee avec attribution, sans modification editoriale du texte integral.<\/em><\/p>\n<\/div>\n","protected":false},"excerpt":{"rendered":"<p>Arr\u00eat N\u00b0112\/23-III\u2013COM(rectification) Arr\u00eat commercial Audience publique dudouze octobredeux mille vingt-trois Num\u00e9roCAL-2022-00502du r\u00f4le Composition: Alain THORN, pr\u00e9sident de chambre, Marc WAGNER, conseiller, Caroline ENGEL,conseiller, Isabelle HIPPERT, greffier. E n t r e: la soci\u00e9t\u00e9\u00e0 responsabilit\u00e9 limit\u00e9eSOCIETE1.)s.\u00e0 r.l.,\u00e9tablie et ayant son si\u00e8ge social \u00e0 L-ADRESSE1.), inscrite au\u2026<\/p>\n","protected":false},"featured_media":0,"template":"","meta":{"_crdt_document":""},"kji_country":[8418],"kji_court":[12305],"kji_chamber":[15890],"kji_year":[24566],"kji_subject":[7724],"kji_keyword":[8683,15902,9055,8598,12307],"kji_language":[7733],"class_list":["post-612149","kji_decision","type-kji_decision","status-publish","hentry","kji_country-luxembourg","kji_court-cour-superieure-de-justice","kji_chamber-chambre-3","kji_year-24566","kji_subject-civil","kji_keyword-arret","kji_keyword-iii-com","kji_keyword-justice","kji_keyword-octobre","kji_keyword-superieure","kji_language-francais"],"yoast_head":"<!-- This site is optimized with the Yoast SEO Premium plugin v27.5 (Yoast SEO v27.5) - https:\/\/yoast.com\/product\/yoast-seo-premium-wordpress\/ -->\n<title>Cour sup\u00e9rieure de justice, 12 octobre 2023, n\u00b0 2022-00502 - Ma\u00eetre Hassan Kohen, avocat en droit p\u00e9nal \u00e0 Paris<\/title>\n<meta name=\"robots\" content=\"index, follow, max-snippet:-1, max-image-preview:large, max-video-preview:-1\" \/>\n<link rel=\"canonical\" href=\"https:\/\/kohenavocats.com\/zh-hans\/jurisprudences\/cour-superieure-de-justice-12-octobre-2023-n-2022-00502\/\" \/>\n<meta property=\"og:locale\" content=\"zh_CN\" \/>\n<meta property=\"og:type\" content=\"article\" \/>\n<meta property=\"og:title\" content=\"Cour sup\u00e9rieure de justice, 12 octobre 2023, n\u00b0 2022-00502\" \/>\n<meta property=\"og:description\" content=\"Arr\u00eat N\u00b0112\/23-III\u2013COM(rectification) Arr\u00eat commercial Audience publique dudouze octobredeux mille vingt-trois Num\u00e9roCAL-2022-00502du r\u00f4le Composition: Alain THORN, pr\u00e9sident de chambre, Marc WAGNER, conseiller, Caroline ENGEL,conseiller, Isabelle HIPPERT, greffier. E n t r e: la soci\u00e9t\u00e9\u00e0 responsabilit\u00e9 limit\u00e9eSOCIETE1.)s.\u00e0 r.l.,\u00e9tablie et ayant son si\u00e8ge social \u00e0 L-ADRESSE1.), inscrite au\u2026\" \/>\n<meta property=\"og:url\" content=\"https:\/\/kohenavocats.com\/zh-hans\/jurisprudences\/cour-superieure-de-justice-12-octobre-2023-n-2022-00502\/\" \/>\n<meta property=\"og:site_name\" content=\"Ma\u00eetre Hassan Kohen, avocat en droit p\u00e9nal \u00e0 Paris\" \/>\n<meta property=\"article:modified_time\" content=\"2026-04-19T20:46:38+00:00\" \/>\n<meta name=\"twitter:card\" content=\"summary_large_image\" \/>\n<meta name=\"twitter:label1\" content=\"\u9884\u8ba1\u9605\u8bfb\u65f6\u95f4\" \/>\n\t<meta name=\"twitter:data1\" content=\"3 \u5206\" \/>\n<script type=\"application\/ld+json\" class=\"yoast-schema-graph\">{\"@context\":\"https:\\\/\\\/schema.org\",\"@graph\":[{\"@type\":\"WebPage\",\"@id\":\"https:\\\/\\\/kohenavocats.com\\\/zh-hans\\\/jurisprudences\\\/cour-superieure-de-justice-12-octobre-2023-n-2022-00502\\\/\",\"url\":\"https:\\\/\\\/kohenavocats.com\\\/zh-hans\\\/jurisprudences\\\/cour-superieure-de-justice-12-octobre-2023-n-2022-00502\\\/\",\"name\":\"Cour sup\u00e9rieure de justice, 12 octobre 2023, n\u00b0 2022-00502 - Ma\u00eetre Hassan Kohen, avocat en droit p\u00e9nal \u00e0 Paris\",\"isPartOf\":{\"@id\":\"https:\\\/\\\/kohenavocats.com\\\/zh-hans\\\/#website\"},\"datePublished\":\"2026-04-19T20:46:34+00:00\",\"dateModified\":\"2026-04-19T20:46:38+00:00\",\"breadcrumb\":{\"@id\":\"https:\\\/\\\/kohenavocats.com\\\/zh-hans\\\/jurisprudences\\\/cour-superieure-de-justice-12-octobre-2023-n-2022-00502\\\/#breadcrumb\"},\"inLanguage\":\"zh-Hans\",\"potentialAction\":[{\"@type\":\"ReadAction\",\"target\":[\"https:\\\/\\\/kohenavocats.com\\\/zh-hans\\\/jurisprudences\\\/cour-superieure-de-justice-12-octobre-2023-n-2022-00502\\\/\"]}]},{\"@type\":\"BreadcrumbList\",\"@id\":\"https:\\\/\\\/kohenavocats.com\\\/zh-hans\\\/jurisprudences\\\/cour-superieure-de-justice-12-octobre-2023-n-2022-00502\\\/#breadcrumb\",\"itemListElement\":[{\"@type\":\"ListItem\",\"position\":1,\"name\":\"Home\",\"item\":\"https:\\\/\\\/kohenavocats.com\\\/zh-hans\\\/\"},{\"@type\":\"ListItem\",\"position\":2,\"name\":\"Jurisprudences\",\"item\":\"https:\\\/\\\/kohenavocats.com\\\/zh-hans\\\/jurisprudences\\\/\"},{\"@type\":\"ListItem\",\"position\":3,\"name\":\"Cour sup\u00e9rieure de justice, 12 octobre 2023, n\u00b0 2022-00502\"}]},{\"@type\":\"WebSite\",\"@id\":\"https:\\\/\\\/kohenavocats.com\\\/zh-hans\\\/#website\",\"url\":\"https:\\\/\\\/kohenavocats.com\\\/zh-hans\\\/\",\"name\":\"Kohen Avocats\",\"description\":\"Ma\u00eetre Hassan Kohen, avocat p\u00e9naliste \u00e0 Paris, intervient exclusivement en droit p\u00e9nal pour la d\u00e9fense des particuliers, notamment en mati\u00e8re d\u2019accusations de viol. Il assure un accompagnement rigoureux d\u00e8s la garde \u00e0 vue jusqu\u2019\u00e0 la Cour d\u2019assises, veillant au strict respect des garanties proc\u00e9durales.\",\"publisher\":{\"@id\":\"https:\\\/\\\/kohenavocats.com\\\/zh-hans\\\/#organization\"},\"potentialAction\":[{\"@type\":\"SearchAction\",\"target\":{\"@type\":\"EntryPoint\",\"urlTemplate\":\"https:\\\/\\\/kohenavocats.com\\\/zh-hans\\\/?s={search_term_string}\"},\"query-input\":{\"@type\":\"PropertyValueSpecification\",\"valueRequired\":true,\"valueName\":\"search_term_string\"}}],\"inLanguage\":\"zh-Hans\"},{\"@type\":\"Organization\",\"@id\":\"https:\\\/\\\/kohenavocats.com\\\/zh-hans\\\/#organization\",\"name\":\"Kohen Avocats\",\"url\":\"https:\\\/\\\/kohenavocats.com\\\/zh-hans\\\/\",\"logo\":{\"@type\":\"ImageObject\",\"inLanguage\":\"zh-Hans\",\"@id\":\"https:\\\/\\\/kohenavocats.com\\\/zh-hans\\\/#\\\/schema\\\/logo\\\/image\\\/\",\"url\":\"https:\\\/\\\/kohenavocats.com\\\/wp-content\\\/uploads\\\/2026\\\/01\\\/Logo-2-1.webp\",\"contentUrl\":\"https:\\\/\\\/kohenavocats.com\\\/wp-content\\\/uploads\\\/2026\\\/01\\\/Logo-2-1.webp\",\"width\":2114,\"height\":1253,\"caption\":\"Kohen Avocats\"},\"image\":{\"@id\":\"https:\\\/\\\/kohenavocats.com\\\/zh-hans\\\/#\\\/schema\\\/logo\\\/image\\\/\"}}]}<\/script>\n<!-- \/ Yoast SEO Premium plugin. -->","yoast_head_json":{"title":"Cour sup\u00e9rieure de justice, 12 octobre 2023, n\u00b0 2022-00502 - Ma\u00eetre Hassan Kohen, avocat en droit p\u00e9nal \u00e0 Paris","robots":{"index":"index","follow":"follow","max-snippet":"max-snippet:-1","max-image-preview":"max-image-preview:large","max-video-preview":"max-video-preview:-1"},"canonical":"https:\/\/kohenavocats.com\/zh-hans\/jurisprudences\/cour-superieure-de-justice-12-octobre-2023-n-2022-00502\/","og_locale":"zh_CN","og_type":"article","og_title":"Cour sup\u00e9rieure de justice, 12 octobre 2023, n\u00b0 2022-00502","og_description":"Arr\u00eat N\u00b0112\/23-III\u2013COM(rectification) Arr\u00eat commercial Audience publique dudouze octobredeux mille vingt-trois Num\u00e9roCAL-2022-00502du r\u00f4le Composition: Alain THORN, pr\u00e9sident de chambre, Marc WAGNER, conseiller, Caroline ENGEL,conseiller, Isabelle HIPPERT, greffier. E n t r e: la soci\u00e9t\u00e9\u00e0 responsabilit\u00e9 limit\u00e9eSOCIETE1.)s.\u00e0 r.l.,\u00e9tablie et ayant son si\u00e8ge social \u00e0 L-ADRESSE1.), inscrite au\u2026","og_url":"https:\/\/kohenavocats.com\/zh-hans\/jurisprudences\/cour-superieure-de-justice-12-octobre-2023-n-2022-00502\/","og_site_name":"Ma\u00eetre Hassan Kohen, avocat en droit p\u00e9nal \u00e0 Paris","article_modified_time":"2026-04-19T20:46:38+00:00","twitter_card":"summary_large_image","twitter_misc":{"\u9884\u8ba1\u9605\u8bfb\u65f6\u95f4":"3 \u5206"},"schema":{"@context":"https:\/\/schema.org","@graph":[{"@type":"WebPage","@id":"https:\/\/kohenavocats.com\/zh-hans\/jurisprudences\/cour-superieure-de-justice-12-octobre-2023-n-2022-00502\/","url":"https:\/\/kohenavocats.com\/zh-hans\/jurisprudences\/cour-superieure-de-justice-12-octobre-2023-n-2022-00502\/","name":"Cour sup\u00e9rieure de justice, 12 octobre 2023, n\u00b0 2022-00502 - Ma\u00eetre Hassan Kohen, avocat en droit p\u00e9nal \u00e0 Paris","isPartOf":{"@id":"https:\/\/kohenavocats.com\/zh-hans\/#website"},"datePublished":"2026-04-19T20:46:34+00:00","dateModified":"2026-04-19T20:46:38+00:00","breadcrumb":{"@id":"https:\/\/kohenavocats.com\/zh-hans\/jurisprudences\/cour-superieure-de-justice-12-octobre-2023-n-2022-00502\/#breadcrumb"},"inLanguage":"zh-Hans","potentialAction":[{"@type":"ReadAction","target":["https:\/\/kohenavocats.com\/zh-hans\/jurisprudences\/cour-superieure-de-justice-12-octobre-2023-n-2022-00502\/"]}]},{"@type":"BreadcrumbList","@id":"https:\/\/kohenavocats.com\/zh-hans\/jurisprudences\/cour-superieure-de-justice-12-octobre-2023-n-2022-00502\/#breadcrumb","itemListElement":[{"@type":"ListItem","position":1,"name":"Home","item":"https:\/\/kohenavocats.com\/zh-hans\/"},{"@type":"ListItem","position":2,"name":"Jurisprudences","item":"https:\/\/kohenavocats.com\/zh-hans\/jurisprudences\/"},{"@type":"ListItem","position":3,"name":"Cour sup\u00e9rieure de justice, 12 octobre 2023, n\u00b0 2022-00502"}]},{"@type":"WebSite","@id":"https:\/\/kohenavocats.com\/zh-hans\/#website","url":"https:\/\/kohenavocats.com\/zh-hans\/","name":"Kohen Avocats","description":"Ma\u00eetre Hassan Kohen, avocat p\u00e9naliste \u00e0 Paris, intervient exclusivement en droit p\u00e9nal pour la d\u00e9fense des particuliers, notamment en mati\u00e8re d\u2019accusations de viol. Il assure un accompagnement rigoureux d\u00e8s la garde \u00e0 vue jusqu\u2019\u00e0 la Cour d\u2019assises, veillant au strict respect des garanties proc\u00e9durales.","publisher":{"@id":"https:\/\/kohenavocats.com\/zh-hans\/#organization"},"potentialAction":[{"@type":"SearchAction","target":{"@type":"EntryPoint","urlTemplate":"https:\/\/kohenavocats.com\/zh-hans\/?s={search_term_string}"},"query-input":{"@type":"PropertyValueSpecification","valueRequired":true,"valueName":"search_term_string"}}],"inLanguage":"zh-Hans"},{"@type":"Organization","@id":"https:\/\/kohenavocats.com\/zh-hans\/#organization","name":"Kohen Avocats","url":"https:\/\/kohenavocats.com\/zh-hans\/","logo":{"@type":"ImageObject","inLanguage":"zh-Hans","@id":"https:\/\/kohenavocats.com\/zh-hans\/#\/schema\/logo\/image\/","url":"https:\/\/kohenavocats.com\/wp-content\/uploads\/2026\/01\/Logo-2-1.webp","contentUrl":"https:\/\/kohenavocats.com\/wp-content\/uploads\/2026\/01\/Logo-2-1.webp","width":2114,"height":1253,"caption":"Kohen Avocats"},"image":{"@id":"https:\/\/kohenavocats.com\/zh-hans\/#\/schema\/logo\/image\/"}}]}},"jetpack_likes_enabled":false,"jetpack_sharing_enabled":true,"_links":{"self":[{"href":"https:\/\/kohenavocats.com\/zh-hans\/wp-json\/wp\/v2\/kji_decision\/612149","targetHints":{"allow":["GET"]}}],"collection":[{"href":"https:\/\/kohenavocats.com\/zh-hans\/wp-json\/wp\/v2\/kji_decision"}],"about":[{"href":"https:\/\/kohenavocats.com\/zh-hans\/wp-json\/wp\/v2\/types\/kji_decision"}],"wp:attachment":[{"href":"https:\/\/kohenavocats.com\/zh-hans\/wp-json\/wp\/v2\/media?parent=612149"}],"wp:term":[{"taxonomy":"kji_country","embeddable":true,"href":"https:\/\/kohenavocats.com\/zh-hans\/wp-json\/wp\/v2\/kji_country?post=612149"},{"taxonomy":"kji_court","embeddable":true,"href":"https:\/\/kohenavocats.com\/zh-hans\/wp-json\/wp\/v2\/kji_court?post=612149"},{"taxonomy":"kji_chamber","embeddable":true,"href":"https:\/\/kohenavocats.com\/zh-hans\/wp-json\/wp\/v2\/kji_chamber?post=612149"},{"taxonomy":"kji_year","embeddable":true,"href":"https:\/\/kohenavocats.com\/zh-hans\/wp-json\/wp\/v2\/kji_year?post=612149"},{"taxonomy":"kji_subject","embeddable":true,"href":"https:\/\/kohenavocats.com\/zh-hans\/wp-json\/wp\/v2\/kji_subject?post=612149"},{"taxonomy":"kji_keyword","embeddable":true,"href":"https:\/\/kohenavocats.com\/zh-hans\/wp-json\/wp\/v2\/kji_keyword?post=612149"},{"taxonomy":"kji_language","embeddable":true,"href":"https:\/\/kohenavocats.com\/zh-hans\/wp-json\/wp\/v2\/kji_language?post=612149"}],"curies":[{"name":"wp","href":"https:\/\/api.w.org\/{rel}","templated":true}]}}