{"id":612756,"date":"2026-04-19T23:16:27","date_gmt":"2026-04-19T21:16:27","guid":{"rendered":"https:\/\/kohenavocats.com\/jurisprudences\/tribunal-darrondissement-29-fevrier-2024-n-2024-01448-2\/"},"modified":"2026-04-19T23:16:30","modified_gmt":"2026-04-19T21:16:30","slug":"tribunal-darrondissement-29-fevrier-2024-n-2024-01448-2","status":"publish","type":"kji_decision","link":"https:\/\/kohenavocats.com\/zh-hans\/jurisprudences\/tribunal-darrondissement-29-fevrier-2024-n-2024-01448-2\/","title":{"rendered":"Tribunal d&#8217;arrondissement, 29 f\u00e9vrier 2024, n\u00b0 2024-01448"},"content":{"rendered":"<div class=\"kji-decision\">\n<div class=\"kji-full-text\">\n<p>1 Jugement commercial 2024TALCH06\/00182 Audience publique du jeudi,vingt-neuff\u00e9vrierdeux mille vingt-quatre. Liquidation n\u00b0 L-14853\/24 Composition: Maria FARIA ALVES,vice-pr\u00e9sidente; Muriel WANDERSCHEID, juge; Paula GAUB, juge; ClaudeFEIT,greffi\u00e8re. Entre: Monsieur le Procureur d&#039;Etat pr\u00e8s le Tribunal d&#039;arrondissement de et \u00e0 Luxembourg, Cit\u00e9 Judiciaire, Luxembourg, demandeuren dissolution et en liquidation de lasoci\u00e9t\u00e9\u00e0 responsabilit\u00e9 limit\u00e9e simplifi\u00e9eSOCIETE1.)SARL-S,auxtermes d\u2019une requ\u00eate dat\u00e9e du 18 octobre 2023, comparant par Monsieur Gilles BOILEAU, substitutdu Procureur d\u2019Etat, et: lasoci\u00e9t\u00e9\u00e0 responsabilit\u00e9 limit\u00e9esimplifi\u00e9eSOCIETE1.)SARL-S,avecsi\u00e8gesocial \u00e0L-ADRESSE1.),inscrite au Registre de Commerceet des Soci\u00e9t\u00e9s de Luxembourg sous le num\u00e9roNUMERO1.), d\u00e9fenderesseaux fins de la pr\u00e9dite requ\u00eate, ayant initialement comparu parsong\u00e9rantPERSONNE1.), actuellementd\u00e9faillante. ___________________________________________________________________<\/p>\n<p>2 FAITS: Par requ\u00eate dat\u00e9e du18 octobre2023,ci-apr\u00e8s annex\u00e9e, Monsieur le Procureur d\u2019Etat a demand\u00e9 la dissolution et la liquidation de la soci\u00e9t\u00e9 d\u00e9fenderesse:<\/p>\n<p>3 L&#039;affaire fut utilement retenue \u00e0 l&#039;audience publique du23 novembre2023devant la sixi\u00e8me chambre, si\u00e9geant en mati\u00e8re commerciale, lors delaquelle les d\u00e9bats eurent lieu comme suit: Le repr\u00e9sentant du Minist\u00e8re Public donna lecture de la requ\u00eate ci-avant reproduite et exposa ses moyens. MonsieurPERSONNE1.)fut entenduen ses observations. L&#039;affaire futensuiterefix\u00e9e\u00e0 l&#039;audience publique du22 f\u00e9vrier2024, si\u00e9geant en mati\u00e8re commerciale, lors delaquelle les d\u00e9bats eurent lieu comme suit: Le repr\u00e9sentant du Minist\u00e8re Publicr\u00e9exposa ses moyens. La partie d\u00e9fenderesse ne s\u2019est pas pr\u00e9sent\u00e9e \u00e0 l\u2019audience. Le tribunal pritl&#039;affaire en d\u00e9lib\u00e9r\u00e9 et rendit \u00e0 l&#039;audience publique de ce jour le jugement qui suit : Par requ\u00eate du18 octobre2023, Monsieur le Procureur d\u2019Etat a demand\u00e9 \u00e0 voir prononcer la dissolution et ordonner la liquidation delasoci\u00e9t\u00e9\u00e0 responsabilit\u00e9 limit\u00e9e simplifi\u00e9eSOCIETE1.)SARL-S(ci-apr\u00e8s \u00abSOCIETE1.)\u00bb). La requ\u00eatea \u00e9t\u00e9 valablement notifi\u00e9e par la voie du greffe en date du 30 octobre 2023 \u00e0SOCIETE1.). MonsieurPERSONNE1.)s\u2019\u00e9tant pr\u00e9sent\u00e9 pourSOCIETE1.)\u00e0l\u2019audience publique du 23 novembre2023,il y alieu de statuer contradictoirement \u00e0 l\u2019\u00e9gard de la d\u00e9fenderesse, par application de l\u2019article 76 du Nouveau Code de proc\u00e9dure civile. Vu l\u2019article 1200-1 de la loi modifi\u00e9e du 10 ao\u00fbt 1915sur les soci\u00e9t\u00e9s commerciales suivant lequel letribunal a la facult\u00e9 de prononcer la dissolution et d\u2019ordonner la mise en liquidation d\u2019une soci\u00e9t\u00e9 qui a contrevenu aux dispositions du droit p\u00e9nal, du droit des soci\u00e9t\u00e9s ou du droit d\u2019\u00e9tablissement, en appr\u00e9ciant, au cas par cas, si les contraventions constat\u00e9es justifient une dissolution de la soci\u00e9t\u00e9, et si la dissolution constitue un moyen efficace au sens du texte de loi. Selon les informations dont dispose le tribunal,le si\u00e8ge social deSOCIETE1.)est toujours \u00e9tabli \u00e0L-ADRESSE1.),de sorte que lemanquement reproch\u00e9 par Monsieur le Procureur d\u2019Etat, relatif \u00e0 l\u2019absence de si\u00e8ge social r\u00e9gulier, n\u2019est pas \u00e0 retenir. Il r\u00e9sulte des pi\u00e8ces vers\u00e9es au dossier et des renseignements fournis \u00e0 l\u2019audience que depuis la constitutiondeSOCIETE1.),aucun bilan, ni compte de profits et de pertes, approuv\u00e9 par l\u2019assembl\u00e9e g\u00e9n\u00e9rale n\u2019a \u00e9t\u00e9 d\u00e9pos\u00e9 au Registre de Commerce et des Soci\u00e9t\u00e9s. Par cons\u00e9quentce manquement reproch\u00e9par Monsieur le Procureur d\u2019Etatest \u00e9tabli.<\/p>\n<p>4 Ce manquement constitueune violation au sens de l\u2019article 1200-1 pr\u00e9cit\u00e9, de sorte qu\u2019il y a lieu de prononcer la dissolution et d\u2019ordonner la liquidation de la soci\u00e9t\u00e9 d\u00e9fenderesse,en d\u00e9clarant applicables les r\u00e8gles relatives \u00e0 la liquidation de la faillite. La d\u00e9claration, la v\u00e9rification, l\u2019admission et la contestation des cr\u00e9ances se feront selon les r\u00e8gles applicables en mati\u00e8re de faillite,sous r\u00e9serve des modalit\u00e9s d\u00e9rogatoirespr\u00e9vues ci-apr\u00e8s. Les cr\u00e9anciers devront d\u00e9poser leurs d\u00e9clarations de cr\u00e9ance au greffe du tribunal d\u2019arrondissement de et \u00e0 Luxembourg, sixi\u00e8me chambre,end\u00e9ans le d\u00e9lai pr\u00e9vu au dispositif du pr\u00e9sent jugement, sous peine de forclusion. Il sera proc\u00e9d\u00e9 \u00e0 la premi\u00e8re v\u00e9rification des cr\u00e9ances aux lieu, jour et heure d\u00e9sign\u00e9s au dispositif du pr\u00e9sent jugement. Par d\u00e9rogation aux r\u00e8gles applicables en mati\u00e8re de faillite, au cas o\u00f9 l\u2019actif ne serait pas suffisant pour payer les frais et honoraires du liquidateur, il ne sera proc\u00e9d\u00e9 qu\u2019\u00e0 la v\u00e9rification des cr\u00e9ances salariales \u00e9ventuelles. Il est dans l\u2019int\u00e9r\u00eat de la liquidation que le liquidateur exerce ses fonctions sans autre d\u00e9lai, de sorte qu\u2019il y a \u00e9galement lieu d\u2019ordonner, conform\u00e9ment \u00e0 la demande, l\u2019ex\u00e9cution provisoire du pr\u00e9sent jugement. Par ces motifs : le tribunal d\u2019arrondissement de et \u00e0 Luxembourg, sixi\u00e8me chambre, si\u00e9geant en mati\u00e8re commerciale, statuantcontradictoirement,le Minist\u00e8re Public entendu en ses conclusions, re\u00e7oitlademande; laditfond\u00e9e; d\u00e9claredissoute lasoci\u00e9t\u00e9\u00e0 responsabilit\u00e9 limit\u00e9esimplifi\u00e9eSOCIETE1.)SARL-S, avec si\u00e8gesocial \u00e0L-ADRESSE1.); enordonnela liquidation; d\u00e9clareapplicables les dispositions l\u00e9gales relatives \u00e0 la liquidation de la faillite, nomme juge-commissaire MadameMuriel WANDERSCHEID , jugeautribunal d&#039;arrondissement de et \u00e0 Luxembourg, et d\u00e9signe comme liquidateur Ma\u00eetreSylvain L\u2019HOTE, avocat \u00e0 la Cour, demeurant \u00e0Luxembourg; ordonneaux cr\u00e9anciers de faire au greffe du tribunald\u2019arrondissement de et \u00e0 Luxembourg, sixi\u00e8mechambre, la d\u00e9claration du montant de leurs cr\u00e9ancespour le 29ao\u00fbt2024 au plus tard,sous peine de forclusion ; fixejour, heure et lieu pour la premi\u00e8re v\u00e9rification des cr\u00e9ances au24mai2024\u00e0 9.30 heures en l\u2019auditoire du tribunal d\u2019arrondissementde et \u00e0 Luxembourg, si\u00e9geant en mati\u00e8re commerciale, Cit\u00e9 Judiciaire, 7, rue du St. Esprit, 1 er \u00e9tage, salle CO.1.02;<\/p>\n<p>5 d\u00e9clarequ\u2019au cas o\u00f9 l\u2019actif ne serait pas suffisant pour payer les frais et honoraires du liquidateur, il ne sera proc\u00e9d\u00e9 qu\u2019\u00e0 la v\u00e9rification des cr\u00e9ances salariales \u00e9ventuelles; ordonneque les scell\u00e9s seront appos\u00e9s au si\u00e8ge social de la soci\u00e9t\u00e9 et partout ailleurs o\u00f9 besoin en sera, \u00e0 moins que l&#039;inventaire ne puisse \u00eatre termin\u00e9 en un seul jour, auquel cas il y sera proc\u00e9d\u00e9 sans apposition pr\u00e9alable; ordonnela publication du pr\u00e9sent jugement par extrait au Recueil \u00e9lectronique des soci\u00e9t\u00e9s et associations, ainsi que dans les journaux \u00abLuxemburger Wort\u00bb et \u00abTageblatt\u00bb; ordonnel\u2019ex\u00e9cution provisoire du pr\u00e9sentjugement; metles frais \u00e0 charge de la soci\u00e9t\u00e9, sinon, en cas d&#039;absence ou d&#039;insuffisance d&#039;actif, \u00e0 charge du Tr\u00e9sor.<\/p>\n<\/div>\n<hr class=\"kji-sep\" \/>\n<p class=\"kji-source-links\"><strong>Sources officielles :<\/strong> <a class=\"kji-source-link\" href=\"https:\/\/data.public.lu\/fr\/datasets\/tribunal-darrondissement-luxembourg-commerce\/\" target=\"_blank\" rel=\"noopener noreferrer\">consulter la page source<\/a> &middot; <a class=\"kji-pdf-link\" href=\"https:\/\/download.data.public.lu\/resources\/tribunal-darrondissement-luxembourg-commerce\/20240828-001833\/20240229-tal06-tal-2024-01448-pseudonymise-accessible.pdf\" target=\"_blank\" rel=\"noopener noreferrer\">PDF officiel<\/a><\/p>\n<p class=\"kji-license-note\"><em>Licence CC BY-ND 4.0 (Administration judiciaire, data.public.lu). Republication autorisee avec attribution, sans modification editoriale du texte integral.<\/em><\/p>\n<\/div>\n","protected":false},"excerpt":{"rendered":"<p>1 Jugement commercial 2024TALCH06\/00182 Audience publique du jeudi,vingt-neuff\u00e9vrierdeux mille vingt-quatre. Liquidation n\u00b0 L-14853\/24 Composition: Maria FARIA ALVES,vice-pr\u00e9sidente; Muriel WANDERSCHEID, juge; Paula GAUB, juge; ClaudeFEIT,greffi\u00e8re. Entre: Monsieur le Procureur d&#8217;Etat pr\u00e8s le Tribunal d&#8217;arrondissement de et \u00e0 Luxembourg, Cit\u00e9 Judiciaire, Luxembourg, demandeuren dissolution et en liquidation\u2026<\/p>\n","protected":false},"featured_media":0,"template":"","meta":{"_crdt_document":""},"kji_country":[8418],"kji_court":[23583],"kji_chamber":[24938],"kji_year":[8677],"kji_subject":[7625],"kji_keyword":[23584,8457,7636],"kji_language":[7733],"class_list":["post-612756","kji_decision","type-kji_decision","status-publish","hentry","kji_country-luxembourg","kji_court-tribunal-darrondissement","kji_chamber-commerce","kji_year-8677","kji_subject-commercial","kji_keyword-arrondissement","kji_keyword-fevrier","kji_keyword-tribunal","kji_language-francais"],"yoast_head":"<!-- This site is optimized with the Yoast SEO Premium plugin v27.4 (Yoast SEO v27.4) - https:\/\/yoast.com\/product\/yoast-seo-premium-wordpress\/ -->\n<title>Tribunal d&#039;arrondissement, 29 f\u00e9vrier 2024, n\u00b0 2024-01448 - Ma\u00eetre Hassan Kohen, avocat en droit p\u00e9nal \u00e0 Paris<\/title>\n<meta name=\"robots\" content=\"index, follow, max-snippet:-1, max-image-preview:large, max-video-preview:-1\" \/>\n<link rel=\"canonical\" href=\"https:\/\/kohenavocats.com\/zh-hans\/jurisprudences\/tribunal-darrondissement-29-fevrier-2024-n-2024-01448-2\/\" \/>\n<meta property=\"og:locale\" content=\"zh_CN\" \/>\n<meta property=\"og:type\" content=\"article\" \/>\n<meta property=\"og:title\" content=\"Tribunal d&#039;arrondissement, 29 f\u00e9vrier 2024, n\u00b0 2024-01448\" \/>\n<meta property=\"og:description\" content=\"1 Jugement commercial 2024TALCH06\/00182 Audience publique du jeudi,vingt-neuff\u00e9vrierdeux mille vingt-quatre. Liquidation n\u00b0 L-14853\/24 Composition: Maria FARIA ALVES,vice-pr\u00e9sidente; Muriel WANDERSCHEID, juge; Paula GAUB, juge; ClaudeFEIT,greffi\u00e8re. Entre: Monsieur le Procureur d&#039;Etat pr\u00e8s le Tribunal d&#039;arrondissement de et \u00e0 Luxembourg, Cit\u00e9 Judiciaire, Luxembourg, demandeuren dissolution et en liquidation\u2026\" \/>\n<meta property=\"og:url\" content=\"https:\/\/kohenavocats.com\/zh-hans\/jurisprudences\/tribunal-darrondissement-29-fevrier-2024-n-2024-01448-2\/\" \/>\n<meta property=\"og:site_name\" content=\"Ma\u00eetre Hassan Kohen, avocat en droit p\u00e9nal \u00e0 Paris\" \/>\n<meta property=\"article:modified_time\" content=\"2026-04-19T21:16:30+00:00\" \/>\n<meta name=\"twitter:card\" content=\"summary_large_image\" \/>\n<meta name=\"twitter:label1\" content=\"\u9884\u8ba1\u9605\u8bfb\u65f6\u95f4\" \/>\n\t<meta name=\"twitter:data1\" content=\"6 \u5206\" \/>\n<script type=\"application\/ld+json\" class=\"yoast-schema-graph\">{\"@context\":\"https:\\\/\\\/schema.org\",\"@graph\":[{\"@type\":\"WebPage\",\"@id\":\"https:\\\/\\\/kohenavocats.com\\\/zh-hans\\\/jurisprudences\\\/tribunal-darrondissement-29-fevrier-2024-n-2024-01448-2\\\/\",\"url\":\"https:\\\/\\\/kohenavocats.com\\\/zh-hans\\\/jurisprudences\\\/tribunal-darrondissement-29-fevrier-2024-n-2024-01448-2\\\/\",\"name\":\"Tribunal d'arrondissement, 29 f\u00e9vrier 2024, n\u00b0 2024-01448 - Ma\u00eetre Hassan Kohen, avocat en droit p\u00e9nal \u00e0 Paris\",\"isPartOf\":{\"@id\":\"https:\\\/\\\/kohenavocats.com\\\/zh-hans\\\/#website\"},\"datePublished\":\"2026-04-19T21:16:27+00:00\",\"dateModified\":\"2026-04-19T21:16:30+00:00\",\"breadcrumb\":{\"@id\":\"https:\\\/\\\/kohenavocats.com\\\/zh-hans\\\/jurisprudences\\\/tribunal-darrondissement-29-fevrier-2024-n-2024-01448-2\\\/#breadcrumb\"},\"inLanguage\":\"zh-Hans\",\"potentialAction\":[{\"@type\":\"ReadAction\",\"target\":[\"https:\\\/\\\/kohenavocats.com\\\/zh-hans\\\/jurisprudences\\\/tribunal-darrondissement-29-fevrier-2024-n-2024-01448-2\\\/\"]}]},{\"@type\":\"BreadcrumbList\",\"@id\":\"https:\\\/\\\/kohenavocats.com\\\/zh-hans\\\/jurisprudences\\\/tribunal-darrondissement-29-fevrier-2024-n-2024-01448-2\\\/#breadcrumb\",\"itemListElement\":[{\"@type\":\"ListItem\",\"position\":1,\"name\":\"Home\",\"item\":\"https:\\\/\\\/kohenavocats.com\\\/zh-hans\\\/\"},{\"@type\":\"ListItem\",\"position\":2,\"name\":\"Jurisprudences\",\"item\":\"https:\\\/\\\/kohenavocats.com\\\/zh-hans\\\/jurisprudences\\\/\"},{\"@type\":\"ListItem\",\"position\":3,\"name\":\"Tribunal d&rsquo;arrondissement, 29 f\u00e9vrier 2024, n\u00b0 2024-01448\"}]},{\"@type\":\"WebSite\",\"@id\":\"https:\\\/\\\/kohenavocats.com\\\/zh-hans\\\/#website\",\"url\":\"https:\\\/\\\/kohenavocats.com\\\/zh-hans\\\/\",\"name\":\"Kohen Avocats\",\"description\":\"Ma\u00eetre Hassan Kohen, avocat p\u00e9naliste \u00e0 Paris, intervient exclusivement en droit p\u00e9nal pour la d\u00e9fense des particuliers, notamment en mati\u00e8re d\u2019accusations de viol. Il assure un accompagnement rigoureux d\u00e8s la garde \u00e0 vue jusqu\u2019\u00e0 la Cour d\u2019assises, veillant au strict respect des garanties proc\u00e9durales.\",\"publisher\":{\"@id\":\"https:\\\/\\\/kohenavocats.com\\\/zh-hans\\\/#organization\"},\"potentialAction\":[{\"@type\":\"SearchAction\",\"target\":{\"@type\":\"EntryPoint\",\"urlTemplate\":\"https:\\\/\\\/kohenavocats.com\\\/zh-hans\\\/?s={search_term_string}\"},\"query-input\":{\"@type\":\"PropertyValueSpecification\",\"valueRequired\":true,\"valueName\":\"search_term_string\"}}],\"inLanguage\":\"zh-Hans\"},{\"@type\":\"Organization\",\"@id\":\"https:\\\/\\\/kohenavocats.com\\\/zh-hans\\\/#organization\",\"name\":\"Kohen Avocats\",\"url\":\"https:\\\/\\\/kohenavocats.com\\\/zh-hans\\\/\",\"logo\":{\"@type\":\"ImageObject\",\"inLanguage\":\"zh-Hans\",\"@id\":\"https:\\\/\\\/kohenavocats.com\\\/zh-hans\\\/#\\\/schema\\\/logo\\\/image\\\/\",\"url\":\"https:\\\/\\\/kohenavocats.com\\\/wp-content\\\/uploads\\\/2026\\\/01\\\/Logo-2-1.webp\",\"contentUrl\":\"https:\\\/\\\/kohenavocats.com\\\/wp-content\\\/uploads\\\/2026\\\/01\\\/Logo-2-1.webp\",\"width\":2114,\"height\":1253,\"caption\":\"Kohen Avocats\"},\"image\":{\"@id\":\"https:\\\/\\\/kohenavocats.com\\\/zh-hans\\\/#\\\/schema\\\/logo\\\/image\\\/\"}}]}<\/script>\n<!-- \/ Yoast SEO Premium plugin. -->","yoast_head_json":{"title":"Tribunal d'arrondissement, 29 f\u00e9vrier 2024, n\u00b0 2024-01448 - Ma\u00eetre Hassan Kohen, avocat en droit p\u00e9nal \u00e0 Paris","robots":{"index":"index","follow":"follow","max-snippet":"max-snippet:-1","max-image-preview":"max-image-preview:large","max-video-preview":"max-video-preview:-1"},"canonical":"https:\/\/kohenavocats.com\/zh-hans\/jurisprudences\/tribunal-darrondissement-29-fevrier-2024-n-2024-01448-2\/","og_locale":"zh_CN","og_type":"article","og_title":"Tribunal d'arrondissement, 29 f\u00e9vrier 2024, n\u00b0 2024-01448","og_description":"1 Jugement commercial 2024TALCH06\/00182 Audience publique du jeudi,vingt-neuff\u00e9vrierdeux mille vingt-quatre. Liquidation n\u00b0 L-14853\/24 Composition: Maria FARIA ALVES,vice-pr\u00e9sidente; Muriel WANDERSCHEID, juge; Paula GAUB, juge; ClaudeFEIT,greffi\u00e8re. Entre: Monsieur le Procureur d'Etat pr\u00e8s le Tribunal d'arrondissement de et \u00e0 Luxembourg, Cit\u00e9 Judiciaire, Luxembourg, demandeuren dissolution et en liquidation\u2026","og_url":"https:\/\/kohenavocats.com\/zh-hans\/jurisprudences\/tribunal-darrondissement-29-fevrier-2024-n-2024-01448-2\/","og_site_name":"Ma\u00eetre Hassan Kohen, avocat en droit p\u00e9nal \u00e0 Paris","article_modified_time":"2026-04-19T21:16:30+00:00","twitter_card":"summary_large_image","twitter_misc":{"\u9884\u8ba1\u9605\u8bfb\u65f6\u95f4":"6 \u5206"},"schema":{"@context":"https:\/\/schema.org","@graph":[{"@type":"WebPage","@id":"https:\/\/kohenavocats.com\/zh-hans\/jurisprudences\/tribunal-darrondissement-29-fevrier-2024-n-2024-01448-2\/","url":"https:\/\/kohenavocats.com\/zh-hans\/jurisprudences\/tribunal-darrondissement-29-fevrier-2024-n-2024-01448-2\/","name":"Tribunal d'arrondissement, 29 f\u00e9vrier 2024, n\u00b0 2024-01448 - Ma\u00eetre Hassan Kohen, avocat en droit p\u00e9nal \u00e0 Paris","isPartOf":{"@id":"https:\/\/kohenavocats.com\/zh-hans\/#website"},"datePublished":"2026-04-19T21:16:27+00:00","dateModified":"2026-04-19T21:16:30+00:00","breadcrumb":{"@id":"https:\/\/kohenavocats.com\/zh-hans\/jurisprudences\/tribunal-darrondissement-29-fevrier-2024-n-2024-01448-2\/#breadcrumb"},"inLanguage":"zh-Hans","potentialAction":[{"@type":"ReadAction","target":["https:\/\/kohenavocats.com\/zh-hans\/jurisprudences\/tribunal-darrondissement-29-fevrier-2024-n-2024-01448-2\/"]}]},{"@type":"BreadcrumbList","@id":"https:\/\/kohenavocats.com\/zh-hans\/jurisprudences\/tribunal-darrondissement-29-fevrier-2024-n-2024-01448-2\/#breadcrumb","itemListElement":[{"@type":"ListItem","position":1,"name":"Home","item":"https:\/\/kohenavocats.com\/zh-hans\/"},{"@type":"ListItem","position":2,"name":"Jurisprudences","item":"https:\/\/kohenavocats.com\/zh-hans\/jurisprudences\/"},{"@type":"ListItem","position":3,"name":"Tribunal d&rsquo;arrondissement, 29 f\u00e9vrier 2024, n\u00b0 2024-01448"}]},{"@type":"WebSite","@id":"https:\/\/kohenavocats.com\/zh-hans\/#website","url":"https:\/\/kohenavocats.com\/zh-hans\/","name":"Kohen Avocats","description":"Ma\u00eetre Hassan Kohen, avocat p\u00e9naliste \u00e0 Paris, intervient exclusivement en droit p\u00e9nal pour la d\u00e9fense des particuliers, notamment en mati\u00e8re d\u2019accusations de viol. Il assure un accompagnement rigoureux d\u00e8s la garde \u00e0 vue jusqu\u2019\u00e0 la Cour d\u2019assises, veillant au strict respect des garanties proc\u00e9durales.","publisher":{"@id":"https:\/\/kohenavocats.com\/zh-hans\/#organization"},"potentialAction":[{"@type":"SearchAction","target":{"@type":"EntryPoint","urlTemplate":"https:\/\/kohenavocats.com\/zh-hans\/?s={search_term_string}"},"query-input":{"@type":"PropertyValueSpecification","valueRequired":true,"valueName":"search_term_string"}}],"inLanguage":"zh-Hans"},{"@type":"Organization","@id":"https:\/\/kohenavocats.com\/zh-hans\/#organization","name":"Kohen Avocats","url":"https:\/\/kohenavocats.com\/zh-hans\/","logo":{"@type":"ImageObject","inLanguage":"zh-Hans","@id":"https:\/\/kohenavocats.com\/zh-hans\/#\/schema\/logo\/image\/","url":"https:\/\/kohenavocats.com\/wp-content\/uploads\/2026\/01\/Logo-2-1.webp","contentUrl":"https:\/\/kohenavocats.com\/wp-content\/uploads\/2026\/01\/Logo-2-1.webp","width":2114,"height":1253,"caption":"Kohen Avocats"},"image":{"@id":"https:\/\/kohenavocats.com\/zh-hans\/#\/schema\/logo\/image\/"}}]}},"jetpack_likes_enabled":false,"jetpack_sharing_enabled":true,"_links":{"self":[{"href":"https:\/\/kohenavocats.com\/zh-hans\/wp-json\/wp\/v2\/kji_decision\/612756","targetHints":{"allow":["GET"]}}],"collection":[{"href":"https:\/\/kohenavocats.com\/zh-hans\/wp-json\/wp\/v2\/kji_decision"}],"about":[{"href":"https:\/\/kohenavocats.com\/zh-hans\/wp-json\/wp\/v2\/types\/kji_decision"}],"wp:attachment":[{"href":"https:\/\/kohenavocats.com\/zh-hans\/wp-json\/wp\/v2\/media?parent=612756"}],"wp:term":[{"taxonomy":"kji_country","embeddable":true,"href":"https:\/\/kohenavocats.com\/zh-hans\/wp-json\/wp\/v2\/kji_country?post=612756"},{"taxonomy":"kji_court","embeddable":true,"href":"https:\/\/kohenavocats.com\/zh-hans\/wp-json\/wp\/v2\/kji_court?post=612756"},{"taxonomy":"kji_chamber","embeddable":true,"href":"https:\/\/kohenavocats.com\/zh-hans\/wp-json\/wp\/v2\/kji_chamber?post=612756"},{"taxonomy":"kji_year","embeddable":true,"href":"https:\/\/kohenavocats.com\/zh-hans\/wp-json\/wp\/v2\/kji_year?post=612756"},{"taxonomy":"kji_subject","embeddable":true,"href":"https:\/\/kohenavocats.com\/zh-hans\/wp-json\/wp\/v2\/kji_subject?post=612756"},{"taxonomy":"kji_keyword","embeddable":true,"href":"https:\/\/kohenavocats.com\/zh-hans\/wp-json\/wp\/v2\/kji_keyword?post=612756"},{"taxonomy":"kji_language","embeddable":true,"href":"https:\/\/kohenavocats.com\/zh-hans\/wp-json\/wp\/v2\/kji_language?post=612756"}],"curies":[{"name":"wp","href":"https:\/\/api.w.org\/{rel}","templated":true}]}}