{"id":613825,"date":"2026-04-20T00:26:04","date_gmt":"2026-04-19T22:26:04","guid":{"rendered":"https:\/\/kohenavocats.com\/jurisprudences\/ordinanza-n-27514-du-27-09-2023-prima-sezione-civile\/"},"modified":"2026-04-20T00:26:04","modified_gmt":"2026-04-19T22:26:04","slug":"ordinanza-n-27514-du-27-09-2023-prima-sezione-civile","status":"publish","type":"kji_decision","link":"https:\/\/kohenavocats.com\/zh-hans\/jurisprudences\/ordinanza-n-27514-du-27-09-2023-prima-sezione-civile\/","title":{"rendered":"Ordinanza n. 27514 du 27\/09\/2023 &#8211; Prima sezione \/ Civile"},"content":{"rendered":"<div class=\"kji-decision\">\n<div class=\"kji-full-text\">\n<p>Oggetto<\/p>\n<p>Figli maggiorenni ma non economicamente autosufficienti &#8211; Contributo di mantenimento &#8211; Procedimenti relativi &#8211; Sospensione dei termini processuali ex art. 92, comma 1, del r.d. n. 12 del 1941 &#8211; Applicabilit\u00e0 &#8211; Contrasto &#8211; Questione di massima di particolare rilevanza.<\/p>\n<p>Presidente: F. A. Genovese<\/p>\n<p> Relatore: A. Pazzi<\/p>\n<p> L\u2019esito in sintesi<br \/>\n La Sezione Prima civile, con riferimento alla determinazione del contributo al mantenimento dei figli maggiorenni ma non economicamente autosufficienti, ha disposto, ai sensi dell\u2019art. 374, comma 2, c.p.c., la trasmissione del ricorso al Primo Presidente per l\u2019eventuale assegnazione alle Sezioni Unite della seguente questione di massima di particolare importanza, sulla cui soluzione si \u00e8 altres\u00ec determinato un contrasto a seguito della recente Cass. n. 18044 del 2023: se \u2013 ferma la differenza di diritto interno tra l\u2019istituto degli alimenti e la funzione anche lata di obbligazione alimentare \u2013 sia possibile ipotizzare una loro convergenza all\u2019interno di una complessiva nozione di obbligazioni alimentari nell\u2019ambito del diritto di famiglia e, in particolare, se una simile operazione sia condivisibile ai fini del regime della sospensione dei termini processuali; dovendosi altres\u00ec affrontare la questione se l\u2019eventuale conferma dell\u2019orientamento interpretativo di diritto interno adottato tradizionalmente dalla S.C. sia compatibile con il diritto comunitario e, in particolare, con il contenuto del Regolamento CE n. 4\/2009.<\/p>\n<\/div>\n<hr class=\"kji-sep\" \/>\n<p class=\"kji-source-links\"><strong>Sources officielles :<\/strong> <a class=\"kji-source-link\" href=\"https:\/\/www.cortedicassazione.it\/it\/civile_dettaglio.page?contentId=SZC9350\" target=\"_blank\" rel=\"noopener noreferrer\">consulter la page source<\/a> &middot; <a class=\"kji-pdf-link\" href=\"https:\/\/www.cortedicassazione.it\/resources\/cms\/documents\/27514_09_2023_civ_oscuramento_noindex.pdf\" target=\"_blank\" rel=\"noopener noreferrer\">PDF officiel<\/a><\/p>\n<p class=\"kji-license-note\"><em>Corte Suprema di Cassazione, note legali verifiees live le 2026-04-12 : reproduction avec mention de source autorisee, mais utilisation commerciale des contenus expressement interdite. Source active en metadata_only uniquement.<\/em><\/p>\n<\/div>\n","protected":false},"excerpt":{"rendered":"<p>Oggetto Figli maggiorenni ma non economicamente autosufficienti &#8211; Contributo di mantenimento &#8211; Procedimenti relativi &#8211; Sospensione dei termini processuali ex art. 92, comma 1, del r.d. n. 12 del 1941 &#8211; Applicabilit\u00e0 &#8211; Contrasto &#8211; Questione di massima di particolare rilevanza. Presidente: F. A. Genovese Relatore: A. Pazzi L\u2019esito in sintesi La Sezione Prima civile, con riferimento alla determinazione del&#8230;<\/p>\n","protected":false},"featured_media":0,"template":"","meta":{"_crdt_document":""},"kji_country":[7681],"kji_court":[7682],"kji_chamber":[7728],"kji_year":[24566],"kji_subject":[7724],"kji_keyword":[7727,7690,7725,7730,7688],"kji_language":[7685],"class_list":["post-613825","kji_decision","type-kji_decision","status-publish","hentry","kji_country-italie","kji_court-corte-suprema-di-cassazione","kji_chamber-prima-sezione","kji_year-24566","kji_subject-civil","kji_keyword-civile","kji_keyword-oggetto","kji_keyword-ordinanza","kji_keyword-prima","kji_keyword-sezione","kji_language-italien"],"yoast_head":"<!-- This site is optimized with the Yoast SEO Premium plugin v27.5 (Yoast SEO v27.5) - https:\/\/yoast.com\/product\/yoast-seo-premium-wordpress\/ -->\n<title>Ordinanza n. 27514 du 27\/09\/2023 - Prima sezione \/ Civile - Ma\u00eetre Hassan Kohen, avocat en droit p\u00e9nal \u00e0 Paris<\/title>\n<meta name=\"robots\" content=\"index, follow, max-snippet:-1, max-image-preview:large, max-video-preview:-1\" \/>\n<link rel=\"canonical\" href=\"https:\/\/kohenavocats.com\/zh-hans\/jurisprudences\/ordinanza-n-27514-du-27-09-2023-prima-sezione-civile\/\" \/>\n<meta property=\"og:locale\" content=\"zh_CN\" \/>\n<meta property=\"og:type\" content=\"article\" \/>\n<meta property=\"og:title\" content=\"Ordinanza n. 27514 du 27\/09\/2023 - Prima sezione \/ Civile\" \/>\n<meta property=\"og:description\" content=\"Oggetto Figli maggiorenni ma non economicamente autosufficienti - Contributo di mantenimento - Procedimenti relativi - Sospensione dei termini processuali ex art. 92, comma 1, del r.d. n. 12 del 1941 - Applicabilit\u00e0 - Contrasto - Questione di massima di particolare rilevanza. Presidente: F. A. Genovese Relatore: A. Pazzi L\u2019esito in sintesi La Sezione Prima civile, con riferimento alla determinazione del...\" \/>\n<meta property=\"og:url\" content=\"https:\/\/kohenavocats.com\/zh-hans\/jurisprudences\/ordinanza-n-27514-du-27-09-2023-prima-sezione-civile\/\" \/>\n<meta property=\"og:site_name\" content=\"Ma\u00eetre Hassan Kohen, avocat en droit p\u00e9nal \u00e0 Paris\" \/>\n<meta name=\"twitter:card\" content=\"summary_large_image\" \/>\n<meta name=\"twitter:label1\" content=\"\u9884\u8ba1\u9605\u8bfb\u65f6\u95f4\" \/>\n\t<meta name=\"twitter:data1\" content=\"1 \u5206\" \/>\n<script type=\"application\/ld+json\" class=\"yoast-schema-graph\">{\"@context\":\"https:\\\/\\\/schema.org\",\"@graph\":[{\"@type\":\"WebPage\",\"@id\":\"https:\\\/\\\/kohenavocats.com\\\/zh-hans\\\/jurisprudences\\\/ordinanza-n-27514-du-27-09-2023-prima-sezione-civile\\\/\",\"url\":\"https:\\\/\\\/kohenavocats.com\\\/zh-hans\\\/jurisprudences\\\/ordinanza-n-27514-du-27-09-2023-prima-sezione-civile\\\/\",\"name\":\"Ordinanza n. 27514 du 27\\\/09\\\/2023 - Prima sezione \\\/ Civile - Ma\u00eetre Hassan Kohen, avocat en droit p\u00e9nal \u00e0 Paris\",\"isPartOf\":{\"@id\":\"https:\\\/\\\/kohenavocats.com\\\/zh-hans\\\/#website\"},\"datePublished\":\"2026-04-19T22:26:04+00:00\",\"breadcrumb\":{\"@id\":\"https:\\\/\\\/kohenavocats.com\\\/zh-hans\\\/jurisprudences\\\/ordinanza-n-27514-du-27-09-2023-prima-sezione-civile\\\/#breadcrumb\"},\"inLanguage\":\"zh-Hans\",\"potentialAction\":[{\"@type\":\"ReadAction\",\"target\":[\"https:\\\/\\\/kohenavocats.com\\\/zh-hans\\\/jurisprudences\\\/ordinanza-n-27514-du-27-09-2023-prima-sezione-civile\\\/\"]}]},{\"@type\":\"BreadcrumbList\",\"@id\":\"https:\\\/\\\/kohenavocats.com\\\/zh-hans\\\/jurisprudences\\\/ordinanza-n-27514-du-27-09-2023-prima-sezione-civile\\\/#breadcrumb\",\"itemListElement\":[{\"@type\":\"ListItem\",\"position\":1,\"name\":\"Home\",\"item\":\"https:\\\/\\\/kohenavocats.com\\\/zh-hans\\\/\"},{\"@type\":\"ListItem\",\"position\":2,\"name\":\"Jurisprudences\",\"item\":\"https:\\\/\\\/kohenavocats.com\\\/zh-hans\\\/jurisprudences\\\/\"},{\"@type\":\"ListItem\",\"position\":3,\"name\":\"Ordinanza n. 27514 du 27\\\/09\\\/2023 &#8211; Prima sezione \\\/ Civile\"}]},{\"@type\":\"WebSite\",\"@id\":\"https:\\\/\\\/kohenavocats.com\\\/zh-hans\\\/#website\",\"url\":\"https:\\\/\\\/kohenavocats.com\\\/zh-hans\\\/\",\"name\":\"Kohen Avocats\",\"description\":\"Ma\u00eetre Hassan Kohen, avocat p\u00e9naliste \u00e0 Paris, intervient exclusivement en droit p\u00e9nal pour la d\u00e9fense des particuliers, notamment en mati\u00e8re d\u2019accusations de viol. Il assure un accompagnement rigoureux d\u00e8s la garde \u00e0 vue jusqu\u2019\u00e0 la Cour d\u2019assises, veillant au strict respect des garanties proc\u00e9durales.\",\"publisher\":{\"@id\":\"https:\\\/\\\/kohenavocats.com\\\/zh-hans\\\/#organization\"},\"potentialAction\":[{\"@type\":\"SearchAction\",\"target\":{\"@type\":\"EntryPoint\",\"urlTemplate\":\"https:\\\/\\\/kohenavocats.com\\\/zh-hans\\\/?s={search_term_string}\"},\"query-input\":{\"@type\":\"PropertyValueSpecification\",\"valueRequired\":true,\"valueName\":\"search_term_string\"}}],\"inLanguage\":\"zh-Hans\"},{\"@type\":\"Organization\",\"@id\":\"https:\\\/\\\/kohenavocats.com\\\/zh-hans\\\/#organization\",\"name\":\"Kohen Avocats\",\"url\":\"https:\\\/\\\/kohenavocats.com\\\/zh-hans\\\/\",\"logo\":{\"@type\":\"ImageObject\",\"inLanguage\":\"zh-Hans\",\"@id\":\"https:\\\/\\\/kohenavocats.com\\\/zh-hans\\\/#\\\/schema\\\/logo\\\/image\\\/\",\"url\":\"https:\\\/\\\/kohenavocats.com\\\/wp-content\\\/uploads\\\/2026\\\/01\\\/Logo-2-1.webp\",\"contentUrl\":\"https:\\\/\\\/kohenavocats.com\\\/wp-content\\\/uploads\\\/2026\\\/01\\\/Logo-2-1.webp\",\"width\":2114,\"height\":1253,\"caption\":\"Kohen Avocats\"},\"image\":{\"@id\":\"https:\\\/\\\/kohenavocats.com\\\/zh-hans\\\/#\\\/schema\\\/logo\\\/image\\\/\"}}]}<\/script>\n<!-- \/ Yoast SEO Premium plugin. -->","yoast_head_json":{"title":"Ordinanza n. 27514 du 27\/09\/2023 - Prima sezione \/ Civile - Ma\u00eetre Hassan Kohen, avocat en droit p\u00e9nal \u00e0 Paris","robots":{"index":"index","follow":"follow","max-snippet":"max-snippet:-1","max-image-preview":"max-image-preview:large","max-video-preview":"max-video-preview:-1"},"canonical":"https:\/\/kohenavocats.com\/zh-hans\/jurisprudences\/ordinanza-n-27514-du-27-09-2023-prima-sezione-civile\/","og_locale":"zh_CN","og_type":"article","og_title":"Ordinanza n. 27514 du 27\/09\/2023 - Prima sezione \/ Civile","og_description":"Oggetto Figli maggiorenni ma non economicamente autosufficienti - Contributo di mantenimento - Procedimenti relativi - Sospensione dei termini processuali ex art. 92, comma 1, del r.d. n. 12 del 1941 - Applicabilit\u00e0 - Contrasto - Questione di massima di particolare rilevanza. Presidente: F. A. Genovese Relatore: A. Pazzi L\u2019esito in sintesi La Sezione Prima civile, con riferimento alla determinazione del...","og_url":"https:\/\/kohenavocats.com\/zh-hans\/jurisprudences\/ordinanza-n-27514-du-27-09-2023-prima-sezione-civile\/","og_site_name":"Ma\u00eetre Hassan Kohen, avocat en droit p\u00e9nal \u00e0 Paris","twitter_card":"summary_large_image","twitter_misc":{"\u9884\u8ba1\u9605\u8bfb\u65f6\u95f4":"1 \u5206"},"schema":{"@context":"https:\/\/schema.org","@graph":[{"@type":"WebPage","@id":"https:\/\/kohenavocats.com\/zh-hans\/jurisprudences\/ordinanza-n-27514-du-27-09-2023-prima-sezione-civile\/","url":"https:\/\/kohenavocats.com\/zh-hans\/jurisprudences\/ordinanza-n-27514-du-27-09-2023-prima-sezione-civile\/","name":"Ordinanza n. 27514 du 27\/09\/2023 - Prima sezione \/ Civile - Ma\u00eetre Hassan Kohen, avocat en droit p\u00e9nal \u00e0 Paris","isPartOf":{"@id":"https:\/\/kohenavocats.com\/zh-hans\/#website"},"datePublished":"2026-04-19T22:26:04+00:00","breadcrumb":{"@id":"https:\/\/kohenavocats.com\/zh-hans\/jurisprudences\/ordinanza-n-27514-du-27-09-2023-prima-sezione-civile\/#breadcrumb"},"inLanguage":"zh-Hans","potentialAction":[{"@type":"ReadAction","target":["https:\/\/kohenavocats.com\/zh-hans\/jurisprudences\/ordinanza-n-27514-du-27-09-2023-prima-sezione-civile\/"]}]},{"@type":"BreadcrumbList","@id":"https:\/\/kohenavocats.com\/zh-hans\/jurisprudences\/ordinanza-n-27514-du-27-09-2023-prima-sezione-civile\/#breadcrumb","itemListElement":[{"@type":"ListItem","position":1,"name":"Home","item":"https:\/\/kohenavocats.com\/zh-hans\/"},{"@type":"ListItem","position":2,"name":"Jurisprudences","item":"https:\/\/kohenavocats.com\/zh-hans\/jurisprudences\/"},{"@type":"ListItem","position":3,"name":"Ordinanza n. 27514 du 27\/09\/2023 &#8211; Prima sezione \/ Civile"}]},{"@type":"WebSite","@id":"https:\/\/kohenavocats.com\/zh-hans\/#website","url":"https:\/\/kohenavocats.com\/zh-hans\/","name":"Kohen Avocats","description":"Ma\u00eetre Hassan Kohen, avocat p\u00e9naliste \u00e0 Paris, intervient exclusivement en droit p\u00e9nal pour la d\u00e9fense des particuliers, notamment en mati\u00e8re d\u2019accusations de viol. Il assure un accompagnement rigoureux d\u00e8s la garde \u00e0 vue jusqu\u2019\u00e0 la Cour d\u2019assises, veillant au strict respect des garanties proc\u00e9durales.","publisher":{"@id":"https:\/\/kohenavocats.com\/zh-hans\/#organization"},"potentialAction":[{"@type":"SearchAction","target":{"@type":"EntryPoint","urlTemplate":"https:\/\/kohenavocats.com\/zh-hans\/?s={search_term_string}"},"query-input":{"@type":"PropertyValueSpecification","valueRequired":true,"valueName":"search_term_string"}}],"inLanguage":"zh-Hans"},{"@type":"Organization","@id":"https:\/\/kohenavocats.com\/zh-hans\/#organization","name":"Kohen Avocats","url":"https:\/\/kohenavocats.com\/zh-hans\/","logo":{"@type":"ImageObject","inLanguage":"zh-Hans","@id":"https:\/\/kohenavocats.com\/zh-hans\/#\/schema\/logo\/image\/","url":"https:\/\/kohenavocats.com\/wp-content\/uploads\/2026\/01\/Logo-2-1.webp","contentUrl":"https:\/\/kohenavocats.com\/wp-content\/uploads\/2026\/01\/Logo-2-1.webp","width":2114,"height":1253,"caption":"Kohen Avocats"},"image":{"@id":"https:\/\/kohenavocats.com\/zh-hans\/#\/schema\/logo\/image\/"}}]}},"jetpack_likes_enabled":false,"jetpack_sharing_enabled":true,"_links":{"self":[{"href":"https:\/\/kohenavocats.com\/zh-hans\/wp-json\/wp\/v2\/kji_decision\/613825","targetHints":{"allow":["GET"]}}],"collection":[{"href":"https:\/\/kohenavocats.com\/zh-hans\/wp-json\/wp\/v2\/kji_decision"}],"about":[{"href":"https:\/\/kohenavocats.com\/zh-hans\/wp-json\/wp\/v2\/types\/kji_decision"}],"wp:attachment":[{"href":"https:\/\/kohenavocats.com\/zh-hans\/wp-json\/wp\/v2\/media?parent=613825"}],"wp:term":[{"taxonomy":"kji_country","embeddable":true,"href":"https:\/\/kohenavocats.com\/zh-hans\/wp-json\/wp\/v2\/kji_country?post=613825"},{"taxonomy":"kji_court","embeddable":true,"href":"https:\/\/kohenavocats.com\/zh-hans\/wp-json\/wp\/v2\/kji_court?post=613825"},{"taxonomy":"kji_chamber","embeddable":true,"href":"https:\/\/kohenavocats.com\/zh-hans\/wp-json\/wp\/v2\/kji_chamber?post=613825"},{"taxonomy":"kji_year","embeddable":true,"href":"https:\/\/kohenavocats.com\/zh-hans\/wp-json\/wp\/v2\/kji_year?post=613825"},{"taxonomy":"kji_subject","embeddable":true,"href":"https:\/\/kohenavocats.com\/zh-hans\/wp-json\/wp\/v2\/kji_subject?post=613825"},{"taxonomy":"kji_keyword","embeddable":true,"href":"https:\/\/kohenavocats.com\/zh-hans\/wp-json\/wp\/v2\/kji_keyword?post=613825"},{"taxonomy":"kji_language","embeddable":true,"href":"https:\/\/kohenavocats.com\/zh-hans\/wp-json\/wp\/v2\/kji_language?post=613825"}],"curies":[{"name":"wp","href":"https:\/\/api.w.org\/{rel}","templated":true}]}}