{"id":613843,"date":"2026-04-20T00:26:46","date_gmt":"2026-04-19T22:26:46","guid":{"rendered":"https:\/\/kohenavocats.com\/jurisprudences\/tribunal-darrondissement-22-septembre-2023\/"},"modified":"2026-04-20T00:26:49","modified_gmt":"2026-04-19T22:26:49","slug":"tribunal-darrondissement-22-septembre-2023","status":"publish","type":"kji_decision","link":"https:\/\/kohenavocats.com\/zh-hans\/jurisprudences\/tribunal-darrondissement-22-septembre-2023\/","title":{"rendered":"Tribunal d&#8217;arrondissement, 22 septembre 2023"},"content":{"rendered":"<div class=\"kji-decision\">\n<div class=\"kji-full-text\">\n<p>No.386\/2023 Audience publique du vendredi,22septembre2023 (Not. 4590\/22\/XC)-SK Le tribunal d\u2019arrondissement de et \u00e0 Diekirch, si\u00e9geant en mati\u00e8re correctionnelleet en composition de juge unique, a rendu en son audience publiquedu vendredi,vingt-deuxseptembre deux millevingt-trois, le jugement qui suit dans la cause E N T R E Monsieur le Procureur d\u2019Etat,partie poursuivante suivant requ\u00eatedu24 mai2023et citation du6juin 2023, E T PERSONNE1.), n\u00e9 leDATE1.)\u00e0ADRESSE1.)(Cap-Vert), demeurant \u00e0ADRESSE2.), pr\u00e9venu. F A I T S: Vu le jugement num\u00e9ro 49\/2023du3 f\u00e9vrier 2023rendu par le tribunal d\u2019arrondissement de et \u00e0 Diekirch, si\u00e9geant en mati\u00e8re correctionnelle. Vu la requ\u00eate en rectification d\u00e9pos\u00e9e parle Minist\u00e8re Public en date du 24 mai 2023. Par citationdu6juin 2023, l\u2019affaire futfix\u00e9e\u00e0 l\u2019audience publiquedu tribunal d\u2019arrondissement de et \u00e0 Diekirch, si\u00e9geant en mati\u00e8re correctionnelle, dujeudi,6 juillet 2023, pour voir proc\u00e9der\u00e0 la rectification d\u2019un passagedu jugement num\u00e9ro49\/2023du3 f\u00e9vrier 2023<\/p>\n<p>2 du tribunal d\u2019arrondissement de et \u00e0 Diekirch, si\u00e9geant en mati\u00e8re correctionnelle. Apr\u00e8s l\u2019appel de la cause \u00e0 l\u2019audience publique dujeudi,6juillet2023,le pr\u00e9sident constata l\u2019identit\u00e9 du pr\u00e9venuPERSONNE1.)qui avait comparu en personne,etillui donna connaissance de l\u2019acte ayant saisi le tribunal. Le pr\u00e9venuPERSONNE1.)d\u00e9clara renoncer \u00e0 se faire assister d\u2019un avocat, et apr\u00e8s avoir \u00e9t\u00e9 averti de son droit de se taireet de ne pas s\u2019incriminer soi-m\u00eame, il fut interrog\u00e9 et entendu en ses explications et moyens de d\u00e9fense. LeMinist\u00e8rePublic, repr\u00e9sent\u00e9 parAvelino SANTOS MENDES,substitut duProcureur d\u2019Etat,fut entendu ensonr\u00e9quisitoire. PERSONNE1.)se vit attribuer la parole en dernier. Le tribunal prit l\u2019affaire en d\u00e9lib\u00e9r\u00e9 et fixa le prononc\u00e9 du jugement \u00e0 l\u2019audience publique duvendredi,22septembre 2023. A cette audience publique, le tribunal rendit le JUGEMENT qui suit: Revu le jugement num\u00e9ro49\/2023du3 f\u00e9vrier 2023rendu par la chambre correctionnelle du tribunal d\u2019arrondissement de et \u00e0 Diekirch. Vu la requ\u00eate en rectification d\u2019une erreur mat\u00e9rielle pr\u00e9sent\u00e9e par le Minist\u00e8re Public le24 mai 2023. Vu la citation \u00e0 pr\u00e9venu du6juin 2023(not. 4590\/22\/XC) r\u00e9guli\u00e8rement notifi\u00e9e le9juin 2023\u00e0PERSONNE1.)en personne. Vu les d\u00e9bats men\u00e9s \u00e0 l\u2019audience publique du6juillet2023. Le Procureur d\u2019Etat demande au tribunal de d\u00e9clarer la requ\u00eate fond\u00e9eet d\u2019ordonner la rectification du jugement num\u00e9ro49\/2023en ce sens que l\u2019alin\u00e9a 4 \u00e0 la page 5 dudit jugement: \u00abprononcecontrePERSONNE2.)du chef de l\u2019infraction retenue \u00e0 sa charge une interdiction de conduire un v\u00e9hicule automoteur des cat\u00e9gories A, B, C, D, E et F sur toutes les voies publiques pour une dur\u00e9e deSIX (6) MOIS,\u00bb est erron\u00e9et est \u00e0 remplacer par le texte suivant:<\/p>\n<p>3 \u00abprononcecontrePERSONNE1.)du chef de l\u2019infraction retenue \u00e0 sa charge une interdiction de conduire un v\u00e9hicule automoteur des cat\u00e9gories A, B, C, D, E et F sur toutes les voies publiques pour une dur\u00e9e deSIX (6) MOIS,\u00bb Une rectification d\u2019un jugement n\u2019est concevable qu\u2019en pr\u00e9sence d\u2019une erreur purement mat\u00e9rielle, notion \u00e0 interpr\u00e9ter stricto sensu. En l\u2019esp\u00e8ce, il s\u2019agit d\u2019une erreur purement mat\u00e9rielle, \u00e9tant donn\u00e9 que le d\u00e9nomm\u00e9PERSONNE2.)dont le nom figure au dispositif du jugement num\u00e9ro 49\/2023est \u00e9tranger\u00e0 l\u2019affaire en question. Pour les motifs expos\u00e9s dans la requ\u00eate du Minist\u00e8re Public, il y a donc lieu de rectifier l\u2019erreur mat\u00e9rielle contenue dans le jugement rendu par la chambrecorrectionnelle du tribunal d\u2019arrondissement de et \u00e0 Diekirch le 3 f\u00e9vrier 2023sous le num\u00e9ro49\/2023. P a r c e s m o t i f s , le tribunal d\u2019arrondissement de et \u00e0 Diekirch, si\u00e9geant en mati\u00e8re correctionnelleet encompositiondejuge unique, statuant contradictoirement,PERSONNE1.)entendu en ses explications et moyens de d\u00e9fense, le repr\u00e9sentant du Minist\u00e8re Public entendu en son r\u00e9quisitoire, le pr\u00e9venu ayant eu la parole en dernier, r e \u00e7 o i tla requ\u00eate du Minist\u00e8re Public du24 mai2023en la forme, l a d i tfond\u00e9e, d i tqu\u2019il y a lieuderectifierl\u2019erreur mat\u00e9rielle contenue dans le jugement num\u00e9ro49\/2023du3 f\u00e9vrier 2023, o r d o n n eque le jugement num\u00e9ro49\/2023du3 f\u00e9vrier 2023stipule en sa page5le passage suivant: \u00abp r o n o n c econtrePERSONNE1.)du chef de l\u2019infraction retenue \u00e0 sa charge une interdiction de conduire un v\u00e9hicule automoteur des cat\u00e9gories A, B, C, D, E et F sur toutes les voies publiques pour une dur\u00e9e deSIX (6) MOIS,\u00bb, en lieu et place du passage:<\/p>\n<p>4 \u00abp r o no n c econtrePERSONNE2.)du chef de l\u2019infraction retenue \u00e0 sa charge une interdiction de conduire un v\u00e9hicule automoteur des cat\u00e9gories A, B, C, D, E et F sur toutes les voies publiques pour une dur\u00e9e deSIX(6) MOIS,\u00bb, o r d o n n eque la mention du pr\u00e9sent jugement de rectification soit faite en marge du jugement rectifi\u00e9 num\u00e9ro49\/2023du3 f\u00e9vrier 2023et qu\u2019\u00e0 l\u2019avenir, il ne sera plus d\u00e9livr\u00e9 ni exp\u00e9dition, ni extrait, ni copie dudit jugement, sansla rectification ordonn\u00e9e, m e tles frais de la pr\u00e9sente instance \u00e0 charge de l\u2019Etat. Ainsi fait, jug\u00e9 et prononc\u00e9 en audience publique le vendredi,22 septembre 2023,au Palais de Justice \u00e0 Diekirch par Robert WELTER, premier vice-pr\u00e9sident, assist\u00e9 du greffierassum\u00e9 Saban KALABIC, en pr\u00e9sence deSt\u00e9phanie CLEMEN,substitutprincipaledu Procureur d\u2019Etat, qui \u00e0 l\u2019exception du repr\u00e9sentant du Minist\u00e8re Public ont sign\u00e9le pr\u00e9sent jugement. Ce jugement est susceptible d\u2019appel. L\u2019appel doit \u00eatre interjet\u00e9 dans les formes et d\u00e9lais pr\u00e9vus aux articles 202 et suivants du Code de proc\u00e9dure p\u00e9nale et il doit \u00eatre form\u00e9 par le pr\u00e9venu ou son avocat, la partie civile ainsi que la partie civilement responsable ou leurs avocats respectifs dans les40 joursde la date du prononc\u00e9 du pr\u00e9sent jugement, aupr\u00e8s du greffe du Tribunal d\u2019arrondissement de Diekirch, en se pr\u00e9sentant personnellementpour signer l\u2019acte d\u2019appel. L\u2019appel peut \u00e9galement \u00eatre interjet\u00e9, dans les40 joursde la date du prononc\u00e9 du pr\u00e9sent jugement par voie decourrier \u00e9lectronique\u00e0 adresser au guichet du greffe du Tribunal d\u2019arrondissement de Diekirch \u00e0 l\u2019adresseguichet.tribunal.diekirch@justice.etat.lu. Si le pr\u00e9venu estd\u00e9tenu,il peut d\u00e9clarer son appel au greffe duCentre p\u00e9nitentiaire.<\/p>\n<\/div>\n<hr class=\"kji-sep\" \/>\n<p class=\"kji-source-links\"><strong>Sources officielles :<\/strong> <a class=\"kji-source-link\" href=\"https:\/\/data.public.lu\/fr\/datasets\/tribunal-darrondissement-diekirch\/\" target=\"_blank\" rel=\"noopener noreferrer\">consulter la page source<\/a> &middot; <a class=\"kji-pdf-link\" href=\"https:\/\/download.data.public.lu\/resources\/tribunal-darrondissement-diekirch\/20240808-143611\/20230922-tadpenal-386-pseudonymise-accessible.pdf\" target=\"_blank\" rel=\"noopener noreferrer\">PDF officiel<\/a><\/p>\n<p class=\"kji-license-note\"><em>Licence CC BY-ND 4.0 (Administration judiciaire, data.public.lu). Republication autorisee avec attribution, sans modification editoriale du texte integral.<\/em><\/p>\n<\/div>\n","protected":false},"excerpt":{"rendered":"<p>No.386\/2023 Audience publique du vendredi,22septembre2023 (Not. 4590\/22\/XC)-SK Le tribunal d\u2019arrondissement de et \u00e0 Diekirch, si\u00e9geant en mati\u00e8re correctionnelleet en composition de juge unique, a rendu en son audience publiquedu vendredi,vingt-deuxseptembre deux millevingt-trois, le jugement qui suit dans la cause E N T R E Monsieur\u2026<\/p>\n","protected":false},"featured_media":0,"template":"","meta":{"_crdt_document":""},"kji_country":[8418],"kji_court":[23583],"kji_chamber":[],"kji_year":[24566],"kji_subject":[7724],"kji_keyword":[23584,23621,23622,15227,7636],"kji_language":[7733],"class_list":["post-613843","kji_decision","type-kji_decision","status-publish","hentry","kji_country-luxembourg","kji_court-tribunal-darrondissement","kji_year-24566","kji_subject-civil","kji_keyword-arrondissement","kji_keyword-audience","kji_keyword-publique","kji_keyword-septembre","kji_keyword-tribunal","kji_language-francais"],"yoast_head":"<!-- This site is optimized with the Yoast SEO Premium plugin v27.5 (Yoast SEO v27.5) - https:\/\/yoast.com\/product\/yoast-seo-premium-wordpress\/ -->\n<title>Tribunal d&#039;arrondissement, 22 septembre 2023 - Ma\u00eetre Hassan Kohen, avocat en droit p\u00e9nal \u00e0 Paris<\/title>\n<meta name=\"robots\" content=\"index, follow, max-snippet:-1, max-image-preview:large, max-video-preview:-1\" \/>\n<link rel=\"canonical\" href=\"https:\/\/kohenavocats.com\/zh-hans\/jurisprudences\/tribunal-darrondissement-22-septembre-2023\/\" \/>\n<meta property=\"og:locale\" content=\"zh_CN\" \/>\n<meta property=\"og:type\" content=\"article\" \/>\n<meta property=\"og:title\" content=\"Tribunal d&#039;arrondissement, 22 septembre 2023\" \/>\n<meta property=\"og:description\" content=\"No.386\/2023 Audience publique du vendredi,22septembre2023 (Not. 4590\/22\/XC)-SK Le tribunal d\u2019arrondissement de et \u00e0 Diekirch, si\u00e9geant en mati\u00e8re correctionnelleet en composition de juge unique, a rendu en son audience publiquedu vendredi,vingt-deuxseptembre deux millevingt-trois, le jugement qui suit dans la cause E N T R E Monsieur\u2026\" \/>\n<meta property=\"og:url\" content=\"https:\/\/kohenavocats.com\/zh-hans\/jurisprudences\/tribunal-darrondissement-22-septembre-2023\/\" \/>\n<meta property=\"og:site_name\" content=\"Ma\u00eetre Hassan Kohen, avocat en droit p\u00e9nal \u00e0 Paris\" \/>\n<meta property=\"article:modified_time\" content=\"2026-04-19T22:26:49+00:00\" \/>\n<meta name=\"twitter:card\" content=\"summary_large_image\" \/>\n<meta name=\"twitter:label1\" content=\"\u9884\u8ba1\u9605\u8bfb\u65f6\u95f4\" \/>\n\t<meta name=\"twitter:data1\" content=\"6 \u5206\" \/>\n<script type=\"application\/ld+json\" class=\"yoast-schema-graph\">{\"@context\":\"https:\\\/\\\/schema.org\",\"@graph\":[{\"@type\":\"WebPage\",\"@id\":\"https:\\\/\\\/kohenavocats.com\\\/zh-hans\\\/jurisprudences\\\/tribunal-darrondissement-22-septembre-2023\\\/\",\"url\":\"https:\\\/\\\/kohenavocats.com\\\/zh-hans\\\/jurisprudences\\\/tribunal-darrondissement-22-septembre-2023\\\/\",\"name\":\"Tribunal d'arrondissement, 22 septembre 2023 - Ma\u00eetre Hassan Kohen, avocat en droit p\u00e9nal \u00e0 Paris\",\"isPartOf\":{\"@id\":\"https:\\\/\\\/kohenavocats.com\\\/zh-hans\\\/#website\"},\"datePublished\":\"2026-04-19T22:26:46+00:00\",\"dateModified\":\"2026-04-19T22:26:49+00:00\",\"breadcrumb\":{\"@id\":\"https:\\\/\\\/kohenavocats.com\\\/zh-hans\\\/jurisprudences\\\/tribunal-darrondissement-22-septembre-2023\\\/#breadcrumb\"},\"inLanguage\":\"zh-Hans\",\"potentialAction\":[{\"@type\":\"ReadAction\",\"target\":[\"https:\\\/\\\/kohenavocats.com\\\/zh-hans\\\/jurisprudences\\\/tribunal-darrondissement-22-septembre-2023\\\/\"]}]},{\"@type\":\"BreadcrumbList\",\"@id\":\"https:\\\/\\\/kohenavocats.com\\\/zh-hans\\\/jurisprudences\\\/tribunal-darrondissement-22-septembre-2023\\\/#breadcrumb\",\"itemListElement\":[{\"@type\":\"ListItem\",\"position\":1,\"name\":\"Home\",\"item\":\"https:\\\/\\\/kohenavocats.com\\\/zh-hans\\\/\"},{\"@type\":\"ListItem\",\"position\":2,\"name\":\"Jurisprudences\",\"item\":\"https:\\\/\\\/kohenavocats.com\\\/zh-hans\\\/jurisprudences\\\/\"},{\"@type\":\"ListItem\",\"position\":3,\"name\":\"Tribunal d&rsquo;arrondissement, 22 septembre 2023\"}]},{\"@type\":\"WebSite\",\"@id\":\"https:\\\/\\\/kohenavocats.com\\\/zh-hans\\\/#website\",\"url\":\"https:\\\/\\\/kohenavocats.com\\\/zh-hans\\\/\",\"name\":\"Kohen Avocats\",\"description\":\"Ma\u00eetre Hassan Kohen, avocat p\u00e9naliste \u00e0 Paris, intervient exclusivement en droit p\u00e9nal pour la d\u00e9fense des particuliers, notamment en mati\u00e8re d\u2019accusations de viol. Il assure un accompagnement rigoureux d\u00e8s la garde \u00e0 vue jusqu\u2019\u00e0 la Cour d\u2019assises, veillant au strict respect des garanties proc\u00e9durales.\",\"publisher\":{\"@id\":\"https:\\\/\\\/kohenavocats.com\\\/zh-hans\\\/#organization\"},\"potentialAction\":[{\"@type\":\"SearchAction\",\"target\":{\"@type\":\"EntryPoint\",\"urlTemplate\":\"https:\\\/\\\/kohenavocats.com\\\/zh-hans\\\/?s={search_term_string}\"},\"query-input\":{\"@type\":\"PropertyValueSpecification\",\"valueRequired\":true,\"valueName\":\"search_term_string\"}}],\"inLanguage\":\"zh-Hans\"},{\"@type\":\"Organization\",\"@id\":\"https:\\\/\\\/kohenavocats.com\\\/zh-hans\\\/#organization\",\"name\":\"Kohen Avocats\",\"url\":\"https:\\\/\\\/kohenavocats.com\\\/zh-hans\\\/\",\"logo\":{\"@type\":\"ImageObject\",\"inLanguage\":\"zh-Hans\",\"@id\":\"https:\\\/\\\/kohenavocats.com\\\/zh-hans\\\/#\\\/schema\\\/logo\\\/image\\\/\",\"url\":\"https:\\\/\\\/kohenavocats.com\\\/wp-content\\\/uploads\\\/2026\\\/01\\\/Logo-2-1.webp\",\"contentUrl\":\"https:\\\/\\\/kohenavocats.com\\\/wp-content\\\/uploads\\\/2026\\\/01\\\/Logo-2-1.webp\",\"width\":2114,\"height\":1253,\"caption\":\"Kohen Avocats\"},\"image\":{\"@id\":\"https:\\\/\\\/kohenavocats.com\\\/zh-hans\\\/#\\\/schema\\\/logo\\\/image\\\/\"}}]}<\/script>\n<!-- \/ Yoast SEO Premium plugin. -->","yoast_head_json":{"title":"Tribunal d'arrondissement, 22 septembre 2023 - Ma\u00eetre Hassan Kohen, avocat en droit p\u00e9nal \u00e0 Paris","robots":{"index":"index","follow":"follow","max-snippet":"max-snippet:-1","max-image-preview":"max-image-preview:large","max-video-preview":"max-video-preview:-1"},"canonical":"https:\/\/kohenavocats.com\/zh-hans\/jurisprudences\/tribunal-darrondissement-22-septembre-2023\/","og_locale":"zh_CN","og_type":"article","og_title":"Tribunal d'arrondissement, 22 septembre 2023","og_description":"No.386\/2023 Audience publique du vendredi,22septembre2023 (Not. 4590\/22\/XC)-SK Le tribunal d\u2019arrondissement de et \u00e0 Diekirch, si\u00e9geant en mati\u00e8re correctionnelleet en composition de juge unique, a rendu en son audience publiquedu vendredi,vingt-deuxseptembre deux millevingt-trois, le jugement qui suit dans la cause E N T R E Monsieur\u2026","og_url":"https:\/\/kohenavocats.com\/zh-hans\/jurisprudences\/tribunal-darrondissement-22-septembre-2023\/","og_site_name":"Ma\u00eetre Hassan Kohen, avocat en droit p\u00e9nal \u00e0 Paris","article_modified_time":"2026-04-19T22:26:49+00:00","twitter_card":"summary_large_image","twitter_misc":{"\u9884\u8ba1\u9605\u8bfb\u65f6\u95f4":"6 \u5206"},"schema":{"@context":"https:\/\/schema.org","@graph":[{"@type":"WebPage","@id":"https:\/\/kohenavocats.com\/zh-hans\/jurisprudences\/tribunal-darrondissement-22-septembre-2023\/","url":"https:\/\/kohenavocats.com\/zh-hans\/jurisprudences\/tribunal-darrondissement-22-septembre-2023\/","name":"Tribunal d'arrondissement, 22 septembre 2023 - Ma\u00eetre Hassan Kohen, avocat en droit p\u00e9nal \u00e0 Paris","isPartOf":{"@id":"https:\/\/kohenavocats.com\/zh-hans\/#website"},"datePublished":"2026-04-19T22:26:46+00:00","dateModified":"2026-04-19T22:26:49+00:00","breadcrumb":{"@id":"https:\/\/kohenavocats.com\/zh-hans\/jurisprudences\/tribunal-darrondissement-22-septembre-2023\/#breadcrumb"},"inLanguage":"zh-Hans","potentialAction":[{"@type":"ReadAction","target":["https:\/\/kohenavocats.com\/zh-hans\/jurisprudences\/tribunal-darrondissement-22-septembre-2023\/"]}]},{"@type":"BreadcrumbList","@id":"https:\/\/kohenavocats.com\/zh-hans\/jurisprudences\/tribunal-darrondissement-22-septembre-2023\/#breadcrumb","itemListElement":[{"@type":"ListItem","position":1,"name":"Home","item":"https:\/\/kohenavocats.com\/zh-hans\/"},{"@type":"ListItem","position":2,"name":"Jurisprudences","item":"https:\/\/kohenavocats.com\/zh-hans\/jurisprudences\/"},{"@type":"ListItem","position":3,"name":"Tribunal d&rsquo;arrondissement, 22 septembre 2023"}]},{"@type":"WebSite","@id":"https:\/\/kohenavocats.com\/zh-hans\/#website","url":"https:\/\/kohenavocats.com\/zh-hans\/","name":"Kohen Avocats","description":"Ma\u00eetre Hassan Kohen, avocat p\u00e9naliste \u00e0 Paris, intervient exclusivement en droit p\u00e9nal pour la d\u00e9fense des particuliers, notamment en mati\u00e8re d\u2019accusations de viol. Il assure un accompagnement rigoureux d\u00e8s la garde \u00e0 vue jusqu\u2019\u00e0 la Cour d\u2019assises, veillant au strict respect des garanties proc\u00e9durales.","publisher":{"@id":"https:\/\/kohenavocats.com\/zh-hans\/#organization"},"potentialAction":[{"@type":"SearchAction","target":{"@type":"EntryPoint","urlTemplate":"https:\/\/kohenavocats.com\/zh-hans\/?s={search_term_string}"},"query-input":{"@type":"PropertyValueSpecification","valueRequired":true,"valueName":"search_term_string"}}],"inLanguage":"zh-Hans"},{"@type":"Organization","@id":"https:\/\/kohenavocats.com\/zh-hans\/#organization","name":"Kohen Avocats","url":"https:\/\/kohenavocats.com\/zh-hans\/","logo":{"@type":"ImageObject","inLanguage":"zh-Hans","@id":"https:\/\/kohenavocats.com\/zh-hans\/#\/schema\/logo\/image\/","url":"https:\/\/kohenavocats.com\/wp-content\/uploads\/2026\/01\/Logo-2-1.webp","contentUrl":"https:\/\/kohenavocats.com\/wp-content\/uploads\/2026\/01\/Logo-2-1.webp","width":2114,"height":1253,"caption":"Kohen Avocats"},"image":{"@id":"https:\/\/kohenavocats.com\/zh-hans\/#\/schema\/logo\/image\/"}}]}},"jetpack_likes_enabled":false,"jetpack_sharing_enabled":true,"_links":{"self":[{"href":"https:\/\/kohenavocats.com\/zh-hans\/wp-json\/wp\/v2\/kji_decision\/613843","targetHints":{"allow":["GET"]}}],"collection":[{"href":"https:\/\/kohenavocats.com\/zh-hans\/wp-json\/wp\/v2\/kji_decision"}],"about":[{"href":"https:\/\/kohenavocats.com\/zh-hans\/wp-json\/wp\/v2\/types\/kji_decision"}],"wp:attachment":[{"href":"https:\/\/kohenavocats.com\/zh-hans\/wp-json\/wp\/v2\/media?parent=613843"}],"wp:term":[{"taxonomy":"kji_country","embeddable":true,"href":"https:\/\/kohenavocats.com\/zh-hans\/wp-json\/wp\/v2\/kji_country?post=613843"},{"taxonomy":"kji_court","embeddable":true,"href":"https:\/\/kohenavocats.com\/zh-hans\/wp-json\/wp\/v2\/kji_court?post=613843"},{"taxonomy":"kji_chamber","embeddable":true,"href":"https:\/\/kohenavocats.com\/zh-hans\/wp-json\/wp\/v2\/kji_chamber?post=613843"},{"taxonomy":"kji_year","embeddable":true,"href":"https:\/\/kohenavocats.com\/zh-hans\/wp-json\/wp\/v2\/kji_year?post=613843"},{"taxonomy":"kji_subject","embeddable":true,"href":"https:\/\/kohenavocats.com\/zh-hans\/wp-json\/wp\/v2\/kji_subject?post=613843"},{"taxonomy":"kji_keyword","embeddable":true,"href":"https:\/\/kohenavocats.com\/zh-hans\/wp-json\/wp\/v2\/kji_keyword?post=613843"},{"taxonomy":"kji_language","embeddable":true,"href":"https:\/\/kohenavocats.com\/zh-hans\/wp-json\/wp\/v2\/kji_language?post=613843"}],"curies":[{"name":"wp","href":"https:\/\/api.w.org\/{rel}","templated":true}]}}