{"id":615339,"date":"2026-04-20T03:05:52","date_gmt":"2026-04-20T01:05:52","guid":{"rendered":"https:\/\/kohenavocats.com\/jurisprudences\/cour-superieure-de-justice-14-juillet-2023-n-2023-00407\/"},"modified":"2026-04-20T03:05:56","modified_gmt":"2026-04-20T01:05:56","slug":"cour-superieure-de-justice-14-juillet-2023-n-2023-00407","status":"publish","type":"kji_decision","link":"https:\/\/kohenavocats.com\/zh-hans\/jurisprudences\/cour-superieure-de-justice-14-juillet-2023-n-2023-00407\/","title":{"rendered":"Cour sup\u00e9rieure de justice, 14 juillet 2023, n\u00b0 2023-00407"},"content":{"rendered":"<div class=\"kji-decision\">\n<div class=\"kji-full-text\">\n<p>1 Arr\u00eat N\u00b0150\/23IV-COM Arr\u00eat commercial-faillite Audience publiqueextraordinaireduquatorze juilletdeux millevingt- trois Num\u00e9roCAL-2023-00407du r\u00f4le Composition: Marianne EICHER,pr\u00e9sident de chambre; Mich\u00e8le HORNICK, conseiller; CaroleBESCH, conseiller; Eric VILVENS, greffier. E n t r e la soci\u00e9t\u00e9\u00e0 responsabilit\u00e9 limit\u00e9eSOCIETE1.),\u00e9tablie etayantson si\u00e8ge social \u00e0L-ADRESSE1.),repr\u00e9sent\u00e9e par song\u00e9rant,inscrite au Registre deCommerce et desSoci\u00e9t\u00e9s de Luxembourg sous le num\u00e9roNUMERO1.), appelanteaux termes d\u2019un acte de l&#039;huissier de justicePatrick Kurdybanen remplacement de l\u2019huissier de justiceCath\u00e9rine Nilles, les deux demeurant \u00e0Luxembourg,du30 janvier2023, comparant parMa\u00eetreJean-Philippe Lahorgue, avocat \u00e0 la Cour, demeurant \u00e0Sandweiler, et<\/p>\n<p>2 1)l\u2019\u00e9tablissement public CENTRE COMMUN DE LA SECURITE SOCIALE, \u00e9tabli \u00e0 L-2144Luxembourg,4 rue Mercier,repr\u00e9sent\u00e9 par le pr\u00e9sident de son comit\u00e9-directeur, immatricul\u00e9 au Registrede Commerce et des Soci\u00e9t\u00e9s de Luxembourg sous le num\u00e9ro J17, intim\u00e9aux fins dupr\u00e9dit acteKurdyban, comparant par Ma\u00eetreLuc Olinger, avocat \u00e0 la Cour, demeurant \u00e0 Luxembourg, 2)Ma\u00eetreAzadeh AZIZI,avocat \u00e0 la Cour, demeur ant professionnellement \u00e0L-1142 Luxembourg, 9, rue Pierre d&#039;Aspelt, pris en sa qualit\u00e9 de curateur de la faillite de la soci\u00e9t\u00e9 \u00e0 responsabilit\u00e9 limit\u00e9eSOCIETE1.), d\u00e9clar\u00e9e en \u00e9tat defaillite par jugement du tribunal d&#039;arrondissement deLuxembourg du 9 d\u00e9cembre 2022, intim\u00e9eaux fins dupr\u00e9dit acteKurdyban, comparant parelle-m\u00eame. LA COURD\u2019APPEL Par jugement du 9 d\u00e9cembre 2022, le tribunal d\u2019arrondissement de Luxembourg, si\u00e9geant en mati\u00e8re commerciale, a d\u00e9clar\u00e9 la soci\u00e9t\u00e9 \u00e0 responsabilit\u00e9 limit\u00e9eSOCIETE1.)(ci-apr\u00e8s la soci\u00e9t\u00e9SOCIETE1.)) en faillite sur assignation de l\u2019\u00e9tablissement public CENTRE COMMUN DE LA SECURITE SOCIALE (ci -apr\u00e8s le CCSS) qui se pr\u00e9valait d\u2019une cr\u00e9ance de 49.009,88 euros \u00e0 titre d\u2019arri\u00e9r\u00e9s de cotisations, d\u2019int\u00e9r\u00eats et de frais d\u2019huissier. Par acte d\u2019huissier de justice du 30 janvier 2023,la soci\u00e9t\u00e9 SOCIETE1.)a relev\u00e9 appel de ce jugement qui ne lui a pas \u00e9t\u00e9 signifi\u00e9. Elle conclut, par r\u00e9formation, au rabattement de la faillite au motif qu\u2019elle \u00aba justifi\u00e9 du paiement de l\u2019int\u00e9gralit\u00e9 de ces dettes, des frais de curateur et des frais d\u2019assignation\u00bb et que partant, elle n\u2019est plus en \u00e9tat de cessation de paiement et d\u2019\u00e9branlement de cr\u00e9dit. Le curateur se rapporte \u00e0 prudence de justice en ce qui concerne la recevabilit\u00e9 de l\u2019acte d\u2019appel en la pure forme et le bien-fond\u00e9 de l\u2019appel. Il rel\u00e8ve qu\u2019il a d\u00e9couvert un actif de 46.226,25 euros et que le passifaccept\u00e9 s\u2019\u00e9l\u00e8ve \u00e0 78.271,23 euros auquel s\u2019ajoutent encore neuf autres d\u00e9clarations de cr\u00e9ance qui n\u2019ont pas encore \u00e9t\u00e9 v\u00e9rifi\u00e9es. Dans ses conclusions, il \u00e9value ses frais et honoraires \u00e0 8.964,23 euros et demande \u00e0 ce qu\u2019ils soient mis \u00e0 charge de l\u2019appelante. A l\u2019audience des plaidoiries, le curateur fait valoir que ses frais et honoraires ont \u00e9t\u00e9 tax\u00e9s \u00e0 la somme de 2.239,54 euros.<\/p>\n<p>3 Le CCSS se rapporte \u00e0 prudence de justice quant \u00e0 la recevabilit\u00e9 de l\u2019acte d\u2019appel. Il fait valoir que contrairement \u00e0 la motivation de l\u2019acte d\u2019appel, il ressort de son extrait de compte actualis\u00e9 au 10 mai 2023 que l\u2019appelante n\u2019a rien pay\u00e9. Il conclutd\u00e8s lors \u00e0 la confirmation du jugement. Il demande en outre la condamnation de l\u2019appelante \u00e0 lui payer une indemnit\u00e9 de proc\u00e9dure de 1.500 euros. Appr\u00e9ciation Les parties intim\u00e9esrestent en d\u00e9faut de d\u00e9velopper leurmoyen d\u2019irrecevabilit\u00e9 de l\u2019acte d\u2019appel. Celui-ci est recevable pour avoir \u00e9t\u00e9 interjet\u00e9 dans la forme et le d\u00e9lai l\u00e9gal. Suivant l\u2019article 437 du Code de commerce, tout commer\u00e7ant qui a cess\u00e9 ses paiements et dont le cr\u00e9dit se trouve \u00e9branl\u00e9 est en \u00e9tat de faillite. La cessation de paiement est le fait mat\u00e9riel du commer\u00e7ant qui, n\u2019honorant plus ses dettes exigibles et liquides, a arr\u00eat\u00e9 son mouvement de caisse. L\u2019\u00e9branlement de cr\u00e9dit provient de l\u2019impossibilit\u00e9 d\u2019obtenir de l\u2019argent frais pour payer ses dettes, respectivement du refus des cr\u00e9anciers d\u2019accorder des d\u00e9lais de paiement. Contrairement \u00e0 son affirmation contenue dans l\u2019acte d\u2019appel,la soci\u00e9t\u00e9SOCIETE1.)ne verse aucune pi\u00e8ce \u00e9tablissant qu\u2019elle a pay\u00e9\u00abl\u2019int\u00e9gralit\u00e9 de ces dettes, des frais de curateur et des frais d\u2019assignation\u00bb. Elle ne justifie pas non plus qu\u2019elle dispose d\u2019un actif disponible lui permettant d\u2019apurerenti\u00e8rementson passif d\u00e9clar\u00e9, la somme se trouvant \u00e0 disposition du curateur ne suffisant m\u00eame pas \u00e0 couvrir la cr\u00e9ance du CCSS. Il faut d\u00e8s lors constater que la soci\u00e9t\u00e9SOCIETE1.)ne dispose pas des moyens financiers suffisants pour payer ses cr\u00e9anciers. Il y a donc bien eu, en date du prononc\u00e9 de la faillite, cessation des paiements et \u00e9branlement de cr\u00e9dit. Le jugement est d\u00e8s lors \u00e0 confirmer. Au vude l\u2019issue de l\u2019appel, les frais et d\u00e9pens sont \u00e0 mettre \u00e0 charge de la masse de la faillite de lasoci\u00e9t\u00e9SOCIETE1.). Le CCSSdemande une indemnit\u00e9 de proc\u00e9dure de 1.500euros. Au vu de l\u2019\u00e9tat de faillite, la Cour ne saurait prononcer de condamnation surbase de l\u2019article 240 du Nouveau Code de proc\u00e9dure civile mais serait limit\u00e9e \u00e0 fixer la cr\u00e9ancedu CCSS. Abstraction faite de cette consid\u00e9ration,le CCSSest rest\u00e9en d\u00e9faut d\u2019\u00e9tablir la condition<\/p>\n<p>4 d\u2019iniquit\u00e9 requise par l\u2019article 240 du Nouveau Code deproc\u00e9dure civile, de sorte que sa demande est \u00e0 rejeter comme non fond\u00e9e. PAR CES MOTIFS la Cour d\u2019appel, quatri\u00e8me chambre, si\u00e9geant en mati\u00e8re commerciale, statuant contradictoirement, re\u00e7oit l\u2019appel, le d\u00e9clare non fond\u00e9, confirmele jugement entrepris, dit non fond\u00e9e la demande du Centre Commun de la S\u00e9curit\u00e9 Sociale sur base de l\u2019article 240 du Nouveau Code de proc\u00e9dure civile, met les frais de l\u2019instance d\u2019appel \u00e0 charge de la masse de la faillite avec distraction au profit de Ma\u00eetre Luc Olinger sur ses affirmations de droit.<\/p>\n<\/div>\n<hr class=\"kji-sep\" \/>\n<p class=\"kji-source-links\"><strong>Sources officielles :<\/strong> <a class=\"kji-source-link\" href=\"https:\/\/data.public.lu\/fr\/datasets\/cour-superieure-de-justice-chambre-4\/\" target=\"_blank\" rel=\"noopener noreferrer\">consulter la page source<\/a> &middot; <a class=\"kji-pdf-link\" href=\"https:\/\/download.data.public.lu\/resources\/cour-superieure-de-justice-chambre-4\/20240827-174110\/20230714-ii-cal-2023-00407-pseudonymise-accessible.pdf\" target=\"_blank\" rel=\"noopener noreferrer\">PDF officiel<\/a><\/p>\n<p class=\"kji-license-note\"><em>Licence CC BY-ND 4.0 (Administration judiciaire, data.public.lu). Republication autorisee avec attribution, sans modification editoriale du texte integral.<\/em><\/p>\n<\/div>\n","protected":false},"excerpt":{"rendered":"<p>1 Arr\u00eat N\u00b0150\/23IV-COM Arr\u00eat commercial-faillite Audience publiqueextraordinaireduquatorze juilletdeux millevingt- trois Num\u00e9roCAL-2023-00407du r\u00f4le Composition: Marianne EICHER,pr\u00e9sident de chambre; Mich\u00e8le HORNICK, conseiller; CaroleBESCH, conseiller; Eric VILVENS, greffier. E n t r e la soci\u00e9t\u00e9\u00e0 responsabilit\u00e9 limit\u00e9eSOCIETE1.),\u00e9tablie etayantson si\u00e8ge social \u00e0L-ADRESSE1.),repr\u00e9sent\u00e9e par song\u00e9rant,inscrite au Registre deCommerce et desSoci\u00e9t\u00e9s\u2026<\/p>\n","protected":false},"featured_media":0,"template":"","meta":{"_crdt_document":""},"kji_country":[8418],"kji_court":[12305],"kji_chamber":[18433],"kji_year":[24566],"kji_subject":[7724],"kji_keyword":[8600,9055,12307],"kji_language":[7733],"class_list":["post-615339","kji_decision","type-kji_decision","status-publish","hentry","kji_country-luxembourg","kji_court-cour-superieure-de-justice","kji_chamber-chambre-4","kji_year-24566","kji_subject-civil","kji_keyword-juillet","kji_keyword-justice","kji_keyword-superieure","kji_language-francais"],"yoast_head":"<!-- This site is optimized with the Yoast SEO Premium plugin v27.5 (Yoast SEO v27.5) - https:\/\/yoast.com\/product\/yoast-seo-premium-wordpress\/ -->\n<title>Cour sup\u00e9rieure de justice, 14 juillet 2023, n\u00b0 2023-00407 - Ma\u00eetre Hassan Kohen, avocat en droit p\u00e9nal \u00e0 Paris<\/title>\n<meta name=\"robots\" content=\"index, follow, max-snippet:-1, max-image-preview:large, max-video-preview:-1\" \/>\n<link rel=\"canonical\" href=\"https:\/\/kohenavocats.com\/zh-hans\/jurisprudences\/cour-superieure-de-justice-14-juillet-2023-n-2023-00407\/\" \/>\n<meta property=\"og:locale\" content=\"zh_CN\" \/>\n<meta property=\"og:type\" content=\"article\" \/>\n<meta property=\"og:title\" content=\"Cour sup\u00e9rieure de justice, 14 juillet 2023, n\u00b0 2023-00407\" \/>\n<meta property=\"og:description\" content=\"1 Arr\u00eat N\u00b0150\/23IV-COM Arr\u00eat commercial-faillite Audience publiqueextraordinaireduquatorze juilletdeux millevingt- trois Num\u00e9roCAL-2023-00407du r\u00f4le Composition: Marianne EICHER,pr\u00e9sident de chambre; Mich\u00e8le HORNICK, conseiller; CaroleBESCH, conseiller; Eric VILVENS, greffier. E n t r e la soci\u00e9t\u00e9\u00e0 responsabilit\u00e9 limit\u00e9eSOCIETE1.),\u00e9tablie etayantson si\u00e8ge social \u00e0L-ADRESSE1.),repr\u00e9sent\u00e9e par song\u00e9rant,inscrite au Registre deCommerce et desSoci\u00e9t\u00e9s\u2026\" \/>\n<meta property=\"og:url\" content=\"https:\/\/kohenavocats.com\/zh-hans\/jurisprudences\/cour-superieure-de-justice-14-juillet-2023-n-2023-00407\/\" \/>\n<meta property=\"og:site_name\" content=\"Ma\u00eetre Hassan Kohen, avocat en droit p\u00e9nal \u00e0 Paris\" \/>\n<meta property=\"article:modified_time\" content=\"2026-04-20T01:05:56+00:00\" \/>\n<meta name=\"twitter:card\" content=\"summary_large_image\" \/>\n<meta name=\"twitter:label1\" content=\"\u9884\u8ba1\u9605\u8bfb\u65f6\u95f4\" \/>\n\t<meta name=\"twitter:data1\" content=\"5 \u5206\" \/>\n<script type=\"application\/ld+json\" class=\"yoast-schema-graph\">{\"@context\":\"https:\\\/\\\/schema.org\",\"@graph\":[{\"@type\":\"WebPage\",\"@id\":\"https:\\\/\\\/kohenavocats.com\\\/zh-hans\\\/jurisprudences\\\/cour-superieure-de-justice-14-juillet-2023-n-2023-00407\\\/\",\"url\":\"https:\\\/\\\/kohenavocats.com\\\/zh-hans\\\/jurisprudences\\\/cour-superieure-de-justice-14-juillet-2023-n-2023-00407\\\/\",\"name\":\"Cour sup\u00e9rieure de justice, 14 juillet 2023, n\u00b0 2023-00407 - Ma\u00eetre Hassan Kohen, avocat en droit p\u00e9nal \u00e0 Paris\",\"isPartOf\":{\"@id\":\"https:\\\/\\\/kohenavocats.com\\\/zh-hans\\\/#website\"},\"datePublished\":\"2026-04-20T01:05:52+00:00\",\"dateModified\":\"2026-04-20T01:05:56+00:00\",\"breadcrumb\":{\"@id\":\"https:\\\/\\\/kohenavocats.com\\\/zh-hans\\\/jurisprudences\\\/cour-superieure-de-justice-14-juillet-2023-n-2023-00407\\\/#breadcrumb\"},\"inLanguage\":\"zh-Hans\",\"potentialAction\":[{\"@type\":\"ReadAction\",\"target\":[\"https:\\\/\\\/kohenavocats.com\\\/zh-hans\\\/jurisprudences\\\/cour-superieure-de-justice-14-juillet-2023-n-2023-00407\\\/\"]}]},{\"@type\":\"BreadcrumbList\",\"@id\":\"https:\\\/\\\/kohenavocats.com\\\/zh-hans\\\/jurisprudences\\\/cour-superieure-de-justice-14-juillet-2023-n-2023-00407\\\/#breadcrumb\",\"itemListElement\":[{\"@type\":\"ListItem\",\"position\":1,\"name\":\"Home\",\"item\":\"https:\\\/\\\/kohenavocats.com\\\/zh-hans\\\/\"},{\"@type\":\"ListItem\",\"position\":2,\"name\":\"Jurisprudences\",\"item\":\"https:\\\/\\\/kohenavocats.com\\\/zh-hans\\\/jurisprudences\\\/\"},{\"@type\":\"ListItem\",\"position\":3,\"name\":\"Cour sup\u00e9rieure de justice, 14 juillet 2023, n\u00b0 2023-00407\"}]},{\"@type\":\"WebSite\",\"@id\":\"https:\\\/\\\/kohenavocats.com\\\/zh-hans\\\/#website\",\"url\":\"https:\\\/\\\/kohenavocats.com\\\/zh-hans\\\/\",\"name\":\"Kohen Avocats\",\"description\":\"Ma\u00eetre Hassan Kohen, avocat p\u00e9naliste \u00e0 Paris, intervient exclusivement en droit p\u00e9nal pour la d\u00e9fense des particuliers, notamment en mati\u00e8re d\u2019accusations de viol. Il assure un accompagnement rigoureux d\u00e8s la garde \u00e0 vue jusqu\u2019\u00e0 la Cour d\u2019assises, veillant au strict respect des garanties proc\u00e9durales.\",\"publisher\":{\"@id\":\"https:\\\/\\\/kohenavocats.com\\\/zh-hans\\\/#organization\"},\"potentialAction\":[{\"@type\":\"SearchAction\",\"target\":{\"@type\":\"EntryPoint\",\"urlTemplate\":\"https:\\\/\\\/kohenavocats.com\\\/zh-hans\\\/?s={search_term_string}\"},\"query-input\":{\"@type\":\"PropertyValueSpecification\",\"valueRequired\":true,\"valueName\":\"search_term_string\"}}],\"inLanguage\":\"zh-Hans\"},{\"@type\":\"Organization\",\"@id\":\"https:\\\/\\\/kohenavocats.com\\\/zh-hans\\\/#organization\",\"name\":\"Kohen Avocats\",\"url\":\"https:\\\/\\\/kohenavocats.com\\\/zh-hans\\\/\",\"logo\":{\"@type\":\"ImageObject\",\"inLanguage\":\"zh-Hans\",\"@id\":\"https:\\\/\\\/kohenavocats.com\\\/zh-hans\\\/#\\\/schema\\\/logo\\\/image\\\/\",\"url\":\"https:\\\/\\\/kohenavocats.com\\\/wp-content\\\/uploads\\\/2026\\\/01\\\/Logo-2-1.webp\",\"contentUrl\":\"https:\\\/\\\/kohenavocats.com\\\/wp-content\\\/uploads\\\/2026\\\/01\\\/Logo-2-1.webp\",\"width\":2114,\"height\":1253,\"caption\":\"Kohen Avocats\"},\"image\":{\"@id\":\"https:\\\/\\\/kohenavocats.com\\\/zh-hans\\\/#\\\/schema\\\/logo\\\/image\\\/\"}}]}<\/script>\n<!-- \/ Yoast SEO Premium plugin. -->","yoast_head_json":{"title":"Cour sup\u00e9rieure de justice, 14 juillet 2023, n\u00b0 2023-00407 - Ma\u00eetre Hassan Kohen, avocat en droit p\u00e9nal \u00e0 Paris","robots":{"index":"index","follow":"follow","max-snippet":"max-snippet:-1","max-image-preview":"max-image-preview:large","max-video-preview":"max-video-preview:-1"},"canonical":"https:\/\/kohenavocats.com\/zh-hans\/jurisprudences\/cour-superieure-de-justice-14-juillet-2023-n-2023-00407\/","og_locale":"zh_CN","og_type":"article","og_title":"Cour sup\u00e9rieure de justice, 14 juillet 2023, n\u00b0 2023-00407","og_description":"1 Arr\u00eat N\u00b0150\/23IV-COM Arr\u00eat commercial-faillite Audience publiqueextraordinaireduquatorze juilletdeux millevingt- trois Num\u00e9roCAL-2023-00407du r\u00f4le Composition: Marianne EICHER,pr\u00e9sident de chambre; Mich\u00e8le HORNICK, conseiller; CaroleBESCH, conseiller; Eric VILVENS, greffier. E n t r e la soci\u00e9t\u00e9\u00e0 responsabilit\u00e9 limit\u00e9eSOCIETE1.),\u00e9tablie etayantson si\u00e8ge social \u00e0L-ADRESSE1.),repr\u00e9sent\u00e9e par song\u00e9rant,inscrite au Registre deCommerce et desSoci\u00e9t\u00e9s\u2026","og_url":"https:\/\/kohenavocats.com\/zh-hans\/jurisprudences\/cour-superieure-de-justice-14-juillet-2023-n-2023-00407\/","og_site_name":"Ma\u00eetre Hassan Kohen, avocat en droit p\u00e9nal \u00e0 Paris","article_modified_time":"2026-04-20T01:05:56+00:00","twitter_card":"summary_large_image","twitter_misc":{"\u9884\u8ba1\u9605\u8bfb\u65f6\u95f4":"5 \u5206"},"schema":{"@context":"https:\/\/schema.org","@graph":[{"@type":"WebPage","@id":"https:\/\/kohenavocats.com\/zh-hans\/jurisprudences\/cour-superieure-de-justice-14-juillet-2023-n-2023-00407\/","url":"https:\/\/kohenavocats.com\/zh-hans\/jurisprudences\/cour-superieure-de-justice-14-juillet-2023-n-2023-00407\/","name":"Cour sup\u00e9rieure de justice, 14 juillet 2023, n\u00b0 2023-00407 - Ma\u00eetre Hassan Kohen, avocat en droit p\u00e9nal \u00e0 Paris","isPartOf":{"@id":"https:\/\/kohenavocats.com\/zh-hans\/#website"},"datePublished":"2026-04-20T01:05:52+00:00","dateModified":"2026-04-20T01:05:56+00:00","breadcrumb":{"@id":"https:\/\/kohenavocats.com\/zh-hans\/jurisprudences\/cour-superieure-de-justice-14-juillet-2023-n-2023-00407\/#breadcrumb"},"inLanguage":"zh-Hans","potentialAction":[{"@type":"ReadAction","target":["https:\/\/kohenavocats.com\/zh-hans\/jurisprudences\/cour-superieure-de-justice-14-juillet-2023-n-2023-00407\/"]}]},{"@type":"BreadcrumbList","@id":"https:\/\/kohenavocats.com\/zh-hans\/jurisprudences\/cour-superieure-de-justice-14-juillet-2023-n-2023-00407\/#breadcrumb","itemListElement":[{"@type":"ListItem","position":1,"name":"Home","item":"https:\/\/kohenavocats.com\/zh-hans\/"},{"@type":"ListItem","position":2,"name":"Jurisprudences","item":"https:\/\/kohenavocats.com\/zh-hans\/jurisprudences\/"},{"@type":"ListItem","position":3,"name":"Cour sup\u00e9rieure de justice, 14 juillet 2023, n\u00b0 2023-00407"}]},{"@type":"WebSite","@id":"https:\/\/kohenavocats.com\/zh-hans\/#website","url":"https:\/\/kohenavocats.com\/zh-hans\/","name":"Kohen Avocats","description":"Ma\u00eetre Hassan Kohen, avocat p\u00e9naliste \u00e0 Paris, intervient exclusivement en droit p\u00e9nal pour la d\u00e9fense des particuliers, notamment en mati\u00e8re d\u2019accusations de viol. Il assure un accompagnement rigoureux d\u00e8s la garde \u00e0 vue jusqu\u2019\u00e0 la Cour d\u2019assises, veillant au strict respect des garanties proc\u00e9durales.","publisher":{"@id":"https:\/\/kohenavocats.com\/zh-hans\/#organization"},"potentialAction":[{"@type":"SearchAction","target":{"@type":"EntryPoint","urlTemplate":"https:\/\/kohenavocats.com\/zh-hans\/?s={search_term_string}"},"query-input":{"@type":"PropertyValueSpecification","valueRequired":true,"valueName":"search_term_string"}}],"inLanguage":"zh-Hans"},{"@type":"Organization","@id":"https:\/\/kohenavocats.com\/zh-hans\/#organization","name":"Kohen Avocats","url":"https:\/\/kohenavocats.com\/zh-hans\/","logo":{"@type":"ImageObject","inLanguage":"zh-Hans","@id":"https:\/\/kohenavocats.com\/zh-hans\/#\/schema\/logo\/image\/","url":"https:\/\/kohenavocats.com\/wp-content\/uploads\/2026\/01\/Logo-2-1.webp","contentUrl":"https:\/\/kohenavocats.com\/wp-content\/uploads\/2026\/01\/Logo-2-1.webp","width":2114,"height":1253,"caption":"Kohen Avocats"},"image":{"@id":"https:\/\/kohenavocats.com\/zh-hans\/#\/schema\/logo\/image\/"}}]}},"jetpack_likes_enabled":false,"jetpack_sharing_enabled":true,"_links":{"self":[{"href":"https:\/\/kohenavocats.com\/zh-hans\/wp-json\/wp\/v2\/kji_decision\/615339","targetHints":{"allow":["GET"]}}],"collection":[{"href":"https:\/\/kohenavocats.com\/zh-hans\/wp-json\/wp\/v2\/kji_decision"}],"about":[{"href":"https:\/\/kohenavocats.com\/zh-hans\/wp-json\/wp\/v2\/types\/kji_decision"}],"wp:attachment":[{"href":"https:\/\/kohenavocats.com\/zh-hans\/wp-json\/wp\/v2\/media?parent=615339"}],"wp:term":[{"taxonomy":"kji_country","embeddable":true,"href":"https:\/\/kohenavocats.com\/zh-hans\/wp-json\/wp\/v2\/kji_country?post=615339"},{"taxonomy":"kji_court","embeddable":true,"href":"https:\/\/kohenavocats.com\/zh-hans\/wp-json\/wp\/v2\/kji_court?post=615339"},{"taxonomy":"kji_chamber","embeddable":true,"href":"https:\/\/kohenavocats.com\/zh-hans\/wp-json\/wp\/v2\/kji_chamber?post=615339"},{"taxonomy":"kji_year","embeddable":true,"href":"https:\/\/kohenavocats.com\/zh-hans\/wp-json\/wp\/v2\/kji_year?post=615339"},{"taxonomy":"kji_subject","embeddable":true,"href":"https:\/\/kohenavocats.com\/zh-hans\/wp-json\/wp\/v2\/kji_subject?post=615339"},{"taxonomy":"kji_keyword","embeddable":true,"href":"https:\/\/kohenavocats.com\/zh-hans\/wp-json\/wp\/v2\/kji_keyword?post=615339"},{"taxonomy":"kji_language","embeddable":true,"href":"https:\/\/kohenavocats.com\/zh-hans\/wp-json\/wp\/v2\/kji_language?post=615339"}],"curies":[{"name":"wp","href":"https:\/\/api.w.org\/{rel}","templated":true}]}}