{"id":615343,"date":"2026-04-20T03:06:01","date_gmt":"2026-04-20T01:06:01","guid":{"rendered":"https:\/\/kohenavocats.com\/jurisprudences\/cour-superieure-de-justice-14-juillet-2023-n-2023-00535\/"},"modified":"2026-04-20T03:06:05","modified_gmt":"2026-04-20T01:06:05","slug":"cour-superieure-de-justice-14-juillet-2023-n-2023-00535","status":"publish","type":"kji_decision","link":"https:\/\/kohenavocats.com\/zh-hans\/jurisprudences\/cour-superieure-de-justice-14-juillet-2023-n-2023-00535\/","title":{"rendered":"Cour sup\u00e9rieure de justice, 14 juillet 2023, n\u00b0 2023-00535"},"content":{"rendered":"<div class=\"kji-decision\">\n<div class=\"kji-full-text\">\n<p>1 Arr\u00eat N\u00b0148\/23IV-COM Arr\u00eat commercial-liquidation Audience publiqueextraordinaireduquatorze juilletdeux millevingt- trois Num\u00e9roCAL-2023-00535du r\u00f4le Composition: Marianne EICHER,pr\u00e9sident de chambre; Mich\u00e8le HORNICK, conseiller; Carole BESCH, conseiller; Eric VILVENS, greffier. E n t r e la soci\u00e9t\u00e9\u00e0 responsabilit\u00e9 limit\u00e9eSOCIETE1.),\u00e9tablie etayantson si\u00e8ge social \u00e0L-ADRESSE1.),repr\u00e9sent\u00e9e par song\u00e9rant,inscrite au Registre deCommerce et desSoci\u00e9t\u00e9s de Luxembourg sous le num\u00e9roNUMERO1.), appelanteaux termes d\u2019un acte de l&#039;huissier de justicesuppl\u00e9antKelly Ferreira Simoesen remplacement de l\u2019huissier de justiceMartine Lis\u00e9, les deux demeurant \u00e0Luxembourg,du30mars2023, comparantparMa\u00eetreJulien Boeckler, avocat \u00e0 la Cour,demeurant \u00e0 Luxembourg, et<\/p>\n<p>2 1)Monsieurle Procureur d\u2019Etat pr\u00e8s le Tribunal d\u2019Arrondissement de Luxembourg, ayant ses bureaux \u00e0 L-2080 Luxembourg, Plateau du Saint-Esprit,repr\u00e9sent\u00e9 en instance d\u2019appel parMadame le Procureur G\u00e9n\u00e9ral d\u2019Etat pr\u00e8s la Cour Sup\u00e9rieure de Justice, intim\u00e9aux fins dupr\u00e9dit acteFerreira Simoes, 2)Ma\u00eetreSelena CORZO,avocat \u00e0 la Cour, demeurant \u00e0 L-8287 Kehlen, 41, Zone Industrielle, prise en sa qualit\u00e9 de liquidateur judiciaire de la soci\u00e9t\u00e9 \u00e0 responsabilit\u00e9 limit\u00e9eSOCIETE1.), d\u00e9clar\u00e9e en \u00e9tat de liquidation judiciaire par jugement du tribunal d&#039;arrondissement deLuxembourg du 2 d\u00e9cembre 2021, intim\u00e9eaux fins dupr\u00e9dit acteFerreira Simoes, comparant parelle-m\u00eame. LA COURD\u2019APPEL Par requ\u00eate du15 octobre 2021,Monsieur le Procureur d\u2019Etat de Luxembourga demand\u00e9 au Tribunal d\u2019arrondissement de Luxembourg\u00e0 voir prononcer la dissolution et \u00e0 voir ordonner la liquidation de lasoci\u00e9t\u00e9 \u00e0 responsabilit\u00e9 limit\u00e9eSOCIETE1.)(ci-apr\u00e8s \u00abSOCIETE1.)\u00bb) sur base del\u2019article 1200-1 de la loi modifi\u00e9e du 10 ao\u00fbt 1915 concernant les soci\u00e9t\u00e9s commerciales (ci -apr\u00e8s \u00abSOCIETE2.)\u00bb). Monsieur le Procureur d\u2019Etat a reproch\u00e9 \u00e0SOCIETE1.)de ne pas avoir de si\u00e8ge social r\u00e9gulier,de ne plusavoir publi\u00e9 ses bilans et comptes de profits et pertes depuis le bilan au 31 d\u00e9cembre 2016, d\u00e9pos\u00e9 le 30 ao\u00fbt 2017, et de ne pas avoirremplac\u00e9 les g\u00e9rants \u00abB\u00bb depuis leur d\u00e9mission le 9 f\u00e9vrier 2018. Par jugementpar d\u00e9fautdu2 d\u00e9cembre 2021, le Tribunal a d\u00e9clar\u00e9 dissouteSOCIETE1.)et en a ordonn\u00e9 la liquidation. Ma\u00eetreSelena CORZO a \u00e9t\u00e9 nomm\u00e9eliquidateur judiciaire. Par acte d\u2019huissier de justice du30 mars 2023,SOCIETE1.)ainterjet\u00e9 appel contre le pr\u00e9dit jugementqui, selon les informations des parties, ne lui avait pas \u00e9t\u00e9 signifi\u00e9. Elle demande \u00e0 la Cour, par r\u00e9formation, de mettre \u00e0 n\u00e9ant le jugement entrepris et de luidonner acte qu\u2019elle marque son accord \u00e0 r\u00e9gler les frais et honoraires du liquidateur ainsi que les frais et d\u00e9pens de l\u2019instance. A l\u2019appui desonrecours, elle exposequ\u2019elle ad\u00e9pos\u00e9les bilans manquants et qu\u2019elle dispose d\u00e9sormais d\u2019un si\u00e8ge social. Elle ajoute<\/p>\n<p>3 que son associ\u00e9 unique sera nomm\u00e9 g\u00e9rant unique une fois que la mission du liquidateur aura pris fin et qu\u2019elle dispose d\u2019un actif suffisant pour payer les frais et honoraires du liquidateur, aucune cr\u00e9ance n\u2019ayant \u00e9t\u00e9 d\u00e9pos\u00e9e \u00e0 son passif. Madame le Procureur G\u00e9n\u00e9ral d\u2019Etatdemande \u00e0 la Cour de d\u00e9clarer l\u2019appel recevable et fond\u00e9 et de prononcer le rabattement du prononc\u00e9 de la dissolution et de la liquidation deSOCIETE1.).Apr\u00e8s voir expos\u00e9 la raison d\u2019\u00eatre de l\u2019article 1200-1 de laSOCIETE2.), Madame le Procureur G\u00e9n\u00e9ral d\u2019Etat constate queSOCIETE1.)semble s\u2019\u00eatre rendue compte de la gravit\u00e9 de la situationet qu\u2019elle s\u2019est entretemps conform\u00e9e aux dispositions de laSOCIETE2.). Au vu de l\u2019ensemble de ces \u00e9l\u00e9ments,Madame le Procureur G\u00e9n\u00e9ral d\u2019Etat conclut que les contraventions constat\u00e9es ne devraient pas n\u00e9cessairement entra\u00eener la dissolution deSOCIETE1.). Le liquidateur d\u00e9clare ne pas s\u2019opposer \u00e0 la demande en rabattement de la liquidation compte tenu de la r\u00e9gularisation de la situation de l\u2019appelante et de la consignation d\u2019un montant suffisant pour payer ses frais et honoraires. Appr\u00e9ciation L\u2019appel est recevable pour avoir \u00e9t\u00e9 introduit selon les forme et d\u00e9lai pr\u00e9vus par la loi. Aux termes de l\u2019article 1200-1 de laSOCIETE2.),le tribunal a la facult\u00e9 de prononcer la dissolution et d\u2019ordonner la liquidation d\u2019une soci\u00e9t\u00e9 quipoursuit des activit\u00e9s contraires \u00e0 la loi p\u00e9nale ou qui contrevient gravement aux dispositions du Code de commerce ou des lois r\u00e9gissant les soci\u00e9t\u00e9s commerciales, y compris en mati\u00e8re de droit d\u2019\u00e9tablissement, en appr\u00e9ciant, au cas par cas, si les contraventions constat\u00e9es justifient une dissolution de la soci\u00e9t\u00e9 et si la dissolution constitue un moyen efficace au sens dudit texte de loi. Les faitsreproch\u00e9s par leProcureur d\u2019Etat \u00e0SOCIETE1.)constituent des infractions graves \u00e0 laSOCIETE2.)justifiant en principe la dissolution de la soci\u00e9t\u00e9. Il r\u00e9sulte cependant des pi\u00e8ces vers\u00e9es ainsi que des conclusions \u00e9chang\u00e9es que les violations de laSOCIETE2.)ont \u00e9t\u00e9 redress\u00e9es; que le g\u00e9rant sera nomm\u00e9 d\u00e8s rabattement de la liquidation et qu\u2019une somme suffisante pour payer les frais et honoraires du liquidateur judiciaire a \u00e9t\u00e9 consign\u00e9e entre les mains du mandataire de l\u2019appelante. Il est vrai qu\u2019en application de l\u2019arr\u00eat du 15 juillet 2004 de la Cour de cassation, il y a en principe lieu de se placer\u00e0la date de la requ\u00eate du Procureur d\u2019Etatpour appr\u00e9cier si les faits reproch\u00e9s \u00e0 une soci\u00e9t\u00e9 sont suffisamment graves pour justifier sa dissolution et sa mise en liquidation. Il n\u2019en reste pas moins que, dans le cadre de cette appr\u00e9ciation et du pouvoiraccord\u00e9 aux juridictions de d\u00e9terminer si la<\/p>\n<p>4 gravit\u00e9 des contraventions justifie une sanction aussi grave que la dissolution de l\u2019\u00eatre social, la Cour ne saurait faire totalement abstraction des faits post\u00e9rieurs \u00e0 la requ\u00eate du Minist\u00e8re Public sous peinede vider le droit \u00e0 un recours effectif de tout objet. En l\u2019esp\u00e8ce, la Cour constate queSOCIETE1.)s\u2019est rendue compte de la gravit\u00e9 des irr\u00e9gularit\u00e9s commises et les a redress\u00e9es. Elle dispose de m\u00eame des fonds suffisants pour prendre en charge les frais et honoraires du liquidateur. Au vu de la prise de conscience de la gravit\u00e9 des carences et des efforts pour y rem\u00e9dier, la Courretientque les contraventions constat\u00e9es, qui \u00e9taient certes graves au moment de la requ\u00eate du Procureur d\u2019Etat, ne doivent pas \u00eatre sanctionn\u00e9es par la dissolution de la soci\u00e9t\u00e9. L\u2019appel est partant \u00e0 d\u00e9clarer fond\u00e9 et il y a lieu de prononcer le rabattement duprononc\u00e9 de la dissolutionet de la liquidationde SOCIETE1.). Les frais et d\u00e9pens des deux instances ainsi que les frais d\u2019administration de la liquidation et les honoraires duliquidateur restent \u00e0 charge deSOCIETE1.),\u00e9tant donn\u00e9 que c\u2019est parses n\u00e9gligencesque la proc\u00e9dure deliquidation judiciairea \u00e9t\u00e9 d\u00e9clench\u00e9e. PARCESMOTIFS laCourd\u2019appel,quatri\u00e8mechambre,si\u00e9geantenmati\u00e8re commerciale,statuantcontradictoirement,fait en application de l\u2019article 227 duNouveau Code de proc\u00e9durecivile, re\u00e7oitl\u2019appel, led\u00e9clarefond\u00e9, r\u00e9formant, dit que leprononc\u00e9 de la dissolution et de la liquidationdela soci\u00e9t\u00e9 \u00e0 responsabilit\u00e9 limit\u00e9eSOCIETE1.)d\u00e9cid\u00e9ele2d\u00e9cembre2021est rabattu, condamnela soci\u00e9t\u00e9 \u00e0 responsabilit\u00e9 limit\u00e9eSOCIETE1.)auxfraiset d\u00e9pensdesdeuxinstancesainsiqu\u2019auxfraisd\u2019administrationdela failliteetauxhonorairesduliquidateur.<\/p>\n<p>5<\/p>\n<\/div>\n<hr class=\"kji-sep\" \/>\n<p class=\"kji-source-links\"><strong>Sources officielles :<\/strong> <a class=\"kji-source-link\" href=\"https:\/\/data.public.lu\/fr\/datasets\/cour-superieure-de-justice-chambre-4\/\" target=\"_blank\" rel=\"noopener noreferrer\">consulter la page source<\/a> &middot; <a class=\"kji-pdf-link\" href=\"https:\/\/download.data.public.lu\/resources\/cour-superieure-de-justice-chambre-4\/20240827-174118\/20230714-vi-cal-2023-00535-pseudonymise-accessible.pdf\" target=\"_blank\" rel=\"noopener noreferrer\">PDF officiel<\/a><\/p>\n<p class=\"kji-license-note\"><em>Licence CC BY-ND 4.0 (Administration judiciaire, data.public.lu). Republication autorisee avec attribution, sans modification editoriale du texte integral.<\/em><\/p>\n<\/div>\n","protected":false},"excerpt":{"rendered":"<p>1 Arr\u00eat N\u00b0148\/23IV-COM Arr\u00eat commercial-liquidation Audience publiqueextraordinaireduquatorze juilletdeux millevingt- trois Num\u00e9roCAL-2023-00535du r\u00f4le Composition: Marianne EICHER,pr\u00e9sident de chambre; Mich\u00e8le HORNICK, conseiller; Carole BESCH, conseiller; Eric VILVENS, greffier. E n t r e la soci\u00e9t\u00e9\u00e0 responsabilit\u00e9 limit\u00e9eSOCIETE1.),\u00e9tablie etayantson si\u00e8ge social \u00e0L-ADRESSE1.),repr\u00e9sent\u00e9e par song\u00e9rant,inscrite au Registre deCommerce et\u2026<\/p>\n","protected":false},"featured_media":0,"template":"","meta":{"_crdt_document":""},"kji_country":[8418],"kji_court":[12305],"kji_chamber":[18433],"kji_year":[24566],"kji_subject":[7724],"kji_keyword":[8600,9055,12307],"kji_language":[7733],"class_list":["post-615343","kji_decision","type-kji_decision","status-publish","hentry","kji_country-luxembourg","kji_court-cour-superieure-de-justice","kji_chamber-chambre-4","kji_year-24566","kji_subject-civil","kji_keyword-juillet","kji_keyword-justice","kji_keyword-superieure","kji_language-francais"],"yoast_head":"<!-- This site is optimized with the Yoast SEO Premium plugin v27.4 (Yoast SEO v27.4) - https:\/\/yoast.com\/product\/yoast-seo-premium-wordpress\/ -->\n<title>Cour sup\u00e9rieure de justice, 14 juillet 2023, n\u00b0 2023-00535 - Ma\u00eetre Hassan Kohen, avocat en droit p\u00e9nal \u00e0 Paris<\/title>\n<meta name=\"robots\" content=\"index, follow, max-snippet:-1, max-image-preview:large, max-video-preview:-1\" \/>\n<link rel=\"canonical\" href=\"https:\/\/kohenavocats.com\/zh-hans\/jurisprudences\/cour-superieure-de-justice-14-juillet-2023-n-2023-00535\/\" \/>\n<meta property=\"og:locale\" content=\"zh_CN\" \/>\n<meta property=\"og:type\" content=\"article\" \/>\n<meta property=\"og:title\" content=\"Cour sup\u00e9rieure de justice, 14 juillet 2023, n\u00b0 2023-00535\" \/>\n<meta property=\"og:description\" content=\"1 Arr\u00eat N\u00b0148\/23IV-COM Arr\u00eat commercial-liquidation Audience publiqueextraordinaireduquatorze juilletdeux millevingt- trois Num\u00e9roCAL-2023-00535du r\u00f4le Composition: Marianne EICHER,pr\u00e9sident de chambre; Mich\u00e8le HORNICK, conseiller; Carole BESCH, conseiller; Eric VILVENS, greffier. E n t r e la soci\u00e9t\u00e9\u00e0 responsabilit\u00e9 limit\u00e9eSOCIETE1.),\u00e9tablie etayantson si\u00e8ge social \u00e0L-ADRESSE1.),repr\u00e9sent\u00e9e par song\u00e9rant,inscrite au Registre deCommerce et\u2026\" \/>\n<meta property=\"og:url\" content=\"https:\/\/kohenavocats.com\/zh-hans\/jurisprudences\/cour-superieure-de-justice-14-juillet-2023-n-2023-00535\/\" \/>\n<meta property=\"og:site_name\" content=\"Ma\u00eetre Hassan Kohen, avocat en droit p\u00e9nal \u00e0 Paris\" \/>\n<meta property=\"article:modified_time\" content=\"2026-04-20T01:06:05+00:00\" \/>\n<meta name=\"twitter:card\" content=\"summary_large_image\" \/>\n<meta name=\"twitter:label1\" content=\"\u9884\u8ba1\u9605\u8bfb\u65f6\u95f4\" \/>\n\t<meta name=\"twitter:data1\" content=\"6 \u5206\" \/>\n<script type=\"application\/ld+json\" class=\"yoast-schema-graph\">{\"@context\":\"https:\\\/\\\/schema.org\",\"@graph\":[{\"@type\":\"WebPage\",\"@id\":\"https:\\\/\\\/kohenavocats.com\\\/zh-hans\\\/jurisprudences\\\/cour-superieure-de-justice-14-juillet-2023-n-2023-00535\\\/\",\"url\":\"https:\\\/\\\/kohenavocats.com\\\/zh-hans\\\/jurisprudences\\\/cour-superieure-de-justice-14-juillet-2023-n-2023-00535\\\/\",\"name\":\"Cour sup\u00e9rieure de justice, 14 juillet 2023, n\u00b0 2023-00535 - Ma\u00eetre Hassan Kohen, avocat en droit p\u00e9nal \u00e0 Paris\",\"isPartOf\":{\"@id\":\"https:\\\/\\\/kohenavocats.com\\\/zh-hans\\\/#website\"},\"datePublished\":\"2026-04-20T01:06:01+00:00\",\"dateModified\":\"2026-04-20T01:06:05+00:00\",\"breadcrumb\":{\"@id\":\"https:\\\/\\\/kohenavocats.com\\\/zh-hans\\\/jurisprudences\\\/cour-superieure-de-justice-14-juillet-2023-n-2023-00535\\\/#breadcrumb\"},\"inLanguage\":\"zh-Hans\",\"potentialAction\":[{\"@type\":\"ReadAction\",\"target\":[\"https:\\\/\\\/kohenavocats.com\\\/zh-hans\\\/jurisprudences\\\/cour-superieure-de-justice-14-juillet-2023-n-2023-00535\\\/\"]}]},{\"@type\":\"BreadcrumbList\",\"@id\":\"https:\\\/\\\/kohenavocats.com\\\/zh-hans\\\/jurisprudences\\\/cour-superieure-de-justice-14-juillet-2023-n-2023-00535\\\/#breadcrumb\",\"itemListElement\":[{\"@type\":\"ListItem\",\"position\":1,\"name\":\"Home\",\"item\":\"https:\\\/\\\/kohenavocats.com\\\/zh-hans\\\/\"},{\"@type\":\"ListItem\",\"position\":2,\"name\":\"Jurisprudences\",\"item\":\"https:\\\/\\\/kohenavocats.com\\\/zh-hans\\\/jurisprudences\\\/\"},{\"@type\":\"ListItem\",\"position\":3,\"name\":\"Cour sup\u00e9rieure de justice, 14 juillet 2023, n\u00b0 2023-00535\"}]},{\"@type\":\"WebSite\",\"@id\":\"https:\\\/\\\/kohenavocats.com\\\/zh-hans\\\/#website\",\"url\":\"https:\\\/\\\/kohenavocats.com\\\/zh-hans\\\/\",\"name\":\"Kohen Avocats\",\"description\":\"Ma\u00eetre Hassan Kohen, avocat p\u00e9naliste \u00e0 Paris, intervient exclusivement en droit p\u00e9nal pour la d\u00e9fense des particuliers, notamment en mati\u00e8re d\u2019accusations de viol. Il assure un accompagnement rigoureux d\u00e8s la garde \u00e0 vue jusqu\u2019\u00e0 la Cour d\u2019assises, veillant au strict respect des garanties proc\u00e9durales.\",\"publisher\":{\"@id\":\"https:\\\/\\\/kohenavocats.com\\\/zh-hans\\\/#organization\"},\"potentialAction\":[{\"@type\":\"SearchAction\",\"target\":{\"@type\":\"EntryPoint\",\"urlTemplate\":\"https:\\\/\\\/kohenavocats.com\\\/zh-hans\\\/?s={search_term_string}\"},\"query-input\":{\"@type\":\"PropertyValueSpecification\",\"valueRequired\":true,\"valueName\":\"search_term_string\"}}],\"inLanguage\":\"zh-Hans\"},{\"@type\":\"Organization\",\"@id\":\"https:\\\/\\\/kohenavocats.com\\\/zh-hans\\\/#organization\",\"name\":\"Kohen Avocats\",\"url\":\"https:\\\/\\\/kohenavocats.com\\\/zh-hans\\\/\",\"logo\":{\"@type\":\"ImageObject\",\"inLanguage\":\"zh-Hans\",\"@id\":\"https:\\\/\\\/kohenavocats.com\\\/zh-hans\\\/#\\\/schema\\\/logo\\\/image\\\/\",\"url\":\"https:\\\/\\\/kohenavocats.com\\\/wp-content\\\/uploads\\\/2026\\\/01\\\/Logo-2-1.webp\",\"contentUrl\":\"https:\\\/\\\/kohenavocats.com\\\/wp-content\\\/uploads\\\/2026\\\/01\\\/Logo-2-1.webp\",\"width\":2114,\"height\":1253,\"caption\":\"Kohen Avocats\"},\"image\":{\"@id\":\"https:\\\/\\\/kohenavocats.com\\\/zh-hans\\\/#\\\/schema\\\/logo\\\/image\\\/\"}}]}<\/script>\n<!-- \/ Yoast SEO Premium plugin. -->","yoast_head_json":{"title":"Cour sup\u00e9rieure de justice, 14 juillet 2023, n\u00b0 2023-00535 - Ma\u00eetre Hassan Kohen, avocat en droit p\u00e9nal \u00e0 Paris","robots":{"index":"index","follow":"follow","max-snippet":"max-snippet:-1","max-image-preview":"max-image-preview:large","max-video-preview":"max-video-preview:-1"},"canonical":"https:\/\/kohenavocats.com\/zh-hans\/jurisprudences\/cour-superieure-de-justice-14-juillet-2023-n-2023-00535\/","og_locale":"zh_CN","og_type":"article","og_title":"Cour sup\u00e9rieure de justice, 14 juillet 2023, n\u00b0 2023-00535","og_description":"1 Arr\u00eat N\u00b0148\/23IV-COM Arr\u00eat commercial-liquidation Audience publiqueextraordinaireduquatorze juilletdeux millevingt- trois Num\u00e9roCAL-2023-00535du r\u00f4le Composition: Marianne EICHER,pr\u00e9sident de chambre; Mich\u00e8le HORNICK, conseiller; Carole BESCH, conseiller; Eric VILVENS, greffier. E n t r e la soci\u00e9t\u00e9\u00e0 responsabilit\u00e9 limit\u00e9eSOCIETE1.),\u00e9tablie etayantson si\u00e8ge social \u00e0L-ADRESSE1.),repr\u00e9sent\u00e9e par song\u00e9rant,inscrite au Registre deCommerce et\u2026","og_url":"https:\/\/kohenavocats.com\/zh-hans\/jurisprudences\/cour-superieure-de-justice-14-juillet-2023-n-2023-00535\/","og_site_name":"Ma\u00eetre Hassan Kohen, avocat en droit p\u00e9nal \u00e0 Paris","article_modified_time":"2026-04-20T01:06:05+00:00","twitter_card":"summary_large_image","twitter_misc":{"\u9884\u8ba1\u9605\u8bfb\u65f6\u95f4":"6 \u5206"},"schema":{"@context":"https:\/\/schema.org","@graph":[{"@type":"WebPage","@id":"https:\/\/kohenavocats.com\/zh-hans\/jurisprudences\/cour-superieure-de-justice-14-juillet-2023-n-2023-00535\/","url":"https:\/\/kohenavocats.com\/zh-hans\/jurisprudences\/cour-superieure-de-justice-14-juillet-2023-n-2023-00535\/","name":"Cour sup\u00e9rieure de justice, 14 juillet 2023, n\u00b0 2023-00535 - Ma\u00eetre Hassan Kohen, avocat en droit p\u00e9nal \u00e0 Paris","isPartOf":{"@id":"https:\/\/kohenavocats.com\/zh-hans\/#website"},"datePublished":"2026-04-20T01:06:01+00:00","dateModified":"2026-04-20T01:06:05+00:00","breadcrumb":{"@id":"https:\/\/kohenavocats.com\/zh-hans\/jurisprudences\/cour-superieure-de-justice-14-juillet-2023-n-2023-00535\/#breadcrumb"},"inLanguage":"zh-Hans","potentialAction":[{"@type":"ReadAction","target":["https:\/\/kohenavocats.com\/zh-hans\/jurisprudences\/cour-superieure-de-justice-14-juillet-2023-n-2023-00535\/"]}]},{"@type":"BreadcrumbList","@id":"https:\/\/kohenavocats.com\/zh-hans\/jurisprudences\/cour-superieure-de-justice-14-juillet-2023-n-2023-00535\/#breadcrumb","itemListElement":[{"@type":"ListItem","position":1,"name":"Home","item":"https:\/\/kohenavocats.com\/zh-hans\/"},{"@type":"ListItem","position":2,"name":"Jurisprudences","item":"https:\/\/kohenavocats.com\/zh-hans\/jurisprudences\/"},{"@type":"ListItem","position":3,"name":"Cour sup\u00e9rieure de justice, 14 juillet 2023, n\u00b0 2023-00535"}]},{"@type":"WebSite","@id":"https:\/\/kohenavocats.com\/zh-hans\/#website","url":"https:\/\/kohenavocats.com\/zh-hans\/","name":"Kohen Avocats","description":"Ma\u00eetre Hassan Kohen, avocat p\u00e9naliste \u00e0 Paris, intervient exclusivement en droit p\u00e9nal pour la d\u00e9fense des particuliers, notamment en mati\u00e8re d\u2019accusations de viol. Il assure un accompagnement rigoureux d\u00e8s la garde \u00e0 vue jusqu\u2019\u00e0 la Cour d\u2019assises, veillant au strict respect des garanties proc\u00e9durales.","publisher":{"@id":"https:\/\/kohenavocats.com\/zh-hans\/#organization"},"potentialAction":[{"@type":"SearchAction","target":{"@type":"EntryPoint","urlTemplate":"https:\/\/kohenavocats.com\/zh-hans\/?s={search_term_string}"},"query-input":{"@type":"PropertyValueSpecification","valueRequired":true,"valueName":"search_term_string"}}],"inLanguage":"zh-Hans"},{"@type":"Organization","@id":"https:\/\/kohenavocats.com\/zh-hans\/#organization","name":"Kohen Avocats","url":"https:\/\/kohenavocats.com\/zh-hans\/","logo":{"@type":"ImageObject","inLanguage":"zh-Hans","@id":"https:\/\/kohenavocats.com\/zh-hans\/#\/schema\/logo\/image\/","url":"https:\/\/kohenavocats.com\/wp-content\/uploads\/2026\/01\/Logo-2-1.webp","contentUrl":"https:\/\/kohenavocats.com\/wp-content\/uploads\/2026\/01\/Logo-2-1.webp","width":2114,"height":1253,"caption":"Kohen Avocats"},"image":{"@id":"https:\/\/kohenavocats.com\/zh-hans\/#\/schema\/logo\/image\/"}}]}},"jetpack_likes_enabled":false,"jetpack_sharing_enabled":true,"_links":{"self":[{"href":"https:\/\/kohenavocats.com\/zh-hans\/wp-json\/wp\/v2\/kji_decision\/615343","targetHints":{"allow":["GET"]}}],"collection":[{"href":"https:\/\/kohenavocats.com\/zh-hans\/wp-json\/wp\/v2\/kji_decision"}],"about":[{"href":"https:\/\/kohenavocats.com\/zh-hans\/wp-json\/wp\/v2\/types\/kji_decision"}],"wp:attachment":[{"href":"https:\/\/kohenavocats.com\/zh-hans\/wp-json\/wp\/v2\/media?parent=615343"}],"wp:term":[{"taxonomy":"kji_country","embeddable":true,"href":"https:\/\/kohenavocats.com\/zh-hans\/wp-json\/wp\/v2\/kji_country?post=615343"},{"taxonomy":"kji_court","embeddable":true,"href":"https:\/\/kohenavocats.com\/zh-hans\/wp-json\/wp\/v2\/kji_court?post=615343"},{"taxonomy":"kji_chamber","embeddable":true,"href":"https:\/\/kohenavocats.com\/zh-hans\/wp-json\/wp\/v2\/kji_chamber?post=615343"},{"taxonomy":"kji_year","embeddable":true,"href":"https:\/\/kohenavocats.com\/zh-hans\/wp-json\/wp\/v2\/kji_year?post=615343"},{"taxonomy":"kji_subject","embeddable":true,"href":"https:\/\/kohenavocats.com\/zh-hans\/wp-json\/wp\/v2\/kji_subject?post=615343"},{"taxonomy":"kji_keyword","embeddable":true,"href":"https:\/\/kohenavocats.com\/zh-hans\/wp-json\/wp\/v2\/kji_keyword?post=615343"},{"taxonomy":"kji_language","embeddable":true,"href":"https:\/\/kohenavocats.com\/zh-hans\/wp-json\/wp\/v2\/kji_language?post=615343"}],"curies":[{"name":"wp","href":"https:\/\/api.w.org\/{rel}","templated":true}]}}