{"id":615345,"date":"2026-04-20T03:06:05","date_gmt":"2026-04-20T01:06:05","guid":{"rendered":"https:\/\/kohenavocats.com\/jurisprudences\/cour-superieure-de-justice-14-juillet-2023-n-2023-00062\/"},"modified":"2026-04-20T03:06:09","modified_gmt":"2026-04-20T01:06:09","slug":"cour-superieure-de-justice-14-juillet-2023-n-2023-00062","status":"publish","type":"kji_decision","link":"https:\/\/kohenavocats.com\/zh-hans\/jurisprudences\/cour-superieure-de-justice-14-juillet-2023-n-2023-00062\/","title":{"rendered":"Cour sup\u00e9rieure de justice, 14 juillet 2023, n\u00b0 2023-00062"},"content":{"rendered":"<div class=\"kji-decision\">\n<div class=\"kji-full-text\">\n<p>1 Arr\u00eat N\u00b0152\/23IV-COM Audience publiqueextraordinaireduquatorze juilletdeux millevingt- trois Num\u00e9roCAL-2023-00062du r\u00f4le Composition: Marianne EICHER,pr\u00e9sident de chambre; Mich\u00e8le HORNICK, conseiller; Carole BESCH, conseiller; EricVILVENS, greffier. E n t r e la soci\u00e9t\u00e9\u00e0 responsabilit\u00e9 limit\u00e9eSOCIETE1.),\u00e9tablie etayantson si\u00e8ge social \u00e0L-ADRESSE1.),repr\u00e9sent\u00e9e par song\u00e9rant,inscrite au Registre deCommerce et desSoci\u00e9t\u00e9s de Luxembourg sous le num\u00e9roNUMERO1.), appelanteaux termes d\u2019un acte de l&#039;huissier de justicePatrick Kurdyban de Luxembourgdu27 juillet 2022, comparant par Ma\u00eetreJean-Jacques Schonckert, avocat \u00e0 la Cour, demeurant \u00e0 Luxembourg, et 1)la soci\u00e9t\u00e9par actions simplifi\u00e9eSOCIETE2.),\u00e9tablie et ayantson si\u00e8ge social \u00e0F-ADRESSE2.),repr\u00e9sent\u00e9e par sonconseil d\u2019administration, inscrite au Registre deCommerce et desSoci\u00e9t\u00e9s de Parissous le num\u00e9roNUMERO2.),<\/p>\n<p>2 intim\u00e9eaux fins dupr\u00e9dit acteKurdyban, comparant par Ma\u00eetreClaireLeonelli, avocat \u00e0 la Cour, demeurant \u00e0 Luxembourg, 2) la soci\u00e9t\u00e9 \u00e0 responsabilit\u00e9 limit\u00e9eSOCIETE3.),\u00e9tablie et ayant son si\u00e8ge social \u00e0L-ADRESSE3.), repr\u00e9sent\u00e9e par son curateur, inscrite au Registre deCommerce et desSoci\u00e9t\u00e9s de Luxembourg sous le num\u00e9roNUMERO3.), intim\u00e9eaux fins dupr\u00e9dit acteKurdyban, comparant par Ma\u00eetre Ma\u00efka Skorochod, avocat \u00e0 la Cour, demeurant \u00e0 Esch-sur-Alzette, 3)PERSONNE1.),sans \u00e9tat connu, demeurant \u00e0 L-ADRESSE4.), intim\u00e9eaux fins dupr\u00e9dit acteKurdyban, comparant par Ma\u00eetre Beno\u00eet Entringer, avocat \u00e0 la Cour, demeurant \u00e0 Howald, 4)PERSONNE2.),administrateur de soci\u00e9t\u00e9s, demeurant \u00e0 L- ADRESSE5.), intim\u00e9aux fins dupr\u00e9dit acteKurdyban, comparantpar Ma\u00eetre Jean-Marie Bauler, avocat \u00e0 la Cour, demeurant \u00e0Luxembourg. LA COURD\u2019APPEL Par acte d\u2019huissier de justice du 27 juillet 2022, la soci\u00e9t\u00e9 \u00e0 responsabilit\u00e9 limit\u00e9eSOCIETE1.)(ci-apr\u00e8sSOCIETE1.)) a interjet\u00e9 appel contre un jugement du 29 avril 2022 rendu par le Tribunal d\u2019arrondissement de Luxembourg, si\u00e9geant en mati\u00e8re commerciale, qui a, entre autres dispositions, condamn\u00e9SOCIETE1.)\u00e0 payer \u00e0 la soci\u00e9t\u00e9 par actions simplifi\u00e9e de droit fran\u00e7aisSOCIETE2.)les montants de 105.000 euros et 2.500 euros, et dit non fond\u00e9es les demandes respectives des partiesSOCIETE1.),PERSONNE1.)et PERSONNE3.)sur base de l\u2019article 240 du Nouveau Code de proc\u00e9dure civile.<\/p>\n<p>3 Dans un acte intitul\u00e9 \u00ab D\u00e9sistement d\u2019instance \u00bb,SOCIETE1.)a d\u00e9clar\u00e9 se d\u00e9sister purement et simplement de l\u2019instance introduite par le pr\u00e9dit exploit du 27 juillet 2022, inscrite sous le num\u00e9ro CAL- 2023-00062. Cet acte a \u00e9t\u00e9 accept\u00e9 par les parties intim\u00e9es, \u00e0 savoir la soci\u00e9t\u00e9 par actions simplifi\u00e9e de droit fran\u00e7aisSOCIETE2.), la soci\u00e9t\u00e9 \u00e0 responsabilit\u00e9 limit\u00e9eSOCIETE3.), en faillite, repr\u00e9sent\u00e9e par son curateur Ma\u00eetre Ma\u00efka SKOROCHOD, PERSONNE1.) et PERSONNE3.)suivant apposition de leur signature respective, soit de leur mandatairesoit des parties elles-m\u00eames, sous la mention manuscrite bon pour d\u00e9sistement d\u2019instance. Il y a lieu de donner acte aux parties de leur d\u00e9sistement et acceptation de d\u00e9sistement, r\u00e9guliers en la forme et valables en la mati\u00e8re, et de d\u00e9cr\u00e9ter le d\u00e9sistement aux cons\u00e9quences de droit. Conform\u00e9ment aux termes de l\u2019acte de d\u00e9sistement d\u2019instance, chacune des parties supporte ses propres frais et d\u00e9pens dans le cadre de la pr\u00e9sente proc\u00e9dure. A l\u2019audience, les parties ont relev\u00e9 que le d\u00e9sistement porte sur la seule instance d\u2019appel, de sorte que l\u2019acte intitul\u00e9 \u00abD\u00e9sistement d\u2019action\u00bb ne porte pas \u00e0 cons\u00e9quence. PAR CES MOTIFS laCour d\u2019appel, quatri\u00e8me chambre, si\u00e9geant en mati\u00e8re commerciale, statuant contradictoirement, en application de l\u2019article 227 du Nouveau Code de proc\u00e9dure civile, donne acte \u00e0 la soci\u00e9t\u00e9 \u00e0 responsabilit\u00e9 limit\u00e9eSOCIETE1.)qu\u2019elle se d\u00e9siste purement etsimplement de l\u2019instance introduite par exploit d\u2019huissier de justice du 27 juillet 2022 et de la proc\u00e9dure d\u2019appel pendante devant la IVi\u00e8me chambre de la Cour d\u2019appel et inscrite sous le num\u00e9ro CAL-2023-00062 du r\u00f4le, dit le d\u00e9sistement r\u00e9gulier, d\u00e9cr\u00e8te le d\u00e9sistement aux cons\u00e9quences de droit, dit que chaque partie supporte ses propres frais et d\u00e9pens dans le cadre de la pr\u00e9sente proc\u00e9dure.<\/p>\n<\/div>\n<hr class=\"kji-sep\" \/>\n<p class=\"kji-source-links\"><strong>Sources officielles :<\/strong> <a class=\"kji-source-link\" href=\"https:\/\/data.public.lu\/fr\/datasets\/cour-superieure-de-justice-chambre-4\/\" target=\"_blank\" rel=\"noopener noreferrer\">consulter la page source<\/a> &middot; <a class=\"kji-pdf-link\" href=\"https:\/\/download.data.public.lu\/resources\/cour-superieure-de-justice-chambre-4\/20240827-174122\/20230714-xv-cal-2023-00062-pseudonymise-accessible.pdf\" target=\"_blank\" rel=\"noopener noreferrer\">PDF officiel<\/a><\/p>\n<p class=\"kji-license-note\"><em>Licence CC BY-ND 4.0 (Administration judiciaire, data.public.lu). Republication autorisee avec attribution, sans modification editoriale du texte integral.<\/em><\/p>\n<\/div>\n","protected":false},"excerpt":{"rendered":"<p>1 Arr\u00eat N\u00b0152\/23IV-COM Audience publiqueextraordinaireduquatorze juilletdeux millevingt- trois Num\u00e9roCAL-2023-00062du r\u00f4le Composition: Marianne EICHER,pr\u00e9sident de chambre; Mich\u00e8le HORNICK, conseiller; Carole BESCH, conseiller; EricVILVENS, greffier. E n t r e la soci\u00e9t\u00e9\u00e0 responsabilit\u00e9 limit\u00e9eSOCIETE1.),\u00e9tablie etayantson si\u00e8ge social \u00e0L-ADRESSE1.),repr\u00e9sent\u00e9e par song\u00e9rant,inscrite au Registre deCommerce et desSoci\u00e9t\u00e9s de Luxembourg\u2026<\/p>\n","protected":false},"featured_media":0,"template":"","meta":{"_crdt_document":""},"kji_country":[8418],"kji_court":[12305],"kji_chamber":[18433],"kji_year":[24566],"kji_subject":[7724],"kji_keyword":[8600,9055,12307],"kji_language":[7733],"class_list":["post-615345","kji_decision","type-kji_decision","status-publish","hentry","kji_country-luxembourg","kji_court-cour-superieure-de-justice","kji_chamber-chambre-4","kji_year-24566","kji_subject-civil","kji_keyword-juillet","kji_keyword-justice","kji_keyword-superieure","kji_language-francais"],"yoast_head":"<!-- This site is optimized with the Yoast SEO Premium plugin v27.4 (Yoast SEO v27.4) - https:\/\/yoast.com\/product\/yoast-seo-premium-wordpress\/ -->\n<title>Cour sup\u00e9rieure de justice, 14 juillet 2023, n\u00b0 2023-00062 - Ma\u00eetre Hassan Kohen, avocat en droit p\u00e9nal \u00e0 Paris<\/title>\n<meta name=\"robots\" content=\"index, follow, max-snippet:-1, max-image-preview:large, max-video-preview:-1\" \/>\n<link rel=\"canonical\" href=\"https:\/\/kohenavocats.com\/zh-hans\/jurisprudences\/cour-superieure-de-justice-14-juillet-2023-n-2023-00062\/\" \/>\n<meta property=\"og:locale\" content=\"zh_CN\" \/>\n<meta property=\"og:type\" content=\"article\" \/>\n<meta property=\"og:title\" content=\"Cour sup\u00e9rieure de justice, 14 juillet 2023, n\u00b0 2023-00062\" \/>\n<meta property=\"og:description\" content=\"1 Arr\u00eat N\u00b0152\/23IV-COM Audience publiqueextraordinaireduquatorze juilletdeux millevingt- trois Num\u00e9roCAL-2023-00062du r\u00f4le Composition: Marianne EICHER,pr\u00e9sident de chambre; Mich\u00e8le HORNICK, conseiller; Carole BESCH, conseiller; EricVILVENS, greffier. E n t r e la soci\u00e9t\u00e9\u00e0 responsabilit\u00e9 limit\u00e9eSOCIETE1.),\u00e9tablie etayantson si\u00e8ge social \u00e0L-ADRESSE1.),repr\u00e9sent\u00e9e par song\u00e9rant,inscrite au Registre deCommerce et desSoci\u00e9t\u00e9s de Luxembourg\u2026\" \/>\n<meta property=\"og:url\" content=\"https:\/\/kohenavocats.com\/zh-hans\/jurisprudences\/cour-superieure-de-justice-14-juillet-2023-n-2023-00062\/\" \/>\n<meta property=\"og:site_name\" content=\"Ma\u00eetre Hassan Kohen, avocat en droit p\u00e9nal \u00e0 Paris\" \/>\n<meta property=\"article:modified_time\" content=\"2026-04-20T01:06:09+00:00\" \/>\n<meta name=\"twitter:card\" content=\"summary_large_image\" \/>\n<meta name=\"twitter:label1\" content=\"\u9884\u8ba1\u9605\u8bfb\u65f6\u95f4\" \/>\n\t<meta name=\"twitter:data1\" content=\"3 \u5206\" \/>\n<script type=\"application\/ld+json\" class=\"yoast-schema-graph\">{\"@context\":\"https:\\\/\\\/schema.org\",\"@graph\":[{\"@type\":\"WebPage\",\"@id\":\"https:\\\/\\\/kohenavocats.com\\\/zh-hans\\\/jurisprudences\\\/cour-superieure-de-justice-14-juillet-2023-n-2023-00062\\\/\",\"url\":\"https:\\\/\\\/kohenavocats.com\\\/zh-hans\\\/jurisprudences\\\/cour-superieure-de-justice-14-juillet-2023-n-2023-00062\\\/\",\"name\":\"Cour sup\u00e9rieure de justice, 14 juillet 2023, n\u00b0 2023-00062 - Ma\u00eetre Hassan Kohen, avocat en droit p\u00e9nal \u00e0 Paris\",\"isPartOf\":{\"@id\":\"https:\\\/\\\/kohenavocats.com\\\/zh-hans\\\/#website\"},\"datePublished\":\"2026-04-20T01:06:05+00:00\",\"dateModified\":\"2026-04-20T01:06:09+00:00\",\"breadcrumb\":{\"@id\":\"https:\\\/\\\/kohenavocats.com\\\/zh-hans\\\/jurisprudences\\\/cour-superieure-de-justice-14-juillet-2023-n-2023-00062\\\/#breadcrumb\"},\"inLanguage\":\"zh-Hans\",\"potentialAction\":[{\"@type\":\"ReadAction\",\"target\":[\"https:\\\/\\\/kohenavocats.com\\\/zh-hans\\\/jurisprudences\\\/cour-superieure-de-justice-14-juillet-2023-n-2023-00062\\\/\"]}]},{\"@type\":\"BreadcrumbList\",\"@id\":\"https:\\\/\\\/kohenavocats.com\\\/zh-hans\\\/jurisprudences\\\/cour-superieure-de-justice-14-juillet-2023-n-2023-00062\\\/#breadcrumb\",\"itemListElement\":[{\"@type\":\"ListItem\",\"position\":1,\"name\":\"Home\",\"item\":\"https:\\\/\\\/kohenavocats.com\\\/zh-hans\\\/\"},{\"@type\":\"ListItem\",\"position\":2,\"name\":\"Jurisprudences\",\"item\":\"https:\\\/\\\/kohenavocats.com\\\/zh-hans\\\/jurisprudences\\\/\"},{\"@type\":\"ListItem\",\"position\":3,\"name\":\"Cour sup\u00e9rieure de justice, 14 juillet 2023, n\u00b0 2023-00062\"}]},{\"@type\":\"WebSite\",\"@id\":\"https:\\\/\\\/kohenavocats.com\\\/zh-hans\\\/#website\",\"url\":\"https:\\\/\\\/kohenavocats.com\\\/zh-hans\\\/\",\"name\":\"Kohen Avocats\",\"description\":\"Ma\u00eetre Hassan Kohen, avocat p\u00e9naliste \u00e0 Paris, intervient exclusivement en droit p\u00e9nal pour la d\u00e9fense des particuliers, notamment en mati\u00e8re d\u2019accusations de viol. Il assure un accompagnement rigoureux d\u00e8s la garde \u00e0 vue jusqu\u2019\u00e0 la Cour d\u2019assises, veillant au strict respect des garanties proc\u00e9durales.\",\"publisher\":{\"@id\":\"https:\\\/\\\/kohenavocats.com\\\/zh-hans\\\/#organization\"},\"potentialAction\":[{\"@type\":\"SearchAction\",\"target\":{\"@type\":\"EntryPoint\",\"urlTemplate\":\"https:\\\/\\\/kohenavocats.com\\\/zh-hans\\\/?s={search_term_string}\"},\"query-input\":{\"@type\":\"PropertyValueSpecification\",\"valueRequired\":true,\"valueName\":\"search_term_string\"}}],\"inLanguage\":\"zh-Hans\"},{\"@type\":\"Organization\",\"@id\":\"https:\\\/\\\/kohenavocats.com\\\/zh-hans\\\/#organization\",\"name\":\"Kohen Avocats\",\"url\":\"https:\\\/\\\/kohenavocats.com\\\/zh-hans\\\/\",\"logo\":{\"@type\":\"ImageObject\",\"inLanguage\":\"zh-Hans\",\"@id\":\"https:\\\/\\\/kohenavocats.com\\\/zh-hans\\\/#\\\/schema\\\/logo\\\/image\\\/\",\"url\":\"https:\\\/\\\/kohenavocats.com\\\/wp-content\\\/uploads\\\/2026\\\/01\\\/Logo-2-1.webp\",\"contentUrl\":\"https:\\\/\\\/kohenavocats.com\\\/wp-content\\\/uploads\\\/2026\\\/01\\\/Logo-2-1.webp\",\"width\":2114,\"height\":1253,\"caption\":\"Kohen Avocats\"},\"image\":{\"@id\":\"https:\\\/\\\/kohenavocats.com\\\/zh-hans\\\/#\\\/schema\\\/logo\\\/image\\\/\"}}]}<\/script>\n<!-- \/ Yoast SEO Premium plugin. -->","yoast_head_json":{"title":"Cour sup\u00e9rieure de justice, 14 juillet 2023, n\u00b0 2023-00062 - Ma\u00eetre Hassan Kohen, avocat en droit p\u00e9nal \u00e0 Paris","robots":{"index":"index","follow":"follow","max-snippet":"max-snippet:-1","max-image-preview":"max-image-preview:large","max-video-preview":"max-video-preview:-1"},"canonical":"https:\/\/kohenavocats.com\/zh-hans\/jurisprudences\/cour-superieure-de-justice-14-juillet-2023-n-2023-00062\/","og_locale":"zh_CN","og_type":"article","og_title":"Cour sup\u00e9rieure de justice, 14 juillet 2023, n\u00b0 2023-00062","og_description":"1 Arr\u00eat N\u00b0152\/23IV-COM Audience publiqueextraordinaireduquatorze juilletdeux millevingt- trois Num\u00e9roCAL-2023-00062du r\u00f4le Composition: Marianne EICHER,pr\u00e9sident de chambre; Mich\u00e8le HORNICK, conseiller; Carole BESCH, conseiller; EricVILVENS, greffier. E n t r e la soci\u00e9t\u00e9\u00e0 responsabilit\u00e9 limit\u00e9eSOCIETE1.),\u00e9tablie etayantson si\u00e8ge social \u00e0L-ADRESSE1.),repr\u00e9sent\u00e9e par song\u00e9rant,inscrite au Registre deCommerce et desSoci\u00e9t\u00e9s de Luxembourg\u2026","og_url":"https:\/\/kohenavocats.com\/zh-hans\/jurisprudences\/cour-superieure-de-justice-14-juillet-2023-n-2023-00062\/","og_site_name":"Ma\u00eetre Hassan Kohen, avocat en droit p\u00e9nal \u00e0 Paris","article_modified_time":"2026-04-20T01:06:09+00:00","twitter_card":"summary_large_image","twitter_misc":{"\u9884\u8ba1\u9605\u8bfb\u65f6\u95f4":"3 \u5206"},"schema":{"@context":"https:\/\/schema.org","@graph":[{"@type":"WebPage","@id":"https:\/\/kohenavocats.com\/zh-hans\/jurisprudences\/cour-superieure-de-justice-14-juillet-2023-n-2023-00062\/","url":"https:\/\/kohenavocats.com\/zh-hans\/jurisprudences\/cour-superieure-de-justice-14-juillet-2023-n-2023-00062\/","name":"Cour sup\u00e9rieure de justice, 14 juillet 2023, n\u00b0 2023-00062 - Ma\u00eetre Hassan Kohen, avocat en droit p\u00e9nal \u00e0 Paris","isPartOf":{"@id":"https:\/\/kohenavocats.com\/zh-hans\/#website"},"datePublished":"2026-04-20T01:06:05+00:00","dateModified":"2026-04-20T01:06:09+00:00","breadcrumb":{"@id":"https:\/\/kohenavocats.com\/zh-hans\/jurisprudences\/cour-superieure-de-justice-14-juillet-2023-n-2023-00062\/#breadcrumb"},"inLanguage":"zh-Hans","potentialAction":[{"@type":"ReadAction","target":["https:\/\/kohenavocats.com\/zh-hans\/jurisprudences\/cour-superieure-de-justice-14-juillet-2023-n-2023-00062\/"]}]},{"@type":"BreadcrumbList","@id":"https:\/\/kohenavocats.com\/zh-hans\/jurisprudences\/cour-superieure-de-justice-14-juillet-2023-n-2023-00062\/#breadcrumb","itemListElement":[{"@type":"ListItem","position":1,"name":"Home","item":"https:\/\/kohenavocats.com\/zh-hans\/"},{"@type":"ListItem","position":2,"name":"Jurisprudences","item":"https:\/\/kohenavocats.com\/zh-hans\/jurisprudences\/"},{"@type":"ListItem","position":3,"name":"Cour sup\u00e9rieure de justice, 14 juillet 2023, n\u00b0 2023-00062"}]},{"@type":"WebSite","@id":"https:\/\/kohenavocats.com\/zh-hans\/#website","url":"https:\/\/kohenavocats.com\/zh-hans\/","name":"Kohen Avocats","description":"Ma\u00eetre Hassan Kohen, avocat p\u00e9naliste \u00e0 Paris, intervient exclusivement en droit p\u00e9nal pour la d\u00e9fense des particuliers, notamment en mati\u00e8re d\u2019accusations de viol. Il assure un accompagnement rigoureux d\u00e8s la garde \u00e0 vue jusqu\u2019\u00e0 la Cour d\u2019assises, veillant au strict respect des garanties proc\u00e9durales.","publisher":{"@id":"https:\/\/kohenavocats.com\/zh-hans\/#organization"},"potentialAction":[{"@type":"SearchAction","target":{"@type":"EntryPoint","urlTemplate":"https:\/\/kohenavocats.com\/zh-hans\/?s={search_term_string}"},"query-input":{"@type":"PropertyValueSpecification","valueRequired":true,"valueName":"search_term_string"}}],"inLanguage":"zh-Hans"},{"@type":"Organization","@id":"https:\/\/kohenavocats.com\/zh-hans\/#organization","name":"Kohen Avocats","url":"https:\/\/kohenavocats.com\/zh-hans\/","logo":{"@type":"ImageObject","inLanguage":"zh-Hans","@id":"https:\/\/kohenavocats.com\/zh-hans\/#\/schema\/logo\/image\/","url":"https:\/\/kohenavocats.com\/wp-content\/uploads\/2026\/01\/Logo-2-1.webp","contentUrl":"https:\/\/kohenavocats.com\/wp-content\/uploads\/2026\/01\/Logo-2-1.webp","width":2114,"height":1253,"caption":"Kohen Avocats"},"image":{"@id":"https:\/\/kohenavocats.com\/zh-hans\/#\/schema\/logo\/image\/"}}]}},"jetpack_likes_enabled":false,"jetpack_sharing_enabled":true,"_links":{"self":[{"href":"https:\/\/kohenavocats.com\/zh-hans\/wp-json\/wp\/v2\/kji_decision\/615345","targetHints":{"allow":["GET"]}}],"collection":[{"href":"https:\/\/kohenavocats.com\/zh-hans\/wp-json\/wp\/v2\/kji_decision"}],"about":[{"href":"https:\/\/kohenavocats.com\/zh-hans\/wp-json\/wp\/v2\/types\/kji_decision"}],"wp:attachment":[{"href":"https:\/\/kohenavocats.com\/zh-hans\/wp-json\/wp\/v2\/media?parent=615345"}],"wp:term":[{"taxonomy":"kji_country","embeddable":true,"href":"https:\/\/kohenavocats.com\/zh-hans\/wp-json\/wp\/v2\/kji_country?post=615345"},{"taxonomy":"kji_court","embeddable":true,"href":"https:\/\/kohenavocats.com\/zh-hans\/wp-json\/wp\/v2\/kji_court?post=615345"},{"taxonomy":"kji_chamber","embeddable":true,"href":"https:\/\/kohenavocats.com\/zh-hans\/wp-json\/wp\/v2\/kji_chamber?post=615345"},{"taxonomy":"kji_year","embeddable":true,"href":"https:\/\/kohenavocats.com\/zh-hans\/wp-json\/wp\/v2\/kji_year?post=615345"},{"taxonomy":"kji_subject","embeddable":true,"href":"https:\/\/kohenavocats.com\/zh-hans\/wp-json\/wp\/v2\/kji_subject?post=615345"},{"taxonomy":"kji_keyword","embeddable":true,"href":"https:\/\/kohenavocats.com\/zh-hans\/wp-json\/wp\/v2\/kji_keyword?post=615345"},{"taxonomy":"kji_language","embeddable":true,"href":"https:\/\/kohenavocats.com\/zh-hans\/wp-json\/wp\/v2\/kji_language?post=615345"}],"curies":[{"name":"wp","href":"https:\/\/api.w.org\/{rel}","templated":true}]}}