{"id":616325,"date":"2026-04-20T04:21:14","date_gmt":"2026-04-20T02:21:14","guid":{"rendered":"https:\/\/kohenavocats.com\/jurisprudences\/tribunal-darrondissement-6-juillet-2023-n-2020-03469\/"},"modified":"2026-04-20T04:21:18","modified_gmt":"2026-04-20T02:21:18","slug":"tribunal-darrondissement-6-juillet-2023-n-2020-03469","status":"publish","type":"kji_decision","link":"https:\/\/kohenavocats.com\/zh-hans\/jurisprudences\/tribunal-darrondissement-6-juillet-2023-n-2020-03469\/","title":{"rendered":"Tribunal d&#8217;arrondissement, 6 juillet 2023, n\u00b0 2020-03469"},"content":{"rendered":"<div class=\"kji-decision\">\n<div class=\"kji-full-text\">\n<p>Jugement commercial 2023TALCH06\/00934 Audience publique du jeudi,six juilletdeux mille vingt-trois. Num\u00e9ro de r\u00f4leTAL-2020-03469 Composition: Maria FARIA ALVES, vice-pr\u00e9sidente; Alix KAYSER,juge; Muriel WANDERSCHEID, juge; Claude ROSENFELD,greffier. Entre: la soci\u00e9t\u00e9\u00e0 responsabilit\u00e9 limit\u00e9eSOCIETE1.)SARL, \u00e9tablie et ayant son si\u00e8ge social \u00e0 L- ADRESSE1.), inscrite au Registre de Commerce et des Soci\u00e9t\u00e9s de Luxembourg sous le num\u00e9roNUMERO1.), repr\u00e9sent\u00e9e par song\u00e9rantactuellementen fonctions; partie demanderesseaux termes d\u2019unexploit de l\u2019huissier de justicePatrick KURDYBAN de Luxembourg, en date du3 avril2020, comparant parMa\u00eetreG\u00e9rard SCHANK, avocat \u00e0 la Cour constitu\u00e9, demeurant \u00e0 Luxembourg, et: la soci\u00e9t\u00e9anonymeSOCIETE2.)SA, \u00e9tablie et ayant son si\u00e8ge social \u00e0L-ADRESSE2.), inscrite au Registre de Commerce et des Soci\u00e9t\u00e9s deLuxembourgsous le num\u00e9ro NUMERO2.), repr\u00e9sent\u00e9e par sonconseil d\u2019administrationactuellement en fonctions; partie d\u00e9fenderesseauxtermes d\u2019un exploit de l\u2019huissier de justicePatrick KURDYBAN de Luxembourg, en date du3 avril2020, comparant parla soci\u00e9t\u00e9 \u00e0 responsabilit\u00e9 limit\u00e9e ETUDE VELLA SARL, \u00e9tablie et ayant son si\u00e8ge social \u00e0 L-4123 Esch-sur-Alzette, 63, rue du Foss\u00e9, inscrite au Registre de Commerce et des Soci\u00e9t\u00e9s de Luxembourg sous le num\u00e9ro B 225399, repr\u00e9sent\u00e9e aux fins des<\/p>\n<p>2 pr\u00e9sentes parMa\u00eetreFranca VELLA, avocat \u00e0 la Cour constitu\u00e9, demeurant \u00e0Esch-sur- Alzette. _________________________________________________________ _______________ Le Tribunal: Par exploit d\u2019huissier du3 avril 2020, lasoci\u00e9t\u00e9 \u00e0 responsabilit\u00e9 limit\u00e9eSOCIETE1.)SARL a fait donner assignation \u00e0 lasoci\u00e9t\u00e9 anonymeSOCIETE2.)SA\u00e0 compara\u00eetre devant le tribunal d&#039;arrondissement de et \u00e0Luxembourg, si\u00e9geant en mati\u00e8re commerciale, selon la proc\u00e9dure civile, pour y entendre statuer sur le m\u00e9rite de la demande contenue dans le dispositif de l\u2019exploit introductif. La cl\u00f4ture de l\u2019instruction est intervenue le28 juin2023 etl\u2019affaire a \u00e9t\u00e9prise en d\u00e9lib\u00e9r\u00e9, le m\u00eame jour, sur rapport du magistrat de la mise en \u00e9tat. La partie demanderesseverseen causeun \u00e9crit intitul\u00e9\u00abDESISTEMENT D\u2019INSTANCE ET D\u2019ACTION\u00bb,nondat\u00e9maisd\u00fbment sign\u00e9, dans lequelelled\u00e9clare\u00e0 la partie d\u00e9fenderesse qu\u2019elle\u00abse d\u00e9sistepurement et simplement del\u2019instance et de l\u2019action introduite contre la soci\u00e9t\u00e9 anonymeSOCIETE2.)SA,pr\u00e9qualifi\u00e9e,par exploitde l\u2019huissierde justice Patrick KURDYBAN de Luxembourg en date du 3 avril 2020et de la proc\u00e9dure suivie devant le Tribunal d\u2019arrondissement de et \u00e0Luxembourg, si\u00e9geant en mati\u00e8re commerciale sur cette assignation, selon les r\u00e8gles de l\u2019article 547, alin\u00e9a 2, du nouveau Code de proc\u00e9dure civile, affaire inscrite au r\u00f4le sous le n\u00b0TAL-2020-03469\u00bb. Les conditions du d\u00e9sistement d\u2019action \u00e9tant remplies, il y a lieu de le d\u00e9cr\u00e9ter. Le d\u00e9sistement d\u2019action ayant pour effet l\u2019extinction de l\u2019instance, le d\u00e9sistement d\u2019instance est sans objet. Il r\u00e9sulte de l\u2019article 546 du Nouveau Code deproc\u00e9dure civile que la partie qui se d\u00e9siste est r\u00e9put\u00e9e succomber, et doit, en cons\u00e9quence, supporter les frais. La demanderesse est d\u00e8s lors \u00e0 condamner aux frais de l&#039;instance. Par ces motifs: letribunal d\u2019arrondissement de et \u00e0 Luxembourg, sixi\u00e8me chambre, si\u00e9geant en mati\u00e8re commerciale, statuant contradictoirement, donneacte \u00e0 lasoci\u00e9t\u00e9 \u00e0 responsabilit\u00e9 limit\u00e9eSOCIETE1.)SARLde ce qu\u2019elle se d\u00e9siste de l\u2019instance et de l\u2019action introduitepar exploit d&#039;huissier du 3 avril 2020; d\u00e9cr\u00e8tele d\u00e9sistement d\u2019action aux cons\u00e9quences de droit ; d\u00e9clare\u00e9teinte l\u2019instanceet sans objetle d\u00e9sistement d\u2019instance;<\/p>\n<p>3 condamnelasoci\u00e9t\u00e9 \u00e0 responsabilit\u00e9 limit\u00e9eSOCIETE1.)SARLaux frais et d\u00e9pens de l\u2019instance.<\/p>\n<\/div>\n<hr class=\"kji-sep\" \/>\n<p class=\"kji-source-links\"><strong>Sources officielles :<\/strong> <a class=\"kji-source-link\" href=\"https:\/\/data.public.lu\/fr\/datasets\/tribunal-darrondissement-luxembourg-commerce\/\" target=\"_blank\" rel=\"noopener noreferrer\">consulter la page source<\/a> &middot; <a class=\"kji-pdf-link\" href=\"https:\/\/download.data.public.lu\/resources\/tribunal-darrondissement-luxembourg-commerce\/20240828-000215\/20230706-tal06-tal-2020-03469-pseudonymise-accessible.pdf\" target=\"_blank\" rel=\"noopener noreferrer\">PDF officiel<\/a><\/p>\n<p class=\"kji-license-note\"><em>Licence CC BY-ND 4.0 (Administration judiciaire, data.public.lu). Republication autorisee avec attribution, sans modification editoriale du texte integral.<\/em><\/p>\n<\/div>\n","protected":false},"excerpt":{"rendered":"<p>Jugement commercial 2023TALCH06\/00934 Audience publique du jeudi,six juilletdeux mille vingt-trois. Num\u00e9ro de r\u00f4leTAL-2020-03469 Composition: Maria FARIA ALVES, vice-pr\u00e9sidente; Alix KAYSER,juge; Muriel WANDERSCHEID, juge; Claude ROSENFELD,greffier. Entre: la soci\u00e9t\u00e9\u00e0 responsabilit\u00e9 limit\u00e9eSOCIETE1.)SARL, \u00e9tablie et ayant son si\u00e8ge social \u00e0 L- ADRESSE1.), inscrite au Registre de Commerce et\u2026<\/p>\n","protected":false},"featured_media":0,"template":"","meta":{"_crdt_document":""},"kji_country":[8418],"kji_court":[23583],"kji_chamber":[24938],"kji_year":[24566],"kji_subject":[7625],"kji_keyword":[23584,15419,23061,8600,7636],"kji_language":[7733],"class_list":["post-616325","kji_decision","type-kji_decision","status-publish","hentry","kji_country-luxembourg","kji_court-tribunal-darrondissement","kji_chamber-commerce","kji_year-24566","kji_subject-commercial","kji_keyword-arrondissement","kji_keyword-commercial","kji_keyword-jugement","kji_keyword-juillet","kji_keyword-tribunal","kji_language-francais"],"yoast_head":"<!-- This site is optimized with the Yoast SEO Premium plugin v27.4 (Yoast SEO v27.4) - https:\/\/yoast.com\/product\/yoast-seo-premium-wordpress\/ -->\n<title>Tribunal d&#039;arrondissement, 6 juillet 2023, n\u00b0 2020-03469 - Ma\u00eetre Hassan Kohen, avocat en droit p\u00e9nal \u00e0 Paris<\/title>\n<meta name=\"robots\" content=\"index, follow, max-snippet:-1, max-image-preview:large, max-video-preview:-1\" \/>\n<link rel=\"canonical\" href=\"https:\/\/kohenavocats.com\/zh-hans\/jurisprudences\/tribunal-darrondissement-6-juillet-2023-n-2020-03469\/\" \/>\n<meta property=\"og:locale\" content=\"zh_CN\" \/>\n<meta property=\"og:type\" content=\"article\" \/>\n<meta property=\"og:title\" content=\"Tribunal d&#039;arrondissement, 6 juillet 2023, n\u00b0 2020-03469\" \/>\n<meta property=\"og:description\" content=\"Jugement commercial 2023TALCH06\/00934 Audience publique du jeudi,six juilletdeux mille vingt-trois. Num\u00e9ro de r\u00f4leTAL-2020-03469 Composition: Maria FARIA ALVES, vice-pr\u00e9sidente; Alix KAYSER,juge; Muriel WANDERSCHEID, juge; Claude ROSENFELD,greffier. Entre: la soci\u00e9t\u00e9\u00e0 responsabilit\u00e9 limit\u00e9eSOCIETE1.)SARL, \u00e9tablie et ayant son si\u00e8ge social \u00e0 L- ADRESSE1.), inscrite au Registre de Commerce et\u2026\" \/>\n<meta property=\"og:url\" content=\"https:\/\/kohenavocats.com\/zh-hans\/jurisprudences\/tribunal-darrondissement-6-juillet-2023-n-2020-03469\/\" \/>\n<meta property=\"og:site_name\" content=\"Ma\u00eetre Hassan Kohen, avocat en droit p\u00e9nal \u00e0 Paris\" \/>\n<meta property=\"article:modified_time\" content=\"2026-04-20T02:21:18+00:00\" \/>\n<meta name=\"twitter:card\" content=\"summary_large_image\" \/>\n<meta name=\"twitter:label1\" content=\"\u9884\u8ba1\u9605\u8bfb\u65f6\u95f4\" \/>\n\t<meta name=\"twitter:data1\" content=\"3 \u5206\" \/>\n<script type=\"application\/ld+json\" class=\"yoast-schema-graph\">{\"@context\":\"https:\\\/\\\/schema.org\",\"@graph\":[{\"@type\":\"WebPage\",\"@id\":\"https:\\\/\\\/kohenavocats.com\\\/zh-hans\\\/jurisprudences\\\/tribunal-darrondissement-6-juillet-2023-n-2020-03469\\\/\",\"url\":\"https:\\\/\\\/kohenavocats.com\\\/zh-hans\\\/jurisprudences\\\/tribunal-darrondissement-6-juillet-2023-n-2020-03469\\\/\",\"name\":\"Tribunal d'arrondissement, 6 juillet 2023, n\u00b0 2020-03469 - Ma\u00eetre Hassan Kohen, avocat en droit p\u00e9nal \u00e0 Paris\",\"isPartOf\":{\"@id\":\"https:\\\/\\\/kohenavocats.com\\\/zh-hans\\\/#website\"},\"datePublished\":\"2026-04-20T02:21:14+00:00\",\"dateModified\":\"2026-04-20T02:21:18+00:00\",\"breadcrumb\":{\"@id\":\"https:\\\/\\\/kohenavocats.com\\\/zh-hans\\\/jurisprudences\\\/tribunal-darrondissement-6-juillet-2023-n-2020-03469\\\/#breadcrumb\"},\"inLanguage\":\"zh-Hans\",\"potentialAction\":[{\"@type\":\"ReadAction\",\"target\":[\"https:\\\/\\\/kohenavocats.com\\\/zh-hans\\\/jurisprudences\\\/tribunal-darrondissement-6-juillet-2023-n-2020-03469\\\/\"]}]},{\"@type\":\"BreadcrumbList\",\"@id\":\"https:\\\/\\\/kohenavocats.com\\\/zh-hans\\\/jurisprudences\\\/tribunal-darrondissement-6-juillet-2023-n-2020-03469\\\/#breadcrumb\",\"itemListElement\":[{\"@type\":\"ListItem\",\"position\":1,\"name\":\"Home\",\"item\":\"https:\\\/\\\/kohenavocats.com\\\/zh-hans\\\/\"},{\"@type\":\"ListItem\",\"position\":2,\"name\":\"Jurisprudences\",\"item\":\"https:\\\/\\\/kohenavocats.com\\\/zh-hans\\\/jurisprudences\\\/\"},{\"@type\":\"ListItem\",\"position\":3,\"name\":\"Tribunal d&rsquo;arrondissement, 6 juillet 2023, n\u00b0 2020-03469\"}]},{\"@type\":\"WebSite\",\"@id\":\"https:\\\/\\\/kohenavocats.com\\\/zh-hans\\\/#website\",\"url\":\"https:\\\/\\\/kohenavocats.com\\\/zh-hans\\\/\",\"name\":\"Kohen Avocats\",\"description\":\"Ma\u00eetre Hassan Kohen, avocat p\u00e9naliste \u00e0 Paris, intervient exclusivement en droit p\u00e9nal pour la d\u00e9fense des particuliers, notamment en mati\u00e8re d\u2019accusations de viol. Il assure un accompagnement rigoureux d\u00e8s la garde \u00e0 vue jusqu\u2019\u00e0 la Cour d\u2019assises, veillant au strict respect des garanties proc\u00e9durales.\",\"publisher\":{\"@id\":\"https:\\\/\\\/kohenavocats.com\\\/zh-hans\\\/#organization\"},\"potentialAction\":[{\"@type\":\"SearchAction\",\"target\":{\"@type\":\"EntryPoint\",\"urlTemplate\":\"https:\\\/\\\/kohenavocats.com\\\/zh-hans\\\/?s={search_term_string}\"},\"query-input\":{\"@type\":\"PropertyValueSpecification\",\"valueRequired\":true,\"valueName\":\"search_term_string\"}}],\"inLanguage\":\"zh-Hans\"},{\"@type\":\"Organization\",\"@id\":\"https:\\\/\\\/kohenavocats.com\\\/zh-hans\\\/#organization\",\"name\":\"Kohen Avocats\",\"url\":\"https:\\\/\\\/kohenavocats.com\\\/zh-hans\\\/\",\"logo\":{\"@type\":\"ImageObject\",\"inLanguage\":\"zh-Hans\",\"@id\":\"https:\\\/\\\/kohenavocats.com\\\/zh-hans\\\/#\\\/schema\\\/logo\\\/image\\\/\",\"url\":\"https:\\\/\\\/kohenavocats.com\\\/wp-content\\\/uploads\\\/2026\\\/01\\\/Logo-2-1.webp\",\"contentUrl\":\"https:\\\/\\\/kohenavocats.com\\\/wp-content\\\/uploads\\\/2026\\\/01\\\/Logo-2-1.webp\",\"width\":2114,\"height\":1253,\"caption\":\"Kohen Avocats\"},\"image\":{\"@id\":\"https:\\\/\\\/kohenavocats.com\\\/zh-hans\\\/#\\\/schema\\\/logo\\\/image\\\/\"}}]}<\/script>\n<!-- \/ Yoast SEO Premium plugin. -->","yoast_head_json":{"title":"Tribunal d'arrondissement, 6 juillet 2023, n\u00b0 2020-03469 - Ma\u00eetre Hassan Kohen, avocat en droit p\u00e9nal \u00e0 Paris","robots":{"index":"index","follow":"follow","max-snippet":"max-snippet:-1","max-image-preview":"max-image-preview:large","max-video-preview":"max-video-preview:-1"},"canonical":"https:\/\/kohenavocats.com\/zh-hans\/jurisprudences\/tribunal-darrondissement-6-juillet-2023-n-2020-03469\/","og_locale":"zh_CN","og_type":"article","og_title":"Tribunal d'arrondissement, 6 juillet 2023, n\u00b0 2020-03469","og_description":"Jugement commercial 2023TALCH06\/00934 Audience publique du jeudi,six juilletdeux mille vingt-trois. Num\u00e9ro de r\u00f4leTAL-2020-03469 Composition: Maria FARIA ALVES, vice-pr\u00e9sidente; Alix KAYSER,juge; Muriel WANDERSCHEID, juge; Claude ROSENFELD,greffier. Entre: la soci\u00e9t\u00e9\u00e0 responsabilit\u00e9 limit\u00e9eSOCIETE1.)SARL, \u00e9tablie et ayant son si\u00e8ge social \u00e0 L- ADRESSE1.), inscrite au Registre de Commerce et\u2026","og_url":"https:\/\/kohenavocats.com\/zh-hans\/jurisprudences\/tribunal-darrondissement-6-juillet-2023-n-2020-03469\/","og_site_name":"Ma\u00eetre Hassan Kohen, avocat en droit p\u00e9nal \u00e0 Paris","article_modified_time":"2026-04-20T02:21:18+00:00","twitter_card":"summary_large_image","twitter_misc":{"\u9884\u8ba1\u9605\u8bfb\u65f6\u95f4":"3 \u5206"},"schema":{"@context":"https:\/\/schema.org","@graph":[{"@type":"WebPage","@id":"https:\/\/kohenavocats.com\/zh-hans\/jurisprudences\/tribunal-darrondissement-6-juillet-2023-n-2020-03469\/","url":"https:\/\/kohenavocats.com\/zh-hans\/jurisprudences\/tribunal-darrondissement-6-juillet-2023-n-2020-03469\/","name":"Tribunal d'arrondissement, 6 juillet 2023, n\u00b0 2020-03469 - Ma\u00eetre Hassan Kohen, avocat en droit p\u00e9nal \u00e0 Paris","isPartOf":{"@id":"https:\/\/kohenavocats.com\/zh-hans\/#website"},"datePublished":"2026-04-20T02:21:14+00:00","dateModified":"2026-04-20T02:21:18+00:00","breadcrumb":{"@id":"https:\/\/kohenavocats.com\/zh-hans\/jurisprudences\/tribunal-darrondissement-6-juillet-2023-n-2020-03469\/#breadcrumb"},"inLanguage":"zh-Hans","potentialAction":[{"@type":"ReadAction","target":["https:\/\/kohenavocats.com\/zh-hans\/jurisprudences\/tribunal-darrondissement-6-juillet-2023-n-2020-03469\/"]}]},{"@type":"BreadcrumbList","@id":"https:\/\/kohenavocats.com\/zh-hans\/jurisprudences\/tribunal-darrondissement-6-juillet-2023-n-2020-03469\/#breadcrumb","itemListElement":[{"@type":"ListItem","position":1,"name":"Home","item":"https:\/\/kohenavocats.com\/zh-hans\/"},{"@type":"ListItem","position":2,"name":"Jurisprudences","item":"https:\/\/kohenavocats.com\/zh-hans\/jurisprudences\/"},{"@type":"ListItem","position":3,"name":"Tribunal d&rsquo;arrondissement, 6 juillet 2023, n\u00b0 2020-03469"}]},{"@type":"WebSite","@id":"https:\/\/kohenavocats.com\/zh-hans\/#website","url":"https:\/\/kohenavocats.com\/zh-hans\/","name":"Kohen Avocats","description":"Ma\u00eetre Hassan Kohen, avocat p\u00e9naliste \u00e0 Paris, intervient exclusivement en droit p\u00e9nal pour la d\u00e9fense des particuliers, notamment en mati\u00e8re d\u2019accusations de viol. Il assure un accompagnement rigoureux d\u00e8s la garde \u00e0 vue jusqu\u2019\u00e0 la Cour d\u2019assises, veillant au strict respect des garanties proc\u00e9durales.","publisher":{"@id":"https:\/\/kohenavocats.com\/zh-hans\/#organization"},"potentialAction":[{"@type":"SearchAction","target":{"@type":"EntryPoint","urlTemplate":"https:\/\/kohenavocats.com\/zh-hans\/?s={search_term_string}"},"query-input":{"@type":"PropertyValueSpecification","valueRequired":true,"valueName":"search_term_string"}}],"inLanguage":"zh-Hans"},{"@type":"Organization","@id":"https:\/\/kohenavocats.com\/zh-hans\/#organization","name":"Kohen Avocats","url":"https:\/\/kohenavocats.com\/zh-hans\/","logo":{"@type":"ImageObject","inLanguage":"zh-Hans","@id":"https:\/\/kohenavocats.com\/zh-hans\/#\/schema\/logo\/image\/","url":"https:\/\/kohenavocats.com\/wp-content\/uploads\/2026\/01\/Logo-2-1.webp","contentUrl":"https:\/\/kohenavocats.com\/wp-content\/uploads\/2026\/01\/Logo-2-1.webp","width":2114,"height":1253,"caption":"Kohen Avocats"},"image":{"@id":"https:\/\/kohenavocats.com\/zh-hans\/#\/schema\/logo\/image\/"}}]}},"jetpack_likes_enabled":false,"jetpack_sharing_enabled":true,"_links":{"self":[{"href":"https:\/\/kohenavocats.com\/zh-hans\/wp-json\/wp\/v2\/kji_decision\/616325","targetHints":{"allow":["GET"]}}],"collection":[{"href":"https:\/\/kohenavocats.com\/zh-hans\/wp-json\/wp\/v2\/kji_decision"}],"about":[{"href":"https:\/\/kohenavocats.com\/zh-hans\/wp-json\/wp\/v2\/types\/kji_decision"}],"wp:attachment":[{"href":"https:\/\/kohenavocats.com\/zh-hans\/wp-json\/wp\/v2\/media?parent=616325"}],"wp:term":[{"taxonomy":"kji_country","embeddable":true,"href":"https:\/\/kohenavocats.com\/zh-hans\/wp-json\/wp\/v2\/kji_country?post=616325"},{"taxonomy":"kji_court","embeddable":true,"href":"https:\/\/kohenavocats.com\/zh-hans\/wp-json\/wp\/v2\/kji_court?post=616325"},{"taxonomy":"kji_chamber","embeddable":true,"href":"https:\/\/kohenavocats.com\/zh-hans\/wp-json\/wp\/v2\/kji_chamber?post=616325"},{"taxonomy":"kji_year","embeddable":true,"href":"https:\/\/kohenavocats.com\/zh-hans\/wp-json\/wp\/v2\/kji_year?post=616325"},{"taxonomy":"kji_subject","embeddable":true,"href":"https:\/\/kohenavocats.com\/zh-hans\/wp-json\/wp\/v2\/kji_subject?post=616325"},{"taxonomy":"kji_keyword","embeddable":true,"href":"https:\/\/kohenavocats.com\/zh-hans\/wp-json\/wp\/v2\/kji_keyword?post=616325"},{"taxonomy":"kji_language","embeddable":true,"href":"https:\/\/kohenavocats.com\/zh-hans\/wp-json\/wp\/v2\/kji_language?post=616325"}],"curies":[{"name":"wp","href":"https:\/\/api.w.org\/{rel}","templated":true}]}}