{"id":628604,"date":"2026-04-20T23:32:08","date_gmt":"2026-04-20T21:32:08","guid":{"rendered":"https:\/\/kohenavocats.com\/jurisprudences\/tribunal-darrondissement-27-fevrier-2024-2\/"},"modified":"2026-04-20T23:32:13","modified_gmt":"2026-04-20T21:32:13","slug":"tribunal-darrondissement-27-fevrier-2024-2","status":"publish","type":"kji_decision","link":"https:\/\/kohenavocats.com\/zh-hans\/jurisprudences\/tribunal-darrondissement-27-fevrier-2024-2\/","title":{"rendered":"Tribunal d&#8217;arrondissement, 27 f\u00e9vrier 2024"},"content":{"rendered":"<div class=\"kji-decision\">\n<div class=\"kji-full-text\">\n<p>Jugementn\u00b0508\/2024 not.6247\/23\/CD (amende) AUDIENCE PUBLIQUE DU 27 F\u00c9VRIER 2024 Le Tribunal d\u2019arrondissement de et \u00e0 Luxembourg, dix-huiti\u00e8me chambre, si\u00e9geant en mati\u00e8re correctionnelle, a rendu le jugement qui suit : Dans la cause du Minist\u00e8re Public contre PERSONNE1.) n\u00e9leDATE1.)\u00e0ADRESSE1.)(Portugal), demeurant \u00e0L-ADRESSE2.), comparant en personne, assist\u00e9 de Ma\u00eetreNicky STOFFEL, Avocat \u00e0 la Cour, demeurant \u00e0 Luxembourg, pr\u00e9venu Par citation du19 septembre 2023, le Procureur d\u2019\u00c9tat pr\u00e8s le Tribunal d\u2019arrondissement de et \u00e0 Luxembourg a requis lepr\u00e9venu de compara\u00eetre \u00e0 l\u2019audience publique du 20 d\u00e9cembre 2023devant le Tribunal correctionnel de ce si\u00e8ge pour y entendre statuer sur lespr\u00e9ventionssuivantes: celfrauduleuxet escroquerie. L\u2019affaire fut remise contradictoirement \u00e0 l\u2019audience publique du19 f\u00e9vrier 2024. \u00c0cette audience,MadameleVice-Pr\u00e9sident constata l\u2019identit\u00e9 dupr\u00e9venu, luidonna connaissancedel\u2019acte quiasaisi le Tribunal et l\u2019informa de son droit de garder le silence et de ne pas s\u2019incriminer soi-m\u00eame.<\/p>\n<p>2 Le t\u00e9moinPERSONNE2.)fut entendu en ses d\u00e9clarations orales apr\u00e8s avoir pr\u00eat\u00e9 le serment pr\u00e9vu \u00e0 l\u2019article 155 du Code de proc\u00e9dure p\u00e9nale. Le pr\u00e9venuPERSONNE1.), assist\u00e9 de l\u2019interpr\u00e8te asserment\u00e9e Marina MARQUES PINA, futentenduensesexplications. Lerepr\u00e9sentant du Minist\u00e8re Public,Jim POLFER,PremierSubstitutdu Procureur d\u2019\u00c9tat, r\u00e9suma l\u2019affaire et fut entendu en ses r\u00e9quisitions. Ma\u00eetreNicky STOFFEL,Avocat \u00e0 la Cour, demeurant \u00e0 Luxembourg, exposa les moyens de d\u00e9fense du pr\u00e9venuPERSONNE1.). Le pr\u00e9venueutla parole en dernier. Le Tribunal prit l\u2019affaire en d\u00e9lib\u00e9r\u00e9 et rendit \u00e0 l\u2019audience publique de ce jour, date \u00e0 laquelle le prononc\u00e9 avait \u00e9t\u00e9 fix\u00e9, le JUGEMENT QUI SUIT : Vu l\u2019ensemble du dossier r\u00e9pressif constitu\u00e9 par le Minist\u00e8re Public sous la notice 6247\/23\/CD et notamment le proc\u00e8s-verbal n\u00b0 828\/2022 dress\u00e9 en date du 25 ao\u00fbt 2022 par la Police grand-ducale, Commissariat Esch-sur-Alzette. Vu la citation \u00e0 pr\u00e9venu du19 septembre 2023, r\u00e9guli\u00e8rement notifi\u00e9e\u00e0PERSONNE1.). Le Minist\u00e8re Public reproche sub 1. \u00e0PERSONNE1.),d\u2019avoir,le 25 ao\u00fbt 2022, entre 8.15 heures et 9.41 heures, dans l\u2019arrondissement judiciaire de Luxembourg,et plus particuli\u00e8rement \u00e0ADRESSE3.)deADRESSE3.)ainsi qu\u2019\u00e0 ADRESSE4.), \u00e0 la parfumerie \u00abSOCIETE1.)\u00bb, etauADRESSE5.)au magasin \u00abSOCIETE2.)\u00bb, cel\u00e9 le sac \u00e0 dos appartenant \u00e0 PERSONNE3.), n\u00e9 le DATE2.)\u00e0ADRESSE3.), ensemble avec son contenu et notamment une somme d\u2019argent \u00e0 hauteur d\u2019environ 100 euros, deux cartes bancaires et deux cartes de cr\u00e9dit \u00e9mises par la banqueSOCIETE3.)\u00e0 son nom, des cl\u00e9s,un chargeur pour IPhone, une casquette, des lunettes de la marque\u00abFielmann\u00bb, une housse de protection pour lunettes de soleil de la marque \u00abRay Ban\u00bb, des actes d\u2019\u00e9tat civil, un token, une cl\u00e9 de voiture, des documents d\u2019identit\u00e9,un permis de conduireetdes cartes de s\u00e9curit\u00e9 sociale. Le Minist\u00e8re Public reprochesub 2.\u00e0PERSONNE1.), dans les m\u00eames circonstance de temps et de lieux, dans le but de s\u2019approprier une choseappartenant\u00e0 autrui, de s\u2019\u00eatre faitremettredes objetsind\u00e9termin\u00e9sau prix de 36,06 euros au pr\u00e9judice de laparfumerie SOCIETE1.)\u00bb, sinon de la banque \u00e9mettrice de la carte bancaire cel\u00e9e, sinon de PERSONNE3.), n\u00e9 leDATE2.)\u00e0ADRESSE3.), et des cigarettes au prix de 45 euros au pr\u00e9judice du magasin \u00abSOCIETE2.)\u00bb, sinon de la banque \u00e9mettrice de la carte bancaire, cel\u00e9e, sinon dePERSONNE3.), en ayantutilis\u00e9une carte bancaire \u00e9mise par la banque SOCIETE3.)au nom dePERSONNE3.), pour laremisedes objets pr\u00e9cit\u00e9s, en se pr\u00e9sentant comme le titulaire l\u00e9gitime de la pr\u00e9dite carte cel\u00e9e au pr\u00e9judice de PERSONNE3.), pr\u00e9qualifi\u00e9, afin de faire croire enun cr\u00e9dit imaginaire,depersuaderla<\/p>\n<p>3 victime d\u2019unesolvabilit\u00e9 de nature \u00e0 inspirerune confiance et partant d\u00e9terminer laremise, et pour abuser autrement de la confiancede celle-ci. \u00c0 l\u2019audience publique du 19 f\u00e9vrier 2024, le pr\u00e9venu a reconnu l\u2019int\u00e9gralit\u00e9 des faits mis \u00e0 sa charge et a exprim\u00e9 son repentir. Les infractions libell\u00e9es \u00e0 l\u2019encontre d\u2019PERSONNE1.) sont encore \u00e9tablies tant en fait qu\u2019en droit au vu de l\u2019ensemble des \u00e9l\u00e9ments du dossier r\u00e9pressif et plus particuli\u00e8rement des constatations des agents verbalisant ainsi que des imagesenregistr\u00e9es par lescam\u00e9ras de vid\u00e9osurveillance ensemble les d\u00e9bats men\u00e9s en audience publique et notamment les d\u00e9clarations du t\u00e9moin et les aveux complets du pr\u00e9venu. Lepr\u00e9venuPERSONNE1.)estpartantconvaincu: \u00ab comme auteur,ayantlui-m\u00eamecommis les infractions, le 25 ao\u00fbt 2022 entre 8.15 heures et 9.41 heures,\u00e0ADRESSE3.)deADRESSE3.) ainsi qu\u2019\u00e0ADRESSE4.), \u00e0 la parfumerie \u00abSOCIETE1.)\u00bb, etauADRESSE5.)au magasin \u00abSOCIETE2.)\u00bb, 1. en infraction \u00e0 l\u2019article 508 du Code p\u00e9nal, d\u2019avoirfrauduleusement cel\u00e9deschosesmobili\u00e8restrouv\u00e9espar hasard appartenant \u00e0 autrui, en l\u2019esp\u00e8ce, d\u2019avoircel\u00e9 le sac \u00e0 dos appartenant \u00e0 PERSONNE3.), n\u00e9 le DATE2.)\u00e0ADRESSE3.), ensemble avec son contenu et notamment: -une somme d\u2019argent \u00e0 hauteur d\u2019environ 100 euros, -deux cartes bancaires, -deux cartes de cr\u00e9dit \u00e9mises par la banqueSOCIETE3.)\u00e0 son nom, -des cl\u00e9s, -un chargeur pour IPhone, -une casquette, -des lunettes de la marque \u00abFielmann\u00bb, -une housse de protection pour lunettes de soleil dela marque \u00abRay Ban\u00bb, -des actes d\u2019\u00e9tat civil, -un token, -une cl\u00e9 de voiture, -des documents d\u2019identit\u00e9, -un permis de conduire et -des cartes de s\u00e9curit\u00e9 sociale, 2. en infraction \u00e0 l\u2019article 496 du Code p\u00e9nal, d&#039;avoirdans le but de s&#039;approprierdeschosesappartenant \u00e0 autrui, s&#039;\u00eatre fait remettre des meubles en employant des man\u0153uvres frauduleuses pour persuader d&#039;un cr\u00e9dit imaginaire,<\/p>\n<p>4 en l\u2019esp\u00e8ce, de s\u2019\u00eatre fait remettre des objets ind\u00e9termin\u00e9s au prix de 36,06 euros et des cigarettes au prix de 45 euros en ayant utilis\u00e9 une carte bancaire \u00e9mise par la banqueSOCIETE3.)au nom dePERSONNE3.), pour la remise des objets pr\u00e9cit\u00e9s, en se pr\u00e9sentant comme le titulaire l\u00e9gitime de la pr\u00e9dite carte cel\u00e9e au pr\u00e9judice dePERSONNE3.), afin de faire croire en un cr\u00e9dit imaginaire, de persuader la victime d\u2019une solvabilit\u00e9 de nature \u00e0 inspirer une confiance\u00bb. Lemandatairedupr\u00e9venuafait valoir un d\u00e9passement du d\u00e9lai raisonnable. Aux termes de l\u2019article 6 de la Convention de sauvegarde des droits de l\u2019homme et des libert\u00e9s fondamentales\u00ab Toute personne a droit \u00e0 ce que sa cause soit entendue \u00e9quitablement, publiquement et dans und\u00e9lai raisonnable par un tribunal ind\u00e9pendant et impartial \u00e9tabli par la loi\u2026 \u00bb. Le d\u00e9lai raisonnable est celui dans lequel une action publique exerc\u00e9e \u00e0 charge d\u2019une personne doit \u00eatre jug\u00e9e. Ce d\u00e9lai prend cours au moment o\u00f9 l\u2019int\u00e9ress\u00e9 est \u00ab accus\u00e9 \u00bb du chef d\u2019infractions faisant l\u2019objet de l\u2019action publique, c\u2019est-\u00e0-dire le jour o\u00f9 la personne se trouve dans l\u2019obligation de fait de se d\u00e9fendre. Il incombe \u00e0 la juridiction de jugement d\u2019appr\u00e9cier, \u00e0 la lumi\u00e8re des donn\u00e9es de chaque affaire, si la cause est entendue dans un d\u00e9lai raisonnable et, dans la n\u00e9gative, de d\u00e9terminer les cons\u00e9quences qui pourraient en r\u00e9sulter. Or le caract\u00e8re raisonnable de la proc\u00e9dure s\u2019appr\u00e9cie suivant les circonstances de la cause et non in abstracto. Trois crit\u00e8res se sont d\u00e9gag\u00e9s de la jurisprudence de la Cour europ\u00e9enne des droits de l\u2019Homme pour appr\u00e9cier le d\u00e9lai raisonnable d\u2019un proc\u00e8s, aucun n\u2019\u00e9tant toutefois pr\u00e9dominant : 1) la complexit\u00e9 de l\u2019affaire en fait et en droit, en nombre de parties, en difficult\u00e9s depreuves, etc., 2) le comportement du pr\u00e9venu (sans aller \u00e0 exiger qu\u2019il facilite la preuve des accusations port\u00e9es contre lui) et enfin 3) le comportement des autorit\u00e9s nationales comp\u00e9tentes (S. GUINCHARD et J. BUISSON, Proc\u00e9dure p\u00e9nale, n\u00b0 376, p. 263). La question de savoir si le \u00abd\u00e9lai raisonnable\u00bb a \u00e9t\u00e9 d\u00e9pass\u00e9 d\u00e9pend, dans de nombreux cas, d\u2019un examen attentif des circonstances et des causes de tout retard et non pas simplement de la prise en consid\u00e9ration de la dur\u00e9e du laps de temps en question. En l\u2019esp\u00e8ce, les faits datent du25ao\u00fbt 2022. Lepr\u00e9venu a\u00e9t\u00e9 identifi\u00e9 comme auteur pr\u00e9sum\u00e9 des faits en date du 23 janvier 2023 et a\u00e9t\u00e9 interrog\u00e9 par la Policele m\u00eame jour. Ila \u00e9t\u00e9 cit\u00e9la premi\u00e8re fois\u00e0 l\u2019audience du 31 mai 2023.Apr\u00e8s plusieurs remises de l\u2019affaire,l\u2019affairea finalement \u00e9t\u00e9 expos\u00e9e \u00e0 l\u2019audience du 19 f\u00e9vrier 2024. Le Tribunal constateque l\u2019enqu\u00eate a avanc\u00e9 \u00e0 un rythme r\u00e9gulier et que les d\u00e9lais de citation usuels ont \u00e9t\u00e9 respect\u00e9s de sortequ\u2019il n\u2019y a pas eu de temps mortjustifiant de retenir qu\u2019il y a eud\u00e9passement du d\u00e9lai raisonnableen l\u2019esp\u00e8ce.<\/p>\n<p>5 Le mandataire du pr\u00e9venu a encore soulev\u00e9 la question d\u2019une \u00e9ventuelle application de l\u2019article 71-1 du Code p\u00e9nal au vu du certificat m\u00e9dicalqu\u2019il a vers\u00e9 etqui t\u00e9moignerait du fait qu\u2019PERSONNE1.)aurait, par le pass\u00e9,\u00e9t\u00e9 suivi pour des probl\u00e8mes psychologiques et mentaux graves. L\u2019article 71-1 du Codep\u00e9nal a \u00e9t\u00e9 introduit dans le Code p\u00e9nal par une loi du 8 ao\u00fbt 2000 et pr\u00e9voit que leTribunal tiendra compte du trouble mental ayant affect\u00e9 l\u2019auteur en tant que circonstance att\u00e9nuante. Il appert des travaux parlementaires de cette loi que l\u2019article 71-1 du Code p\u00e9nal envisage l\u2019hypoth\u00e8se des personnes atteintes d\u2019un trouble mental ayantsimplement alt\u00e9r\u00e9 leur discernement ou entrav\u00e9 le contr\u00f4le de leurs actes. Le Tribunalconstatequ\u2019il ne ressort pas dudit certificat m\u00e9dical que les probl\u00e8mes en question auraient \u00e9t\u00e9 d\u2019une gravit\u00e9 tellequ\u2019ils auraientpu \u00eatre de nature \u00e0 alt\u00e9rer le discernement du pr\u00e9venu au moment de la commission des faits, le m\u00e9decin ayant express\u00e9ment mentionn\u00e9 que le certificat ne \u00abse prononce en aucun cas sur (&#8230;) la responsabilit\u00e9\u00bb. Il nesaurait, au vu de ce qui pr\u00e9c\u00e8de,\u00eatre fait application de l\u2019article 71-1 du Code p\u00e9nal en l\u2019esp\u00e8ce. Les infractions retenues \u00e0 l\u2019encontre d\u2019PERSONNE1.)se trouvent en concours r\u00e9el entre elles. Conform\u00e9ment aux dispositions de l\u2019article 60 du Code p\u00e9nal, il convient de ne prononcer que la peine la plus forte quipourra \u00eatre \u00e9lev\u00e9e au double du maximum, sans toutefois exc\u00e9der la somme des peines pr\u00e9vues pour les diff\u00e9rentes infractions. L\u2019article 508 du Code p\u00e9nal sanctionne le cel frauduleux d\u2019un emprisonnement de huit jours \u00e0 deux ans et d\u2019une amende de 500 euros \u00e0 5.000 euros. L\u2019infraction d\u2019escroquerie est punie, en vertu de l\u2019article 496 du Code p\u00e9nal d\u2019un emprisonnement de quatre mois \u00e0 cinq ans et d\u2019une amende de 251 \u00e0 30.000 euros. La peine la plus forte est partant celle pr\u00e9vue pour l\u2019infraction d\u2019escroquerie. L\u2019article 20 du Code p\u00e9nal dispose que lorsqu&#039;un d\u00e9lit est puni de l&#039;emprisonnement et de l&#039;amende, le Tribunal peut, \u00e0 titre de peine principale, ne prononcer que l&#039;une ou l&#039;autre de ces peines. En l\u2019esp\u00e8ce, il y a lieu de prendre en consid\u00e9ration la gravit\u00e9 objective des faits retenus \u00e0 charged\u2019PERSONNE1.), mais \u00e9galement sesaveux etsonrepentir exprim\u00e9 \u00e0 l\u2019audience. Le Tribunal estime en cons\u00e9quence qu\u2019il y a lieu de faire abstraction d\u2019unepeine privative de libert\u00e9 et que lesinfractionsretenues \u00e0 charge d\u2019PERSONNE1.)sont r\u00e9prim\u00e9es\u00e0 suffisance par sa condamnation \u00e0 une amende correctionnelle de 1.500 euros.<\/p>\n<p>6 PAR CES MOTIFS: leTribunal d\u2019arrondissement de et \u00e0 Luxembourg, dix-huiti\u00e8me chambre, si\u00e9geant en mati\u00e8re correctionnelle, statuantcontradictoirement,lepr\u00e9venuentendu en ses explications,lerepr\u00e9sentant du Minist\u00e8re Public entendu en ses r\u00e9quisitions, le mandataire dupr\u00e9venuentenduen sesmoyens de d\u00e9fense, condamne PERSONNE1.)du chef desinfractionsretenues\u00e0 sa charge \u00e0 une amende correctionnelle demille-cinq-cents(1.500) euros, fixela dur\u00e9e de la contrainte par corps en cas de non-paiement de l\u2019amende \u00e0quinze (15) jours, condamne PERSONNE1.)aux frais de sa poursuite p\u00e9nale, ces frais liquid\u00e9s \u00e025,92 euros. Le tout en application des articles14, 16,20,27, 28, 29, 30,60,496 et 508du Code p\u00e9nal etdes articles 179, 182, 184, 190, 190-1,194, 195 et196 du Code de proc\u00e9dure p\u00e9nale, dont mention a \u00e9t\u00e9 faite. Ainsi fait et jug\u00e9 par Jessica JUNG, Vice-Pr\u00e9sident, Julien GROSS, Premier Juge et Paul MINDEN,Premier Juge, et prononc\u00e9en audience publique du 27 f\u00e9vrier 2024 au Tribunal d\u2019arrondissement de Luxembourg, assist\u00e9 de Sarah KOHNEN, Greffi\u00e8re, en pr\u00e9sence de Claude HIRSCH, SubstitutPrincipaldu Procureur d\u2019\u00c9tat, qui, \u00e0 l\u2019exception du repr\u00e9sentant du Minist\u00e8re Public, ont sign\u00e9 le pr\u00e9sent jugement.<\/p>\n<\/div>\n<hr class=\"kji-sep\" \/>\n<p class=\"kji-source-links\"><strong>Sources officielles :<\/strong> <a class=\"kji-source-link\" href=\"https:\/\/data.public.lu\/fr\/datasets\/tribunal-darrondissement-luxembourg-penal\/\" target=\"_blank\" rel=\"noopener noreferrer\">consulter la page source<\/a> &middot; <a class=\"kji-pdf-link\" href=\"https:\/\/download.data.public.lu\/resources\/tribunal-darrondissement-luxembourg-penal\/20240828-030120\/20240227-tal18-508-pseudonymise-accessible.pdf\" target=\"_blank\" rel=\"noopener noreferrer\">PDF officiel<\/a><\/p>\n<p class=\"kji-license-note\"><em>Licence CC BY-ND 4.0 (Administration judiciaire, data.public.lu). Republication autorisee avec attribution, sans modification editoriale du texte integral.<\/em><\/p>\n<\/div>\n","protected":false},"excerpt":{"rendered":"<p>Jugementn\u00b0508\/2024 not.6247\/23\/CD (amende) AUDIENCE PUBLIQUE DU 27 F\u00c9VRIER 2024 Le Tribunal d\u2019arrondissement de et \u00e0 Luxembourg, dix-huiti\u00e8me chambre, si\u00e9geant en mati\u00e8re correctionnelle, a rendu le jugement qui suit : Dans la cause du Minist\u00e8re Public contre PERSONNE1.) n\u00e9leDATE1.)\u00e0ADRESSE1.)(Portugal), demeurant \u00e0L-ADRESSE2.), comparant en personne, assist\u00e9 de\u2026<\/p>\n","protected":false},"featured_media":0,"template":"","meta":{"_crdt_document":""},"kji_country":[8418],"kji_court":[23583],"kji_chamber":[25729],"kji_year":[8677],"kji_subject":[7632],"kji_keyword":[23584,8457,25730,7636],"kji_language":[7733],"class_list":["post-628604","kji_decision","type-kji_decision","status-publish","hentry","kji_country-luxembourg","kji_court-tribunal-darrondissement","kji_chamber-penal","kji_year-8677","kji_subject-penal","kji_keyword-arrondissement","kji_keyword-fevrier","kji_keyword-jugementn","kji_keyword-tribunal","kji_language-francais"],"yoast_head":"<!-- This site is optimized with the Yoast SEO Premium plugin v27.5 (Yoast SEO v27.5) - https:\/\/yoast.com\/product\/yoast-seo-premium-wordpress\/ -->\n<title>Tribunal d&#039;arrondissement, 27 f\u00e9vrier 2024 - Ma\u00eetre Hassan Kohen, avocat en droit p\u00e9nal \u00e0 Paris<\/title>\n<meta name=\"robots\" content=\"index, follow, max-snippet:-1, max-image-preview:large, max-video-preview:-1\" \/>\n<link rel=\"canonical\" href=\"https:\/\/kohenavocats.com\/zh-hans\/jurisprudences\/tribunal-darrondissement-27-fevrier-2024-2\/\" \/>\n<meta property=\"og:locale\" content=\"zh_CN\" \/>\n<meta property=\"og:type\" content=\"article\" \/>\n<meta property=\"og:title\" content=\"Tribunal d&#039;arrondissement, 27 f\u00e9vrier 2024\" \/>\n<meta property=\"og:description\" content=\"Jugementn\u00b0508\/2024 not.6247\/23\/CD (amende) AUDIENCE PUBLIQUE DU 27 F\u00c9VRIER 2024 Le Tribunal d\u2019arrondissement de et \u00e0 Luxembourg, dix-huiti\u00e8me chambre, si\u00e9geant en mati\u00e8re correctionnelle, a rendu le jugement qui suit : Dans la cause du Minist\u00e8re Public contre PERSONNE1.) n\u00e9leDATE1.)\u00e0ADRESSE1.)(Portugal), demeurant \u00e0L-ADRESSE2.), comparant en personne, assist\u00e9 de\u2026\" \/>\n<meta property=\"og:url\" content=\"https:\/\/kohenavocats.com\/zh-hans\/jurisprudences\/tribunal-darrondissement-27-fevrier-2024-2\/\" \/>\n<meta property=\"og:site_name\" content=\"Ma\u00eetre Hassan Kohen, avocat en droit p\u00e9nal \u00e0 Paris\" \/>\n<meta property=\"article:modified_time\" content=\"2026-04-20T21:32:13+00:00\" \/>\n<meta name=\"twitter:card\" content=\"summary_large_image\" \/>\n<meta name=\"twitter:label1\" content=\"\u9884\u8ba1\u9605\u8bfb\u65f6\u95f4\" \/>\n\t<meta name=\"twitter:data1\" content=\"10 \u5206\" \/>\n<script type=\"application\/ld+json\" class=\"yoast-schema-graph\">{\"@context\":\"https:\\\/\\\/schema.org\",\"@graph\":[{\"@type\":\"WebPage\",\"@id\":\"https:\\\/\\\/kohenavocats.com\\\/zh-hans\\\/jurisprudences\\\/tribunal-darrondissement-27-fevrier-2024-2\\\/\",\"url\":\"https:\\\/\\\/kohenavocats.com\\\/zh-hans\\\/jurisprudences\\\/tribunal-darrondissement-27-fevrier-2024-2\\\/\",\"name\":\"Tribunal d'arrondissement, 27 f\u00e9vrier 2024 - Ma\u00eetre Hassan Kohen, avocat en droit p\u00e9nal \u00e0 Paris\",\"isPartOf\":{\"@id\":\"https:\\\/\\\/kohenavocats.com\\\/zh-hans\\\/#website\"},\"datePublished\":\"2026-04-20T21:32:08+00:00\",\"dateModified\":\"2026-04-20T21:32:13+00:00\",\"breadcrumb\":{\"@id\":\"https:\\\/\\\/kohenavocats.com\\\/zh-hans\\\/jurisprudences\\\/tribunal-darrondissement-27-fevrier-2024-2\\\/#breadcrumb\"},\"inLanguage\":\"zh-Hans\",\"potentialAction\":[{\"@type\":\"ReadAction\",\"target\":[\"https:\\\/\\\/kohenavocats.com\\\/zh-hans\\\/jurisprudences\\\/tribunal-darrondissement-27-fevrier-2024-2\\\/\"]}]},{\"@type\":\"BreadcrumbList\",\"@id\":\"https:\\\/\\\/kohenavocats.com\\\/zh-hans\\\/jurisprudences\\\/tribunal-darrondissement-27-fevrier-2024-2\\\/#breadcrumb\",\"itemListElement\":[{\"@type\":\"ListItem\",\"position\":1,\"name\":\"Home\",\"item\":\"https:\\\/\\\/kohenavocats.com\\\/zh-hans\\\/\"},{\"@type\":\"ListItem\",\"position\":2,\"name\":\"Jurisprudences\",\"item\":\"https:\\\/\\\/kohenavocats.com\\\/zh-hans\\\/jurisprudences\\\/\"},{\"@type\":\"ListItem\",\"position\":3,\"name\":\"Tribunal d&rsquo;arrondissement, 27 f\u00e9vrier 2024\"}]},{\"@type\":\"WebSite\",\"@id\":\"https:\\\/\\\/kohenavocats.com\\\/zh-hans\\\/#website\",\"url\":\"https:\\\/\\\/kohenavocats.com\\\/zh-hans\\\/\",\"name\":\"Kohen Avocats\",\"description\":\"Ma\u00eetre Hassan Kohen, avocat p\u00e9naliste \u00e0 Paris, intervient exclusivement en droit p\u00e9nal pour la d\u00e9fense des particuliers, notamment en mati\u00e8re d\u2019accusations de viol. Il assure un accompagnement rigoureux d\u00e8s la garde \u00e0 vue jusqu\u2019\u00e0 la Cour d\u2019assises, veillant au strict respect des garanties proc\u00e9durales.\",\"publisher\":{\"@id\":\"https:\\\/\\\/kohenavocats.com\\\/zh-hans\\\/#organization\"},\"potentialAction\":[{\"@type\":\"SearchAction\",\"target\":{\"@type\":\"EntryPoint\",\"urlTemplate\":\"https:\\\/\\\/kohenavocats.com\\\/zh-hans\\\/?s={search_term_string}\"},\"query-input\":{\"@type\":\"PropertyValueSpecification\",\"valueRequired\":true,\"valueName\":\"search_term_string\"}}],\"inLanguage\":\"zh-Hans\"},{\"@type\":\"Organization\",\"@id\":\"https:\\\/\\\/kohenavocats.com\\\/zh-hans\\\/#organization\",\"name\":\"Kohen Avocats\",\"url\":\"https:\\\/\\\/kohenavocats.com\\\/zh-hans\\\/\",\"logo\":{\"@type\":\"ImageObject\",\"inLanguage\":\"zh-Hans\",\"@id\":\"https:\\\/\\\/kohenavocats.com\\\/zh-hans\\\/#\\\/schema\\\/logo\\\/image\\\/\",\"url\":\"https:\\\/\\\/kohenavocats.com\\\/wp-content\\\/uploads\\\/2026\\\/01\\\/Logo-2-1.webp\",\"contentUrl\":\"https:\\\/\\\/kohenavocats.com\\\/wp-content\\\/uploads\\\/2026\\\/01\\\/Logo-2-1.webp\",\"width\":2114,\"height\":1253,\"caption\":\"Kohen Avocats\"},\"image\":{\"@id\":\"https:\\\/\\\/kohenavocats.com\\\/zh-hans\\\/#\\\/schema\\\/logo\\\/image\\\/\"}}]}<\/script>\n<!-- \/ Yoast SEO Premium plugin. -->","yoast_head_json":{"title":"Tribunal d'arrondissement, 27 f\u00e9vrier 2024 - Ma\u00eetre Hassan Kohen, avocat en droit p\u00e9nal \u00e0 Paris","robots":{"index":"index","follow":"follow","max-snippet":"max-snippet:-1","max-image-preview":"max-image-preview:large","max-video-preview":"max-video-preview:-1"},"canonical":"https:\/\/kohenavocats.com\/zh-hans\/jurisprudences\/tribunal-darrondissement-27-fevrier-2024-2\/","og_locale":"zh_CN","og_type":"article","og_title":"Tribunal d'arrondissement, 27 f\u00e9vrier 2024","og_description":"Jugementn\u00b0508\/2024 not.6247\/23\/CD (amende) AUDIENCE PUBLIQUE DU 27 F\u00c9VRIER 2024 Le Tribunal d\u2019arrondissement de et \u00e0 Luxembourg, dix-huiti\u00e8me chambre, si\u00e9geant en mati\u00e8re correctionnelle, a rendu le jugement qui suit : Dans la cause du Minist\u00e8re Public contre PERSONNE1.) n\u00e9leDATE1.)\u00e0ADRESSE1.)(Portugal), demeurant \u00e0L-ADRESSE2.), comparant en personne, assist\u00e9 de\u2026","og_url":"https:\/\/kohenavocats.com\/zh-hans\/jurisprudences\/tribunal-darrondissement-27-fevrier-2024-2\/","og_site_name":"Ma\u00eetre Hassan Kohen, avocat en droit p\u00e9nal \u00e0 Paris","article_modified_time":"2026-04-20T21:32:13+00:00","twitter_card":"summary_large_image","twitter_misc":{"\u9884\u8ba1\u9605\u8bfb\u65f6\u95f4":"10 \u5206"},"schema":{"@context":"https:\/\/schema.org","@graph":[{"@type":"WebPage","@id":"https:\/\/kohenavocats.com\/zh-hans\/jurisprudences\/tribunal-darrondissement-27-fevrier-2024-2\/","url":"https:\/\/kohenavocats.com\/zh-hans\/jurisprudences\/tribunal-darrondissement-27-fevrier-2024-2\/","name":"Tribunal d'arrondissement, 27 f\u00e9vrier 2024 - Ma\u00eetre Hassan Kohen, avocat en droit p\u00e9nal \u00e0 Paris","isPartOf":{"@id":"https:\/\/kohenavocats.com\/zh-hans\/#website"},"datePublished":"2026-04-20T21:32:08+00:00","dateModified":"2026-04-20T21:32:13+00:00","breadcrumb":{"@id":"https:\/\/kohenavocats.com\/zh-hans\/jurisprudences\/tribunal-darrondissement-27-fevrier-2024-2\/#breadcrumb"},"inLanguage":"zh-Hans","potentialAction":[{"@type":"ReadAction","target":["https:\/\/kohenavocats.com\/zh-hans\/jurisprudences\/tribunal-darrondissement-27-fevrier-2024-2\/"]}]},{"@type":"BreadcrumbList","@id":"https:\/\/kohenavocats.com\/zh-hans\/jurisprudences\/tribunal-darrondissement-27-fevrier-2024-2\/#breadcrumb","itemListElement":[{"@type":"ListItem","position":1,"name":"Home","item":"https:\/\/kohenavocats.com\/zh-hans\/"},{"@type":"ListItem","position":2,"name":"Jurisprudences","item":"https:\/\/kohenavocats.com\/zh-hans\/jurisprudences\/"},{"@type":"ListItem","position":3,"name":"Tribunal d&rsquo;arrondissement, 27 f\u00e9vrier 2024"}]},{"@type":"WebSite","@id":"https:\/\/kohenavocats.com\/zh-hans\/#website","url":"https:\/\/kohenavocats.com\/zh-hans\/","name":"Kohen Avocats","description":"Ma\u00eetre Hassan Kohen, avocat p\u00e9naliste \u00e0 Paris, intervient exclusivement en droit p\u00e9nal pour la d\u00e9fense des particuliers, notamment en mati\u00e8re d\u2019accusations de viol. Il assure un accompagnement rigoureux d\u00e8s la garde \u00e0 vue jusqu\u2019\u00e0 la Cour d\u2019assises, veillant au strict respect des garanties proc\u00e9durales.","publisher":{"@id":"https:\/\/kohenavocats.com\/zh-hans\/#organization"},"potentialAction":[{"@type":"SearchAction","target":{"@type":"EntryPoint","urlTemplate":"https:\/\/kohenavocats.com\/zh-hans\/?s={search_term_string}"},"query-input":{"@type":"PropertyValueSpecification","valueRequired":true,"valueName":"search_term_string"}}],"inLanguage":"zh-Hans"},{"@type":"Organization","@id":"https:\/\/kohenavocats.com\/zh-hans\/#organization","name":"Kohen Avocats","url":"https:\/\/kohenavocats.com\/zh-hans\/","logo":{"@type":"ImageObject","inLanguage":"zh-Hans","@id":"https:\/\/kohenavocats.com\/zh-hans\/#\/schema\/logo\/image\/","url":"https:\/\/kohenavocats.com\/wp-content\/uploads\/2026\/01\/Logo-2-1.webp","contentUrl":"https:\/\/kohenavocats.com\/wp-content\/uploads\/2026\/01\/Logo-2-1.webp","width":2114,"height":1253,"caption":"Kohen Avocats"},"image":{"@id":"https:\/\/kohenavocats.com\/zh-hans\/#\/schema\/logo\/image\/"}}]}},"jetpack_likes_enabled":false,"jetpack_sharing_enabled":true,"_links":{"self":[{"href":"https:\/\/kohenavocats.com\/zh-hans\/wp-json\/wp\/v2\/kji_decision\/628604","targetHints":{"allow":["GET"]}}],"collection":[{"href":"https:\/\/kohenavocats.com\/zh-hans\/wp-json\/wp\/v2\/kji_decision"}],"about":[{"href":"https:\/\/kohenavocats.com\/zh-hans\/wp-json\/wp\/v2\/types\/kji_decision"}],"wp:attachment":[{"href":"https:\/\/kohenavocats.com\/zh-hans\/wp-json\/wp\/v2\/media?parent=628604"}],"wp:term":[{"taxonomy":"kji_country","embeddable":true,"href":"https:\/\/kohenavocats.com\/zh-hans\/wp-json\/wp\/v2\/kji_country?post=628604"},{"taxonomy":"kji_court","embeddable":true,"href":"https:\/\/kohenavocats.com\/zh-hans\/wp-json\/wp\/v2\/kji_court?post=628604"},{"taxonomy":"kji_chamber","embeddable":true,"href":"https:\/\/kohenavocats.com\/zh-hans\/wp-json\/wp\/v2\/kji_chamber?post=628604"},{"taxonomy":"kji_year","embeddable":true,"href":"https:\/\/kohenavocats.com\/zh-hans\/wp-json\/wp\/v2\/kji_year?post=628604"},{"taxonomy":"kji_subject","embeddable":true,"href":"https:\/\/kohenavocats.com\/zh-hans\/wp-json\/wp\/v2\/kji_subject?post=628604"},{"taxonomy":"kji_keyword","embeddable":true,"href":"https:\/\/kohenavocats.com\/zh-hans\/wp-json\/wp\/v2\/kji_keyword?post=628604"},{"taxonomy":"kji_language","embeddable":true,"href":"https:\/\/kohenavocats.com\/zh-hans\/wp-json\/wp\/v2\/kji_language?post=628604"}],"curies":[{"name":"wp","href":"https:\/\/api.w.org\/{rel}","templated":true}]}}