{"id":628633,"date":"2026-04-20T23:35:00","date_gmt":"2026-04-20T21:35:00","guid":{"rendered":"https:\/\/kohenavocats.com\/jurisprudences\/tribunal-darrondissement-27-fevrier-2024-3\/"},"modified":"2026-04-20T23:35:07","modified_gmt":"2026-04-20T21:35:07","slug":"tribunal-darrondissement-27-fevrier-2024-3","status":"publish","type":"kji_decision","link":"https:\/\/kohenavocats.com\/zh-hans\/jurisprudences\/tribunal-darrondissement-27-fevrier-2024-3\/","title":{"rendered":"Tribunal d&#8217;arrondissement, 27 f\u00e9vrier 2024"},"content":{"rendered":"<div class=\"kji-decision\">\n<div class=\"kji-full-text\">\n<p>Jugementn\u00b0509\/2024 not.21283\/22\/CD (acquittement) AUDIENCE PUBLIQUE DU 27 F\u00c9VRIER 2024 Le Tribunal d\u2019arrondissement de et \u00e0 Luxembourg, dix-huiti\u00e8me chambre, si\u00e9geant en mati\u00e8re correctionnelle, a rendu le jugement qui suit : Dans la cause du Minist\u00e8re Public contre PERSONNE1.) n\u00e9eleDATE1.)\u00e0ADRESSE1.)(Belgique), demeurant \u00e0 L-ADRESSE2.), comparant en personne, pr\u00e9venue Par citation du22 septembre 2023le Procureur d\u2019\u00c9tat pr\u00e8s le Tribunal d\u2019arrondissement de et \u00e0 Luxembourg arequis lapr\u00e9venuede compara\u00eetre \u00e0 l\u2019audience publique du21 d\u00e9cembre 2023 devant le Tribunal correctionnel de ce si\u00e8ge pour y entendre statuer sur lapr\u00e9vention suivante: vol simple. L\u2019affaire fut remise contradictoirement \u00e0 l\u2019audience publique du19 f\u00e9vrier 2024. \u00c0cette audience,Madamele Vice-Pr\u00e9sidentconstata l\u2019identit\u00e9 de lapr\u00e9venue, lui donna connaissance del\u2019acte quiasaisi le Tribunal et l\u2019informa de son droit de garder lesilence et de ne pas s\u2019incriminer soi-m\u00eame.<\/p>\n<p>2 Lapr\u00e9venuePERSONNE1.)renon\u00e7a \u00e0 l\u2019assistance d\u2019un avocat par d\u00e9claration \u00e9crite, dat\u00e9e et sign\u00e9e conform\u00e9ment \u00e0 l\u2019article 3-6 point 8 du Code de proc\u00e9dure p\u00e9nale. Le t\u00e9moinPERSONNE2.), fut entendu en sesd\u00e9clarations orales apr\u00e8s avoir pr\u00eat\u00e9 le serment pr\u00e9vu \u00e0 l\u2019article 155 du Code de proc\u00e9dure p\u00e9nale. La pr\u00e9venuePERSONNE1.)fut entendueen ses explications et moyens de d\u00e9fense. Lerepr\u00e9sentant du Minist\u00e8re Public,Jim POLFER,Premier Substitutdu Procureur d\u2019\u00c9tat, r\u00e9suma l\u2019affaire et fut entendu en ses r\u00e9quisitions. La pr\u00e9venueeutla parole en dernier. Le Tribunal prit l\u2019affaire en d\u00e9lib\u00e9r\u00e9 et rendit \u00e0 l\u2019audience publique de ce jour, date \u00e0 laquelle le prononc\u00e9 avait \u00e9t\u00e9 fix\u00e9, le J U G E M E N T qui suit: Vu l\u2019ensemble du dossier r\u00e9pressif constitu\u00e9 par le Minist\u00e8re Public sous la notice21283\/22\/CD et notamment le proc\u00e8s-verbal n\u00b0 426\/2022 dress\u00e9 en date du 7 avril 2022 par la Police grand-ducale, Commissariat Ville-Haute. Vu la citation\u00e0 pr\u00e9venudu22 septembre 2023,r\u00e9guli\u00e8rement notifi\u00e9e \u00e0PERSONNE1.). Le Minist\u00e8re Public reproche \u00e0PERSONNE1.)d\u2019avoir,le 26 mars 2022 vers 16.30 heures et 18.00 heures,dans l\u2019arrondissement judiciaire de Luxembourg et notamment \u00e0ADRESSE3.), dans le commerce\u00abSOCIETE1.)\u00bb,soustrait frauduleusement deux parfumsde la marque \u00abChristian Dior\u00bbd\u2019une valeur totale 720 euros, partant des choses appartenant \u00e0 autrui. Lesfaitsincrimin\u00e9s ont \u00e9t\u00e9 enregistr\u00e9s pardes cam\u00e9ras de vid\u00e9osurveillance install\u00e9es au sein du commerce en question.Suite \u00e0 une diffusionde ces imagespar le biais du Centre de coop\u00e9ration polici\u00e8re et douani\u00e8re Luxembourg,un policier belge a inform\u00e9 les autorit\u00e9s luxembourgeoises que \u00able visage de la fille\u00bb le faisait penser \u00e0 la pr\u00e9venuePERSONNE1.). Si effectivement la personne rep\u00e9r\u00e9e sur les enregistrementsdescam\u00e9raspr\u00e9sente unecertaine ressemblance avecPERSONNE1.), le Tribunal constate cependant que les seules photos extraites de ces enregistrements vid\u00e9o vers\u00e9es au dossier ne permettent pas, en l\u2019absence de tout autre \u00e9l\u00e9ment depreuve,de retenir \u00e0 l\u2019abri de tout doute qu\u2019il s\u2019agit bien de cette derni\u00e8re, ce d\u2019autant plus qu\u2019il a \u00e9t\u00e9 confirm\u00e9 par le t\u00e9moinPERSONNE2.)quele jour en question, lapr\u00e9venuea travaill\u00e9 \u00e0ADRESSE4.)jusqu\u2019\u00e0 16.00 heures, rendant sa pr\u00e9sence sur le lieu des faitsqui se sont produits \u00e0ADRESSE5.)d\u00e8s 16.30 heurestr\u00e8simprobable.<\/p>\n<p>3 Ce doute doit profiter \u00e0 lapr\u00e9venue. Lapr\u00e9venuePERSONNE1.)est par cons\u00e9quent\u00e0acquitter: \u00abcomme auteur, coauteur ou complice, le26 mars 2022 vers 16.30 heures et 18.00 heures dans l\u2019arrondissement judiciaire de Luxembourg et notamment \u00e0L-ADRESSE3.), dans lemagasinSOCIETE1.),sans pr\u00e9judice des circonstances de temps et de lieu exactes, en infraction aux articles 461 et 463 duCode p\u00e9nal, d\u2019avoir soustrait frauduleusement au pr\u00e9judice d\u2019autrui une chose qui ne lui appartenait pas, en l\u2019esp\u00e8ce, d\u2019avoirsoustrait frauduleusement au pr\u00e9judicedeSOCIETE1.)sinon de la boutique \u00ab Christian Dior \u00bb, deux parfums de la marque \u00ab Christian Dior \u00bb, d\u2019une valeur totale 720 euros, partantdes choses appartenant \u00e0 autrui\u00bb. PAR CES MOTIFS : ladix-huiti\u00e8mechambre du Tribunal d\u2019arrondissement de et \u00e0 Luxembourg, si\u00e9geant en mati\u00e8re correctionnelle, statuantcontradictoirement, lapr\u00e9venueentendueen sesexplications et moyens de d\u00e9fenseetlerepr\u00e9sentant du Minist\u00e8re Public entenduen ses r\u00e9quisitions, acquitte PERSONNE1.)del\u2019infraction non \u00e9tablie \u00e0 sa charge, renvoie PERSONNE1.)des fins de sa poursuitep\u00e9nalesans frais ni d\u00e9pens, laisse les frais de sa poursuite p\u00e9nale \u00e0charge de l&#039;\u00c9tat. Le tout enapplication des articles 3-6, 155,179, 182, 184, 185, 187, 188, 189, 190, 190-1, 191, 195 et 196 du Code de proc\u00e9dure p\u00e9nale, dont mention a \u00e9t\u00e9 faite. Ainsi fait et jug\u00e9 parJessica JUNG, Vice-Pr\u00e9sident, JulienGROSS,PremierJuge et Paul MINDEN, PremierJuge, et prononc\u00e9 en audience publique du27f\u00e9vrier 2024auTribunal d\u2019arrondissement de Luxembourg, assist\u00e9 deSarah KOHNEN,Greffi\u00e8re, en pr\u00e9sence deClaude HIRSCH,Substitut Principal du Procureur d\u2019\u00c9tat, qui, \u00e0 l\u2019exception durepr\u00e9sentant du Minist\u00e8re Public, ont sign\u00e9 le pr\u00e9sent jugement.<\/p>\n<\/div>\n<hr class=\"kji-sep\" \/>\n<p class=\"kji-source-links\"><strong>Sources officielles :<\/strong> <a class=\"kji-source-link\" href=\"https:\/\/data.public.lu\/fr\/datasets\/tribunal-darrondissement-luxembourg-penal\/\" target=\"_blank\" rel=\"noopener noreferrer\">consulter la page source<\/a> &middot; <a class=\"kji-pdf-link\" href=\"https:\/\/download.data.public.lu\/resources\/tribunal-darrondissement-luxembourg-penal\/20240828-030125\/20240227-tal18-509-pseudonymise-accessible.pdf\" target=\"_blank\" rel=\"noopener noreferrer\">PDF officiel<\/a><\/p>\n<p class=\"kji-license-note\"><em>Licence CC BY-ND 4.0 (Administration judiciaire, data.public.lu). Republication autorisee avec attribution, sans modification editoriale du texte integral.<\/em><\/p>\n<\/div>\n","protected":false},"excerpt":{"rendered":"<p>Jugementn\u00b0509\/2024 not.21283\/22\/CD (acquittement) AUDIENCE PUBLIQUE DU 27 F\u00c9VRIER 2024 Le Tribunal d\u2019arrondissement de et \u00e0 Luxembourg, dix-huiti\u00e8me chambre, si\u00e9geant en mati\u00e8re correctionnelle, a rendu le jugement qui suit : Dans la cause du Minist\u00e8re Public contre PERSONNE1.) n\u00e9eleDATE1.)\u00e0ADRESSE1.)(Belgique), demeurant \u00e0 L-ADRESSE2.), comparant en personne, pr\u00e9venue\u2026<\/p>\n","protected":false},"featured_media":0,"template":"","meta":{"_crdt_document":""},"kji_country":[8418],"kji_court":[23583],"kji_chamber":[25729],"kji_year":[8677],"kji_subject":[7632],"kji_keyword":[23584,8457,25730,7636],"kji_language":[7733],"class_list":["post-628633","kji_decision","type-kji_decision","status-publish","hentry","kji_country-luxembourg","kji_court-tribunal-darrondissement","kji_chamber-penal","kji_year-8677","kji_subject-penal","kji_keyword-arrondissement","kji_keyword-fevrier","kji_keyword-jugementn","kji_keyword-tribunal","kji_language-francais"],"yoast_head":"<!-- This site is optimized with the Yoast SEO Premium plugin v27.5 (Yoast SEO v27.5) - https:\/\/yoast.com\/product\/yoast-seo-premium-wordpress\/ -->\n<title>Tribunal d&#039;arrondissement, 27 f\u00e9vrier 2024 - Ma\u00eetre Hassan Kohen, avocat en droit p\u00e9nal \u00e0 Paris<\/title>\n<meta name=\"robots\" content=\"index, follow, max-snippet:-1, max-image-preview:large, max-video-preview:-1\" \/>\n<link rel=\"canonical\" href=\"https:\/\/kohenavocats.com\/zh-hans\/jurisprudences\/tribunal-darrondissement-27-fevrier-2024-3\/\" \/>\n<meta property=\"og:locale\" content=\"zh_CN\" \/>\n<meta property=\"og:type\" content=\"article\" \/>\n<meta property=\"og:title\" content=\"Tribunal d&#039;arrondissement, 27 f\u00e9vrier 2024\" \/>\n<meta property=\"og:description\" content=\"Jugementn\u00b0509\/2024 not.21283\/22\/CD (acquittement) AUDIENCE PUBLIQUE DU 27 F\u00c9VRIER 2024 Le Tribunal d\u2019arrondissement de et \u00e0 Luxembourg, dix-huiti\u00e8me chambre, si\u00e9geant en mati\u00e8re correctionnelle, a rendu le jugement qui suit : Dans la cause du Minist\u00e8re Public contre PERSONNE1.) n\u00e9eleDATE1.)\u00e0ADRESSE1.)(Belgique), demeurant \u00e0 L-ADRESSE2.), comparant en personne, pr\u00e9venue\u2026\" \/>\n<meta property=\"og:url\" content=\"https:\/\/kohenavocats.com\/zh-hans\/jurisprudences\/tribunal-darrondissement-27-fevrier-2024-3\/\" \/>\n<meta property=\"og:site_name\" content=\"Ma\u00eetre Hassan Kohen, avocat en droit p\u00e9nal \u00e0 Paris\" \/>\n<meta property=\"article:modified_time\" content=\"2026-04-20T21:35:07+00:00\" \/>\n<meta name=\"twitter:card\" content=\"summary_large_image\" \/>\n<meta name=\"twitter:label1\" content=\"\u9884\u8ba1\u9605\u8bfb\u65f6\u95f4\" \/>\n\t<meta name=\"twitter:data1\" content=\"4 \u5206\" \/>\n<script type=\"application\/ld+json\" class=\"yoast-schema-graph\">{\"@context\":\"https:\\\/\\\/schema.org\",\"@graph\":[{\"@type\":\"WebPage\",\"@id\":\"https:\\\/\\\/kohenavocats.com\\\/zh-hans\\\/jurisprudences\\\/tribunal-darrondissement-27-fevrier-2024-3\\\/\",\"url\":\"https:\\\/\\\/kohenavocats.com\\\/zh-hans\\\/jurisprudences\\\/tribunal-darrondissement-27-fevrier-2024-3\\\/\",\"name\":\"Tribunal d'arrondissement, 27 f\u00e9vrier 2024 - Ma\u00eetre Hassan Kohen, avocat en droit p\u00e9nal \u00e0 Paris\",\"isPartOf\":{\"@id\":\"https:\\\/\\\/kohenavocats.com\\\/zh-hans\\\/#website\"},\"datePublished\":\"2026-04-20T21:35:00+00:00\",\"dateModified\":\"2026-04-20T21:35:07+00:00\",\"breadcrumb\":{\"@id\":\"https:\\\/\\\/kohenavocats.com\\\/zh-hans\\\/jurisprudences\\\/tribunal-darrondissement-27-fevrier-2024-3\\\/#breadcrumb\"},\"inLanguage\":\"zh-Hans\",\"potentialAction\":[{\"@type\":\"ReadAction\",\"target\":[\"https:\\\/\\\/kohenavocats.com\\\/zh-hans\\\/jurisprudences\\\/tribunal-darrondissement-27-fevrier-2024-3\\\/\"]}]},{\"@type\":\"BreadcrumbList\",\"@id\":\"https:\\\/\\\/kohenavocats.com\\\/zh-hans\\\/jurisprudences\\\/tribunal-darrondissement-27-fevrier-2024-3\\\/#breadcrumb\",\"itemListElement\":[{\"@type\":\"ListItem\",\"position\":1,\"name\":\"Home\",\"item\":\"https:\\\/\\\/kohenavocats.com\\\/zh-hans\\\/\"},{\"@type\":\"ListItem\",\"position\":2,\"name\":\"Jurisprudences\",\"item\":\"https:\\\/\\\/kohenavocats.com\\\/zh-hans\\\/jurisprudences\\\/\"},{\"@type\":\"ListItem\",\"position\":3,\"name\":\"Tribunal d&rsquo;arrondissement, 27 f\u00e9vrier 2024\"}]},{\"@type\":\"WebSite\",\"@id\":\"https:\\\/\\\/kohenavocats.com\\\/zh-hans\\\/#website\",\"url\":\"https:\\\/\\\/kohenavocats.com\\\/zh-hans\\\/\",\"name\":\"Kohen Avocats\",\"description\":\"Ma\u00eetre Hassan Kohen, avocat p\u00e9naliste \u00e0 Paris, intervient exclusivement en droit p\u00e9nal pour la d\u00e9fense des particuliers, notamment en mati\u00e8re d\u2019accusations de viol. Il assure un accompagnement rigoureux d\u00e8s la garde \u00e0 vue jusqu\u2019\u00e0 la Cour d\u2019assises, veillant au strict respect des garanties proc\u00e9durales.\",\"publisher\":{\"@id\":\"https:\\\/\\\/kohenavocats.com\\\/zh-hans\\\/#organization\"},\"potentialAction\":[{\"@type\":\"SearchAction\",\"target\":{\"@type\":\"EntryPoint\",\"urlTemplate\":\"https:\\\/\\\/kohenavocats.com\\\/zh-hans\\\/?s={search_term_string}\"},\"query-input\":{\"@type\":\"PropertyValueSpecification\",\"valueRequired\":true,\"valueName\":\"search_term_string\"}}],\"inLanguage\":\"zh-Hans\"},{\"@type\":\"Organization\",\"@id\":\"https:\\\/\\\/kohenavocats.com\\\/zh-hans\\\/#organization\",\"name\":\"Kohen Avocats\",\"url\":\"https:\\\/\\\/kohenavocats.com\\\/zh-hans\\\/\",\"logo\":{\"@type\":\"ImageObject\",\"inLanguage\":\"zh-Hans\",\"@id\":\"https:\\\/\\\/kohenavocats.com\\\/zh-hans\\\/#\\\/schema\\\/logo\\\/image\\\/\",\"url\":\"https:\\\/\\\/kohenavocats.com\\\/wp-content\\\/uploads\\\/2026\\\/01\\\/Logo-2-1.webp\",\"contentUrl\":\"https:\\\/\\\/kohenavocats.com\\\/wp-content\\\/uploads\\\/2026\\\/01\\\/Logo-2-1.webp\",\"width\":2114,\"height\":1253,\"caption\":\"Kohen Avocats\"},\"image\":{\"@id\":\"https:\\\/\\\/kohenavocats.com\\\/zh-hans\\\/#\\\/schema\\\/logo\\\/image\\\/\"}}]}<\/script>\n<!-- \/ Yoast SEO Premium plugin. -->","yoast_head_json":{"title":"Tribunal d'arrondissement, 27 f\u00e9vrier 2024 - Ma\u00eetre Hassan Kohen, avocat en droit p\u00e9nal \u00e0 Paris","robots":{"index":"index","follow":"follow","max-snippet":"max-snippet:-1","max-image-preview":"max-image-preview:large","max-video-preview":"max-video-preview:-1"},"canonical":"https:\/\/kohenavocats.com\/zh-hans\/jurisprudences\/tribunal-darrondissement-27-fevrier-2024-3\/","og_locale":"zh_CN","og_type":"article","og_title":"Tribunal d'arrondissement, 27 f\u00e9vrier 2024","og_description":"Jugementn\u00b0509\/2024 not.21283\/22\/CD (acquittement) AUDIENCE PUBLIQUE DU 27 F\u00c9VRIER 2024 Le Tribunal d\u2019arrondissement de et \u00e0 Luxembourg, dix-huiti\u00e8me chambre, si\u00e9geant en mati\u00e8re correctionnelle, a rendu le jugement qui suit : Dans la cause du Minist\u00e8re Public contre PERSONNE1.) n\u00e9eleDATE1.)\u00e0ADRESSE1.)(Belgique), demeurant \u00e0 L-ADRESSE2.), comparant en personne, pr\u00e9venue\u2026","og_url":"https:\/\/kohenavocats.com\/zh-hans\/jurisprudences\/tribunal-darrondissement-27-fevrier-2024-3\/","og_site_name":"Ma\u00eetre Hassan Kohen, avocat en droit p\u00e9nal \u00e0 Paris","article_modified_time":"2026-04-20T21:35:07+00:00","twitter_card":"summary_large_image","twitter_misc":{"\u9884\u8ba1\u9605\u8bfb\u65f6\u95f4":"4 \u5206"},"schema":{"@context":"https:\/\/schema.org","@graph":[{"@type":"WebPage","@id":"https:\/\/kohenavocats.com\/zh-hans\/jurisprudences\/tribunal-darrondissement-27-fevrier-2024-3\/","url":"https:\/\/kohenavocats.com\/zh-hans\/jurisprudences\/tribunal-darrondissement-27-fevrier-2024-3\/","name":"Tribunal d'arrondissement, 27 f\u00e9vrier 2024 - Ma\u00eetre Hassan Kohen, avocat en droit p\u00e9nal \u00e0 Paris","isPartOf":{"@id":"https:\/\/kohenavocats.com\/zh-hans\/#website"},"datePublished":"2026-04-20T21:35:00+00:00","dateModified":"2026-04-20T21:35:07+00:00","breadcrumb":{"@id":"https:\/\/kohenavocats.com\/zh-hans\/jurisprudences\/tribunal-darrondissement-27-fevrier-2024-3\/#breadcrumb"},"inLanguage":"zh-Hans","potentialAction":[{"@type":"ReadAction","target":["https:\/\/kohenavocats.com\/zh-hans\/jurisprudences\/tribunal-darrondissement-27-fevrier-2024-3\/"]}]},{"@type":"BreadcrumbList","@id":"https:\/\/kohenavocats.com\/zh-hans\/jurisprudences\/tribunal-darrondissement-27-fevrier-2024-3\/#breadcrumb","itemListElement":[{"@type":"ListItem","position":1,"name":"Home","item":"https:\/\/kohenavocats.com\/zh-hans\/"},{"@type":"ListItem","position":2,"name":"Jurisprudences","item":"https:\/\/kohenavocats.com\/zh-hans\/jurisprudences\/"},{"@type":"ListItem","position":3,"name":"Tribunal d&rsquo;arrondissement, 27 f\u00e9vrier 2024"}]},{"@type":"WebSite","@id":"https:\/\/kohenavocats.com\/zh-hans\/#website","url":"https:\/\/kohenavocats.com\/zh-hans\/","name":"Kohen Avocats","description":"Ma\u00eetre Hassan Kohen, avocat p\u00e9naliste \u00e0 Paris, intervient exclusivement en droit p\u00e9nal pour la d\u00e9fense des particuliers, notamment en mati\u00e8re d\u2019accusations de viol. Il assure un accompagnement rigoureux d\u00e8s la garde \u00e0 vue jusqu\u2019\u00e0 la Cour d\u2019assises, veillant au strict respect des garanties proc\u00e9durales.","publisher":{"@id":"https:\/\/kohenavocats.com\/zh-hans\/#organization"},"potentialAction":[{"@type":"SearchAction","target":{"@type":"EntryPoint","urlTemplate":"https:\/\/kohenavocats.com\/zh-hans\/?s={search_term_string}"},"query-input":{"@type":"PropertyValueSpecification","valueRequired":true,"valueName":"search_term_string"}}],"inLanguage":"zh-Hans"},{"@type":"Organization","@id":"https:\/\/kohenavocats.com\/zh-hans\/#organization","name":"Kohen Avocats","url":"https:\/\/kohenavocats.com\/zh-hans\/","logo":{"@type":"ImageObject","inLanguage":"zh-Hans","@id":"https:\/\/kohenavocats.com\/zh-hans\/#\/schema\/logo\/image\/","url":"https:\/\/kohenavocats.com\/wp-content\/uploads\/2026\/01\/Logo-2-1.webp","contentUrl":"https:\/\/kohenavocats.com\/wp-content\/uploads\/2026\/01\/Logo-2-1.webp","width":2114,"height":1253,"caption":"Kohen Avocats"},"image":{"@id":"https:\/\/kohenavocats.com\/zh-hans\/#\/schema\/logo\/image\/"}}]}},"jetpack_likes_enabled":false,"jetpack_sharing_enabled":true,"_links":{"self":[{"href":"https:\/\/kohenavocats.com\/zh-hans\/wp-json\/wp\/v2\/kji_decision\/628633","targetHints":{"allow":["GET"]}}],"collection":[{"href":"https:\/\/kohenavocats.com\/zh-hans\/wp-json\/wp\/v2\/kji_decision"}],"about":[{"href":"https:\/\/kohenavocats.com\/zh-hans\/wp-json\/wp\/v2\/types\/kji_decision"}],"wp:attachment":[{"href":"https:\/\/kohenavocats.com\/zh-hans\/wp-json\/wp\/v2\/media?parent=628633"}],"wp:term":[{"taxonomy":"kji_country","embeddable":true,"href":"https:\/\/kohenavocats.com\/zh-hans\/wp-json\/wp\/v2\/kji_country?post=628633"},{"taxonomy":"kji_court","embeddable":true,"href":"https:\/\/kohenavocats.com\/zh-hans\/wp-json\/wp\/v2\/kji_court?post=628633"},{"taxonomy":"kji_chamber","embeddable":true,"href":"https:\/\/kohenavocats.com\/zh-hans\/wp-json\/wp\/v2\/kji_chamber?post=628633"},{"taxonomy":"kji_year","embeddable":true,"href":"https:\/\/kohenavocats.com\/zh-hans\/wp-json\/wp\/v2\/kji_year?post=628633"},{"taxonomy":"kji_subject","embeddable":true,"href":"https:\/\/kohenavocats.com\/zh-hans\/wp-json\/wp\/v2\/kji_subject?post=628633"},{"taxonomy":"kji_keyword","embeddable":true,"href":"https:\/\/kohenavocats.com\/zh-hans\/wp-json\/wp\/v2\/kji_keyword?post=628633"},{"taxonomy":"kji_language","embeddable":true,"href":"https:\/\/kohenavocats.com\/zh-hans\/wp-json\/wp\/v2\/kji_language?post=628633"}],"curies":[{"name":"wp","href":"https:\/\/api.w.org\/{rel}","templated":true}]}}