{"id":628858,"date":"2026-04-21T00:09:40","date_gmt":"2026-04-20T22:09:40","guid":{"rendered":"https:\/\/kohenavocats.com\/jurisprudences\/tribunal-darrondissement-28-mars-2024-23\/"},"modified":"2026-04-21T00:09:43","modified_gmt":"2026-04-20T22:09:43","slug":"tribunal-darrondissement-28-mars-2024-23","status":"publish","type":"kji_decision","link":"https:\/\/kohenavocats.com\/zh-hans\/jurisprudences\/tribunal-darrondissement-28-mars-2024-23\/","title":{"rendered":"Tribunal d&#8217;arrondissement, 28 mars 2024"},"content":{"rendered":"<div class=\"kji-decision\">\n<div class=\"kji-full-text\">\n<p>Jugt n\u00b0885\/2024 not.35858\/23\/CD amende confisc. 1x AUDIENCE PUBLIQUE DU 28MARS2024 Le Tribunal d\u2019arrondissement de Luxembourg,neuvi\u00e8me chambre, si\u00e9geant enmati\u00e8re correctionnelle, a rendu le jugement qui suit: Dans la cause du Minist\u00e8re Public contre PERSONNE1.), n\u00e9leDATE1.)\u00e0ADRESSE1.)(Erythree), demeurant \u00e0 L-ADRESSE2.), -p r \u00e9 v e n u- F A I T S : Par citation du9novembre2023, Monsieur le Procureur d\u2019Etat pr\u00e8s le Tribunal d\u2019arrondissement de et \u00e0 Luxembourg a requis le pr\u00e9venuPERSONNE1.)decompara\u00eetre \u00e0 l\u2019audience publique du19d\u00e9cembre2023devant le Tribunalcorrectionnelde ce si\u00e8ge pour y entendre statuer sur lespr\u00e9ventionssuivantes: infractions aux articles198et199bisdu Code p\u00e9nal. \u00c0 l\u2019audience du 19 d\u00e9cembre 2023, l\u2019affaire fut remise contradictoirement au 29 f\u00e9vrier 2024. \u00c0 cette audience, Madame le vice-pr\u00e9sident constata l\u2019identit\u00e9 du pr\u00e9venuPERSONNE1.)et lui donna connaissance de l\u2019acte qui a saisi le Tribunal. 1 er Madame le vice-pr\u00e9sident l\u2019informa de son droit de garder le silence et de ne pass\u2019incriminer soi-m\u00eame, conform\u00e9ment \u00e0 l\u2019article 190-1 (2) du Code de proc\u00e9dure p\u00e9nale.<\/p>\n<p>2 Le pr\u00e9venuPERSONNE1.)renon\u00e7a \u00e0 l\u2019assistance d\u2019un avocat par d\u00e9claration \u00e9crite, dat\u00e9e et sign\u00e9e conform\u00e9ment \u00e0 l\u2019article 3-6 point 8 du Code de proc\u00e9dure p\u00e9nale et fut entendu en ses explications et moyens de d\u00e9fense. Le pr\u00e9venuPERSONNE1.), assist\u00e9 de l\u2019interpr\u00e8te asserment\u00e9\u00e0 l\u2019audienceMunir MOHAMED, fut entendu en sesexplications et moyens de d\u00e9fenseet requit la traduction du jugement en langue anglaise. Larepr\u00e9sentantedu Minist\u00e8re Public,Mandy MARRA, substitut du Procureur d\u2019\u00c9tat, r\u00e9suma l\u2019affaire et fut entendueen ses r\u00e9quisitions. Le pr\u00e9venu eut la parole en dernier. Le Tribunal prit l\u2019affaire en d\u00e9lib\u00e9r\u00e9 et rendit \u00e0 l\u2019audience publique de cejour, date \u00e0 laquelle le prononc\u00e9 avait \u00e9t\u00e9 fix\u00e9, le J U G E M E N T qui suit : Vu le dossier r\u00e9pressif constitu\u00e9 par le Minist\u00e8re Public sous la notice35858\/23\/CDet notamment le proc\u00e8s-verbalnum\u00e9roNUMERO1.)\/2023\u00e9tabliendate du23janvier2023par la PoliceGrand-Ducale,r\u00e9gion Sud-Ouest, Service r\u00e9gional de police de la route Sud-Ouest. Vu lerapport d\u2019expertise num\u00e9ro 2023_0179\u00e9tabli en date du 21 f\u00e9vrier 2023 par la Police Grand-Ducale, Unit\u00e9 de la Police de l\u2019A\u00e9roport, Service Expertise Documents. Vu la citation\u00e0 pr\u00e9venudu9novembre2023,r\u00e9guli\u00e8rement notifi\u00e9e\u00e0PERSONNE1.). Le Minist\u00e8re Public reprochesub 1)\u00e0PERSONNE1.)d\u2019avoir,depuis un tempsind\u00e9termin\u00e9 maisnonencoreprescrit,etnotammentjusqu\u2019au23janvier2023, dans l\u2019arrondissement judiciaire deLuxembourg,et notamment \u00e0 L-ADRESSE3.),falsifi\u00e9 un faux permis de conduire soudanais n\u00b0NUMERO2.)pr\u00e9tendument \u00e9mis \u00e0 son nom en remettant au faussaire des donn\u00e9es personnelles et une photo en vue de la confection du fauxdocument, et d&#039;avoir fait usage dece faux permis de conduire soudanaisdevant la Police Grand-Ducale lors d&#039;un contr\u00f4le routier. Le Minist\u00e8re Public reprochesub 2)\u00e0PERSONNE1.)d\u2019avoir, dans les m\u00eamescirconstancesde temps et de lieux, dans une intention frauduleuseachet\u00e9 et acquis un faux permis de conduire soudanais n\u00b0NUMERO2.)pr\u00e9tendument \u00e9mis \u00e0 son nom. Comp\u00e9tence territoriale Le Tribunal constate queles infractions libell\u00e9es \u00e0 charge dePERSONNE1.)ont \u00e9t\u00e9 pour partie commises \u00e0 l\u2019\u00e9tranger. L\u2019article 5-1 du Code de proc\u00e9dure p\u00e9nale dispose que :\u00ab tout Luxembourgeois, toute personne qui a sa r\u00e9sidence habituelle au Grand-Duch\u00e9 de Luxembourg, de m\u00eame que l\u2019\u00e9tranger trouv\u00e9 au Grand-Duch\u00e9 de Luxembourg, qui aura commis \u00e0 l\u2019\u00e9tranger une des infractions pr\u00e9vues aux articles 112-1, 135-1 \u00e0 135-6, 135-9 et 135-11 \u00e0 135-16, 162, 164, 165, 166, 178, 179, 198, 199, 199bis, 210-1, 245 \u00e0 252, 310, 310-1, 322 \u00e0 324ter, 348, 368 \u00e0 384, 389, 409bis, 468 \u00e0 470, 496-1 \u00e0 496-4 et, dans les conditions de l\u2019article 506-3, \u00e0 l\u2019article 506-1 du Code p\u00e9nal, pourra \u00eatre poursuivi et jug\u00e9 au Grand-Duch\u00e9 de Luxembourg, bien que le fait ne soit pas puni par la l\u00e9gislation du pays o\u00f9 il a \u00e9t\u00e9 commis et que l\u2019autorit\u00e9 luxembourgeoise n\u2019ait pas re\u00e7u soit une<\/p>\n<p>3 plainte de la partie offens\u00e9e, soit une d\u00e9nonciation de l\u2019autorit\u00e9 du pays o\u00f9 l\u2019infraction a \u00e9t\u00e9 commise.\u00bb. Les faits reproch\u00e9s \u00e0PERSONNE1.)\u00e9tant des infractions aux articles 198 et 199bisdu Code p\u00e9nal, le Tribunal d\u2019arrondissement de Luxembourg est comp\u00e9tent pour en conna\u00eetre. Au fond A l\u2019audience,PERSONNE1.)a contest\u00e9les infractions lui reproch\u00e9es. Il a d\u00e9clar\u00e9 qu\u2019il a obtenu son permis de conduire au Soudan et explique qu\u2019il croyait que son permis de conduire soudanais \u00e9tait un documentauthentique. Ilapr\u00e9cis\u00e9qu\u2019il a travaill\u00e9 au Soudan comme chauffeur de camion et,ne connaissant pas les lois etcoutumes du pays, c\u2019\u00e9tait son patron de l\u2019\u00e9poque qui auraitfait le n\u00e9cessaire pour qu\u2019il obtienne son permis de conduire. PERSONNE1.)ad\u00e9clar\u00e9qu\u2019il s\u2019est pli\u00e9 aux exigences de son patron et qu\u2019il a fait comme on lui disaitafin d\u2019obtenir le permis de conduire. Ilapr\u00e9cis\u00e9qu\u2019il savait que son permis de conduire soudanais n\u2019\u00e9tait pas valable au Grand- Duch\u00e9 de Luxembourg et ilainsist\u00e9pour dire que lors du contr\u00f4le routier, il n\u2019avaitpas de son initiative exhib\u00e9 le permis de conduire, sachant quecelui-cin\u2019\u00e9tait pas reconnu au Grand-Duch\u00e9 de Luxembourg. Il ressort du proc\u00e8s-verbal n\u00b071132\/2023 pr\u00e9cit\u00e9 quele 23 janvier 2023,PERSONNE1.)a circul\u00e9 avec son v\u00e9hicule sur la voie publique lorsqu\u2019ila \u00e9t\u00e9soumis par la Police \u00e0 un contr\u00f4le routier. Le Tribunal constate queles agents de police ont d\u00fb insister\u00e0plusieursreprisesafin que PERSONNE1.)daigne leur montrersonpermis de conduire soudanais, ce qui corrobore les d\u00e9clarations du pr\u00e9venu selon lesquelles il n\u2019avait pas l\u2019intention de faire usage de son permis de conduire soudanais. L\u2019enqu\u00eate de police a par la suite r\u00e9v\u00e9l\u00e9 que le permis de conduire soudanais d\u00e9tenu par PERSONNE1.)constituait un faux int\u00e9gral. Le Tribunal d\u00e9cide d\u2019accorder cr\u00e9dit aux explications du pr\u00e9venu et retientque le pr\u00e9venu avait l\u00e9gitimement pu croireque le permis de conduiresoudanais n\u00b0NUMERO2.)\u00e9tait un document authentique et qu\u2019il n\u2019avait pas l\u2019intention d\u2019en faire un usage frauduleux. La connaissance de la fausset\u00e9 du permis de conduire litigieux dans le chef du pr\u00e9venufaisant d\u00e9faut, le Tribunal ne saurait le retenir dans les liens des infractions libell\u00e9es \u00e0 sa charge. PERSONNE1.)estpartant \u00e0acquitter: \u00abcomme auteur, coauteur ou complice, depuis un temps ind\u00e9termin\u00e9 mais non encore prescrit, etnotamment jusqu&#039;au 23.01.2023, dans l&#039;arrondissement judiciaire de Luxembourg, et notamment \u00e0 L-ADRESSE3.),sans pr\u00e9judice des circonstances de temps et de lieux exactes, 1)en infraction \u00e0 l&#039;article 198 du Code p\u00e9nal,<\/p>\n<p>4 avoir fabriqu\u00e9, contrefait,falsifi\u00e9 ou alt\u00e9r\u00e9 un passeport, une demande de passeport, un certificat de nationalit\u00e9, une carte d&#039;identit\u00e9, un livret ou tout autre papier de l\u00e9gitimation, un permis de chasse ou de p\u00eache, un permis de conduire, un port d&#039;arme, une autorisation de commerce, d&#039;embauche ou tout autre permis, autorisation ou agr\u00e9gation relevant de la comp\u00e9tence d&#039;une autorit\u00e9 publique luxembourgeoise ou \u00e9trang\u00e8re, ou avoir fait usage d&#039;une de ces pi\u00e8ces fabriqu\u00e9es, contrefaites, falsifi\u00e9es ou alt\u00e9r\u00e9es, en l&#039;esp\u00e8ce, avoirfalsifi\u00e9 un faux permis de conduire soudanais n\u00b0NUMERO2.)pr\u00e9tendument \u00e9mis \u00e0 son nom en remettant au faussaire des donn\u00e9es personnelles et une photo en vue de la confection du faux document, et d&#039;avoir fait usage de faux permis de conduire soudanais pr\u00e9cit\u00e9, relevant de la comp\u00e9tence d&#039;une autorit\u00e9 publique \u00e9trang\u00e8re, devant la Police Grand-Ducale lors d&#039;un contr\u00f4le routier. 2) en infraction \u00e0 l&#039;article 199bis du Code p\u00e9nal, d&#039;avoir achet\u00e9, vendu, acquis ou c\u00e9d\u00e9, m\u00eame gratuitement un passeport, une demande de passeport, un certification de nationalit\u00e9, une carte d&#039;identit\u00e9 ou tout autre papier de l\u00e9gitimation, un permis de chasse ou de p\u00eache, un permis de conduire, un port d&#039;arme, une autorisation de commerce, d&#039;embauche ou toute autre permis, autorisation ou agr\u00e9gation relevant de la comp\u00e9tence d&#039;une autorit\u00e9 luxembourgeoise ou \u00e9trang\u00e8re, peut importe que la pi\u00e8ce en question soit authentique ou fausse, en l&#039;esp\u00e8ce, d&#039;avoir achet\u00e9 et acquis un faux permis de ocnduire soudanais n\u00b0NUMERO2.) pr\u00e9tendument\u00e9mis \u00e0 son nom.\u00bb Le Tribunal ordonne, par mesure de s\u00fbret\u00e9,laconfiscationdu permis de conduire soudanais falsifi\u00e9,\u00e9mis au nomdePERSONNE1.),saisi suivantproc\u00e8s-verbal n\u00b071133\u00e9tabli en date du 23 janvier 2023 par la Police Grand-Ducale,r\u00e9gion Sud-Ouest, Service r\u00e9gional de police de la route Sud-Ouest. P A R C E S M O T I F S : le Tribunal d\u2019arrondissement deet \u00e0 Luxembourg,neuvi\u00e8mechambre, si\u00e9geant en mati\u00e8re correctionnelle, statuantcontradictoirement,lepr\u00e9venuPERSONNE1.)entendu en ses explications et moyens de d\u00e9fense, larepr\u00e9sentantedu Minist\u00e8re Public entendueen son r\u00e9quisitoireet le pr\u00e9venu ayant eu la parole en dernier, s ed \u00e9 c l a r eterritorialement comp\u00e9tent pour conna\u00eetre desinfractions aux articles 198 et 199bisdu Codep\u00e9nal, a c q u i t t ePERSONNE1.)du chef des infractions non \u00e9tablies \u00e0 sa charge, lerenvoiedes fins de sa poursuite p\u00e9nale sans frais ni d\u00e9pens, o r d o n n elaconfiscationdu permis deconduire soudanaisfalsifi\u00e9,\u00e9mis au nomde PERSONNE1.),saisi suivantproc\u00e8s-verbal n\u00b0 71133\u00e9tabli en date du 23 janvier 2023 par la Police Grand-Ducale, r\u00e9gion Sud-Ouest, Service r\u00e9gional de police de la route Sud-Ouest,<\/p>\n<p>5 o r d o n n een application de l\u2019article 3-3 (3) du Code de proc\u00e9dure p\u00e9nale la traduction du pr\u00e9sent jugement en langueanglaisepar un traducteur asserment\u00e9, o r d o n n eque cette traduction sera d\u00e9pos\u00e9e au greffe de la juridiction dans le d\u00e9lai de quinzaine \u00e0partir du prononc\u00e9 du jugement, l a i s s eles frais de sa poursuite p\u00e9nale \u00e0 charge de l\u2019Etat. Le tout en application de l\u2019article 31 du Code p\u00e9nal et des articles3-3,3-6,5-1,179, 182, 184, 189, 190, 190-1, 191, 194, 195 et 196du Code deproc\u00e9dure p\u00e9nale qui furent d\u00e9sign\u00e9s \u00e0 l\u2019audience par Madame levice-pr\u00e9sident. Ainsi fait et jug\u00e9 par Elisabeth EWERT, vice-pr\u00e9sident, Sonia MARQUES, premier juge, et Antoine d\u2019HUART, juge, et prononc\u00e9 en audience publique au Tribunal d\u2019arrondissement deet \u00e0 Luxembourg, Cit\u00e9 Judiciaire, Plateau du Saint-Esprit, par Madame le vice-pr\u00e9sident, en pr\u00e9sence de Mandy MARRA, substitut du Procureur d\u2019Etat, et de Elisabeth BACK, greffi\u00e8re, qui, \u00e0 l\u2019exception de la repr\u00e9sentante du Minist\u00e8re Public, ont sign\u00e9 le pr\u00e9sent jugement.<\/p>\n<\/div>\n<hr class=\"kji-sep\" \/>\n<p class=\"kji-source-links\"><strong>Sources officielles :<\/strong> <a class=\"kji-source-link\" href=\"https:\/\/data.public.lu\/fr\/datasets\/tribunal-darrondissement-luxembourg-penal\/\" target=\"_blank\" rel=\"noopener noreferrer\">consulter la page source<\/a> &middot; <a class=\"kji-pdf-link\" href=\"https:\/\/download.data.public.lu\/resources\/tribunal-darrondissement-luxembourg-penal\/20240828-024652\/20240328-tal09-885-pseudonymise-accessible.pdf\" target=\"_blank\" rel=\"noopener noreferrer\">PDF officiel<\/a><\/p>\n<p class=\"kji-license-note\"><em>Licence CC BY-ND 4.0 (Administration judiciaire, data.public.lu). Republication autorisee avec attribution, sans modification editoriale du texte integral.<\/em><\/p>\n<\/div>\n","protected":false},"excerpt":{"rendered":"<p>Jugt n\u00b0885\/2024 not.35858\/23\/CD amende confisc. 1x AUDIENCE PUBLIQUE DU 28MARS2024 Le Tribunal d\u2019arrondissement de Luxembourg,neuvi\u00e8me chambre, si\u00e9geant enmati\u00e8re correctionnelle, a rendu le jugement qui suit: Dans la cause du Minist\u00e8re Public contre PERSONNE1.), n\u00e9leDATE1.)\u00e0ADRESSE1.)(Erythree), demeurant \u00e0 L-ADRESSE2.), -p r \u00e9 v e n u- F\u2026<\/p>\n","protected":false},"featured_media":0,"template":"","meta":{"_crdt_document":""},"kji_country":[8418],"kji_court":[23583],"kji_chamber":[25729],"kji_year":[8677],"kji_subject":[7632],"kji_keyword":[23584,7636],"kji_language":[7733],"class_list":["post-628858","kji_decision","type-kji_decision","status-publish","hentry","kji_country-luxembourg","kji_court-tribunal-darrondissement","kji_chamber-penal","kji_year-8677","kji_subject-penal","kji_keyword-arrondissement","kji_keyword-tribunal","kji_language-francais"],"yoast_head":"<!-- This site is optimized with the Yoast SEO Premium plugin v27.5 (Yoast SEO v27.5) - https:\/\/yoast.com\/product\/yoast-seo-premium-wordpress\/ -->\n<title>Tribunal d&#039;arrondissement, 28 mars 2024 - Ma\u00eetre Hassan Kohen, avocat en droit p\u00e9nal \u00e0 Paris<\/title>\n<meta name=\"robots\" content=\"index, follow, max-snippet:-1, max-image-preview:large, max-video-preview:-1\" \/>\n<link rel=\"canonical\" href=\"https:\/\/kohenavocats.com\/zh-hans\/jurisprudences\/tribunal-darrondissement-28-mars-2024-23\/\" \/>\n<meta property=\"og:locale\" content=\"zh_CN\" \/>\n<meta property=\"og:type\" content=\"article\" \/>\n<meta property=\"og:title\" content=\"Tribunal d&#039;arrondissement, 28 mars 2024\" \/>\n<meta property=\"og:description\" content=\"Jugt n\u00b0885\/2024 not.35858\/23\/CD amende confisc. 1x AUDIENCE PUBLIQUE DU 28MARS2024 Le Tribunal d\u2019arrondissement de Luxembourg,neuvi\u00e8me chambre, si\u00e9geant enmati\u00e8re correctionnelle, a rendu le jugement qui suit: Dans la cause du Minist\u00e8re Public contre PERSONNE1.), n\u00e9leDATE1.)\u00e0ADRESSE1.)(Erythree), demeurant \u00e0 L-ADRESSE2.), -p r \u00e9 v e n u- F\u2026\" \/>\n<meta property=\"og:url\" content=\"https:\/\/kohenavocats.com\/zh-hans\/jurisprudences\/tribunal-darrondissement-28-mars-2024-23\/\" \/>\n<meta property=\"og:site_name\" content=\"Ma\u00eetre Hassan Kohen, avocat en droit p\u00e9nal \u00e0 Paris\" \/>\n<meta property=\"article:modified_time\" content=\"2026-04-20T22:09:43+00:00\" \/>\n<meta name=\"twitter:card\" content=\"summary_large_image\" \/>\n<meta name=\"twitter:label1\" content=\"\u9884\u8ba1\u9605\u8bfb\u65f6\u95f4\" \/>\n\t<meta name=\"twitter:data1\" content=\"9 \u5206\" \/>\n<script type=\"application\/ld+json\" class=\"yoast-schema-graph\">{\"@context\":\"https:\\\/\\\/schema.org\",\"@graph\":[{\"@type\":\"WebPage\",\"@id\":\"https:\\\/\\\/kohenavocats.com\\\/zh-hans\\\/jurisprudences\\\/tribunal-darrondissement-28-mars-2024-23\\\/\",\"url\":\"https:\\\/\\\/kohenavocats.com\\\/zh-hans\\\/jurisprudences\\\/tribunal-darrondissement-28-mars-2024-23\\\/\",\"name\":\"Tribunal d'arrondissement, 28 mars 2024 - Ma\u00eetre Hassan Kohen, avocat en droit p\u00e9nal \u00e0 Paris\",\"isPartOf\":{\"@id\":\"https:\\\/\\\/kohenavocats.com\\\/zh-hans\\\/#website\"},\"datePublished\":\"2026-04-20T22:09:40+00:00\",\"dateModified\":\"2026-04-20T22:09:43+00:00\",\"breadcrumb\":{\"@id\":\"https:\\\/\\\/kohenavocats.com\\\/zh-hans\\\/jurisprudences\\\/tribunal-darrondissement-28-mars-2024-23\\\/#breadcrumb\"},\"inLanguage\":\"zh-Hans\",\"potentialAction\":[{\"@type\":\"ReadAction\",\"target\":[\"https:\\\/\\\/kohenavocats.com\\\/zh-hans\\\/jurisprudences\\\/tribunal-darrondissement-28-mars-2024-23\\\/\"]}]},{\"@type\":\"BreadcrumbList\",\"@id\":\"https:\\\/\\\/kohenavocats.com\\\/zh-hans\\\/jurisprudences\\\/tribunal-darrondissement-28-mars-2024-23\\\/#breadcrumb\",\"itemListElement\":[{\"@type\":\"ListItem\",\"position\":1,\"name\":\"Home\",\"item\":\"https:\\\/\\\/kohenavocats.com\\\/zh-hans\\\/\"},{\"@type\":\"ListItem\",\"position\":2,\"name\":\"Jurisprudences\",\"item\":\"https:\\\/\\\/kohenavocats.com\\\/zh-hans\\\/jurisprudences\\\/\"},{\"@type\":\"ListItem\",\"position\":3,\"name\":\"Tribunal d&rsquo;arrondissement, 28 mars 2024\"}]},{\"@type\":\"WebSite\",\"@id\":\"https:\\\/\\\/kohenavocats.com\\\/zh-hans\\\/#website\",\"url\":\"https:\\\/\\\/kohenavocats.com\\\/zh-hans\\\/\",\"name\":\"Kohen Avocats\",\"description\":\"Ma\u00eetre Hassan Kohen, avocat p\u00e9naliste \u00e0 Paris, intervient exclusivement en droit p\u00e9nal pour la d\u00e9fense des particuliers, notamment en mati\u00e8re d\u2019accusations de viol. Il assure un accompagnement rigoureux d\u00e8s la garde \u00e0 vue jusqu\u2019\u00e0 la Cour d\u2019assises, veillant au strict respect des garanties proc\u00e9durales.\",\"publisher\":{\"@id\":\"https:\\\/\\\/kohenavocats.com\\\/zh-hans\\\/#organization\"},\"potentialAction\":[{\"@type\":\"SearchAction\",\"target\":{\"@type\":\"EntryPoint\",\"urlTemplate\":\"https:\\\/\\\/kohenavocats.com\\\/zh-hans\\\/?s={search_term_string}\"},\"query-input\":{\"@type\":\"PropertyValueSpecification\",\"valueRequired\":true,\"valueName\":\"search_term_string\"}}],\"inLanguage\":\"zh-Hans\"},{\"@type\":\"Organization\",\"@id\":\"https:\\\/\\\/kohenavocats.com\\\/zh-hans\\\/#organization\",\"name\":\"Kohen Avocats\",\"url\":\"https:\\\/\\\/kohenavocats.com\\\/zh-hans\\\/\",\"logo\":{\"@type\":\"ImageObject\",\"inLanguage\":\"zh-Hans\",\"@id\":\"https:\\\/\\\/kohenavocats.com\\\/zh-hans\\\/#\\\/schema\\\/logo\\\/image\\\/\",\"url\":\"https:\\\/\\\/kohenavocats.com\\\/wp-content\\\/uploads\\\/2026\\\/01\\\/Logo-2-1.webp\",\"contentUrl\":\"https:\\\/\\\/kohenavocats.com\\\/wp-content\\\/uploads\\\/2026\\\/01\\\/Logo-2-1.webp\",\"width\":2114,\"height\":1253,\"caption\":\"Kohen Avocats\"},\"image\":{\"@id\":\"https:\\\/\\\/kohenavocats.com\\\/zh-hans\\\/#\\\/schema\\\/logo\\\/image\\\/\"}}]}<\/script>\n<!-- \/ Yoast SEO Premium plugin. -->","yoast_head_json":{"title":"Tribunal d'arrondissement, 28 mars 2024 - Ma\u00eetre Hassan Kohen, avocat en droit p\u00e9nal \u00e0 Paris","robots":{"index":"index","follow":"follow","max-snippet":"max-snippet:-1","max-image-preview":"max-image-preview:large","max-video-preview":"max-video-preview:-1"},"canonical":"https:\/\/kohenavocats.com\/zh-hans\/jurisprudences\/tribunal-darrondissement-28-mars-2024-23\/","og_locale":"zh_CN","og_type":"article","og_title":"Tribunal d'arrondissement, 28 mars 2024","og_description":"Jugt n\u00b0885\/2024 not.35858\/23\/CD amende confisc. 1x AUDIENCE PUBLIQUE DU 28MARS2024 Le Tribunal d\u2019arrondissement de Luxembourg,neuvi\u00e8me chambre, si\u00e9geant enmati\u00e8re correctionnelle, a rendu le jugement qui suit: Dans la cause du Minist\u00e8re Public contre PERSONNE1.), n\u00e9leDATE1.)\u00e0ADRESSE1.)(Erythree), demeurant \u00e0 L-ADRESSE2.), -p r \u00e9 v e n u- F\u2026","og_url":"https:\/\/kohenavocats.com\/zh-hans\/jurisprudences\/tribunal-darrondissement-28-mars-2024-23\/","og_site_name":"Ma\u00eetre Hassan Kohen, avocat en droit p\u00e9nal \u00e0 Paris","article_modified_time":"2026-04-20T22:09:43+00:00","twitter_card":"summary_large_image","twitter_misc":{"\u9884\u8ba1\u9605\u8bfb\u65f6\u95f4":"9 \u5206"},"schema":{"@context":"https:\/\/schema.org","@graph":[{"@type":"WebPage","@id":"https:\/\/kohenavocats.com\/zh-hans\/jurisprudences\/tribunal-darrondissement-28-mars-2024-23\/","url":"https:\/\/kohenavocats.com\/zh-hans\/jurisprudences\/tribunal-darrondissement-28-mars-2024-23\/","name":"Tribunal d'arrondissement, 28 mars 2024 - Ma\u00eetre Hassan Kohen, avocat en droit p\u00e9nal \u00e0 Paris","isPartOf":{"@id":"https:\/\/kohenavocats.com\/zh-hans\/#website"},"datePublished":"2026-04-20T22:09:40+00:00","dateModified":"2026-04-20T22:09:43+00:00","breadcrumb":{"@id":"https:\/\/kohenavocats.com\/zh-hans\/jurisprudences\/tribunal-darrondissement-28-mars-2024-23\/#breadcrumb"},"inLanguage":"zh-Hans","potentialAction":[{"@type":"ReadAction","target":["https:\/\/kohenavocats.com\/zh-hans\/jurisprudences\/tribunal-darrondissement-28-mars-2024-23\/"]}]},{"@type":"BreadcrumbList","@id":"https:\/\/kohenavocats.com\/zh-hans\/jurisprudences\/tribunal-darrondissement-28-mars-2024-23\/#breadcrumb","itemListElement":[{"@type":"ListItem","position":1,"name":"Home","item":"https:\/\/kohenavocats.com\/zh-hans\/"},{"@type":"ListItem","position":2,"name":"Jurisprudences","item":"https:\/\/kohenavocats.com\/zh-hans\/jurisprudences\/"},{"@type":"ListItem","position":3,"name":"Tribunal d&rsquo;arrondissement, 28 mars 2024"}]},{"@type":"WebSite","@id":"https:\/\/kohenavocats.com\/zh-hans\/#website","url":"https:\/\/kohenavocats.com\/zh-hans\/","name":"Kohen Avocats","description":"Ma\u00eetre Hassan Kohen, avocat p\u00e9naliste \u00e0 Paris, intervient exclusivement en droit p\u00e9nal pour la d\u00e9fense des particuliers, notamment en mati\u00e8re d\u2019accusations de viol. Il assure un accompagnement rigoureux d\u00e8s la garde \u00e0 vue jusqu\u2019\u00e0 la Cour d\u2019assises, veillant au strict respect des garanties proc\u00e9durales.","publisher":{"@id":"https:\/\/kohenavocats.com\/zh-hans\/#organization"},"potentialAction":[{"@type":"SearchAction","target":{"@type":"EntryPoint","urlTemplate":"https:\/\/kohenavocats.com\/zh-hans\/?s={search_term_string}"},"query-input":{"@type":"PropertyValueSpecification","valueRequired":true,"valueName":"search_term_string"}}],"inLanguage":"zh-Hans"},{"@type":"Organization","@id":"https:\/\/kohenavocats.com\/zh-hans\/#organization","name":"Kohen Avocats","url":"https:\/\/kohenavocats.com\/zh-hans\/","logo":{"@type":"ImageObject","inLanguage":"zh-Hans","@id":"https:\/\/kohenavocats.com\/zh-hans\/#\/schema\/logo\/image\/","url":"https:\/\/kohenavocats.com\/wp-content\/uploads\/2026\/01\/Logo-2-1.webp","contentUrl":"https:\/\/kohenavocats.com\/wp-content\/uploads\/2026\/01\/Logo-2-1.webp","width":2114,"height":1253,"caption":"Kohen Avocats"},"image":{"@id":"https:\/\/kohenavocats.com\/zh-hans\/#\/schema\/logo\/image\/"}}]}},"jetpack_likes_enabled":false,"jetpack_sharing_enabled":true,"_links":{"self":[{"href":"https:\/\/kohenavocats.com\/zh-hans\/wp-json\/wp\/v2\/kji_decision\/628858","targetHints":{"allow":["GET"]}}],"collection":[{"href":"https:\/\/kohenavocats.com\/zh-hans\/wp-json\/wp\/v2\/kji_decision"}],"about":[{"href":"https:\/\/kohenavocats.com\/zh-hans\/wp-json\/wp\/v2\/types\/kji_decision"}],"wp:attachment":[{"href":"https:\/\/kohenavocats.com\/zh-hans\/wp-json\/wp\/v2\/media?parent=628858"}],"wp:term":[{"taxonomy":"kji_country","embeddable":true,"href":"https:\/\/kohenavocats.com\/zh-hans\/wp-json\/wp\/v2\/kji_country?post=628858"},{"taxonomy":"kji_court","embeddable":true,"href":"https:\/\/kohenavocats.com\/zh-hans\/wp-json\/wp\/v2\/kji_court?post=628858"},{"taxonomy":"kji_chamber","embeddable":true,"href":"https:\/\/kohenavocats.com\/zh-hans\/wp-json\/wp\/v2\/kji_chamber?post=628858"},{"taxonomy":"kji_year","embeddable":true,"href":"https:\/\/kohenavocats.com\/zh-hans\/wp-json\/wp\/v2\/kji_year?post=628858"},{"taxonomy":"kji_subject","embeddable":true,"href":"https:\/\/kohenavocats.com\/zh-hans\/wp-json\/wp\/v2\/kji_subject?post=628858"},{"taxonomy":"kji_keyword","embeddable":true,"href":"https:\/\/kohenavocats.com\/zh-hans\/wp-json\/wp\/v2\/kji_keyword?post=628858"},{"taxonomy":"kji_language","embeddable":true,"href":"https:\/\/kohenavocats.com\/zh-hans\/wp-json\/wp\/v2\/kji_language?post=628858"}],"curies":[{"name":"wp","href":"https:\/\/api.w.org\/{rel}","templated":true}]}}