{"id":630221,"date":"2026-04-21T02:31:03","date_gmt":"2026-04-21T00:31:03","guid":{"rendered":"https:\/\/kohenavocats.com\/jurisprudences\/tribunal-darrondissement-9-novembre-2023-10\/"},"modified":"2026-04-21T02:31:07","modified_gmt":"2026-04-21T00:31:07","slug":"tribunal-darrondissement-9-novembre-2023-10","status":"publish","type":"kji_decision","link":"https:\/\/kohenavocats.com\/zh-hans\/jurisprudences\/tribunal-darrondissement-9-novembre-2023-10\/","title":{"rendered":"Tribunal d&#8217;arrondissement, 9 novembre 2023"},"content":{"rendered":"<div class=\"kji-decision\">\n<div class=\"kji-full-text\">\n<p>Jugement no.2166\/2023 Notice no.36973\/22\/CC 2xi.c.(i.c.prov.) AUDIENCE PUBLIQUE DU 9 NOVEMBRE 2023 LeTribunald&#039;arrondissement de et \u00e0 Luxembourg,septi\u00e8me chambre correctionnelle, statuant en composition dejuge unique, a rendu le jugement qui suit: dans la cause duMinist\u00e8re Publiccontre PERSONNE1.), n\u00e9leDATE1.)\u00e0ADRESSE1.), demeurantADRESSE2.) -p r \u00e9 v e n u- ____________________________________________________________________________ F A I T S : Par citation du9 ao\u00fbt 2023,leProcureurd&#039;Etat pr\u00e8s leTribunald&#039;arrondissement de Luxembourg a requis lepr\u00e9venu de compara\u00eetre \u00e0 l&#039;audience publique du20 octobre 2023devant leTribunal correctionnel de ce si\u00e8ge,pour y entendre statuer sur lespr\u00e9ventionssuivantes: circulation:princ. pr\u00e9sentant un indice grave faisant pr\u00e9sumer l\u2019existence d\u2019un \u00e9tat alcoolique prohib\u00e9 par la loi, avoir refus\u00e9 de se pr\u00eater \u00e0 l\u2019examen sommaire de l\u2019haleine, subs. pr\u00e9sentant un indice grave faisant pr\u00e9sumer l\u2019existence d\u2019un \u00e9tat alcoolique prohib\u00e9 par la loi, pr\u00e9somption confirm\u00e9e \u00e0 d\u00e9faut d\u2019examen sommaire de l\u2019haleine,avoir refus\u00e9 de se pr\u00eater \u00e0 une prise de sang; signes manifestes d\u2019ivresse,contraventions. Al&#039;audience publique du20 octobre 2023,le vice-pr\u00e9sident constata l&#039;identit\u00e9 dupr\u00e9venu PERSONNE1.), lui donna connaissance de l\u2019acte qui a saisi leTribunalet l\u2019informa de son droit dese taire et de son droit de ne pas s\u2019incriminer soi-m\u00eame. Le t\u00e9moinPERSONNE2.)fut entendu en ses d\u00e9clarations orales, apr\u00e8s avoir pr\u00eat\u00e9 le serment pr\u00e9vu \u00e0 l&#039;article 155 duCodede proc\u00e9dure p\u00e9nale. Lepr\u00e9venuPERSONNE1.)fut entendu ensesexplications et moyens de d\u00e9fense.<\/p>\n<p>2 Lerepr\u00e9sentant duMinist\u00e8re Public,Guy BREISTROFF, substitutprincipaldu Procureur d\u2019Etat, r\u00e9suma l\u2019affaire etconclut \u00e0 lacondamnationdupr\u00e9venuPERSONNE1.). Ma\u00eetrePerrineLAURICELLA,avocat \u00e0 la Cour,demeurant \u00e0Luxembourg, exposa plus amplement les moyens de d\u00e9fense du pr\u00e9venuPERSONNE1.). Le pr\u00e9venuPERSONNE1.)eut la parole en dernier. LeTribunalprit l&#039;affaire en d\u00e9lib\u00e9r\u00e9 et rendit \u00e0 l&#039;audience publique de ce jour, date \u00e0 laquelle le prononc\u00e9 avait \u00e9t\u00e9 fix\u00e9, le J U G E M E N T qui suit: Vu la citation \u00e0 pr\u00e9venu du9 ao\u00fbt 2023(not.36973\/22\/cc)r\u00e9guli\u00e8rement notifi\u00e9e au pr\u00e9venu. Vu le proc\u00e8s-verbal num\u00e9ro3314\/2022\u00e9tabli en date du5novembre2022par la Police Grand- Ducale,R\u00e9gionCentre-Est, CommissariatMuseldall. Entendu le t\u00e9moinPERSONNE2.)en ses d\u00e9clarations orales sous la foi du serment\u00e0 l\u2019audience publique du20 octobre 2023. Le Minist\u00e8re Public reproche \u00e0PERSONNE1.),d\u2019avoir,en date du5novembre2022 vers23.31 heures,sur l\u2019autoroute A1 \u00e0 hauteur deADRESSE3.)en direction deADRESSE4.), principalement,pr\u00e9sentant un indice grave faisant pr\u00e9sumer l\u2019existence d\u2019un \u00e9tat alcoolique prohib\u00e9 par la loi, refus\u00e9 de se pr\u00eater \u00e0 l\u2019examen sommaire de l\u2019haleine, subsidiairement, pr\u00e9sentant un indice grave faisant pr\u00e9sumer l\u2019existence d\u2019un \u00e9tat alcoolique prohib\u00e9 par la loi, pr\u00e9somption confirm\u00e9e \u00e0 d\u00e9faut d\u2019examen sommaire de l\u2019haleine, refus\u00e9 de se pr\u00eater \u00e0 une prise de sang,et d\u2019avoircircul\u00e9 en pr\u00e9sentant,des signes manifestesd\u2019ivresseet deux contraventions. Le pr\u00e9venu ne conteste pas \u00e0 l\u2019audience d\u2019avoir conduit un v\u00e9hicule en datedu5 novembre 2022 vers23.31heures,sur l\u2019autoroute A1 \u00e0 hauteur deADRESSE3.)en direction de \u00abADRESSE4.)\u00bb. Il r\u00e9sulte du dossier r\u00e9pressif ainsi que des d\u00e9clarations sous la foi du serment du t\u00e9moin PERSONNE2.)que le pr\u00e9venuPERSONNE1.)ad\u2019abord souffl\u00e9 dans l\u2019appareilsans r\u00e9sultat valableet qu\u2019il a ensuiterefus\u00e9 de se pr\u00eater \u00e0 l&#039;examen sommaire de l&#039;haleine, alors qu\u2019il pr\u00e9sentaitdesindicesgravesfaisant pr\u00e9sumer l&#039;existence d&#039;un \u00e9tat alcoolique prohib\u00e9 par la loi. En effet le pr\u00e9venu avait conduit en serpentines de fa\u00e7on dangereuse, il \u00e9tait apathique, avait les yeux rouge\u00e2tres, ne pouvait pas tenir l\u2019\u00e9quilibre et il avait des probl\u00e8mes pour s\u2019exprimer de fa\u00e7on intelligible. L\u2019infraction reproch\u00e9e sub 1)principalementau pr\u00e9venu est partant donn\u00e9e en l\u2019esp\u00e8ce. Il r\u00e9sulte desd\u00e9clarations du t\u00e9moinPERSONNE2.)ainsi que du dossier r\u00e9pressif que le pr\u00e9venu avait conduit en serpentines de fa\u00e7on dangereuse, qu\u2019il \u00e9tait apathique, qu\u2019il avait les yeux rouge\u00e2tres, qu\u2019il ne pouvait pas tenir l\u2019\u00e9quilibre, qu\u2019il avait des probl\u00e8mes pour s\u2019exprimer de fa\u00e7on intelligibleainsi qu\u2019une odeur d\u2019alcool,de sorte que le tribunal a acquis l\u2019intime conviction que le pr\u00e9venu pr\u00e9sentait des signes manifestesd\u2019ivresse,m\u00eame s&#039;il n&#039;a pas \u00e9t\u00e9 possible de d\u00e9terminer un taux d&#039;alcool\u00e9mie. L\u2019infraction reproch\u00e9e sub2) au pr\u00e9venu est partant donn\u00e9e en l\u2019esp\u00e8ce.<\/p>\n<p>3 En conduisant en \u00e9tat d\u2019ivresse le pr\u00e9venu ne s\u2019est pas comport\u00e9raisonnablement et prudemment de fa\u00e7on \u00e0 ne pas constituer un danger pour la circulationet il n\u2019est pas rest\u00e9constamment ma\u00eetre de son v\u00e9hicule. Les contraventionsreproch\u00e9essub3)et 4)au pr\u00e9venusontpartant\u00e9galement \u00e9tabliesen l\u2019esp\u00e8ce. PERSONNE1.)est partantconvaincupar les d\u00e9bats men\u00e9s \u00e0 l&#039;audience,l\u2019audition du t\u00e9moin, ensemble les \u00e9l\u00e9ments du dossierr\u00e9pressif et ses aveuxpartiels: \u00ab\u00e9tant conducteurd\u2019un v\u00e9hicule automoteur sur la voie publique, le5novembre2022 vers23.31heures,sur l\u2019autoroute A1 \u00e0 hauteur deADRESSE3.),en direction de \u00abADRESSE4.)\u00bb, 1)pr\u00e9sentant un indice grave faisant pr\u00e9sumer l&#039;existence d&#039;un \u00e9tat alcoolique prohib\u00e9 par la loi, avoir refus\u00e9 de se pr\u00eater \u00e0 l&#039;examen sommaire de l&#039;haleine 2)d\u2019avoir circul\u00e9 en pr\u00e9sentant des signes manifestes d&#039;ivresse, m\u00eame s&#039;il n&#039;a pas \u00e9t\u00e9 possible de d\u00e9terminer un taux d&#039;alcool\u00e9mie 3) d\u00e9faut de se comporterraisonnablement et prudemment de fa\u00e7on \u00e0 ne pas constituer un danger pour la circulation 4) d\u00e9faut de conduire de fa\u00e7on \u00e0 rester constamment ma\u00eetre de son v\u00e9hicule.\u00bb Les infractions retenues sub 2) \u00e04) se trouvent en concours id\u00e9al entre elle. Ce groupe d\u2019infractions se trouve en concours r\u00e9el avec l\u2019infraction retenue sub 1) de la citation \u00e0 pr\u00e9venu. Il convient partant d\u2019appliquer les articles 60 et 65 du code p\u00e9nal et de ne prononcer que la peine la plus forte qui pourra \u00eatre \u00e9lev\u00e9e au double du maximum, sans pouvoir exc\u00e9der la somme des peines pr\u00e9vues pour les diff\u00e9rents d\u00e9lits. L\u2019infraction de conduite en \u00e9tat d\u2019ivresse retenue \u00e0 chargedePERSONNE1.),qui pr\u00e9voit la peine la plus forte au vu de l\u2019interdiction de conduire obligatoire \u00e0 prononcer, est punie d\u2019une peine d\u2019emprisonnement de huit jours \u00e0 trois ans ainsi que d\u2019une amende de 500 euros \u00e0 10.000 euros ou d\u2019une de ces peines seulement, conform\u00e9ment \u00e0 l\u2019article 12 de la loi modifi\u00e9e du 14 f\u00e9vrier 1955 concernant la r\u00e9glementation de la circulation sur toutes les voies publiques. L\u2019article 13 point 1. de la loi modifi\u00e9e du 14 f\u00e9vrier 1955 pr\u00e9cit\u00e9e permet au juge saisi d\u2019une ou de plusieurs infractions \u00e0 la r\u00e9glementation de la circulation sur toutes les voies publiques ou de d\u00e9lits ou de crimes qui se sont joints \u00e0 ces infractions, de prononcer une interdiction de conduire de trois mois \u00e0 quinze ans en mati\u00e8re de d\u00e9lits. Aux termes de l\u2019article 13point 1. al.2 de la loi pr\u00e9cit\u00e9e\u00abl\u2019interdiction de conduire sera toujours prononc\u00e9e en cas de condamnation du chef des d\u00e9lits vis\u00e9s au point 1 du paragraphe 2 de l\u2019article 12 et au point 1 du paragraphe 4bis de l\u2019article 12 ou en cas de la r\u00e9cidive pr\u00e9vue au point 5 du paragraphe 2 du m\u00eame article \u00bb. En ce qui concerne l\u2019interdiction de conduire \u00e0 prononcer soit obligatoirement, soit facultativement par les juridictions r\u00e9pressives, selon les infractions retenues, celle-ci ne constitue pas seulement unepeine accessoire qui sanctionne des manquements \u00e0 la loi p\u00e9nale en mati\u00e8re de circulation<\/p>\n<p>4 routi\u00e8re d\u00e9j\u00e0 commis, mais peut le cas \u00e9ch\u00e9ant avoir en outre un effet p\u00e9dagogique influant sur le comportement futur du condamn\u00e9. Elle constitue encore un outil puissant pour \u0153uvrer dans le sens d\u2019une pr\u00e9vention d\u2019accidents de la circulation et pour pr\u00e9server, pendant un d\u00e9lai plus au moins long, \u00e0 d\u00e9terminer par le tribunal, les autres usagers de la voie publique du danger que constitue pour eux un conducteur dont le comportement dangereux et irresponsable a \u00e9t\u00e9 reconnu. En circulant sur la voie publique en \u00e9tat d&#039;impr\u00e9gnation alcoolique, le pr\u00e9venu a gravement mis en danger tant sa propre s\u00e9curit\u00e9 que celle des autres usagers. Au vu de la gravit\u00e9 des infractionscommiseset compte tenu de sa situation financi\u00e8re, le Tribunal condamnePERSONNE1.)\u00e0 une peine d\u2019amende correctionnelle de1.200euros, ainsi qu\u2019\u00e0 une interdiction de conduire de18 moispour l\u2019infraction retenue sub 1) etuneinterdiction de conduire de18 moispour l\u2019infraction retenue sub 2)\u00e0 sa charge. Le pr\u00e9venuPERSONNE1.)sollicite de voir assortir une \u00e9ventuelle interdiction de conduire \u00e0 prononcer du sursis total, sinon partiel, respectivement d\u2019en excepter les trajets professionnels. Le Tribunal constate que le pr\u00e9venuPERSONNE1.)n&#039;a pas subi jusqu&#039;\u00e0 ce jour de condamnation excluant un \u00e9ventuel sursis \u00e0 l&#039;ex\u00e9cution des peines et il ne semble pas indigne d\u2019une certaine indulgence du Tribunal. Il y a lieu en cons\u00e9quence de lui accorder la faveur dusursis int\u00e9gral quant \u00e0 l\u2019interdiction de conduire \u00e0 prononcer \u00e0 son encontre pour sanctionner l\u2019infraction retenue sub 1) etun sursis de6 moisquant \u00e0 l\u2019interdiction de conduire \u00e0 prononcer \u00e0 son encontre pour sanctionnerl\u2019infraction retenue sub 2), conform\u00e9ment \u00e0 l\u2019article 628 alin\u00e9a 4du Code de proc\u00e9dure p\u00e9nale. P A R C E S M O T I F S : leTribunald&#039;arrondissement de et \u00e0 Luxembourg,septi\u00e8me chambre, compos\u00e9e de sonvice- pr\u00e9sident, si\u00e9geant enmati\u00e8re correctionnelle,statuantcontradictoirement,le pr\u00e9venu PERSONNE1.)et son mandataireentendusenleursexplications et moyens de d\u00e9fense,et le repr\u00e9sentant du Minist\u00e8re Public entendu en ses r\u00e9quisitions, c o n d a m n elepr\u00e9venuPERSONNE1.)du chef desinfractionsretenues\u00e0 sa charge\u00e0 une amendedemilledeuxcents(1.200) euros, ainsi qu&#039;aux frais de sa mise en jugement, ces frais liquid\u00e9s \u00e049,42euros; f i x ela dur\u00e9e de la contrainte par corps en cas de non-paiement de l&#039;amende \u00e0douze(12) jours; c o n d a m n elepr\u00e9venuPERSONNE1.)duchefde l\u2019infractionretenuesub 1)\u00e0 sa charge\u00e0 une interdiction de conduire d&#039;une dur\u00e9e dedix-huit(18)moisapplicable \u00e0 tous les v\u00e9hicules automoteurs des cat\u00e9gories de permis de conduire A, B, C, D, E et F sur toutes les voies publiques; d i tqu&#039;il serasursis\u00e0 l&#039;ex\u00e9cution de l\u2019int\u00e9gralit\u00e9cette interdiction de conduire;<\/p>\n<p>5 c o n d a m n ele pr\u00e9venuPERSONNE1.)du chefde l\u2019infraction retenuesub 2)\u00e0 sa charge \u00e0 une interdiction de conduire d&#039;une dur\u00e9e dedix-huit(18) moisapplicable \u00e0 tous les v\u00e9hicules automoteurs des cat\u00e9gories de permis de conduire A, B, C, D, E et F sur toutes les voies publiques; d i tqu&#039;il serasursis\u00e0 l&#039;ex\u00e9cution desix(6) moisdecette interdiction de conduire. Par application des articles 14, 16, 28, 29, 30, 60et 65 duCodep\u00e9nal; des articles 1, 26-1, 154, 155, 179, 182, 184, 185, 189, 190, 190-1, 194,195,196et 628duCodede proc\u00e9dure p\u00e9nale; des articles 1, 12, 13, 14 et 14 bis de la loi du 14 f\u00e9vrier 1955 concernant la r\u00e9glementation de la circulation sur toutes les voies publiques et des articles 1, 2, 140 et 174 de l&#039;arr\u00eat\u00e9 grand-ducal modifi\u00e9 du23 novembre 1955 portant r\u00e8glement de la circulation sur toutes les voies publiques qui furent d\u00e9sign\u00e9s \u00e0 l&#039;audience par le vice-pr\u00e9sident. Ainsi fait, jug\u00e9 et prononc\u00e9 en l&#039;audience publique dudit Tribunal d&#039;arrondissement de et \u00e0 Luxembourg, date qu&#039;en t\u00eate, par St\u00e9phane MAAS, vice-pr\u00e9sident, assist\u00e9 du greffier assum\u00e9 Tahnee WAGNER, en pr\u00e9sencedeDominique PETERS, substitutprincipaldu Procureur d\u2019Etat, qui, \u00e0 l&#039;exception du repr\u00e9sentant du Minist\u00e8re Public, ont sign\u00e9 le pr\u00e9sent jugement.<\/p>\n<\/div>\n<hr class=\"kji-sep\" \/>\n<p class=\"kji-source-links\"><strong>Sources officielles :<\/strong> <a class=\"kji-source-link\" href=\"https:\/\/data.public.lu\/fr\/datasets\/tribunal-darrondissement-luxembourg-penal\/\" target=\"_blank\" rel=\"noopener noreferrer\">consulter la page source<\/a> &middot; <a class=\"kji-pdf-link\" href=\"https:\/\/download.data.public.lu\/resources\/tribunal-darrondissement-luxembourg-penal\/20240828-022039\/20231109-tal7-2166-pseudonymise-accessible.pdf\" target=\"_blank\" rel=\"noopener noreferrer\">PDF officiel<\/a><\/p>\n<p class=\"kji-license-note\"><em>Licence CC BY-ND 4.0 (Administration judiciaire, data.public.lu). Republication autorisee avec attribution, sans modification editoriale du texte integral.<\/em><\/p>\n<\/div>\n","protected":false},"excerpt":{"rendered":"<p>Jugement no.2166\/2023 Notice no.36973\/22\/CC 2xi.c.(i.c.prov.) AUDIENCE PUBLIQUE DU 9 NOVEMBRE 2023 LeTribunald&#8217;arrondissement de et \u00e0 Luxembourg,septi\u00e8me chambre correctionnelle, statuant en composition dejuge unique, a rendu le jugement qui suit: dans la cause duMinist\u00e8re Publiccontre PERSONNE1.), n\u00e9leDATE1.)\u00e0ADRESSE1.), demeurantADRESSE2.) -p r \u00e9 v e n u- ____________________________________________________________________________\u2026<\/p>\n","protected":false},"featured_media":0,"template":"","meta":{"_crdt_document":""},"kji_country":[8418],"kji_court":[23583],"kji_chamber":[25729],"kji_year":[24566],"kji_subject":[7632],"kji_keyword":[23584,23061,8576,7636],"kji_language":[7733],"class_list":["post-630221","kji_decision","type-kji_decision","status-publish","hentry","kji_country-luxembourg","kji_court-tribunal-darrondissement","kji_chamber-penal","kji_year-24566","kji_subject-penal","kji_keyword-arrondissement","kji_keyword-jugement","kji_keyword-novembre","kji_keyword-tribunal","kji_language-francais"],"yoast_head":"<!-- This site is optimized with the Yoast SEO Premium plugin v27.5 (Yoast SEO v27.5) - https:\/\/yoast.com\/product\/yoast-seo-premium-wordpress\/ -->\n<title>Tribunal d&#039;arrondissement, 9 novembre 2023 - Ma\u00eetre Hassan Kohen, avocat en droit p\u00e9nal \u00e0 Paris<\/title>\n<meta name=\"robots\" content=\"index, follow, max-snippet:-1, max-image-preview:large, max-video-preview:-1\" \/>\n<link rel=\"canonical\" href=\"https:\/\/kohenavocats.com\/zh-hans\/jurisprudences\/tribunal-darrondissement-9-novembre-2023-10\/\" \/>\n<meta property=\"og:locale\" content=\"zh_CN\" \/>\n<meta property=\"og:type\" content=\"article\" \/>\n<meta property=\"og:title\" content=\"Tribunal d&#039;arrondissement, 9 novembre 2023\" \/>\n<meta property=\"og:description\" content=\"Jugement no.2166\/2023 Notice no.36973\/22\/CC 2xi.c.(i.c.prov.) AUDIENCE PUBLIQUE DU 9 NOVEMBRE 2023 LeTribunald&#039;arrondissement de et \u00e0 Luxembourg,septi\u00e8me chambre correctionnelle, statuant en composition dejuge unique, a rendu le jugement qui suit: dans la cause duMinist\u00e8re Publiccontre PERSONNE1.), n\u00e9leDATE1.)\u00e0ADRESSE1.), demeurantADRESSE2.) -p r \u00e9 v e n u- ____________________________________________________________________________\u2026\" \/>\n<meta property=\"og:url\" content=\"https:\/\/kohenavocats.com\/zh-hans\/jurisprudences\/tribunal-darrondissement-9-novembre-2023-10\/\" \/>\n<meta property=\"og:site_name\" content=\"Ma\u00eetre Hassan Kohen, avocat en droit p\u00e9nal \u00e0 Paris\" \/>\n<meta property=\"article:modified_time\" content=\"2026-04-21T00:31:07+00:00\" \/>\n<meta name=\"twitter:card\" content=\"summary_large_image\" \/>\n<meta name=\"twitter:label1\" content=\"\u9884\u8ba1\u9605\u8bfb\u65f6\u95f4\" \/>\n\t<meta name=\"twitter:data1\" content=\"10 \u5206\" \/>\n<script type=\"application\/ld+json\" class=\"yoast-schema-graph\">{\"@context\":\"https:\\\/\\\/schema.org\",\"@graph\":[{\"@type\":\"WebPage\",\"@id\":\"https:\\\/\\\/kohenavocats.com\\\/zh-hans\\\/jurisprudences\\\/tribunal-darrondissement-9-novembre-2023-10\\\/\",\"url\":\"https:\\\/\\\/kohenavocats.com\\\/zh-hans\\\/jurisprudences\\\/tribunal-darrondissement-9-novembre-2023-10\\\/\",\"name\":\"Tribunal d'arrondissement, 9 novembre 2023 - Ma\u00eetre Hassan Kohen, avocat en droit p\u00e9nal \u00e0 Paris\",\"isPartOf\":{\"@id\":\"https:\\\/\\\/kohenavocats.com\\\/zh-hans\\\/#website\"},\"datePublished\":\"2026-04-21T00:31:03+00:00\",\"dateModified\":\"2026-04-21T00:31:07+00:00\",\"breadcrumb\":{\"@id\":\"https:\\\/\\\/kohenavocats.com\\\/zh-hans\\\/jurisprudences\\\/tribunal-darrondissement-9-novembre-2023-10\\\/#breadcrumb\"},\"inLanguage\":\"zh-Hans\",\"potentialAction\":[{\"@type\":\"ReadAction\",\"target\":[\"https:\\\/\\\/kohenavocats.com\\\/zh-hans\\\/jurisprudences\\\/tribunal-darrondissement-9-novembre-2023-10\\\/\"]}]},{\"@type\":\"BreadcrumbList\",\"@id\":\"https:\\\/\\\/kohenavocats.com\\\/zh-hans\\\/jurisprudences\\\/tribunal-darrondissement-9-novembre-2023-10\\\/#breadcrumb\",\"itemListElement\":[{\"@type\":\"ListItem\",\"position\":1,\"name\":\"Home\",\"item\":\"https:\\\/\\\/kohenavocats.com\\\/zh-hans\\\/\"},{\"@type\":\"ListItem\",\"position\":2,\"name\":\"Jurisprudences\",\"item\":\"https:\\\/\\\/kohenavocats.com\\\/zh-hans\\\/jurisprudences\\\/\"},{\"@type\":\"ListItem\",\"position\":3,\"name\":\"Tribunal d&rsquo;arrondissement, 9 novembre 2023\"}]},{\"@type\":\"WebSite\",\"@id\":\"https:\\\/\\\/kohenavocats.com\\\/zh-hans\\\/#website\",\"url\":\"https:\\\/\\\/kohenavocats.com\\\/zh-hans\\\/\",\"name\":\"Kohen Avocats\",\"description\":\"Ma\u00eetre Hassan Kohen, avocat p\u00e9naliste \u00e0 Paris, intervient exclusivement en droit p\u00e9nal pour la d\u00e9fense des particuliers, notamment en mati\u00e8re d\u2019accusations de viol. Il assure un accompagnement rigoureux d\u00e8s la garde \u00e0 vue jusqu\u2019\u00e0 la Cour d\u2019assises, veillant au strict respect des garanties proc\u00e9durales.\",\"publisher\":{\"@id\":\"https:\\\/\\\/kohenavocats.com\\\/zh-hans\\\/#organization\"},\"potentialAction\":[{\"@type\":\"SearchAction\",\"target\":{\"@type\":\"EntryPoint\",\"urlTemplate\":\"https:\\\/\\\/kohenavocats.com\\\/zh-hans\\\/?s={search_term_string}\"},\"query-input\":{\"@type\":\"PropertyValueSpecification\",\"valueRequired\":true,\"valueName\":\"search_term_string\"}}],\"inLanguage\":\"zh-Hans\"},{\"@type\":\"Organization\",\"@id\":\"https:\\\/\\\/kohenavocats.com\\\/zh-hans\\\/#organization\",\"name\":\"Kohen Avocats\",\"url\":\"https:\\\/\\\/kohenavocats.com\\\/zh-hans\\\/\",\"logo\":{\"@type\":\"ImageObject\",\"inLanguage\":\"zh-Hans\",\"@id\":\"https:\\\/\\\/kohenavocats.com\\\/zh-hans\\\/#\\\/schema\\\/logo\\\/image\\\/\",\"url\":\"https:\\\/\\\/kohenavocats.com\\\/wp-content\\\/uploads\\\/2026\\\/01\\\/Logo-2-1.webp\",\"contentUrl\":\"https:\\\/\\\/kohenavocats.com\\\/wp-content\\\/uploads\\\/2026\\\/01\\\/Logo-2-1.webp\",\"width\":2114,\"height\":1253,\"caption\":\"Kohen Avocats\"},\"image\":{\"@id\":\"https:\\\/\\\/kohenavocats.com\\\/zh-hans\\\/#\\\/schema\\\/logo\\\/image\\\/\"}}]}<\/script>\n<!-- \/ Yoast SEO Premium plugin. -->","yoast_head_json":{"title":"Tribunal d'arrondissement, 9 novembre 2023 - Ma\u00eetre Hassan Kohen, avocat en droit p\u00e9nal \u00e0 Paris","robots":{"index":"index","follow":"follow","max-snippet":"max-snippet:-1","max-image-preview":"max-image-preview:large","max-video-preview":"max-video-preview:-1"},"canonical":"https:\/\/kohenavocats.com\/zh-hans\/jurisprudences\/tribunal-darrondissement-9-novembre-2023-10\/","og_locale":"zh_CN","og_type":"article","og_title":"Tribunal d'arrondissement, 9 novembre 2023","og_description":"Jugement no.2166\/2023 Notice no.36973\/22\/CC 2xi.c.(i.c.prov.) AUDIENCE PUBLIQUE DU 9 NOVEMBRE 2023 LeTribunald'arrondissement de et \u00e0 Luxembourg,septi\u00e8me chambre correctionnelle, statuant en composition dejuge unique, a rendu le jugement qui suit: dans la cause duMinist\u00e8re Publiccontre PERSONNE1.), n\u00e9leDATE1.)\u00e0ADRESSE1.), demeurantADRESSE2.) -p r \u00e9 v e n u- ____________________________________________________________________________\u2026","og_url":"https:\/\/kohenavocats.com\/zh-hans\/jurisprudences\/tribunal-darrondissement-9-novembre-2023-10\/","og_site_name":"Ma\u00eetre Hassan Kohen, avocat en droit p\u00e9nal \u00e0 Paris","article_modified_time":"2026-04-21T00:31:07+00:00","twitter_card":"summary_large_image","twitter_misc":{"\u9884\u8ba1\u9605\u8bfb\u65f6\u95f4":"10 \u5206"},"schema":{"@context":"https:\/\/schema.org","@graph":[{"@type":"WebPage","@id":"https:\/\/kohenavocats.com\/zh-hans\/jurisprudences\/tribunal-darrondissement-9-novembre-2023-10\/","url":"https:\/\/kohenavocats.com\/zh-hans\/jurisprudences\/tribunal-darrondissement-9-novembre-2023-10\/","name":"Tribunal d'arrondissement, 9 novembre 2023 - Ma\u00eetre Hassan Kohen, avocat en droit p\u00e9nal \u00e0 Paris","isPartOf":{"@id":"https:\/\/kohenavocats.com\/zh-hans\/#website"},"datePublished":"2026-04-21T00:31:03+00:00","dateModified":"2026-04-21T00:31:07+00:00","breadcrumb":{"@id":"https:\/\/kohenavocats.com\/zh-hans\/jurisprudences\/tribunal-darrondissement-9-novembre-2023-10\/#breadcrumb"},"inLanguage":"zh-Hans","potentialAction":[{"@type":"ReadAction","target":["https:\/\/kohenavocats.com\/zh-hans\/jurisprudences\/tribunal-darrondissement-9-novembre-2023-10\/"]}]},{"@type":"BreadcrumbList","@id":"https:\/\/kohenavocats.com\/zh-hans\/jurisprudences\/tribunal-darrondissement-9-novembre-2023-10\/#breadcrumb","itemListElement":[{"@type":"ListItem","position":1,"name":"Home","item":"https:\/\/kohenavocats.com\/zh-hans\/"},{"@type":"ListItem","position":2,"name":"Jurisprudences","item":"https:\/\/kohenavocats.com\/zh-hans\/jurisprudences\/"},{"@type":"ListItem","position":3,"name":"Tribunal d&rsquo;arrondissement, 9 novembre 2023"}]},{"@type":"WebSite","@id":"https:\/\/kohenavocats.com\/zh-hans\/#website","url":"https:\/\/kohenavocats.com\/zh-hans\/","name":"Kohen Avocats","description":"Ma\u00eetre Hassan Kohen, avocat p\u00e9naliste \u00e0 Paris, intervient exclusivement en droit p\u00e9nal pour la d\u00e9fense des particuliers, notamment en mati\u00e8re d\u2019accusations de viol. Il assure un accompagnement rigoureux d\u00e8s la garde \u00e0 vue jusqu\u2019\u00e0 la Cour d\u2019assises, veillant au strict respect des garanties proc\u00e9durales.","publisher":{"@id":"https:\/\/kohenavocats.com\/zh-hans\/#organization"},"potentialAction":[{"@type":"SearchAction","target":{"@type":"EntryPoint","urlTemplate":"https:\/\/kohenavocats.com\/zh-hans\/?s={search_term_string}"},"query-input":{"@type":"PropertyValueSpecification","valueRequired":true,"valueName":"search_term_string"}}],"inLanguage":"zh-Hans"},{"@type":"Organization","@id":"https:\/\/kohenavocats.com\/zh-hans\/#organization","name":"Kohen Avocats","url":"https:\/\/kohenavocats.com\/zh-hans\/","logo":{"@type":"ImageObject","inLanguage":"zh-Hans","@id":"https:\/\/kohenavocats.com\/zh-hans\/#\/schema\/logo\/image\/","url":"https:\/\/kohenavocats.com\/wp-content\/uploads\/2026\/01\/Logo-2-1.webp","contentUrl":"https:\/\/kohenavocats.com\/wp-content\/uploads\/2026\/01\/Logo-2-1.webp","width":2114,"height":1253,"caption":"Kohen Avocats"},"image":{"@id":"https:\/\/kohenavocats.com\/zh-hans\/#\/schema\/logo\/image\/"}}]}},"jetpack_likes_enabled":false,"jetpack_sharing_enabled":true,"_links":{"self":[{"href":"https:\/\/kohenavocats.com\/zh-hans\/wp-json\/wp\/v2\/kji_decision\/630221","targetHints":{"allow":["GET"]}}],"collection":[{"href":"https:\/\/kohenavocats.com\/zh-hans\/wp-json\/wp\/v2\/kji_decision"}],"about":[{"href":"https:\/\/kohenavocats.com\/zh-hans\/wp-json\/wp\/v2\/types\/kji_decision"}],"wp:attachment":[{"href":"https:\/\/kohenavocats.com\/zh-hans\/wp-json\/wp\/v2\/media?parent=630221"}],"wp:term":[{"taxonomy":"kji_country","embeddable":true,"href":"https:\/\/kohenavocats.com\/zh-hans\/wp-json\/wp\/v2\/kji_country?post=630221"},{"taxonomy":"kji_court","embeddable":true,"href":"https:\/\/kohenavocats.com\/zh-hans\/wp-json\/wp\/v2\/kji_court?post=630221"},{"taxonomy":"kji_chamber","embeddable":true,"href":"https:\/\/kohenavocats.com\/zh-hans\/wp-json\/wp\/v2\/kji_chamber?post=630221"},{"taxonomy":"kji_year","embeddable":true,"href":"https:\/\/kohenavocats.com\/zh-hans\/wp-json\/wp\/v2\/kji_year?post=630221"},{"taxonomy":"kji_subject","embeddable":true,"href":"https:\/\/kohenavocats.com\/zh-hans\/wp-json\/wp\/v2\/kji_subject?post=630221"},{"taxonomy":"kji_keyword","embeddable":true,"href":"https:\/\/kohenavocats.com\/zh-hans\/wp-json\/wp\/v2\/kji_keyword?post=630221"},{"taxonomy":"kji_language","embeddable":true,"href":"https:\/\/kohenavocats.com\/zh-hans\/wp-json\/wp\/v2\/kji_language?post=630221"}],"curies":[{"name":"wp","href":"https:\/\/api.w.org\/{rel}","templated":true}]}}